{"id":6113,"date":"2021-07-26T09:18:46","date_gmt":"2021-07-26T09:18:46","guid":{"rendered":"https:\/\/staging.verein-naturschutzpark.de\/?page_id=6113"},"modified":"2025-06-16T10:25:33","modified_gmt":"2025-06-16T08:25:33","slug":"photo-galleries","status":"publish","type":"page","link":"https:\/\/www.verein-naturschutzpark.de\/en\/photo-galleries\/","title":{"rendered":"Photo galleries"},"content":{"rendered":"\n<div class=\"alignfull wp-block-ugb-header ugb-header ugb-a2c2c66 ugb-header ugb-header--v3 ugb-header--design-basic ugb-main-block ugb--has-custom-content-width ugb--has-custom-content-width-tablet ugb--has-custom-content-width-mobile ugb-main-block--inner-wide ugb--has-block-background ugb--has-background-overlay ugb--has-top-separator ugb--has-bottom-separator\"><style>.ugb-a2c2c66 .ugb-header__item{border-radius:15px !important;background-color:rgba(252,250,239,0.85) !important}.ugb-a2c2c66 .ugb-header__item:before{background-color:var(--theme-palette-color-4,#fcfaef) !important}.ugb-a2c2c66 .ugb-header__title{letter-spacing:1.5px !important;color:#000000;text-align:left !important}.ugb-a2c2c66 .ugb-inner-block{text-align:left}.ugb-a2c2c66.ugb-header{justify-content:flex-end;background-color:#000000;background-image:url(https:\/\/www.verein-naturschutzpark.de\/wp-content\/uploads\/heidebluete-heidschnucken-heidegeissen-im-morgennebel-vnp-stiftung.jpg);background-position:bottom center}.ugb-a2c2c66.ugb-header > .ugb-inner-block{min-width:auto !important;max-width:35% !important}.ugb-a2c2c66.ugb-header:before{background-color:#000000;opacity:0}.ugb-a2c2c66 .ugb-top-separator svg{fill:var(--theme-palette-color-4,#fcfaef)}.ugb-a2c2c66 .ugb-top-separator .ugb-separator-wrapper{transform:scaleX(2)}.ugb-a2c2c66 .ugb-bottom-separator svg{fill:var(--theme-palette-color-4,#fcfaef)}.ugb-a2c2c66 .ugb-bottom-separator .ugb-separator-wrapper{transform:scaleX(1.5)}@media screen and (min-width:768px){.ugb-a2c2c66.ugb-header{padding-right:35px !important;padding-left:35px !important}.ugb-a2c2c66 .ugb-top-separator .ugb-separator-wrapper{height:50px}.ugb-a2c2c66 .ugb-bottom-separator .ugb-separator-wrapper{height:150px}}@media screen and (max-width:1025px){.ugb-a2c2c66.ugb-header > .ugb-inner-block{min-width:auto !important;max-width:70% !important}}@media screen and (max-width:768px){.ugb-a2c2c66 .ugb-header__title{font-size:36px !important}.ugb-a2c2c66.ugb-header{margin-top:-60px !important;padding-right:18px !important;padding-left:18px !important}.ugb-a2c2c66.ugb-header > .ugb-inner-block{min-width:auto !important;max-width:100% !important}}@media screen and (min-width:768px){.ugb-a2c2c66 > .ugb-inner-block > .ugb-block-content > *{padding-top:40px !important;padding-bottom:40px !important;padding-right:40px !important;padding-left:40px !important}}@media screen and (max-width:768px){.ugb-a2c2c66 > .ugb-inner-block > .ugb-block-content > *{padding-top:5% !important;padding-right:5% !important;padding-bottom:5% !important;padding-left:5% !important}}<\/style><div class=\"ugb-top-separator\"><div class=\"ugb-separator-wrapper\"><svg xmlns=\"http:\/\/www.w3.org\/2000\/svg\" viewBox=\"0 0 1600 200\" filter=\"url(#wave-3-shadow_svg__a)\" enable-background=\"new 0 0 1600 200\" class=\"ugb-separator__shadow\" preserveAspectRatio=\"none\" aria-hidden=\"true\"><filter id=\"wave-3-shadow_svg__a\"><feGaussianBlur in=\"SourceAlpha\" stdDeviation=\"4\"><\/feGaussianBlur><feComponentTransfer><feFuncA type=\"linear\" slope=\"0.4\"><\/feFuncA><\/feComponentTransfer><feMerge><feMergeNode><\/feMergeNode><feMergeNode in=\"SourceGraphic\"><\/feMergeNode><\/feMerge><\/filter><path class=\"wave-3-shadow_svg__st2\" d=\"M1413.6 161.4c-157.9 0-338.2-37.7-495.1-67.4-215.6-40.8-328.1-44.6-418.2-41.1S317 73.4 188.5 102-10 136.2-10 136.2v10s69.9-5.7 198.5-34.3 221.7-45.7 311.8-49.1 202.6.3 418.2 41.1c156.9 29.7 337.2 67.4 495.1 67.4 127.6 0 196.4-19.4 196.4-19.4v-10s-68.8 19.5-196.4 19.5z\"><\/path><\/svg><svg xmlns=\"http:\/\/www.w3.org\/2000\/svg\" viewBox=\"0 0 1600 200\" class=\"ugb-separator__layer-1\" preserveAspectRatio=\"none\" aria-hidden=\"true\"><path class=\"wave-3_svg__st2\" d=\"M1413.6 161.4c-157.9 0-338.2-37.7-495.1-67.4-215.6-40.8-328.1-44.6-418.2-41.1S317 73.4 188.4 102-10 136.2-10 136.2v74.2h1620v-68.5s-68.8 19.5-196.4 19.5z\"><\/path><\/svg><\/div><\/div><div class=\"ugb-bottom-separator\"><div class=\"ugb-separator-wrapper\"><svg xmlns=\"http:\/\/www.w3.org\/2000\/svg\" viewBox=\"0 0 1600 200\" filter=\"url(#wave-3-inverted-shadow_svg__a)\" enable-background=\"new 0 0 1600 200\" class=\"ugb-separator__shadow\" preserveAspectRatio=\"none\" aria-hidden=\"true\"><filter id=\"wave-3-inverted-shadow_svg__a\"><feGaussianBlur in=\"SourceAlpha\" stdDeviation=\"4\"><\/feGaussianBlur><feComponentTransfer><feFuncA type=\"linear\" slope=\"0.4\"><\/feFuncA><\/feComponentTransfer><feMerge><feMergeNode><\/feMergeNode><feMergeNode in=\"SourceGraphic\"><\/feMergeNode><\/feMerge><\/filter><path d=\"M1413.6 39.3c-157.9 0-338.2 37.7-495.1 67.4-215.6 40.8-328.1 44.6-418.2 41.1S317 127.3 188.4 98.7C59.8 70.1-10 64.5-10 64.5v10s69.8 5.6 198.4 34.2c128.6 28.6 221.8 45.6 311.9 49.1s202.6-.3 418.2-41.1c156.9-29.7 337.2-67.4 495.1-67.4 127.6 0 196.4 19.5 196.4 19.5v-10s-68.8-19.5-196.4-19.5z\"><\/path><\/svg><svg xmlns=\"http:\/\/www.w3.org\/2000\/svg\" viewBox=\"0 0 1600 200\" class=\"ugb-separator__layer-1\" preserveAspectRatio=\"none\" aria-hidden=\"true\"><path d=\"M1413.6 39.3c-157.9 0-338.2 37.7-495.1 67.4-215.6 40.8-328.1 44.6-418.2 41.1S317 127.3 188.4 98.7-10 64.5-10 64.5v150.2h1620V58.8s-68.8-19.5-196.4-19.5z\"><\/path><\/svg><\/div><\/div><div class=\"ugb-inner-block ugb-inner-block--wide\"><div class=\"ugb-block-content\"><div class=\"ugb-header__item ugb--shadow-6\"><div class=\"ugb-content-wrapper\"><h1 class=\"ugb-header__title\">Photo galleries<\/h1><p class=\"ugb-header__subtitle\">We have put together photo impressions of the Lueneburg Heath nature reserve for you. Let yourself be captured and enchanted by the charm of this special landscape.<br><br><a href=\"#heidschnucken\">Heidschnucken<\/a> \u2022 <a href=\"#heather-blossoming\">Heather Blossoming<\/a> \u2022 <a href=\"#seasons\">Seasons in the Nature Reserve<\/a> \u2022 <a href=\"#flora\">Flora<\/a> \u2022 <a href=\"#fauna\">Fauna<\/a>  <\/p><\/div><\/div><\/div><\/div><\/div>\n\n\n\n<div class=\"alignfull wp-block-ugb-container ugb-container ugb-0b6a530 ugb-container--v2 ugb-container--design-plain ugb-main-block ugb--has-custom-content-width ugb--has-custom-content-width-tablet ugb--has-custom-content-width-mobile ugb-main-block--inner-full ugb--has-block-background ugb--has-bottom-separator\"><style>.ugb-0b6a530.ugb-container{background-color:var(--theme-palette-color-4,#fcfaef)}.ugb-0b6a530.ugb-container > .ugb-inner-block{max-width:50% !important}.ugb-0b6a530.ugb-container:before{background-color:var(--theme-palette-color-4,#fcfaef)}.ugb-0b6a530 .ugb-bottom-separator svg{fill:var(--theme-palette-color-1,#416250)}.ugb-0b6a530 .ugb-bottom-separator .ugb-separator-wrapper{transform:scaleX(1.5)}@media screen and (min-width:768px){.ugb-0b6a530.ugb-container{padding-top:0px !important;padding-right:35px !important;padding-bottom:70px !important;padding-left:35px !important}.ugb-0b6a530 .ugb-bottom-separator .ugb-separator-wrapper{height:150px}}@media screen and (max-width:1025px){.ugb-0b6a530.ugb-container > .ugb-inner-block{max-width:100% !important}}@media screen and (min-width:768px) and (max-width:1025px){.ugb-0b6a530.ugb-container{padding-right:35px !important;padding-left:35px !important}}@media screen and (max-width:768px){.ugb-0b6a530.ugb-container{padding-top:30px !important;padding-right:18px !important;padding-bottom:70px !important;padding-left:18px !important}.ugb-0b6a530.ugb-container > .ugb-inner-block{max-width:100% !important}}<\/style><div class=\"ugb-bottom-separator\"><div class=\"ugb-separator-wrapper\"><svg xmlns=\"http:\/\/www.w3.org\/2000\/svg\" viewBox=\"0 0 1600 200\" filter=\"url(#wave-3-inverted-shadow_svg__a)\" enable-background=\"new 0 0 1600 200\" class=\"ugb-separator__shadow\" preserveAspectRatio=\"none\" aria-hidden=\"true\"><filter id=\"wave-3-inverted-shadow_svg__a\"><feGaussianBlur in=\"SourceAlpha\" stdDeviation=\"4\"><\/feGaussianBlur><feComponentTransfer><feFuncA type=\"linear\" slope=\"0.4\"><\/feFuncA><\/feComponentTransfer><feMerge><feMergeNode><\/feMergeNode><feMergeNode in=\"SourceGraphic\"><\/feMergeNode><\/feMerge><\/filter><path d=\"M1413.6 39.3c-157.9 0-338.2 37.7-495.1 67.4-215.6 40.8-328.1 44.6-418.2 41.1S317 127.3 188.4 98.7C59.8 70.1-10 64.5-10 64.5v10s69.8 5.6 198.4 34.2c128.6 28.6 221.8 45.6 311.9 49.1s202.6-.3 418.2-41.1c156.9-29.7 337.2-67.4 495.1-67.4 127.6 0 196.4 19.5 196.4 19.5v-10s-68.8-19.5-196.4-19.5z\"><\/path><\/svg><svg xmlns=\"http:\/\/www.w3.org\/2000\/svg\" viewBox=\"0 0 1600 200\" class=\"ugb-separator__layer-1\" preserveAspectRatio=\"none\" aria-hidden=\"true\"><path d=\"M1413.6 39.3c-157.9 0-338.2 37.7-495.1 67.4-215.6 40.8-328.1 44.6-418.2 41.1S317 127.3 188.4 98.7-10 64.5-10 64.5v150.2h1620V58.8s-68.8-19.5-196.4-19.5z\"><\/path><\/svg><\/div><\/div><div class=\"ugb-inner-block ugb-inner-block--full\"><div class=\"ugb-block-content\"><div class=\"ugb-container__wrapper ugb-0b6a530-wrapper\"><div class=\"ugb-container__side\"><div class=\"ugb-container__content-wrapper ugb-0b6a530-content-wrapper\">\n<p>Open the slideshows by clicking on a photo.<\/p>\n\n\n\n<h2 class=\"wp-block-heading\" id=\"kosmos-verlag\">Heidschnucken<\/h2>\n\n\n<style type=\"text\/css\">#envira-gallery-6438 {}<\/style><div id=\"envira-gallery-wrap-6438\" class=\"envira-default-gallery envira-gallery-wrap envira-lazy-loading-enabled envira-layout-grid envira-gallery-theme-sleek\" itemscope itemtype=\"https:\/\/schema.org\/ImageGallery\"><div class=\"envira-loader\"><div><\/div><div><\/div><div><\/div><div><\/div><\/div><div id=\"envira-gallery-6438\" class=\"envira-gallery-public envira-gallery-2-columns envira-clear\" data-envira-id=\"6438\" data-gallery-config='{\"type\":\"default\",\"layout\":\"grid\",\"columns\":\"2\",\"gallery_theme\":\"sleek\",\"justified_margins\":1,\"justified_last_row\":\"nojustify\",\"lazy_loading\":1,\"lazy_loading_delay\":500,\"gutter\":10,\"margin\":10,\"image_size\":\"default\",\"square_size\":300,\"crop_width\":640,\"crop_height\":480,\"crop\":1,\"crop_position\":\"c\",\"additional_copy_0\":0,\"additional_copy_title\":0,\"additional_copy_caption\":0,\"additional_copy_title_caption\":0,\"additional_copy_0_mobile\":0,\"additional_copy_title_mobile\":0,\"additional_copy_caption_mobile\":0,\"additional_copy_title_caption_mobile\":0,\"gallery_column_title_caption\":\"0\",\"gallery_column_title_caption_mobile\":\"caption\",\"additional_copy_automatic_0\":0,\"additional_copy_automatic_title\":0,\"additional_copy_automatic_caption\":0,\"additional_copy_automatic_title_caption\":0,\"additional_copy_automatic_0_mobile\":0,\"additional_copy_automatic_title_mobile\":0,\"additional_copy_automatic_caption_mobile\":0,\"additional_copy_automatic_title_caption_mobile\":0,\"gallery_automatic_title_caption\":\"0\",\"gallery_automatic_title_caption_mobile\":\"0\",\"justified_row_height\":150,\"description_position\":\"0\",\"description\":\"\",\"random\":\"0\",\"sort_order\":\"0\",\"sorting_direction\":\"ASC\",\"image_sizes_random\":[],\"isotope\":false,\"lightbox_enabled\":1,\"gallery_link_enabled\":1,\"lightbox_theme\":\"infinity_light\",\"lightbox_image_size\":\"default\",\"title_display\":\"float\",\"lightbox_title_caption\":\"caption\",\"arrows\":1,\"arrows_position\":\"inside\",\"toolbar\":1,\"toolbar_title\":0,\"toolbar_position\":\"top\",\"loop\":1,\"lightbox_open_close_effect\":\"fade\",\"effect\":\"fade\",\"supersize\":0,\"thumbnails_toggle\":0,\"thumbnails_hide\":0,\"image_counter\":0,\"thumbnails\":0,\"thumbnails_width\":\"auto\",\"thumbnails_height\":\"auto\",\"thumbnails_position\":\"bottom\",\"thumbnails_custom_size\":0,\"mobile\":1,\"mobile_width\":320,\"mobile_height\":240,\"mobile_lightbox\":0,\"mobile_gallery_link_enabled\":0,\"mobile_arrows\":0,\"mobile_toolbar\":1,\"mobile_thumbnails\":1,\"mobile_touchwipe_close\":0,\"mobile_thumbnails_width\":75,\"mobile_thumbnails_height\":50,\"mobile_justified_row_height\":80,\"keyboard\":true,\"standalone_template\":\"\",\"classes\":[\"envira-default-gallery\"],\"rtl\":0,\"slug\":\"photo-gallery-heidschnucken\",\"custom_css\":\"#envira-gallery-6438 {\\r\\n    \\\/* margin-bottom: 20px; *\\\/\\r\\n    \\\/* font-size: 18px; *\\\/\\r\\n    \\\/* font-family: \\\"roboto\\\"; *\\\/\\r\\n}\",\"fullscreen\":0,\"gallery_id\":\"6438\"}' data-gallery-images='[{\"status\":\"active\",\"src\":\"https:\\\/\\\/www.verein-naturschutzpark.de\\\/wp-content\\\/uploads\\\/heidschnucke-portrait-vnp-stiftung.jpg\",\"title\":\"Portrait of a Heidschnucke | Photo: VNP Stiftung Naturschutzpark L&uuml;neburger Heide\",\"link\":\"https:\\\/\\\/www.verein-naturschutzpark.de\\\/wp-content\\\/uploads\\\/heidschnucke-portrait-vnp-stiftung.jpg\",\"alt\":\"Portrait of a Heidschnucke | Photo: VNP Stiftung Naturschutzpark L&uuml;neburger Heide\",\"caption\":\"Portrait of a Heidschnucke\",\"thumb\":\"https:\\\/\\\/www.verein-naturschutzpark.de\\\/wp-content\\\/uploads\\\/heidschnucke-portrait-vnp-stiftung-75x50_c.jpg\",\"meta\":{\"aperture\":\"5.6\",\"credit\":null,\"camera\":\"E-M5\",\"caption\":\"Heidschnuckenportrait | Foto: VNP Stiftung Naturschutzpark L\u00fcneburger Heide\",\"created_timestamp\":\"1473155564\",\"copyright\":null,\"focal_length\":\"200\",\"iso\":\"200\",\"shutter_speed\":\"0.003125\",\"title\":\"Heidschnuckenportrait | Foto: VNP Stiftung Naturschutzpark L\ufffdneburger Heide\",\"orientation\":\"1\",\"keywords\":null,\"resized_images\":null},\"thumbnail\":\"https:\\\/\\\/www.verein-naturschutzpark.de\\\/wp-content\\\/uploads\\\/heidschnucke-portrait-vnp-stiftung-150x100.jpg\",\"medium\":\"https:\\\/\\\/www.verein-naturschutzpark.de\\\/wp-content\\\/uploads\\\/heidschnucke-portrait-vnp-stiftung-400x267.jpg\",\"medium_large\":\"https:\\\/\\\/www.verein-naturschutzpark.de\\\/wp-content\\\/uploads\\\/heidschnucke-portrait-vnp-stiftung-768x512.jpg\",\"large\":\"https:\\\/\\\/www.verein-naturschutzpark.de\\\/wp-content\\\/uploads\\\/heidschnucke-portrait-vnp-stiftung-1024x683.jpg\",\"thumblist\":\"https:\\\/\\\/www.verein-naturschutzpark.de\\\/wp-content\\\/uploads\\\/heidschnucke-portrait-vnp-stiftung.jpg\",\"thumbrelated\":\"https:\\\/\\\/www.verein-naturschutzpark.de\\\/wp-content\\\/uploads\\\/heidschnucke-portrait-vnp-stiftung.jpg\",\"meccarouselthumb\":\"https:\\\/\\\/www.verein-naturschutzpark.de\\\/wp-content\\\/uploads\\\/heidschnucke-portrait-vnp-stiftung.jpg\",\"gridsquare\":\"https:\\\/\\\/www.verein-naturschutzpark.de\\\/wp-content\\\/uploads\\\/heidschnucke-portrait-vnp-stiftung.jpg\",\"tileview\":\"https:\\\/\\\/www.verein-naturschutzpark.de\\\/wp-content\\\/uploads\\\/heidschnucke-portrait-vnp-stiftung.jpg\",\"1536x1536\":\"https:\\\/\\\/www.verein-naturschutzpark.de\\\/wp-content\\\/uploads\\\/heidschnucke-portrait-vnp-stiftung-1536x1024.jpg\",\"2048x2048\":\"https:\\\/\\\/www.verein-naturschutzpark.de\\\/wp-content\\\/uploads\\\/heidschnucke-portrait-vnp-stiftung-2048x1365.jpg\",\"full\":\"https:\\\/\\\/www.verein-naturschutzpark.de\\\/wp-content\\\/uploads\\\/heidschnucke-portrait-vnp-stiftung.jpg\",\"index\":0,\"id\":4551,\"video\":false,\"opts\":{\"caption\":\"Portrait of a Heidschnucke\",\"thumb\":\"https:\\\/\\\/www.verein-naturschutzpark.de\\\/wp-content\\\/uploads\\\/heidschnucke-portrait-vnp-stiftung-75x50_c.jpg\",\"title\":\"Portrait of a Heidschnucke | Photo: VNP Stiftung Naturschutzpark L&uuml;neburger Heide\"},\"gallery_id\":\"6438\"},{\"status\":\"active\",\"src\":\"https:\\\/\\\/www.verein-naturschutzpark.de\\\/wp-content\\\/uploads\\\/heidschnuckenherde-in-der-bluehenden-heide-mit-schafstall-vnp-stiftung-1.jpg\",\"title\":\"Heidschnucken flock in flowering heather in front of sheep shed | Photo: VNP Stiftung Naturschutzpark L&uuml;neburger Heide\",\"link\":\"https:\\\/\\\/www.verein-naturschutzpark.de\\\/wp-content\\\/uploads\\\/heidschnuckenherde-in-der-bluehenden-heide-mit-schafstall-vnp-stiftung-1.jpg\",\"alt\":\"Heidschnucken flock in flowering heather in front of sheep shed | Photo: VNP Stiftung Naturschutzpark L&uuml;neburger Heide\",\"caption\":\"Heidschnucken flock in flowering heather in front of sheep shed\",\"thumb\":\"https:\\\/\\\/www.verein-naturschutzpark.de\\\/wp-content\\\/uploads\\\/heidschnuckenherde-in-der-bluehenden-heide-mit-schafstall-vnp-stiftung-1-75x50_c.jpg\",\"meta\":{\"aperture\":\"7.1\",\"credit\":null,\"camera\":\"E-M5\",\"caption\":\"Heidschnuckenherde in der bl\u00fchenden Heide vor Schafstall | Foto: VNP Stiftung Naturschutzpark L\u00fcneburger Heide\",\"created_timestamp\":\"1598695191\",\"copyright\":null,\"focal_length\":\"46\",\"iso\":\"200\",\"shutter_speed\":\"0.005\",\"title\":\"Grasende Heidschnuckenherde in der bl\ufffdhenden Heide vor Schafstall | Foto: VNP Stiftung Naturschutzpark L\ufffdneburger Heide\",\"orientation\":\"1\",\"keywords\":null,\"resized_images\":null},\"thumbnail\":\"https:\\\/\\\/www.verein-naturschutzpark.de\\\/wp-content\\\/uploads\\\/heidschnuckenherde-in-der-bluehenden-heide-mit-schafstall-vnp-stiftung-1-150x100.jpg\",\"medium\":\"https:\\\/\\\/www.verein-naturschutzpark.de\\\/wp-content\\\/uploads\\\/heidschnuckenherde-in-der-bluehenden-heide-mit-schafstall-vnp-stiftung-1-400x267.jpg\",\"medium_large\":\"https:\\\/\\\/www.verein-naturschutzpark.de\\\/wp-content\\\/uploads\\\/heidschnuckenherde-in-der-bluehenden-heide-mit-schafstall-vnp-stiftung-1-768x512.jpg\",\"large\":\"https:\\\/\\\/www.verein-naturschutzpark.de\\\/wp-content\\\/uploads\\\/heidschnuckenherde-in-der-bluehenden-heide-mit-schafstall-vnp-stiftung-1-1024x683.jpg\",\"thumblist\":\"https:\\\/\\\/www.verein-naturschutzpark.de\\\/wp-content\\\/uploads\\\/heidschnuckenherde-in-der-bluehenden-heide-mit-schafstall-vnp-stiftung-1.jpg\",\"thumbrelated\":\"https:\\\/\\\/www.verein-naturschutzpark.de\\\/wp-content\\\/uploads\\\/heidschnuckenherde-in-der-bluehenden-heide-mit-schafstall-vnp-stiftung-1.jpg\",\"meccarouselthumb\":\"https:\\\/\\\/www.verein-naturschutzpark.de\\\/wp-content\\\/uploads\\\/heidschnuckenherde-in-der-bluehenden-heide-mit-schafstall-vnp-stiftung-1.jpg\",\"gridsquare\":\"https:\\\/\\\/www.verein-naturschutzpark.de\\\/wp-content\\\/uploads\\\/heidschnuckenherde-in-der-bluehenden-heide-mit-schafstall-vnp-stiftung-1.jpg\",\"tileview\":\"https:\\\/\\\/www.verein-naturschutzpark.de\\\/wp-content\\\/uploads\\\/heidschnuckenherde-in-der-bluehenden-heide-mit-schafstall-vnp-stiftung-1.jpg\",\"1536x1536\":\"https:\\\/\\\/www.verein-naturschutzpark.de\\\/wp-content\\\/uploads\\\/heidschnuckenherde-in-der-bluehenden-heide-mit-schafstall-vnp-stiftung-1-1536x1024.jpg\",\"2048x2048\":\"https:\\\/\\\/www.verein-naturschutzpark.de\\\/wp-content\\\/uploads\\\/heidschnuckenherde-in-der-bluehenden-heide-mit-schafstall-vnp-stiftung-1-2048x1365.jpg\",\"full\":\"https:\\\/\\\/www.verein-naturschutzpark.de\\\/wp-content\\\/uploads\\\/heidschnuckenherde-in-der-bluehenden-heide-mit-schafstall-vnp-stiftung-1.jpg\",\"index\":1,\"id\":4563,\"video\":false,\"opts\":{\"caption\":\"Heidschnucken flock in flowering heather in front of sheep shed\",\"thumb\":\"https:\\\/\\\/www.verein-naturschutzpark.de\\\/wp-content\\\/uploads\\\/heidschnuckenherde-in-der-bluehenden-heide-mit-schafstall-vnp-stiftung-1-75x50_c.jpg\",\"title\":\"Heidschnucken flock in flowering heather in front of sheep shed | Photo: VNP Stiftung Naturschutzpark L&uuml;neburger Heide\"},\"gallery_id\":\"6438\"},{\"status\":\"active\",\"src\":\"https:\\\/\\\/www.verein-naturschutzpark.de\\\/wp-content\\\/uploads\\\/heidschnuckenherde-grasend-zur-heidebluete-vnp-stiftung-gr.jpg\",\"title\":\"A flock of Heidschnucken is grazing the the flowering heath\",\"link\":\"https:\\\/\\\/www.verein-naturschutzpark.de\\\/wp-content\\\/uploads\\\/heidschnuckenherde-grasend-zur-heidebluete-vnp-stiftung-gr.jpg\",\"alt\":\"A flock of Heidschnucken is grazing the the flowering heath | VNP Verein Naturschutzpark\",\"caption\":\"A flock of Heidschnucken is grazing the the flowering heath\",\"thumb\":\"https:\\\/\\\/www.verein-naturschutzpark.de\\\/wp-content\\\/uploads\\\/heidschnuckenherde-grasend-zur-heidebluete-vnp-stiftung-gr-75x50_c.jpg\",\"meta\":{\"aperture\":\"6.3\",\"credit\":null,\"camera\":\"E-M5\",\"caption\":\"OLYMPUS DIGITAL CAMERA\",\"created_timestamp\":\"1473155486\",\"copyright\":null,\"focal_length\":\"72\",\"iso\":\"200\",\"shutter_speed\":\"0.0025\",\"title\":\"OLYMPUS DIGITAL CAMERA\",\"orientation\":null,\"keywords\":null,\"resized_images\":null},\"thumbnail\":\"https:\\\/\\\/www.verein-naturschutzpark.de\\\/wp-content\\\/uploads\\\/heidschnuckenherde-grasend-zur-heidebluete-vnp-stiftung-gr-150x100.jpg\",\"medium\":\"https:\\\/\\\/www.verein-naturschutzpark.de\\\/wp-content\\\/uploads\\\/heidschnuckenherde-grasend-zur-heidebluete-vnp-stiftung-gr-400x267.jpg\",\"medium_large\":\"https:\\\/\\\/www.verein-naturschutzpark.de\\\/wp-content\\\/uploads\\\/heidschnuckenherde-grasend-zur-heidebluete-vnp-stiftung-gr-768x512.jpg\",\"large\":\"https:\\\/\\\/www.verein-naturschutzpark.de\\\/wp-content\\\/uploads\\\/heidschnuckenherde-grasend-zur-heidebluete-vnp-stiftung-gr-1024x683.jpg\",\"thumblist\":\"https:\\\/\\\/www.verein-naturschutzpark.de\\\/wp-content\\\/uploads\\\/heidschnuckenherde-grasend-zur-heidebluete-vnp-stiftung-gr.jpg\",\"thumbrelated\":\"https:\\\/\\\/www.verein-naturschutzpark.de\\\/wp-content\\\/uploads\\\/heidschnuckenherde-grasend-zur-heidebluete-vnp-stiftung-gr.jpg\",\"meccarouselthumb\":\"https:\\\/\\\/www.verein-naturschutzpark.de\\\/wp-content\\\/uploads\\\/heidschnuckenherde-grasend-zur-heidebluete-vnp-stiftung-gr.jpg\",\"gridsquare\":\"https:\\\/\\\/www.verein-naturschutzpark.de\\\/wp-content\\\/uploads\\\/heidschnuckenherde-grasend-zur-heidebluete-vnp-stiftung-gr.jpg\",\"tileview\":\"https:\\\/\\\/www.verein-naturschutzpark.de\\\/wp-content\\\/uploads\\\/heidschnuckenherde-grasend-zur-heidebluete-vnp-stiftung-gr.jpg\",\"1536x1536\":\"https:\\\/\\\/www.verein-naturschutzpark.de\\\/wp-content\\\/uploads\\\/heidschnuckenherde-grasend-zur-heidebluete-vnp-stiftung-gr-1536x1024.jpg\",\"2048x2048\":\"https:\\\/\\\/www.verein-naturschutzpark.de\\\/wp-content\\\/uploads\\\/heidschnuckenherde-grasend-zur-heidebluete-vnp-stiftung-gr-2048x1365.jpg\",\"full\":\"https:\\\/\\\/www.verein-naturschutzpark.de\\\/wp-content\\\/uploads\\\/heidschnuckenherde-grasend-zur-heidebluete-vnp-stiftung-gr.jpg\",\"index\":2,\"id\":5915,\"video\":false,\"opts\":{\"caption\":\"A flock of Heidschnucken is grazing the the flowering heath\",\"thumb\":\"https:\\\/\\\/www.verein-naturschutzpark.de\\\/wp-content\\\/uploads\\\/heidschnuckenherde-grasend-zur-heidebluete-vnp-stiftung-gr-75x50_c.jpg\",\"title\":\"A flock of Heidschnucken is grazing the the flowering heath\"},\"gallery_id\":\"6438\"},{\"status\":\"active\",\"src\":\"https:\\\/\\\/www.verein-naturschutzpark.de\\\/wp-content\\\/uploads\\\/heidschnuckenherde-in-der-bluehenden-heide.jpg\",\"title\":\"Flock of Heidschnucken in the blooming heather | VNP Stiftung\",\"link\":\"https:\\\/\\\/www.verein-naturschutzpark.de\\\/wp-content\\\/uploads\\\/heidschnuckenherde-in-der-bluehenden-heide.jpg\",\"alt\":\"Flock of Heidschnucken in the blooming heather | VNP Stiftung\",\"caption\":\"Flock of Heidschnucken in the blooming heather\",\"thumb\":\"https:\\\/\\\/www.verein-naturschutzpark.de\\\/wp-content\\\/uploads\\\/heidschnuckenherde-in-der-bluehenden-heide-75x50_c.jpg\",\"meta\":{\"aperture\":\"7.1\",\"credit\":null,\"camera\":\"E-M5\",\"caption\":\"OLYMPUS DIGITAL CAMERA\",\"created_timestamp\":\"1598520677\",\"copyright\":null,\"focal_length\":\"24\",\"iso\":\"200\",\"shutter_speed\":\"0.005\",\"title\":\"OLYMPUS DIGITAL CAMERA\",\"orientation\":null,\"keywords\":null},\"thumbnail\":\"https:\\\/\\\/www.verein-naturschutzpark.de\\\/wp-content\\\/uploads\\\/heidschnuckenherde-in-der-bluehenden-heide-150x100.jpg\",\"medium\":\"https:\\\/\\\/www.verein-naturschutzpark.de\\\/wp-content\\\/uploads\\\/heidschnuckenherde-in-der-bluehenden-heide-400x267.jpg\",\"medium_large\":\"https:\\\/\\\/www.verein-naturschutzpark.de\\\/wp-content\\\/uploads\\\/heidschnuckenherde-in-der-bluehenden-heide-768x512.jpg\",\"large\":\"https:\\\/\\\/www.verein-naturschutzpark.de\\\/wp-content\\\/uploads\\\/heidschnuckenherde-in-der-bluehenden-heide-1024x683.jpg\",\"thumblist\":\"https:\\\/\\\/www.verein-naturschutzpark.de\\\/wp-content\\\/uploads\\\/heidschnuckenherde-in-der-bluehenden-heide.jpg\",\"thumbrelated\":\"https:\\\/\\\/www.verein-naturschutzpark.de\\\/wp-content\\\/uploads\\\/heidschnuckenherde-in-der-bluehenden-heide.jpg\",\"meccarouselthumb\":\"https:\\\/\\\/www.verein-naturschutzpark.de\\\/wp-content\\\/uploads\\\/heidschnuckenherde-in-der-bluehenden-heide.jpg\",\"gridsquare\":\"https:\\\/\\\/www.verein-naturschutzpark.de\\\/wp-content\\\/uploads\\\/heidschnuckenherde-in-der-bluehenden-heide.jpg\",\"tileview\":\"https:\\\/\\\/www.verein-naturschutzpark.de\\\/wp-content\\\/uploads\\\/heidschnuckenherde-in-der-bluehenden-heide.jpg\",\"1536x1536\":\"https:\\\/\\\/www.verein-naturschutzpark.de\\\/wp-content\\\/uploads\\\/heidschnuckenherde-in-der-bluehenden-heide-1536x1024.jpg\",\"2048x2048\":\"https:\\\/\\\/www.verein-naturschutzpark.de\\\/wp-content\\\/uploads\\\/heidschnuckenherde-in-der-bluehenden-heide.jpg\",\"full\":\"https:\\\/\\\/www.verein-naturschutzpark.de\\\/wp-content\\\/uploads\\\/heidschnuckenherde-in-der-bluehenden-heide.jpg\",\"index\":3,\"id\":1431,\"video\":false,\"opts\":{\"caption\":\"Flock of Heidschnucken in the blooming heather\",\"thumb\":\"https:\\\/\\\/www.verein-naturschutzpark.de\\\/wp-content\\\/uploads\\\/heidschnuckenherde-in-der-bluehenden-heide-75x50_c.jpg\",\"title\":\"Flock of Heidschnucken in the blooming heather | VNP Stiftung\"},\"gallery_id\":\"6438\"},{\"status\":\"active\",\"src\":\"https:\\\/\\\/www.verein-naturschutzpark.de\\\/wp-content\\\/uploads\\\/heidschuckenherde-hof-tuetsberg-foto-burmester.jpg\",\"title\":\"Heidschnucken flock of Hof T&uuml;tsberg | Photo: Christian Burmester\",\"link\":\"https:\\\/\\\/www.verein-naturschutzpark.de\\\/wp-content\\\/uploads\\\/heidschuckenherde-hof-tuetsberg-foto-burmester.jpg\",\"alt\":\"Heidschnucken flock of Hof T&uuml;tsberg | Photo: Christian Burmester\",\"caption\":\"Heidschnucken flock of Hof T&uuml;tsberg | Photo: Christian Burmester\",\"thumb\":\"https:\\\/\\\/www.verein-naturschutzpark.de\\\/wp-content\\\/uploads\\\/heidschuckenherde-hof-tuetsberg-foto-burmester-75x50_c.jpg\",\"meta\":{\"aperture\":\"10\",\"credit\":\"Christian Burmester\",\"camera\":\"Canon EOS 5D Mark II\",\"caption\":\"\",\"created_timestamp\":\"1431355363\",\"copyright\":\"Christian Burmester\",\"focal_length\":\"45\",\"iso\":\"200\",\"shutter_speed\":\"0.004\",\"title\":\"\",\"orientation\":null,\"keywords\":null},\"thumbnail\":\"https:\\\/\\\/www.verein-naturschutzpark.de\\\/wp-content\\\/uploads\\\/heidschuckenherde-hof-tuetsberg-foto-burmester-150x100.jpg\",\"medium\":\"https:\\\/\\\/www.verein-naturschutzpark.de\\\/wp-content\\\/uploads\\\/heidschuckenherde-hof-tuetsberg-foto-burmester-400x267.jpg\",\"medium_large\":\"https:\\\/\\\/www.verein-naturschutzpark.de\\\/wp-content\\\/uploads\\\/heidschuckenherde-hof-tuetsberg-foto-burmester-768x512.jpg\",\"large\":\"https:\\\/\\\/www.verein-naturschutzpark.de\\\/wp-content\\\/uploads\\\/heidschuckenherde-hof-tuetsberg-foto-burmester-1024x683.jpg\",\"thumblist\":\"https:\\\/\\\/www.verein-naturschutzpark.de\\\/wp-content\\\/uploads\\\/heidschuckenherde-hof-tuetsberg-foto-burmester.jpg\",\"thumbrelated\":\"https:\\\/\\\/www.verein-naturschutzpark.de\\\/wp-content\\\/uploads\\\/heidschuckenherde-hof-tuetsberg-foto-burmester.jpg\",\"meccarouselthumb\":\"https:\\\/\\\/www.verein-naturschutzpark.de\\\/wp-content\\\/uploads\\\/heidschuckenherde-hof-tuetsberg-foto-burmester.jpg\",\"gridsquare\":\"https:\\\/\\\/www.verein-naturschutzpark.de\\\/wp-content\\\/uploads\\\/heidschuckenherde-hof-tuetsberg-foto-burmester.jpg\",\"tileview\":\"https:\\\/\\\/www.verein-naturschutzpark.de\\\/wp-content\\\/uploads\\\/heidschuckenherde-hof-tuetsberg-foto-burmester.jpg\",\"1536x1536\":\"https:\\\/\\\/www.verein-naturschutzpark.de\\\/wp-content\\\/uploads\\\/heidschuckenherde-hof-tuetsberg-foto-burmester-1536x1024.jpg\",\"2048x2048\":\"https:\\\/\\\/www.verein-naturschutzpark.de\\\/wp-content\\\/uploads\\\/heidschuckenherde-hof-tuetsberg-foto-burmester.jpg\",\"full\":\"https:\\\/\\\/www.verein-naturschutzpark.de\\\/wp-content\\\/uploads\\\/heidschuckenherde-hof-tuetsberg-foto-burmester.jpg\",\"index\":4,\"id\":1987,\"video\":false,\"opts\":{\"caption\":\"Heidschnucken flock of Hof T&uuml;tsberg | Photo: Christian Burmester\",\"thumb\":\"https:\\\/\\\/www.verein-naturschutzpark.de\\\/wp-content\\\/uploads\\\/heidschuckenherde-hof-tuetsberg-foto-burmester-75x50_c.jpg\",\"title\":\"Heidschnucken flock of Hof T&uuml;tsberg | Photo: Christian Burmester\"},\"gallery_id\":\"6438\"},{\"status\":\"active\",\"src\":\"https:\\\/\\\/www.verein-naturschutzpark.de\\\/wp-content\\\/uploads\\\/grasende-heidschnucken-vnp-stiftung-foto-burmester.jpg\",\"title\":\"Grazing Heidschnucken | Photo: Christian Burmester\",\"link\":\"https:\\\/\\\/www.verein-naturschutzpark.de\\\/wp-content\\\/uploads\\\/grasende-heidschnucken-vnp-stiftung-foto-burmester.jpg\",\"alt\":\"Grazing Heidschnucken | Photo: Christian Burmester\",\"caption\":\"Grazing Heidschnucken | Photo: Christian Burmester\",\"thumb\":\"https:\\\/\\\/www.verein-naturschutzpark.de\\\/wp-content\\\/uploads\\\/grasende-heidschnucken-vnp-stiftung-foto-burmester-75x50_c.jpg\",\"meta\":{\"aperture\":\"5.6\",\"credit\":\"Christian Burmester\",\"camera\":\"Canon EOS 5D Mark II\",\"caption\":\"\",\"created_timestamp\":\"1431354705\",\"copyright\":\"Christian Burmester\",\"focal_length\":\"105\",\"iso\":\"200\",\"shutter_speed\":\"0.004\",\"title\":\"\",\"orientation\":null,\"keywords\":null},\"thumbnail\":\"https:\\\/\\\/www.verein-naturschutzpark.de\\\/wp-content\\\/uploads\\\/grasende-heidschnucken-vnp-stiftung-foto-burmester-150x100.jpg\",\"medium\":\"https:\\\/\\\/www.verein-naturschutzpark.de\\\/wp-content\\\/uploads\\\/grasende-heidschnucken-vnp-stiftung-foto-burmester-400x267.jpg\",\"medium_large\":\"https:\\\/\\\/www.verein-naturschutzpark.de\\\/wp-content\\\/uploads\\\/grasende-heidschnucken-vnp-stiftung-foto-burmester-768x512.jpg\",\"large\":\"https:\\\/\\\/www.verein-naturschutzpark.de\\\/wp-content\\\/uploads\\\/grasende-heidschnucken-vnp-stiftung-foto-burmester-1024x683.jpg\",\"thumblist\":\"https:\\\/\\\/www.verein-naturschutzpark.de\\\/wp-content\\\/uploads\\\/grasende-heidschnucken-vnp-stiftung-foto-burmester.jpg\",\"thumbrelated\":\"https:\\\/\\\/www.verein-naturschutzpark.de\\\/wp-content\\\/uploads\\\/grasende-heidschnucken-vnp-stiftung-foto-burmester.jpg\",\"meccarouselthumb\":\"https:\\\/\\\/www.verein-naturschutzpark.de\\\/wp-content\\\/uploads\\\/grasende-heidschnucken-vnp-stiftung-foto-burmester.jpg\",\"gridsquare\":\"https:\\\/\\\/www.verein-naturschutzpark.de\\\/wp-content\\\/uploads\\\/grasende-heidschnucken-vnp-stiftung-foto-burmester.jpg\",\"tileview\":\"https:\\\/\\\/www.verein-naturschutzpark.de\\\/wp-content\\\/uploads\\\/grasende-heidschnucken-vnp-stiftung-foto-burmester.jpg\",\"1536x1536\":\"https:\\\/\\\/www.verein-naturschutzpark.de\\\/wp-content\\\/uploads\\\/grasende-heidschnucken-vnp-stiftung-foto-burmester-1536x1025.jpg\",\"2048x2048\":\"https:\\\/\\\/www.verein-naturschutzpark.de\\\/wp-content\\\/uploads\\\/grasende-heidschnucken-vnp-stiftung-foto-burmester.jpg\",\"full\":\"https:\\\/\\\/www.verein-naturschutzpark.de\\\/wp-content\\\/uploads\\\/grasende-heidschnucken-vnp-stiftung-foto-burmester.jpg\",\"index\":5,\"id\":4371,\"video\":false,\"opts\":{\"caption\":\"Grazing Heidschnucken | Photo: Christian Burmester\",\"thumb\":\"https:\\\/\\\/www.verein-naturschutzpark.de\\\/wp-content\\\/uploads\\\/grasende-heidschnucken-vnp-stiftung-foto-burmester-75x50_c.jpg\",\"title\":\"Grazing Heidschnucken | Photo: Christian Burmester\"},\"gallery_id\":\"6438\"},{\"status\":\"active\",\"src\":\"https:\\\/\\\/www.verein-naturschutzpark.de\\\/wp-content\\\/uploads\\\/heidschnucken-vnp-stiftung-naturschutzpark-foto-burmester-1.jpg\",\"title\":\"Heidschnucken | Photo: Christian Burmester\",\"link\":\"https:\\\/\\\/www.verein-naturschutzpark.de\\\/wp-content\\\/uploads\\\/heidschnucken-vnp-stiftung-naturschutzpark-foto-burmester-1.jpg\",\"alt\":\"Heidschnucken | Photo: Christian Burmester\",\"caption\":\"Heischnucken | Photo: Christian Burmester\",\"thumb\":\"https:\\\/\\\/www.verein-naturschutzpark.de\\\/wp-content\\\/uploads\\\/heidschnucken-vnp-stiftung-naturschutzpark-foto-burmester-1-75x50_c.jpg\",\"meta\":{\"aperture\":\"8\",\"credit\":\"Christian Burmester\",\"camera\":\"Canon EOS 5D Mark II\",\"caption\":\"\",\"created_timestamp\":\"1431354743\",\"copyright\":\"Christian Burmester\",\"focal_length\":\"80\",\"iso\":\"200\",\"shutter_speed\":\"0.004\",\"title\":\"\",\"orientation\":null,\"keywords\":null,\"resized_images\":null},\"thumbnail\":\"https:\\\/\\\/www.verein-naturschutzpark.de\\\/wp-content\\\/uploads\\\/heidschnucken-vnp-stiftung-naturschutzpark-foto-burmester-1-150x100.jpg\",\"medium\":\"https:\\\/\\\/www.verein-naturschutzpark.de\\\/wp-content\\\/uploads\\\/heidschnucken-vnp-stiftung-naturschutzpark-foto-burmester-1-400x267.jpg\",\"medium_large\":\"https:\\\/\\\/www.verein-naturschutzpark.de\\\/wp-content\\\/uploads\\\/heidschnucken-vnp-stiftung-naturschutzpark-foto-burmester-1-768x512.jpg\",\"large\":\"https:\\\/\\\/www.verein-naturschutzpark.de\\\/wp-content\\\/uploads\\\/heidschnucken-vnp-stiftung-naturschutzpark-foto-burmester-1-1024x683.jpg\",\"thumblist\":\"https:\\\/\\\/www.verein-naturschutzpark.de\\\/wp-content\\\/uploads\\\/heidschnucken-vnp-stiftung-naturschutzpark-foto-burmester-1.jpg\",\"thumbrelated\":\"https:\\\/\\\/www.verein-naturschutzpark.de\\\/wp-content\\\/uploads\\\/heidschnucken-vnp-stiftung-naturschutzpark-foto-burmester-1.jpg\",\"meccarouselthumb\":\"https:\\\/\\\/www.verein-naturschutzpark.de\\\/wp-content\\\/uploads\\\/heidschnucken-vnp-stiftung-naturschutzpark-foto-burmester-1.jpg\",\"gridsquare\":\"https:\\\/\\\/www.verein-naturschutzpark.de\\\/wp-content\\\/uploads\\\/heidschnucken-vnp-stiftung-naturschutzpark-foto-burmester-1.jpg\",\"tileview\":\"https:\\\/\\\/www.verein-naturschutzpark.de\\\/wp-content\\\/uploads\\\/heidschnucken-vnp-stiftung-naturschutzpark-foto-burmester-1.jpg\",\"1536x1536\":\"https:\\\/\\\/www.verein-naturschutzpark.de\\\/wp-content\\\/uploads\\\/heidschnucken-vnp-stiftung-naturschutzpark-foto-burmester-1-1536x1024.jpg\",\"2048x2048\":\"https:\\\/\\\/www.verein-naturschutzpark.de\\\/wp-content\\\/uploads\\\/heidschnucken-vnp-stiftung-naturschutzpark-foto-burmester-1.jpg\",\"full\":\"https:\\\/\\\/www.verein-naturschutzpark.de\\\/wp-content\\\/uploads\\\/heidschnucken-vnp-stiftung-naturschutzpark-foto-burmester-1.jpg\",\"index\":6,\"id\":5057,\"video\":false,\"opts\":{\"caption\":\"Heischnucken | Photo: Christian Burmester\",\"thumb\":\"https:\\\/\\\/www.verein-naturschutzpark.de\\\/wp-content\\\/uploads\\\/heidschnucken-vnp-stiftung-naturschutzpark-foto-burmester-1-75x50_c.jpg\",\"title\":\"Heidschnucken | Photo: Christian Burmester\"},\"gallery_id\":\"6438\"},{\"status\":\"active\",\"src\":\"https:\\\/\\\/www.verein-naturschutzpark.de\\\/wp-content\\\/uploads\\\/grasende-heidschnuckenherde-vnp-stiftung.jpg\",\"title\":\"Grazing Heidchnucken flock | Photo: VNP Stiftung Naturschutzpark L&uuml;neburger Heide\",\"link\":\"https:\\\/\\\/www.verein-naturschutzpark.de\\\/wp-content\\\/uploads\\\/grasende-heidschnuckenherde-vnp-stiftung.jpg\",\"alt\":\"Grazing Heidchnucken flock | Photo: VNP Stiftung Naturschutzpark L&uuml;neburger Heide\",\"caption\":\"Grazing Heidchnucken flock\",\"thumb\":\"https:\\\/\\\/www.verein-naturschutzpark.de\\\/wp-content\\\/uploads\\\/grasende-heidschnuckenherde-vnp-stiftung-75x50_c.jpg\",\"meta\":{\"aperture\":\"5.6\",\"credit\":null,\"camera\":\"E-M5\",\"caption\":\"Grasende Heidschnuckenherde |  Foto: VNP Stiftung Naturschutzpark L\u00fcneburger Heide\",\"created_timestamp\":\"1581249042\",\"copyright\":null,\"focal_length\":\"140\",\"iso\":\"320\",\"shutter_speed\":\"0.004\",\"title\":\"Grasende Heidschnuckenherde |  Foto: VNP Stiftung Naturschutzpark L\ufffdneburger Heide\",\"orientation\":\"1\",\"keywords\":null,\"resized_images\":null},\"thumbnail\":\"https:\\\/\\\/www.verein-naturschutzpark.de\\\/wp-content\\\/uploads\\\/grasende-heidschnuckenherde-vnp-stiftung-150x100.jpg\",\"medium\":\"https:\\\/\\\/www.verein-naturschutzpark.de\\\/wp-content\\\/uploads\\\/grasende-heidschnuckenherde-vnp-stiftung-400x267.jpg\",\"medium_large\":\"https:\\\/\\\/www.verein-naturschutzpark.de\\\/wp-content\\\/uploads\\\/grasende-heidschnuckenherde-vnp-stiftung-768x512.jpg\",\"large\":\"https:\\\/\\\/www.verein-naturschutzpark.de\\\/wp-content\\\/uploads\\\/grasende-heidschnuckenherde-vnp-stiftung-1024x683.jpg\",\"thumblist\":\"https:\\\/\\\/www.verein-naturschutzpark.de\\\/wp-content\\\/uploads\\\/grasende-heidschnuckenherde-vnp-stiftung.jpg\",\"thumbrelated\":\"https:\\\/\\\/www.verein-naturschutzpark.de\\\/wp-content\\\/uploads\\\/grasende-heidschnuckenherde-vnp-stiftung.jpg\",\"meccarouselthumb\":\"https:\\\/\\\/www.verein-naturschutzpark.de\\\/wp-content\\\/uploads\\\/grasende-heidschnuckenherde-vnp-stiftung.jpg\",\"gridsquare\":\"https:\\\/\\\/www.verein-naturschutzpark.de\\\/wp-content\\\/uploads\\\/grasende-heidschnuckenherde-vnp-stiftung.jpg\",\"tileview\":\"https:\\\/\\\/www.verein-naturschutzpark.de\\\/wp-content\\\/uploads\\\/grasende-heidschnuckenherde-vnp-stiftung.jpg\",\"1536x1536\":\"https:\\\/\\\/www.verein-naturschutzpark.de\\\/wp-content\\\/uploads\\\/grasende-heidschnuckenherde-vnp-stiftung-1536x1024.jpg\",\"2048x2048\":\"https:\\\/\\\/www.verein-naturschutzpark.de\\\/wp-content\\\/uploads\\\/grasende-heidschnuckenherde-vnp-stiftung-2048x1365.jpg\",\"full\":\"https:\\\/\\\/www.verein-naturschutzpark.de\\\/wp-content\\\/uploads\\\/grasende-heidschnuckenherde-vnp-stiftung.jpg\",\"index\":7,\"id\":4557,\"video\":false,\"opts\":{\"caption\":\"Grazing Heidchnucken flock\",\"thumb\":\"https:\\\/\\\/www.verein-naturschutzpark.de\\\/wp-content\\\/uploads\\\/grasende-heidschnuckenherde-vnp-stiftung-75x50_c.jpg\",\"title\":\"Grazing Heidchnucken flock | Photo: VNP Stiftung Naturschutzpark L&uuml;neburger Heide\"},\"gallery_id\":\"6438\"},{\"status\":\"active\",\"src\":\"https:\\\/\\\/www.verein-naturschutzpark.de\\\/wp-content\\\/uploads\\\/heidschnucken-und-ziegen-grasen-eintraechtig-nebeneinander-vnp-stiftung-foto-burmester-1.jpg\",\"title\":\"Heidschnucken and goats grazing side by side in harmony | Photo: Christian Burmester\",\"link\":\"https:\\\/\\\/www.verein-naturschutzpark.de\\\/wp-content\\\/uploads\\\/heidschnucken-und-ziegen-grasen-eintraechtig-nebeneinander-vnp-stiftung-foto-burmester-1.jpg\",\"alt\":\"Heidschnucken and goats grazing side by side in harmony | Photo: Christian Burmester\",\"caption\":\"Heidschnucken and goats grazing side by side | Photo: Christian Burmester\",\"thumb\":\"https:\\\/\\\/www.verein-naturschutzpark.de\\\/wp-content\\\/uploads\\\/heidschnucken-und-ziegen-grasen-eintraechtig-nebeneinander-vnp-stiftung-foto-burmester-1-75x50_c.jpg\",\"meta\":{\"aperture\":\"7.1\",\"credit\":\"Christian Burmester\",\"camera\":\"Canon EOS 5D Mark II\",\"caption\":\"\",\"created_timestamp\":\"1431354692\",\"copyright\":\"Christian Burmester\",\"focal_length\":\"105\",\"iso\":\"200\",\"shutter_speed\":\"0.003125\",\"title\":\"\",\"orientation\":null,\"keywords\":null,\"resized_images\":null},\"thumbnail\":\"https:\\\/\\\/www.verein-naturschutzpark.de\\\/wp-content\\\/uploads\\\/heidschnucken-und-ziegen-grasen-eintraechtig-nebeneinander-vnp-stiftung-foto-burmester-1-150x100.jpg\",\"medium\":\"https:\\\/\\\/www.verein-naturschutzpark.de\\\/wp-content\\\/uploads\\\/heidschnucken-und-ziegen-grasen-eintraechtig-nebeneinander-vnp-stiftung-foto-burmester-1-400x267.jpg\",\"medium_large\":\"https:\\\/\\\/www.verein-naturschutzpark.de\\\/wp-content\\\/uploads\\\/heidschnucken-und-ziegen-grasen-eintraechtig-nebeneinander-vnp-stiftung-foto-burmester-1-768x512.jpg\",\"large\":\"https:\\\/\\\/www.verein-naturschutzpark.de\\\/wp-content\\\/uploads\\\/heidschnucken-und-ziegen-grasen-eintraechtig-nebeneinander-vnp-stiftung-foto-burmester-1-1024x683.jpg\",\"thumblist\":\"https:\\\/\\\/www.verein-naturschutzpark.de\\\/wp-content\\\/uploads\\\/heidschnucken-und-ziegen-grasen-eintraechtig-nebeneinander-vnp-stiftung-foto-burmester-1.jpg\",\"thumbrelated\":\"https:\\\/\\\/www.verein-naturschutzpark.de\\\/wp-content\\\/uploads\\\/heidschnucken-und-ziegen-grasen-eintraechtig-nebeneinander-vnp-stiftung-foto-burmester-1.jpg\",\"meccarouselthumb\":\"https:\\\/\\\/www.verein-naturschutzpark.de\\\/wp-content\\\/uploads\\\/heidschnucken-und-ziegen-grasen-eintraechtig-nebeneinander-vnp-stiftung-foto-burmester-1.jpg\",\"gridsquare\":\"https:\\\/\\\/www.verein-naturschutzpark.de\\\/wp-content\\\/uploads\\\/heidschnucken-und-ziegen-grasen-eintraechtig-nebeneinander-vnp-stiftung-foto-burmester-1.jpg\",\"tileview\":\"https:\\\/\\\/www.verein-naturschutzpark.de\\\/wp-content\\\/uploads\\\/heidschnucken-und-ziegen-grasen-eintraechtig-nebeneinander-vnp-stiftung-foto-burmester-1.jpg\",\"1536x1536\":\"https:\\\/\\\/www.verein-naturschutzpark.de\\\/wp-content\\\/uploads\\\/heidschnucken-und-ziegen-grasen-eintraechtig-nebeneinander-vnp-stiftung-foto-burmester-1-1536x1025.jpg\",\"2048x2048\":\"https:\\\/\\\/www.verein-naturschutzpark.de\\\/wp-content\\\/uploads\\\/heidschnucken-und-ziegen-grasen-eintraechtig-nebeneinander-vnp-stiftung-foto-burmester-1.jpg\",\"full\":\"https:\\\/\\\/www.verein-naturschutzpark.de\\\/wp-content\\\/uploads\\\/heidschnucken-und-ziegen-grasen-eintraechtig-nebeneinander-vnp-stiftung-foto-burmester-1.jpg\",\"index\":8,\"id\":4367,\"video\":false,\"opts\":{\"caption\":\"Heidschnucken and goats grazing side by side | Photo: Christian Burmester\",\"thumb\":\"https:\\\/\\\/www.verein-naturschutzpark.de\\\/wp-content\\\/uploads\\\/heidschnucken-und-ziegen-grasen-eintraechtig-nebeneinander-vnp-stiftung-foto-burmester-1-75x50_c.jpg\",\"title\":\"Heidschnucken and goats grazing side by side in harmony | Photo: Christian Burmester\"},\"gallery_id\":\"6438\"},{\"status\":\"active\",\"src\":\"https:\\\/\\\/www.verein-naturschutzpark.de\\\/wp-content\\\/uploads\\\/heidegeissen-ziegen-fuer-den-gehoelzverbiss-vnp-stiftung.jpg\",\"title\":\"Heath goats for grove browsing | Photo: VNP Stiftung Naturschutzpark L&uuml;neburger Heide\",\"link\":\"https:\\\/\\\/www.verein-naturschutzpark.de\\\/wp-content\\\/uploads\\\/heidegeissen-ziegen-fuer-den-gehoelzverbiss-vnp-stiftung.jpg\",\"alt\":\"Heath goats for grove browsing | Photo: VNP Stiftung Naturschutzpark L&uuml;neburger Heide\",\"caption\":\"Heath goats for grove browsing\",\"thumb\":\"https:\\\/\\\/www.verein-naturschutzpark.de\\\/wp-content\\\/uploads\\\/heidegeissen-ziegen-fuer-den-gehoelzverbiss-vnp-stiftung-75x50_c.jpg\",\"meta\":{\"aperture\":\"4.4\",\"credit\":null,\"camera\":\"DMC-FZ2000\",\"caption\":\"Heidegeissen (Ziegen) f\u00fcr den Geh\u00f6lzverbiss | Foto: VNP Stiftung Naturschutzpark L\u00fcneburger Heide\",\"created_timestamp\":\"1592392953\",\"copyright\":null,\"focal_length\":\"88.4\",\"iso\":\"125\",\"shutter_speed\":\"0.003125\",\"title\":\"Heidegeissen (Ziegen) f\ufffdr den Geh\ufffdlzverbiss | Foto: VNP Stiftung Naturschutzpark L\ufffdneburger Heide\",\"orientation\":\"1\",\"keywords\":null,\"resized_images\":null},\"thumbnail\":\"https:\\\/\\\/www.verein-naturschutzpark.de\\\/wp-content\\\/uploads\\\/heidegeissen-ziegen-fuer-den-gehoelzverbiss-vnp-stiftung-150x113.jpg\",\"medium\":\"https:\\\/\\\/www.verein-naturschutzpark.de\\\/wp-content\\\/uploads\\\/heidegeissen-ziegen-fuer-den-gehoelzverbiss-vnp-stiftung-400x300.jpg\",\"medium_large\":\"https:\\\/\\\/www.verein-naturschutzpark.de\\\/wp-content\\\/uploads\\\/heidegeissen-ziegen-fuer-den-gehoelzverbiss-vnp-stiftung-768x576.jpg\",\"large\":\"https:\\\/\\\/www.verein-naturschutzpark.de\\\/wp-content\\\/uploads\\\/heidegeissen-ziegen-fuer-den-gehoelzverbiss-vnp-stiftung-1024x768.jpg\",\"thumblist\":\"https:\\\/\\\/www.verein-naturschutzpark.de\\\/wp-content\\\/uploads\\\/heidegeissen-ziegen-fuer-den-gehoelzverbiss-vnp-stiftung.jpg\",\"thumbrelated\":\"https:\\\/\\\/www.verein-naturschutzpark.de\\\/wp-content\\\/uploads\\\/heidegeissen-ziegen-fuer-den-gehoelzverbiss-vnp-stiftung.jpg\",\"meccarouselthumb\":\"https:\\\/\\\/www.verein-naturschutzpark.de\\\/wp-content\\\/uploads\\\/heidegeissen-ziegen-fuer-den-gehoelzverbiss-vnp-stiftung.jpg\",\"gridsquare\":\"https:\\\/\\\/www.verein-naturschutzpark.de\\\/wp-content\\\/uploads\\\/heidegeissen-ziegen-fuer-den-gehoelzverbiss-vnp-stiftung.jpg\",\"tileview\":\"https:\\\/\\\/www.verein-naturschutzpark.de\\\/wp-content\\\/uploads\\\/heidegeissen-ziegen-fuer-den-gehoelzverbiss-vnp-stiftung.jpg\",\"1536x1536\":\"https:\\\/\\\/www.verein-naturschutzpark.de\\\/wp-content\\\/uploads\\\/heidegeissen-ziegen-fuer-den-gehoelzverbiss-vnp-stiftung-1536x1152.jpg\",\"2048x2048\":\"https:\\\/\\\/www.verein-naturschutzpark.de\\\/wp-content\\\/uploads\\\/heidegeissen-ziegen-fuer-den-gehoelzverbiss-vnp-stiftung-2048x1536.jpg\",\"full\":\"https:\\\/\\\/www.verein-naturschutzpark.de\\\/wp-content\\\/uploads\\\/heidegeissen-ziegen-fuer-den-gehoelzverbiss-vnp-stiftung.jpg\",\"index\":9,\"id\":4559,\"video\":false,\"opts\":{\"caption\":\"Heath goats for grove browsing\",\"thumb\":\"https:\\\/\\\/www.verein-naturschutzpark.de\\\/wp-content\\\/uploads\\\/heidegeissen-ziegen-fuer-den-gehoelzverbiss-vnp-stiftung-75x50_c.jpg\",\"title\":\"Heath goats for grove browsing | Photo: VNP Stiftung Naturschutzpark L&uuml;neburger Heide\"},\"gallery_id\":\"6438\"},{\"status\":\"active\",\"src\":\"https:\\\/\\\/www.verein-naturschutzpark.de\\\/wp-content\\\/uploads\\\/heidschnuckenlaemmer-im-schafstall-vnp-stiftung.jpg\",\"title\":\"Heidschnucken lambs in the sheep shed | Photo: VNP Stiftung Naturschutzpark L&uuml;neburger Heide\",\"link\":\"https:\\\/\\\/www.verein-naturschutzpark.de\\\/wp-content\\\/uploads\\\/heidschnuckenlaemmer-im-schafstall-vnp-stiftung.jpg\",\"alt\":\"Heidschnucken lambs in the sheep shed | Photo: VNP Stiftung Naturschutzpark L&uuml;neburger Heide\",\"caption\":\"Heidschnucken lambs in the sheep shed\",\"thumb\":\"https:\\\/\\\/www.verein-naturschutzpark.de\\\/wp-content\\\/uploads\\\/heidschnuckenlaemmer-im-schafstall-vnp-stiftung-75x50_c.jpg\",\"meta\":{\"aperture\":\"4\",\"credit\":null,\"camera\":\"E-M5\",\"caption\":\"Heidschnuckenl\u00e4mmer im Schafstall | Foto: VNP Stiftung Naturschutzpark L\u00fcneburger Heide\",\"created_timestamp\":\"1582111766\",\"copyright\":null,\"focal_length\":\"15\",\"iso\":\"1600\",\"shutter_speed\":\"0.033333333333333\",\"title\":\"Heidschnuckenl\ufffdmmer im Schafstall | Foto: VNP Stiftung Naturschutzpark L\ufffdneburger Heide\",\"orientation\":\"1\",\"keywords\":null,\"resized_images\":null},\"thumbnail\":\"https:\\\/\\\/www.verein-naturschutzpark.de\\\/wp-content\\\/uploads\\\/heidschnuckenlaemmer-im-schafstall-vnp-stiftung-150x100.jpg\",\"medium\":\"https:\\\/\\\/www.verein-naturschutzpark.de\\\/wp-content\\\/uploads\\\/heidschnuckenlaemmer-im-schafstall-vnp-stiftung-400x267.jpg\",\"medium_large\":\"https:\\\/\\\/www.verein-naturschutzpark.de\\\/wp-content\\\/uploads\\\/heidschnuckenlaemmer-im-schafstall-vnp-stiftung-768x512.jpg\",\"large\":\"https:\\\/\\\/www.verein-naturschutzpark.de\\\/wp-content\\\/uploads\\\/heidschnuckenlaemmer-im-schafstall-vnp-stiftung-1024x683.jpg\",\"thumblist\":\"https:\\\/\\\/www.verein-naturschutzpark.de\\\/wp-content\\\/uploads\\\/heidschnuckenlaemmer-im-schafstall-vnp-stiftung.jpg\",\"thumbrelated\":\"https:\\\/\\\/www.verein-naturschutzpark.de\\\/wp-content\\\/uploads\\\/heidschnuckenlaemmer-im-schafstall-vnp-stiftung.jpg\",\"meccarouselthumb\":\"https:\\\/\\\/www.verein-naturschutzpark.de\\\/wp-content\\\/uploads\\\/heidschnuckenlaemmer-im-schafstall-vnp-stiftung.jpg\",\"gridsquare\":\"https:\\\/\\\/www.verein-naturschutzpark.de\\\/wp-content\\\/uploads\\\/heidschnuckenlaemmer-im-schafstall-vnp-stiftung.jpg\",\"tileview\":\"https:\\\/\\\/www.verein-naturschutzpark.de\\\/wp-content\\\/uploads\\\/heidschnuckenlaemmer-im-schafstall-vnp-stiftung.jpg\",\"1536x1536\":\"https:\\\/\\\/www.verein-naturschutzpark.de\\\/wp-content\\\/uploads\\\/heidschnuckenlaemmer-im-schafstall-vnp-stiftung-1536x1024.jpg\",\"2048x2048\":\"https:\\\/\\\/www.verein-naturschutzpark.de\\\/wp-content\\\/uploads\\\/heidschnuckenlaemmer-im-schafstall-vnp-stiftung-2048x1365.jpg\",\"full\":\"https:\\\/\\\/www.verein-naturschutzpark.de\\\/wp-content\\\/uploads\\\/heidschnuckenlaemmer-im-schafstall-vnp-stiftung.jpg\",\"index\":10,\"id\":4545,\"video\":false,\"opts\":{\"caption\":\"Heidschnucken lambs in the sheep shed\",\"thumb\":\"https:\\\/\\\/www.verein-naturschutzpark.de\\\/wp-content\\\/uploads\\\/heidschnuckenlaemmer-im-schafstall-vnp-stiftung-75x50_c.jpg\",\"title\":\"Heidschnucken lambs in the sheep shed | Photo: VNP Stiftung Naturschutzpark L&uuml;neburger Heide\"},\"gallery_id\":\"6438\"},{\"status\":\"active\",\"src\":\"https:\\\/\\\/www.verein-naturschutzpark.de\\\/wp-content\\\/uploads\\\/schaefer-uwe-storm-herde-tuetsberg-mit-heidschnuckenlaemmern-im-stall-vnp-stiftung-2.jpg\",\"title\":\"Heidschnucken lambs with shepherd Uwe Storm (Herd T&uuml;tsberg) in the sheep shed | Photo: VNP Stiftung Naturschutzpark L&uuml;neburger Heide\",\"link\":\"https:\\\/\\\/www.verein-naturschutzpark.de\\\/wp-content\\\/uploads\\\/schaefer-uwe-storm-herde-tuetsberg-mit-heidschnuckenlaemmern-im-stall-vnp-stiftung-2.jpg\",\"alt\":\"Heidschnucken lambs with shepherd Uwe Storm (Herd T&uuml;tsberg) in the sheep shed | Photo: VNP Stiftung Naturschutzpark L&uuml;neburger Heide\",\"caption\":\"Heidschnucken lambs with shepherd Uwe Storm (Herd T&uuml;tsberg) in the sheep shed\",\"thumb\":\"https:\\\/\\\/www.verein-naturschutzpark.de\\\/wp-content\\\/uploads\\\/schaefer-uwe-storm-herde-tuetsberg-mit-heidschnuckenlaemmern-im-stall-vnp-stiftung-2-75x50_c.jpg\",\"meta\":{\"aperture\":\"5.2\",\"credit\":null,\"camera\":\"E-M5\",\"caption\":\"Heidschnuckenl\u00e4mmer mit Sch\u00e4fer Uwe Storm (Herde T\u00fctsberg) im Schafstall | Foto: VNP Stiftung Naturschutzpark L\u00fcneburger Heide\",\"created_timestamp\":\"1550754409\",\"copyright\":null,\"focal_length\":\"27\",\"iso\":\"1600\",\"shutter_speed\":\"0.02\",\"title\":\"Heidschnuckenl\ufffdmmer mit Sch\ufffdfer Uwe Strom (Herde T\ufffdtsberg) im Schafstall | Foto: VNP Stiftung Naturschutzpark L\ufffdneburger Heide\",\"orientation\":\"1\",\"keywords\":null,\"resized_images\":null},\"thumbnail\":\"https:\\\/\\\/www.verein-naturschutzpark.de\\\/wp-content\\\/uploads\\\/schaefer-uwe-storm-herde-tuetsberg-mit-heidschnuckenlaemmern-im-stall-vnp-stiftung-2-150x100.jpg\",\"medium\":\"https:\\\/\\\/www.verein-naturschutzpark.de\\\/wp-content\\\/uploads\\\/schaefer-uwe-storm-herde-tuetsberg-mit-heidschnuckenlaemmern-im-stall-vnp-stiftung-2-400x267.jpg\",\"medium_large\":\"https:\\\/\\\/www.verein-naturschutzpark.de\\\/wp-content\\\/uploads\\\/schaefer-uwe-storm-herde-tuetsberg-mit-heidschnuckenlaemmern-im-stall-vnp-stiftung-2-768x512.jpg\",\"large\":\"https:\\\/\\\/www.verein-naturschutzpark.de\\\/wp-content\\\/uploads\\\/schaefer-uwe-storm-herde-tuetsberg-mit-heidschnuckenlaemmern-im-stall-vnp-stiftung-2-1024x683.jpg\",\"thumblist\":\"https:\\\/\\\/www.verein-naturschutzpark.de\\\/wp-content\\\/uploads\\\/schaefer-uwe-storm-herde-tuetsberg-mit-heidschnuckenlaemmern-im-stall-vnp-stiftung-2.jpg\",\"thumbrelated\":\"https:\\\/\\\/www.verein-naturschutzpark.de\\\/wp-content\\\/uploads\\\/schaefer-uwe-storm-herde-tuetsberg-mit-heidschnuckenlaemmern-im-stall-vnp-stiftung-2.jpg\",\"meccarouselthumb\":\"https:\\\/\\\/www.verein-naturschutzpark.de\\\/wp-content\\\/uploads\\\/schaefer-uwe-storm-herde-tuetsberg-mit-heidschnuckenlaemmern-im-stall-vnp-stiftung-2.jpg\",\"gridsquare\":\"https:\\\/\\\/www.verein-naturschutzpark.de\\\/wp-content\\\/uploads\\\/schaefer-uwe-storm-herde-tuetsberg-mit-heidschnuckenlaemmern-im-stall-vnp-stiftung-2.jpg\",\"tileview\":\"https:\\\/\\\/www.verein-naturschutzpark.de\\\/wp-content\\\/uploads\\\/schaefer-uwe-storm-herde-tuetsberg-mit-heidschnuckenlaemmern-im-stall-vnp-stiftung-2.jpg\",\"1536x1536\":\"https:\\\/\\\/www.verein-naturschutzpark.de\\\/wp-content\\\/uploads\\\/schaefer-uwe-storm-herde-tuetsberg-mit-heidschnuckenlaemmern-im-stall-vnp-stiftung-2-1536x1024.jpg\",\"2048x2048\":\"https:\\\/\\\/www.verein-naturschutzpark.de\\\/wp-content\\\/uploads\\\/schaefer-uwe-storm-herde-tuetsberg-mit-heidschnuckenlaemmern-im-stall-vnp-stiftung-2-2048x1365.jpg\",\"full\":\"https:\\\/\\\/www.verein-naturschutzpark.de\\\/wp-content\\\/uploads\\\/schaefer-uwe-storm-herde-tuetsberg-mit-heidschnuckenlaemmern-im-stall-vnp-stiftung-2.jpg\",\"index\":11,\"id\":4567,\"video\":false,\"opts\":{\"caption\":\"Heidschnucken lambs with shepherd Uwe Storm (Herd T&uuml;tsberg) in the sheep shed\",\"thumb\":\"https:\\\/\\\/www.verein-naturschutzpark.de\\\/wp-content\\\/uploads\\\/schaefer-uwe-storm-herde-tuetsberg-mit-heidschnuckenlaemmern-im-stall-vnp-stiftung-2-75x50_c.jpg\",\"title\":\"Heidschnucken lambs with shepherd Uwe Storm (Herd T&uuml;tsberg) in the sheep shed | Photo: VNP Stiftung Naturschutzpark L&uuml;neburger Heide\"},\"gallery_id\":\"6438\"}]' data-lightbox-theme='{&quot;arrows&quot;:true,&quot;margins&quot;:[120,0],&quot;gutter&quot;:&quot;20&quot;,&quot;thumbs_position&quot;:&quot;side&quot;,&quot;base_template&quot;:&quot;&lt;div id=\\&quot;envirabox-6438\\&quot; data-envirabox-id=\\&quot;6438\\&quot; class=\\&quot;envirabox-container envirabox-theme-infinity_light envirabox-wrap\\&quot; role=\\&quot;dialog\\&quot;&gt;&lt;div class=\\&quot;envirabox-bg\\&quot;&gt;&lt;\\\/div&gt;&lt;div class=\\&quot;envirabox-outer\\&quot;&gt;&lt;div class=\\&quot;envirabox-inner\\&quot;&gt;&lt;div class=\\&quot;envirabox-title-wrap\\&quot;&gt;&lt;div class=\\&quot;envirabox-title-inner\\&quot;&gt;&lt;div class=\\&quot;envirabox-caption\\&quot;&gt;&lt;\\\/div&gt;&lt;\\\/div&gt;&lt;div class=\\&quot;envirabox-woocommerce-container\\&quot;&gt;&lt;\\\/div&gt;&lt;\\\/div&gt;&lt;div class=\\&quot;envirabox-toolbar\\&quot;&gt;&lt;div class=\\&quot;envira-close-button\\&quot;&gt;&lt;a data-envirabox-close class=\\&quot;envirabox-item envirabox-close envirabox-button--close\\&quot; title=\\&quot;Close\\&quot; href=\\&quot;#\\&quot;&gt;                   &lt;svg\\t\\t\\t\\t\\txmlns=\\&quot;http:\\\/\\\/www.w3.org\\\/2000\\\/svg\\&quot;\\t\\t\\t\\t\\twidth=\\&quot;30px\\&quot;\\t\\t\\t\\t\\theight=\\&quot;30px\\&quot;\\t\\t\\t\\t\\tviewBox=\\&quot;0 0 768 768\\&quot;\\t\\t\\t\\t   &gt;\\t\\t\\t\\t\\t&lt;path d=\\&quot;M607.5 205.5L429 384l178.5 178.5-45 45L384 429 205.5 607.5l-45-45L339 384 160.5 205.5l45-45L384 339l178.5-178.5z\\&quot;&gt;&lt;\\\/path&gt;\\t\\t\\t\\t   &lt;\\\/svg&gt;&lt;\\\/a&gt;&lt;\\\/div&gt;&lt;div class=\\&quot;envirabox-icons\\&quot;&gt;&lt;\\\/div&gt;&lt;\\\/div&gt;&lt;div class=\\&quot;envira-thumbs-button\\&quot;&gt;&lt;a data-envirabox-thumbs class=\\&quot;envirabox-item envira-thumbs-button envirabox-button--thumbs\\&quot; title=\\&quot;Toggle Thumbnails\\&quot; href=\\&quot;javascript:void(0)\\&quot;&gt;&lt;\\\/a&gt;&lt;\\\/div&gt;&lt;div class=\\&quot;envirabox-navigation\\&quot;&gt;&lt;a data-envirabox-prev title=\\&quot;Prev\\&quot; class=\\&quot;envirabox-arrow envirabox-arrow--left envirabox-nav envirabox-prev\\&quot; href=\\&quot;#\\&quot;&gt;&lt;span&gt;                     &lt;svg\\t\\t\\t\\t\\txmlns=\\&quot;http:\\\/\\\/www.w3.org\\\/2000\\\/svg\\&quot;\\t\\t\\t\\t\\twidth=\\&quot;45px\\&quot;\\t\\t\\t\\t\\theight=\\&quot;45px\\&quot;\\t\\t\\t\\t\\tviewBox=\\&quot;0 0 768 768\\&quot;\\t\\t\\t\\t   &gt;\\t\\t\\t\\t\\t&lt;path d=\\&quot;M493.5 531l-45 45-192-192 192-192 45 45-147 147z\\&quot;&gt;&lt;\\\/path&gt;\\t\\t\\t\\t   &lt;\\\/svg&gt;&lt;\\\/span&gt;&lt;\\\/a&gt;&lt;a data-envirabox-next title=\\&quot;Next\\&quot; class=\\&quot;envirabox-arrow envirabox-arrow--right envirabox-nav envirabox-next\\&quot; href=\\&quot;#\\&quot;&gt;&lt;span&gt;                         &lt;svg\\t\\t\\t\\t\\txmlns=\\&quot;http:\\\/\\\/www.w3.org\\\/2000\\\/svg\\&quot;\\t\\t\\t\\t\\twidth=\\&quot;45px\\&quot;\\t\\t\\t\\t\\theight=\\&quot;45px\\&quot;\\t\\t\\t\\t\\tviewBox=\\&quot;0 0 768 768\\&quot;\\t\\t\\t\\t   &gt;\\t\\t\\t\\t\\t&lt;path d=\\&quot;M274.5 531l147-147-147-147 45-45 192 192-192 192z\\&quot;&gt;&lt;\\\/path&gt;\\t\\t\\t\\t   &lt;\\\/svg&gt;&lt;\\\/span&gt;&lt;\\\/a&gt;&lt;\\\/div&gt;&lt;div class=\\&quot;envirabox-stage\\&quot;&gt;&lt;\\\/div&gt;&lt;\\\/div&gt;&lt;\\\/div&gt;&lt;\\\/div&gt;&quot;,&quot;inner_caption&quot;:true,&quot;load_all&quot;:false,&quot;error_template&quot;:&quot;&lt;div class=\\&quot;envirabox-error\\&quot;&gt;&lt;p&gt;{{ERROR}}&lt;p&gt;&lt;\\\/div&gt;&quot;,&quot;caption_position&quot;:&quot;outside&quot;,&quot;arrow_position&quot;:false,&quot;toolbar&quot;:true,&quot;infobar&quot;:false,&quot;show_smallbtn&quot;:false,&quot;idle_time&quot;:false,&quot;click_content&quot;:false,&quot;click_slide&quot;:false,&quot;click_outside&quot;:false,&quot;animation_duration&quot;:false,&quot;transition_duration&quot;:false,&quot;small_btn_template&quot;:&quot;&lt;a data-envirabox-close class=\\&quot;envirabox-item envirabox-close envirabox-button--close\\&quot; title=\\&quot;Close\\&quot; href=\\&quot;#\\&quot;&gt;&lt;\\\/a&gt;&quot;}' data-parsed-attrs='{\"id\":\"6438\",\"cache\":true}'><div id=\"envira-gallery-item-4551\" class=\"envira-gallery-item envira-gallery-item-1 envira-lazy-load\" style=\"padding-left: 5px; padding-bottom: 10px; padding-right: 5px;\"  itemscope itemtype=\"https:\/\/schema.org\/ImageObject\"><div class=\"envira-gallery-item-inner\"><div class=\"envira-gallery-position-overlay envira-gallery-top-left\"><\/div><div class=\"envira-gallery-position-overlay envira-gallery-top-right\"><\/div><div class=\"envira-gallery-position-overlay envira-gallery-bottom-left\"><\/div><div class=\"envira-gallery-position-overlay envira-gallery-bottom-right\"><\/div><a class=\"envira-gallery-6438 envira-gallery-link\" href=\"https:\/\/www.verein-naturschutzpark.de\/wp-content\/uploads\/heidschnucke-portrait-vnp-stiftung.jpg\" title=\"Portrait of a Heidschnucke | Photo: VNP Stiftung Naturschutzpark L\u00fcneburger Heide\" data-caption=\"Portrait of a Heidschnucke\" data-envira-item-id=\"4551\" data-envira-retina=\"https:\/\/www.verein-naturschutzpark.de\/wp-content\/uploads\/heidschnucke-portrait-vnp-stiftung.jpg\" data-thumb=\"https:\/\/www.verein-naturschutzpark.de\/wp-content\/uploads\/heidschnucke-portrait-vnp-stiftung-75x50_c.jpg\" data-title=\"Portrait of a Heidschnucke | Photo: VNP Stiftung Naturschutzpark L&uuml;neburger Heide\" data-envirabox='6438' itemprop=\"contentUrl\"><div class=\"envira-lazy\" style=\"padding-bottom: 75%;\" data-envira-changed=\"false\" data-width=\"640\" data-height=\"480\"><img decoding=\"async\" src=\"https:\/\/www.verein-naturschutzpark.de\/wp-content\/uploads\/heidschnucke-portrait-vnp-stiftung-640x480_c.jpg\" alt=\"Portrait of a Heidschnucke | Photo: VNP Stiftung Naturschutzpark L&uuml;neburger Heide\" class=\"envira-gallery-image envira-gallery-image-1    envira-lazy\" height=\"480\" id=\"envira-gallery-image-4551\" srcset=\"data:image\/gif;base64,R0lGODlhAQABAIAAAP\/\/\/\/\/\/\/yH5BAEKAAEALAAAAAABAAEAAAICTAEAOw==\" tabindex=\"-1\" title=\"Portrait of a Heidschnucke | Photo: VNP Stiftung Naturschutzpark L\u00fcneburger Heide\" width=\"640\" data-caption=\"Portrait of a Heidschnucke\" data-envira-gallery-id=\"6438\" data-envira-index=\"0\" data-envira-item-id=\"4551\" data-envira-src=\"https:\/\/www.verein-naturschutzpark.de\/wp-content\/uploads\/heidschnucke-portrait-vnp-stiftung-640x480_c.jpg\" data-envira-srcset=\"https:\/\/www.verein-naturschutzpark.de\/wp-content\/uploads\/heidschnucke-portrait-vnp-stiftung-640x480_c.jpg 400w, https:\/\/www.verein-naturschutzpark.de\/wp-content\/uploads\/heidschnucke-portrait-vnp-stiftung-640x480_c.jpg 2x\" data-title=\"Portrait of a Heidschnucke | Photo: VNP Stiftung Naturschutzpark L&uuml;neburger Heide\" itemprop=\"thumbnailUrl\"  data-no-lazy=\"1\"  data-envirabox=\"6438\" \/><\/div><\/a><div class=\"envira-gallery-captioned-data envira-gallery-captioned-data-sleek\"><\/div><\/div><\/div><div id=\"envira-gallery-item-4563\" class=\"envira-gallery-item envira-gallery-item-2 envira-lazy-load\" style=\"padding-left: 5px; padding-bottom: 10px; padding-right: 5px;\"  itemscope itemtype=\"https:\/\/schema.org\/ImageObject\"><div class=\"envira-gallery-item-inner\"><div class=\"envira-gallery-position-overlay envira-gallery-top-left\"><\/div><div class=\"envira-gallery-position-overlay envira-gallery-top-right\"><\/div><div class=\"envira-gallery-position-overlay envira-gallery-bottom-left\"><\/div><div class=\"envira-gallery-position-overlay envira-gallery-bottom-right\"><\/div><a class=\"envira-gallery-6438 envira-gallery-link\" href=\"https:\/\/www.verein-naturschutzpark.de\/wp-content\/uploads\/heidschnuckenherde-in-der-bluehenden-heide-mit-schafstall-vnp-stiftung-1.jpg\" title=\"Heidschnucken flock in flowering heather in front of sheep shed | Photo: VNP Stiftung Naturschutzpark L\u00fcneburger Heide\" data-caption=\"Heidschnucken flock in flowering heather in front of sheep shed\" data-envira-item-id=\"4563\" data-envira-retina=\"https:\/\/www.verein-naturschutzpark.de\/wp-content\/uploads\/heidschnuckenherde-in-der-bluehenden-heide-mit-schafstall-vnp-stiftung-1.jpg\" data-thumb=\"https:\/\/www.verein-naturschutzpark.de\/wp-content\/uploads\/heidschnuckenherde-in-der-bluehenden-heide-mit-schafstall-vnp-stiftung-1-75x50_c.jpg\" data-title=\"Heidschnucken flock in flowering heather in front of sheep shed | Photo: VNP Stiftung Naturschutzpark L&uuml;neburger Heide\" data-envirabox='6438' itemprop=\"contentUrl\"><div class=\"envira-lazy\" style=\"padding-bottom: 75%;\" data-envira-changed=\"false\" data-width=\"640\" data-height=\"480\"><img decoding=\"async\" src=\"https:\/\/www.verein-naturschutzpark.de\/wp-content\/uploads\/heidschnuckenherde-in-der-bluehenden-heide-mit-schafstall-vnp-stiftung-1-640x480_c.jpg\" alt=\"Heidschnucken flock in flowering heather in front of sheep shed | Photo: VNP Stiftung Naturschutzpark L&uuml;neburger Heide\" class=\"envira-gallery-image envira-gallery-image-2    envira-lazy\" height=\"480\" id=\"envira-gallery-image-4563\" srcset=\"data:image\/gif;base64,R0lGODlhAQABAIAAAP\/\/\/\/\/\/\/yH5BAEKAAEALAAAAAABAAEAAAICTAEAOw==\" tabindex=\"-1\" title=\"Heidschnucken flock in flowering heather in front of sheep shed | Photo: VNP Stiftung Naturschutzpark L\u00fcneburger Heide\" width=\"640\" data-caption=\"Heidschnucken flock in flowering heather in front of sheep shed\" data-envira-gallery-id=\"6438\" data-envira-index=\"1\" data-envira-item-id=\"4563\" data-envira-src=\"https:\/\/www.verein-naturschutzpark.de\/wp-content\/uploads\/heidschnuckenherde-in-der-bluehenden-heide-mit-schafstall-vnp-stiftung-1-640x480_c.jpg\" data-envira-srcset=\"https:\/\/www.verein-naturschutzpark.de\/wp-content\/uploads\/heidschnuckenherde-in-der-bluehenden-heide-mit-schafstall-vnp-stiftung-1-640x480_c.jpg 400w, https:\/\/www.verein-naturschutzpark.de\/wp-content\/uploads\/heidschnuckenherde-in-der-bluehenden-heide-mit-schafstall-vnp-stiftung-1-640x480_c.jpg 2x\" data-title=\"Heidschnucken flock in flowering heather in front of sheep shed | Photo: VNP Stiftung Naturschutzpark L&uuml;neburger Heide\" itemprop=\"thumbnailUrl\"  data-no-lazy=\"1\"  data-envirabox=\"6438\" \/><\/div><\/a><div class=\"envira-gallery-captioned-data envira-gallery-captioned-data-sleek\"><\/div><\/div><\/div><div id=\"envira-gallery-item-5915\" class=\"envira-gallery-item envira-gallery-item-3 envira-lazy-load\" style=\"padding-left: 5px; padding-bottom: 10px; padding-right: 5px;\"  itemscope itemtype=\"https:\/\/schema.org\/ImageObject\"><div class=\"envira-gallery-item-inner\"><div class=\"envira-gallery-position-overlay envira-gallery-top-left\"><\/div><div class=\"envira-gallery-position-overlay envira-gallery-top-right\"><\/div><div class=\"envira-gallery-position-overlay envira-gallery-bottom-left\"><\/div><div class=\"envira-gallery-position-overlay envira-gallery-bottom-right\"><\/div><a class=\"envira-gallery-6438 envira-gallery-link\" href=\"https:\/\/www.verein-naturschutzpark.de\/wp-content\/uploads\/heidschnuckenherde-grasend-zur-heidebluete-vnp-stiftung-gr.jpg\" title=\"A flock of Heidschnucken is grazing the the flowering heath\" data-caption=\"A flock of Heidschnucken is grazing the the flowering heath\" data-envira-item-id=\"5915\" data-envira-retina=\"https:\/\/www.verein-naturschutzpark.de\/wp-content\/uploads\/heidschnuckenherde-grasend-zur-heidebluete-vnp-stiftung-gr.jpg\" data-thumb=\"https:\/\/www.verein-naturschutzpark.de\/wp-content\/uploads\/heidschnuckenherde-grasend-zur-heidebluete-vnp-stiftung-gr-75x50_c.jpg\" data-title=\"A flock of Heidschnucken is grazing the the flowering heath\" data-envirabox='6438' itemprop=\"contentUrl\"><div class=\"envira-lazy\" style=\"padding-bottom: 75%;\" data-envira-changed=\"false\" data-width=\"640\" data-height=\"480\"><img decoding=\"async\" src=\"https:\/\/www.verein-naturschutzpark.de\/wp-content\/uploads\/heidschnuckenherde-grasend-zur-heidebluete-vnp-stiftung-gr-640x480_c.jpg\" alt=\"A flock of Heidschnucken is grazing the the flowering heath | VNP Verein Naturschutzpark\" class=\"envira-gallery-image envira-gallery-image-3    envira-lazy\" height=\"480\" id=\"envira-gallery-image-5915\" srcset=\"data:image\/gif;base64,R0lGODlhAQABAIAAAP\/\/\/\/\/\/\/yH5BAEKAAEALAAAAAABAAEAAAICTAEAOw==\" tabindex=\"-1\" title=\"A flock of Heidschnucken is grazing the the flowering heath\" width=\"640\" data-caption=\"A flock of Heidschnucken is grazing the the flowering heath\" data-envira-gallery-id=\"6438\" data-envira-index=\"2\" data-envira-item-id=\"5915\" data-envira-src=\"https:\/\/www.verein-naturschutzpark.de\/wp-content\/uploads\/heidschnuckenherde-grasend-zur-heidebluete-vnp-stiftung-gr-640x480_c.jpg\" data-envira-srcset=\"https:\/\/www.verein-naturschutzpark.de\/wp-content\/uploads\/heidschnuckenherde-grasend-zur-heidebluete-vnp-stiftung-gr-640x480_c.jpg 400w, https:\/\/www.verein-naturschutzpark.de\/wp-content\/uploads\/heidschnuckenherde-grasend-zur-heidebluete-vnp-stiftung-gr-640x480_c.jpg 2x\" data-title=\"A flock of Heidschnucken is grazing the the flowering heath\" itemprop=\"thumbnailUrl\"  data-no-lazy=\"1\"  data-envirabox=\"6438\" \/><\/div><\/a><div class=\"envira-gallery-captioned-data envira-gallery-captioned-data-sleek\"><\/div><\/div><\/div><div id=\"envira-gallery-item-1431\" class=\"envira-gallery-item envira-gallery-item-4 envira-lazy-load\" style=\"padding-left: 5px; padding-bottom: 10px; padding-right: 5px;\"  itemscope itemtype=\"https:\/\/schema.org\/ImageObject\"><div class=\"envira-gallery-item-inner\"><div class=\"envira-gallery-position-overlay envira-gallery-top-left\"><\/div><div class=\"envira-gallery-position-overlay envira-gallery-top-right\"><\/div><div class=\"envira-gallery-position-overlay envira-gallery-bottom-left\"><\/div><div class=\"envira-gallery-position-overlay envira-gallery-bottom-right\"><\/div><a class=\"envira-gallery-6438 envira-gallery-link\" href=\"https:\/\/www.verein-naturschutzpark.de\/wp-content\/uploads\/heidschnuckenherde-in-der-bluehenden-heide.jpg\" title=\"Flock of Heidschnucken in the blooming heather | VNP Stiftung\" data-caption=\"Flock of Heidschnucken in the blooming heather\" data-envira-item-id=\"1431\" data-envira-retina=\"https:\/\/www.verein-naturschutzpark.de\/wp-content\/uploads\/heidschnuckenherde-in-der-bluehenden-heide.jpg\" data-thumb=\"https:\/\/www.verein-naturschutzpark.de\/wp-content\/uploads\/heidschnuckenherde-in-der-bluehenden-heide-75x50_c.jpg\" data-title=\"Flock of Heidschnucken in the blooming heather | VNP Stiftung\" data-envirabox='6438' itemprop=\"contentUrl\"><div class=\"envira-lazy\" style=\"padding-bottom: 75%;\" data-envira-changed=\"false\" data-width=\"640\" data-height=\"480\"><img decoding=\"async\" src=\"https:\/\/www.verein-naturschutzpark.de\/wp-content\/uploads\/heidschnuckenherde-in-der-bluehenden-heide-640x480_c.jpg\" alt=\"Flock of Heidschnucken in the blooming heather | VNP Stiftung\" class=\"envira-gallery-image envira-gallery-image-4    envira-lazy\" height=\"480\" id=\"envira-gallery-image-1431\" srcset=\"data:image\/gif;base64,R0lGODlhAQABAIAAAP\/\/\/\/\/\/\/yH5BAEKAAEALAAAAAABAAEAAAICTAEAOw==\" tabindex=\"-1\" title=\"Flock of Heidschnucken in the blooming heather | VNP Stiftung\" width=\"640\" data-caption=\"Flock of Heidschnucken in the blooming heather\" data-envira-gallery-id=\"6438\" data-envira-index=\"3\" data-envira-item-id=\"1431\" data-envira-src=\"https:\/\/www.verein-naturschutzpark.de\/wp-content\/uploads\/heidschnuckenherde-in-der-bluehenden-heide-640x480_c.jpg\" data-envira-srcset=\"https:\/\/www.verein-naturschutzpark.de\/wp-content\/uploads\/heidschnuckenherde-in-der-bluehenden-heide-640x480_c.jpg 400w, https:\/\/www.verein-naturschutzpark.de\/wp-content\/uploads\/heidschnuckenherde-in-der-bluehenden-heide-640x480_c.jpg 2x\" data-title=\"Flock of Heidschnucken in the blooming heather | VNP Stiftung\" itemprop=\"thumbnailUrl\"  data-no-lazy=\"1\"  data-envirabox=\"6438\" \/><\/div><\/a><div class=\"envira-gallery-captioned-data envira-gallery-captioned-data-sleek\"><\/div><\/div><\/div><div id=\"envira-gallery-item-1987\" class=\"envira-gallery-item envira-gallery-item-5 envira-lazy-load\" style=\"padding-left: 5px; padding-bottom: 10px; padding-right: 5px;\"  itemscope itemtype=\"https:\/\/schema.org\/ImageObject\"><div class=\"envira-gallery-item-inner\"><div class=\"envira-gallery-position-overlay envira-gallery-top-left\"><\/div><div class=\"envira-gallery-position-overlay envira-gallery-top-right\"><\/div><div class=\"envira-gallery-position-overlay envira-gallery-bottom-left\"><\/div><div class=\"envira-gallery-position-overlay envira-gallery-bottom-right\"><\/div><a class=\"envira-gallery-6438 envira-gallery-link\" href=\"https:\/\/www.verein-naturschutzpark.de\/wp-content\/uploads\/heidschuckenherde-hof-tuetsberg-foto-burmester.jpg\" title=\"Heidschnucken flock of Hof T\u00fctsberg | Photo: Christian Burmester\" data-caption=\"Heidschnucken flock of Hof T&uuml;tsberg | Photo: Christian Burmester\" data-envira-item-id=\"1987\" data-envira-retina=\"https:\/\/www.verein-naturschutzpark.de\/wp-content\/uploads\/heidschuckenherde-hof-tuetsberg-foto-burmester.jpg\" data-thumb=\"https:\/\/www.verein-naturschutzpark.de\/wp-content\/uploads\/heidschuckenherde-hof-tuetsberg-foto-burmester-75x50_c.jpg\" data-title=\"Heidschnucken flock of Hof T&uuml;tsberg | Photo: Christian Burmester\" data-envirabox='6438' itemprop=\"contentUrl\"><div class=\"envira-lazy\" style=\"padding-bottom: 75%;\" data-envira-changed=\"false\" data-width=\"640\" data-height=\"480\"><img decoding=\"async\" src=\"https:\/\/www.verein-naturschutzpark.de\/wp-content\/uploads\/heidschuckenherde-hof-tuetsberg-foto-burmester-640x480_c.jpg\" alt=\"Heidschnucken flock of Hof T&uuml;tsberg | Photo: Christian Burmester\" class=\"envira-gallery-image envira-gallery-image-5    envira-lazy\" height=\"480\" id=\"envira-gallery-image-1987\" srcset=\"data:image\/gif;base64,R0lGODlhAQABAIAAAP\/\/\/\/\/\/\/yH5BAEKAAEALAAAAAABAAEAAAICTAEAOw==\" tabindex=\"-1\" title=\"Heidschnucken flock of Hof T\u00fctsberg | Photo: Christian Burmester\" width=\"640\" data-caption=\"Heidschnucken flock of Hof T&uuml;tsberg | Photo: Christian Burmester\" data-envira-gallery-id=\"6438\" data-envira-index=\"4\" data-envira-item-id=\"1987\" data-envira-src=\"https:\/\/www.verein-naturschutzpark.de\/wp-content\/uploads\/heidschuckenherde-hof-tuetsberg-foto-burmester-640x480_c.jpg\" data-envira-srcset=\"https:\/\/www.verein-naturschutzpark.de\/wp-content\/uploads\/heidschuckenherde-hof-tuetsberg-foto-burmester-640x480_c.jpg 400w, https:\/\/www.verein-naturschutzpark.de\/wp-content\/uploads\/heidschuckenherde-hof-tuetsberg-foto-burmester-640x480_c.jpg 2x\" data-title=\"Heidschnucken flock of Hof T&uuml;tsberg | Photo: Christian Burmester\" itemprop=\"thumbnailUrl\"  data-no-lazy=\"1\"  data-envirabox=\"6438\" \/><\/div><\/a><div class=\"envira-gallery-captioned-data envira-gallery-captioned-data-sleek\"><\/div><\/div><\/div><div id=\"envira-gallery-item-4371\" class=\"envira-gallery-item envira-gallery-item-6 envira-lazy-load\" style=\"padding-left: 5px; padding-bottom: 10px; padding-right: 5px;\"  itemscope itemtype=\"https:\/\/schema.org\/ImageObject\"><div class=\"envira-gallery-item-inner\"><div class=\"envira-gallery-position-overlay envira-gallery-top-left\"><\/div><div class=\"envira-gallery-position-overlay envira-gallery-top-right\"><\/div><div class=\"envira-gallery-position-overlay envira-gallery-bottom-left\"><\/div><div class=\"envira-gallery-position-overlay envira-gallery-bottom-right\"><\/div><a class=\"envira-gallery-6438 envira-gallery-link\" href=\"https:\/\/www.verein-naturschutzpark.de\/wp-content\/uploads\/grasende-heidschnucken-vnp-stiftung-foto-burmester.jpg\" title=\"Grazing Heidschnucken | Photo: Christian Burmester\" data-caption=\"Grazing Heidschnucken | Photo: Christian Burmester\" data-envira-item-id=\"4371\" data-envira-retina=\"https:\/\/www.verein-naturschutzpark.de\/wp-content\/uploads\/grasende-heidschnucken-vnp-stiftung-foto-burmester.jpg\" data-thumb=\"https:\/\/www.verein-naturschutzpark.de\/wp-content\/uploads\/grasende-heidschnucken-vnp-stiftung-foto-burmester-75x50_c.jpg\" data-title=\"Grazing Heidschnucken | Photo: Christian Burmester\" data-envirabox='6438' itemprop=\"contentUrl\"><div class=\"envira-lazy\" style=\"padding-bottom: 75%;\" data-envira-changed=\"false\" data-width=\"640\" data-height=\"480\"><img decoding=\"async\" src=\"https:\/\/www.verein-naturschutzpark.de\/wp-content\/uploads\/grasende-heidschnucken-vnp-stiftung-foto-burmester-640x480_c.jpg\" alt=\"Grazing Heidschnucken | Photo: Christian Burmester\" class=\"envira-gallery-image envira-gallery-image-6    envira-lazy\" height=\"480\" id=\"envira-gallery-image-4371\" srcset=\"data:image\/gif;base64,R0lGODlhAQABAIAAAP\/\/\/\/\/\/\/yH5BAEKAAEALAAAAAABAAEAAAICTAEAOw==\" tabindex=\"-1\" title=\"Grazing Heidschnucken | Photo: Christian Burmester\" width=\"640\" data-caption=\"Grazing Heidschnucken | Photo: Christian Burmester\" data-envira-gallery-id=\"6438\" data-envira-index=\"5\" data-envira-item-id=\"4371\" data-envira-src=\"https:\/\/www.verein-naturschutzpark.de\/wp-content\/uploads\/grasende-heidschnucken-vnp-stiftung-foto-burmester-640x480_c.jpg\" data-envira-srcset=\"https:\/\/www.verein-naturschutzpark.de\/wp-content\/uploads\/grasende-heidschnucken-vnp-stiftung-foto-burmester-640x480_c.jpg 400w, https:\/\/www.verein-naturschutzpark.de\/wp-content\/uploads\/grasende-heidschnucken-vnp-stiftung-foto-burmester-640x480_c.jpg 2x\" data-title=\"Grazing Heidschnucken | Photo: Christian Burmester\" itemprop=\"thumbnailUrl\"  data-no-lazy=\"1\"  data-envirabox=\"6438\" \/><\/div><\/a><div class=\"envira-gallery-captioned-data envira-gallery-captioned-data-sleek\"><\/div><\/div><\/div><div id=\"envira-gallery-item-5057\" class=\"envira-gallery-item envira-gallery-item-7 envira-lazy-load\" style=\"padding-left: 5px; padding-bottom: 10px; padding-right: 5px;\"  itemscope itemtype=\"https:\/\/schema.org\/ImageObject\"><div class=\"envira-gallery-item-inner\"><div class=\"envira-gallery-position-overlay envira-gallery-top-left\"><\/div><div class=\"envira-gallery-position-overlay envira-gallery-top-right\"><\/div><div class=\"envira-gallery-position-overlay envira-gallery-bottom-left\"><\/div><div class=\"envira-gallery-position-overlay envira-gallery-bottom-right\"><\/div><a class=\"envira-gallery-6438 envira-gallery-link\" href=\"https:\/\/www.verein-naturschutzpark.de\/wp-content\/uploads\/heidschnucken-vnp-stiftung-naturschutzpark-foto-burmester-1.jpg\" title=\"Heidschnucken | Photo: Christian Burmester\" data-caption=\"Heischnucken | Photo: Christian Burmester\" data-envira-item-id=\"5057\" data-envira-retina=\"https:\/\/www.verein-naturschutzpark.de\/wp-content\/uploads\/heidschnucken-vnp-stiftung-naturschutzpark-foto-burmester-1.jpg\" data-thumb=\"https:\/\/www.verein-naturschutzpark.de\/wp-content\/uploads\/heidschnucken-vnp-stiftung-naturschutzpark-foto-burmester-1-75x50_c.jpg\" data-title=\"Heidschnucken | Photo: Christian Burmester\" data-envirabox='6438' itemprop=\"contentUrl\"><div class=\"envira-lazy\" style=\"padding-bottom: 75%;\" data-envira-changed=\"false\" data-width=\"640\" data-height=\"480\"><img decoding=\"async\" src=\"https:\/\/www.verein-naturschutzpark.de\/wp-content\/uploads\/heidschnucken-vnp-stiftung-naturschutzpark-foto-burmester-1-640x480_c.jpg\" alt=\"Heidschnucken | Photo: Christian Burmester\" class=\"envira-gallery-image envira-gallery-image-7    envira-lazy\" height=\"480\" id=\"envira-gallery-image-5057\" srcset=\"data:image\/gif;base64,R0lGODlhAQABAIAAAP\/\/\/\/\/\/\/yH5BAEKAAEALAAAAAABAAEAAAICTAEAOw==\" tabindex=\"-1\" title=\"Heidschnucken | Photo: Christian Burmester\" width=\"640\" data-caption=\"Heischnucken | Photo: Christian Burmester\" data-envira-gallery-id=\"6438\" data-envira-index=\"6\" data-envira-item-id=\"5057\" data-envira-src=\"https:\/\/www.verein-naturschutzpark.de\/wp-content\/uploads\/heidschnucken-vnp-stiftung-naturschutzpark-foto-burmester-1-640x480_c.jpg\" data-envira-srcset=\"https:\/\/www.verein-naturschutzpark.de\/wp-content\/uploads\/heidschnucken-vnp-stiftung-naturschutzpark-foto-burmester-1-640x480_c.jpg 400w, https:\/\/www.verein-naturschutzpark.de\/wp-content\/uploads\/heidschnucken-vnp-stiftung-naturschutzpark-foto-burmester-1-640x480_c.jpg 2x\" data-title=\"Heidschnucken | Photo: Christian Burmester\" itemprop=\"thumbnailUrl\"  data-no-lazy=\"1\"  data-envirabox=\"6438\" \/><\/div><\/a><div class=\"envira-gallery-captioned-data envira-gallery-captioned-data-sleek\"><\/div><\/div><\/div><div id=\"envira-gallery-item-4557\" class=\"envira-gallery-item envira-gallery-item-8 envira-lazy-load\" style=\"padding-left: 5px; padding-bottom: 10px; padding-right: 5px;\"  itemscope itemtype=\"https:\/\/schema.org\/ImageObject\"><div class=\"envira-gallery-item-inner\"><div class=\"envira-gallery-position-overlay envira-gallery-top-left\"><\/div><div class=\"envira-gallery-position-overlay envira-gallery-top-right\"><\/div><div class=\"envira-gallery-position-overlay envira-gallery-bottom-left\"><\/div><div class=\"envira-gallery-position-overlay envira-gallery-bottom-right\"><\/div><a class=\"envira-gallery-6438 envira-gallery-link\" href=\"https:\/\/www.verein-naturschutzpark.de\/wp-content\/uploads\/grasende-heidschnuckenherde-vnp-stiftung.jpg\" title=\"Grazing Heidchnucken flock | Photo: VNP Stiftung Naturschutzpark L\u00fcneburger Heide\" data-caption=\"Grazing Heidchnucken flock\" data-envira-item-id=\"4557\" data-envira-retina=\"https:\/\/www.verein-naturschutzpark.de\/wp-content\/uploads\/grasende-heidschnuckenherde-vnp-stiftung.jpg\" data-thumb=\"https:\/\/www.verein-naturschutzpark.de\/wp-content\/uploads\/grasende-heidschnuckenherde-vnp-stiftung-75x50_c.jpg\" data-title=\"Grazing Heidchnucken flock | Photo: VNP Stiftung Naturschutzpark L&uuml;neburger Heide\" data-envirabox='6438' itemprop=\"contentUrl\"><div class=\"envira-lazy\" style=\"padding-bottom: 75%;\" data-envira-changed=\"false\" data-width=\"640\" data-height=\"480\"><img decoding=\"async\" src=\"https:\/\/www.verein-naturschutzpark.de\/wp-content\/uploads\/grasende-heidschnuckenherde-vnp-stiftung-640x480_c.jpg\" alt=\"Grazing Heidchnucken flock | Photo: VNP Stiftung Naturschutzpark L&uuml;neburger Heide\" class=\"envira-gallery-image envira-gallery-image-8    envira-lazy\" height=\"480\" id=\"envira-gallery-image-4557\" srcset=\"data:image\/gif;base64,R0lGODlhAQABAIAAAP\/\/\/\/\/\/\/yH5BAEKAAEALAAAAAABAAEAAAICTAEAOw==\" tabindex=\"-1\" title=\"Grazing Heidchnucken flock | Photo: VNP Stiftung Naturschutzpark L\u00fcneburger Heide\" width=\"640\" data-caption=\"Grazing Heidchnucken flock\" data-envira-gallery-id=\"6438\" data-envira-index=\"7\" data-envira-item-id=\"4557\" data-envira-src=\"https:\/\/www.verein-naturschutzpark.de\/wp-content\/uploads\/grasende-heidschnuckenherde-vnp-stiftung-640x480_c.jpg\" data-envira-srcset=\"https:\/\/www.verein-naturschutzpark.de\/wp-content\/uploads\/grasende-heidschnuckenherde-vnp-stiftung-640x480_c.jpg 400w, https:\/\/www.verein-naturschutzpark.de\/wp-content\/uploads\/grasende-heidschnuckenherde-vnp-stiftung-640x480_c.jpg 2x\" data-title=\"Grazing Heidchnucken flock | Photo: VNP Stiftung Naturschutzpark L&uuml;neburger Heide\" itemprop=\"thumbnailUrl\"  data-no-lazy=\"1\"  data-envirabox=\"6438\" \/><\/div><\/a><div class=\"envira-gallery-captioned-data envira-gallery-captioned-data-sleek\"><\/div><\/div><\/div><div id=\"envira-gallery-item-4367\" class=\"envira-gallery-item envira-gallery-item-9 envira-lazy-load\" style=\"padding-left: 5px; padding-bottom: 10px; padding-right: 5px;\"  itemscope itemtype=\"https:\/\/schema.org\/ImageObject\"><div class=\"envira-gallery-item-inner\"><div class=\"envira-gallery-position-overlay envira-gallery-top-left\"><\/div><div class=\"envira-gallery-position-overlay envira-gallery-top-right\"><\/div><div class=\"envira-gallery-position-overlay envira-gallery-bottom-left\"><\/div><div class=\"envira-gallery-position-overlay envira-gallery-bottom-right\"><\/div><a class=\"envira-gallery-6438 envira-gallery-link\" href=\"https:\/\/www.verein-naturschutzpark.de\/wp-content\/uploads\/heidschnucken-und-ziegen-grasen-eintraechtig-nebeneinander-vnp-stiftung-foto-burmester-1.jpg\" title=\"Heidschnucken and goats grazing side by side in harmony | Photo: Christian Burmester\" data-caption=\"Heidschnucken and goats grazing side by side | Photo: Christian Burmester\" data-envira-item-id=\"4367\" data-envira-retina=\"https:\/\/www.verein-naturschutzpark.de\/wp-content\/uploads\/heidschnucken-und-ziegen-grasen-eintraechtig-nebeneinander-vnp-stiftung-foto-burmester-1.jpg\" data-thumb=\"https:\/\/www.verein-naturschutzpark.de\/wp-content\/uploads\/heidschnucken-und-ziegen-grasen-eintraechtig-nebeneinander-vnp-stiftung-foto-burmester-1-75x50_c.jpg\" data-title=\"Heidschnucken and goats grazing side by side in harmony | Photo: Christian Burmester\" data-envirabox='6438' itemprop=\"contentUrl\"><div class=\"envira-lazy\" style=\"padding-bottom: 75%;\" data-envira-changed=\"false\" data-width=\"640\" data-height=\"480\"><img decoding=\"async\" src=\"https:\/\/www.verein-naturschutzpark.de\/wp-content\/uploads\/heidschnucken-und-ziegen-grasen-eintraechtig-nebeneinander-vnp-stiftung-foto-burmester-1-640x480_c.jpg\" alt=\"Heidschnucken and goats grazing side by side in harmony | Photo: Christian Burmester\" class=\"envira-gallery-image envira-gallery-image-9    envira-lazy\" height=\"480\" id=\"envira-gallery-image-4367\" srcset=\"data:image\/gif;base64,R0lGODlhAQABAIAAAP\/\/\/\/\/\/\/yH5BAEKAAEALAAAAAABAAEAAAICTAEAOw==\" tabindex=\"-1\" title=\"Heidschnucken and goats grazing side by side in harmony | Photo: Christian Burmester\" width=\"640\" data-caption=\"Heidschnucken and goats grazing side by side | Photo: Christian Burmester\" data-envira-gallery-id=\"6438\" data-envira-index=\"8\" data-envira-item-id=\"4367\" data-envira-src=\"https:\/\/www.verein-naturschutzpark.de\/wp-content\/uploads\/heidschnucken-und-ziegen-grasen-eintraechtig-nebeneinander-vnp-stiftung-foto-burmester-1-640x480_c.jpg\" data-envira-srcset=\"https:\/\/www.verein-naturschutzpark.de\/wp-content\/uploads\/heidschnucken-und-ziegen-grasen-eintraechtig-nebeneinander-vnp-stiftung-foto-burmester-1-640x480_c.jpg 400w, https:\/\/www.verein-naturschutzpark.de\/wp-content\/uploads\/heidschnucken-und-ziegen-grasen-eintraechtig-nebeneinander-vnp-stiftung-foto-burmester-1-640x480_c.jpg 2x\" data-title=\"Heidschnucken and goats grazing side by side in harmony | Photo: Christian Burmester\" itemprop=\"thumbnailUrl\"  data-no-lazy=\"1\"  data-envirabox=\"6438\" \/><\/div><\/a><div class=\"envira-gallery-captioned-data envira-gallery-captioned-data-sleek\"><\/div><\/div><\/div><div id=\"envira-gallery-item-4559\" class=\"envira-gallery-item envira-gallery-item-10 envira-lazy-load\" style=\"padding-left: 5px; padding-bottom: 10px; padding-right: 5px;\"  itemscope itemtype=\"https:\/\/schema.org\/ImageObject\"><div class=\"envira-gallery-item-inner\"><div class=\"envira-gallery-position-overlay envira-gallery-top-left\"><\/div><div class=\"envira-gallery-position-overlay envira-gallery-top-right\"><\/div><div class=\"envira-gallery-position-overlay envira-gallery-bottom-left\"><\/div><div class=\"envira-gallery-position-overlay envira-gallery-bottom-right\"><\/div><a class=\"envira-gallery-6438 envira-gallery-link\" href=\"https:\/\/www.verein-naturschutzpark.de\/wp-content\/uploads\/heidegeissen-ziegen-fuer-den-gehoelzverbiss-vnp-stiftung.jpg\" title=\"Heath goats for grove browsing | Photo: VNP Stiftung Naturschutzpark L\u00fcneburger Heide\" data-caption=\"Heath goats for grove browsing\" data-envira-item-id=\"4559\" data-envira-retina=\"https:\/\/www.verein-naturschutzpark.de\/wp-content\/uploads\/heidegeissen-ziegen-fuer-den-gehoelzverbiss-vnp-stiftung.jpg\" data-thumb=\"https:\/\/www.verein-naturschutzpark.de\/wp-content\/uploads\/heidegeissen-ziegen-fuer-den-gehoelzverbiss-vnp-stiftung-75x50_c.jpg\" data-title=\"Heath goats for grove browsing | Photo: VNP Stiftung Naturschutzpark L&uuml;neburger Heide\" data-envirabox='6438' itemprop=\"contentUrl\"><div class=\"envira-lazy\" style=\"padding-bottom: 75%;\" data-envira-changed=\"false\" data-width=\"640\" data-height=\"480\"><img decoding=\"async\" src=\"https:\/\/www.verein-naturschutzpark.de\/wp-content\/uploads\/heidegeissen-ziegen-fuer-den-gehoelzverbiss-vnp-stiftung-640x480_c.jpg\" alt=\"Heath goats for grove browsing | Photo: VNP Stiftung Naturschutzpark L&uuml;neburger Heide\" class=\"envira-gallery-image envira-gallery-image-10    envira-lazy\" height=\"480\" id=\"envira-gallery-image-4559\" srcset=\"data:image\/gif;base64,R0lGODlhAQABAIAAAP\/\/\/\/\/\/\/yH5BAEKAAEALAAAAAABAAEAAAICTAEAOw==\" tabindex=\"-1\" title=\"Heath goats for grove browsing | Photo: VNP Stiftung Naturschutzpark L\u00fcneburger Heide\" width=\"640\" data-caption=\"Heath goats for grove browsing\" data-envira-gallery-id=\"6438\" data-envira-index=\"9\" data-envira-item-id=\"4559\" data-envira-src=\"https:\/\/www.verein-naturschutzpark.de\/wp-content\/uploads\/heidegeissen-ziegen-fuer-den-gehoelzverbiss-vnp-stiftung-640x480_c.jpg\" data-envira-srcset=\"https:\/\/www.verein-naturschutzpark.de\/wp-content\/uploads\/heidegeissen-ziegen-fuer-den-gehoelzverbiss-vnp-stiftung-640x480_c.jpg 400w, https:\/\/www.verein-naturschutzpark.de\/wp-content\/uploads\/heidegeissen-ziegen-fuer-den-gehoelzverbiss-vnp-stiftung-640x480_c.jpg 2x\" data-title=\"Heath goats for grove browsing | Photo: VNP Stiftung Naturschutzpark L&uuml;neburger Heide\" itemprop=\"thumbnailUrl\"  data-no-lazy=\"1\"  data-envirabox=\"6438\" \/><\/div><\/a><div class=\"envira-gallery-captioned-data envira-gallery-captioned-data-sleek\"><\/div><\/div><\/div><div id=\"envira-gallery-item-4545\" class=\"envira-gallery-item envira-gallery-item-11 envira-lazy-load\" style=\"padding-left: 5px; padding-bottom: 10px; padding-right: 5px;\"  itemscope itemtype=\"https:\/\/schema.org\/ImageObject\"><div class=\"envira-gallery-item-inner\"><div class=\"envira-gallery-position-overlay envira-gallery-top-left\"><\/div><div class=\"envira-gallery-position-overlay envira-gallery-top-right\"><\/div><div class=\"envira-gallery-position-overlay envira-gallery-bottom-left\"><\/div><div class=\"envira-gallery-position-overlay envira-gallery-bottom-right\"><\/div><a class=\"envira-gallery-6438 envira-gallery-link\" href=\"https:\/\/www.verein-naturschutzpark.de\/wp-content\/uploads\/heidschnuckenlaemmer-im-schafstall-vnp-stiftung.jpg\" title=\"Heidschnucken lambs in the sheep shed | Photo: VNP Stiftung Naturschutzpark L\u00fcneburger Heide\" data-caption=\"Heidschnucken lambs in the sheep shed\" data-envira-item-id=\"4545\" data-envira-retina=\"https:\/\/www.verein-naturschutzpark.de\/wp-content\/uploads\/heidschnuckenlaemmer-im-schafstall-vnp-stiftung.jpg\" data-thumb=\"https:\/\/www.verein-naturschutzpark.de\/wp-content\/uploads\/heidschnuckenlaemmer-im-schafstall-vnp-stiftung-75x50_c.jpg\" data-title=\"Heidschnucken lambs in the sheep shed | Photo: VNP Stiftung Naturschutzpark L&uuml;neburger Heide\" data-envirabox='6438' itemprop=\"contentUrl\"><div class=\"envira-lazy\" style=\"padding-bottom: 75%;\" data-envira-changed=\"false\" data-width=\"640\" data-height=\"480\"><img decoding=\"async\" src=\"https:\/\/www.verein-naturschutzpark.de\/wp-content\/uploads\/heidschnuckenlaemmer-im-schafstall-vnp-stiftung-640x480_c.jpg\" alt=\"Heidschnucken lambs in the sheep shed | Photo: VNP Stiftung Naturschutzpark L&uuml;neburger Heide\" class=\"envira-gallery-image envira-gallery-image-11    envira-lazy\" height=\"480\" id=\"envira-gallery-image-4545\" srcset=\"data:image\/gif;base64,R0lGODlhAQABAIAAAP\/\/\/\/\/\/\/yH5BAEKAAEALAAAAAABAAEAAAICTAEAOw==\" tabindex=\"-1\" title=\"Heidschnucken lambs in the sheep shed | Photo: VNP Stiftung Naturschutzpark L\u00fcneburger Heide\" width=\"640\" data-caption=\"Heidschnucken lambs in the sheep shed\" data-envira-gallery-id=\"6438\" data-envira-index=\"10\" data-envira-item-id=\"4545\" data-envira-src=\"https:\/\/www.verein-naturschutzpark.de\/wp-content\/uploads\/heidschnuckenlaemmer-im-schafstall-vnp-stiftung-640x480_c.jpg\" data-envira-srcset=\"https:\/\/www.verein-naturschutzpark.de\/wp-content\/uploads\/heidschnuckenlaemmer-im-schafstall-vnp-stiftung-640x480_c.jpg 400w, https:\/\/www.verein-naturschutzpark.de\/wp-content\/uploads\/heidschnuckenlaemmer-im-schafstall-vnp-stiftung-640x480_c.jpg 2x\" data-title=\"Heidschnucken lambs in the sheep shed | Photo: VNP Stiftung Naturschutzpark L&uuml;neburger Heide\" itemprop=\"thumbnailUrl\"  data-no-lazy=\"1\"  data-envirabox=\"6438\" \/><\/div><\/a><div class=\"envira-gallery-captioned-data envira-gallery-captioned-data-sleek\"><\/div><\/div><\/div><div id=\"envira-gallery-item-4567\" class=\"envira-gallery-item envira-gallery-item-12 envira-lazy-load\" style=\"padding-left: 5px; padding-bottom: 10px; padding-right: 5px;\"  itemscope itemtype=\"https:\/\/schema.org\/ImageObject\"><div class=\"envira-gallery-item-inner\"><div class=\"envira-gallery-position-overlay envira-gallery-top-left\"><\/div><div class=\"envira-gallery-position-overlay envira-gallery-top-right\"><\/div><div class=\"envira-gallery-position-overlay envira-gallery-bottom-left\"><\/div><div class=\"envira-gallery-position-overlay envira-gallery-bottom-right\"><\/div><a class=\"envira-gallery-6438 envira-gallery-link\" href=\"https:\/\/www.verein-naturschutzpark.de\/wp-content\/uploads\/schaefer-uwe-storm-herde-tuetsberg-mit-heidschnuckenlaemmern-im-stall-vnp-stiftung-2.jpg\" title=\"Heidschnucken lambs with shepherd Uwe Storm (Herd T\u00fctsberg) in the sheep shed | Photo: VNP Stiftung Naturschutzpark L\u00fcneburger Heide\" data-caption=\"Heidschnucken lambs with shepherd Uwe Storm (Herd T&uuml;tsberg) in the sheep shed\" data-envira-item-id=\"4567\" data-envira-retina=\"https:\/\/www.verein-naturschutzpark.de\/wp-content\/uploads\/schaefer-uwe-storm-herde-tuetsberg-mit-heidschnuckenlaemmern-im-stall-vnp-stiftung-2.jpg\" data-thumb=\"https:\/\/www.verein-naturschutzpark.de\/wp-content\/uploads\/schaefer-uwe-storm-herde-tuetsberg-mit-heidschnuckenlaemmern-im-stall-vnp-stiftung-2-75x50_c.jpg\" data-title=\"Heidschnucken lambs with shepherd Uwe Storm (Herd T&uuml;tsberg) in the sheep shed | Photo: VNP Stiftung Naturschutzpark L&uuml;neburger Heide\" data-envirabox='6438' itemprop=\"contentUrl\"><div class=\"envira-lazy\" style=\"padding-bottom: 75%;\" data-envira-changed=\"false\" data-width=\"640\" data-height=\"480\"><img decoding=\"async\" src=\"https:\/\/www.verein-naturschutzpark.de\/wp-content\/uploads\/schaefer-uwe-storm-herde-tuetsberg-mit-heidschnuckenlaemmern-im-stall-vnp-stiftung-2-640x480_c.jpg\" alt=\"Heidschnucken lambs with shepherd Uwe Storm (Herd T&uuml;tsberg) in the sheep shed | Photo: VNP Stiftung Naturschutzpark L&uuml;neburger Heide\" class=\"envira-gallery-image envira-gallery-image-12    envira-lazy\" height=\"480\" id=\"envira-gallery-image-4567\" srcset=\"data:image\/gif;base64,R0lGODlhAQABAIAAAP\/\/\/\/\/\/\/yH5BAEKAAEALAAAAAABAAEAAAICTAEAOw==\" tabindex=\"-1\" title=\"Heidschnucken lambs with shepherd Uwe Storm (Herd T\u00fctsberg) in the sheep shed | Photo: VNP Stiftung Naturschutzpark L\u00fcneburger Heide\" width=\"640\" data-caption=\"Heidschnucken lambs with shepherd Uwe Storm (Herd T&uuml;tsberg) in the sheep shed\" data-envira-gallery-id=\"6438\" data-envira-index=\"11\" data-envira-item-id=\"4567\" data-envira-src=\"https:\/\/www.verein-naturschutzpark.de\/wp-content\/uploads\/schaefer-uwe-storm-herde-tuetsberg-mit-heidschnuckenlaemmern-im-stall-vnp-stiftung-2-640x480_c.jpg\" data-envira-srcset=\"https:\/\/www.verein-naturschutzpark.de\/wp-content\/uploads\/schaefer-uwe-storm-herde-tuetsberg-mit-heidschnuckenlaemmern-im-stall-vnp-stiftung-2-640x480_c.jpg 400w, https:\/\/www.verein-naturschutzpark.de\/wp-content\/uploads\/schaefer-uwe-storm-herde-tuetsberg-mit-heidschnuckenlaemmern-im-stall-vnp-stiftung-2-640x480_c.jpg 2x\" data-title=\"Heidschnucken lambs with shepherd Uwe Storm (Herd T&uuml;tsberg) in the sheep shed | Photo: VNP Stiftung Naturschutzpark L&uuml;neburger Heide\" itemprop=\"thumbnailUrl\"  data-no-lazy=\"1\"  data-envirabox=\"6438\" \/><\/div><\/a><div class=\"envira-gallery-captioned-data envira-gallery-captioned-data-sleek\"><\/div><\/div><\/div><\/div><\/div><noscript><img data-no-lazy=\"1\"  src='https:\/\/www.verein-naturschutzpark.de\/wp-content\/uploads\/heidschnucke-portrait-vnp-stiftung.jpg' alt='Portrait of a Heidschnucke | Photo: VNP Stiftung Naturschutzpark L\u00fcneburger Heide' class='envira_noscript_images ' \/><img data-no-lazy=\"1\"  src='https:\/\/www.verein-naturschutzpark.de\/wp-content\/uploads\/heidschnuckenherde-in-der-bluehenden-heide-mit-schafstall-vnp-stiftung-1.jpg' alt='Heidschnucken flock in flowering heather in front of sheep shed | Photo: VNP Stiftung Naturschutzpark L\u00fcneburger Heide' class='envira_noscript_images ' \/><img data-no-lazy=\"1\"  src='https:\/\/www.verein-naturschutzpark.de\/wp-content\/uploads\/heidschnuckenherde-grasend-zur-heidebluete-vnp-stiftung-gr.jpg' alt='A flock of Heidschnucken is grazing the the flowering heath | VNP Verein Naturschutzpark' class='envira_noscript_images ' \/><img data-no-lazy=\"1\"  src='https:\/\/www.verein-naturschutzpark.de\/wp-content\/uploads\/heidschnuckenherde-in-der-bluehenden-heide.jpg' alt='Flock of Heidschnucken in the blooming heather | VNP Stiftung' class='envira_noscript_images ' \/><img data-no-lazy=\"1\"  src='https:\/\/www.verein-naturschutzpark.de\/wp-content\/uploads\/heidschuckenherde-hof-tuetsberg-foto-burmester.jpg' alt='Heidschnucken flock of Hof T\u00fctsberg | Photo: Christian Burmester' class='envira_noscript_images ' \/><img data-no-lazy=\"1\"  src='https:\/\/www.verein-naturschutzpark.de\/wp-content\/uploads\/grasende-heidschnucken-vnp-stiftung-foto-burmester.jpg' alt='Grazing Heidschnucken | Photo: Christian Burmester' class='envira_noscript_images ' \/><img data-no-lazy=\"1\"  src='https:\/\/www.verein-naturschutzpark.de\/wp-content\/uploads\/heidschnucken-vnp-stiftung-naturschutzpark-foto-burmester-1.jpg' alt='Heidschnucken | Photo: Christian Burmester' class='envira_noscript_images ' \/><img data-no-lazy=\"1\"  src='https:\/\/www.verein-naturschutzpark.de\/wp-content\/uploads\/grasende-heidschnuckenherde-vnp-stiftung.jpg' alt='Grazing Heidchnucken flock | Photo: VNP Stiftung Naturschutzpark L\u00fcneburger Heide' class='envira_noscript_images ' \/><img data-no-lazy=\"1\"  src='https:\/\/www.verein-naturschutzpark.de\/wp-content\/uploads\/heidschnucken-und-ziegen-grasen-eintraechtig-nebeneinander-vnp-stiftung-foto-burmester-1.jpg' alt='Heidschnucken and goats grazing side by side in harmony | Photo: Christian Burmester' class='envira_noscript_images ' \/><img data-no-lazy=\"1\"  src='https:\/\/www.verein-naturschutzpark.de\/wp-content\/uploads\/heidegeissen-ziegen-fuer-den-gehoelzverbiss-vnp-stiftung.jpg' alt='Heath goats for grove browsing | Photo: VNP Stiftung Naturschutzpark L\u00fcneburger Heide' class='envira_noscript_images ' \/><img data-no-lazy=\"1\"  src='https:\/\/www.verein-naturschutzpark.de\/wp-content\/uploads\/heidschnuckenlaemmer-im-schafstall-vnp-stiftung.jpg' alt='Heidschnucken lambs in the sheep shed | Photo: VNP Stiftung Naturschutzpark L\u00fcneburger Heide' class='envira_noscript_images ' \/><img data-no-lazy=\"1\"  src='https:\/\/www.verein-naturschutzpark.de\/wp-content\/uploads\/schaefer-uwe-storm-herde-tuetsberg-mit-heidschnuckenlaemmern-im-stall-vnp-stiftung-2.jpg' alt='Heidschnucken lambs with shepherd Uwe Storm (Herd T\u00fctsberg) in the sheep shed | Photo: VNP Stiftung Naturschutzpark L\u00fcneburger Heide' class='envira_noscript_images ' \/><\/noscript>\n<\/div><\/div><\/div><\/div><\/div><\/div>\n\n\n\n<div class=\"alignfull wp-block-ugb-container ugb-container ugb-0d5dcf4 ugb-container--v2 ugb-container--design-plain ugb-main-block ugb--has-custom-content-width ugb--has-custom-content-width-tablet ugb--has-custom-content-width-mobile ugb-main-block--inner-full ugb--has-block-background ugb--has-bottom-separator\"><style>.ugb-0d5dcf4 h1,.ugb-0d5dcf4 h2,.ugb-0d5dcf4 h3,.ugb-0d5dcf4 h4,.ugb-0d5dcf4 h5,.ugb-0d5dcf4 h6{color:var(--theme-palette-color-4,#fcfaef)}.ugb-0d5dcf4 p,.ugb-0d5dcf4 li,.ugb-0d5dcf4 label,.ugb-0d5dcf4 table{color:var(--theme-palette-color-4,#fcfaef)}.ugb-0d5dcf4 a:hover,.ugb-0d5dcf4 a:hover:visited{color:var(--theme-palette-color-3,#333333)}.ugb-0d5dcf4-content-wrapper > h1,.ugb-0d5dcf4-content-wrapper > h2,.ugb-0d5dcf4-content-wrapper > h3,.ugb-0d5dcf4-content-wrapper > h4,.ugb-0d5dcf4-content-wrapper > h5,.ugb-0d5dcf4-content-wrapper > h6{color:var(--theme-palette-color-4,#fcfaef)}.ugb-0d5dcf4-content-wrapper > p,.ugb-0d5dcf4-content-wrapper > ol li,.ugb-0d5dcf4-content-wrapper > ul li{color:var(--theme-palette-color-4,#fcfaef)}.ugb-0d5dcf4.ugb-container{background-color:var(--theme-palette-color-1,#416250)}.ugb-0d5dcf4.ugb-container > .ugb-inner-block{max-width:50% !important}.ugb-0d5dcf4.ugb-container:before{background-color:var(--theme-palette-color-1,#416250)}.ugb-0d5dcf4 .ugb-bottom-separator svg{fill:var(--theme-palette-color-4,#fcfaef)}.ugb-0d5dcf4 .ugb-bottom-separator .ugb-separator-wrapper{transform:scaleX(1.5)}@media screen and (min-width:768px){.ugb-0d5dcf4.ugb-container{padding-top:50px !important;padding-right:35px !important;padding-bottom:90px !important;padding-left:35px !important}.ugb-0d5dcf4 .ugb-bottom-separator .ugb-separator-wrapper{height:150px}}@media screen and (max-width:1025px){.ugb-0d5dcf4.ugb-container > .ugb-inner-block{max-width:100% !important}}@media screen and (min-width:768px) and (max-width:1025px){.ugb-0d5dcf4.ugb-container{padding-right:35px !important;padding-left:35px !important}}@media screen and (max-width:768px){.ugb-0d5dcf4.ugb-container{padding-top:30px !important;padding-right:18px !important;padding-bottom:70px !important;padding-left:18px !important}.ugb-0d5dcf4.ugb-container > .ugb-inner-block{max-width:100% !important}}.ugb-0d5dcf4 a,.ugb-0d5dcf4 a:visited,.ugb-0d5dcf4 a:focus{color:var(--theme-palette-color-4,#fcfaef)}<\/style><div class=\"ugb-bottom-separator\"><div class=\"ugb-separator-wrapper\"><svg xmlns=\"http:\/\/www.w3.org\/2000\/svg\" viewBox=\"0 0 1600 200\" filter=\"url(#wave-3-inverted-shadow_svg__a)\" enable-background=\"new 0 0 1600 200\" class=\"ugb-separator__shadow\" preserveAspectRatio=\"none\" aria-hidden=\"true\"><filter id=\"wave-3-inverted-shadow_svg__a\"><feGaussianBlur in=\"SourceAlpha\" stdDeviation=\"4\"><\/feGaussianBlur><feComponentTransfer><feFuncA type=\"linear\" slope=\"0.4\"><\/feFuncA><\/feComponentTransfer><feMerge><feMergeNode><\/feMergeNode><feMergeNode in=\"SourceGraphic\"><\/feMergeNode><\/feMerge><\/filter><path d=\"M1413.6 39.3c-157.9 0-338.2 37.7-495.1 67.4-215.6 40.8-328.1 44.6-418.2 41.1S317 127.3 188.4 98.7C59.8 70.1-10 64.5-10 64.5v10s69.8 5.6 198.4 34.2c128.6 28.6 221.8 45.6 311.9 49.1s202.6-.3 418.2-41.1c156.9-29.7 337.2-67.4 495.1-67.4 127.6 0 196.4 19.5 196.4 19.5v-10s-68.8-19.5-196.4-19.5z\"><\/path><\/svg><svg xmlns=\"http:\/\/www.w3.org\/2000\/svg\" viewBox=\"0 0 1600 200\" class=\"ugb-separator__layer-1\" preserveAspectRatio=\"none\" aria-hidden=\"true\"><path d=\"M1413.6 39.3c-157.9 0-338.2 37.7-495.1 67.4-215.6 40.8-328.1 44.6-418.2 41.1S317 127.3 188.4 98.7-10 64.5-10 64.5v150.2h1620V58.8s-68.8-19.5-196.4-19.5z\"><\/path><\/svg><\/div><\/div><div class=\"ugb-inner-block ugb-inner-block--full\"><div class=\"ugb-block-content\"><div class=\"ugb-container__wrapper ugb-0d5dcf4-wrapper\"><div class=\"ugb-container__side\"><div class=\"ugb-container__content-wrapper ugb-0d5dcf4-content-wrapper\">\n<h2 class=\"wp-block-heading\" id=\"heather-blossoming\">Heather blossoming<\/h2>\n\n\n<style type=\"text\/css\">#envira-gallery-6436 {color: #fcfaef;}<\/style><div id=\"envira-gallery-wrap-6436\" class=\"envira-default-gallery envira-gallery-wrap envira-lazy-loading-enabled envira-layout-grid envira-gallery-theme-sleek\" itemscope itemtype=\"https:\/\/schema.org\/ImageGallery\"><div class=\"envira-loader\"><div><\/div><div><\/div><div><\/div><div><\/div><\/div><div id=\"envira-gallery-6436\" class=\"envira-gallery-public envira-gallery-2-columns envira-clear\" data-envira-id=\"6436\" data-gallery-config='{\"type\":\"default\",\"layout\":\"grid\",\"columns\":\"2\",\"gallery_theme\":\"sleek\",\"justified_margins\":1,\"justified_last_row\":\"nojustify\",\"lazy_loading\":1,\"lazy_loading_delay\":500,\"gutter\":10,\"margin\":10,\"image_size\":\"default\",\"square_size\":300,\"crop_width\":640,\"crop_height\":480,\"crop\":1,\"crop_position\":\"c\",\"additional_copy_0\":0,\"additional_copy_title\":0,\"additional_copy_caption\":0,\"additional_copy_title_caption\":0,\"additional_copy_0_mobile\":0,\"additional_copy_title_mobile\":0,\"additional_copy_caption_mobile\":0,\"additional_copy_title_caption_mobile\":0,\"gallery_column_title_caption\":\"0\",\"gallery_column_title_caption_mobile\":\"title\",\"additional_copy_automatic_0\":0,\"additional_copy_automatic_title\":0,\"additional_copy_automatic_caption\":0,\"additional_copy_automatic_title_caption\":0,\"additional_copy_automatic_0_mobile\":0,\"additional_copy_automatic_title_mobile\":0,\"additional_copy_automatic_caption_mobile\":0,\"additional_copy_automatic_title_caption_mobile\":0,\"gallery_automatic_title_caption\":\"0\",\"gallery_automatic_title_caption_mobile\":\"0\",\"justified_row_height\":150,\"description_position\":\"0\",\"description\":\"\",\"random\":\"0\",\"sort_order\":\"0\",\"sorting_direction\":\"ASC\",\"image_sizes_random\":[],\"isotope\":false,\"lightbox_enabled\":1,\"gallery_link_enabled\":1,\"lightbox_theme\":\"infinity_light\",\"lightbox_image_size\":\"default\",\"title_display\":\"float\",\"lightbox_title_caption\":\"caption\",\"arrows\":1,\"arrows_position\":\"inside\",\"toolbar\":1,\"toolbar_title\":0,\"toolbar_position\":\"top\",\"loop\":1,\"lightbox_open_close_effect\":\"fade\",\"effect\":\"fade\",\"supersize\":0,\"thumbnails_toggle\":0,\"thumbnails_hide\":0,\"image_counter\":0,\"thumbnails\":0,\"thumbnails_width\":\"auto\",\"thumbnails_height\":\"auto\",\"thumbnails_position\":\"bottom\",\"thumbnails_custom_size\":0,\"mobile\":1,\"mobile_width\":320,\"mobile_height\":240,\"mobile_lightbox\":0,\"mobile_gallery_link_enabled\":0,\"mobile_arrows\":0,\"mobile_toolbar\":1,\"mobile_thumbnails\":1,\"mobile_touchwipe_close\":0,\"mobile_thumbnails_width\":75,\"mobile_thumbnails_height\":50,\"mobile_justified_row_height\":80,\"keyboard\":true,\"standalone_template\":\"\",\"classes\":[\"envira-default-gallery\"],\"rtl\":0,\"slug\":\"photo-gallery-heather-blossoming\",\"custom_css\":\"#envira-gallery-6436 {\\r\\n    color: #fcfaef;\\r\\n}\",\"fullscreen\":0,\"gallery_id\":\"6436\"}' data-gallery-images='[{\"status\":\"active\",\"src\":\"https:\\\/\\\/www.verein-naturschutzpark.de\\\/wp-content\\\/uploads\\\/heidebluete-heideflaeche-mit-sitzbank-vnp-stiftung-1.jpg\",\"title\":\"Heather blossoming: heather landscape with bench | Photo: VNP Stiftung Naturschutzpark L&uuml;neburger Heide\",\"link\":\"https:\\\/\\\/www.verein-naturschutzpark.de\\\/wp-content\\\/uploads\\\/heidebluete-heideflaeche-mit-sitzbank-vnp-stiftung-1.jpg\",\"alt\":\"Heather blossoming: heather landscape with bench | Photo: VNP Stiftung Naturschutzpark L&uuml;neburger Heide\",\"caption\":\"Heather blossoming: heather landscape with bench\",\"thumb\":\"https:\\\/\\\/www.verein-naturschutzpark.de\\\/wp-content\\\/uploads\\\/heidebluete-heideflaeche-mit-sitzbank-vnp-stiftung-1-75x50_c.jpg\",\"meta\":{\"aperture\":\"8\",\"credit\":null,\"camera\":\"E-M5\",\"caption\":\"Heidebl\u00fcte: Heidefl\u00e4che mit Bank | Foto: VNP Stiftung Naturschutzpark L\u00fcneburger Heide\",\"created_timestamp\":\"1596444871\",\"copyright\":null,\"focal_length\":\"45\",\"iso\":\"200\",\"shutter_speed\":\"0.0025\",\"title\":\"Heidebl\ufffdte: Heidefl\ufffdche mit Bank | Foto: VNP Stiftung Naturschutzpark L\ufffdneburger Heide\",\"orientation\":\"1\",\"keywords\":null},\"thumbnail\":\"https:\\\/\\\/www.verein-naturschutzpark.de\\\/wp-content\\\/uploads\\\/heidebluete-heideflaeche-mit-sitzbank-vnp-stiftung-1-150x100.jpg\",\"medium\":\"https:\\\/\\\/www.verein-naturschutzpark.de\\\/wp-content\\\/uploads\\\/heidebluete-heideflaeche-mit-sitzbank-vnp-stiftung-1-400x267.jpg\",\"medium_large\":\"https:\\\/\\\/www.verein-naturschutzpark.de\\\/wp-content\\\/uploads\\\/heidebluete-heideflaeche-mit-sitzbank-vnp-stiftung-1-768x512.jpg\",\"large\":\"https:\\\/\\\/www.verein-naturschutzpark.de\\\/wp-content\\\/uploads\\\/heidebluete-heideflaeche-mit-sitzbank-vnp-stiftung-1-1024x683.jpg\",\"thumblist\":\"https:\\\/\\\/www.verein-naturschutzpark.de\\\/wp-content\\\/uploads\\\/heidebluete-heideflaeche-mit-sitzbank-vnp-stiftung-1.jpg\",\"thumbrelated\":\"https:\\\/\\\/www.verein-naturschutzpark.de\\\/wp-content\\\/uploads\\\/heidebluete-heideflaeche-mit-sitzbank-vnp-stiftung-1.jpg\",\"meccarouselthumb\":\"https:\\\/\\\/www.verein-naturschutzpark.de\\\/wp-content\\\/uploads\\\/heidebluete-heideflaeche-mit-sitzbank-vnp-stiftung-1.jpg\",\"gridsquare\":\"https:\\\/\\\/www.verein-naturschutzpark.de\\\/wp-content\\\/uploads\\\/heidebluete-heideflaeche-mit-sitzbank-vnp-stiftung-1.jpg\",\"tileview\":\"https:\\\/\\\/www.verein-naturschutzpark.de\\\/wp-content\\\/uploads\\\/heidebluete-heideflaeche-mit-sitzbank-vnp-stiftung-1.jpg\",\"1536x1536\":\"https:\\\/\\\/www.verein-naturschutzpark.de\\\/wp-content\\\/uploads\\\/heidebluete-heideflaeche-mit-sitzbank-vnp-stiftung-1-1536x1024.jpg\",\"2048x2048\":\"https:\\\/\\\/www.verein-naturschutzpark.de\\\/wp-content\\\/uploads\\\/heidebluete-heideflaeche-mit-sitzbank-vnp-stiftung-1-2048x1365.jpg\",\"full\":\"https:\\\/\\\/www.verein-naturschutzpark.de\\\/wp-content\\\/uploads\\\/heidebluete-heideflaeche-mit-sitzbank-vnp-stiftung-1.jpg\",\"index\":0,\"id\":4488,\"video\":false,\"opts\":{\"caption\":\"Heather blossoming: heather landscape with bench\",\"thumb\":\"https:\\\/\\\/www.verein-naturschutzpark.de\\\/wp-content\\\/uploads\\\/heidebluete-heideflaeche-mit-sitzbank-vnp-stiftung-1-75x50_c.jpg\",\"title\":\"Heather blossoming: heather landscape with bench | Photo: VNP Stiftung Naturschutzpark L&uuml;neburger Heide\"},\"gallery_id\":\"6436\"},{\"status\":\"active\",\"src\":\"https:\\\/\\\/www.verein-naturschutzpark.de\\\/wp-content\\\/uploads\\\/ausblick-bluehende-heideflaeche-vnp-stiftung-1.jpg\",\"title\":\"Heather blossoming: Wide view into the flowering heath | Photo: VNP Stiftung Naturschutzpark L&uuml;neburger Heide\",\"link\":\"https:\\\/\\\/www.verein-naturschutzpark.de\\\/wp-content\\\/uploads\\\/ausblick-bluehende-heideflaeche-vnp-stiftung-1.jpg\",\"alt\":\"Heather blossoming: Wide view into the flowering heath | Photo: VNP Stiftung Naturschutzpark L&uuml;neburger Heide\",\"caption\":\"Heather blossoming: Wide view into the flowering heath\",\"thumb\":\"https:\\\/\\\/www.verein-naturschutzpark.de\\\/wp-content\\\/uploads\\\/ausblick-bluehende-heideflaeche-vnp-stiftung-1-75x50_c.jpg\",\"meta\":{\"aperture\":\"8\",\"credit\":null,\"camera\":\"E-M5\",\"caption\":\"Heidebl\u00fcte: Weiter Blick in die bl\u00fchende Heidelandschaft | Foto: VNP Stiftung Naturschutzpark L\u00fcneburger Heide\",\"created_timestamp\":\"1596442777\",\"copyright\":null,\"focal_length\":\"24\",\"iso\":\"200\",\"shutter_speed\":\"0.004\",\"title\":\"\",\"orientation\":\"1\",\"keywords\":null},\"thumbnail\":\"https:\\\/\\\/www.verein-naturschutzpark.de\\\/wp-content\\\/uploads\\\/ausblick-bluehende-heideflaeche-vnp-stiftung-1-150x100.jpg\",\"medium\":\"https:\\\/\\\/www.verein-naturschutzpark.de\\\/wp-content\\\/uploads\\\/ausblick-bluehende-heideflaeche-vnp-stiftung-1-400x267.jpg\",\"medium_large\":\"https:\\\/\\\/www.verein-naturschutzpark.de\\\/wp-content\\\/uploads\\\/ausblick-bluehende-heideflaeche-vnp-stiftung-1-768x512.jpg\",\"large\":\"https:\\\/\\\/www.verein-naturschutzpark.de\\\/wp-content\\\/uploads\\\/ausblick-bluehende-heideflaeche-vnp-stiftung-1-1024x683.jpg\",\"thumblist\":\"https:\\\/\\\/www.verein-naturschutzpark.de\\\/wp-content\\\/uploads\\\/ausblick-bluehende-heideflaeche-vnp-stiftung-1.jpg\",\"thumbrelated\":\"https:\\\/\\\/www.verein-naturschutzpark.de\\\/wp-content\\\/uploads\\\/ausblick-bluehende-heideflaeche-vnp-stiftung-1.jpg\",\"meccarouselthumb\":\"https:\\\/\\\/www.verein-naturschutzpark.de\\\/wp-content\\\/uploads\\\/ausblick-bluehende-heideflaeche-vnp-stiftung-1.jpg\",\"gridsquare\":\"https:\\\/\\\/www.verein-naturschutzpark.de\\\/wp-content\\\/uploads\\\/ausblick-bluehende-heideflaeche-vnp-stiftung-1.jpg\",\"tileview\":\"https:\\\/\\\/www.verein-naturschutzpark.de\\\/wp-content\\\/uploads\\\/ausblick-bluehende-heideflaeche-vnp-stiftung-1.jpg\",\"1536x1536\":\"https:\\\/\\\/www.verein-naturschutzpark.de\\\/wp-content\\\/uploads\\\/ausblick-bluehende-heideflaeche-vnp-stiftung-1-1536x1024.jpg\",\"2048x2048\":\"https:\\\/\\\/www.verein-naturschutzpark.de\\\/wp-content\\\/uploads\\\/ausblick-bluehende-heideflaeche-vnp-stiftung-1-2048x1365.jpg\",\"full\":\"https:\\\/\\\/www.verein-naturschutzpark.de\\\/wp-content\\\/uploads\\\/ausblick-bluehende-heideflaeche-vnp-stiftung-1.jpg\",\"index\":1,\"id\":4478,\"video\":false,\"opts\":{\"caption\":\"Heather blossoming: Wide view into the flowering heath\",\"thumb\":\"https:\\\/\\\/www.verein-naturschutzpark.de\\\/wp-content\\\/uploads\\\/ausblick-bluehende-heideflaeche-vnp-stiftung-1-75x50_c.jpg\",\"title\":\"Heather blossoming: Wide view into the flowering heath | Photo: VNP Stiftung Naturschutzpark L&uuml;neburger Heide\"},\"gallery_id\":\"6436\"},{\"status\":\"active\",\"src\":\"https:\\\/\\\/www.verein-naturschutzpark.de\\\/wp-content\\\/uploads\\\/heidebluete-naturschutzgebiet-lueneburger-heide-vnp-stiftung-2.jpg\",\"title\":\"Heather blossoming in the Lueneburg Heath nature reserve | Photo: VNP Stiftung Naturschutzpark L&uuml;neburger Heide\",\"link\":\"https:\\\/\\\/www.verein-naturschutzpark.de\\\/wp-content\\\/uploads\\\/heidebluete-naturschutzgebiet-lueneburger-heide-vnp-stiftung-2.jpg\",\"alt\":\"Heather blossoming in the Lueneburg Heath nature reserve | Photo: VNP Stiftung Naturschutzpark L&uuml;neburger Heide\",\"caption\":\"Heather blossoming in the Lueneburg Heath nature reserve\",\"thumb\":\"https:\\\/\\\/www.verein-naturschutzpark.de\\\/wp-content\\\/uploads\\\/heidebluete-naturschutzgebiet-lueneburger-heide-vnp-stiftung-2-75x50_c.jpg\",\"meta\":{\"aperture\":\"9\",\"credit\":null,\"camera\":\"E-M5\",\"caption\":\"Heidebl\u00fcte im Naturschutzgebiet L\u00fcneburger Heide | Foto: VNP Stiftung Naturschutzpark L\u00fcneburger Heide\",\"created_timestamp\":\"1596442835\",\"copyright\":null,\"focal_length\":\"37\",\"iso\":\"200\",\"shutter_speed\":\"0.004\",\"title\":\"Heidebl\ufffdte im Naturschutzgebiet L\ufffdneburger Heide | Foto: VNP Stiftung Naturschutzpark L\ufffdneburger Heide\",\"orientation\":\"1\",\"keywords\":null},\"thumbnail\":\"https:\\\/\\\/www.verein-naturschutzpark.de\\\/wp-content\\\/uploads\\\/heidebluete-naturschutzgebiet-lueneburger-heide-vnp-stiftung-2-150x100.jpg\",\"medium\":\"https:\\\/\\\/www.verein-naturschutzpark.de\\\/wp-content\\\/uploads\\\/heidebluete-naturschutzgebiet-lueneburger-heide-vnp-stiftung-2-400x267.jpg\",\"medium_large\":\"https:\\\/\\\/www.verein-naturschutzpark.de\\\/wp-content\\\/uploads\\\/heidebluete-naturschutzgebiet-lueneburger-heide-vnp-stiftung-2-768x512.jpg\",\"large\":\"https:\\\/\\\/www.verein-naturschutzpark.de\\\/wp-content\\\/uploads\\\/heidebluete-naturschutzgebiet-lueneburger-heide-vnp-stiftung-2-1024x683.jpg\",\"thumblist\":\"https:\\\/\\\/www.verein-naturschutzpark.de\\\/wp-content\\\/uploads\\\/heidebluete-naturschutzgebiet-lueneburger-heide-vnp-stiftung-2.jpg\",\"thumbrelated\":\"https:\\\/\\\/www.verein-naturschutzpark.de\\\/wp-content\\\/uploads\\\/heidebluete-naturschutzgebiet-lueneburger-heide-vnp-stiftung-2.jpg\",\"meccarouselthumb\":\"https:\\\/\\\/www.verein-naturschutzpark.de\\\/wp-content\\\/uploads\\\/heidebluete-naturschutzgebiet-lueneburger-heide-vnp-stiftung-2.jpg\",\"gridsquare\":\"https:\\\/\\\/www.verein-naturschutzpark.de\\\/wp-content\\\/uploads\\\/heidebluete-naturschutzgebiet-lueneburger-heide-vnp-stiftung-2.jpg\",\"tileview\":\"https:\\\/\\\/www.verein-naturschutzpark.de\\\/wp-content\\\/uploads\\\/heidebluete-naturschutzgebiet-lueneburger-heide-vnp-stiftung-2.jpg\",\"1536x1536\":\"https:\\\/\\\/www.verein-naturschutzpark.de\\\/wp-content\\\/uploads\\\/heidebluete-naturschutzgebiet-lueneburger-heide-vnp-stiftung-2-1536x1024.jpg\",\"2048x2048\":\"https:\\\/\\\/www.verein-naturschutzpark.de\\\/wp-content\\\/uploads\\\/heidebluete-naturschutzgebiet-lueneburger-heide-vnp-stiftung-2-2048x1365.jpg\",\"full\":\"https:\\\/\\\/www.verein-naturschutzpark.de\\\/wp-content\\\/uploads\\\/heidebluete-naturschutzgebiet-lueneburger-heide-vnp-stiftung-2.jpg\",\"index\":2,\"id\":4490,\"video\":false,\"opts\":{\"caption\":\"Heather blossoming in the Lueneburg Heath nature reserve\",\"thumb\":\"https:\\\/\\\/www.verein-naturschutzpark.de\\\/wp-content\\\/uploads\\\/heidebluete-naturschutzgebiet-lueneburger-heide-vnp-stiftung-2-75x50_c.jpg\",\"title\":\"Heather blossoming in the Lueneburg Heath nature reserve | Photo: VNP Stiftung Naturschutzpark L&uuml;neburger Heide\"},\"gallery_id\":\"6436\"},{\"status\":\"active\",\"src\":\"https:\\\/\\\/www.verein-naturschutzpark.de\\\/wp-content\\\/uploads\\\/gepflasterte-strasse-im-naturschutzgebiet-heidebluete-vnp-stiftung-1.jpg\",\"title\":\"Heather blossoming: Paved road in the Lueneburg Heath nature reserve | Photo: VNP Stiftung Naturschutzpark L&uuml;neburger Heide\",\"link\":\"https:\\\/\\\/www.verein-naturschutzpark.de\\\/wp-content\\\/uploads\\\/gepflasterte-strasse-im-naturschutzgebiet-heidebluete-vnp-stiftung-1.jpg\",\"alt\":\"Heather blossoming: Paved road in the Lueneburg Heath nature reserve | Photo: VNP Stiftung Naturschutzpark L&uuml;neburger Heide\",\"caption\":\"Heather blossoming: Paved road in the Lueneburg Heath nature reserve\",\"thumb\":\"https:\\\/\\\/www.verein-naturschutzpark.de\\\/wp-content\\\/uploads\\\/gepflasterte-strasse-im-naturschutzgebiet-heidebluete-vnp-stiftung-1-75x50_c.jpg\",\"meta\":{\"aperture\":\"8\",\"credit\":null,\"camera\":\"E-M5\",\"caption\":\"Heidebl\u00fcte: Gepflasterte Stra\u00dfe im Naturschutzgebiet L\u00fcneburger Heide | Foto: VNP Stiftung Naturschutzpark L\u00fcneburger Heide\",\"created_timestamp\":\"1596444922\",\"copyright\":null,\"focal_length\":\"14\",\"iso\":\"200\",\"shutter_speed\":\"0.003125\",\"title\":\"Heidebl\ufffdte: Gepflasterte Stra\ufffde im Naturschutzgebiet L\ufffdneburger Heide | Foto: VNP Stiftung Naturschutzpark L\ufffdneburger Heide\",\"orientation\":\"1\",\"keywords\":null},\"thumbnail\":\"https:\\\/\\\/www.verein-naturschutzpark.de\\\/wp-content\\\/uploads\\\/gepflasterte-strasse-im-naturschutzgebiet-heidebluete-vnp-stiftung-1-150x100.jpg\",\"medium\":\"https:\\\/\\\/www.verein-naturschutzpark.de\\\/wp-content\\\/uploads\\\/gepflasterte-strasse-im-naturschutzgebiet-heidebluete-vnp-stiftung-1-400x267.jpg\",\"medium_large\":\"https:\\\/\\\/www.verein-naturschutzpark.de\\\/wp-content\\\/uploads\\\/gepflasterte-strasse-im-naturschutzgebiet-heidebluete-vnp-stiftung-1-768x512.jpg\",\"large\":\"https:\\\/\\\/www.verein-naturschutzpark.de\\\/wp-content\\\/uploads\\\/gepflasterte-strasse-im-naturschutzgebiet-heidebluete-vnp-stiftung-1-1024x683.jpg\",\"thumblist\":\"https:\\\/\\\/www.verein-naturschutzpark.de\\\/wp-content\\\/uploads\\\/gepflasterte-strasse-im-naturschutzgebiet-heidebluete-vnp-stiftung-1.jpg\",\"thumbrelated\":\"https:\\\/\\\/www.verein-naturschutzpark.de\\\/wp-content\\\/uploads\\\/gepflasterte-strasse-im-naturschutzgebiet-heidebluete-vnp-stiftung-1.jpg\",\"meccarouselthumb\":\"https:\\\/\\\/www.verein-naturschutzpark.de\\\/wp-content\\\/uploads\\\/gepflasterte-strasse-im-naturschutzgebiet-heidebluete-vnp-stiftung-1.jpg\",\"gridsquare\":\"https:\\\/\\\/www.verein-naturschutzpark.de\\\/wp-content\\\/uploads\\\/gepflasterte-strasse-im-naturschutzgebiet-heidebluete-vnp-stiftung-1.jpg\",\"tileview\":\"https:\\\/\\\/www.verein-naturschutzpark.de\\\/wp-content\\\/uploads\\\/gepflasterte-strasse-im-naturschutzgebiet-heidebluete-vnp-stiftung-1.jpg\",\"1536x1536\":\"https:\\\/\\\/www.verein-naturschutzpark.de\\\/wp-content\\\/uploads\\\/gepflasterte-strasse-im-naturschutzgebiet-heidebluete-vnp-stiftung-1-1536x1024.jpg\",\"2048x2048\":\"https:\\\/\\\/www.verein-naturschutzpark.de\\\/wp-content\\\/uploads\\\/gepflasterte-strasse-im-naturschutzgebiet-heidebluete-vnp-stiftung-1-2048x1365.jpg\",\"full\":\"https:\\\/\\\/www.verein-naturschutzpark.de\\\/wp-content\\\/uploads\\\/gepflasterte-strasse-im-naturschutzgebiet-heidebluete-vnp-stiftung-1.jpg\",\"index\":3,\"id\":4486,\"video\":false,\"opts\":{\"caption\":\"Heather blossoming: Paved road in the Lueneburg Heath nature reserve\",\"thumb\":\"https:\\\/\\\/www.verein-naturschutzpark.de\\\/wp-content\\\/uploads\\\/gepflasterte-strasse-im-naturschutzgebiet-heidebluete-vnp-stiftung-1-75x50_c.jpg\",\"title\":\"Heather blossoming: Paved road in the Lueneburg Heath nature reserve | Photo: VNP Stiftung Naturschutzpark L&uuml;neburger Heide\"},\"gallery_id\":\"6436\"},{\"status\":\"active\",\"src\":\"https:\\\/\\\/www.verein-naturschutzpark.de\\\/wp-content\\\/uploads\\\/morgennebel-heidebluete-lueneburger-heide-vnp-stiftung-1.jpg\",\"title\":\"Heather blossoming in the Lueneburg Heath: morning fog | Photo: VNP Stiftung Naturschutzpark L&uuml;neburger Heide\",\"link\":\"https:\\\/\\\/www.verein-naturschutzpark.de\\\/wp-content\\\/uploads\\\/morgennebel-heidebluete-lueneburger-heide-vnp-stiftung-1.jpg\",\"alt\":\"Heather blossoming in the Lueneburg Heath: morning fog | Heather blossoming in the Lueneburg Heath: morning fog | Photo: VNP Stiftung Naturschutzpark L&uuml;neburger HeideHeather blossoming in the Lueneburg Heath: morning fog | Photo: VNP Stiftung Naturschutzpark L&uuml;neburger HeideHeather blossoming in the Lueneburg Heath: morning fog | Photo: VNP Stiftung Naturschutzpark L&uuml;neburger Heide\",\"caption\":\"Heather blossoming in the Lueneburg Heath: morning fog\",\"thumb\":\"https:\\\/\\\/www.verein-naturschutzpark.de\\\/wp-content\\\/uploads\\\/morgennebel-heidebluete-lueneburger-heide-vnp-stiftung-1-75x50_c.jpg\",\"meta\":{\"aperture\":\"7.1\",\"credit\":null,\"camera\":\"E-M5\",\"caption\":\"Heidebl\u00fcte in der L\u00fcneburger Heide: Morgennebel | Foto: VNP Stiftung Naturschutzpark L\u00fcneburger Heide\",\"created_timestamp\":\"1567923905\",\"copyright\":null,\"focal_length\":\"19\",\"iso\":\"200\",\"shutter_speed\":\"0.004\",\"title\":\"Heidebl\ufffdte in der L\ufffdneburger Heide: Morgennebel | Foto: VNP Stiftung Naturschutzpark L\ufffdneburger Heide\",\"orientation\":\"1\",\"keywords\":null},\"thumbnail\":\"https:\\\/\\\/www.verein-naturschutzpark.de\\\/wp-content\\\/uploads\\\/morgennebel-heidebluete-lueneburger-heide-vnp-stiftung-1-150x100.jpg\",\"medium\":\"https:\\\/\\\/www.verein-naturschutzpark.de\\\/wp-content\\\/uploads\\\/morgennebel-heidebluete-lueneburger-heide-vnp-stiftung-1-400x267.jpg\",\"medium_large\":\"https:\\\/\\\/www.verein-naturschutzpark.de\\\/wp-content\\\/uploads\\\/morgennebel-heidebluete-lueneburger-heide-vnp-stiftung-1-768x512.jpg\",\"large\":\"https:\\\/\\\/www.verein-naturschutzpark.de\\\/wp-content\\\/uploads\\\/morgennebel-heidebluete-lueneburger-heide-vnp-stiftung-1-1024x683.jpg\",\"thumblist\":\"https:\\\/\\\/www.verein-naturschutzpark.de\\\/wp-content\\\/uploads\\\/morgennebel-heidebluete-lueneburger-heide-vnp-stiftung-1.jpg\",\"thumbrelated\":\"https:\\\/\\\/www.verein-naturschutzpark.de\\\/wp-content\\\/uploads\\\/morgennebel-heidebluete-lueneburger-heide-vnp-stiftung-1.jpg\",\"meccarouselthumb\":\"https:\\\/\\\/www.verein-naturschutzpark.de\\\/wp-content\\\/uploads\\\/morgennebel-heidebluete-lueneburger-heide-vnp-stiftung-1.jpg\",\"gridsquare\":\"https:\\\/\\\/www.verein-naturschutzpark.de\\\/wp-content\\\/uploads\\\/morgennebel-heidebluete-lueneburger-heide-vnp-stiftung-1.jpg\",\"tileview\":\"https:\\\/\\\/www.verein-naturschutzpark.de\\\/wp-content\\\/uploads\\\/morgennebel-heidebluete-lueneburger-heide-vnp-stiftung-1.jpg\",\"1536x1536\":\"https:\\\/\\\/www.verein-naturschutzpark.de\\\/wp-content\\\/uploads\\\/morgennebel-heidebluete-lueneburger-heide-vnp-stiftung-1-1536x1024.jpg\",\"2048x2048\":\"https:\\\/\\\/www.verein-naturschutzpark.de\\\/wp-content\\\/uploads\\\/morgennebel-heidebluete-lueneburger-heide-vnp-stiftung-1-2048x1365.jpg\",\"full\":\"https:\\\/\\\/www.verein-naturschutzpark.de\\\/wp-content\\\/uploads\\\/morgennebel-heidebluete-lueneburger-heide-vnp-stiftung-1.jpg\",\"index\":4,\"id\":4498,\"video\":false,\"opts\":{\"caption\":\"Heather blossoming in the Lueneburg Heath: morning fog\",\"thumb\":\"https:\\\/\\\/www.verein-naturschutzpark.de\\\/wp-content\\\/uploads\\\/morgennebel-heidebluete-lueneburger-heide-vnp-stiftung-1-75x50_c.jpg\",\"title\":\"Heather blossoming in the Lueneburg Heath: morning fog | Photo: VNP Stiftung Naturschutzpark L&uuml;neburger Heide\"},\"gallery_id\":\"6436\"},{\"status\":\"active\",\"src\":\"https:\\\/\\\/www.verein-naturschutzpark.de\\\/wp-content\\\/uploads\\\/heidelandschaft-mit-nebel-vnp-stiftung-1.jpg\",\"title\":\"Heather blossoming: landscape in the morning mist | Photo: VNP Stiftung Naturschutzpark L&uuml;neburger Heide\",\"link\":\"https:\\\/\\\/www.verein-naturschutzpark.de\\\/wp-content\\\/uploads\\\/heidelandschaft-mit-nebel-vnp-stiftung-1.jpg\",\"alt\":\"Heather blossoming: landscape in the morning mist | Photo: VNP Stiftung Naturschutzpark L&uuml;neburger Heide\",\"caption\":\"Heather blossoming: landscape in the morning mist\",\"thumb\":\"https:\\\/\\\/www.verein-naturschutzpark.de\\\/wp-content\\\/uploads\\\/heidelandschaft-mit-nebel-vnp-stiftung-1-75x50_c.jpg\",\"meta\":{\"aperture\":\"6.3\",\"credit\":null,\"camera\":\"E-M5\",\"caption\":\"Heidebl\u00fcte: Landschaft im Nebel | Foto: VNP Stiftung Naturschutzpark L\u00fcneburger Heide\",\"created_timestamp\":\"1567924724\",\"copyright\":null,\"focal_length\":\"14\",\"iso\":\"200\",\"shutter_speed\":\"0.005\",\"title\":\"Heidebl\ufffdte: Landschaft im Nebel | Foto: VNP Stiftung Naturschutzpark L\ufffdneburger Heide\",\"orientation\":\"1\",\"keywords\":null},\"thumbnail\":\"https:\\\/\\\/www.verein-naturschutzpark.de\\\/wp-content\\\/uploads\\\/heidelandschaft-mit-nebel-vnp-stiftung-1-150x100.jpg\",\"medium\":\"https:\\\/\\\/www.verein-naturschutzpark.de\\\/wp-content\\\/uploads\\\/heidelandschaft-mit-nebel-vnp-stiftung-1-400x267.jpg\",\"medium_large\":\"https:\\\/\\\/www.verein-naturschutzpark.de\\\/wp-content\\\/uploads\\\/heidelandschaft-mit-nebel-vnp-stiftung-1-768x512.jpg\",\"large\":\"https:\\\/\\\/www.verein-naturschutzpark.de\\\/wp-content\\\/uploads\\\/heidelandschaft-mit-nebel-vnp-stiftung-1-1024x683.jpg\",\"thumblist\":\"https:\\\/\\\/www.verein-naturschutzpark.de\\\/wp-content\\\/uploads\\\/heidelandschaft-mit-nebel-vnp-stiftung-1.jpg\",\"thumbrelated\":\"https:\\\/\\\/www.verein-naturschutzpark.de\\\/wp-content\\\/uploads\\\/heidelandschaft-mit-nebel-vnp-stiftung-1.jpg\",\"meccarouselthumb\":\"https:\\\/\\\/www.verein-naturschutzpark.de\\\/wp-content\\\/uploads\\\/heidelandschaft-mit-nebel-vnp-stiftung-1.jpg\",\"gridsquare\":\"https:\\\/\\\/www.verein-naturschutzpark.de\\\/wp-content\\\/uploads\\\/heidelandschaft-mit-nebel-vnp-stiftung-1.jpg\",\"tileview\":\"https:\\\/\\\/www.verein-naturschutzpark.de\\\/wp-content\\\/uploads\\\/heidelandschaft-mit-nebel-vnp-stiftung-1.jpg\",\"1536x1536\":\"https:\\\/\\\/www.verein-naturschutzpark.de\\\/wp-content\\\/uploads\\\/heidelandschaft-mit-nebel-vnp-stiftung-1-1536x1024.jpg\",\"2048x2048\":\"https:\\\/\\\/www.verein-naturschutzpark.de\\\/wp-content\\\/uploads\\\/heidelandschaft-mit-nebel-vnp-stiftung-1-2048x1365.jpg\",\"full\":\"https:\\\/\\\/www.verein-naturschutzpark.de\\\/wp-content\\\/uploads\\\/heidelandschaft-mit-nebel-vnp-stiftung-1.jpg\",\"index\":5,\"id\":4492,\"video\":false,\"opts\":{\"caption\":\"Heather blossoming: landscape in the morning mist\",\"thumb\":\"https:\\\/\\\/www.verein-naturschutzpark.de\\\/wp-content\\\/uploads\\\/heidelandschaft-mit-nebel-vnp-stiftung-1-75x50_c.jpg\",\"title\":\"Heather blossoming: landscape in the morning mist | Photo: VNP Stiftung Naturschutzpark L&uuml;neburger Heide\"},\"gallery_id\":\"6436\"},{\"status\":\"active\",\"src\":\"https:\\\/\\\/www.verein-naturschutzpark.de\\\/wp-content\\\/uploads\\\/bluehende-heideflaeche-bei-sonnenuntergang-vnp-stiftung-1.jpg\",\"title\":\"Heather blossoming: Flowering heather at sunset | Photo: VNP Stiftung Naturschutzpark L&uuml;neburger Heide\",\"link\":\"https:\\\/\\\/www.verein-naturschutzpark.de\\\/wp-content\\\/uploads\\\/bluehende-heideflaeche-bei-sonnenuntergang-vnp-stiftung-1.jpg\",\"alt\":\"Heather blossoming: Flowering heather at sunset | Photo: VNP Stiftung Naturschutzpark L&uuml;neburger Heide\",\"caption\":\"Heather blossoming: Flowering heather at sunset\",\"thumb\":\"https:\\\/\\\/www.verein-naturschutzpark.de\\\/wp-content\\\/uploads\\\/bluehende-heideflaeche-bei-sonnenuntergang-vnp-stiftung-1-75x50_c.jpg\",\"meta\":{\"aperture\":\"4.6\",\"credit\":null,\"camera\":\"E-M5\",\"caption\":\"Heidebl\u00fcte: Bl\u00fchende Heidefl\u00e4che bei Sonnenuntergang | Foto: VNP Stiftung Naturschutzpark L\u00fcneburger Heide\",\"created_timestamp\":\"1598680949\",\"copyright\":null,\"focal_length\":\"37\",\"iso\":\"200\",\"shutter_speed\":\"0.0125\",\"title\":\"\",\"orientation\":\"1\",\"keywords\":null},\"thumbnail\":\"https:\\\/\\\/www.verein-naturschutzpark.de\\\/wp-content\\\/uploads\\\/bluehende-heideflaeche-bei-sonnenuntergang-vnp-stiftung-1-150x100.jpg\",\"medium\":\"https:\\\/\\\/www.verein-naturschutzpark.de\\\/wp-content\\\/uploads\\\/bluehende-heideflaeche-bei-sonnenuntergang-vnp-stiftung-1-400x267.jpg\",\"medium_large\":\"https:\\\/\\\/www.verein-naturschutzpark.de\\\/wp-content\\\/uploads\\\/bluehende-heideflaeche-bei-sonnenuntergang-vnp-stiftung-1-768x512.jpg\",\"large\":\"https:\\\/\\\/www.verein-naturschutzpark.de\\\/wp-content\\\/uploads\\\/bluehende-heideflaeche-bei-sonnenuntergang-vnp-stiftung-1-1024x683.jpg\",\"thumblist\":\"https:\\\/\\\/www.verein-naturschutzpark.de\\\/wp-content\\\/uploads\\\/bluehende-heideflaeche-bei-sonnenuntergang-vnp-stiftung-1.jpg\",\"thumbrelated\":\"https:\\\/\\\/www.verein-naturschutzpark.de\\\/wp-content\\\/uploads\\\/bluehende-heideflaeche-bei-sonnenuntergang-vnp-stiftung-1.jpg\",\"meccarouselthumb\":\"https:\\\/\\\/www.verein-naturschutzpark.de\\\/wp-content\\\/uploads\\\/bluehende-heideflaeche-bei-sonnenuntergang-vnp-stiftung-1.jpg\",\"gridsquare\":\"https:\\\/\\\/www.verein-naturschutzpark.de\\\/wp-content\\\/uploads\\\/bluehende-heideflaeche-bei-sonnenuntergang-vnp-stiftung-1.jpg\",\"tileview\":\"https:\\\/\\\/www.verein-naturschutzpark.de\\\/wp-content\\\/uploads\\\/bluehende-heideflaeche-bei-sonnenuntergang-vnp-stiftung-1.jpg\",\"1536x1536\":\"https:\\\/\\\/www.verein-naturschutzpark.de\\\/wp-content\\\/uploads\\\/bluehende-heideflaeche-bei-sonnenuntergang-vnp-stiftung-1-1536x1024.jpg\",\"2048x2048\":\"https:\\\/\\\/www.verein-naturschutzpark.de\\\/wp-content\\\/uploads\\\/bluehende-heideflaeche-bei-sonnenuntergang-vnp-stiftung-1-2048x1365.jpg\",\"full\":\"https:\\\/\\\/www.verein-naturschutzpark.de\\\/wp-content\\\/uploads\\\/bluehende-heideflaeche-bei-sonnenuntergang-vnp-stiftung-1.jpg\",\"index\":6,\"id\":4482,\"video\":false,\"opts\":{\"caption\":\"Heather blossoming: Flowering heather at sunset\",\"thumb\":\"https:\\\/\\\/www.verein-naturschutzpark.de\\\/wp-content\\\/uploads\\\/bluehende-heideflaeche-bei-sonnenuntergang-vnp-stiftung-1-75x50_c.jpg\",\"title\":\"Heather blossoming: Flowering heather at sunset | Photo: VNP Stiftung Naturschutzpark L&uuml;neburger Heide\"},\"gallery_id\":\"6436\"},{\"status\":\"active\",\"src\":\"https:\\\/\\\/www.verein-naturschutzpark.de\\\/wp-content\\\/uploads\\\/detail-bluehende-besenheide-calluna-vulgaris-vnp-stiftung-1.jpg\",\"title\":\"Heather blossoming: Flowering broom heather (Calluna Vulgaris) | Photo: VNP Stiftung Naturschutzpark L&uuml;neburger Heide\",\"link\":\"https:\\\/\\\/www.verein-naturschutzpark.de\\\/wp-content\\\/uploads\\\/detail-bluehende-besenheide-calluna-vulgaris-vnp-stiftung-1.jpg\",\"alt\":\"Heather blossoming: Flowering broom heather (Calluna Vulgaris) | Photo: VNP Stiftung Naturschutzpark L&uuml;neburger Heide\",\"caption\":\"Heather blossoming: Flowering broom heather (Calluna Vulgaris)\",\"thumb\":\"https:\\\/\\\/www.verein-naturschutzpark.de\\\/wp-content\\\/uploads\\\/detail-bluehende-besenheide-calluna-vulgaris-vnp-stiftung-1-75x50_c.jpg\",\"meta\":{\"aperture\":\"10\",\"credit\":null,\"camera\":\"NIKON D300\",\"caption\":\"\",\"created_timestamp\":\"1245419686\",\"copyright\":null,\"focal_length\":\"60\",\"iso\":\"200\",\"shutter_speed\":\"0.00625\",\"title\":\"\",\"orientation\":\"1\",\"keywords\":null},\"thumbnail\":\"https:\\\/\\\/www.verein-naturschutzpark.de\\\/wp-content\\\/uploads\\\/detail-bluehende-besenheide-calluna-vulgaris-vnp-stiftung-1-150x100.jpg\",\"medium\":\"https:\\\/\\\/www.verein-naturschutzpark.de\\\/wp-content\\\/uploads\\\/detail-bluehende-besenheide-calluna-vulgaris-vnp-stiftung-1-400x266.jpg\",\"medium_large\":\"https:\\\/\\\/www.verein-naturschutzpark.de\\\/wp-content\\\/uploads\\\/detail-bluehende-besenheide-calluna-vulgaris-vnp-stiftung-1-768x510.jpg\",\"large\":\"https:\\\/\\\/www.verein-naturschutzpark.de\\\/wp-content\\\/uploads\\\/detail-bluehende-besenheide-calluna-vulgaris-vnp-stiftung-1-1024x680.jpg\",\"thumblist\":\"https:\\\/\\\/www.verein-naturschutzpark.de\\\/wp-content\\\/uploads\\\/detail-bluehende-besenheide-calluna-vulgaris-vnp-stiftung-1.jpg\",\"thumbrelated\":\"https:\\\/\\\/www.verein-naturschutzpark.de\\\/wp-content\\\/uploads\\\/detail-bluehende-besenheide-calluna-vulgaris-vnp-stiftung-1.jpg\",\"meccarouselthumb\":\"https:\\\/\\\/www.verein-naturschutzpark.de\\\/wp-content\\\/uploads\\\/detail-bluehende-besenheide-calluna-vulgaris-vnp-stiftung-1.jpg\",\"gridsquare\":\"https:\\\/\\\/www.verein-naturschutzpark.de\\\/wp-content\\\/uploads\\\/detail-bluehende-besenheide-calluna-vulgaris-vnp-stiftung-1.jpg\",\"tileview\":\"https:\\\/\\\/www.verein-naturschutzpark.de\\\/wp-content\\\/uploads\\\/detail-bluehende-besenheide-calluna-vulgaris-vnp-stiftung-1.jpg\",\"1536x1536\":\"https:\\\/\\\/www.verein-naturschutzpark.de\\\/wp-content\\\/uploads\\\/detail-bluehende-besenheide-calluna-vulgaris-vnp-stiftung-1-1536x1020.jpg\",\"2048x2048\":\"https:\\\/\\\/www.verein-naturschutzpark.de\\\/wp-content\\\/uploads\\\/detail-bluehende-besenheide-calluna-vulgaris-vnp-stiftung-1-2048x1360.jpg\",\"full\":\"https:\\\/\\\/www.verein-naturschutzpark.de\\\/wp-content\\\/uploads\\\/detail-bluehende-besenheide-calluna-vulgaris-vnp-stiftung-1.jpg\",\"index\":7,\"id\":4484,\"video\":false,\"opts\":{\"caption\":\"Heather blossoming: Flowering broom heather (Calluna Vulgaris)\",\"thumb\":\"https:\\\/\\\/www.verein-naturschutzpark.de\\\/wp-content\\\/uploads\\\/detail-bluehende-besenheide-calluna-vulgaris-vnp-stiftung-1-75x50_c.jpg\",\"title\":\"Heather blossoming: Flowering broom heather (Calluna Vulgaris) | Photo: VNP Stiftung Naturschutzpark L&uuml;neburger Heide\"},\"gallery_id\":\"6436\"},{\"status\":\"active\",\"src\":\"https:\\\/\\\/www.verein-naturschutzpark.de\\\/wp-content\\\/uploads\\\/bienenzaun-in-bluehender-heideflaeche-vnp-stiftung-1.jpg\",\"title\":\"Heather blossoming: (bee enclosure) apiary in flowering heather | Photo: VNP Stiftung Naturschutzpark L&uuml;neburger Heide\",\"link\":\"https:\\\/\\\/www.verein-naturschutzpark.de\\\/wp-content\\\/uploads\\\/bienenzaun-in-bluehender-heideflaeche-vnp-stiftung-1.jpg\",\"alt\":\"Heather blossoming: (bee enclosure) apiary in flowering heather | Photo: VNP Stiftung Naturschutzpark L&uuml;neburger Heide\",\"caption\":\"Heather blossoming: (bee enclosure) apiary in flowering heather\",\"thumb\":\"https:\\\/\\\/www.verein-naturschutzpark.de\\\/wp-content\\\/uploads\\\/bienenzaun-in-bluehender-heideflaeche-vnp-stiftung-1-75x50_c.jpg\",\"meta\":{\"aperture\":\"8\",\"credit\":null,\"camera\":\"E-M5\",\"caption\":\"Heidebl\u00fcte: Bienenzaun in bl\u00fchender Heidefl\u00e4che | Foto: VNP Stiftung Naturschutzpark L\u00fcneburger Heide\",\"created_timestamp\":\"1565250412\",\"copyright\":null,\"focal_length\":\"46\",\"iso\":\"200\",\"shutter_speed\":\"0.003125\",\"title\":\"\",\"orientation\":\"1\",\"keywords\":null},\"thumbnail\":\"https:\\\/\\\/www.verein-naturschutzpark.de\\\/wp-content\\\/uploads\\\/bienenzaun-in-bluehender-heideflaeche-vnp-stiftung-1-150x100.jpg\",\"medium\":\"https:\\\/\\\/www.verein-naturschutzpark.de\\\/wp-content\\\/uploads\\\/bienenzaun-in-bluehender-heideflaeche-vnp-stiftung-1-400x267.jpg\",\"medium_large\":\"https:\\\/\\\/www.verein-naturschutzpark.de\\\/wp-content\\\/uploads\\\/bienenzaun-in-bluehender-heideflaeche-vnp-stiftung-1-768x512.jpg\",\"large\":\"https:\\\/\\\/www.verein-naturschutzpark.de\\\/wp-content\\\/uploads\\\/bienenzaun-in-bluehender-heideflaeche-vnp-stiftung-1-1024x683.jpg\",\"thumblist\":\"https:\\\/\\\/www.verein-naturschutzpark.de\\\/wp-content\\\/uploads\\\/bienenzaun-in-bluehender-heideflaeche-vnp-stiftung-1.jpg\",\"thumbrelated\":\"https:\\\/\\\/www.verein-naturschutzpark.de\\\/wp-content\\\/uploads\\\/bienenzaun-in-bluehender-heideflaeche-vnp-stiftung-1.jpg\",\"meccarouselthumb\":\"https:\\\/\\\/www.verein-naturschutzpark.de\\\/wp-content\\\/uploads\\\/bienenzaun-in-bluehender-heideflaeche-vnp-stiftung-1.jpg\",\"gridsquare\":\"https:\\\/\\\/www.verein-naturschutzpark.de\\\/wp-content\\\/uploads\\\/bienenzaun-in-bluehender-heideflaeche-vnp-stiftung-1.jpg\",\"tileview\":\"https:\\\/\\\/www.verein-naturschutzpark.de\\\/wp-content\\\/uploads\\\/bienenzaun-in-bluehender-heideflaeche-vnp-stiftung-1.jpg\",\"1536x1536\":\"https:\\\/\\\/www.verein-naturschutzpark.de\\\/wp-content\\\/uploads\\\/bienenzaun-in-bluehender-heideflaeche-vnp-stiftung-1-1536x1024.jpg\",\"2048x2048\":\"https:\\\/\\\/www.verein-naturschutzpark.de\\\/wp-content\\\/uploads\\\/bienenzaun-in-bluehender-heideflaeche-vnp-stiftung-1-2048x1365.jpg\",\"full\":\"https:\\\/\\\/www.verein-naturschutzpark.de\\\/wp-content\\\/uploads\\\/bienenzaun-in-bluehender-heideflaeche-vnp-stiftung-1.jpg\",\"index\":8,\"id\":4480,\"video\":false,\"opts\":{\"caption\":\"Heather blossoming: (bee enclosure) apiary in flowering heather\",\"thumb\":\"https:\\\/\\\/www.verein-naturschutzpark.de\\\/wp-content\\\/uploads\\\/bienenzaun-in-bluehender-heideflaeche-vnp-stiftung-1-75x50_c.jpg\",\"title\":\"Heather blossoming: (bee enclosure) apiary in flowering heather | Photo: VNP Stiftung Naturschutzpark L&uuml;neburger Heide\"},\"gallery_id\":\"6436\"},{\"status\":\"active\",\"src\":\"https:\\\/\\\/www.verein-naturschutzpark.de\\\/wp-content\\\/uploads\\\/lueneburger-stuelper-und-bienenkaesten-im-bienenzaun-vnp-stiftung-1.jpg\",\"title\":\"L&uuml;neburger St&uuml;lper (straw beehives) and bee boxes in the (bee enclosure) apiary | Photo: VNP Stiftung Naturschutzpark L&uuml;neburger Heide\",\"link\":\"https:\\\/\\\/www.verein-naturschutzpark.de\\\/wp-content\\\/uploads\\\/lueneburger-stuelper-und-bienenkaesten-im-bienenzaun-vnp-stiftung-1.jpg\",\"alt\":\"L&uuml;neburger St&uuml;lper (straw beehives) and bee boxes in the (bee enclosure) apiary | Photo: VNP Stiftung Naturschutzpark L&uuml;neburger Heide\",\"caption\":\"L&uuml;neburger St&uuml;lper (straw beehives) and bee boxes in the (bee enclosure) apiary\",\"thumb\":\"https:\\\/\\\/www.verein-naturschutzpark.de\\\/wp-content\\\/uploads\\\/lueneburger-stuelper-und-bienenkaesten-im-bienenzaun-vnp-stiftung-1-75x50_c.jpg\",\"meta\":{\"aperture\":\"6.3\",\"credit\":null,\"camera\":\"E-M5\",\"caption\":\"L\u00fcneburger St\u00fclper und Bienenk\u00e4sten im Bienenzaun | Foto: VNP Stiftung Naturschutzpark L\u00fcneburger Heide\",\"created_timestamp\":\"1503332132\",\"copyright\":null,\"focal_length\":\"200\",\"iso\":\"200\",\"shutter_speed\":\"0.0025\",\"title\":\"L\ufffdneburger St\ufffdlper und Bienenk\ufffdsten im Bienenzaun | Foto: VNP Stiftung Naturschutzpark L\ufffdneburger HeideL\ufffdneburger St\ufffdlper und Bienenk\ufffdsten im Bienenzaun | Foto: VNP Stiftung Naturschutzpark L\ufffdneburger Heide\",\"orientation\":\"1\",\"keywords\":null},\"thumbnail\":\"https:\\\/\\\/www.verein-naturschutzpark.de\\\/wp-content\\\/uploads\\\/lueneburger-stuelper-und-bienenkaesten-im-bienenzaun-vnp-stiftung-1-150x100.jpg\",\"medium\":\"https:\\\/\\\/www.verein-naturschutzpark.de\\\/wp-content\\\/uploads\\\/lueneburger-stuelper-und-bienenkaesten-im-bienenzaun-vnp-stiftung-1-400x267.jpg\",\"medium_large\":\"https:\\\/\\\/www.verein-naturschutzpark.de\\\/wp-content\\\/uploads\\\/lueneburger-stuelper-und-bienenkaesten-im-bienenzaun-vnp-stiftung-1-768x512.jpg\",\"large\":\"https:\\\/\\\/www.verein-naturschutzpark.de\\\/wp-content\\\/uploads\\\/lueneburger-stuelper-und-bienenkaesten-im-bienenzaun-vnp-stiftung-1-1024x683.jpg\",\"thumblist\":\"https:\\\/\\\/www.verein-naturschutzpark.de\\\/wp-content\\\/uploads\\\/lueneburger-stuelper-und-bienenkaesten-im-bienenzaun-vnp-stiftung-1.jpg\",\"thumbrelated\":\"https:\\\/\\\/www.verein-naturschutzpark.de\\\/wp-content\\\/uploads\\\/lueneburger-stuelper-und-bienenkaesten-im-bienenzaun-vnp-stiftung-1.jpg\",\"meccarouselthumb\":\"https:\\\/\\\/www.verein-naturschutzpark.de\\\/wp-content\\\/uploads\\\/lueneburger-stuelper-und-bienenkaesten-im-bienenzaun-vnp-stiftung-1.jpg\",\"gridsquare\":\"https:\\\/\\\/www.verein-naturschutzpark.de\\\/wp-content\\\/uploads\\\/lueneburger-stuelper-und-bienenkaesten-im-bienenzaun-vnp-stiftung-1.jpg\",\"tileview\":\"https:\\\/\\\/www.verein-naturschutzpark.de\\\/wp-content\\\/uploads\\\/lueneburger-stuelper-und-bienenkaesten-im-bienenzaun-vnp-stiftung-1.jpg\",\"1536x1536\":\"https:\\\/\\\/www.verein-naturschutzpark.de\\\/wp-content\\\/uploads\\\/lueneburger-stuelper-und-bienenkaesten-im-bienenzaun-vnp-stiftung-1-1536x1024.jpg\",\"2048x2048\":\"https:\\\/\\\/www.verein-naturschutzpark.de\\\/wp-content\\\/uploads\\\/lueneburger-stuelper-und-bienenkaesten-im-bienenzaun-vnp-stiftung-1-2048x1365.jpg\",\"full\":\"https:\\\/\\\/www.verein-naturschutzpark.de\\\/wp-content\\\/uploads\\\/lueneburger-stuelper-und-bienenkaesten-im-bienenzaun-vnp-stiftung-1.jpg\",\"index\":9,\"id\":4496,\"video\":false,\"opts\":{\"caption\":\"L&uuml;neburger St&uuml;lper (straw beehives) and bee boxes in the (bee enclosure) apiary\",\"thumb\":\"https:\\\/\\\/www.verein-naturschutzpark.de\\\/wp-content\\\/uploads\\\/lueneburger-stuelper-und-bienenkaesten-im-bienenzaun-vnp-stiftung-1-75x50_c.jpg\",\"title\":\"L&uuml;neburger St&uuml;lper (straw beehives) and bee boxes in the (bee enclosure) apiary | Photo: VNP Stiftung Naturschutzpark L&uuml;neburger Heide\"},\"gallery_id\":\"6436\"},{\"status\":\"active\",\"src\":\"https:\\\/\\\/www.verein-naturschutzpark.de\\\/wp-content\\\/uploads\\\/kutschfahrt-zur-heidebluete-naturschutzgebiet-lueneburger-heide-vnp-stiftung-1.jpg\",\"title\":\"Heather blossoming: carriage ride through the Lueneburg Heath | Photo: VNP Stiftung Naturschutzpark L&uuml;neburger Heide\",\"link\":\"https:\\\/\\\/www.verein-naturschutzpark.de\\\/wp-content\\\/uploads\\\/kutschfahrt-zur-heidebluete-naturschutzgebiet-lueneburger-heide-vnp-stiftung-1.jpg\",\"alt\":\"Heather blossoming: carriage ride through the Lueneburg Heath | Photo: VNP Stiftung Naturschutzpark L&uuml;neburger Heide\",\"caption\":\"Heather blossoming: carriage ride through the Lueneburg Heath\",\"thumb\":\"https:\\\/\\\/www.verein-naturschutzpark.de\\\/wp-content\\\/uploads\\\/kutschfahrt-zur-heidebluete-naturschutzgebiet-lueneburger-heide-vnp-stiftung-1-75x50_c.jpg\",\"meta\":{\"aperture\":\"3.2\",\"credit\":null,\"camera\":\"C750UZ\",\"caption\":\"Heidebl\u00fcte: Kutschfahrt durch die L\u00fcneburger Heide | Foto: VNP Stiftung Naturschutzpark L\u00fcneburger Heide\",\"created_timestamp\":\"-62169984000\",\"copyright\":null,\"focal_length\":\"39.8\",\"iso\":\"50\",\"shutter_speed\":\"0.0025\",\"title\":\"Heidebl\ufffdte: Kutschfahrt durch die L\ufffdneburger Heide | Foto: VNP Stiftung Naturschutzpark L\ufffdneburger Heide\",\"orientation\":\"1\",\"keywords\":null},\"thumbnail\":\"https:\\\/\\\/www.verein-naturschutzpark.de\\\/wp-content\\\/uploads\\\/kutschfahrt-zur-heidebluete-naturschutzgebiet-lueneburger-heide-vnp-stiftung-1-150x112.jpg\",\"medium\":\"https:\\\/\\\/www.verein-naturschutzpark.de\\\/wp-content\\\/uploads\\\/kutschfahrt-zur-heidebluete-naturschutzgebiet-lueneburger-heide-vnp-stiftung-1-400x299.jpg\",\"medium_large\":\"https:\\\/\\\/www.verein-naturschutzpark.de\\\/wp-content\\\/uploads\\\/kutschfahrt-zur-heidebluete-naturschutzgebiet-lueneburger-heide-vnp-stiftung-1-768x575.jpg\",\"large\":\"https:\\\/\\\/www.verein-naturschutzpark.de\\\/wp-content\\\/uploads\\\/kutschfahrt-zur-heidebluete-naturschutzgebiet-lueneburger-heide-vnp-stiftung-1-1024x766.jpg\",\"thumblist\":\"https:\\\/\\\/www.verein-naturschutzpark.de\\\/wp-content\\\/uploads\\\/kutschfahrt-zur-heidebluete-naturschutzgebiet-lueneburger-heide-vnp-stiftung-1.jpg\",\"thumbrelated\":\"https:\\\/\\\/www.verein-naturschutzpark.de\\\/wp-content\\\/uploads\\\/kutschfahrt-zur-heidebluete-naturschutzgebiet-lueneburger-heide-vnp-stiftung-1.jpg\",\"meccarouselthumb\":\"https:\\\/\\\/www.verein-naturschutzpark.de\\\/wp-content\\\/uploads\\\/kutschfahrt-zur-heidebluete-naturschutzgebiet-lueneburger-heide-vnp-stiftung-1.jpg\",\"gridsquare\":\"https:\\\/\\\/www.verein-naturschutzpark.de\\\/wp-content\\\/uploads\\\/kutschfahrt-zur-heidebluete-naturschutzgebiet-lueneburger-heide-vnp-stiftung-1.jpg\",\"tileview\":\"https:\\\/\\\/www.verein-naturschutzpark.de\\\/wp-content\\\/uploads\\\/kutschfahrt-zur-heidebluete-naturschutzgebiet-lueneburger-heide-vnp-stiftung-1.jpg\",\"1536x1536\":\"https:\\\/\\\/www.verein-naturschutzpark.de\\\/wp-content\\\/uploads\\\/kutschfahrt-zur-heidebluete-naturschutzgebiet-lueneburger-heide-vnp-stiftung-1-1536x1149.jpg\",\"2048x2048\":\"https:\\\/\\\/www.verein-naturschutzpark.de\\\/wp-content\\\/uploads\\\/kutschfahrt-zur-heidebluete-naturschutzgebiet-lueneburger-heide-vnp-stiftung-1-2048x1532.jpg\",\"full\":\"https:\\\/\\\/www.verein-naturschutzpark.de\\\/wp-content\\\/uploads\\\/kutschfahrt-zur-heidebluete-naturschutzgebiet-lueneburger-heide-vnp-stiftung-1.jpg\",\"index\":10,\"id\":4494,\"video\":false,\"opts\":{\"caption\":\"Heather blossoming: carriage ride through the Lueneburg Heath\",\"thumb\":\"https:\\\/\\\/www.verein-naturschutzpark.de\\\/wp-content\\\/uploads\\\/kutschfahrt-zur-heidebluete-naturschutzgebiet-lueneburger-heide-vnp-stiftung-1-75x50_c.jpg\",\"title\":\"Heather blossoming: carriage ride through the Lueneburg Heath | Photo: VNP Stiftung Naturschutzpark L&uuml;neburger Heide\"},\"gallery_id\":\"6436\"},{\"status\":\"active\",\"src\":\"https:\\\/\\\/www.verein-naturschutzpark.de\\\/wp-content\\\/uploads\\\/polizeireiter-auf-streife-naturschutzgebiet-lueneburger-heide-vnp-stiftung-1.jpg\",\"title\":\"Heather blossoming: Police riders on patrol in the L&uuml;neburg Heath nature reserve | Photo: VNP Stiftung Naturschutzpark L&uuml;neburger Heide\",\"link\":\"https:\\\/\\\/www.verein-naturschutzpark.de\\\/wp-content\\\/uploads\\\/polizeireiter-auf-streife-naturschutzgebiet-lueneburger-heide-vnp-stiftung-1.jpg\",\"alt\":\"Heather blossoming: Police riders on patrol in the L&uuml;neburg Heath nature reserve | Photo: VNP Stiftung Naturschutzpark L&uuml;neburger Heide\",\"caption\":\"Heather blossoming: Police riders on patrol in the L&uuml;neburg Heath nature reserve\",\"thumb\":\"https:\\\/\\\/www.verein-naturschutzpark.de\\\/wp-content\\\/uploads\\\/polizeireiter-auf-streife-naturschutzgebiet-lueneburger-heide-vnp-stiftung-1-75x50_c.jpg\",\"meta\":{\"aperture\":\"7.1\",\"credit\":null,\"camera\":\"E-M5\",\"caption\":\"Heidebl\u00fcte: Polizeireiter auf Streife im Naturschutzgebiet L\u00fcneburger Heide | Foto: VNP Stiftung Naturschutzpark L\u00fcneburger Heide\",\"created_timestamp\":\"1597400536\",\"copyright\":null,\"focal_length\":\"140\",\"iso\":\"200\",\"shutter_speed\":\"0.002\",\"title\":\"Heidebl\ufffdte: Polizeireiter auf Streife im Naturschutzgebiet L\ufffdneburger Heide | Foto: VNP Stiftung Naturschutzpark L\ufffdneburger Heide\",\"orientation\":\"1\",\"keywords\":null},\"thumbnail\":\"https:\\\/\\\/www.verein-naturschutzpark.de\\\/wp-content\\\/uploads\\\/polizeireiter-auf-streife-naturschutzgebiet-lueneburger-heide-vnp-stiftung-1-150x100.jpg\",\"medium\":\"https:\\\/\\\/www.verein-naturschutzpark.de\\\/wp-content\\\/uploads\\\/polizeireiter-auf-streife-naturschutzgebiet-lueneburger-heide-vnp-stiftung-1-400x267.jpg\",\"medium_large\":\"https:\\\/\\\/www.verein-naturschutzpark.de\\\/wp-content\\\/uploads\\\/polizeireiter-auf-streife-naturschutzgebiet-lueneburger-heide-vnp-stiftung-1-768x512.jpg\",\"large\":\"https:\\\/\\\/www.verein-naturschutzpark.de\\\/wp-content\\\/uploads\\\/polizeireiter-auf-streife-naturschutzgebiet-lueneburger-heide-vnp-stiftung-1-1024x683.jpg\",\"thumblist\":\"https:\\\/\\\/www.verein-naturschutzpark.de\\\/wp-content\\\/uploads\\\/polizeireiter-auf-streife-naturschutzgebiet-lueneburger-heide-vnp-stiftung-1.jpg\",\"thumbrelated\":\"https:\\\/\\\/www.verein-naturschutzpark.de\\\/wp-content\\\/uploads\\\/polizeireiter-auf-streife-naturschutzgebiet-lueneburger-heide-vnp-stiftung-1.jpg\",\"meccarouselthumb\":\"https:\\\/\\\/www.verein-naturschutzpark.de\\\/wp-content\\\/uploads\\\/polizeireiter-auf-streife-naturschutzgebiet-lueneburger-heide-vnp-stiftung-1.jpg\",\"gridsquare\":\"https:\\\/\\\/www.verein-naturschutzpark.de\\\/wp-content\\\/uploads\\\/polizeireiter-auf-streife-naturschutzgebiet-lueneburger-heide-vnp-stiftung-1.jpg\",\"tileview\":\"https:\\\/\\\/www.verein-naturschutzpark.de\\\/wp-content\\\/uploads\\\/polizeireiter-auf-streife-naturschutzgebiet-lueneburger-heide-vnp-stiftung-1.jpg\",\"1536x1536\":\"https:\\\/\\\/www.verein-naturschutzpark.de\\\/wp-content\\\/uploads\\\/polizeireiter-auf-streife-naturschutzgebiet-lueneburger-heide-vnp-stiftung-1-1536x1024.jpg\",\"2048x2048\":\"https:\\\/\\\/www.verein-naturschutzpark.de\\\/wp-content\\\/uploads\\\/polizeireiter-auf-streife-naturschutzgebiet-lueneburger-heide-vnp-stiftung-1-2048x1365.jpg\",\"full\":\"https:\\\/\\\/www.verein-naturschutzpark.de\\\/wp-content\\\/uploads\\\/polizeireiter-auf-streife-naturschutzgebiet-lueneburger-heide-vnp-stiftung-1.jpg\",\"index\":11,\"id\":4500,\"video\":false,\"opts\":{\"caption\":\"Heather blossoming: Police riders on patrol in the L&uuml;neburg Heath nature reserve\",\"thumb\":\"https:\\\/\\\/www.verein-naturschutzpark.de\\\/wp-content\\\/uploads\\\/polizeireiter-auf-streife-naturschutzgebiet-lueneburger-heide-vnp-stiftung-1-75x50_c.jpg\",\"title\":\"Heather blossoming: Police riders on patrol in the L&uuml;neburg Heath nature reserve | Photo: VNP Stiftung Naturschutzpark L&uuml;neburger Heide\"},\"gallery_id\":\"6436\"}]' data-lightbox-theme='{&quot;arrows&quot;:true,&quot;margins&quot;:[120,0],&quot;gutter&quot;:&quot;20&quot;,&quot;thumbs_position&quot;:&quot;side&quot;,&quot;base_template&quot;:&quot;&lt;div id=\\&quot;envirabox-6436\\&quot; data-envirabox-id=\\&quot;6436\\&quot; class=\\&quot;envirabox-container envirabox-theme-infinity_light envirabox-wrap\\&quot; role=\\&quot;dialog\\&quot;&gt;&lt;div class=\\&quot;envirabox-bg\\&quot;&gt;&lt;\\\/div&gt;&lt;div class=\\&quot;envirabox-outer\\&quot;&gt;&lt;div class=\\&quot;envirabox-inner\\&quot;&gt;&lt;div class=\\&quot;envirabox-title-wrap\\&quot;&gt;&lt;div class=\\&quot;envirabox-title-inner\\&quot;&gt;&lt;div class=\\&quot;envirabox-caption\\&quot;&gt;&lt;\\\/div&gt;&lt;\\\/div&gt;&lt;div class=\\&quot;envirabox-woocommerce-container\\&quot;&gt;&lt;\\\/div&gt;&lt;\\\/div&gt;&lt;div class=\\&quot;envirabox-toolbar\\&quot;&gt;&lt;div class=\\&quot;envira-close-button\\&quot;&gt;&lt;a data-envirabox-close class=\\&quot;envirabox-item envirabox-close envirabox-button--close\\&quot; title=\\&quot;Close\\&quot; href=\\&quot;#\\&quot;&gt;                   &lt;svg\\t\\t\\t\\t\\txmlns=\\&quot;http:\\\/\\\/www.w3.org\\\/2000\\\/svg\\&quot;\\t\\t\\t\\t\\twidth=\\&quot;30px\\&quot;\\t\\t\\t\\t\\theight=\\&quot;30px\\&quot;\\t\\t\\t\\t\\tviewBox=\\&quot;0 0 768 768\\&quot;\\t\\t\\t\\t   &gt;\\t\\t\\t\\t\\t&lt;path d=\\&quot;M607.5 205.5L429 384l178.5 178.5-45 45L384 429 205.5 607.5l-45-45L339 384 160.5 205.5l45-45L384 339l178.5-178.5z\\&quot;&gt;&lt;\\\/path&gt;\\t\\t\\t\\t   &lt;\\\/svg&gt;&lt;\\\/a&gt;&lt;\\\/div&gt;&lt;div class=\\&quot;envirabox-icons\\&quot;&gt;&lt;\\\/div&gt;&lt;\\\/div&gt;&lt;div class=\\&quot;envira-thumbs-button\\&quot;&gt;&lt;a data-envirabox-thumbs class=\\&quot;envirabox-item envira-thumbs-button envirabox-button--thumbs\\&quot; title=\\&quot;Toggle Thumbnails\\&quot; href=\\&quot;javascript:void(0)\\&quot;&gt;&lt;\\\/a&gt;&lt;\\\/div&gt;&lt;div class=\\&quot;envirabox-navigation\\&quot;&gt;&lt;a data-envirabox-prev title=\\&quot;Prev\\&quot; class=\\&quot;envirabox-arrow envirabox-arrow--left envirabox-nav envirabox-prev\\&quot; href=\\&quot;#\\&quot;&gt;&lt;span&gt;                     &lt;svg\\t\\t\\t\\t\\txmlns=\\&quot;http:\\\/\\\/www.w3.org\\\/2000\\\/svg\\&quot;\\t\\t\\t\\t\\twidth=\\&quot;45px\\&quot;\\t\\t\\t\\t\\theight=\\&quot;45px\\&quot;\\t\\t\\t\\t\\tviewBox=\\&quot;0 0 768 768\\&quot;\\t\\t\\t\\t   &gt;\\t\\t\\t\\t\\t&lt;path d=\\&quot;M493.5 531l-45 45-192-192 192-192 45 45-147 147z\\&quot;&gt;&lt;\\\/path&gt;\\t\\t\\t\\t   &lt;\\\/svg&gt;&lt;\\\/span&gt;&lt;\\\/a&gt;&lt;a data-envirabox-next title=\\&quot;Next\\&quot; class=\\&quot;envirabox-arrow envirabox-arrow--right envirabox-nav envirabox-next\\&quot; href=\\&quot;#\\&quot;&gt;&lt;span&gt;                         &lt;svg\\t\\t\\t\\t\\txmlns=\\&quot;http:\\\/\\\/www.w3.org\\\/2000\\\/svg\\&quot;\\t\\t\\t\\t\\twidth=\\&quot;45px\\&quot;\\t\\t\\t\\t\\theight=\\&quot;45px\\&quot;\\t\\t\\t\\t\\tviewBox=\\&quot;0 0 768 768\\&quot;\\t\\t\\t\\t   &gt;\\t\\t\\t\\t\\t&lt;path d=\\&quot;M274.5 531l147-147-147-147 45-45 192 192-192 192z\\&quot;&gt;&lt;\\\/path&gt;\\t\\t\\t\\t   &lt;\\\/svg&gt;&lt;\\\/span&gt;&lt;\\\/a&gt;&lt;\\\/div&gt;&lt;div class=\\&quot;envirabox-stage\\&quot;&gt;&lt;\\\/div&gt;&lt;\\\/div&gt;&lt;\\\/div&gt;&lt;\\\/div&gt;&quot;,&quot;inner_caption&quot;:true,&quot;load_all&quot;:false,&quot;error_template&quot;:&quot;&lt;div class=\\&quot;envirabox-error\\&quot;&gt;&lt;p&gt;{{ERROR}}&lt;p&gt;&lt;\\\/div&gt;&quot;,&quot;caption_position&quot;:&quot;outside&quot;,&quot;arrow_position&quot;:false,&quot;toolbar&quot;:true,&quot;infobar&quot;:false,&quot;show_smallbtn&quot;:false,&quot;idle_time&quot;:false,&quot;click_content&quot;:false,&quot;click_slide&quot;:false,&quot;click_outside&quot;:false,&quot;animation_duration&quot;:false,&quot;transition_duration&quot;:false,&quot;small_btn_template&quot;:&quot;&lt;a data-envirabox-close class=\\&quot;envirabox-item envirabox-close envirabox-button--close\\&quot; title=\\&quot;Close\\&quot; href=\\&quot;#\\&quot;&gt;&lt;\\\/a&gt;&quot;}' data-parsed-attrs='{\"id\":\"6436\",\"cache\":true}'><div id=\"envira-gallery-item-4488\" class=\"envira-gallery-item envira-gallery-item-1 envira-lazy-load\" style=\"padding-left: 5px; padding-bottom: 10px; padding-right: 5px;\"  itemscope itemtype=\"https:\/\/schema.org\/ImageObject\"><div class=\"envira-gallery-item-inner\"><div class=\"envira-gallery-position-overlay envira-gallery-top-left\"><\/div><div class=\"envira-gallery-position-overlay envira-gallery-top-right\"><\/div><div class=\"envira-gallery-position-overlay envira-gallery-bottom-left\"><\/div><div class=\"envira-gallery-position-overlay envira-gallery-bottom-right\"><\/div><a class=\"envira-gallery-6436 envira-gallery-link\" href=\"https:\/\/www.verein-naturschutzpark.de\/wp-content\/uploads\/heidebluete-heideflaeche-mit-sitzbank-vnp-stiftung-1.jpg\" title=\"Heather blossoming: heather landscape with bench | Photo: VNP Stiftung Naturschutzpark L\u00fcneburger Heide\" data-caption=\"Heather blossoming: heather landscape with bench\" data-envira-item-id=\"4488\" data-envira-retina=\"https:\/\/www.verein-naturschutzpark.de\/wp-content\/uploads\/heidebluete-heideflaeche-mit-sitzbank-vnp-stiftung-1.jpg\" data-thumb=\"https:\/\/www.verein-naturschutzpark.de\/wp-content\/uploads\/heidebluete-heideflaeche-mit-sitzbank-vnp-stiftung-1-75x50_c.jpg\" data-title=\"Heather blossoming: heather landscape with bench | Photo: VNP Stiftung Naturschutzpark L&uuml;neburger Heide\" data-envirabox='6436' itemprop=\"contentUrl\"><div class=\"envira-lazy\" style=\"padding-bottom: 75%;\" data-envira-changed=\"false\" data-width=\"640\" data-height=\"480\"><img decoding=\"async\" src=\"https:\/\/www.verein-naturschutzpark.de\/wp-content\/uploads\/heidebluete-heideflaeche-mit-sitzbank-vnp-stiftung-1-640x480_c.jpg\" alt=\"Heather blossoming: heather landscape with bench | Photo: VNP Stiftung Naturschutzpark L&uuml;neburger Heide\" class=\"envira-gallery-image envira-gallery-image-1    envira-lazy\" height=\"480\" id=\"envira-gallery-image-4488\" srcset=\"data:image\/gif;base64,R0lGODlhAQABAIAAAP\/\/\/\/\/\/\/yH5BAEKAAEALAAAAAABAAEAAAICTAEAOw==\" tabindex=\"-1\" title=\"Heather blossoming: heather landscape with bench | Photo: VNP Stiftung Naturschutzpark L\u00fcneburger Heide\" width=\"640\" data-caption=\"Heather blossoming: heather landscape with bench\" data-envira-gallery-id=\"6436\" data-envira-index=\"0\" data-envira-item-id=\"4488\" data-envira-src=\"https:\/\/www.verein-naturschutzpark.de\/wp-content\/uploads\/heidebluete-heideflaeche-mit-sitzbank-vnp-stiftung-1-640x480_c.jpg\" data-envira-srcset=\"https:\/\/www.verein-naturschutzpark.de\/wp-content\/uploads\/heidebluete-heideflaeche-mit-sitzbank-vnp-stiftung-1-640x480_c.jpg 400w, https:\/\/www.verein-naturschutzpark.de\/wp-content\/uploads\/heidebluete-heideflaeche-mit-sitzbank-vnp-stiftung-1-640x480_c.jpg 2x\" data-title=\"Heather blossoming: heather landscape with bench | Photo: VNP Stiftung Naturschutzpark L&uuml;neburger Heide\" itemprop=\"thumbnailUrl\"  data-no-lazy=\"1\"  data-envirabox=\"6436\" \/><\/div><\/a><div class=\"envira-gallery-captioned-data envira-gallery-captioned-data-sleek\"><\/div><\/div><\/div><div id=\"envira-gallery-item-4478\" class=\"envira-gallery-item envira-gallery-item-2 envira-lazy-load\" style=\"padding-left: 5px; padding-bottom: 10px; padding-right: 5px;\"  itemscope itemtype=\"https:\/\/schema.org\/ImageObject\"><div class=\"envira-gallery-item-inner\"><div class=\"envira-gallery-position-overlay envira-gallery-top-left\"><\/div><div class=\"envira-gallery-position-overlay envira-gallery-top-right\"><\/div><div class=\"envira-gallery-position-overlay envira-gallery-bottom-left\"><\/div><div class=\"envira-gallery-position-overlay envira-gallery-bottom-right\"><\/div><a class=\"envira-gallery-6436 envira-gallery-link\" href=\"https:\/\/www.verein-naturschutzpark.de\/wp-content\/uploads\/ausblick-bluehende-heideflaeche-vnp-stiftung-1.jpg\" title=\"Heather blossoming: Wide view into the flowering heath | Photo: VNP Stiftung Naturschutzpark L\u00fcneburger Heide\" data-caption=\"Heather blossoming: Wide view into the flowering heath\" data-envira-item-id=\"4478\" data-envira-retina=\"https:\/\/www.verein-naturschutzpark.de\/wp-content\/uploads\/ausblick-bluehende-heideflaeche-vnp-stiftung-1.jpg\" data-thumb=\"https:\/\/www.verein-naturschutzpark.de\/wp-content\/uploads\/ausblick-bluehende-heideflaeche-vnp-stiftung-1-75x50_c.jpg\" data-title=\"Heather blossoming: Wide view into the flowering heath | Photo: VNP Stiftung Naturschutzpark L&uuml;neburger Heide\" data-envirabox='6436' itemprop=\"contentUrl\"><div class=\"envira-lazy\" style=\"padding-bottom: 75%;\" data-envira-changed=\"false\" data-width=\"640\" data-height=\"480\"><img decoding=\"async\" src=\"https:\/\/www.verein-naturschutzpark.de\/wp-content\/uploads\/ausblick-bluehende-heideflaeche-vnp-stiftung-1-640x480_c.jpg\" alt=\"Heather blossoming: Wide view into the flowering heath | Photo: VNP Stiftung Naturschutzpark L&uuml;neburger Heide\" class=\"envira-gallery-image envira-gallery-image-2    envira-lazy\" height=\"480\" id=\"envira-gallery-image-4478\" srcset=\"data:image\/gif;base64,R0lGODlhAQABAIAAAP\/\/\/\/\/\/\/yH5BAEKAAEALAAAAAABAAEAAAICTAEAOw==\" tabindex=\"-1\" title=\"Heather blossoming: Wide view into the flowering heath | Photo: VNP Stiftung Naturschutzpark L\u00fcneburger Heide\" width=\"640\" data-caption=\"Heather blossoming: Wide view into the flowering heath\" data-envira-gallery-id=\"6436\" data-envira-index=\"1\" data-envira-item-id=\"4478\" data-envira-src=\"https:\/\/www.verein-naturschutzpark.de\/wp-content\/uploads\/ausblick-bluehende-heideflaeche-vnp-stiftung-1-640x480_c.jpg\" data-envira-srcset=\"https:\/\/www.verein-naturschutzpark.de\/wp-content\/uploads\/ausblick-bluehende-heideflaeche-vnp-stiftung-1-640x480_c.jpg 400w, https:\/\/www.verein-naturschutzpark.de\/wp-content\/uploads\/ausblick-bluehende-heideflaeche-vnp-stiftung-1-640x480_c.jpg 2x\" data-title=\"Heather blossoming: Wide view into the flowering heath | Photo: VNP Stiftung Naturschutzpark L&uuml;neburger Heide\" itemprop=\"thumbnailUrl\"  data-no-lazy=\"1\"  data-envirabox=\"6436\" \/><\/div><\/a><div class=\"envira-gallery-captioned-data envira-gallery-captioned-data-sleek\"><\/div><\/div><\/div><div id=\"envira-gallery-item-4490\" class=\"envira-gallery-item envira-gallery-item-3 envira-lazy-load\" style=\"padding-left: 5px; padding-bottom: 10px; padding-right: 5px;\"  itemscope itemtype=\"https:\/\/schema.org\/ImageObject\"><div class=\"envira-gallery-item-inner\"><div class=\"envira-gallery-position-overlay envira-gallery-top-left\"><\/div><div class=\"envira-gallery-position-overlay envira-gallery-top-right\"><\/div><div class=\"envira-gallery-position-overlay envira-gallery-bottom-left\"><\/div><div class=\"envira-gallery-position-overlay envira-gallery-bottom-right\"><\/div><a class=\"envira-gallery-6436 envira-gallery-link\" href=\"https:\/\/www.verein-naturschutzpark.de\/wp-content\/uploads\/heidebluete-naturschutzgebiet-lueneburger-heide-vnp-stiftung-2.jpg\" title=\"Heather blossoming in the Lueneburg Heath nature reserve | Photo: VNP Stiftung Naturschutzpark L\u00fcneburger Heide\" data-caption=\"Heather blossoming in the Lueneburg Heath nature reserve\" data-envira-item-id=\"4490\" data-envira-retina=\"https:\/\/www.verein-naturschutzpark.de\/wp-content\/uploads\/heidebluete-naturschutzgebiet-lueneburger-heide-vnp-stiftung-2.jpg\" data-thumb=\"https:\/\/www.verein-naturschutzpark.de\/wp-content\/uploads\/heidebluete-naturschutzgebiet-lueneburger-heide-vnp-stiftung-2-75x50_c.jpg\" data-title=\"Heather blossoming in the Lueneburg Heath nature reserve | Photo: VNP Stiftung Naturschutzpark L&uuml;neburger Heide\" data-envirabox='6436' itemprop=\"contentUrl\"><div class=\"envira-lazy\" style=\"padding-bottom: 75%;\" data-envira-changed=\"false\" data-width=\"640\" data-height=\"480\"><img decoding=\"async\" src=\"https:\/\/www.verein-naturschutzpark.de\/wp-content\/uploads\/heidebluete-naturschutzgebiet-lueneburger-heide-vnp-stiftung-2-640x480_c.jpg\" alt=\"Heather blossoming in the Lueneburg Heath nature reserve | Photo: VNP Stiftung Naturschutzpark L&uuml;neburger Heide\" class=\"envira-gallery-image envira-gallery-image-3    envira-lazy\" height=\"480\" id=\"envira-gallery-image-4490\" srcset=\"data:image\/gif;base64,R0lGODlhAQABAIAAAP\/\/\/\/\/\/\/yH5BAEKAAEALAAAAAABAAEAAAICTAEAOw==\" tabindex=\"-1\" title=\"Heather blossoming in the Lueneburg Heath nature reserve | Photo: VNP Stiftung Naturschutzpark L\u00fcneburger Heide\" width=\"640\" data-caption=\"Heather blossoming in the Lueneburg Heath nature reserve\" data-envira-gallery-id=\"6436\" data-envira-index=\"2\" data-envira-item-id=\"4490\" data-envira-src=\"https:\/\/www.verein-naturschutzpark.de\/wp-content\/uploads\/heidebluete-naturschutzgebiet-lueneburger-heide-vnp-stiftung-2-640x480_c.jpg\" data-envira-srcset=\"https:\/\/www.verein-naturschutzpark.de\/wp-content\/uploads\/heidebluete-naturschutzgebiet-lueneburger-heide-vnp-stiftung-2-640x480_c.jpg 400w, https:\/\/www.verein-naturschutzpark.de\/wp-content\/uploads\/heidebluete-naturschutzgebiet-lueneburger-heide-vnp-stiftung-2-640x480_c.jpg 2x\" data-title=\"Heather blossoming in the Lueneburg Heath nature reserve | Photo: VNP Stiftung Naturschutzpark L&uuml;neburger Heide\" itemprop=\"thumbnailUrl\"  data-no-lazy=\"1\"  data-envirabox=\"6436\" \/><\/div><\/a><div class=\"envira-gallery-captioned-data envira-gallery-captioned-data-sleek\"><\/div><\/div><\/div><div id=\"envira-gallery-item-4486\" class=\"envira-gallery-item envira-gallery-item-4 envira-lazy-load\" style=\"padding-left: 5px; padding-bottom: 10px; padding-right: 5px;\"  itemscope itemtype=\"https:\/\/schema.org\/ImageObject\"><div class=\"envira-gallery-item-inner\"><div class=\"envira-gallery-position-overlay envira-gallery-top-left\"><\/div><div class=\"envira-gallery-position-overlay envira-gallery-top-right\"><\/div><div class=\"envira-gallery-position-overlay envira-gallery-bottom-left\"><\/div><div class=\"envira-gallery-position-overlay envira-gallery-bottom-right\"><\/div><a class=\"envira-gallery-6436 envira-gallery-link\" href=\"https:\/\/www.verein-naturschutzpark.de\/wp-content\/uploads\/gepflasterte-strasse-im-naturschutzgebiet-heidebluete-vnp-stiftung-1.jpg\" title=\"Heather blossoming: Paved road in the Lueneburg Heath nature reserve | Photo: VNP Stiftung Naturschutzpark L\u00fcneburger Heide\" data-caption=\"Heather blossoming: Paved road in the Lueneburg Heath nature reserve\" data-envira-item-id=\"4486\" data-envira-retina=\"https:\/\/www.verein-naturschutzpark.de\/wp-content\/uploads\/gepflasterte-strasse-im-naturschutzgebiet-heidebluete-vnp-stiftung-1.jpg\" data-thumb=\"https:\/\/www.verein-naturschutzpark.de\/wp-content\/uploads\/gepflasterte-strasse-im-naturschutzgebiet-heidebluete-vnp-stiftung-1-75x50_c.jpg\" data-title=\"Heather blossoming: Paved road in the Lueneburg Heath nature reserve | Photo: VNP Stiftung Naturschutzpark L&uuml;neburger Heide\" data-envirabox='6436' itemprop=\"contentUrl\"><div class=\"envira-lazy\" style=\"padding-bottom: 75%;\" data-envira-changed=\"false\" data-width=\"640\" data-height=\"480\"><img decoding=\"async\" src=\"https:\/\/www.verein-naturschutzpark.de\/wp-content\/uploads\/gepflasterte-strasse-im-naturschutzgebiet-heidebluete-vnp-stiftung-1-640x480_c.jpg\" alt=\"Heather blossoming: Paved road in the Lueneburg Heath nature reserve | Photo: VNP Stiftung Naturschutzpark L&uuml;neburger Heide\" class=\"envira-gallery-image envira-gallery-image-4    envira-lazy\" height=\"480\" id=\"envira-gallery-image-4486\" srcset=\"data:image\/gif;base64,R0lGODlhAQABAIAAAP\/\/\/\/\/\/\/yH5BAEKAAEALAAAAAABAAEAAAICTAEAOw==\" tabindex=\"-1\" title=\"Heather blossoming: Paved road in the Lueneburg Heath nature reserve | Photo: VNP Stiftung Naturschutzpark L\u00fcneburger Heide\" width=\"640\" data-caption=\"Heather blossoming: Paved road in the Lueneburg Heath nature reserve\" data-envira-gallery-id=\"6436\" data-envira-index=\"3\" data-envira-item-id=\"4486\" data-envira-src=\"https:\/\/www.verein-naturschutzpark.de\/wp-content\/uploads\/gepflasterte-strasse-im-naturschutzgebiet-heidebluete-vnp-stiftung-1-640x480_c.jpg\" data-envira-srcset=\"https:\/\/www.verein-naturschutzpark.de\/wp-content\/uploads\/gepflasterte-strasse-im-naturschutzgebiet-heidebluete-vnp-stiftung-1-640x480_c.jpg 400w, https:\/\/www.verein-naturschutzpark.de\/wp-content\/uploads\/gepflasterte-strasse-im-naturschutzgebiet-heidebluete-vnp-stiftung-1-640x480_c.jpg 2x\" data-title=\"Heather blossoming: Paved road in the Lueneburg Heath nature reserve | Photo: VNP Stiftung Naturschutzpark L&uuml;neburger Heide\" itemprop=\"thumbnailUrl\"  data-no-lazy=\"1\"  data-envirabox=\"6436\" \/><\/div><\/a><div class=\"envira-gallery-captioned-data envira-gallery-captioned-data-sleek\"><\/div><\/div><\/div><div id=\"envira-gallery-item-4498\" class=\"envira-gallery-item envira-gallery-item-5 envira-lazy-load\" style=\"padding-left: 5px; padding-bottom: 10px; padding-right: 5px;\"  itemscope itemtype=\"https:\/\/schema.org\/ImageObject\"><div class=\"envira-gallery-item-inner\"><div class=\"envira-gallery-position-overlay envira-gallery-top-left\"><\/div><div class=\"envira-gallery-position-overlay envira-gallery-top-right\"><\/div><div class=\"envira-gallery-position-overlay envira-gallery-bottom-left\"><\/div><div class=\"envira-gallery-position-overlay envira-gallery-bottom-right\"><\/div><a class=\"envira-gallery-6436 envira-gallery-link\" href=\"https:\/\/www.verein-naturschutzpark.de\/wp-content\/uploads\/morgennebel-heidebluete-lueneburger-heide-vnp-stiftung-1.jpg\" title=\"Heather blossoming in the Lueneburg Heath: morning fog | Photo: VNP Stiftung Naturschutzpark L\u00fcneburger Heide\" data-caption=\"Heather blossoming in the Lueneburg Heath: morning fog\" data-envira-item-id=\"4498\" data-envira-retina=\"https:\/\/www.verein-naturschutzpark.de\/wp-content\/uploads\/morgennebel-heidebluete-lueneburger-heide-vnp-stiftung-1.jpg\" data-thumb=\"https:\/\/www.verein-naturschutzpark.de\/wp-content\/uploads\/morgennebel-heidebluete-lueneburger-heide-vnp-stiftung-1-75x50_c.jpg\" data-title=\"Heather blossoming in the Lueneburg Heath: morning fog | Photo: VNP Stiftung Naturschutzpark L&uuml;neburger Heide\" data-envirabox='6436' itemprop=\"contentUrl\"><div class=\"envira-lazy\" style=\"padding-bottom: 75%;\" data-envira-changed=\"false\" data-width=\"640\" data-height=\"480\"><img decoding=\"async\" src=\"https:\/\/www.verein-naturschutzpark.de\/wp-content\/uploads\/morgennebel-heidebluete-lueneburger-heide-vnp-stiftung-1-640x480_c.jpg\" alt=\"Heather blossoming in the Lueneburg Heath: morning fog | Heather blossoming in the Lueneburg Heath: morning fog | Photo: VNP Stiftung Naturschutzpark L&uuml;neburger HeideHeather blossoming in the Lueneburg Heath: morning fog | Photo: VNP Stiftung Naturschutzpark L&uuml;neburger HeideHeather blossoming in the Lueneburg Heath: morning fog | Photo: VNP Stiftung Naturschutzpark L&uuml;neburger Heide\" class=\"envira-gallery-image envira-gallery-image-5    envira-lazy\" height=\"480\" id=\"envira-gallery-image-4498\" srcset=\"data:image\/gif;base64,R0lGODlhAQABAIAAAP\/\/\/\/\/\/\/yH5BAEKAAEALAAAAAABAAEAAAICTAEAOw==\" tabindex=\"-1\" title=\"Heather blossoming in the Lueneburg Heath: morning fog | Photo: VNP Stiftung Naturschutzpark L\u00fcneburger Heide\" width=\"640\" data-caption=\"Heather blossoming in the Lueneburg Heath: morning fog\" data-envira-gallery-id=\"6436\" data-envira-index=\"4\" data-envira-item-id=\"4498\" data-envira-src=\"https:\/\/www.verein-naturschutzpark.de\/wp-content\/uploads\/morgennebel-heidebluete-lueneburger-heide-vnp-stiftung-1-640x480_c.jpg\" data-envira-srcset=\"https:\/\/www.verein-naturschutzpark.de\/wp-content\/uploads\/morgennebel-heidebluete-lueneburger-heide-vnp-stiftung-1-640x480_c.jpg 400w, https:\/\/www.verein-naturschutzpark.de\/wp-content\/uploads\/morgennebel-heidebluete-lueneburger-heide-vnp-stiftung-1-640x480_c.jpg 2x\" data-title=\"Heather blossoming in the Lueneburg Heath: morning fog | Photo: VNP Stiftung Naturschutzpark L&uuml;neburger Heide\" itemprop=\"thumbnailUrl\"  data-no-lazy=\"1\"  data-envirabox=\"6436\" \/><\/div><\/a><div class=\"envira-gallery-captioned-data envira-gallery-captioned-data-sleek\"><\/div><\/div><\/div><div id=\"envira-gallery-item-4492\" class=\"envira-gallery-item envira-gallery-item-6 envira-lazy-load\" style=\"padding-left: 5px; padding-bottom: 10px; padding-right: 5px;\"  itemscope itemtype=\"https:\/\/schema.org\/ImageObject\"><div class=\"envira-gallery-item-inner\"><div class=\"envira-gallery-position-overlay envira-gallery-top-left\"><\/div><div class=\"envira-gallery-position-overlay envira-gallery-top-right\"><\/div><div class=\"envira-gallery-position-overlay envira-gallery-bottom-left\"><\/div><div class=\"envira-gallery-position-overlay envira-gallery-bottom-right\"><\/div><a class=\"envira-gallery-6436 envira-gallery-link\" href=\"https:\/\/www.verein-naturschutzpark.de\/wp-content\/uploads\/heidelandschaft-mit-nebel-vnp-stiftung-1.jpg\" title=\"Heather blossoming: landscape in the morning mist | Photo: VNP Stiftung Naturschutzpark L\u00fcneburger Heide\" data-caption=\"Heather blossoming: landscape in the morning mist\" data-envira-item-id=\"4492\" data-envira-retina=\"https:\/\/www.verein-naturschutzpark.de\/wp-content\/uploads\/heidelandschaft-mit-nebel-vnp-stiftung-1.jpg\" data-thumb=\"https:\/\/www.verein-naturschutzpark.de\/wp-content\/uploads\/heidelandschaft-mit-nebel-vnp-stiftung-1-75x50_c.jpg\" data-title=\"Heather blossoming: landscape in the morning mist | Photo: VNP Stiftung Naturschutzpark L&uuml;neburger Heide\" data-envirabox='6436' itemprop=\"contentUrl\"><div class=\"envira-lazy\" style=\"padding-bottom: 75%;\" data-envira-changed=\"false\" data-width=\"640\" data-height=\"480\"><img decoding=\"async\" src=\"https:\/\/www.verein-naturschutzpark.de\/wp-content\/uploads\/heidelandschaft-mit-nebel-vnp-stiftung-1-640x480_c.jpg\" alt=\"Heather blossoming: landscape in the morning mist | Photo: VNP Stiftung Naturschutzpark L&uuml;neburger Heide\" class=\"envira-gallery-image envira-gallery-image-6    envira-lazy\" height=\"480\" id=\"envira-gallery-image-4492\" srcset=\"data:image\/gif;base64,R0lGODlhAQABAIAAAP\/\/\/\/\/\/\/yH5BAEKAAEALAAAAAABAAEAAAICTAEAOw==\" tabindex=\"-1\" title=\"Heather blossoming: landscape in the morning mist | Photo: VNP Stiftung Naturschutzpark L\u00fcneburger Heide\" width=\"640\" data-caption=\"Heather blossoming: landscape in the morning mist\" data-envira-gallery-id=\"6436\" data-envira-index=\"5\" data-envira-item-id=\"4492\" data-envira-src=\"https:\/\/www.verein-naturschutzpark.de\/wp-content\/uploads\/heidelandschaft-mit-nebel-vnp-stiftung-1-640x480_c.jpg\" data-envira-srcset=\"https:\/\/www.verein-naturschutzpark.de\/wp-content\/uploads\/heidelandschaft-mit-nebel-vnp-stiftung-1-640x480_c.jpg 400w, https:\/\/www.verein-naturschutzpark.de\/wp-content\/uploads\/heidelandschaft-mit-nebel-vnp-stiftung-1-640x480_c.jpg 2x\" data-title=\"Heather blossoming: landscape in the morning mist | Photo: VNP Stiftung Naturschutzpark L&uuml;neburger Heide\" itemprop=\"thumbnailUrl\"  data-no-lazy=\"1\"  data-envirabox=\"6436\" \/><\/div><\/a><div class=\"envira-gallery-captioned-data envira-gallery-captioned-data-sleek\"><\/div><\/div><\/div><div id=\"envira-gallery-item-4482\" class=\"envira-gallery-item envira-gallery-item-7 envira-lazy-load\" style=\"padding-left: 5px; padding-bottom: 10px; padding-right: 5px;\"  itemscope itemtype=\"https:\/\/schema.org\/ImageObject\"><div class=\"envira-gallery-item-inner\"><div class=\"envira-gallery-position-overlay envira-gallery-top-left\"><\/div><div class=\"envira-gallery-position-overlay envira-gallery-top-right\"><\/div><div class=\"envira-gallery-position-overlay envira-gallery-bottom-left\"><\/div><div class=\"envira-gallery-position-overlay envira-gallery-bottom-right\"><\/div><a class=\"envira-gallery-6436 envira-gallery-link\" href=\"https:\/\/www.verein-naturschutzpark.de\/wp-content\/uploads\/bluehende-heideflaeche-bei-sonnenuntergang-vnp-stiftung-1.jpg\" title=\"Heather blossoming: Flowering heather at sunset | Photo: VNP Stiftung Naturschutzpark L\u00fcneburger Heide\" data-caption=\"Heather blossoming: Flowering heather at sunset\" data-envira-item-id=\"4482\" data-envira-retina=\"https:\/\/www.verein-naturschutzpark.de\/wp-content\/uploads\/bluehende-heideflaeche-bei-sonnenuntergang-vnp-stiftung-1.jpg\" data-thumb=\"https:\/\/www.verein-naturschutzpark.de\/wp-content\/uploads\/bluehende-heideflaeche-bei-sonnenuntergang-vnp-stiftung-1-75x50_c.jpg\" data-title=\"Heather blossoming: Flowering heather at sunset | Photo: VNP Stiftung Naturschutzpark L&uuml;neburger Heide\" data-envirabox='6436' itemprop=\"contentUrl\"><div class=\"envira-lazy\" style=\"padding-bottom: 75%;\" data-envira-changed=\"false\" data-width=\"640\" data-height=\"480\"><img decoding=\"async\" src=\"https:\/\/www.verein-naturschutzpark.de\/wp-content\/uploads\/bluehende-heideflaeche-bei-sonnenuntergang-vnp-stiftung-1-640x480_c.jpg\" alt=\"Heather blossoming: Flowering heather at sunset | Photo: VNP Stiftung Naturschutzpark L&uuml;neburger Heide\" class=\"envira-gallery-image envira-gallery-image-7    envira-lazy\" height=\"480\" id=\"envira-gallery-image-4482\" srcset=\"data:image\/gif;base64,R0lGODlhAQABAIAAAP\/\/\/\/\/\/\/yH5BAEKAAEALAAAAAABAAEAAAICTAEAOw==\" tabindex=\"-1\" title=\"Heather blossoming: Flowering heather at sunset | Photo: VNP Stiftung Naturschutzpark L\u00fcneburger Heide\" width=\"640\" data-caption=\"Heather blossoming: Flowering heather at sunset\" data-envira-gallery-id=\"6436\" data-envira-index=\"6\" data-envira-item-id=\"4482\" data-envira-src=\"https:\/\/www.verein-naturschutzpark.de\/wp-content\/uploads\/bluehende-heideflaeche-bei-sonnenuntergang-vnp-stiftung-1-640x480_c.jpg\" data-envira-srcset=\"https:\/\/www.verein-naturschutzpark.de\/wp-content\/uploads\/bluehende-heideflaeche-bei-sonnenuntergang-vnp-stiftung-1-640x480_c.jpg 400w, https:\/\/www.verein-naturschutzpark.de\/wp-content\/uploads\/bluehende-heideflaeche-bei-sonnenuntergang-vnp-stiftung-1-640x480_c.jpg 2x\" data-title=\"Heather blossoming: Flowering heather at sunset | Photo: VNP Stiftung Naturschutzpark L&uuml;neburger Heide\" itemprop=\"thumbnailUrl\"  data-no-lazy=\"1\"  data-envirabox=\"6436\" \/><\/div><\/a><div class=\"envira-gallery-captioned-data envira-gallery-captioned-data-sleek\"><\/div><\/div><\/div><div id=\"envira-gallery-item-4484\" class=\"envira-gallery-item envira-gallery-item-8 envira-lazy-load\" style=\"padding-left: 5px; padding-bottom: 10px; padding-right: 5px;\"  itemscope itemtype=\"https:\/\/schema.org\/ImageObject\"><div class=\"envira-gallery-item-inner\"><div class=\"envira-gallery-position-overlay envira-gallery-top-left\"><\/div><div class=\"envira-gallery-position-overlay envira-gallery-top-right\"><\/div><div class=\"envira-gallery-position-overlay envira-gallery-bottom-left\"><\/div><div class=\"envira-gallery-position-overlay envira-gallery-bottom-right\"><\/div><a class=\"envira-gallery-6436 envira-gallery-link\" href=\"https:\/\/www.verein-naturschutzpark.de\/wp-content\/uploads\/detail-bluehende-besenheide-calluna-vulgaris-vnp-stiftung-1.jpg\" title=\"Heather blossoming: Flowering broom heather (Calluna Vulgaris) | Photo: VNP Stiftung Naturschutzpark L\u00fcneburger Heide\" data-caption=\"Heather blossoming: Flowering broom heather (Calluna Vulgaris)\" data-envira-item-id=\"4484\" data-envira-retina=\"https:\/\/www.verein-naturschutzpark.de\/wp-content\/uploads\/detail-bluehende-besenheide-calluna-vulgaris-vnp-stiftung-1.jpg\" data-thumb=\"https:\/\/www.verein-naturschutzpark.de\/wp-content\/uploads\/detail-bluehende-besenheide-calluna-vulgaris-vnp-stiftung-1-75x50_c.jpg\" data-title=\"Heather blossoming: Flowering broom heather (Calluna Vulgaris) | Photo: VNP Stiftung Naturschutzpark L&uuml;neburger Heide\" data-envirabox='6436' itemprop=\"contentUrl\"><div class=\"envira-lazy\" style=\"padding-bottom: 75%;\" data-envira-changed=\"false\" data-width=\"640\" data-height=\"480\"><img decoding=\"async\" src=\"https:\/\/www.verein-naturschutzpark.de\/wp-content\/uploads\/detail-bluehende-besenheide-calluna-vulgaris-vnp-stiftung-1-640x480_c.jpg\" alt=\"Heather blossoming: Flowering broom heather (Calluna Vulgaris) | Photo: VNP Stiftung Naturschutzpark L&uuml;neburger Heide\" class=\"envira-gallery-image envira-gallery-image-8    envira-lazy\" height=\"480\" id=\"envira-gallery-image-4484\" srcset=\"data:image\/gif;base64,R0lGODlhAQABAIAAAP\/\/\/\/\/\/\/yH5BAEKAAEALAAAAAABAAEAAAICTAEAOw==\" tabindex=\"-1\" title=\"Heather blossoming: Flowering broom heather (Calluna Vulgaris) | Photo: VNP Stiftung Naturschutzpark L\u00fcneburger Heide\" width=\"640\" data-caption=\"Heather blossoming: Flowering broom heather (Calluna Vulgaris)\" data-envira-gallery-id=\"6436\" data-envira-index=\"7\" data-envira-item-id=\"4484\" data-envira-src=\"https:\/\/www.verein-naturschutzpark.de\/wp-content\/uploads\/detail-bluehende-besenheide-calluna-vulgaris-vnp-stiftung-1-640x480_c.jpg\" data-envira-srcset=\"https:\/\/www.verein-naturschutzpark.de\/wp-content\/uploads\/detail-bluehende-besenheide-calluna-vulgaris-vnp-stiftung-1-640x480_c.jpg 400w, https:\/\/www.verein-naturschutzpark.de\/wp-content\/uploads\/detail-bluehende-besenheide-calluna-vulgaris-vnp-stiftung-1-640x480_c.jpg 2x\" data-title=\"Heather blossoming: Flowering broom heather (Calluna Vulgaris) | Photo: VNP Stiftung Naturschutzpark L&uuml;neburger Heide\" itemprop=\"thumbnailUrl\"  data-no-lazy=\"1\"  data-envirabox=\"6436\" \/><\/div><\/a><div class=\"envira-gallery-captioned-data envira-gallery-captioned-data-sleek\"><\/div><\/div><\/div><div id=\"envira-gallery-item-4480\" class=\"envira-gallery-item envira-gallery-item-9 envira-lazy-load\" style=\"padding-left: 5px; padding-bottom: 10px; padding-right: 5px;\"  itemscope itemtype=\"https:\/\/schema.org\/ImageObject\"><div class=\"envira-gallery-item-inner\"><div class=\"envira-gallery-position-overlay envira-gallery-top-left\"><\/div><div class=\"envira-gallery-position-overlay envira-gallery-top-right\"><\/div><div class=\"envira-gallery-position-overlay envira-gallery-bottom-left\"><\/div><div class=\"envira-gallery-position-overlay envira-gallery-bottom-right\"><\/div><a class=\"envira-gallery-6436 envira-gallery-link\" href=\"https:\/\/www.verein-naturschutzpark.de\/wp-content\/uploads\/bienenzaun-in-bluehender-heideflaeche-vnp-stiftung-1.jpg\" title=\"Heather blossoming: (bee enclosure) apiary in flowering heather | Photo: VNP Stiftung Naturschutzpark L\u00fcneburger Heide\" data-caption=\"Heather blossoming: (bee enclosure) apiary in flowering heather\" data-envira-item-id=\"4480\" data-envira-retina=\"https:\/\/www.verein-naturschutzpark.de\/wp-content\/uploads\/bienenzaun-in-bluehender-heideflaeche-vnp-stiftung-1.jpg\" data-thumb=\"https:\/\/www.verein-naturschutzpark.de\/wp-content\/uploads\/bienenzaun-in-bluehender-heideflaeche-vnp-stiftung-1-75x50_c.jpg\" data-title=\"Heather blossoming: (bee enclosure) apiary in flowering heather | Photo: VNP Stiftung Naturschutzpark L&uuml;neburger Heide\" data-envirabox='6436' itemprop=\"contentUrl\"><div class=\"envira-lazy\" style=\"padding-bottom: 75%;\" data-envira-changed=\"false\" data-width=\"640\" data-height=\"480\"><img decoding=\"async\" src=\"https:\/\/www.verein-naturschutzpark.de\/wp-content\/uploads\/bienenzaun-in-bluehender-heideflaeche-vnp-stiftung-1-640x480_c.jpg\" alt=\"Heather blossoming: (bee enclosure) apiary in flowering heather | Photo: VNP Stiftung Naturschutzpark L&uuml;neburger Heide\" class=\"envira-gallery-image envira-gallery-image-9    envira-lazy\" height=\"480\" id=\"envira-gallery-image-4480\" srcset=\"data:image\/gif;base64,R0lGODlhAQABAIAAAP\/\/\/\/\/\/\/yH5BAEKAAEALAAAAAABAAEAAAICTAEAOw==\" tabindex=\"-1\" title=\"Heather blossoming: (bee enclosure) apiary in flowering heather | Photo: VNP Stiftung Naturschutzpark L\u00fcneburger Heide\" width=\"640\" data-caption=\"Heather blossoming: (bee enclosure) apiary in flowering heather\" data-envira-gallery-id=\"6436\" data-envira-index=\"8\" data-envira-item-id=\"4480\" data-envira-src=\"https:\/\/www.verein-naturschutzpark.de\/wp-content\/uploads\/bienenzaun-in-bluehender-heideflaeche-vnp-stiftung-1-640x480_c.jpg\" data-envira-srcset=\"https:\/\/www.verein-naturschutzpark.de\/wp-content\/uploads\/bienenzaun-in-bluehender-heideflaeche-vnp-stiftung-1-640x480_c.jpg 400w, https:\/\/www.verein-naturschutzpark.de\/wp-content\/uploads\/bienenzaun-in-bluehender-heideflaeche-vnp-stiftung-1-640x480_c.jpg 2x\" data-title=\"Heather blossoming: (bee enclosure) apiary in flowering heather | Photo: VNP Stiftung Naturschutzpark L&uuml;neburger Heide\" itemprop=\"thumbnailUrl\"  data-no-lazy=\"1\"  data-envirabox=\"6436\" \/><\/div><\/a><div class=\"envira-gallery-captioned-data envira-gallery-captioned-data-sleek\"><\/div><\/div><\/div><div id=\"envira-gallery-item-4496\" class=\"envira-gallery-item envira-gallery-item-10 envira-lazy-load\" style=\"padding-left: 5px; padding-bottom: 10px; padding-right: 5px;\"  itemscope itemtype=\"https:\/\/schema.org\/ImageObject\"><div class=\"envira-gallery-item-inner\"><div class=\"envira-gallery-position-overlay envira-gallery-top-left\"><\/div><div class=\"envira-gallery-position-overlay envira-gallery-top-right\"><\/div><div class=\"envira-gallery-position-overlay envira-gallery-bottom-left\"><\/div><div class=\"envira-gallery-position-overlay envira-gallery-bottom-right\"><\/div><a class=\"envira-gallery-6436 envira-gallery-link\" href=\"https:\/\/www.verein-naturschutzpark.de\/wp-content\/uploads\/lueneburger-stuelper-und-bienenkaesten-im-bienenzaun-vnp-stiftung-1.jpg\" title=\"L\u00fcneburger St\u00fclper (straw beehives) and bee boxes in the (bee enclosure) apiary | Photo: VNP Stiftung Naturschutzpark L\u00fcneburger Heide\" data-caption=\"L&uuml;neburger St&uuml;lper (straw beehives) and bee boxes in the (bee enclosure) apiary\" data-envira-item-id=\"4496\" data-envira-retina=\"https:\/\/www.verein-naturschutzpark.de\/wp-content\/uploads\/lueneburger-stuelper-und-bienenkaesten-im-bienenzaun-vnp-stiftung-1.jpg\" data-thumb=\"https:\/\/www.verein-naturschutzpark.de\/wp-content\/uploads\/lueneburger-stuelper-und-bienenkaesten-im-bienenzaun-vnp-stiftung-1-75x50_c.jpg\" data-title=\"L&uuml;neburger St&uuml;lper (straw beehives) and bee boxes in the (bee enclosure) apiary | Photo: VNP Stiftung Naturschutzpark L&uuml;neburger Heide\" data-envirabox='6436' itemprop=\"contentUrl\"><div class=\"envira-lazy\" style=\"padding-bottom: 75%;\" data-envira-changed=\"false\" data-width=\"640\" data-height=\"480\"><img decoding=\"async\" src=\"https:\/\/www.verein-naturschutzpark.de\/wp-content\/uploads\/lueneburger-stuelper-und-bienenkaesten-im-bienenzaun-vnp-stiftung-1-640x480_c.jpg\" alt=\"L&uuml;neburger St&uuml;lper (straw beehives) and bee boxes in the (bee enclosure) apiary | Photo: VNP Stiftung Naturschutzpark L&uuml;neburger Heide\" class=\"envira-gallery-image envira-gallery-image-10    envira-lazy\" height=\"480\" id=\"envira-gallery-image-4496\" srcset=\"data:image\/gif;base64,R0lGODlhAQABAIAAAP\/\/\/\/\/\/\/yH5BAEKAAEALAAAAAABAAEAAAICTAEAOw==\" tabindex=\"-1\" title=\"L\u00fcneburger St\u00fclper (straw beehives) and bee boxes in the (bee enclosure) apiary | Photo: VNP Stiftung Naturschutzpark L\u00fcneburger Heide\" width=\"640\" data-caption=\"L&uuml;neburger St&uuml;lper (straw beehives) and bee boxes in the (bee enclosure) apiary\" data-envira-gallery-id=\"6436\" data-envira-index=\"9\" data-envira-item-id=\"4496\" data-envira-src=\"https:\/\/www.verein-naturschutzpark.de\/wp-content\/uploads\/lueneburger-stuelper-und-bienenkaesten-im-bienenzaun-vnp-stiftung-1-640x480_c.jpg\" data-envira-srcset=\"https:\/\/www.verein-naturschutzpark.de\/wp-content\/uploads\/lueneburger-stuelper-und-bienenkaesten-im-bienenzaun-vnp-stiftung-1-640x480_c.jpg 400w, https:\/\/www.verein-naturschutzpark.de\/wp-content\/uploads\/lueneburger-stuelper-und-bienenkaesten-im-bienenzaun-vnp-stiftung-1-640x480_c.jpg 2x\" data-title=\"L&uuml;neburger St&uuml;lper (straw beehives) and bee boxes in the (bee enclosure) apiary | Photo: VNP Stiftung Naturschutzpark L&uuml;neburger Heide\" itemprop=\"thumbnailUrl\"  data-no-lazy=\"1\"  data-envirabox=\"6436\" \/><\/div><\/a><div class=\"envira-gallery-captioned-data envira-gallery-captioned-data-sleek\"><\/div><\/div><\/div><div id=\"envira-gallery-item-4494\" class=\"envira-gallery-item envira-gallery-item-11 envira-lazy-load\" style=\"padding-left: 5px; padding-bottom: 10px; padding-right: 5px;\"  itemscope itemtype=\"https:\/\/schema.org\/ImageObject\"><div class=\"envira-gallery-item-inner\"><div class=\"envira-gallery-position-overlay envira-gallery-top-left\"><\/div><div class=\"envira-gallery-position-overlay envira-gallery-top-right\"><\/div><div class=\"envira-gallery-position-overlay envira-gallery-bottom-left\"><\/div><div class=\"envira-gallery-position-overlay envira-gallery-bottom-right\"><\/div><a class=\"envira-gallery-6436 envira-gallery-link\" href=\"https:\/\/www.verein-naturschutzpark.de\/wp-content\/uploads\/kutschfahrt-zur-heidebluete-naturschutzgebiet-lueneburger-heide-vnp-stiftung-1.jpg\" title=\"Heather blossoming: carriage ride through the Lueneburg Heath | Photo: VNP Stiftung Naturschutzpark L\u00fcneburger Heide\" data-caption=\"Heather blossoming: carriage ride through the Lueneburg Heath\" data-envira-item-id=\"4494\" data-envira-retina=\"https:\/\/www.verein-naturschutzpark.de\/wp-content\/uploads\/kutschfahrt-zur-heidebluete-naturschutzgebiet-lueneburger-heide-vnp-stiftung-1.jpg\" data-thumb=\"https:\/\/www.verein-naturschutzpark.de\/wp-content\/uploads\/kutschfahrt-zur-heidebluete-naturschutzgebiet-lueneburger-heide-vnp-stiftung-1-75x50_c.jpg\" data-title=\"Heather blossoming: carriage ride through the Lueneburg Heath | Photo: VNP Stiftung Naturschutzpark L&uuml;neburger Heide\" data-envirabox='6436' itemprop=\"contentUrl\"><div class=\"envira-lazy\" style=\"padding-bottom: 75%;\" data-envira-changed=\"false\" data-width=\"640\" data-height=\"480\"><img decoding=\"async\" src=\"https:\/\/www.verein-naturschutzpark.de\/wp-content\/uploads\/kutschfahrt-zur-heidebluete-naturschutzgebiet-lueneburger-heide-vnp-stiftung-1-640x480_c.jpg\" alt=\"Heather blossoming: carriage ride through the Lueneburg Heath | Photo: VNP Stiftung Naturschutzpark L&uuml;neburger Heide\" class=\"envira-gallery-image envira-gallery-image-11    envira-lazy\" height=\"480\" id=\"envira-gallery-image-4494\" srcset=\"data:image\/gif;base64,R0lGODlhAQABAIAAAP\/\/\/\/\/\/\/yH5BAEKAAEALAAAAAABAAEAAAICTAEAOw==\" tabindex=\"-1\" title=\"Heather blossoming: carriage ride through the Lueneburg Heath | Photo: VNP Stiftung Naturschutzpark L\u00fcneburger Heide\" width=\"640\" data-caption=\"Heather blossoming: carriage ride through the Lueneburg Heath\" data-envira-gallery-id=\"6436\" data-envira-index=\"10\" data-envira-item-id=\"4494\" data-envira-src=\"https:\/\/www.verein-naturschutzpark.de\/wp-content\/uploads\/kutschfahrt-zur-heidebluete-naturschutzgebiet-lueneburger-heide-vnp-stiftung-1-640x480_c.jpg\" data-envira-srcset=\"https:\/\/www.verein-naturschutzpark.de\/wp-content\/uploads\/kutschfahrt-zur-heidebluete-naturschutzgebiet-lueneburger-heide-vnp-stiftung-1-640x480_c.jpg 400w, https:\/\/www.verein-naturschutzpark.de\/wp-content\/uploads\/kutschfahrt-zur-heidebluete-naturschutzgebiet-lueneburger-heide-vnp-stiftung-1-640x480_c.jpg 2x\" data-title=\"Heather blossoming: carriage ride through the Lueneburg Heath | Photo: VNP Stiftung Naturschutzpark L&uuml;neburger Heide\" itemprop=\"thumbnailUrl\"  data-no-lazy=\"1\"  data-envirabox=\"6436\" \/><\/div><\/a><div class=\"envira-gallery-captioned-data envira-gallery-captioned-data-sleek\"><\/div><\/div><\/div><div id=\"envira-gallery-item-4500\" class=\"envira-gallery-item envira-gallery-item-12 envira-lazy-load\" style=\"padding-left: 5px; padding-bottom: 10px; padding-right: 5px;\"  itemscope itemtype=\"https:\/\/schema.org\/ImageObject\"><div class=\"envira-gallery-item-inner\"><div class=\"envira-gallery-position-overlay envira-gallery-top-left\"><\/div><div class=\"envira-gallery-position-overlay envira-gallery-top-right\"><\/div><div class=\"envira-gallery-position-overlay envira-gallery-bottom-left\"><\/div><div class=\"envira-gallery-position-overlay envira-gallery-bottom-right\"><\/div><a class=\"envira-gallery-6436 envira-gallery-link\" href=\"https:\/\/www.verein-naturschutzpark.de\/wp-content\/uploads\/polizeireiter-auf-streife-naturschutzgebiet-lueneburger-heide-vnp-stiftung-1.jpg\" title=\"Heather blossoming: Police riders on patrol in the L\u00fcneburg Heath nature reserve | Photo: VNP Stiftung Naturschutzpark L\u00fcneburger Heide\" data-caption=\"Heather blossoming: Police riders on patrol in the L&uuml;neburg Heath nature reserve\" data-envira-item-id=\"4500\" data-envira-retina=\"https:\/\/www.verein-naturschutzpark.de\/wp-content\/uploads\/polizeireiter-auf-streife-naturschutzgebiet-lueneburger-heide-vnp-stiftung-1.jpg\" data-thumb=\"https:\/\/www.verein-naturschutzpark.de\/wp-content\/uploads\/polizeireiter-auf-streife-naturschutzgebiet-lueneburger-heide-vnp-stiftung-1-75x50_c.jpg\" data-title=\"Heather blossoming: Police riders on patrol in the L&uuml;neburg Heath nature reserve | Photo: VNP Stiftung Naturschutzpark L&uuml;neburger Heide\" data-envirabox='6436' itemprop=\"contentUrl\"><div class=\"envira-lazy\" style=\"padding-bottom: 75%;\" data-envira-changed=\"false\" data-width=\"640\" data-height=\"480\"><img decoding=\"async\" src=\"https:\/\/www.verein-naturschutzpark.de\/wp-content\/uploads\/polizeireiter-auf-streife-naturschutzgebiet-lueneburger-heide-vnp-stiftung-1-640x480_c.jpg\" alt=\"Heather blossoming: Police riders on patrol in the L&uuml;neburg Heath nature reserve | Photo: VNP Stiftung Naturschutzpark L&uuml;neburger Heide\" class=\"envira-gallery-image envira-gallery-image-12    envira-lazy\" height=\"480\" id=\"envira-gallery-image-4500\" srcset=\"data:image\/gif;base64,R0lGODlhAQABAIAAAP\/\/\/\/\/\/\/yH5BAEKAAEALAAAAAABAAEAAAICTAEAOw==\" tabindex=\"-1\" title=\"Heather blossoming: Police riders on patrol in the L\u00fcneburg Heath nature reserve | Photo: VNP Stiftung Naturschutzpark L\u00fcneburger Heide\" width=\"640\" data-caption=\"Heather blossoming: Police riders on patrol in the L&uuml;neburg Heath nature reserve\" data-envira-gallery-id=\"6436\" data-envira-index=\"11\" data-envira-item-id=\"4500\" data-envira-src=\"https:\/\/www.verein-naturschutzpark.de\/wp-content\/uploads\/polizeireiter-auf-streife-naturschutzgebiet-lueneburger-heide-vnp-stiftung-1-640x480_c.jpg\" data-envira-srcset=\"https:\/\/www.verein-naturschutzpark.de\/wp-content\/uploads\/polizeireiter-auf-streife-naturschutzgebiet-lueneburger-heide-vnp-stiftung-1-640x480_c.jpg 400w, https:\/\/www.verein-naturschutzpark.de\/wp-content\/uploads\/polizeireiter-auf-streife-naturschutzgebiet-lueneburger-heide-vnp-stiftung-1-640x480_c.jpg 2x\" data-title=\"Heather blossoming: Police riders on patrol in the L&uuml;neburg Heath nature reserve | Photo: VNP Stiftung Naturschutzpark L&uuml;neburger Heide\" itemprop=\"thumbnailUrl\"  data-no-lazy=\"1\"  data-envirabox=\"6436\" \/><\/div><\/a><div class=\"envira-gallery-captioned-data envira-gallery-captioned-data-sleek\"><\/div><\/div><\/div><\/div><\/div><noscript><img data-no-lazy=\"1\"  src='https:\/\/www.verein-naturschutzpark.de\/wp-content\/uploads\/heidebluete-heideflaeche-mit-sitzbank-vnp-stiftung-1.jpg' alt='Heather blossoming: heather landscape with bench | Photo: VNP Stiftung Naturschutzpark L\u00fcneburger Heide' class='envira_noscript_images ' \/><img data-no-lazy=\"1\"  src='https:\/\/www.verein-naturschutzpark.de\/wp-content\/uploads\/ausblick-bluehende-heideflaeche-vnp-stiftung-1.jpg' alt='Heather blossoming: Wide view into the flowering heath | Photo: VNP Stiftung Naturschutzpark L\u00fcneburger Heide' class='envira_noscript_images ' \/><img data-no-lazy=\"1\"  src='https:\/\/www.verein-naturschutzpark.de\/wp-content\/uploads\/heidebluete-naturschutzgebiet-lueneburger-heide-vnp-stiftung-2.jpg' alt='Heather blossoming in the Lueneburg Heath nature reserve | Photo: VNP Stiftung Naturschutzpark L\u00fcneburger Heide' class='envira_noscript_images ' \/><img data-no-lazy=\"1\"  src='https:\/\/www.verein-naturschutzpark.de\/wp-content\/uploads\/gepflasterte-strasse-im-naturschutzgebiet-heidebluete-vnp-stiftung-1.jpg' alt='Heather blossoming: Paved road in the Lueneburg Heath nature reserve | Photo: VNP Stiftung Naturschutzpark L\u00fcneburger Heide' class='envira_noscript_images ' \/><img data-no-lazy=\"1\"  src='https:\/\/www.verein-naturschutzpark.de\/wp-content\/uploads\/morgennebel-heidebluete-lueneburger-heide-vnp-stiftung-1.jpg' alt='Heather blossoming in the Lueneburg Heath: morning fog | Heather blossoming in the Lueneburg Heath: morning fog | Photo: VNP Stiftung Naturschutzpark L\u00fcneburger HeideHeather blossoming in the Lueneburg Heath: morning fog | Photo: VNP Stiftung Naturschutzpark L\u00fcneburger HeideHeather blossoming in the Lueneburg Heath: morning fog | Photo: VNP Stiftung Naturschutzpark L\u00fcneburger Heide' class='envira_noscript_images ' \/><img data-no-lazy=\"1\"  src='https:\/\/www.verein-naturschutzpark.de\/wp-content\/uploads\/heidelandschaft-mit-nebel-vnp-stiftung-1.jpg' alt='Heather blossoming: landscape in the morning mist | Photo: VNP Stiftung Naturschutzpark L\u00fcneburger Heide' class='envira_noscript_images ' \/><img data-no-lazy=\"1\"  src='https:\/\/www.verein-naturschutzpark.de\/wp-content\/uploads\/bluehende-heideflaeche-bei-sonnenuntergang-vnp-stiftung-1.jpg' alt='Heather blossoming: Flowering heather at sunset | Photo: VNP Stiftung Naturschutzpark L\u00fcneburger Heide' class='envira_noscript_images ' \/><img data-no-lazy=\"1\"  src='https:\/\/www.verein-naturschutzpark.de\/wp-content\/uploads\/detail-bluehende-besenheide-calluna-vulgaris-vnp-stiftung-1.jpg' alt='Heather blossoming: Flowering broom heather (Calluna Vulgaris) | Photo: VNP Stiftung Naturschutzpark L\u00fcneburger Heide' class='envira_noscript_images ' \/><img data-no-lazy=\"1\"  src='https:\/\/www.verein-naturschutzpark.de\/wp-content\/uploads\/bienenzaun-in-bluehender-heideflaeche-vnp-stiftung-1.jpg' alt='Heather blossoming: (bee enclosure) apiary in flowering heather | Photo: VNP Stiftung Naturschutzpark L\u00fcneburger Heide' class='envira_noscript_images ' \/><img data-no-lazy=\"1\"  src='https:\/\/www.verein-naturschutzpark.de\/wp-content\/uploads\/lueneburger-stuelper-und-bienenkaesten-im-bienenzaun-vnp-stiftung-1.jpg' alt='L\u00fcneburger St\u00fclper (straw beehives) and bee boxes in the (bee enclosure) apiary | Photo: VNP Stiftung Naturschutzpark L\u00fcneburger Heide' class='envira_noscript_images ' \/><img data-no-lazy=\"1\"  src='https:\/\/www.verein-naturschutzpark.de\/wp-content\/uploads\/kutschfahrt-zur-heidebluete-naturschutzgebiet-lueneburger-heide-vnp-stiftung-1.jpg' alt='Heather blossoming: carriage ride through the Lueneburg Heath | Photo: VNP Stiftung Naturschutzpark L\u00fcneburger Heide' class='envira_noscript_images ' \/><img data-no-lazy=\"1\"  src='https:\/\/www.verein-naturschutzpark.de\/wp-content\/uploads\/polizeireiter-auf-streife-naturschutzgebiet-lueneburger-heide-vnp-stiftung-1.jpg' alt='Heather blossoming: Police riders on patrol in the L\u00fcneburg Heath nature reserve | Photo: VNP Stiftung Naturschutzpark L\u00fcneburger Heide' class='envira_noscript_images ' \/><\/noscript>\n<\/div><\/div><\/div><\/div><\/div><\/div>\n\n\n\n<div class=\"alignfull wp-block-ugb-container ugb-container ugb-8032c8d ugb-container--v2 ugb-container--design-plain ugb-main-block ugb--has-custom-content-width ugb--has-custom-content-width-tablet ugb--has-custom-content-width-mobile ugb-main-block--inner-full ugb--has-block-background ugb--has-bottom-separator\"><style>.ugb-8032c8d.ugb-container{background-color:var(--theme-palette-color-4,#fcfaef)}.ugb-8032c8d.ugb-container > .ugb-inner-block{max-width:50% !important}.ugb-8032c8d.ugb-container:before{background-color:var(--theme-palette-color-4,#fcfaef)}.ugb-8032c8d .ugb-bottom-separator svg{fill:var(--theme-palette-color-2,#7b2a53)}.ugb-8032c8d .ugb-bottom-separator .ugb-separator-wrapper{transform:scaleX(1.5)}@media screen and (min-width:768px){.ugb-8032c8d.ugb-container{padding-top:50px !important;padding-right:35px !important;padding-bottom:90px !important;padding-left:35px !important}.ugb-8032c8d .ugb-bottom-separator .ugb-separator-wrapper{height:150px}}@media screen and (max-width:1025px){.ugb-8032c8d.ugb-container > .ugb-inner-block{max-width:100% !important}}@media screen and (min-width:768px) and (max-width:1025px){.ugb-8032c8d.ugb-container{padding-right:35px !important;padding-left:35px !important}}@media screen and (max-width:768px){.ugb-8032c8d.ugb-container{padding-top:30px !important;padding-right:18px !important;padding-bottom:70px !important;padding-left:18px !important}.ugb-8032c8d.ugb-container > .ugb-inner-block{max-width:100% !important}}<\/style><div class=\"ugb-bottom-separator\"><div class=\"ugb-separator-wrapper\"><svg xmlns=\"http:\/\/www.w3.org\/2000\/svg\" viewBox=\"0 0 1600 200\" filter=\"url(#wave-3-inverted-shadow_svg__a)\" enable-background=\"new 0 0 1600 200\" class=\"ugb-separator__shadow\" preserveAspectRatio=\"none\" aria-hidden=\"true\"><filter id=\"wave-3-inverted-shadow_svg__a\"><feGaussianBlur in=\"SourceAlpha\" stdDeviation=\"4\"><\/feGaussianBlur><feComponentTransfer><feFuncA type=\"linear\" slope=\"0.4\"><\/feFuncA><\/feComponentTransfer><feMerge><feMergeNode><\/feMergeNode><feMergeNode in=\"SourceGraphic\"><\/feMergeNode><\/feMerge><\/filter><path d=\"M1413.6 39.3c-157.9 0-338.2 37.7-495.1 67.4-215.6 40.8-328.1 44.6-418.2 41.1S317 127.3 188.4 98.7C59.8 70.1-10 64.5-10 64.5v10s69.8 5.6 198.4 34.2c128.6 28.6 221.8 45.6 311.9 49.1s202.6-.3 418.2-41.1c156.9-29.7 337.2-67.4 495.1-67.4 127.6 0 196.4 19.5 196.4 19.5v-10s-68.8-19.5-196.4-19.5z\"><\/path><\/svg><svg xmlns=\"http:\/\/www.w3.org\/2000\/svg\" viewBox=\"0 0 1600 200\" class=\"ugb-separator__layer-1\" preserveAspectRatio=\"none\" aria-hidden=\"true\"><path d=\"M1413.6 39.3c-157.9 0-338.2 37.7-495.1 67.4-215.6 40.8-328.1 44.6-418.2 41.1S317 127.3 188.4 98.7-10 64.5-10 64.5v150.2h1620V58.8s-68.8-19.5-196.4-19.5z\"><\/path><\/svg><\/div><\/div><div class=\"ugb-inner-block ugb-inner-block--full\"><div class=\"ugb-block-content\"><div class=\"ugb-container__wrapper ugb-8032c8d-wrapper\"><div class=\"ugb-container__side\"><div class=\"ugb-container__content-wrapper ugb-8032c8d-content-wrapper\">\n<h2 class=\"wp-block-heading\" id=\"seasons\">Seasons in the nature reserve<\/h2>\n\n\n<style type=\"text\/css\">#envira-gallery-6442 {}<\/style><div id=\"envira-gallery-wrap-6442\" class=\"envira-default-gallery envira-gallery-wrap envira-lazy-loading-enabled envira-layout-grid envira-gallery-theme-sleek\" itemscope itemtype=\"https:\/\/schema.org\/ImageGallery\"><div class=\"envira-loader\"><div><\/div><div><\/div><div><\/div><div><\/div><\/div><div id=\"envira-gallery-6442\" class=\"envira-gallery-public envira-gallery-2-columns envira-clear\" data-envira-id=\"6442\" data-gallery-config='{\"type\":\"default\",\"layout\":\"grid\",\"columns\":\"2\",\"gallery_theme\":\"sleek\",\"justified_margins\":1,\"justified_last_row\":\"nojustify\",\"lazy_loading\":1,\"lazy_loading_delay\":500,\"gutter\":10,\"margin\":10,\"image_size\":\"default\",\"square_size\":300,\"crop_width\":640,\"crop_height\":480,\"crop\":1,\"crop_position\":\"c\",\"additional_copy_0\":0,\"additional_copy_title\":0,\"additional_copy_caption\":0,\"additional_copy_title_caption\":0,\"additional_copy_0_mobile\":0,\"additional_copy_title_mobile\":0,\"additional_copy_caption_mobile\":0,\"additional_copy_title_caption_mobile\":0,\"gallery_column_title_caption\":\"caption\",\"gallery_column_title_caption_mobile\":\"caption\",\"additional_copy_automatic_0\":0,\"additional_copy_automatic_title\":0,\"additional_copy_automatic_caption\":0,\"additional_copy_automatic_title_caption\":0,\"additional_copy_automatic_0_mobile\":0,\"additional_copy_automatic_title_mobile\":0,\"additional_copy_automatic_caption_mobile\":0,\"additional_copy_automatic_title_caption_mobile\":0,\"gallery_automatic_title_caption\":\"0\",\"gallery_automatic_title_caption_mobile\":\"0\",\"justified_row_height\":150,\"description_position\":\"0\",\"description\":\"\",\"random\":\"0\",\"sort_order\":\"0\",\"sorting_direction\":\"ASC\",\"image_sizes_random\":[],\"isotope\":false,\"lightbox_enabled\":1,\"gallery_link_enabled\":1,\"lightbox_theme\":\"infinity_light\",\"lightbox_image_size\":\"default\",\"title_display\":\"float\",\"lightbox_title_caption\":\"caption\",\"arrows\":1,\"arrows_position\":\"inside\",\"toolbar\":1,\"toolbar_title\":0,\"toolbar_position\":\"top\",\"loop\":1,\"lightbox_open_close_effect\":\"fade\",\"effect\":\"fade\",\"supersize\":0,\"thumbnails_toggle\":0,\"thumbnails_hide\":0,\"image_counter\":0,\"thumbnails\":0,\"thumbnails_width\":\"auto\",\"thumbnails_height\":\"auto\",\"thumbnails_position\":\"bottom\",\"thumbnails_custom_size\":0,\"mobile\":1,\"mobile_width\":320,\"mobile_height\":240,\"mobile_lightbox\":0,\"mobile_gallery_link_enabled\":0,\"mobile_arrows\":0,\"mobile_toolbar\":1,\"mobile_thumbnails\":1,\"mobile_touchwipe_close\":0,\"mobile_thumbnails_width\":75,\"mobile_thumbnails_height\":50,\"mobile_justified_row_height\":80,\"keyboard\":true,\"standalone_template\":\"\",\"classes\":[\"envira-default-gallery\"],\"rtl\":0,\"slug\":\"photo-gallery-seasons-in-the-heathland\",\"custom_css\":\"#envira-gallery-6442 {\\r\\n    \\\/* margin-bottom: 20px; *\\\/\\r\\n    \\\/* font-size: 18px; *\\\/\\r\\n    \\\/* font-family: \\\"roboto\\\"; *\\\/\\r\\n}\",\"fullscreen\":0,\"gallery_id\":\"6442\"}' data-gallery-images='[{\"status\":\"active\",\"src\":\"https:\\\/\\\/www.verein-naturschutzpark.de\\\/wp-content\\\/uploads\\\/fruehling-im-stuehbusch-naturschutzgebiet-lueneburger-heide-vnp-stiftung-2.jpg\",\"title\":\"Spring in the \\\"St&uuml;hbusch\\\" | Photo: Foto: VNP Stiftung Naturschutzpark L&uuml;neburger Heide\",\"link\":\"https:\\\/\\\/www.verein-naturschutzpark.de\\\/wp-content\\\/uploads\\\/fruehling-im-stuehbusch-naturschutzgebiet-lueneburger-heide-vnp-stiftung-2.jpg\",\"alt\":\"Spring in the &amp;quot;St&uuml;hbusch&amp;quot; | Photo: Foto: VNP Stiftung Naturschutzpark L&uuml;neburger Heide\",\"caption\":\"Spring in the &&#163;34;St&uuml;hbusch&&#163;34;\",\"thumb\":\"https:\\\/\\\/www.verein-naturschutzpark.de\\\/wp-content\\\/uploads\\\/fruehling-im-stuehbusch-naturschutzgebiet-lueneburger-heide-vnp-stiftung-2-75x50_c.jpg\",\"meta\":{\"aperture\":\"22\",\"credit\":null,\"camera\":\"Canon EOS 350D DIGITAL\",\"caption\":\"Fr\u00fchling im St\u00fchbusch | Foto: VNP Stiftung Naturschutzpark L\u00fcneburger Heide\",\"created_timestamp\":\"1177846913\",\"copyright\":null,\"focal_length\":\"17\",\"iso\":\"200\",\"shutter_speed\":\"0.5\",\"title\":\"Fr\ufffdhling im St\ufffdhbusch | Foto: VNP Stiftung Naturschutzpark L\ufffdneburger Heide\",\"orientation\":\"1\",\"keywords\":null},\"thumbnail\":\"https:\\\/\\\/www.verein-naturschutzpark.de\\\/wp-content\\\/uploads\\\/fruehling-im-stuehbusch-naturschutzgebiet-lueneburger-heide-vnp-stiftung-2-150x100.jpg\",\"medium\":\"https:\\\/\\\/www.verein-naturschutzpark.de\\\/wp-content\\\/uploads\\\/fruehling-im-stuehbusch-naturschutzgebiet-lueneburger-heide-vnp-stiftung-2-400x267.jpg\",\"medium_large\":\"https:\\\/\\\/www.verein-naturschutzpark.de\\\/wp-content\\\/uploads\\\/fruehling-im-stuehbusch-naturschutzgebiet-lueneburger-heide-vnp-stiftung-2-768x512.jpg\",\"large\":\"https:\\\/\\\/www.verein-naturschutzpark.de\\\/wp-content\\\/uploads\\\/fruehling-im-stuehbusch-naturschutzgebiet-lueneburger-heide-vnp-stiftung-2-1024x683.jpg\",\"thumblist\":\"https:\\\/\\\/www.verein-naturschutzpark.de\\\/wp-content\\\/uploads\\\/fruehling-im-stuehbusch-naturschutzgebiet-lueneburger-heide-vnp-stiftung-2.jpg\",\"thumbrelated\":\"https:\\\/\\\/www.verein-naturschutzpark.de\\\/wp-content\\\/uploads\\\/fruehling-im-stuehbusch-naturschutzgebiet-lueneburger-heide-vnp-stiftung-2.jpg\",\"meccarouselthumb\":\"https:\\\/\\\/www.verein-naturschutzpark.de\\\/wp-content\\\/uploads\\\/fruehling-im-stuehbusch-naturschutzgebiet-lueneburger-heide-vnp-stiftung-2.jpg\",\"gridsquare\":\"https:\\\/\\\/www.verein-naturschutzpark.de\\\/wp-content\\\/uploads\\\/fruehling-im-stuehbusch-naturschutzgebiet-lueneburger-heide-vnp-stiftung-2.jpg\",\"tileview\":\"https:\\\/\\\/www.verein-naturschutzpark.de\\\/wp-content\\\/uploads\\\/fruehling-im-stuehbusch-naturschutzgebiet-lueneburger-heide-vnp-stiftung-2.jpg\",\"1536x1536\":\"https:\\\/\\\/www.verein-naturschutzpark.de\\\/wp-content\\\/uploads\\\/fruehling-im-stuehbusch-naturschutzgebiet-lueneburger-heide-vnp-stiftung-2-1536x1024.jpg\",\"2048x2048\":\"https:\\\/\\\/www.verein-naturschutzpark.de\\\/wp-content\\\/uploads\\\/fruehling-im-stuehbusch-naturschutzgebiet-lueneburger-heide-vnp-stiftung-2-2048x1365.jpg\",\"full\":\"https:\\\/\\\/www.verein-naturschutzpark.de\\\/wp-content\\\/uploads\\\/fruehling-im-stuehbusch-naturschutzgebiet-lueneburger-heide-vnp-stiftung-2.jpg\",\"index\":0,\"id\":4627,\"video\":false,\"opts\":{\"caption\":\"Spring in the &&#163;34;St&uuml;hbusch&&#163;34;\",\"thumb\":\"https:\\\/\\\/www.verein-naturschutzpark.de\\\/wp-content\\\/uploads\\\/fruehling-im-stuehbusch-naturschutzgebiet-lueneburger-heide-vnp-stiftung-2-75x50_c.jpg\",\"title\":\"Spring in the \\\"St&uuml;hbusch\\\" | Photo: Foto: VNP Stiftung Naturschutzpark L&uuml;neburger Heide\"},\"gallery_id\":\"6442\"},{\"status\":\"active\",\"src\":\"https:\\\/\\\/www.verein-naturschutzpark.de\\\/wp-content\\\/uploads\\\/fruehling-sitzbank-im-naturschutzgebiet-lueneburger-heide-vnp-stiftung.jpg\",\"title\":\"Spring: Bench in the nature reserve | Photo: VNP Stiftung Naturschutzpark L&uuml;neburger Heide\",\"link\":\"https:\\\/\\\/www.verein-naturschutzpark.de\\\/wp-content\\\/uploads\\\/fruehling-sitzbank-im-naturschutzgebiet-lueneburger-heide-vnp-stiftung.jpg\",\"alt\":\"Spring: Bench in the nature reserve | Photo: VNP Stiftung Naturschutzpark L&uuml;neburger Heide\",\"caption\":\"Spring: Bench in the nature reserve\",\"thumb\":\"https:\\\/\\\/www.verein-naturschutzpark.de\\\/wp-content\\\/uploads\\\/fruehling-sitzbank-im-naturschutzgebiet-lueneburger-heide-vnp-stiftung-75x50_c.jpg\",\"meta\":{\"aperture\":\"6.3\",\"credit\":null,\"camera\":\"E-M5\",\"caption\":\"Fr\u00fchling: Sitzbank im Naturschutzgebiet | Foto: VNP Stiftung Naturschutzpark L\u00fcneburger Heide\",\"created_timestamp\":\"1588248641\",\"copyright\":null,\"focal_length\":\"61\",\"iso\":\"200\",\"shutter_speed\":\"0.005\",\"title\":\"Fr\ufffdhling: Sitzbank im Naturschutzgebiet | Foto: VNP Stiftung Naturschutzpark L\ufffdneburger Heide\",\"orientation\":\"1\",\"keywords\":null},\"thumbnail\":\"https:\\\/\\\/www.verein-naturschutzpark.de\\\/wp-content\\\/uploads\\\/fruehling-sitzbank-im-naturschutzgebiet-lueneburger-heide-vnp-stiftung-150x100.jpg\",\"medium\":\"https:\\\/\\\/www.verein-naturschutzpark.de\\\/wp-content\\\/uploads\\\/fruehling-sitzbank-im-naturschutzgebiet-lueneburger-heide-vnp-stiftung-400x267.jpg\",\"medium_large\":\"https:\\\/\\\/www.verein-naturschutzpark.de\\\/wp-content\\\/uploads\\\/fruehling-sitzbank-im-naturschutzgebiet-lueneburger-heide-vnp-stiftung-768x512.jpg\",\"large\":\"https:\\\/\\\/www.verein-naturschutzpark.de\\\/wp-content\\\/uploads\\\/fruehling-sitzbank-im-naturschutzgebiet-lueneburger-heide-vnp-stiftung-1024x683.jpg\",\"thumblist\":\"https:\\\/\\\/www.verein-naturschutzpark.de\\\/wp-content\\\/uploads\\\/fruehling-sitzbank-im-naturschutzgebiet-lueneburger-heide-vnp-stiftung.jpg\",\"thumbrelated\":\"https:\\\/\\\/www.verein-naturschutzpark.de\\\/wp-content\\\/uploads\\\/fruehling-sitzbank-im-naturschutzgebiet-lueneburger-heide-vnp-stiftung.jpg\",\"meccarouselthumb\":\"https:\\\/\\\/www.verein-naturschutzpark.de\\\/wp-content\\\/uploads\\\/fruehling-sitzbank-im-naturschutzgebiet-lueneburger-heide-vnp-stiftung.jpg\",\"gridsquare\":\"https:\\\/\\\/www.verein-naturschutzpark.de\\\/wp-content\\\/uploads\\\/fruehling-sitzbank-im-naturschutzgebiet-lueneburger-heide-vnp-stiftung.jpg\",\"tileview\":\"https:\\\/\\\/www.verein-naturschutzpark.de\\\/wp-content\\\/uploads\\\/fruehling-sitzbank-im-naturschutzgebiet-lueneburger-heide-vnp-stiftung.jpg\",\"1536x1536\":\"https:\\\/\\\/www.verein-naturschutzpark.de\\\/wp-content\\\/uploads\\\/fruehling-sitzbank-im-naturschutzgebiet-lueneburger-heide-vnp-stiftung-1536x1024.jpg\",\"2048x2048\":\"https:\\\/\\\/www.verein-naturschutzpark.de\\\/wp-content\\\/uploads\\\/fruehling-sitzbank-im-naturschutzgebiet-lueneburger-heide-vnp-stiftung-2048x1365.jpg\",\"full\":\"https:\\\/\\\/www.verein-naturschutzpark.de\\\/wp-content\\\/uploads\\\/fruehling-sitzbank-im-naturschutzgebiet-lueneburger-heide-vnp-stiftung.jpg\",\"index\":1,\"id\":4631,\"video\":false,\"opts\":{\"caption\":\"Spring: Bench in the nature reserve\",\"thumb\":\"https:\\\/\\\/www.verein-naturschutzpark.de\\\/wp-content\\\/uploads\\\/fruehling-sitzbank-im-naturschutzgebiet-lueneburger-heide-vnp-stiftung-75x50_c.jpg\",\"title\":\"Spring: Bench in the nature reserve | Photo: VNP Stiftung Naturschutzpark L&uuml;neburger Heide\"},\"gallery_id\":\"6442\"},{\"status\":\"active\",\"src\":\"https:\\\/\\\/www.verein-naturschutzpark.de\\\/wp-content\\\/uploads\\\/sommer-juli-thymianbluete-naturschutzgebiet-lueneburger-heide-vnp-stiftung.jpg\",\"title\":\"Summer: Thyme blossom in July | Photo: VNP Stiftung Naturschutzpark L&uuml;neburger Heide\",\"link\":\"https:\\\/\\\/www.verein-naturschutzpark.de\\\/wp-content\\\/uploads\\\/sommer-juli-thymianbluete-naturschutzgebiet-lueneburger-heide-vnp-stiftung.jpg\",\"alt\":\"Summer: Thyme blossom in July | Photo: VNP Stiftung Naturschutzpark L&uuml;neburger Heide\",\"caption\":\"Summer: Thyme blossom in July\",\"thumb\":\"https:\\\/\\\/www.verein-naturschutzpark.de\\\/wp-content\\\/uploads\\\/sommer-juli-thymianbluete-naturschutzgebiet-lueneburger-heide-vnp-stiftung-75x50_c.jpg\",\"meta\":{\"aperture\":\"7.1\",\"credit\":null,\"camera\":\"E-M5\",\"caption\":\"Sommer: Thymianbl\u00fcte im Juli | Foto: VNP Stiftung Naturschutzpark L\u00fcneburger Heide\",\"created_timestamp\":\"1562841664\",\"copyright\":null,\"focal_length\":\"46\",\"iso\":\"200\",\"shutter_speed\":\"0.004\",\"title\":\"Sommer: Thymianbl\ufffdte im Juli | Foto: VNP Stiftung Naturschutzpark L\ufffdneburger Heide\",\"orientation\":\"1\",\"keywords\":null},\"thumbnail\":\"https:\\\/\\\/www.verein-naturschutzpark.de\\\/wp-content\\\/uploads\\\/sommer-juli-thymianbluete-naturschutzgebiet-lueneburger-heide-vnp-stiftung-150x100.jpg\",\"medium\":\"https:\\\/\\\/www.verein-naturschutzpark.de\\\/wp-content\\\/uploads\\\/sommer-juli-thymianbluete-naturschutzgebiet-lueneburger-heide-vnp-stiftung-400x267.jpg\",\"medium_large\":\"https:\\\/\\\/www.verein-naturschutzpark.de\\\/wp-content\\\/uploads\\\/sommer-juli-thymianbluete-naturschutzgebiet-lueneburger-heide-vnp-stiftung-768x512.jpg\",\"large\":\"https:\\\/\\\/www.verein-naturschutzpark.de\\\/wp-content\\\/uploads\\\/sommer-juli-thymianbluete-naturschutzgebiet-lueneburger-heide-vnp-stiftung-1024x683.jpg\",\"thumblist\":\"https:\\\/\\\/www.verein-naturschutzpark.de\\\/wp-content\\\/uploads\\\/sommer-juli-thymianbluete-naturschutzgebiet-lueneburger-heide-vnp-stiftung.jpg\",\"thumbrelated\":\"https:\\\/\\\/www.verein-naturschutzpark.de\\\/wp-content\\\/uploads\\\/sommer-juli-thymianbluete-naturschutzgebiet-lueneburger-heide-vnp-stiftung.jpg\",\"meccarouselthumb\":\"https:\\\/\\\/www.verein-naturschutzpark.de\\\/wp-content\\\/uploads\\\/sommer-juli-thymianbluete-naturschutzgebiet-lueneburger-heide-vnp-stiftung.jpg\",\"gridsquare\":\"https:\\\/\\\/www.verein-naturschutzpark.de\\\/wp-content\\\/uploads\\\/sommer-juli-thymianbluete-naturschutzgebiet-lueneburger-heide-vnp-stiftung.jpg\",\"tileview\":\"https:\\\/\\\/www.verein-naturschutzpark.de\\\/wp-content\\\/uploads\\\/sommer-juli-thymianbluete-naturschutzgebiet-lueneburger-heide-vnp-stiftung.jpg\",\"1536x1536\":\"https:\\\/\\\/www.verein-naturschutzpark.de\\\/wp-content\\\/uploads\\\/sommer-juli-thymianbluete-naturschutzgebiet-lueneburger-heide-vnp-stiftung-1536x1024.jpg\",\"2048x2048\":\"https:\\\/\\\/www.verein-naturschutzpark.de\\\/wp-content\\\/uploads\\\/sommer-juli-thymianbluete-naturschutzgebiet-lueneburger-heide-vnp-stiftung-2048x1365.jpg\",\"full\":\"https:\\\/\\\/www.verein-naturschutzpark.de\\\/wp-content\\\/uploads\\\/sommer-juli-thymianbluete-naturschutzgebiet-lueneburger-heide-vnp-stiftung.jpg\",\"index\":2,\"id\":4647,\"video\":false,\"opts\":{\"caption\":\"Summer: Thyme blossom in July\",\"thumb\":\"https:\\\/\\\/www.verein-naturschutzpark.de\\\/wp-content\\\/uploads\\\/sommer-juli-thymianbluete-naturschutzgebiet-lueneburger-heide-vnp-stiftung-75x50_c.jpg\",\"title\":\"Summer: Thyme blossom in July | Photo: VNP Stiftung Naturschutzpark L&uuml;neburger Heide\"},\"gallery_id\":\"6442\"},{\"status\":\"active\",\"src\":\"https:\\\/\\\/www.verein-naturschutzpark.de\\\/wp-content\\\/uploads\\\/sommer-thymianbluete-juli-naturschutzgebiet-lueneburger-heide-vnp-stiftung.jpg\",\"title\":\"Summer: Thyme blossom in July | Photo: VNP Stiftung Naturschutzpark L&uuml;neburger Heide\",\"link\":\"https:\\\/\\\/www.verein-naturschutzpark.de\\\/wp-content\\\/uploads\\\/sommer-thymianbluete-juli-naturschutzgebiet-lueneburger-heide-vnp-stiftung.jpg\",\"alt\":\"Summer: Thyme blossom in July | Photo: VNP Stiftung Naturschutzpark L&uuml;neburger Heide\",\"caption\":\"Summer: Thyme blossom in July\",\"thumb\":\"https:\\\/\\\/www.verein-naturschutzpark.de\\\/wp-content\\\/uploads\\\/sommer-thymianbluete-juli-naturschutzgebiet-lueneburger-heide-vnp-stiftung-75x50_c.jpg\",\"meta\":{\"aperture\":\"8\",\"credit\":null,\"camera\":\"E-M5\",\"caption\":\"Sommer: Thymianbl\u00fcte im Juli | Foto: VNP Stiftung Naturschutzpark L\u00fcneburger Heide\",\"created_timestamp\":\"1562842325\",\"copyright\":null,\"focal_length\":\"14\",\"iso\":\"200\",\"shutter_speed\":\"0.004\",\"title\":\"Sommer: Thymianbl\ufffdte im Juli | Foto: VNP Stiftung Naturschutzpark L\ufffdneburger Heide\",\"orientation\":\"1\",\"keywords\":null},\"thumbnail\":\"https:\\\/\\\/www.verein-naturschutzpark.de\\\/wp-content\\\/uploads\\\/sommer-thymianbluete-juli-naturschutzgebiet-lueneburger-heide-vnp-stiftung-150x100.jpg\",\"medium\":\"https:\\\/\\\/www.verein-naturschutzpark.de\\\/wp-content\\\/uploads\\\/sommer-thymianbluete-juli-naturschutzgebiet-lueneburger-heide-vnp-stiftung-400x267.jpg\",\"medium_large\":\"https:\\\/\\\/www.verein-naturschutzpark.de\\\/wp-content\\\/uploads\\\/sommer-thymianbluete-juli-naturschutzgebiet-lueneburger-heide-vnp-stiftung-768x512.jpg\",\"large\":\"https:\\\/\\\/www.verein-naturschutzpark.de\\\/wp-content\\\/uploads\\\/sommer-thymianbluete-juli-naturschutzgebiet-lueneburger-heide-vnp-stiftung-1024x683.jpg\",\"thumblist\":\"https:\\\/\\\/www.verein-naturschutzpark.de\\\/wp-content\\\/uploads\\\/sommer-thymianbluete-juli-naturschutzgebiet-lueneburger-heide-vnp-stiftung.jpg\",\"thumbrelated\":\"https:\\\/\\\/www.verein-naturschutzpark.de\\\/wp-content\\\/uploads\\\/sommer-thymianbluete-juli-naturschutzgebiet-lueneburger-heide-vnp-stiftung.jpg\",\"meccarouselthumb\":\"https:\\\/\\\/www.verein-naturschutzpark.de\\\/wp-content\\\/uploads\\\/sommer-thymianbluete-juli-naturschutzgebiet-lueneburger-heide-vnp-stiftung.jpg\",\"gridsquare\":\"https:\\\/\\\/www.verein-naturschutzpark.de\\\/wp-content\\\/uploads\\\/sommer-thymianbluete-juli-naturschutzgebiet-lueneburger-heide-vnp-stiftung.jpg\",\"tileview\":\"https:\\\/\\\/www.verein-naturschutzpark.de\\\/wp-content\\\/uploads\\\/sommer-thymianbluete-juli-naturschutzgebiet-lueneburger-heide-vnp-stiftung.jpg\",\"1536x1536\":\"https:\\\/\\\/www.verein-naturschutzpark.de\\\/wp-content\\\/uploads\\\/sommer-thymianbluete-juli-naturschutzgebiet-lueneburger-heide-vnp-stiftung-1536x1024.jpg\",\"2048x2048\":\"https:\\\/\\\/www.verein-naturschutzpark.de\\\/wp-content\\\/uploads\\\/sommer-thymianbluete-juli-naturschutzgebiet-lueneburger-heide-vnp-stiftung-2048x1365.jpg\",\"full\":\"https:\\\/\\\/www.verein-naturschutzpark.de\\\/wp-content\\\/uploads\\\/sommer-thymianbluete-juli-naturschutzgebiet-lueneburger-heide-vnp-stiftung.jpg\",\"index\":3,\"id\":4649,\"video\":false,\"opts\":{\"caption\":\"Summer: Thyme blossom in July\",\"thumb\":\"https:\\\/\\\/www.verein-naturschutzpark.de\\\/wp-content\\\/uploads\\\/sommer-thymianbluete-juli-naturschutzgebiet-lueneburger-heide-vnp-stiftung-75x50_c.jpg\",\"title\":\"Summer: Thyme blossom in July | Photo: VNP Stiftung Naturschutzpark L&uuml;neburger Heide\"},\"gallery_id\":\"6442\"},{\"status\":\"active\",\"src\":\"https:\\\/\\\/www.verein-naturschutzpark.de\\\/wp-content\\\/uploads\\\/herbst-laubverfaerbung-naturschutzgebiet-lueneburger-heide-vnp-stiftung.jpg\",\"title\":\"Autumn: leaves changing color in the nature reserve | Photo: VNP Stiftung Naturschutzpark L&uuml;neburger Heide\",\"link\":\"https:\\\/\\\/www.verein-naturschutzpark.de\\\/wp-content\\\/uploads\\\/herbst-laubverfaerbung-naturschutzgebiet-lueneburger-heide-vnp-stiftung.jpg\",\"alt\":\"Autumn: leaves changing color in the nature reserve | Photo: VNP Stiftung Naturschutzpark L&uuml;neburger Heide\",\"caption\":\"Autumn: leaves changing colour in the nature reserve\",\"thumb\":\"https:\\\/\\\/www.verein-naturschutzpark.de\\\/wp-content\\\/uploads\\\/herbst-laubverfaerbung-naturschutzgebiet-lueneburger-heide-vnp-stiftung-75x50_c.jpg\",\"meta\":{\"aperture\":\"7.1\",\"credit\":null,\"camera\":\"E-M5\",\"caption\":\"Herbst: Laubverf\u00e4rbung im Naturschutzgebiet | Foto: VNP Stiftung Naturschutzpark L\u00fcneburger Heide\",\"created_timestamp\":\"1603883929\",\"copyright\":null,\"focal_length\":\"37\",\"iso\":\"200\",\"shutter_speed\":\"0.005\",\"title\":\"Herbst: Laubverf\ufffdrbung im Naturschutzgebiet | Foto: VNP Stiftung Naturschutzpark L\ufffdneburger Heide\",\"orientation\":\"1\",\"keywords\":null,\"resized_images\":null},\"thumbnail\":\"https:\\\/\\\/www.verein-naturschutzpark.de\\\/wp-content\\\/uploads\\\/herbst-laubverfaerbung-naturschutzgebiet-lueneburger-heide-vnp-stiftung-150x100.jpg\",\"medium\":\"https:\\\/\\\/www.verein-naturschutzpark.de\\\/wp-content\\\/uploads\\\/herbst-laubverfaerbung-naturschutzgebiet-lueneburger-heide-vnp-stiftung-400x267.jpg\",\"medium_large\":\"https:\\\/\\\/www.verein-naturschutzpark.de\\\/wp-content\\\/uploads\\\/herbst-laubverfaerbung-naturschutzgebiet-lueneburger-heide-vnp-stiftung-768x512.jpg\",\"large\":\"https:\\\/\\\/www.verein-naturschutzpark.de\\\/wp-content\\\/uploads\\\/herbst-laubverfaerbung-naturschutzgebiet-lueneburger-heide-vnp-stiftung-1024x683.jpg\",\"thumblist\":\"https:\\\/\\\/www.verein-naturschutzpark.de\\\/wp-content\\\/uploads\\\/herbst-laubverfaerbung-naturschutzgebiet-lueneburger-heide-vnp-stiftung.jpg\",\"thumbrelated\":\"https:\\\/\\\/www.verein-naturschutzpark.de\\\/wp-content\\\/uploads\\\/herbst-laubverfaerbung-naturschutzgebiet-lueneburger-heide-vnp-stiftung.jpg\",\"meccarouselthumb\":\"https:\\\/\\\/www.verein-naturschutzpark.de\\\/wp-content\\\/uploads\\\/herbst-laubverfaerbung-naturschutzgebiet-lueneburger-heide-vnp-stiftung.jpg\",\"gridsquare\":\"https:\\\/\\\/www.verein-naturschutzpark.de\\\/wp-content\\\/uploads\\\/herbst-laubverfaerbung-naturschutzgebiet-lueneburger-heide-vnp-stiftung.jpg\",\"tileview\":\"https:\\\/\\\/www.verein-naturschutzpark.de\\\/wp-content\\\/uploads\\\/herbst-laubverfaerbung-naturschutzgebiet-lueneburger-heide-vnp-stiftung.jpg\",\"1536x1536\":\"https:\\\/\\\/www.verein-naturschutzpark.de\\\/wp-content\\\/uploads\\\/herbst-laubverfaerbung-naturschutzgebiet-lueneburger-heide-vnp-stiftung-1536x1024.jpg\",\"2048x2048\":\"https:\\\/\\\/www.verein-naturschutzpark.de\\\/wp-content\\\/uploads\\\/herbst-laubverfaerbung-naturschutzgebiet-lueneburger-heide-vnp-stiftung-2048x1365.jpg\",\"full\":\"https:\\\/\\\/www.verein-naturschutzpark.de\\\/wp-content\\\/uploads\\\/herbst-laubverfaerbung-naturschutzgebiet-lueneburger-heide-vnp-stiftung.jpg\",\"index\":4,\"id\":4635,\"video\":false,\"opts\":{\"caption\":\"Autumn: leaves changing colour in the nature reserve\",\"thumb\":\"https:\\\/\\\/www.verein-naturschutzpark.de\\\/wp-content\\\/uploads\\\/herbst-laubverfaerbung-naturschutzgebiet-lueneburger-heide-vnp-stiftung-75x50_c.jpg\",\"title\":\"Autumn: leaves changing color in the nature reserve | Photo: VNP Stiftung Naturschutzpark L&uuml;neburger Heide\"},\"gallery_id\":\"6442\"},{\"status\":\"active\",\"src\":\"https:\\\/\\\/www.verein-naturschutzpark.de\\\/wp-content\\\/uploads\\\/herbst-kutschfahrt-naturschutzgebiet-lueneburger-heide-vnp-stiftung.jpg\",\"title\":\"Autumn: Carriage ride in the nature reserve | Photo: VNP Stiftung Naturschutzpark L&uuml;neburger Heide\",\"link\":\"https:\\\/\\\/www.verein-naturschutzpark.de\\\/wp-content\\\/uploads\\\/herbst-kutschfahrt-naturschutzgebiet-lueneburger-heide-vnp-stiftung.jpg\",\"alt\":\"Autumn: Carriage ride in the nature reserve | Photo: VNP Stiftung Naturschutzpark L&uuml;neburger Heide\",\"caption\":\"Autumn: Carriage ride in the nature reserve\",\"thumb\":\"https:\\\/\\\/www.verein-naturschutzpark.de\\\/wp-content\\\/uploads\\\/herbst-kutschfahrt-naturschutzgebiet-lueneburger-heide-vnp-stiftung-75x50_c.jpg\",\"meta\":{\"aperture\":\"5.1\",\"credit\":null,\"camera\":\"E-M5\",\"caption\":\"Herbst: Kutschfahrt im Naturschutzgebiet |  Foto: VNP Stiftung Naturschutzpark L\u00fcneburger Heide\",\"created_timestamp\":\"1603885237\",\"copyright\":null,\"focal_length\":\"55\",\"iso\":\"200\",\"shutter_speed\":\"0.008\",\"title\":\"Herbst: Kutschfahrt im Naturschutzgebiet |  Foto: VNP Stiftung Naturschutzpark L\ufffdneburger Heide\",\"orientation\":\"1\",\"keywords\":null},\"thumbnail\":\"https:\\\/\\\/www.verein-naturschutzpark.de\\\/wp-content\\\/uploads\\\/herbst-kutschfahrt-naturschutzgebiet-lueneburger-heide-vnp-stiftung-150x100.jpg\",\"medium\":\"https:\\\/\\\/www.verein-naturschutzpark.de\\\/wp-content\\\/uploads\\\/herbst-kutschfahrt-naturschutzgebiet-lueneburger-heide-vnp-stiftung-400x267.jpg\",\"medium_large\":\"https:\\\/\\\/www.verein-naturschutzpark.de\\\/wp-content\\\/uploads\\\/herbst-kutschfahrt-naturschutzgebiet-lueneburger-heide-vnp-stiftung-768x512.jpg\",\"large\":\"https:\\\/\\\/www.verein-naturschutzpark.de\\\/wp-content\\\/uploads\\\/herbst-kutschfahrt-naturschutzgebiet-lueneburger-heide-vnp-stiftung-1024x683.jpg\",\"thumblist\":\"https:\\\/\\\/www.verein-naturschutzpark.de\\\/wp-content\\\/uploads\\\/herbst-kutschfahrt-naturschutzgebiet-lueneburger-heide-vnp-stiftung.jpg\",\"thumbrelated\":\"https:\\\/\\\/www.verein-naturschutzpark.de\\\/wp-content\\\/uploads\\\/herbst-kutschfahrt-naturschutzgebiet-lueneburger-heide-vnp-stiftung.jpg\",\"meccarouselthumb\":\"https:\\\/\\\/www.verein-naturschutzpark.de\\\/wp-content\\\/uploads\\\/herbst-kutschfahrt-naturschutzgebiet-lueneburger-heide-vnp-stiftung.jpg\",\"gridsquare\":\"https:\\\/\\\/www.verein-naturschutzpark.de\\\/wp-content\\\/uploads\\\/herbst-kutschfahrt-naturschutzgebiet-lueneburger-heide-vnp-stiftung.jpg\",\"tileview\":\"https:\\\/\\\/www.verein-naturschutzpark.de\\\/wp-content\\\/uploads\\\/herbst-kutschfahrt-naturschutzgebiet-lueneburger-heide-vnp-stiftung.jpg\",\"1536x1536\":\"https:\\\/\\\/www.verein-naturschutzpark.de\\\/wp-content\\\/uploads\\\/herbst-kutschfahrt-naturschutzgebiet-lueneburger-heide-vnp-stiftung-1536x1024.jpg\",\"2048x2048\":\"https:\\\/\\\/www.verein-naturschutzpark.de\\\/wp-content\\\/uploads\\\/herbst-kutschfahrt-naturschutzgebiet-lueneburger-heide-vnp-stiftung-2048x1365.jpg\",\"full\":\"https:\\\/\\\/www.verein-naturschutzpark.de\\\/wp-content\\\/uploads\\\/herbst-kutschfahrt-naturschutzgebiet-lueneburger-heide-vnp-stiftung.jpg\",\"index\":5,\"id\":4633,\"video\":false,\"opts\":{\"caption\":\"Autumn: Carriage ride in the nature reserve\",\"thumb\":\"https:\\\/\\\/www.verein-naturschutzpark.de\\\/wp-content\\\/uploads\\\/herbst-kutschfahrt-naturschutzgebiet-lueneburger-heide-vnp-stiftung-75x50_c.jpg\",\"title\":\"Autumn: Carriage ride in the nature reserve | Photo: VNP Stiftung Naturschutzpark L&uuml;neburger Heide\"},\"gallery_id\":\"6442\"},{\"status\":\"active\",\"src\":\"https:\\\/\\\/www.verein-naturschutzpark.de\\\/wp-content\\\/uploads\\\/herbststimmung-oktober-undeloher-strasse-naturschutzgebiet-lueneburger-heide-vnp-stiftung.jpg\",\"title\":\"Autumn atmosphere in October in the nature reserve | Photo: VNP Stiftung Naturschutzpark L&uuml;neburger Heide\",\"link\":\"https:\\\/\\\/www.verein-naturschutzpark.de\\\/wp-content\\\/uploads\\\/herbststimmung-oktober-undeloher-strasse-naturschutzgebiet-lueneburger-heide-vnp-stiftung.jpg\",\"alt\":\"Autumn atmosphere in October in the nature reserve | Photo: VNP Stiftung Naturschutzpark L&uuml;neburger Heide\",\"caption\":\"Autumn atmosphere in October in the nature reserve\",\"thumb\":\"https:\\\/\\\/www.verein-naturschutzpark.de\\\/wp-content\\\/uploads\\\/herbststimmung-oktober-undeloher-strasse-naturschutzgebiet-lueneburger-heide-vnp-stiftung-75x50_c.jpg\",\"meta\":{\"aperture\":\"5.6\",\"credit\":\"Picasa\",\"camera\":\"Canon EOS 600D\",\"caption\":\"Herbststimmung in Oktober im Naturschutzgebiet | Foto: VNP Stiftung Naturschutzpark L\u00fcneburger Heide\",\"created_timestamp\":\"1351354016\",\"copyright\":null,\"focal_length\":\"48\",\"iso\":\"200\",\"shutter_speed\":\"0.01\",\"title\":\"Herbststimmung in Oktober im Naturschutzgebiet | Foto: VNP Stiftung Naturschutzpark L\ufffdneburger Heide\",\"orientation\":\"1\",\"keywords\":null,\"resized_images\":null},\"thumbnail\":\"https:\\\/\\\/www.verein-naturschutzpark.de\\\/wp-content\\\/uploads\\\/herbststimmung-oktober-undeloher-strasse-naturschutzgebiet-lueneburger-heide-vnp-stiftung-150x100.jpg\",\"medium\":\"https:\\\/\\\/www.verein-naturschutzpark.de\\\/wp-content\\\/uploads\\\/herbststimmung-oktober-undeloher-strasse-naturschutzgebiet-lueneburger-heide-vnp-stiftung-400x267.jpg\",\"medium_large\":\"https:\\\/\\\/www.verein-naturschutzpark.de\\\/wp-content\\\/uploads\\\/herbststimmung-oktober-undeloher-strasse-naturschutzgebiet-lueneburger-heide-vnp-stiftung-768x512.jpg\",\"large\":\"https:\\\/\\\/www.verein-naturschutzpark.de\\\/wp-content\\\/uploads\\\/herbststimmung-oktober-undeloher-strasse-naturschutzgebiet-lueneburger-heide-vnp-stiftung-1024x683.jpg\",\"thumblist\":\"https:\\\/\\\/www.verein-naturschutzpark.de\\\/wp-content\\\/uploads\\\/herbststimmung-oktober-undeloher-strasse-naturschutzgebiet-lueneburger-heide-vnp-stiftung.jpg\",\"thumbrelated\":\"https:\\\/\\\/www.verein-naturschutzpark.de\\\/wp-content\\\/uploads\\\/herbststimmung-oktober-undeloher-strasse-naturschutzgebiet-lueneburger-heide-vnp-stiftung.jpg\",\"meccarouselthumb\":\"https:\\\/\\\/www.verein-naturschutzpark.de\\\/wp-content\\\/uploads\\\/herbststimmung-oktober-undeloher-strasse-naturschutzgebiet-lueneburger-heide-vnp-stiftung.jpg\",\"gridsquare\":\"https:\\\/\\\/www.verein-naturschutzpark.de\\\/wp-content\\\/uploads\\\/herbststimmung-oktober-undeloher-strasse-naturschutzgebiet-lueneburger-heide-vnp-stiftung.jpg\",\"tileview\":\"https:\\\/\\\/www.verein-naturschutzpark.de\\\/wp-content\\\/uploads\\\/herbststimmung-oktober-undeloher-strasse-naturschutzgebiet-lueneburger-heide-vnp-stiftung.jpg\",\"1536x1536\":\"https:\\\/\\\/www.verein-naturschutzpark.de\\\/wp-content\\\/uploads\\\/herbststimmung-oktober-undeloher-strasse-naturschutzgebiet-lueneburger-heide-vnp-stiftung-1536x1024.jpg\",\"2048x2048\":\"https:\\\/\\\/www.verein-naturschutzpark.de\\\/wp-content\\\/uploads\\\/herbststimmung-oktober-undeloher-strasse-naturschutzgebiet-lueneburger-heide-vnp-stiftung-2048x1365.jpg\",\"full\":\"https:\\\/\\\/www.verein-naturschutzpark.de\\\/wp-content\\\/uploads\\\/herbststimmung-oktober-undeloher-strasse-naturschutzgebiet-lueneburger-heide-vnp-stiftung.jpg\",\"index\":6,\"id\":4637,\"video\":false,\"opts\":{\"caption\":\"Autumn atmosphere in October in the nature reserve\",\"thumb\":\"https:\\\/\\\/www.verein-naturschutzpark.de\\\/wp-content\\\/uploads\\\/herbststimmung-oktober-undeloher-strasse-naturschutzgebiet-lueneburger-heide-vnp-stiftung-75x50_c.jpg\",\"title\":\"Autumn atmosphere in October in the nature reserve | Photo: VNP Stiftung Naturschutzpark L&uuml;neburger Heide\"},\"gallery_id\":\"6442\"},{\"status\":\"active\",\"src\":\"https:\\\/\\\/www.verein-naturschutzpark.de\\\/wp-content\\\/uploads\\\/rehwildbegegnung-am-herbstmorgen-naturschutzgebiet-lueneburger-heide-vnp-stiftung.jpg\",\"title\":\"Autumn: Roe deer encounter on autumn morning | Photo: VNP Stiftung Naturschutzpark L&uuml;neburger Heide\",\"link\":\"https:\\\/\\\/www.verein-naturschutzpark.de\\\/wp-content\\\/uploads\\\/rehwildbegegnung-am-herbstmorgen-naturschutzgebiet-lueneburger-heide-vnp-stiftung.jpg\",\"alt\":\"Autumn: Roe deer encounter on autumn morning | Photo: VNP Stiftung Naturschutzpark L&uuml;neburger Heide\",\"caption\":\"Autumn: Roe deer encounter on autumn morning\",\"thumb\":\"https:\\\/\\\/www.verein-naturschutzpark.de\\\/wp-content\\\/uploads\\\/rehwildbegegnung-am-herbstmorgen-naturschutzgebiet-lueneburger-heide-vnp-stiftung-75x50_c.jpg\",\"meta\":{\"aperture\":\"6.3\",\"credit\":\"Julia Hallmann\",\"camera\":\"DMC-FZ50\",\"caption\":\"Herbst: Rehwildbegegnung am Herbstmorgen | Foto: VNP Stiftung Naturschutzpark L\u00fcneburger Heide\",\"created_timestamp\":\"1175412211\",\"copyright\":null,\"focal_length\":\"88.8\",\"iso\":\"400\",\"shutter_speed\":\"0.0025\",\"title\":\"Herbst: Rehwildbegegnung am Herbstmorgen | Foto: VNP Stiftung Naturschutzpark L\ufffdneburger Heide\",\"orientation\":null,\"keywords\":null},\"thumbnail\":\"https:\\\/\\\/www.verein-naturschutzpark.de\\\/wp-content\\\/uploads\\\/rehwildbegegnung-am-herbstmorgen-naturschutzgebiet-lueneburger-heide-vnp-stiftung-150x107.jpg\",\"medium\":\"https:\\\/\\\/www.verein-naturschutzpark.de\\\/wp-content\\\/uploads\\\/rehwildbegegnung-am-herbstmorgen-naturschutzgebiet-lueneburger-heide-vnp-stiftung-400x287.jpg\",\"medium_large\":\"https:\\\/\\\/www.verein-naturschutzpark.de\\\/wp-content\\\/uploads\\\/rehwildbegegnung-am-herbstmorgen-naturschutzgebiet-lueneburger-heide-vnp-stiftung-768x550.jpg\",\"large\":\"https:\\\/\\\/www.verein-naturschutzpark.de\\\/wp-content\\\/uploads\\\/rehwildbegegnung-am-herbstmorgen-naturschutzgebiet-lueneburger-heide-vnp-stiftung-1024x733.jpg\",\"thumblist\":\"https:\\\/\\\/www.verein-naturschutzpark.de\\\/wp-content\\\/uploads\\\/rehwildbegegnung-am-herbstmorgen-naturschutzgebiet-lueneburger-heide-vnp-stiftung.jpg\",\"thumbrelated\":\"https:\\\/\\\/www.verein-naturschutzpark.de\\\/wp-content\\\/uploads\\\/rehwildbegegnung-am-herbstmorgen-naturschutzgebiet-lueneburger-heide-vnp-stiftung.jpg\",\"meccarouselthumb\":\"https:\\\/\\\/www.verein-naturschutzpark.de\\\/wp-content\\\/uploads\\\/rehwildbegegnung-am-herbstmorgen-naturschutzgebiet-lueneburger-heide-vnp-stiftung.jpg\",\"gridsquare\":\"https:\\\/\\\/www.verein-naturschutzpark.de\\\/wp-content\\\/uploads\\\/rehwildbegegnung-am-herbstmorgen-naturschutzgebiet-lueneburger-heide-vnp-stiftung.jpg\",\"tileview\":\"https:\\\/\\\/www.verein-naturschutzpark.de\\\/wp-content\\\/uploads\\\/rehwildbegegnung-am-herbstmorgen-naturschutzgebiet-lueneburger-heide-vnp-stiftung.jpg\",\"1536x1536\":\"https:\\\/\\\/www.verein-naturschutzpark.de\\\/wp-content\\\/uploads\\\/rehwildbegegnung-am-herbstmorgen-naturschutzgebiet-lueneburger-heide-vnp-stiftung-1536x1100.jpg\",\"2048x2048\":\"https:\\\/\\\/www.verein-naturschutzpark.de\\\/wp-content\\\/uploads\\\/rehwildbegegnung-am-herbstmorgen-naturschutzgebiet-lueneburger-heide-vnp-stiftung-2048x1467.jpg\",\"full\":\"https:\\\/\\\/www.verein-naturschutzpark.de\\\/wp-content\\\/uploads\\\/rehwildbegegnung-am-herbstmorgen-naturschutzgebiet-lueneburger-heide-vnp-stiftung.jpg\",\"index\":7,\"id\":4645,\"video\":false,\"opts\":{\"caption\":\"Autumn: Roe deer encounter on autumn morning\",\"thumb\":\"https:\\\/\\\/www.verein-naturschutzpark.de\\\/wp-content\\\/uploads\\\/rehwildbegegnung-am-herbstmorgen-naturschutzgebiet-lueneburger-heide-vnp-stiftung-75x50_c.jpg\",\"title\":\"Autumn: Roe deer encounter on autumn morning | Photo: VNP Stiftung Naturschutzpark L&uuml;neburger Heide\"},\"gallery_id\":\"6442\"},{\"status\":\"active\",\"src\":\"https:\\\/\\\/www.verein-naturschutzpark.de\\\/wp-content\\\/uploads\\\/raureif-meninger-heide-november-naturschutzgebiet-lueneburger-heide-vnp-stiftung.jpg\",\"title\":\"November: Hoarfrost in the \\\"Meninger Heide\\\" | Photo: VNP Stiftung Naturschutzpark L&uuml;neburger Heide\",\"link\":\"https:\\\/\\\/www.verein-naturschutzpark.de\\\/wp-content\\\/uploads\\\/raureif-meninger-heide-november-naturschutzgebiet-lueneburger-heide-vnp-stiftung.jpg\",\"alt\":\"November: Hoarfrost in the &amp;quot;Meninger Heide&amp;quot; | Photo: VNP Stiftung Naturschutzpark L&uuml;neburger Heide\",\"caption\":\"November: Hoarfrost in the &&#163;34;Meninger Heide&&#163;34;\",\"thumb\":\"https:\\\/\\\/www.verein-naturschutzpark.de\\\/wp-content\\\/uploads\\\/raureif-meninger-heide-november-naturschutzgebiet-lueneburger-heide-vnp-stiftung-75x50_c.jpg\",\"meta\":{\"aperture\":\"18\",\"credit\":null,\"camera\":\"Canon EOS 600D\",\"caption\":\"November: Raureif in der Meninger Heide | Foto: VNP Stiftung Naturschutzpark L\u00fcneburger Heide\",\"created_timestamp\":\"1357988642\",\"copyright\":null,\"focal_length\":\"24\",\"iso\":\"100\",\"shutter_speed\":\"0.0125\",\"title\":\"November: Raureif in der Meninger Heide | Foto: VNP Stiftung Naturschutzpark L\ufffdneburger Heide\",\"orientation\":\"1\",\"keywords\":null},\"thumbnail\":\"https:\\\/\\\/www.verein-naturschutzpark.de\\\/wp-content\\\/uploads\\\/raureif-meninger-heide-november-naturschutzgebiet-lueneburger-heide-vnp-stiftung-150x100.jpg\",\"medium\":\"https:\\\/\\\/www.verein-naturschutzpark.de\\\/wp-content\\\/uploads\\\/raureif-meninger-heide-november-naturschutzgebiet-lueneburger-heide-vnp-stiftung-400x267.jpg\",\"medium_large\":\"https:\\\/\\\/www.verein-naturschutzpark.de\\\/wp-content\\\/uploads\\\/raureif-meninger-heide-november-naturschutzgebiet-lueneburger-heide-vnp-stiftung-768x512.jpg\",\"large\":\"https:\\\/\\\/www.verein-naturschutzpark.de\\\/wp-content\\\/uploads\\\/raureif-meninger-heide-november-naturschutzgebiet-lueneburger-heide-vnp-stiftung-1024x683.jpg\",\"thumblist\":\"https:\\\/\\\/www.verein-naturschutzpark.de\\\/wp-content\\\/uploads\\\/raureif-meninger-heide-november-naturschutzgebiet-lueneburger-heide-vnp-stiftung.jpg\",\"thumbrelated\":\"https:\\\/\\\/www.verein-naturschutzpark.de\\\/wp-content\\\/uploads\\\/raureif-meninger-heide-november-naturschutzgebiet-lueneburger-heide-vnp-stiftung.jpg\",\"meccarouselthumb\":\"https:\\\/\\\/www.verein-naturschutzpark.de\\\/wp-content\\\/uploads\\\/raureif-meninger-heide-november-naturschutzgebiet-lueneburger-heide-vnp-stiftung.jpg\",\"gridsquare\":\"https:\\\/\\\/www.verein-naturschutzpark.de\\\/wp-content\\\/uploads\\\/raureif-meninger-heide-november-naturschutzgebiet-lueneburger-heide-vnp-stiftung.jpg\",\"tileview\":\"https:\\\/\\\/www.verein-naturschutzpark.de\\\/wp-content\\\/uploads\\\/raureif-meninger-heide-november-naturschutzgebiet-lueneburger-heide-vnp-stiftung.jpg\",\"1536x1536\":\"https:\\\/\\\/www.verein-naturschutzpark.de\\\/wp-content\\\/uploads\\\/raureif-meninger-heide-november-naturschutzgebiet-lueneburger-heide-vnp-stiftung-1536x1024.jpg\",\"2048x2048\":\"https:\\\/\\\/www.verein-naturschutzpark.de\\\/wp-content\\\/uploads\\\/raureif-meninger-heide-november-naturschutzgebiet-lueneburger-heide-vnp-stiftung-2048x1365.jpg\",\"full\":\"https:\\\/\\\/www.verein-naturschutzpark.de\\\/wp-content\\\/uploads\\\/raureif-meninger-heide-november-naturschutzgebiet-lueneburger-heide-vnp-stiftung.jpg\",\"index\":8,\"id\":4643,\"video\":false,\"opts\":{\"caption\":\"November: Hoarfrost in the &&#163;34;Meninger Heide&&#163;34;\",\"thumb\":\"https:\\\/\\\/www.verein-naturschutzpark.de\\\/wp-content\\\/uploads\\\/raureif-meninger-heide-november-naturschutzgebiet-lueneburger-heide-vnp-stiftung-75x50_c.jpg\",\"title\":\"November: Hoarfrost in the \\\"Meninger Heide\\\" | Photo: VNP Stiftung Naturschutzpark L&uuml;neburger Heide\"},\"gallery_id\":\"6442\"},{\"status\":\"active\",\"src\":\"https:\\\/\\\/www.verein-naturschutzpark.de\\\/wp-content\\\/uploads\\\/november-eichenlaub-mit-raureif-naturschutzgebiet-lueneburger-heide-vnp-stiftung.jpg\",\"title\":\"November: Oak leaves with hoarfrost | Photo: VNP Stiftung Naturschutzpark L&uuml;neburger Heide\",\"link\":\"https:\\\/\\\/www.verein-naturschutzpark.de\\\/wp-content\\\/uploads\\\/november-eichenlaub-mit-raureif-naturschutzgebiet-lueneburger-heide-vnp-stiftung.jpg\",\"alt\":\"November: Oak leaves with hoarfrost | Photo: VNP Stiftung Naturschutzpark L&uuml;neburger Heide\",\"caption\":\"November: Oak leaves with hoarfrost\",\"thumb\":\"https:\\\/\\\/www.verein-naturschutzpark.de\\\/wp-content\\\/uploads\\\/november-eichenlaub-mit-raureif-naturschutzgebiet-lueneburger-heide-vnp-stiftung-75x50_c.jpg\",\"meta\":{\"aperture\":\"9\",\"credit\":null,\"camera\":\"Canon EOS 350D DIGITAL\",\"caption\":\"November: Eichenlaub mit Raureif | Foto: VNP Stiftung Naturschutzpark L\u00fcneburger Heide\",\"created_timestamp\":\"1199106762\",\"copyright\":null,\"focal_length\":\"17\",\"iso\":\"100\",\"shutter_speed\":\"0.02\",\"title\":\"November: Eichenlaub mit Raureif | Foto: VNP Stiftung Naturschutzpark L\ufffdneburger Heide\",\"orientation\":\"1\",\"keywords\":null},\"thumbnail\":\"https:\\\/\\\/www.verein-naturschutzpark.de\\\/wp-content\\\/uploads\\\/november-eichenlaub-mit-raureif-naturschutzgebiet-lueneburger-heide-vnp-stiftung-150x100.jpg\",\"medium\":\"https:\\\/\\\/www.verein-naturschutzpark.de\\\/wp-content\\\/uploads\\\/november-eichenlaub-mit-raureif-naturschutzgebiet-lueneburger-heide-vnp-stiftung-400x267.jpg\",\"medium_large\":\"https:\\\/\\\/www.verein-naturschutzpark.de\\\/wp-content\\\/uploads\\\/november-eichenlaub-mit-raureif-naturschutzgebiet-lueneburger-heide-vnp-stiftung-768x512.jpg\",\"large\":\"https:\\\/\\\/www.verein-naturschutzpark.de\\\/wp-content\\\/uploads\\\/november-eichenlaub-mit-raureif-naturschutzgebiet-lueneburger-heide-vnp-stiftung-1024x683.jpg\",\"thumblist\":\"https:\\\/\\\/www.verein-naturschutzpark.de\\\/wp-content\\\/uploads\\\/november-eichenlaub-mit-raureif-naturschutzgebiet-lueneburger-heide-vnp-stiftung.jpg\",\"thumbrelated\":\"https:\\\/\\\/www.verein-naturschutzpark.de\\\/wp-content\\\/uploads\\\/november-eichenlaub-mit-raureif-naturschutzgebiet-lueneburger-heide-vnp-stiftung.jpg\",\"meccarouselthumb\":\"https:\\\/\\\/www.verein-naturschutzpark.de\\\/wp-content\\\/uploads\\\/november-eichenlaub-mit-raureif-naturschutzgebiet-lueneburger-heide-vnp-stiftung.jpg\",\"gridsquare\":\"https:\\\/\\\/www.verein-naturschutzpark.de\\\/wp-content\\\/uploads\\\/november-eichenlaub-mit-raureif-naturschutzgebiet-lueneburger-heide-vnp-stiftung.jpg\",\"tileview\":\"https:\\\/\\\/www.verein-naturschutzpark.de\\\/wp-content\\\/uploads\\\/november-eichenlaub-mit-raureif-naturschutzgebiet-lueneburger-heide-vnp-stiftung.jpg\",\"1536x1536\":\"https:\\\/\\\/www.verein-naturschutzpark.de\\\/wp-content\\\/uploads\\\/november-eichenlaub-mit-raureif-naturschutzgebiet-lueneburger-heide-vnp-stiftung-1536x1024.jpg\",\"2048x2048\":\"https:\\\/\\\/www.verein-naturschutzpark.de\\\/wp-content\\\/uploads\\\/november-eichenlaub-mit-raureif-naturschutzgebiet-lueneburger-heide-vnp-stiftung-2048x1365.jpg\",\"full\":\"https:\\\/\\\/www.verein-naturschutzpark.de\\\/wp-content\\\/uploads\\\/november-eichenlaub-mit-raureif-naturschutzgebiet-lueneburger-heide-vnp-stiftung.jpg\",\"index\":9,\"id\":4641,\"video\":false,\"opts\":{\"caption\":\"November: Oak leaves with hoarfrost\",\"thumb\":\"https:\\\/\\\/www.verein-naturschutzpark.de\\\/wp-content\\\/uploads\\\/november-eichenlaub-mit-raureif-naturschutzgebiet-lueneburger-heide-vnp-stiftung-75x50_c.jpg\",\"title\":\"November: Oak leaves with hoarfrost | Photo: VNP Stiftung Naturschutzpark L&uuml;neburger Heide\"},\"gallery_id\":\"6442\"},{\"status\":\"active\",\"src\":\"https:\\\/\\\/www.verein-naturschutzpark.de\\\/wp-content\\\/uploads\\\/winterliche-heidelandschaft-mit-raureif-naturschutzgebiet-lueneburger-heide-vnp-stiftung.jpg\",\"title\":\"Winter heath landscape with hoarfrost | Photo: VNP Stiftung Naturschutzpark L&uuml;neburger Heide\",\"link\":\"https:\\\/\\\/www.verein-naturschutzpark.de\\\/wp-content\\\/uploads\\\/winterliche-heidelandschaft-mit-raureif-naturschutzgebiet-lueneburger-heide-vnp-stiftung.jpg\",\"alt\":\"Winter heath landscape with hoarfrost | Photo: VNP Stiftung Naturschutzpark L&uuml;neburger Heide\",\"caption\":\"Winter heath landscape with hoarfrost\",\"thumb\":\"https:\\\/\\\/www.verein-naturschutzpark.de\\\/wp-content\\\/uploads\\\/winterliche-heidelandschaft-mit-raureif-naturschutzgebiet-lueneburger-heide-vnp-stiftung-75x50_c.jpg\",\"meta\":{\"aperture\":\"9\",\"credit\":null,\"camera\":\"E-M5\",\"caption\":\"Winterliche Heidelandschaft mit Raureif | Foto: VNP Stiftung Naturschutzpark L\u00fcneburger Heide\",\"created_timestamp\":\"1453456299\",\"copyright\":null,\"focal_length\":\"22\",\"iso\":\"200\",\"shutter_speed\":\"0.005\",\"title\":\"Winterliche Heidelandschaft mit Raureif | Foto: VNP Stiftung Naturschutzpark L\ufffdneburger Heide\",\"orientation\":\"1\",\"keywords\":null},\"thumbnail\":\"https:\\\/\\\/www.verein-naturschutzpark.de\\\/wp-content\\\/uploads\\\/winterliche-heidelandschaft-mit-raureif-naturschutzgebiet-lueneburger-heide-vnp-stiftung-150x100.jpg\",\"medium\":\"https:\\\/\\\/www.verein-naturschutzpark.de\\\/wp-content\\\/uploads\\\/winterliche-heidelandschaft-mit-raureif-naturschutzgebiet-lueneburger-heide-vnp-stiftung-400x267.jpg\",\"medium_large\":\"https:\\\/\\\/www.verein-naturschutzpark.de\\\/wp-content\\\/uploads\\\/winterliche-heidelandschaft-mit-raureif-naturschutzgebiet-lueneburger-heide-vnp-stiftung-768x512.jpg\",\"large\":\"https:\\\/\\\/www.verein-naturschutzpark.de\\\/wp-content\\\/uploads\\\/winterliche-heidelandschaft-mit-raureif-naturschutzgebiet-lueneburger-heide-vnp-stiftung-1024x683.jpg\",\"thumblist\":\"https:\\\/\\\/www.verein-naturschutzpark.de\\\/wp-content\\\/uploads\\\/winterliche-heidelandschaft-mit-raureif-naturschutzgebiet-lueneburger-heide-vnp-stiftung.jpg\",\"thumbrelated\":\"https:\\\/\\\/www.verein-naturschutzpark.de\\\/wp-content\\\/uploads\\\/winterliche-heidelandschaft-mit-raureif-naturschutzgebiet-lueneburger-heide-vnp-stiftung.jpg\",\"meccarouselthumb\":\"https:\\\/\\\/www.verein-naturschutzpark.de\\\/wp-content\\\/uploads\\\/winterliche-heidelandschaft-mit-raureif-naturschutzgebiet-lueneburger-heide-vnp-stiftung.jpg\",\"gridsquare\":\"https:\\\/\\\/www.verein-naturschutzpark.de\\\/wp-content\\\/uploads\\\/winterliche-heidelandschaft-mit-raureif-naturschutzgebiet-lueneburger-heide-vnp-stiftung.jpg\",\"tileview\":\"https:\\\/\\\/www.verein-naturschutzpark.de\\\/wp-content\\\/uploads\\\/winterliche-heidelandschaft-mit-raureif-naturschutzgebiet-lueneburger-heide-vnp-stiftung.jpg\",\"1536x1536\":\"https:\\\/\\\/www.verein-naturschutzpark.de\\\/wp-content\\\/uploads\\\/winterliche-heidelandschaft-mit-raureif-naturschutzgebiet-lueneburger-heide-vnp-stiftung-1536x1024.jpg\",\"2048x2048\":\"https:\\\/\\\/www.verein-naturschutzpark.de\\\/wp-content\\\/uploads\\\/winterliche-heidelandschaft-mit-raureif-naturschutzgebiet-lueneburger-heide-vnp-stiftung-2048x1365.jpg\",\"full\":\"https:\\\/\\\/www.verein-naturschutzpark.de\\\/wp-content\\\/uploads\\\/winterliche-heidelandschaft-mit-raureif-naturschutzgebiet-lueneburger-heide-vnp-stiftung.jpg\",\"index\":10,\"id\":4665,\"video\":false,\"opts\":{\"caption\":\"Winter heath landscape with hoarfrost\",\"thumb\":\"https:\\\/\\\/www.verein-naturschutzpark.de\\\/wp-content\\\/uploads\\\/winterliche-heidelandschaft-mit-raureif-naturschutzgebiet-lueneburger-heide-vnp-stiftung-75x50_c.jpg\",\"title\":\"Winter heath landscape with hoarfrost | Photo: VNP Stiftung Naturschutzpark L&uuml;neburger Heide\"},\"gallery_id\":\"6442\"},{\"status\":\"active\",\"src\":\"https:\\\/\\\/www.verein-naturschutzpark.de\\\/wp-content\\\/uploads\\\/winterlandschaft-mit-schnee-naturschutzgebiet-lueneburger-heide-vnp-stiftung.jpg\",\"title\":\"Winter landscape with snow | Photo: VNP Stiftung Naturschutzpark L&uuml;neburger Heide\",\"link\":\"https:\\\/\\\/www.verein-naturschutzpark.de\\\/wp-content\\\/uploads\\\/winterlandschaft-mit-schnee-naturschutzgebiet-lueneburger-heide-vnp-stiftung.jpg\",\"alt\":\"Winter landscape with snow | Photo: VNP Stiftung Naturschutzpark L&uuml;neburger Heide\",\"caption\":\"Winter landscape with snow\",\"thumb\":\"https:\\\/\\\/www.verein-naturschutzpark.de\\\/wp-content\\\/uploads\\\/winterlandschaft-mit-schnee-naturschutzgebiet-lueneburger-heide-vnp-stiftung-75x50_c.jpg\",\"meta\":{\"aperture\":\"2.2\",\"credit\":null,\"camera\":\"iPhone 6\",\"caption\":\"Winterlandschaft mit Schnee | Foto: VNP Stiftung Naturschutzpark L\u00fcneburger Heide\",\"created_timestamp\":\"1484667603\",\"copyright\":null,\"focal_length\":\"4.15\",\"iso\":\"32\",\"shutter_speed\":\"0.00063211125158028\",\"title\":\"Winterlandschaft mit Schnee | Foto: VNP Stiftung Naturschutzpark L\ufffdneburger Heide\",\"orientation\":\"1\",\"keywords\":null},\"thumbnail\":\"https:\\\/\\\/www.verein-naturschutzpark.de\\\/wp-content\\\/uploads\\\/winterlandschaft-mit-schnee-naturschutzgebiet-lueneburger-heide-vnp-stiftung-150x113.jpg\",\"medium\":\"https:\\\/\\\/www.verein-naturschutzpark.de\\\/wp-content\\\/uploads\\\/winterlandschaft-mit-schnee-naturschutzgebiet-lueneburger-heide-vnp-stiftung-400x300.jpg\",\"medium_large\":\"https:\\\/\\\/www.verein-naturschutzpark.de\\\/wp-content\\\/uploads\\\/winterlandschaft-mit-schnee-naturschutzgebiet-lueneburger-heide-vnp-stiftung-768x576.jpg\",\"large\":\"https:\\\/\\\/www.verein-naturschutzpark.de\\\/wp-content\\\/uploads\\\/winterlandschaft-mit-schnee-naturschutzgebiet-lueneburger-heide-vnp-stiftung-1024x768.jpg\",\"thumblist\":\"https:\\\/\\\/www.verein-naturschutzpark.de\\\/wp-content\\\/uploads\\\/winterlandschaft-mit-schnee-naturschutzgebiet-lueneburger-heide-vnp-stiftung.jpg\",\"thumbrelated\":\"https:\\\/\\\/www.verein-naturschutzpark.de\\\/wp-content\\\/uploads\\\/winterlandschaft-mit-schnee-naturschutzgebiet-lueneburger-heide-vnp-stiftung.jpg\",\"meccarouselthumb\":\"https:\\\/\\\/www.verein-naturschutzpark.de\\\/wp-content\\\/uploads\\\/winterlandschaft-mit-schnee-naturschutzgebiet-lueneburger-heide-vnp-stiftung.jpg\",\"gridsquare\":\"https:\\\/\\\/www.verein-naturschutzpark.de\\\/wp-content\\\/uploads\\\/winterlandschaft-mit-schnee-naturschutzgebiet-lueneburger-heide-vnp-stiftung.jpg\",\"tileview\":\"https:\\\/\\\/www.verein-naturschutzpark.de\\\/wp-content\\\/uploads\\\/winterlandschaft-mit-schnee-naturschutzgebiet-lueneburger-heide-vnp-stiftung.jpg\",\"1536x1536\":\"https:\\\/\\\/www.verein-naturschutzpark.de\\\/wp-content\\\/uploads\\\/winterlandschaft-mit-schnee-naturschutzgebiet-lueneburger-heide-vnp-stiftung-1536x1152.jpg\",\"2048x2048\":\"https:\\\/\\\/www.verein-naturschutzpark.de\\\/wp-content\\\/uploads\\\/winterlandschaft-mit-schnee-naturschutzgebiet-lueneburger-heide-vnp-stiftung-2048x1536.jpg\",\"full\":\"https:\\\/\\\/www.verein-naturschutzpark.de\\\/wp-content\\\/uploads\\\/winterlandschaft-mit-schnee-naturschutzgebiet-lueneburger-heide-vnp-stiftung.jpg\",\"index\":11,\"id\":4663,\"video\":false,\"opts\":{\"caption\":\"Winter landscape with snow\",\"thumb\":\"https:\\\/\\\/www.verein-naturschutzpark.de\\\/wp-content\\\/uploads\\\/winterlandschaft-mit-schnee-naturschutzgebiet-lueneburger-heide-vnp-stiftung-75x50_c.jpg\",\"title\":\"Winter landscape with snow | Photo: VNP Stiftung Naturschutzpark L&uuml;neburger Heide\"},\"gallery_id\":\"6442\"},{\"status\":\"active\",\"src\":\"https:\\\/\\\/www.verein-naturschutzpark.de\\\/wp-content\\\/uploads\\\/kahle-baeume-mit-raureif-naturschutzgebiet-lueneburger-heide-vnp-stiftung.jpg\",\"title\":\"Winter: Bare trees with hoarfrost in the nature reserve | Photo: VNP Stiftung Naturschutzpark L&uuml;neburger Heide\",\"link\":\"https:\\\/\\\/www.verein-naturschutzpark.de\\\/wp-content\\\/uploads\\\/kahle-baeume-mit-raureif-naturschutzgebiet-lueneburger-heide-vnp-stiftung.jpg\",\"alt\":\"Winter: Bare trees with hoarfrost in the nature reserve | Photo: VNP Stiftung Naturschutzpark L&uuml;neburger Heide\",\"caption\":\"Winter: Bare trees with hoarfrost in the nature reserve\",\"thumb\":\"https:\\\/\\\/www.verein-naturschutzpark.de\\\/wp-content\\\/uploads\\\/kahle-baeume-mit-raureif-naturschutzgebiet-lueneburger-heide-vnp-stiftung-75x50_c.jpg\",\"meta\":{\"aperture\":\"10\",\"credit\":null,\"camera\":\"E-M5\",\"caption\":\"Winter: Kahle B\u00e4ume mit Raureif im Naturschutzgebiet | Foto: VNP Stiftung Naturschutzpark L\u00fcneburger Heide\",\"created_timestamp\":\"1453126592\",\"copyright\":null,\"focal_length\":\"50\",\"iso\":\"200\",\"shutter_speed\":\"0.003125\",\"title\":\"Winter: Kahle B\ufffdume mit Raureif im Naturschutzgebiet | Foto: VNP Stiftung Naturschutzpark L\ufffdneburger Heide\",\"orientation\":\"1\",\"keywords\":null},\"thumbnail\":\"https:\\\/\\\/www.verein-naturschutzpark.de\\\/wp-content\\\/uploads\\\/kahle-baeume-mit-raureif-naturschutzgebiet-lueneburger-heide-vnp-stiftung-150x100.jpg\",\"medium\":\"https:\\\/\\\/www.verein-naturschutzpark.de\\\/wp-content\\\/uploads\\\/kahle-baeume-mit-raureif-naturschutzgebiet-lueneburger-heide-vnp-stiftung-400x267.jpg\",\"medium_large\":\"https:\\\/\\\/www.verein-naturschutzpark.de\\\/wp-content\\\/uploads\\\/kahle-baeume-mit-raureif-naturschutzgebiet-lueneburger-heide-vnp-stiftung-768x512.jpg\",\"large\":\"https:\\\/\\\/www.verein-naturschutzpark.de\\\/wp-content\\\/uploads\\\/kahle-baeume-mit-raureif-naturschutzgebiet-lueneburger-heide-vnp-stiftung-1024x683.jpg\",\"thumblist\":\"https:\\\/\\\/www.verein-naturschutzpark.de\\\/wp-content\\\/uploads\\\/kahle-baeume-mit-raureif-naturschutzgebiet-lueneburger-heide-vnp-stiftung.jpg\",\"thumbrelated\":\"https:\\\/\\\/www.verein-naturschutzpark.de\\\/wp-content\\\/uploads\\\/kahle-baeume-mit-raureif-naturschutzgebiet-lueneburger-heide-vnp-stiftung.jpg\",\"meccarouselthumb\":\"https:\\\/\\\/www.verein-naturschutzpark.de\\\/wp-content\\\/uploads\\\/kahle-baeume-mit-raureif-naturschutzgebiet-lueneburger-heide-vnp-stiftung.jpg\",\"gridsquare\":\"https:\\\/\\\/www.verein-naturschutzpark.de\\\/wp-content\\\/uploads\\\/kahle-baeume-mit-raureif-naturschutzgebiet-lueneburger-heide-vnp-stiftung.jpg\",\"tileview\":\"https:\\\/\\\/www.verein-naturschutzpark.de\\\/wp-content\\\/uploads\\\/kahle-baeume-mit-raureif-naturschutzgebiet-lueneburger-heide-vnp-stiftung.jpg\",\"1536x1536\":\"https:\\\/\\\/www.verein-naturschutzpark.de\\\/wp-content\\\/uploads\\\/kahle-baeume-mit-raureif-naturschutzgebiet-lueneburger-heide-vnp-stiftung-1536x1024.jpg\",\"2048x2048\":\"https:\\\/\\\/www.verein-naturschutzpark.de\\\/wp-content\\\/uploads\\\/kahle-baeume-mit-raureif-naturschutzgebiet-lueneburger-heide-vnp-stiftung-2048x1365.jpg\",\"full\":\"https:\\\/\\\/www.verein-naturschutzpark.de\\\/wp-content\\\/uploads\\\/kahle-baeume-mit-raureif-naturschutzgebiet-lueneburger-heide-vnp-stiftung.jpg\",\"index\":12,\"id\":4639,\"video\":false,\"opts\":{\"caption\":\"Winter: Bare trees with hoarfrost in the nature reserve\",\"thumb\":\"https:\\\/\\\/www.verein-naturschutzpark.de\\\/wp-content\\\/uploads\\\/kahle-baeume-mit-raureif-naturschutzgebiet-lueneburger-heide-vnp-stiftung-75x50_c.jpg\",\"title\":\"Winter: Bare trees with hoarfrost in the nature reserve | Photo: VNP Stiftung Naturschutzpark L&uuml;neburger Heide\"},\"gallery_id\":\"6442\"},{\"status\":\"active\",\"src\":\"https:\\\/\\\/www.verein-naturschutzpark.de\\\/wp-content\\\/uploads\\\/winterlandschaft-mit-raureif-naturschutzgebiet-lueneburger-heide-vnp-stiftung.jpg\",\"title\":\"Winter landscape with hoarfrost | Photo: VNP Stiftung Naturschutzpark L&uuml;neburger Heide\",\"link\":\"https:\\\/\\\/www.verein-naturschutzpark.de\\\/wp-content\\\/uploads\\\/winterlandschaft-mit-raureif-naturschutzgebiet-lueneburger-heide-vnp-stiftung.jpg\",\"alt\":\"Winter landscape with hoarfrost | Photo: VNP Stiftung Naturschutzpark L&uuml;neburger Heide\",\"caption\":\"Winter landscape with hoarfrost\",\"thumb\":\"https:\\\/\\\/www.verein-naturschutzpark.de\\\/wp-content\\\/uploads\\\/winterlandschaft-mit-raureif-naturschutzgebiet-lueneburger-heide-vnp-stiftung-75x50_c.jpg\",\"meta\":{\"aperture\":\"7\",\"credit\":\"Picasa\",\"camera\":\"C750UZ\",\"caption\":\"Winterlandschaft mit Raureif | Foto: VNP Stiftung Naturschutzpark L\u00fcneburger Heide\",\"created_timestamp\":\"-62169984000\",\"copyright\":null,\"focal_length\":\"6.3\",\"iso\":\"50\",\"shutter_speed\":\"0.00125\",\"title\":\"Winterlandschaft mit Raureif | Foto: VNP Stiftung Naturschutzpark L\ufffdneburger Heide\",\"orientation\":\"1\",\"keywords\":null},\"thumbnail\":\"https:\\\/\\\/www.verein-naturschutzpark.de\\\/wp-content\\\/uploads\\\/winterlandschaft-mit-raureif-naturschutzgebiet-lueneburger-heide-vnp-stiftung-150x112.jpg\",\"medium\":\"https:\\\/\\\/www.verein-naturschutzpark.de\\\/wp-content\\\/uploads\\\/winterlandschaft-mit-raureif-naturschutzgebiet-lueneburger-heide-vnp-stiftung-400x299.jpg\",\"medium_large\":\"https:\\\/\\\/www.verein-naturschutzpark.de\\\/wp-content\\\/uploads\\\/winterlandschaft-mit-raureif-naturschutzgebiet-lueneburger-heide-vnp-stiftung-768x575.jpg\",\"large\":\"https:\\\/\\\/www.verein-naturschutzpark.de\\\/wp-content\\\/uploads\\\/winterlandschaft-mit-raureif-naturschutzgebiet-lueneburger-heide-vnp-stiftung-1024x766.jpg\",\"thumblist\":\"https:\\\/\\\/www.verein-naturschutzpark.de\\\/wp-content\\\/uploads\\\/winterlandschaft-mit-raureif-naturschutzgebiet-lueneburger-heide-vnp-stiftung.jpg\",\"thumbrelated\":\"https:\\\/\\\/www.verein-naturschutzpark.de\\\/wp-content\\\/uploads\\\/winterlandschaft-mit-raureif-naturschutzgebiet-lueneburger-heide-vnp-stiftung.jpg\",\"meccarouselthumb\":\"https:\\\/\\\/www.verein-naturschutzpark.de\\\/wp-content\\\/uploads\\\/winterlandschaft-mit-raureif-naturschutzgebiet-lueneburger-heide-vnp-stiftung.jpg\",\"gridsquare\":\"https:\\\/\\\/www.verein-naturschutzpark.de\\\/wp-content\\\/uploads\\\/winterlandschaft-mit-raureif-naturschutzgebiet-lueneburger-heide-vnp-stiftung.jpg\",\"tileview\":\"https:\\\/\\\/www.verein-naturschutzpark.de\\\/wp-content\\\/uploads\\\/winterlandschaft-mit-raureif-naturschutzgebiet-lueneburger-heide-vnp-stiftung.jpg\",\"1536x1536\":\"https:\\\/\\\/www.verein-naturschutzpark.de\\\/wp-content\\\/uploads\\\/winterlandschaft-mit-raureif-naturschutzgebiet-lueneburger-heide-vnp-stiftung-1536x1149.jpg\",\"2048x2048\":\"https:\\\/\\\/www.verein-naturschutzpark.de\\\/wp-content\\\/uploads\\\/winterlandschaft-mit-raureif-naturschutzgebiet-lueneburger-heide-vnp-stiftung-2048x1532.jpg\",\"full\":\"https:\\\/\\\/www.verein-naturschutzpark.de\\\/wp-content\\\/uploads\\\/winterlandschaft-mit-raureif-naturschutzgebiet-lueneburger-heide-vnp-stiftung.jpg\",\"index\":13,\"id\":4661,\"video\":false,\"opts\":{\"caption\":\"Winter landscape with hoarfrost\",\"thumb\":\"https:\\\/\\\/www.verein-naturschutzpark.de\\\/wp-content\\\/uploads\\\/winterlandschaft-mit-raureif-naturschutzgebiet-lueneburger-heide-vnp-stiftung-75x50_c.jpg\",\"title\":\"Winter landscape with hoarfrost | Photo: VNP Stiftung Naturschutzpark L&uuml;neburger Heide\"},\"gallery_id\":\"6442\"},{\"status\":\"active\",\"src\":\"https:\\\/\\\/www.verein-naturschutzpark.de\\\/wp-content\\\/uploads\\\/winter-heidschnucken-naturschutzgebiet-lueneburger-heide-vnp-stiftung.jpg\",\"title\":\"Winter: Heidschnucken in the snow | Photo: VNP Stiftung Naturschutzpark L&uuml;neburger Heide\",\"link\":\"https:\\\/\\\/www.verein-naturschutzpark.de\\\/wp-content\\\/uploads\\\/winter-heidschnucken-naturschutzgebiet-lueneburger-heide-vnp-stiftung.jpg\",\"alt\":\"Winter: Heidschnucken in the snow | Photo: VNP Stiftung Naturschutzpark L&uuml;neburger Heide\",\"caption\":\"Winter: Heidschnucken in the snow\",\"thumb\":\"https:\\\/\\\/www.verein-naturschutzpark.de\\\/wp-content\\\/uploads\\\/winter-heidschnucken-naturschutzgebiet-lueneburger-heide-vnp-stiftung-75x50_c.jpg\",\"meta\":{\"aperture\":\"5.6\",\"credit\":\"Picasa\",\"camera\":\"Canon EOS 350D DIGITAL\",\"caption\":\"Winter: Heidschnucken im Schnee | Foto: VNP Stiftung Naturschutzpark L\u00fcneburger Heide\",\"created_timestamp\":\"1261409047\",\"copyright\":null,\"focal_length\":\"60\",\"iso\":\"200\",\"shutter_speed\":\"0.004\",\"title\":\"Winter: Heidschnucken im Schnee | Foto: VNP Stiftung Naturschutzpark L\ufffdneburger Heide\",\"orientation\":\"1\",\"keywords\":null},\"thumbnail\":\"https:\\\/\\\/www.verein-naturschutzpark.de\\\/wp-content\\\/uploads\\\/winter-heidschnucken-naturschutzgebiet-lueneburger-heide-vnp-stiftung-150x100.jpg\",\"medium\":\"https:\\\/\\\/www.verein-naturschutzpark.de\\\/wp-content\\\/uploads\\\/winter-heidschnucken-naturschutzgebiet-lueneburger-heide-vnp-stiftung-400x267.jpg\",\"medium_large\":\"https:\\\/\\\/www.verein-naturschutzpark.de\\\/wp-content\\\/uploads\\\/winter-heidschnucken-naturschutzgebiet-lueneburger-heide-vnp-stiftung-768x512.jpg\",\"large\":\"https:\\\/\\\/www.verein-naturschutzpark.de\\\/wp-content\\\/uploads\\\/winter-heidschnucken-naturschutzgebiet-lueneburger-heide-vnp-stiftung-1024x683.jpg\",\"thumblist\":\"https:\\\/\\\/www.verein-naturschutzpark.de\\\/wp-content\\\/uploads\\\/winter-heidschnucken-naturschutzgebiet-lueneburger-heide-vnp-stiftung.jpg\",\"thumbrelated\":\"https:\\\/\\\/www.verein-naturschutzpark.de\\\/wp-content\\\/uploads\\\/winter-heidschnucken-naturschutzgebiet-lueneburger-heide-vnp-stiftung.jpg\",\"meccarouselthumb\":\"https:\\\/\\\/www.verein-naturschutzpark.de\\\/wp-content\\\/uploads\\\/winter-heidschnucken-naturschutzgebiet-lueneburger-heide-vnp-stiftung.jpg\",\"gridsquare\":\"https:\\\/\\\/www.verein-naturschutzpark.de\\\/wp-content\\\/uploads\\\/winter-heidschnucken-naturschutzgebiet-lueneburger-heide-vnp-stiftung.jpg\",\"tileview\":\"https:\\\/\\\/www.verein-naturschutzpark.de\\\/wp-content\\\/uploads\\\/winter-heidschnucken-naturschutzgebiet-lueneburger-heide-vnp-stiftung.jpg\",\"1536x1536\":\"https:\\\/\\\/www.verein-naturschutzpark.de\\\/wp-content\\\/uploads\\\/winter-heidschnucken-naturschutzgebiet-lueneburger-heide-vnp-stiftung-1536x1024.jpg\",\"2048x2048\":\"https:\\\/\\\/www.verein-naturschutzpark.de\\\/wp-content\\\/uploads\\\/winter-heidschnucken-naturschutzgebiet-lueneburger-heide-vnp-stiftung-2048x1365.jpg\",\"full\":\"https:\\\/\\\/www.verein-naturschutzpark.de\\\/wp-content\\\/uploads\\\/winter-heidschnucken-naturschutzgebiet-lueneburger-heide-vnp-stiftung.jpg\",\"index\":14,\"id\":4659,\"video\":false,\"opts\":{\"caption\":\"Winter: Heidschnucken in the snow\",\"thumb\":\"https:\\\/\\\/www.verein-naturschutzpark.de\\\/wp-content\\\/uploads\\\/winter-heidschnucken-naturschutzgebiet-lueneburger-heide-vnp-stiftung-75x50_c.jpg\",\"title\":\"Winter: Heidschnucken in the snow | Photo: VNP Stiftung Naturschutzpark L&uuml;neburger Heide\"},\"gallery_id\":\"6442\"},{\"status\":\"active\",\"src\":\"https:\\\/\\\/www.verein-naturschutzpark.de\\\/wp-content\\\/uploads\\\/winter-haselkaetzchen-mit-raureif-naturschutzgebiet-lueneburger-heide-vnp-stiftung.jpg\",\"title\":\"Winter: Hazel catkins with hoarfrost | Photo: VNP Stiftung Naturschutzpark L&uuml;neburger Heide\",\"link\":\"https:\\\/\\\/www.verein-naturschutzpark.de\\\/wp-content\\\/uploads\\\/winter-haselkaetzchen-mit-raureif-naturschutzgebiet-lueneburger-heide-vnp-stiftung.jpg\",\"alt\":\"Winter: Hazel catkins with hoarfrost | Photo: VNP Stiftung Naturschutzpark L&uuml;neburger Heide\",\"caption\":\"Winter: Hazel catkins with hoarfrost\",\"thumb\":\"https:\\\/\\\/www.verein-naturschutzpark.de\\\/wp-content\\\/uploads\\\/winter-haselkaetzchen-mit-raureif-naturschutzgebiet-lueneburger-heide-vnp-stiftung-75x50_c.jpg\",\"meta\":{\"aperture\":\"8\",\"credit\":null,\"camera\":\"E-M5\",\"caption\":\"Winter: Haselk\u00e4tzchen mit Raureif | Foto: VNP Stiftung Naturschutzpark L\u00fcneburger Heide\",\"created_timestamp\":\"1453126520\",\"copyright\":null,\"focal_length\":\"43\",\"iso\":\"200\",\"shutter_speed\":\"0.005\",\"title\":\"Winter: Haselk\ufffdtzchen mit Raureif | Foto: VNP Stiftung Naturschutzpark L\ufffdneburger Heide\",\"orientation\":\"1\",\"keywords\":null},\"thumbnail\":\"https:\\\/\\\/www.verein-naturschutzpark.de\\\/wp-content\\\/uploads\\\/winter-haselkaetzchen-mit-raureif-naturschutzgebiet-lueneburger-heide-vnp-stiftung-150x100.jpg\",\"medium\":\"https:\\\/\\\/www.verein-naturschutzpark.de\\\/wp-content\\\/uploads\\\/winter-haselkaetzchen-mit-raureif-naturschutzgebiet-lueneburger-heide-vnp-stiftung-400x267.jpg\",\"medium_large\":\"https:\\\/\\\/www.verein-naturschutzpark.de\\\/wp-content\\\/uploads\\\/winter-haselkaetzchen-mit-raureif-naturschutzgebiet-lueneburger-heide-vnp-stiftung-768x512.jpg\",\"large\":\"https:\\\/\\\/www.verein-naturschutzpark.de\\\/wp-content\\\/uploads\\\/winter-haselkaetzchen-mit-raureif-naturschutzgebiet-lueneburger-heide-vnp-stiftung-1024x683.jpg\",\"thumblist\":\"https:\\\/\\\/www.verein-naturschutzpark.de\\\/wp-content\\\/uploads\\\/winter-haselkaetzchen-mit-raureif-naturschutzgebiet-lueneburger-heide-vnp-stiftung.jpg\",\"thumbrelated\":\"https:\\\/\\\/www.verein-naturschutzpark.de\\\/wp-content\\\/uploads\\\/winter-haselkaetzchen-mit-raureif-naturschutzgebiet-lueneburger-heide-vnp-stiftung.jpg\",\"meccarouselthumb\":\"https:\\\/\\\/www.verein-naturschutzpark.de\\\/wp-content\\\/uploads\\\/winter-haselkaetzchen-mit-raureif-naturschutzgebiet-lueneburger-heide-vnp-stiftung.jpg\",\"gridsquare\":\"https:\\\/\\\/www.verein-naturschutzpark.de\\\/wp-content\\\/uploads\\\/winter-haselkaetzchen-mit-raureif-naturschutzgebiet-lueneburger-heide-vnp-stiftung.jpg\",\"tileview\":\"https:\\\/\\\/www.verein-naturschutzpark.de\\\/wp-content\\\/uploads\\\/winter-haselkaetzchen-mit-raureif-naturschutzgebiet-lueneburger-heide-vnp-stiftung.jpg\",\"1536x1536\":\"https:\\\/\\\/www.verein-naturschutzpark.de\\\/wp-content\\\/uploads\\\/winter-haselkaetzchen-mit-raureif-naturschutzgebiet-lueneburger-heide-vnp-stiftung-1536x1024.jpg\",\"2048x2048\":\"https:\\\/\\\/www.verein-naturschutzpark.de\\\/wp-content\\\/uploads\\\/winter-haselkaetzchen-mit-raureif-naturschutzgebiet-lueneburger-heide-vnp-stiftung-2048x1365.jpg\",\"full\":\"https:\\\/\\\/www.verein-naturschutzpark.de\\\/wp-content\\\/uploads\\\/winter-haselkaetzchen-mit-raureif-naturschutzgebiet-lueneburger-heide-vnp-stiftung.jpg\",\"index\":15,\"id\":4655,\"video\":false,\"opts\":{\"caption\":\"Winter: Hazel catkins with hoarfrost\",\"thumb\":\"https:\\\/\\\/www.verein-naturschutzpark.de\\\/wp-content\\\/uploads\\\/winter-haselkaetzchen-mit-raureif-naturschutzgebiet-lueneburger-heide-vnp-stiftung-75x50_c.jpg\",\"title\":\"Winter: Hazel catkins with hoarfrost | Photo: VNP Stiftung Naturschutzpark L&uuml;neburger Heide\"},\"gallery_id\":\"6442\"},{\"status\":\"active\",\"src\":\"https:\\\/\\\/www.verein-naturschutzpark.de\\\/wp-content\\\/uploads\\\/winter-detail-wacholder-im-schnee-naturschutzgebiet-lueneburger-heide-vnp-stiftung.jpg\",\"title\":\"Winter: Detail Juniper in the snow | Photo: VNP Stiftung Naturschutzpark L&uuml;neburger Heide\",\"link\":\"https:\\\/\\\/www.verein-naturschutzpark.de\\\/wp-content\\\/uploads\\\/winter-detail-wacholder-im-schnee-naturschutzgebiet-lueneburger-heide-vnp-stiftung.jpg\",\"alt\":\"Winter: Detail Juniper in the snow | Photo: VNP Stiftung Naturschutzpark L&uuml;neburger Heide\",\"caption\":\"Winter: Detail juniper in the snow\",\"thumb\":\"https:\\\/\\\/www.verein-naturschutzpark.de\\\/wp-content\\\/uploads\\\/winter-detail-wacholder-im-schnee-naturschutzgebiet-lueneburger-heide-vnp-stiftung-75x50_c.jpg\",\"meta\":{\"aperture\":\"5.6\",\"credit\":\"Picasa\",\"camera\":\"DMC-FZ50\",\"caption\":\"Winter: Detail Wacholer im Schnee | Foto: VNP Stiftung Naturschutzpark L\u00fcneburger Heide\",\"created_timestamp\":\"1261407543\",\"copyright\":null,\"focal_length\":\"13.8\",\"iso\":\"200\",\"shutter_speed\":\"0.008\",\"title\":\"Winter: Detail Wacholer im Schnee | Foto: VNP Stiftung Naturschutzpark L\ufffdneburger Heide\",\"orientation\":\"1\",\"keywords\":null},\"thumbnail\":\"https:\\\/\\\/www.verein-naturschutzpark.de\\\/wp-content\\\/uploads\\\/winter-detail-wacholder-im-schnee-naturschutzgebiet-lueneburger-heide-vnp-stiftung-150x113.jpg\",\"medium\":\"https:\\\/\\\/www.verein-naturschutzpark.de\\\/wp-content\\\/uploads\\\/winter-detail-wacholder-im-schnee-naturschutzgebiet-lueneburger-heide-vnp-stiftung-400x300.jpg\",\"medium_large\":\"https:\\\/\\\/www.verein-naturschutzpark.de\\\/wp-content\\\/uploads\\\/winter-detail-wacholder-im-schnee-naturschutzgebiet-lueneburger-heide-vnp-stiftung-768x576.jpg\",\"large\":\"https:\\\/\\\/www.verein-naturschutzpark.de\\\/wp-content\\\/uploads\\\/winter-detail-wacholder-im-schnee-naturschutzgebiet-lueneburger-heide-vnp-stiftung-1024x768.jpg\",\"thumblist\":\"https:\\\/\\\/www.verein-naturschutzpark.de\\\/wp-content\\\/uploads\\\/winter-detail-wacholder-im-schnee-naturschutzgebiet-lueneburger-heide-vnp-stiftung.jpg\",\"thumbrelated\":\"https:\\\/\\\/www.verein-naturschutzpark.de\\\/wp-content\\\/uploads\\\/winter-detail-wacholder-im-schnee-naturschutzgebiet-lueneburger-heide-vnp-stiftung.jpg\",\"meccarouselthumb\":\"https:\\\/\\\/www.verein-naturschutzpark.de\\\/wp-content\\\/uploads\\\/winter-detail-wacholder-im-schnee-naturschutzgebiet-lueneburger-heide-vnp-stiftung.jpg\",\"gridsquare\":\"https:\\\/\\\/www.verein-naturschutzpark.de\\\/wp-content\\\/uploads\\\/winter-detail-wacholder-im-schnee-naturschutzgebiet-lueneburger-heide-vnp-stiftung.jpg\",\"tileview\":\"https:\\\/\\\/www.verein-naturschutzpark.de\\\/wp-content\\\/uploads\\\/winter-detail-wacholder-im-schnee-naturschutzgebiet-lueneburger-heide-vnp-stiftung.jpg\",\"1536x1536\":\"https:\\\/\\\/www.verein-naturschutzpark.de\\\/wp-content\\\/uploads\\\/winter-detail-wacholder-im-schnee-naturschutzgebiet-lueneburger-heide-vnp-stiftung-1536x1152.jpg\",\"2048x2048\":\"https:\\\/\\\/www.verein-naturschutzpark.de\\\/wp-content\\\/uploads\\\/winter-detail-wacholder-im-schnee-naturschutzgebiet-lueneburger-heide-vnp-stiftung-2048x1536.jpg\",\"full\":\"https:\\\/\\\/www.verein-naturschutzpark.de\\\/wp-content\\\/uploads\\\/winter-detail-wacholder-im-schnee-naturschutzgebiet-lueneburger-heide-vnp-stiftung.jpg\",\"index\":16,\"id\":4651,\"video\":false,\"opts\":{\"caption\":\"Winter: Detail juniper in the snow\",\"thumb\":\"https:\\\/\\\/www.verein-naturschutzpark.de\\\/wp-content\\\/uploads\\\/winter-detail-wacholder-im-schnee-naturschutzgebiet-lueneburger-heide-vnp-stiftung-75x50_c.jpg\",\"title\":\"Winter: Detail Juniper in the snow | Photo: VNP Stiftung Naturschutzpark L&uuml;neburger Heide\"},\"gallery_id\":\"6442\"},{\"status\":\"active\",\"src\":\"https:\\\/\\\/www.verein-naturschutzpark.de\\\/wp-content\\\/uploads\\\/winter-wacholder-mit-raureif-im-gegenlicht-naturschutzgebiet-lueneburger-heide-vnp-stiftung.jpg\",\"title\":\"Winter: Juniper with hoarfrost in backlight | Photo: VNP Stiftung Naturschutzpark L&uuml;neburger Heide\",\"link\":\"https:\\\/\\\/www.verein-naturschutzpark.de\\\/wp-content\\\/uploads\\\/winter-wacholder-mit-raureif-im-gegenlicht-naturschutzgebiet-lueneburger-heide-vnp-stiftung.jpg\",\"alt\":\"Winter: Juniper with hoarfrost in backlight | Photo: VNP Stiftung Naturschutzpark L&uuml;neburger Heide\",\"caption\":\"Winter: Juniper with hoarfrost in backlight\",\"thumb\":\"https:\\\/\\\/www.verein-naturschutzpark.de\\\/wp-content\\\/uploads\\\/winter-wacholder-mit-raureif-im-gegenlicht-naturschutzgebiet-lueneburger-heide-vnp-stiftung-75x50_c.jpg\",\"meta\":{\"aperture\":\"5.6\",\"credit\":null,\"camera\":\"E-M5\",\"caption\":\"Winter: Wacholder mit Raureif im Gegenlicht | Foto: VNP Stiftung Naturschutzpark L\u00fcneburger Heide\",\"created_timestamp\":\"1547802181\",\"copyright\":null,\"focal_length\":\"45\",\"iso\":\"200\",\"shutter_speed\":\"0.005\",\"title\":\"Winter: Wacholder mit Raureif im Gegenlicht | Foto: VNP Stiftung Naturschutzpark L\ufffdneburger Heide\",\"orientation\":\"1\",\"keywords\":null,\"resized_images\":null},\"thumbnail\":\"https:\\\/\\\/www.verein-naturschutzpark.de\\\/wp-content\\\/uploads\\\/winter-wacholder-mit-raureif-im-gegenlicht-naturschutzgebiet-lueneburger-heide-vnp-stiftung-150x100.jpg\",\"medium\":\"https:\\\/\\\/www.verein-naturschutzpark.de\\\/wp-content\\\/uploads\\\/winter-wacholder-mit-raureif-im-gegenlicht-naturschutzgebiet-lueneburger-heide-vnp-stiftung-400x267.jpg\",\"medium_large\":\"https:\\\/\\\/www.verein-naturschutzpark.de\\\/wp-content\\\/uploads\\\/winter-wacholder-mit-raureif-im-gegenlicht-naturschutzgebiet-lueneburger-heide-vnp-stiftung-768x512.jpg\",\"large\":\"https:\\\/\\\/www.verein-naturschutzpark.de\\\/wp-content\\\/uploads\\\/winter-wacholder-mit-raureif-im-gegenlicht-naturschutzgebiet-lueneburger-heide-vnp-stiftung-1024x683.jpg\",\"thumblist\":\"https:\\\/\\\/www.verein-naturschutzpark.de\\\/wp-content\\\/uploads\\\/winter-wacholder-mit-raureif-im-gegenlicht-naturschutzgebiet-lueneburger-heide-vnp-stiftung.jpg\",\"thumbrelated\":\"https:\\\/\\\/www.verein-naturschutzpark.de\\\/wp-content\\\/uploads\\\/winter-wacholder-mit-raureif-im-gegenlicht-naturschutzgebiet-lueneburger-heide-vnp-stiftung.jpg\",\"meccarouselthumb\":\"https:\\\/\\\/www.verein-naturschutzpark.de\\\/wp-content\\\/uploads\\\/winter-wacholder-mit-raureif-im-gegenlicht-naturschutzgebiet-lueneburger-heide-vnp-stiftung.jpg\",\"gridsquare\":\"https:\\\/\\\/www.verein-naturschutzpark.de\\\/wp-content\\\/uploads\\\/winter-wacholder-mit-raureif-im-gegenlicht-naturschutzgebiet-lueneburger-heide-vnp-stiftung.jpg\",\"tileview\":\"https:\\\/\\\/www.verein-naturschutzpark.de\\\/wp-content\\\/uploads\\\/winter-wacholder-mit-raureif-im-gegenlicht-naturschutzgebiet-lueneburger-heide-vnp-stiftung.jpg\",\"1536x1536\":\"https:\\\/\\\/www.verein-naturschutzpark.de\\\/wp-content\\\/uploads\\\/winter-wacholder-mit-raureif-im-gegenlicht-naturschutzgebiet-lueneburger-heide-vnp-stiftung-1536x1024.jpg\",\"2048x2048\":\"https:\\\/\\\/www.verein-naturschutzpark.de\\\/wp-content\\\/uploads\\\/winter-wacholder-mit-raureif-im-gegenlicht-naturschutzgebiet-lueneburger-heide-vnp-stiftung-2048x1365.jpg\",\"full\":\"https:\\\/\\\/www.verein-naturschutzpark.de\\\/wp-content\\\/uploads\\\/winter-wacholder-mit-raureif-im-gegenlicht-naturschutzgebiet-lueneburger-heide-vnp-stiftung.jpg\",\"index\":17,\"id\":4669,\"video\":false,\"opts\":{\"caption\":\"Winter: Juniper with hoarfrost in backlight\",\"thumb\":\"https:\\\/\\\/www.verein-naturschutzpark.de\\\/wp-content\\\/uploads\\\/winter-wacholder-mit-raureif-im-gegenlicht-naturschutzgebiet-lueneburger-heide-vnp-stiftung-75x50_c.jpg\",\"title\":\"Winter: Juniper with hoarfrost in backlight | Photo: VNP Stiftung Naturschutzpark L&uuml;neburger Heide\"},\"gallery_id\":\"6442\"},{\"status\":\"active\",\"src\":\"https:\\\/\\\/www.verein-naturschutzpark.de\\\/wp-content\\\/uploads\\\/eiszapfen-am-reetdach-winter-naturschutzgebiet-lueneburger-heide-vnp-stiftung.jpg\",\"title\":\"Winter: Icicles on thatched roof | Photo: VNP Stiftung Naturschutzpark L&uuml;neburger Heide\",\"link\":\"https:\\\/\\\/www.verein-naturschutzpark.de\\\/wp-content\\\/uploads\\\/eiszapfen-am-reetdach-winter-naturschutzgebiet-lueneburger-heide-vnp-stiftung.jpg\",\"alt\":\"Winter: Icicles on thatched roof | Photo: VNP Stiftung Naturschutzpark L&uuml;neburger Heide\",\"caption\":\"Winter: Icicles on thatched roof\",\"thumb\":\"https:\\\/\\\/www.verein-naturschutzpark.de\\\/wp-content\\\/uploads\\\/eiszapfen-am-reetdach-winter-naturschutzgebiet-lueneburger-heide-vnp-stiftung-75x50_c.jpg\",\"meta\":{\"aperture\":\"5\",\"credit\":null,\"camera\":\"E-M5\",\"caption\":\"Winter: Eiszapfen am Reetdach |  Foto: VNP Stiftung Naturschutzpark L\u00fcneburger Heide\",\"created_timestamp\":\"1362938995\",\"copyright\":null,\"focal_length\":\"12\",\"iso\":\"200\",\"shutter_speed\":\"0.00625\",\"title\":\"Winter: Eiszapfen am Reetdach |  Foto: VNP Stiftung Naturschutzpark L\ufffdneburger Heide\",\"orientation\":\"1\",\"keywords\":null},\"thumbnail\":\"https:\\\/\\\/www.verein-naturschutzpark.de\\\/wp-content\\\/uploads\\\/eiszapfen-am-reetdach-winter-naturschutzgebiet-lueneburger-heide-vnp-stiftung-150x113.jpg\",\"medium\":\"https:\\\/\\\/www.verein-naturschutzpark.de\\\/wp-content\\\/uploads\\\/eiszapfen-am-reetdach-winter-naturschutzgebiet-lueneburger-heide-vnp-stiftung-400x300.jpg\",\"medium_large\":\"https:\\\/\\\/www.verein-naturschutzpark.de\\\/wp-content\\\/uploads\\\/eiszapfen-am-reetdach-winter-naturschutzgebiet-lueneburger-heide-vnp-stiftung-768x576.jpg\",\"large\":\"https:\\\/\\\/www.verein-naturschutzpark.de\\\/wp-content\\\/uploads\\\/eiszapfen-am-reetdach-winter-naturschutzgebiet-lueneburger-heide-vnp-stiftung-1024x768.jpg\",\"thumblist\":\"https:\\\/\\\/www.verein-naturschutzpark.de\\\/wp-content\\\/uploads\\\/eiszapfen-am-reetdach-winter-naturschutzgebiet-lueneburger-heide-vnp-stiftung.jpg\",\"thumbrelated\":\"https:\\\/\\\/www.verein-naturschutzpark.de\\\/wp-content\\\/uploads\\\/eiszapfen-am-reetdach-winter-naturschutzgebiet-lueneburger-heide-vnp-stiftung.jpg\",\"meccarouselthumb\":\"https:\\\/\\\/www.verein-naturschutzpark.de\\\/wp-content\\\/uploads\\\/eiszapfen-am-reetdach-winter-naturschutzgebiet-lueneburger-heide-vnp-stiftung.jpg\",\"gridsquare\":\"https:\\\/\\\/www.verein-naturschutzpark.de\\\/wp-content\\\/uploads\\\/eiszapfen-am-reetdach-winter-naturschutzgebiet-lueneburger-heide-vnp-stiftung.jpg\",\"tileview\":\"https:\\\/\\\/www.verein-naturschutzpark.de\\\/wp-content\\\/uploads\\\/eiszapfen-am-reetdach-winter-naturschutzgebiet-lueneburger-heide-vnp-stiftung.jpg\",\"1536x1536\":\"https:\\\/\\\/www.verein-naturschutzpark.de\\\/wp-content\\\/uploads\\\/eiszapfen-am-reetdach-winter-naturschutzgebiet-lueneburger-heide-vnp-stiftung-1536x1152.jpg\",\"2048x2048\":\"https:\\\/\\\/www.verein-naturschutzpark.de\\\/wp-content\\\/uploads\\\/eiszapfen-am-reetdach-winter-naturschutzgebiet-lueneburger-heide-vnp-stiftung-2048x1536.jpg\",\"full\":\"https:\\\/\\\/www.verein-naturschutzpark.de\\\/wp-content\\\/uploads\\\/eiszapfen-am-reetdach-winter-naturschutzgebiet-lueneburger-heide-vnp-stiftung.jpg\",\"index\":18,\"id\":4625,\"video\":false,\"opts\":{\"caption\":\"Winter: Icicles on thatched roof\",\"thumb\":\"https:\\\/\\\/www.verein-naturschutzpark.de\\\/wp-content\\\/uploads\\\/eiszapfen-am-reetdach-winter-naturschutzgebiet-lueneburger-heide-vnp-stiftung-75x50_c.jpg\",\"title\":\"Winter: Icicles on thatched roof | Photo: VNP Stiftung Naturschutzpark L&uuml;neburger Heide\"},\"gallery_id\":\"6442\"},{\"status\":\"active\",\"src\":\"https:\\\/\\\/www.verein-naturschutzpark.de\\\/wp-content\\\/uploads\\\/winter-heidemuseum-dat-ole-huus-wilsede-vnp-stiftung.jpg\",\"title\":\"Winter: Heath museum \\\"Dat Ole Huus\\\" in Wilsede in the snow | Photo: VNP Stiftung Naturschutzpark L&uuml;neburger Heide\",\"link\":\"https:\\\/\\\/www.verein-naturschutzpark.de\\\/wp-content\\\/uploads\\\/winter-heidemuseum-dat-ole-huus-wilsede-vnp-stiftung.jpg\",\"alt\":\"Winter: Heath museum &amp;quot;Dat Ole Huus&amp;quot; in Wilsede in the snow | Photo: VNP Stiftung Naturschutzpark L&uuml;neburger Heide\",\"caption\":\"Winter: Heath museum &&#163;34;Dat Ole Huus&&#163;34; in Wilsede in the snow\",\"thumb\":\"https:\\\/\\\/www.verein-naturschutzpark.de\\\/wp-content\\\/uploads\\\/winter-heidemuseum-dat-ole-huus-wilsede-vnp-stiftung-75x50_c.jpg\",\"meta\":{\"aperture\":\"2.8\",\"credit\":null,\"camera\":\"DMC-FZ50\",\"caption\":\"Winter: Heidemuseum &&#163;34;Dat Ole Huus&&#163;34; in Wilsede im Schnee | Foto: VNP Stiftung Naturschutzpark L\u00fcneburger Heide\",\"created_timestamp\":\"1358945061\",\"copyright\":null,\"focal_length\":\"7.4\",\"iso\":\"200\",\"shutter_speed\":\"0.001\",\"title\":\"Winter: Heidemuseum &&#163;34;Dat Ole Huus&&#163;34; in Wilsede im Schnee | Foto: VNP Stiftung Naturschutzpark L\ufffdneburger Heide\",\"orientation\":\"1\",\"keywords\":null},\"thumbnail\":\"https:\\\/\\\/www.verein-naturschutzpark.de\\\/wp-content\\\/uploads\\\/winter-heidemuseum-dat-ole-huus-wilsede-vnp-stiftung-150x113.jpg\",\"medium\":\"https:\\\/\\\/www.verein-naturschutzpark.de\\\/wp-content\\\/uploads\\\/winter-heidemuseum-dat-ole-huus-wilsede-vnp-stiftung-400x300.jpg\",\"medium_large\":\"https:\\\/\\\/www.verein-naturschutzpark.de\\\/wp-content\\\/uploads\\\/winter-heidemuseum-dat-ole-huus-wilsede-vnp-stiftung-768x576.jpg\",\"large\":\"https:\\\/\\\/www.verein-naturschutzpark.de\\\/wp-content\\\/uploads\\\/winter-heidemuseum-dat-ole-huus-wilsede-vnp-stiftung-1024x768.jpg\",\"thumblist\":\"https:\\\/\\\/www.verein-naturschutzpark.de\\\/wp-content\\\/uploads\\\/winter-heidemuseum-dat-ole-huus-wilsede-vnp-stiftung.jpg\",\"thumbrelated\":\"https:\\\/\\\/www.verein-naturschutzpark.de\\\/wp-content\\\/uploads\\\/winter-heidemuseum-dat-ole-huus-wilsede-vnp-stiftung.jpg\",\"meccarouselthumb\":\"https:\\\/\\\/www.verein-naturschutzpark.de\\\/wp-content\\\/uploads\\\/winter-heidemuseum-dat-ole-huus-wilsede-vnp-stiftung.jpg\",\"gridsquare\":\"https:\\\/\\\/www.verein-naturschutzpark.de\\\/wp-content\\\/uploads\\\/winter-heidemuseum-dat-ole-huus-wilsede-vnp-stiftung.jpg\",\"tileview\":\"https:\\\/\\\/www.verein-naturschutzpark.de\\\/wp-content\\\/uploads\\\/winter-heidemuseum-dat-ole-huus-wilsede-vnp-stiftung.jpg\",\"1536x1536\":\"https:\\\/\\\/www.verein-naturschutzpark.de\\\/wp-content\\\/uploads\\\/winter-heidemuseum-dat-ole-huus-wilsede-vnp-stiftung-1536x1152.jpg\",\"2048x2048\":\"https:\\\/\\\/www.verein-naturschutzpark.de\\\/wp-content\\\/uploads\\\/winter-heidemuseum-dat-ole-huus-wilsede-vnp-stiftung-2048x1536.jpg\",\"full\":\"https:\\\/\\\/www.verein-naturschutzpark.de\\\/wp-content\\\/uploads\\\/winter-heidemuseum-dat-ole-huus-wilsede-vnp-stiftung.jpg\",\"index\":19,\"id\":4657,\"video\":false,\"opts\":{\"caption\":\"Winter: Heath museum &&#163;34;Dat Ole Huus&&#163;34; in Wilsede in the snow\",\"thumb\":\"https:\\\/\\\/www.verein-naturschutzpark.de\\\/wp-content\\\/uploads\\\/winter-heidemuseum-dat-ole-huus-wilsede-vnp-stiftung-75x50_c.jpg\",\"title\":\"Winter: Heath museum \\\"Dat Ole Huus\\\" in Wilsede in the snow | Photo: VNP Stiftung Naturschutzpark L&uuml;neburger Heide\"},\"gallery_id\":\"6442\"},{\"status\":\"active\",\"src\":\"https:\\\/\\\/www.verein-naturschutzpark.de\\\/wp-content\\\/uploads\\\/winter-eekenboltentun-eichenbohlenzaun-naturschutzgebiet-lueneburger-heide-vnp-stiftung.jpg\",\"title\":\"Winter: Eekenboltentun (oak plank fence) in the snow | Photo: VNP Stiftung Naturschutzpark L&uuml;neburger Heide\",\"link\":\"https:\\\/\\\/www.verein-naturschutzpark.de\\\/wp-content\\\/uploads\\\/winter-eekenboltentun-eichenbohlenzaun-naturschutzgebiet-lueneburger-heide-vnp-stiftung.jpg\",\"alt\":\"Winter: Eekenboltentun (oak plank fence) in the snow | Photo: VNP Stiftung Naturschutzpark L&uuml;neburger Heide\",\"caption\":\"Winter: &&#163;34;Eekenboltentun&&#163;34; (oak plank fence) in the snow\",\"thumb\":\"https:\\\/\\\/www.verein-naturschutzpark.de\\\/wp-content\\\/uploads\\\/winter-eekenboltentun-eichenbohlenzaun-naturschutzgebiet-lueneburger-heide-vnp-stiftung-75x50_c.jpg\",\"meta\":{\"aperture\":\"3.2\",\"credit\":null,\"camera\":\"DMC-FZ50\",\"caption\":\"Winter: Eekenboltentun (Eichenbohlenzaun) im Schnee | Foto: VNP Stiftung Naturschutzpark L\u00fcneburger Heide\",\"created_timestamp\":\"1358944900\",\"copyright\":null,\"focal_length\":\"13.9\",\"iso\":\"200\",\"shutter_speed\":\"0.0015625\",\"title\":\"Winter: Eekenboltentun (Eichenbohlenzaun) im Schnee | Foto: VNP Stiftung Naturschutzpark L\ufffdneburger Heide\",\"orientation\":\"1\",\"keywords\":null},\"thumbnail\":\"https:\\\/\\\/www.verein-naturschutzpark.de\\\/wp-content\\\/uploads\\\/winter-eekenboltentun-eichenbohlenzaun-naturschutzgebiet-lueneburger-heide-vnp-stiftung-150x113.jpg\",\"medium\":\"https:\\\/\\\/www.verein-naturschutzpark.de\\\/wp-content\\\/uploads\\\/winter-eekenboltentun-eichenbohlenzaun-naturschutzgebiet-lueneburger-heide-vnp-stiftung-400x300.jpg\",\"medium_large\":\"https:\\\/\\\/www.verein-naturschutzpark.de\\\/wp-content\\\/uploads\\\/winter-eekenboltentun-eichenbohlenzaun-naturschutzgebiet-lueneburger-heide-vnp-stiftung-768x576.jpg\",\"large\":\"https:\\\/\\\/www.verein-naturschutzpark.de\\\/wp-content\\\/uploads\\\/winter-eekenboltentun-eichenbohlenzaun-naturschutzgebiet-lueneburger-heide-vnp-stiftung-1024x768.jpg\",\"thumblist\":\"https:\\\/\\\/www.verein-naturschutzpark.de\\\/wp-content\\\/uploads\\\/winter-eekenboltentun-eichenbohlenzaun-naturschutzgebiet-lueneburger-heide-vnp-stiftung.jpg\",\"thumbrelated\":\"https:\\\/\\\/www.verein-naturschutzpark.de\\\/wp-content\\\/uploads\\\/winter-eekenboltentun-eichenbohlenzaun-naturschutzgebiet-lueneburger-heide-vnp-stiftung.jpg\",\"meccarouselthumb\":\"https:\\\/\\\/www.verein-naturschutzpark.de\\\/wp-content\\\/uploads\\\/winter-eekenboltentun-eichenbohlenzaun-naturschutzgebiet-lueneburger-heide-vnp-stiftung.jpg\",\"gridsquare\":\"https:\\\/\\\/www.verein-naturschutzpark.de\\\/wp-content\\\/uploads\\\/winter-eekenboltentun-eichenbohlenzaun-naturschutzgebiet-lueneburger-heide-vnp-stiftung.jpg\",\"tileview\":\"https:\\\/\\\/www.verein-naturschutzpark.de\\\/wp-content\\\/uploads\\\/winter-eekenboltentun-eichenbohlenzaun-naturschutzgebiet-lueneburger-heide-vnp-stiftung.jpg\",\"1536x1536\":\"https:\\\/\\\/www.verein-naturschutzpark.de\\\/wp-content\\\/uploads\\\/winter-eekenboltentun-eichenbohlenzaun-naturschutzgebiet-lueneburger-heide-vnp-stiftung-1536x1152.jpg\",\"2048x2048\":\"https:\\\/\\\/www.verein-naturschutzpark.de\\\/wp-content\\\/uploads\\\/winter-eekenboltentun-eichenbohlenzaun-naturschutzgebiet-lueneburger-heide-vnp-stiftung-2048x1536.jpg\",\"full\":\"https:\\\/\\\/www.verein-naturschutzpark.de\\\/wp-content\\\/uploads\\\/winter-eekenboltentun-eichenbohlenzaun-naturschutzgebiet-lueneburger-heide-vnp-stiftung.jpg\",\"index\":20,\"id\":4653,\"video\":false,\"opts\":{\"caption\":\"Winter: &&#163;34;Eekenboltentun&&#163;34; (oak plank fence) in the snow\",\"thumb\":\"https:\\\/\\\/www.verein-naturschutzpark.de\\\/wp-content\\\/uploads\\\/winter-eekenboltentun-eichenbohlenzaun-naturschutzgebiet-lueneburger-heide-vnp-stiftung-75x50_c.jpg\",\"title\":\"Winter: Eekenboltentun (oak plank fence) in the snow | Photo: VNP Stiftung Naturschutzpark L&uuml;neburger Heide\"},\"gallery_id\":\"6442\"},{\"status\":\"active\",\"src\":\"https:\\\/\\\/www.verein-naturschutzpark.de\\\/wp-content\\\/uploads\\\/winter-schnuckenstall-am-totengrund-naturschutzgebiet-lueneburger-heide-vnp-stiftung.jpg\",\"title\":\"Winter: Heidschnucken barn near Totengrund | Photo: VNP Stiftung Naturschutzpark L&uuml;neburger Heide\",\"link\":\"https:\\\/\\\/www.verein-naturschutzpark.de\\\/wp-content\\\/uploads\\\/winter-schnuckenstall-am-totengrund-naturschutzgebiet-lueneburger-heide-vnp-stiftung.jpg\",\"alt\":\"Winter: Heidschnucken barn near Totengrund | Photo: VNP Stiftung Naturschutzpark L&uuml;neburger Heide\",\"caption\":\"Winter: Heidschnucken shed near Totengrund\",\"thumb\":\"https:\\\/\\\/www.verein-naturschutzpark.de\\\/wp-content\\\/uploads\\\/winter-schnuckenstall-am-totengrund-naturschutzgebiet-lueneburger-heide-vnp-stiftung-75x50_c.jpg\",\"meta\":{\"aperture\":\"5.6\",\"credit\":\"Picasa\",\"camera\":\"DMC-FZ50\",\"caption\":\"Winter: Heidschnuckenstall am Totengrund | Foto: VNP Stiftung Naturschutzpark L\u00fcneburger Heide\",\"created_timestamp\":\"1261407653\",\"copyright\":null,\"focal_length\":\"7.4\",\"iso\":\"100\",\"shutter_speed\":\"0.004\",\"title\":\"Winter: Heidschnuckenstall am Totengrund | Foto: VNP Stiftung Naturschutzpark L\ufffdneburger Heide\",\"orientation\":\"1\",\"keywords\":null},\"thumbnail\":\"https:\\\/\\\/www.verein-naturschutzpark.de\\\/wp-content\\\/uploads\\\/winter-schnuckenstall-am-totengrund-naturschutzgebiet-lueneburger-heide-vnp-stiftung-150x113.jpg\",\"medium\":\"https:\\\/\\\/www.verein-naturschutzpark.de\\\/wp-content\\\/uploads\\\/winter-schnuckenstall-am-totengrund-naturschutzgebiet-lueneburger-heide-vnp-stiftung-400x300.jpg\",\"medium_large\":\"https:\\\/\\\/www.verein-naturschutzpark.de\\\/wp-content\\\/uploads\\\/winter-schnuckenstall-am-totengrund-naturschutzgebiet-lueneburger-heide-vnp-stiftung-768x576.jpg\",\"large\":\"https:\\\/\\\/www.verein-naturschutzpark.de\\\/wp-content\\\/uploads\\\/winter-schnuckenstall-am-totengrund-naturschutzgebiet-lueneburger-heide-vnp-stiftung-1024x768.jpg\",\"thumblist\":\"https:\\\/\\\/www.verein-naturschutzpark.de\\\/wp-content\\\/uploads\\\/winter-schnuckenstall-am-totengrund-naturschutzgebiet-lueneburger-heide-vnp-stiftung.jpg\",\"thumbrelated\":\"https:\\\/\\\/www.verein-naturschutzpark.de\\\/wp-content\\\/uploads\\\/winter-schnuckenstall-am-totengrund-naturschutzgebiet-lueneburger-heide-vnp-stiftung.jpg\",\"meccarouselthumb\":\"https:\\\/\\\/www.verein-naturschutzpark.de\\\/wp-content\\\/uploads\\\/winter-schnuckenstall-am-totengrund-naturschutzgebiet-lueneburger-heide-vnp-stiftung.jpg\",\"gridsquare\":\"https:\\\/\\\/www.verein-naturschutzpark.de\\\/wp-content\\\/uploads\\\/winter-schnuckenstall-am-totengrund-naturschutzgebiet-lueneburger-heide-vnp-stiftung.jpg\",\"tileview\":\"https:\\\/\\\/www.verein-naturschutzpark.de\\\/wp-content\\\/uploads\\\/winter-schnuckenstall-am-totengrund-naturschutzgebiet-lueneburger-heide-vnp-stiftung.jpg\",\"1536x1536\":\"https:\\\/\\\/www.verein-naturschutzpark.de\\\/wp-content\\\/uploads\\\/winter-schnuckenstall-am-totengrund-naturschutzgebiet-lueneburger-heide-vnp-stiftung-1536x1152.jpg\",\"2048x2048\":\"https:\\\/\\\/www.verein-naturschutzpark.de\\\/wp-content\\\/uploads\\\/winter-schnuckenstall-am-totengrund-naturschutzgebiet-lueneburger-heide-vnp-stiftung-2048x1536.jpg\",\"full\":\"https:\\\/\\\/www.verein-naturschutzpark.de\\\/wp-content\\\/uploads\\\/winter-schnuckenstall-am-totengrund-naturschutzgebiet-lueneburger-heide-vnp-stiftung.jpg\",\"index\":21,\"id\":4667,\"video\":false,\"opts\":{\"caption\":\"Winter: Heidschnucken shed near Totengrund\",\"thumb\":\"https:\\\/\\\/www.verein-naturschutzpark.de\\\/wp-content\\\/uploads\\\/winter-schnuckenstall-am-totengrund-naturschutzgebiet-lueneburger-heide-vnp-stiftung-75x50_c.jpg\",\"title\":\"Winter: Heidschnucken barn near Totengrund | Photo: VNP Stiftung Naturschutzpark L&uuml;neburger Heide\"},\"gallery_id\":\"6442\"}]' data-lightbox-theme='{&quot;arrows&quot;:true,&quot;margins&quot;:[120,0],&quot;gutter&quot;:&quot;20&quot;,&quot;thumbs_position&quot;:&quot;side&quot;,&quot;base_template&quot;:&quot;&lt;div id=\\&quot;envirabox-6442\\&quot; data-envirabox-id=\\&quot;6442\\&quot; class=\\&quot;envirabox-container envirabox-theme-infinity_light envirabox-wrap\\&quot; role=\\&quot;dialog\\&quot;&gt;&lt;div class=\\&quot;envirabox-bg\\&quot;&gt;&lt;\\\/div&gt;&lt;div class=\\&quot;envirabox-outer\\&quot;&gt;&lt;div class=\\&quot;envirabox-inner\\&quot;&gt;&lt;div class=\\&quot;envirabox-title-wrap\\&quot;&gt;&lt;div class=\\&quot;envirabox-title-inner\\&quot;&gt;&lt;div class=\\&quot;envirabox-caption\\&quot;&gt;&lt;\\\/div&gt;&lt;\\\/div&gt;&lt;div class=\\&quot;envirabox-woocommerce-container\\&quot;&gt;&lt;\\\/div&gt;&lt;\\\/div&gt;&lt;div class=\\&quot;envirabox-toolbar\\&quot;&gt;&lt;div class=\\&quot;envira-close-button\\&quot;&gt;&lt;a data-envirabox-close class=\\&quot;envirabox-item envirabox-close envirabox-button--close\\&quot; title=\\&quot;Close\\&quot; href=\\&quot;#\\&quot;&gt;                   &lt;svg\\t\\t\\t\\t\\txmlns=\\&quot;http:\\\/\\\/www.w3.org\\\/2000\\\/svg\\&quot;\\t\\t\\t\\t\\twidth=\\&quot;30px\\&quot;\\t\\t\\t\\t\\theight=\\&quot;30px\\&quot;\\t\\t\\t\\t\\tviewBox=\\&quot;0 0 768 768\\&quot;\\t\\t\\t\\t   &gt;\\t\\t\\t\\t\\t&lt;path d=\\&quot;M607.5 205.5L429 384l178.5 178.5-45 45L384 429 205.5 607.5l-45-45L339 384 160.5 205.5l45-45L384 339l178.5-178.5z\\&quot;&gt;&lt;\\\/path&gt;\\t\\t\\t\\t   &lt;\\\/svg&gt;&lt;\\\/a&gt;&lt;\\\/div&gt;&lt;div class=\\&quot;envirabox-icons\\&quot;&gt;&lt;\\\/div&gt;&lt;\\\/div&gt;&lt;div class=\\&quot;envira-thumbs-button\\&quot;&gt;&lt;a data-envirabox-thumbs class=\\&quot;envirabox-item envira-thumbs-button envirabox-button--thumbs\\&quot; title=\\&quot;Toggle Thumbnails\\&quot; href=\\&quot;javascript:void(0)\\&quot;&gt;&lt;\\\/a&gt;&lt;\\\/div&gt;&lt;div class=\\&quot;envirabox-navigation\\&quot;&gt;&lt;a data-envirabox-prev title=\\&quot;Prev\\&quot; class=\\&quot;envirabox-arrow envirabox-arrow--left envirabox-nav envirabox-prev\\&quot; href=\\&quot;#\\&quot;&gt;&lt;span&gt;                     &lt;svg\\t\\t\\t\\t\\txmlns=\\&quot;http:\\\/\\\/www.w3.org\\\/2000\\\/svg\\&quot;\\t\\t\\t\\t\\twidth=\\&quot;45px\\&quot;\\t\\t\\t\\t\\theight=\\&quot;45px\\&quot;\\t\\t\\t\\t\\tviewBox=\\&quot;0 0 768 768\\&quot;\\t\\t\\t\\t   &gt;\\t\\t\\t\\t\\t&lt;path d=\\&quot;M493.5 531l-45 45-192-192 192-192 45 45-147 147z\\&quot;&gt;&lt;\\\/path&gt;\\t\\t\\t\\t   &lt;\\\/svg&gt;&lt;\\\/span&gt;&lt;\\\/a&gt;&lt;a data-envirabox-next title=\\&quot;Next\\&quot; class=\\&quot;envirabox-arrow envirabox-arrow--right envirabox-nav envirabox-next\\&quot; href=\\&quot;#\\&quot;&gt;&lt;span&gt;                         &lt;svg\\t\\t\\t\\t\\txmlns=\\&quot;http:\\\/\\\/www.w3.org\\\/2000\\\/svg\\&quot;\\t\\t\\t\\t\\twidth=\\&quot;45px\\&quot;\\t\\t\\t\\t\\theight=\\&quot;45px\\&quot;\\t\\t\\t\\t\\tviewBox=\\&quot;0 0 768 768\\&quot;\\t\\t\\t\\t   &gt;\\t\\t\\t\\t\\t&lt;path d=\\&quot;M274.5 531l147-147-147-147 45-45 192 192-192 192z\\&quot;&gt;&lt;\\\/path&gt;\\t\\t\\t\\t   &lt;\\\/svg&gt;&lt;\\\/span&gt;&lt;\\\/a&gt;&lt;\\\/div&gt;&lt;div class=\\&quot;envirabox-stage\\&quot;&gt;&lt;\\\/div&gt;&lt;\\\/div&gt;&lt;\\\/div&gt;&lt;\\\/div&gt;&quot;,&quot;inner_caption&quot;:true,&quot;load_all&quot;:false,&quot;error_template&quot;:&quot;&lt;div class=\\&quot;envirabox-error\\&quot;&gt;&lt;p&gt;{{ERROR}}&lt;p&gt;&lt;\\\/div&gt;&quot;,&quot;caption_position&quot;:&quot;outside&quot;,&quot;arrow_position&quot;:false,&quot;toolbar&quot;:true,&quot;infobar&quot;:false,&quot;show_smallbtn&quot;:false,&quot;idle_time&quot;:false,&quot;click_content&quot;:false,&quot;click_slide&quot;:false,&quot;click_outside&quot;:false,&quot;animation_duration&quot;:false,&quot;transition_duration&quot;:false,&quot;small_btn_template&quot;:&quot;&lt;a data-envirabox-close class=\\&quot;envirabox-item envirabox-close envirabox-button--close\\&quot; title=\\&quot;Close\\&quot; href=\\&quot;#\\&quot;&gt;&lt;\\\/a&gt;&quot;}' data-parsed-attrs='{\"id\":\"6442\",\"cache\":true}'><div id=\"envira-gallery-item-4627\" class=\"envira-gallery-item envira-gallery-item-1 envira-lazy-load\" style=\"padding-left: 5px; padding-bottom: 10px; padding-right: 5px;\"  itemscope itemtype=\"https:\/\/schema.org\/ImageObject\"><div class=\"envira-gallery-item-inner\"><div class=\"envira-gallery-position-overlay envira-gallery-top-left\"><\/div><div class=\"envira-gallery-position-overlay envira-gallery-top-right\"><\/div><div class=\"envira-gallery-position-overlay envira-gallery-bottom-left\"><\/div><div class=\"envira-gallery-position-overlay envira-gallery-bottom-right\"><\/div><a class=\"envira-gallery-6442 envira-gallery-link\" href=\"https:\/\/www.verein-naturschutzpark.de\/wp-content\/uploads\/fruehling-im-stuehbusch-naturschutzgebiet-lueneburger-heide-vnp-stiftung-2.jpg\" title=\"Spring in the &quot;St\u00fchbusch&quot; | Photo: Foto: VNP Stiftung Naturschutzpark L\u00fcneburger Heide\" data-caption=\"Spring in the &quot;St&uuml;hbusch&quot;\" data-envira-item-id=\"4627\" data-envira-retina=\"https:\/\/www.verein-naturschutzpark.de\/wp-content\/uploads\/fruehling-im-stuehbusch-naturschutzgebiet-lueneburger-heide-vnp-stiftung-2.jpg\" data-thumb=\"https:\/\/www.verein-naturschutzpark.de\/wp-content\/uploads\/fruehling-im-stuehbusch-naturschutzgebiet-lueneburger-heide-vnp-stiftung-2-75x50_c.jpg\" data-title=\"Spring in the &amp;quot;St&uuml;hbusch&amp;quot; | Photo: Foto: VNP Stiftung Naturschutzpark L&uuml;neburger Heide\" data-envirabox='6442' itemprop=\"contentUrl\"><div class=\"envira-lazy\" style=\"padding-bottom: 75%;\" data-envira-changed=\"false\" data-width=\"640\" data-height=\"480\"><img decoding=\"async\" src=\"https:\/\/www.verein-naturschutzpark.de\/wp-content\/uploads\/fruehling-im-stuehbusch-naturschutzgebiet-lueneburger-heide-vnp-stiftung-2-640x480_c.jpg\" alt=\"Spring in the &amp;quot;St&uuml;hbusch&amp;quot; | Photo: Foto: VNP Stiftung Naturschutzpark L&uuml;neburger Heide\" class=\"envira-gallery-image envira-gallery-image-1    envira-lazy\" height=\"480\" id=\"envira-gallery-image-4627\" srcset=\"data:image\/gif;base64,R0lGODlhAQABAIAAAP\/\/\/\/\/\/\/yH5BAEKAAEALAAAAAABAAEAAAICTAEAOw==\" tabindex=\"-1\" title=\"Spring in the &quot;St\u00fchbusch&quot; | Photo: Foto: VNP Stiftung Naturschutzpark L\u00fcneburger Heide\" width=\"640\" data-caption=\"Spring in the &quot;St&uuml;hbusch&quot;\" data-envira-gallery-id=\"6442\" data-envira-index=\"0\" data-envira-item-id=\"4627\" data-envira-src=\"https:\/\/www.verein-naturschutzpark.de\/wp-content\/uploads\/fruehling-im-stuehbusch-naturschutzgebiet-lueneburger-heide-vnp-stiftung-2-640x480_c.jpg\" data-envira-srcset=\"https:\/\/www.verein-naturschutzpark.de\/wp-content\/uploads\/fruehling-im-stuehbusch-naturschutzgebiet-lueneburger-heide-vnp-stiftung-2-640x480_c.jpg 400w, https:\/\/www.verein-naturschutzpark.de\/wp-content\/uploads\/fruehling-im-stuehbusch-naturschutzgebiet-lueneburger-heide-vnp-stiftung-2-640x480_c.jpg 2x\" data-title=\"Spring in the &amp;quot;St&uuml;hbusch&amp;quot; | Photo: Foto: VNP Stiftung Naturschutzpark L&uuml;neburger Heide\" itemprop=\"thumbnailUrl\"  data-no-lazy=\"1\"  data-envirabox=\"6442\" \/><\/div><\/a><div class=\"envira-gallery-captioned-data envira-gallery-captioned-data-sleek\"><span class='envira-caption envira-gallery-captioned-text caption-4627'>Spring in the \"St\u00fchbusch\"<\/span><\/div><\/div><\/div><div id=\"envira-gallery-item-4631\" class=\"envira-gallery-item envira-gallery-item-2 envira-lazy-load\" style=\"padding-left: 5px; padding-bottom: 10px; padding-right: 5px;\"  itemscope itemtype=\"https:\/\/schema.org\/ImageObject\"><div class=\"envira-gallery-item-inner\"><div class=\"envira-gallery-position-overlay envira-gallery-top-left\"><\/div><div class=\"envira-gallery-position-overlay envira-gallery-top-right\"><\/div><div class=\"envira-gallery-position-overlay envira-gallery-bottom-left\"><\/div><div class=\"envira-gallery-position-overlay envira-gallery-bottom-right\"><\/div><a class=\"envira-gallery-6442 envira-gallery-link\" href=\"https:\/\/www.verein-naturschutzpark.de\/wp-content\/uploads\/fruehling-sitzbank-im-naturschutzgebiet-lueneburger-heide-vnp-stiftung.jpg\" title=\"Spring: Bench in the nature reserve | Photo: VNP Stiftung Naturschutzpark L\u00fcneburger Heide\" data-caption=\"Spring: Bench in the nature reserve\" data-envira-item-id=\"4631\" data-envira-retina=\"https:\/\/www.verein-naturschutzpark.de\/wp-content\/uploads\/fruehling-sitzbank-im-naturschutzgebiet-lueneburger-heide-vnp-stiftung.jpg\" data-thumb=\"https:\/\/www.verein-naturschutzpark.de\/wp-content\/uploads\/fruehling-sitzbank-im-naturschutzgebiet-lueneburger-heide-vnp-stiftung-75x50_c.jpg\" data-title=\"Spring: Bench in the nature reserve | Photo: VNP Stiftung Naturschutzpark L&uuml;neburger Heide\" data-envirabox='6442' itemprop=\"contentUrl\"><div class=\"envira-lazy\" style=\"padding-bottom: 75%;\" data-envira-changed=\"false\" data-width=\"640\" data-height=\"480\"><img decoding=\"async\" src=\"https:\/\/www.verein-naturschutzpark.de\/wp-content\/uploads\/fruehling-sitzbank-im-naturschutzgebiet-lueneburger-heide-vnp-stiftung-640x480_c.jpg\" alt=\"Spring: Bench in the nature reserve | Photo: VNP Stiftung Naturschutzpark L&uuml;neburger Heide\" class=\"envira-gallery-image envira-gallery-image-2    envira-lazy\" height=\"480\" id=\"envira-gallery-image-4631\" srcset=\"data:image\/gif;base64,R0lGODlhAQABAIAAAP\/\/\/\/\/\/\/yH5BAEKAAEALAAAAAABAAEAAAICTAEAOw==\" tabindex=\"-1\" title=\"Spring: Bench in the nature reserve | Photo: VNP Stiftung Naturschutzpark L\u00fcneburger Heide\" width=\"640\" data-caption=\"Spring: Bench in the nature reserve\" data-envira-gallery-id=\"6442\" data-envira-index=\"1\" data-envira-item-id=\"4631\" data-envira-src=\"https:\/\/www.verein-naturschutzpark.de\/wp-content\/uploads\/fruehling-sitzbank-im-naturschutzgebiet-lueneburger-heide-vnp-stiftung-640x480_c.jpg\" data-envira-srcset=\"https:\/\/www.verein-naturschutzpark.de\/wp-content\/uploads\/fruehling-sitzbank-im-naturschutzgebiet-lueneburger-heide-vnp-stiftung-640x480_c.jpg 400w, https:\/\/www.verein-naturschutzpark.de\/wp-content\/uploads\/fruehling-sitzbank-im-naturschutzgebiet-lueneburger-heide-vnp-stiftung-640x480_c.jpg 2x\" data-title=\"Spring: Bench in the nature reserve | Photo: VNP Stiftung Naturschutzpark L&uuml;neburger Heide\" itemprop=\"thumbnailUrl\"  data-no-lazy=\"1\"  data-envirabox=\"6442\" \/><\/div><\/a><div class=\"envira-gallery-captioned-data envira-gallery-captioned-data-sleek\"><span class='envira-caption envira-gallery-captioned-text caption-4631'>Spring: Bench in the nature reserve<\/span><\/div><\/div><\/div><div id=\"envira-gallery-item-4647\" class=\"envira-gallery-item envira-gallery-item-3 envira-lazy-load\" style=\"padding-left: 5px; padding-bottom: 10px; padding-right: 5px;\"  itemscope itemtype=\"https:\/\/schema.org\/ImageObject\"><div class=\"envira-gallery-item-inner\"><div class=\"envira-gallery-position-overlay envira-gallery-top-left\"><\/div><div class=\"envira-gallery-position-overlay envira-gallery-top-right\"><\/div><div class=\"envira-gallery-position-overlay envira-gallery-bottom-left\"><\/div><div class=\"envira-gallery-position-overlay envira-gallery-bottom-right\"><\/div><a class=\"envira-gallery-6442 envira-gallery-link\" href=\"https:\/\/www.verein-naturschutzpark.de\/wp-content\/uploads\/sommer-juli-thymianbluete-naturschutzgebiet-lueneburger-heide-vnp-stiftung.jpg\" title=\"Summer: Thyme blossom in July | Photo: VNP Stiftung Naturschutzpark L\u00fcneburger Heide\" data-caption=\"Summer: Thyme blossom in July\" data-envira-item-id=\"4647\" data-envira-retina=\"https:\/\/www.verein-naturschutzpark.de\/wp-content\/uploads\/sommer-juli-thymianbluete-naturschutzgebiet-lueneburger-heide-vnp-stiftung.jpg\" data-thumb=\"https:\/\/www.verein-naturschutzpark.de\/wp-content\/uploads\/sommer-juli-thymianbluete-naturschutzgebiet-lueneburger-heide-vnp-stiftung-75x50_c.jpg\" data-title=\"Summer: Thyme blossom in July | Photo: VNP Stiftung Naturschutzpark L&uuml;neburger Heide\" data-envirabox='6442' itemprop=\"contentUrl\"><div class=\"envira-lazy\" style=\"padding-bottom: 75%;\" data-envira-changed=\"false\" data-width=\"640\" data-height=\"480\"><img decoding=\"async\" src=\"https:\/\/www.verein-naturschutzpark.de\/wp-content\/uploads\/sommer-juli-thymianbluete-naturschutzgebiet-lueneburger-heide-vnp-stiftung-640x480_c.jpg\" alt=\"Summer: Thyme blossom in July | Photo: VNP Stiftung Naturschutzpark L&uuml;neburger Heide\" class=\"envira-gallery-image envira-gallery-image-3    envira-lazy\" height=\"480\" id=\"envira-gallery-image-4647\" srcset=\"data:image\/gif;base64,R0lGODlhAQABAIAAAP\/\/\/\/\/\/\/yH5BAEKAAEALAAAAAABAAEAAAICTAEAOw==\" tabindex=\"-1\" title=\"Summer: Thyme blossom in July | Photo: VNP Stiftung Naturschutzpark L\u00fcneburger Heide\" width=\"640\" data-caption=\"Summer: Thyme blossom in July\" data-envira-gallery-id=\"6442\" data-envira-index=\"2\" data-envira-item-id=\"4647\" data-envira-src=\"https:\/\/www.verein-naturschutzpark.de\/wp-content\/uploads\/sommer-juli-thymianbluete-naturschutzgebiet-lueneburger-heide-vnp-stiftung-640x480_c.jpg\" data-envira-srcset=\"https:\/\/www.verein-naturschutzpark.de\/wp-content\/uploads\/sommer-juli-thymianbluete-naturschutzgebiet-lueneburger-heide-vnp-stiftung-640x480_c.jpg 400w, https:\/\/www.verein-naturschutzpark.de\/wp-content\/uploads\/sommer-juli-thymianbluete-naturschutzgebiet-lueneburger-heide-vnp-stiftung-640x480_c.jpg 2x\" data-title=\"Summer: Thyme blossom in July | Photo: VNP Stiftung Naturschutzpark L&uuml;neburger Heide\" itemprop=\"thumbnailUrl\"  data-no-lazy=\"1\"  data-envirabox=\"6442\" \/><\/div><\/a><div class=\"envira-gallery-captioned-data envira-gallery-captioned-data-sleek\"><span class='envira-caption envira-gallery-captioned-text caption-4647'>Summer: Thyme blossom in July<\/span><\/div><\/div><\/div><div id=\"envira-gallery-item-4649\" class=\"envira-gallery-item envira-gallery-item-4 envira-lazy-load\" style=\"padding-left: 5px; padding-bottom: 10px; padding-right: 5px;\"  itemscope itemtype=\"https:\/\/schema.org\/ImageObject\"><div class=\"envira-gallery-item-inner\"><div class=\"envira-gallery-position-overlay envira-gallery-top-left\"><\/div><div class=\"envira-gallery-position-overlay envira-gallery-top-right\"><\/div><div class=\"envira-gallery-position-overlay envira-gallery-bottom-left\"><\/div><div class=\"envira-gallery-position-overlay envira-gallery-bottom-right\"><\/div><a class=\"envira-gallery-6442 envira-gallery-link\" href=\"https:\/\/www.verein-naturschutzpark.de\/wp-content\/uploads\/sommer-thymianbluete-juli-naturschutzgebiet-lueneburger-heide-vnp-stiftung.jpg\" title=\"Summer: Thyme blossom in July | Photo: VNP Stiftung Naturschutzpark L\u00fcneburger Heide\" data-caption=\"Summer: Thyme blossom in July\" data-envira-item-id=\"4649\" data-envira-retina=\"https:\/\/www.verein-naturschutzpark.de\/wp-content\/uploads\/sommer-thymianbluete-juli-naturschutzgebiet-lueneburger-heide-vnp-stiftung.jpg\" data-thumb=\"https:\/\/www.verein-naturschutzpark.de\/wp-content\/uploads\/sommer-thymianbluete-juli-naturschutzgebiet-lueneburger-heide-vnp-stiftung-75x50_c.jpg\" data-title=\"Summer: Thyme blossom in July | Photo: VNP Stiftung Naturschutzpark L&uuml;neburger Heide\" data-envirabox='6442' itemprop=\"contentUrl\"><div class=\"envira-lazy\" style=\"padding-bottom: 75%;\" data-envira-changed=\"false\" data-width=\"640\" data-height=\"480\"><img decoding=\"async\" src=\"https:\/\/www.verein-naturschutzpark.de\/wp-content\/uploads\/sommer-thymianbluete-juli-naturschutzgebiet-lueneburger-heide-vnp-stiftung-640x480_c.jpg\" alt=\"Summer: Thyme blossom in July | Photo: VNP Stiftung Naturschutzpark L&uuml;neburger Heide\" class=\"envira-gallery-image envira-gallery-image-4    envira-lazy\" height=\"480\" id=\"envira-gallery-image-4649\" srcset=\"data:image\/gif;base64,R0lGODlhAQABAIAAAP\/\/\/\/\/\/\/yH5BAEKAAEALAAAAAABAAEAAAICTAEAOw==\" tabindex=\"-1\" title=\"Summer: Thyme blossom in July | Photo: VNP Stiftung Naturschutzpark L\u00fcneburger Heide\" width=\"640\" data-caption=\"Summer: Thyme blossom in July\" data-envira-gallery-id=\"6442\" data-envira-index=\"3\" data-envira-item-id=\"4649\" data-envira-src=\"https:\/\/www.verein-naturschutzpark.de\/wp-content\/uploads\/sommer-thymianbluete-juli-naturschutzgebiet-lueneburger-heide-vnp-stiftung-640x480_c.jpg\" data-envira-srcset=\"https:\/\/www.verein-naturschutzpark.de\/wp-content\/uploads\/sommer-thymianbluete-juli-naturschutzgebiet-lueneburger-heide-vnp-stiftung-640x480_c.jpg 400w, https:\/\/www.verein-naturschutzpark.de\/wp-content\/uploads\/sommer-thymianbluete-juli-naturschutzgebiet-lueneburger-heide-vnp-stiftung-640x480_c.jpg 2x\" data-title=\"Summer: Thyme blossom in July | Photo: VNP Stiftung Naturschutzpark L&uuml;neburger Heide\" itemprop=\"thumbnailUrl\"  data-no-lazy=\"1\"  data-envirabox=\"6442\" \/><\/div><\/a><div class=\"envira-gallery-captioned-data envira-gallery-captioned-data-sleek\"><span class='envira-caption envira-gallery-captioned-text caption-4649'>Summer: Thyme blossom in July<\/span><\/div><\/div><\/div><div id=\"envira-gallery-item-4635\" class=\"envira-gallery-item envira-gallery-item-5 envira-lazy-load\" style=\"padding-left: 5px; padding-bottom: 10px; padding-right: 5px;\"  itemscope itemtype=\"https:\/\/schema.org\/ImageObject\"><div class=\"envira-gallery-item-inner\"><div class=\"envira-gallery-position-overlay envira-gallery-top-left\"><\/div><div class=\"envira-gallery-position-overlay envira-gallery-top-right\"><\/div><div class=\"envira-gallery-position-overlay envira-gallery-bottom-left\"><\/div><div class=\"envira-gallery-position-overlay envira-gallery-bottom-right\"><\/div><a class=\"envira-gallery-6442 envira-gallery-link\" href=\"https:\/\/www.verein-naturschutzpark.de\/wp-content\/uploads\/herbst-laubverfaerbung-naturschutzgebiet-lueneburger-heide-vnp-stiftung.jpg\" title=\"Autumn: leaves changing color in the nature reserve | Photo: VNP Stiftung Naturschutzpark L\u00fcneburger Heide\" data-caption=\"Autumn: leaves changing colour in the nature reserve\" data-envira-item-id=\"4635\" data-envira-retina=\"https:\/\/www.verein-naturschutzpark.de\/wp-content\/uploads\/herbst-laubverfaerbung-naturschutzgebiet-lueneburger-heide-vnp-stiftung.jpg\" data-thumb=\"https:\/\/www.verein-naturschutzpark.de\/wp-content\/uploads\/herbst-laubverfaerbung-naturschutzgebiet-lueneburger-heide-vnp-stiftung-75x50_c.jpg\" data-title=\"Autumn: leaves changing color in the nature reserve | Photo: VNP Stiftung Naturschutzpark L&uuml;neburger Heide\" data-envirabox='6442' itemprop=\"contentUrl\"><div class=\"envira-lazy\" style=\"padding-bottom: 75%;\" data-envira-changed=\"false\" data-width=\"640\" data-height=\"480\"><img decoding=\"async\" src=\"https:\/\/www.verein-naturschutzpark.de\/wp-content\/uploads\/herbst-laubverfaerbung-naturschutzgebiet-lueneburger-heide-vnp-stiftung-640x480_c.jpg\" alt=\"Autumn: leaves changing color in the nature reserve | Photo: VNP Stiftung Naturschutzpark L&uuml;neburger Heide\" class=\"envira-gallery-image envira-gallery-image-5    envira-lazy\" height=\"480\" id=\"envira-gallery-image-4635\" srcset=\"data:image\/gif;base64,R0lGODlhAQABAIAAAP\/\/\/\/\/\/\/yH5BAEKAAEALAAAAAABAAEAAAICTAEAOw==\" tabindex=\"-1\" title=\"Autumn: leaves changing color in the nature reserve | Photo: VNP Stiftung Naturschutzpark L\u00fcneburger Heide\" width=\"640\" data-caption=\"Autumn: leaves changing colour in the nature reserve\" data-envira-gallery-id=\"6442\" data-envira-index=\"4\" data-envira-item-id=\"4635\" data-envira-src=\"https:\/\/www.verein-naturschutzpark.de\/wp-content\/uploads\/herbst-laubverfaerbung-naturschutzgebiet-lueneburger-heide-vnp-stiftung-640x480_c.jpg\" data-envira-srcset=\"https:\/\/www.verein-naturschutzpark.de\/wp-content\/uploads\/herbst-laubverfaerbung-naturschutzgebiet-lueneburger-heide-vnp-stiftung-640x480_c.jpg 400w, https:\/\/www.verein-naturschutzpark.de\/wp-content\/uploads\/herbst-laubverfaerbung-naturschutzgebiet-lueneburger-heide-vnp-stiftung-640x480_c.jpg 2x\" data-title=\"Autumn: leaves changing color in the nature reserve | Photo: VNP Stiftung Naturschutzpark L&uuml;neburger Heide\" itemprop=\"thumbnailUrl\"  data-no-lazy=\"1\"  data-envirabox=\"6442\" \/><\/div><\/a><div class=\"envira-gallery-captioned-data envira-gallery-captioned-data-sleek\"><span class='envira-caption envira-gallery-captioned-text caption-4635'>Autumn: leaves changing colour in the nature reserve<\/span><\/div><\/div><\/div><div id=\"envira-gallery-item-4633\" class=\"envira-gallery-item envira-gallery-item-6 envira-lazy-load\" style=\"padding-left: 5px; padding-bottom: 10px; padding-right: 5px;\"  itemscope itemtype=\"https:\/\/schema.org\/ImageObject\"><div class=\"envira-gallery-item-inner\"><div class=\"envira-gallery-position-overlay envira-gallery-top-left\"><\/div><div class=\"envira-gallery-position-overlay envira-gallery-top-right\"><\/div><div class=\"envira-gallery-position-overlay envira-gallery-bottom-left\"><\/div><div class=\"envira-gallery-position-overlay envira-gallery-bottom-right\"><\/div><a class=\"envira-gallery-6442 envira-gallery-link\" href=\"https:\/\/www.verein-naturschutzpark.de\/wp-content\/uploads\/herbst-kutschfahrt-naturschutzgebiet-lueneburger-heide-vnp-stiftung.jpg\" title=\"Autumn: Carriage ride in the nature reserve | Photo: VNP Stiftung Naturschutzpark L\u00fcneburger Heide\" data-caption=\"Autumn: Carriage ride in the nature reserve\" data-envira-item-id=\"4633\" data-envira-retina=\"https:\/\/www.verein-naturschutzpark.de\/wp-content\/uploads\/herbst-kutschfahrt-naturschutzgebiet-lueneburger-heide-vnp-stiftung.jpg\" data-thumb=\"https:\/\/www.verein-naturschutzpark.de\/wp-content\/uploads\/herbst-kutschfahrt-naturschutzgebiet-lueneburger-heide-vnp-stiftung-75x50_c.jpg\" data-title=\"Autumn: Carriage ride in the nature reserve | Photo: VNP Stiftung Naturschutzpark L&uuml;neburger Heide\" data-envirabox='6442' itemprop=\"contentUrl\"><div class=\"envira-lazy\" style=\"padding-bottom: 75%;\" data-envira-changed=\"false\" data-width=\"640\" data-height=\"480\"><img decoding=\"async\" src=\"https:\/\/www.verein-naturschutzpark.de\/wp-content\/uploads\/herbst-kutschfahrt-naturschutzgebiet-lueneburger-heide-vnp-stiftung-640x480_c.jpg\" alt=\"Autumn: Carriage ride in the nature reserve | Photo: VNP Stiftung Naturschutzpark L&uuml;neburger Heide\" class=\"envira-gallery-image envira-gallery-image-6    envira-lazy\" height=\"480\" id=\"envira-gallery-image-4633\" srcset=\"data:image\/gif;base64,R0lGODlhAQABAIAAAP\/\/\/\/\/\/\/yH5BAEKAAEALAAAAAABAAEAAAICTAEAOw==\" tabindex=\"-1\" title=\"Autumn: Carriage ride in the nature reserve | Photo: VNP Stiftung Naturschutzpark L\u00fcneburger Heide\" width=\"640\" data-caption=\"Autumn: Carriage ride in the nature reserve\" data-envira-gallery-id=\"6442\" data-envira-index=\"5\" data-envira-item-id=\"4633\" data-envira-src=\"https:\/\/www.verein-naturschutzpark.de\/wp-content\/uploads\/herbst-kutschfahrt-naturschutzgebiet-lueneburger-heide-vnp-stiftung-640x480_c.jpg\" data-envira-srcset=\"https:\/\/www.verein-naturschutzpark.de\/wp-content\/uploads\/herbst-kutschfahrt-naturschutzgebiet-lueneburger-heide-vnp-stiftung-640x480_c.jpg 400w, https:\/\/www.verein-naturschutzpark.de\/wp-content\/uploads\/herbst-kutschfahrt-naturschutzgebiet-lueneburger-heide-vnp-stiftung-640x480_c.jpg 2x\" data-title=\"Autumn: Carriage ride in the nature reserve | Photo: VNP Stiftung Naturschutzpark L&uuml;neburger Heide\" itemprop=\"thumbnailUrl\"  data-no-lazy=\"1\"  data-envirabox=\"6442\" \/><\/div><\/a><div class=\"envira-gallery-captioned-data envira-gallery-captioned-data-sleek\"><span class='envira-caption envira-gallery-captioned-text caption-4633'>Autumn: Carriage ride in the nature reserve<\/span><\/div><\/div><\/div><div id=\"envira-gallery-item-4637\" class=\"envira-gallery-item envira-gallery-item-7 envira-lazy-load\" style=\"padding-left: 5px; padding-bottom: 10px; padding-right: 5px;\"  itemscope itemtype=\"https:\/\/schema.org\/ImageObject\"><div class=\"envira-gallery-item-inner\"><div class=\"envira-gallery-position-overlay envira-gallery-top-left\"><\/div><div class=\"envira-gallery-position-overlay envira-gallery-top-right\"><\/div><div class=\"envira-gallery-position-overlay envira-gallery-bottom-left\"><\/div><div class=\"envira-gallery-position-overlay envira-gallery-bottom-right\"><\/div><a class=\"envira-gallery-6442 envira-gallery-link\" href=\"https:\/\/www.verein-naturschutzpark.de\/wp-content\/uploads\/herbststimmung-oktober-undeloher-strasse-naturschutzgebiet-lueneburger-heide-vnp-stiftung.jpg\" title=\"Autumn atmosphere in October in the nature reserve | Photo: VNP Stiftung Naturschutzpark L\u00fcneburger Heide\" data-caption=\"Autumn atmosphere in October in the nature reserve\" data-envira-item-id=\"4637\" data-envira-retina=\"https:\/\/www.verein-naturschutzpark.de\/wp-content\/uploads\/herbststimmung-oktober-undeloher-strasse-naturschutzgebiet-lueneburger-heide-vnp-stiftung.jpg\" data-thumb=\"https:\/\/www.verein-naturschutzpark.de\/wp-content\/uploads\/herbststimmung-oktober-undeloher-strasse-naturschutzgebiet-lueneburger-heide-vnp-stiftung-75x50_c.jpg\" data-title=\"Autumn atmosphere in October in the nature reserve | Photo: VNP Stiftung Naturschutzpark L&uuml;neburger Heide\" data-envirabox='6442' itemprop=\"contentUrl\"><div class=\"envira-lazy\" style=\"padding-bottom: 75%;\" data-envira-changed=\"false\" data-width=\"640\" data-height=\"480\"><img decoding=\"async\" src=\"https:\/\/www.verein-naturschutzpark.de\/wp-content\/uploads\/herbststimmung-oktober-undeloher-strasse-naturschutzgebiet-lueneburger-heide-vnp-stiftung-640x480_c.jpg\" alt=\"Autumn atmosphere in October in the nature reserve | Photo: VNP Stiftung Naturschutzpark L&uuml;neburger Heide\" class=\"envira-gallery-image envira-gallery-image-7    envira-lazy\" height=\"480\" id=\"envira-gallery-image-4637\" srcset=\"data:image\/gif;base64,R0lGODlhAQABAIAAAP\/\/\/\/\/\/\/yH5BAEKAAEALAAAAAABAAEAAAICTAEAOw==\" tabindex=\"-1\" title=\"Autumn atmosphere in October in the nature reserve | Photo: VNP Stiftung Naturschutzpark L\u00fcneburger Heide\" width=\"640\" data-caption=\"Autumn atmosphere in October in the nature reserve\" data-envira-gallery-id=\"6442\" data-envira-index=\"6\" data-envira-item-id=\"4637\" data-envira-src=\"https:\/\/www.verein-naturschutzpark.de\/wp-content\/uploads\/herbststimmung-oktober-undeloher-strasse-naturschutzgebiet-lueneburger-heide-vnp-stiftung-640x480_c.jpg\" data-envira-srcset=\"https:\/\/www.verein-naturschutzpark.de\/wp-content\/uploads\/herbststimmung-oktober-undeloher-strasse-naturschutzgebiet-lueneburger-heide-vnp-stiftung-640x480_c.jpg 400w, https:\/\/www.verein-naturschutzpark.de\/wp-content\/uploads\/herbststimmung-oktober-undeloher-strasse-naturschutzgebiet-lueneburger-heide-vnp-stiftung-640x480_c.jpg 2x\" data-title=\"Autumn atmosphere in October in the nature reserve | Photo: VNP Stiftung Naturschutzpark L&uuml;neburger Heide\" itemprop=\"thumbnailUrl\"  data-no-lazy=\"1\"  data-envirabox=\"6442\" \/><\/div><\/a><div class=\"envira-gallery-captioned-data envira-gallery-captioned-data-sleek\"><span class='envira-caption envira-gallery-captioned-text caption-4637'>Autumn atmosphere in October in the nature reserve<\/span><\/div><\/div><\/div><div id=\"envira-gallery-item-4645\" class=\"envira-gallery-item envira-gallery-item-8 envira-lazy-load\" style=\"padding-left: 5px; padding-bottom: 10px; padding-right: 5px;\"  itemscope itemtype=\"https:\/\/schema.org\/ImageObject\"><div class=\"envira-gallery-item-inner\"><div class=\"envira-gallery-position-overlay envira-gallery-top-left\"><\/div><div class=\"envira-gallery-position-overlay envira-gallery-top-right\"><\/div><div class=\"envira-gallery-position-overlay envira-gallery-bottom-left\"><\/div><div class=\"envira-gallery-position-overlay envira-gallery-bottom-right\"><\/div><a class=\"envira-gallery-6442 envira-gallery-link\" href=\"https:\/\/www.verein-naturschutzpark.de\/wp-content\/uploads\/rehwildbegegnung-am-herbstmorgen-naturschutzgebiet-lueneburger-heide-vnp-stiftung.jpg\" title=\"Autumn: Roe deer encounter on autumn morning | Photo: VNP Stiftung Naturschutzpark L\u00fcneburger Heide\" data-caption=\"Autumn: Roe deer encounter on autumn morning\" data-envira-item-id=\"4645\" data-envira-retina=\"https:\/\/www.verein-naturschutzpark.de\/wp-content\/uploads\/rehwildbegegnung-am-herbstmorgen-naturschutzgebiet-lueneburger-heide-vnp-stiftung.jpg\" data-thumb=\"https:\/\/www.verein-naturschutzpark.de\/wp-content\/uploads\/rehwildbegegnung-am-herbstmorgen-naturschutzgebiet-lueneburger-heide-vnp-stiftung-75x50_c.jpg\" data-title=\"Autumn: Roe deer encounter on autumn morning | Photo: VNP Stiftung Naturschutzpark L&uuml;neburger Heide\" data-envirabox='6442' itemprop=\"contentUrl\"><div class=\"envira-lazy\" style=\"padding-bottom: 75%;\" data-envira-changed=\"false\" data-width=\"640\" data-height=\"480\"><img decoding=\"async\" src=\"https:\/\/www.verein-naturschutzpark.de\/wp-content\/uploads\/rehwildbegegnung-am-herbstmorgen-naturschutzgebiet-lueneburger-heide-vnp-stiftung-640x480_c.jpg\" alt=\"Autumn: Roe deer encounter on autumn morning | Photo: VNP Stiftung Naturschutzpark L&uuml;neburger Heide\" class=\"envira-gallery-image envira-gallery-image-8    envira-lazy\" height=\"480\" id=\"envira-gallery-image-4645\" srcset=\"data:image\/gif;base64,R0lGODlhAQABAIAAAP\/\/\/\/\/\/\/yH5BAEKAAEALAAAAAABAAEAAAICTAEAOw==\" tabindex=\"-1\" title=\"Autumn: Roe deer encounter on autumn morning | Photo: VNP Stiftung Naturschutzpark L\u00fcneburger Heide\" width=\"640\" data-caption=\"Autumn: Roe deer encounter on autumn morning\" data-envira-gallery-id=\"6442\" data-envira-index=\"7\" data-envira-item-id=\"4645\" data-envira-src=\"https:\/\/www.verein-naturschutzpark.de\/wp-content\/uploads\/rehwildbegegnung-am-herbstmorgen-naturschutzgebiet-lueneburger-heide-vnp-stiftung-640x480_c.jpg\" data-envira-srcset=\"https:\/\/www.verein-naturschutzpark.de\/wp-content\/uploads\/rehwildbegegnung-am-herbstmorgen-naturschutzgebiet-lueneburger-heide-vnp-stiftung-640x480_c.jpg 400w, https:\/\/www.verein-naturschutzpark.de\/wp-content\/uploads\/rehwildbegegnung-am-herbstmorgen-naturschutzgebiet-lueneburger-heide-vnp-stiftung-640x480_c.jpg 2x\" data-title=\"Autumn: Roe deer encounter on autumn morning | Photo: VNP Stiftung Naturschutzpark L&uuml;neburger Heide\" itemprop=\"thumbnailUrl\"  data-no-lazy=\"1\"  data-envirabox=\"6442\" \/><\/div><\/a><div class=\"envira-gallery-captioned-data envira-gallery-captioned-data-sleek\"><span class='envira-caption envira-gallery-captioned-text caption-4645'>Autumn: Roe deer encounter on autumn morning<\/span><\/div><\/div><\/div><div id=\"envira-gallery-item-4643\" class=\"envira-gallery-item envira-gallery-item-9 envira-lazy-load\" style=\"padding-left: 5px; padding-bottom: 10px; padding-right: 5px;\"  itemscope itemtype=\"https:\/\/schema.org\/ImageObject\"><div class=\"envira-gallery-item-inner\"><div class=\"envira-gallery-position-overlay envira-gallery-top-left\"><\/div><div class=\"envira-gallery-position-overlay envira-gallery-top-right\"><\/div><div class=\"envira-gallery-position-overlay envira-gallery-bottom-left\"><\/div><div class=\"envira-gallery-position-overlay envira-gallery-bottom-right\"><\/div><a class=\"envira-gallery-6442 envira-gallery-link\" href=\"https:\/\/www.verein-naturschutzpark.de\/wp-content\/uploads\/raureif-meninger-heide-november-naturschutzgebiet-lueneburger-heide-vnp-stiftung.jpg\" title=\"November: Hoarfrost in the &quot;Meninger Heide&quot; | Photo: VNP Stiftung Naturschutzpark L\u00fcneburger Heide\" data-caption=\"November: Hoarfrost in the &quot;Meninger Heide&quot;\" data-envira-item-id=\"4643\" data-envira-retina=\"https:\/\/www.verein-naturschutzpark.de\/wp-content\/uploads\/raureif-meninger-heide-november-naturschutzgebiet-lueneburger-heide-vnp-stiftung.jpg\" data-thumb=\"https:\/\/www.verein-naturschutzpark.de\/wp-content\/uploads\/raureif-meninger-heide-november-naturschutzgebiet-lueneburger-heide-vnp-stiftung-75x50_c.jpg\" data-title=\"November: Hoarfrost in the &amp;quot;Meninger Heide&amp;quot; | Photo: VNP Stiftung Naturschutzpark L&uuml;neburger Heide\" data-envirabox='6442' itemprop=\"contentUrl\"><div class=\"envira-lazy\" style=\"padding-bottom: 75%;\" data-envira-changed=\"false\" data-width=\"640\" data-height=\"480\"><img decoding=\"async\" src=\"https:\/\/www.verein-naturschutzpark.de\/wp-content\/uploads\/raureif-meninger-heide-november-naturschutzgebiet-lueneburger-heide-vnp-stiftung-640x480_c.jpg\" alt=\"November: Hoarfrost in the &amp;quot;Meninger Heide&amp;quot; | Photo: VNP Stiftung Naturschutzpark L&uuml;neburger Heide\" class=\"envira-gallery-image envira-gallery-image-9    envira-lazy\" height=\"480\" id=\"envira-gallery-image-4643\" srcset=\"data:image\/gif;base64,R0lGODlhAQABAIAAAP\/\/\/\/\/\/\/yH5BAEKAAEALAAAAAABAAEAAAICTAEAOw==\" tabindex=\"-1\" title=\"November: Hoarfrost in the &quot;Meninger Heide&quot; | Photo: VNP Stiftung Naturschutzpark L\u00fcneburger Heide\" width=\"640\" data-caption=\"November: Hoarfrost in the &quot;Meninger Heide&quot;\" data-envira-gallery-id=\"6442\" data-envira-index=\"8\" data-envira-item-id=\"4643\" data-envira-src=\"https:\/\/www.verein-naturschutzpark.de\/wp-content\/uploads\/raureif-meninger-heide-november-naturschutzgebiet-lueneburger-heide-vnp-stiftung-640x480_c.jpg\" data-envira-srcset=\"https:\/\/www.verein-naturschutzpark.de\/wp-content\/uploads\/raureif-meninger-heide-november-naturschutzgebiet-lueneburger-heide-vnp-stiftung-640x480_c.jpg 400w, https:\/\/www.verein-naturschutzpark.de\/wp-content\/uploads\/raureif-meninger-heide-november-naturschutzgebiet-lueneburger-heide-vnp-stiftung-640x480_c.jpg 2x\" data-title=\"November: Hoarfrost in the &amp;quot;Meninger Heide&amp;quot; | Photo: VNP Stiftung Naturschutzpark L&uuml;neburger Heide\" itemprop=\"thumbnailUrl\"  data-no-lazy=\"1\"  data-envirabox=\"6442\" \/><\/div><\/a><div class=\"envira-gallery-captioned-data envira-gallery-captioned-data-sleek\"><span class='envira-caption envira-gallery-captioned-text caption-4643'>November: Hoarfrost in the \"Meninger Heide\"<\/span><\/div><\/div><\/div><div id=\"envira-gallery-item-4641\" class=\"envira-gallery-item envira-gallery-item-10 envira-lazy-load\" style=\"padding-left: 5px; padding-bottom: 10px; padding-right: 5px;\"  itemscope itemtype=\"https:\/\/schema.org\/ImageObject\"><div class=\"envira-gallery-item-inner\"><div class=\"envira-gallery-position-overlay envira-gallery-top-left\"><\/div><div class=\"envira-gallery-position-overlay envira-gallery-top-right\"><\/div><div class=\"envira-gallery-position-overlay envira-gallery-bottom-left\"><\/div><div class=\"envira-gallery-position-overlay envira-gallery-bottom-right\"><\/div><a class=\"envira-gallery-6442 envira-gallery-link\" href=\"https:\/\/www.verein-naturschutzpark.de\/wp-content\/uploads\/november-eichenlaub-mit-raureif-naturschutzgebiet-lueneburger-heide-vnp-stiftung.jpg\" title=\"November: Oak leaves with hoarfrost | Photo: VNP Stiftung Naturschutzpark L\u00fcneburger Heide\" data-caption=\"November: Oak leaves with hoarfrost\" data-envira-item-id=\"4641\" data-envira-retina=\"https:\/\/www.verein-naturschutzpark.de\/wp-content\/uploads\/november-eichenlaub-mit-raureif-naturschutzgebiet-lueneburger-heide-vnp-stiftung.jpg\" data-thumb=\"https:\/\/www.verein-naturschutzpark.de\/wp-content\/uploads\/november-eichenlaub-mit-raureif-naturschutzgebiet-lueneburger-heide-vnp-stiftung-75x50_c.jpg\" data-title=\"November: Oak leaves with hoarfrost | Photo: VNP Stiftung Naturschutzpark L&uuml;neburger Heide\" data-envirabox='6442' itemprop=\"contentUrl\"><div class=\"envira-lazy\" style=\"padding-bottom: 75%;\" data-envira-changed=\"false\" data-width=\"640\" data-height=\"480\"><img decoding=\"async\" src=\"https:\/\/www.verein-naturschutzpark.de\/wp-content\/uploads\/november-eichenlaub-mit-raureif-naturschutzgebiet-lueneburger-heide-vnp-stiftung-640x480_c.jpg\" alt=\"November: Oak leaves with hoarfrost | Photo: VNP Stiftung Naturschutzpark L&uuml;neburger Heide\" class=\"envira-gallery-image envira-gallery-image-10    envira-lazy\" height=\"480\" id=\"envira-gallery-image-4641\" srcset=\"data:image\/gif;base64,R0lGODlhAQABAIAAAP\/\/\/\/\/\/\/yH5BAEKAAEALAAAAAABAAEAAAICTAEAOw==\" tabindex=\"-1\" title=\"November: Oak leaves with hoarfrost | Photo: VNP Stiftung Naturschutzpark L\u00fcneburger Heide\" width=\"640\" data-caption=\"November: Oak leaves with hoarfrost\" data-envira-gallery-id=\"6442\" data-envira-index=\"9\" data-envira-item-id=\"4641\" data-envira-src=\"https:\/\/www.verein-naturschutzpark.de\/wp-content\/uploads\/november-eichenlaub-mit-raureif-naturschutzgebiet-lueneburger-heide-vnp-stiftung-640x480_c.jpg\" data-envira-srcset=\"https:\/\/www.verein-naturschutzpark.de\/wp-content\/uploads\/november-eichenlaub-mit-raureif-naturschutzgebiet-lueneburger-heide-vnp-stiftung-640x480_c.jpg 400w, https:\/\/www.verein-naturschutzpark.de\/wp-content\/uploads\/november-eichenlaub-mit-raureif-naturschutzgebiet-lueneburger-heide-vnp-stiftung-640x480_c.jpg 2x\" data-title=\"November: Oak leaves with hoarfrost | Photo: VNP Stiftung Naturschutzpark L&uuml;neburger Heide\" itemprop=\"thumbnailUrl\"  data-no-lazy=\"1\"  data-envirabox=\"6442\" \/><\/div><\/a><div class=\"envira-gallery-captioned-data envira-gallery-captioned-data-sleek\"><span class='envira-caption envira-gallery-captioned-text caption-4641'>November: Oak leaves with hoarfrost<\/span><\/div><\/div><\/div><div id=\"envira-gallery-item-4665\" class=\"envira-gallery-item envira-gallery-item-11 envira-lazy-load\" style=\"padding-left: 5px; padding-bottom: 10px; padding-right: 5px;\"  itemscope itemtype=\"https:\/\/schema.org\/ImageObject\"><div class=\"envira-gallery-item-inner\"><div class=\"envira-gallery-position-overlay envira-gallery-top-left\"><\/div><div class=\"envira-gallery-position-overlay envira-gallery-top-right\"><\/div><div class=\"envira-gallery-position-overlay envira-gallery-bottom-left\"><\/div><div class=\"envira-gallery-position-overlay envira-gallery-bottom-right\"><\/div><a class=\"envira-gallery-6442 envira-gallery-link\" href=\"https:\/\/www.verein-naturschutzpark.de\/wp-content\/uploads\/winterliche-heidelandschaft-mit-raureif-naturschutzgebiet-lueneburger-heide-vnp-stiftung.jpg\" title=\"Winter heath landscape with hoarfrost | Photo: VNP Stiftung Naturschutzpark L\u00fcneburger Heide\" data-caption=\"Winter heath landscape with hoarfrost\" data-envira-item-id=\"4665\" data-envira-retina=\"https:\/\/www.verein-naturschutzpark.de\/wp-content\/uploads\/winterliche-heidelandschaft-mit-raureif-naturschutzgebiet-lueneburger-heide-vnp-stiftung.jpg\" data-thumb=\"https:\/\/www.verein-naturschutzpark.de\/wp-content\/uploads\/winterliche-heidelandschaft-mit-raureif-naturschutzgebiet-lueneburger-heide-vnp-stiftung-75x50_c.jpg\" data-title=\"Winter heath landscape with hoarfrost | Photo: VNP Stiftung Naturschutzpark L&uuml;neburger Heide\" data-envirabox='6442' itemprop=\"contentUrl\"><div class=\"envira-lazy\" style=\"padding-bottom: 75%;\" data-envira-changed=\"false\" data-width=\"640\" data-height=\"480\"><img decoding=\"async\" src=\"https:\/\/www.verein-naturschutzpark.de\/wp-content\/uploads\/winterliche-heidelandschaft-mit-raureif-naturschutzgebiet-lueneburger-heide-vnp-stiftung-640x480_c.jpg\" alt=\"Winter heath landscape with hoarfrost | Photo: VNP Stiftung Naturschutzpark L&uuml;neburger Heide\" class=\"envira-gallery-image envira-gallery-image-11    envira-lazy\" height=\"480\" id=\"envira-gallery-image-4665\" srcset=\"data:image\/gif;base64,R0lGODlhAQABAIAAAP\/\/\/\/\/\/\/yH5BAEKAAEALAAAAAABAAEAAAICTAEAOw==\" tabindex=\"-1\" title=\"Winter heath landscape with hoarfrost | Photo: VNP Stiftung Naturschutzpark L\u00fcneburger Heide\" width=\"640\" data-caption=\"Winter heath landscape with hoarfrost\" data-envira-gallery-id=\"6442\" data-envira-index=\"10\" data-envira-item-id=\"4665\" data-envira-src=\"https:\/\/www.verein-naturschutzpark.de\/wp-content\/uploads\/winterliche-heidelandschaft-mit-raureif-naturschutzgebiet-lueneburger-heide-vnp-stiftung-640x480_c.jpg\" data-envira-srcset=\"https:\/\/www.verein-naturschutzpark.de\/wp-content\/uploads\/winterliche-heidelandschaft-mit-raureif-naturschutzgebiet-lueneburger-heide-vnp-stiftung-640x480_c.jpg 400w, https:\/\/www.verein-naturschutzpark.de\/wp-content\/uploads\/winterliche-heidelandschaft-mit-raureif-naturschutzgebiet-lueneburger-heide-vnp-stiftung-640x480_c.jpg 2x\" data-title=\"Winter heath landscape with hoarfrost | Photo: VNP Stiftung Naturschutzpark L&uuml;neburger Heide\" itemprop=\"thumbnailUrl\"  data-no-lazy=\"1\"  data-envirabox=\"6442\" \/><\/div><\/a><div class=\"envira-gallery-captioned-data envira-gallery-captioned-data-sleek\"><span class='envira-caption envira-gallery-captioned-text caption-4665'>Winter heath landscape with hoarfrost<\/span><\/div><\/div><\/div><div id=\"envira-gallery-item-4663\" class=\"envira-gallery-item envira-gallery-item-12 envira-lazy-load\" style=\"padding-left: 5px; padding-bottom: 10px; padding-right: 5px;\"  itemscope itemtype=\"https:\/\/schema.org\/ImageObject\"><div class=\"envira-gallery-item-inner\"><div class=\"envira-gallery-position-overlay envira-gallery-top-left\"><\/div><div class=\"envira-gallery-position-overlay envira-gallery-top-right\"><\/div><div class=\"envira-gallery-position-overlay envira-gallery-bottom-left\"><\/div><div class=\"envira-gallery-position-overlay envira-gallery-bottom-right\"><\/div><a class=\"envira-gallery-6442 envira-gallery-link\" href=\"https:\/\/www.verein-naturschutzpark.de\/wp-content\/uploads\/winterlandschaft-mit-schnee-naturschutzgebiet-lueneburger-heide-vnp-stiftung.jpg\" title=\"Winter landscape with snow | Photo: VNP Stiftung Naturschutzpark L\u00fcneburger Heide\" data-caption=\"Winter landscape with snow\" data-envira-item-id=\"4663\" data-envira-retina=\"https:\/\/www.verein-naturschutzpark.de\/wp-content\/uploads\/winterlandschaft-mit-schnee-naturschutzgebiet-lueneburger-heide-vnp-stiftung.jpg\" data-thumb=\"https:\/\/www.verein-naturschutzpark.de\/wp-content\/uploads\/winterlandschaft-mit-schnee-naturschutzgebiet-lueneburger-heide-vnp-stiftung-75x50_c.jpg\" data-title=\"Winter landscape with snow | Photo: VNP Stiftung Naturschutzpark L&uuml;neburger Heide\" data-envirabox='6442' itemprop=\"contentUrl\"><div class=\"envira-lazy\" style=\"padding-bottom: 75%;\" data-envira-changed=\"false\" data-width=\"640\" data-height=\"480\"><img decoding=\"async\" src=\"https:\/\/www.verein-naturschutzpark.de\/wp-content\/uploads\/winterlandschaft-mit-schnee-naturschutzgebiet-lueneburger-heide-vnp-stiftung-640x480_c.jpg\" alt=\"Winter landscape with snow | Photo: VNP Stiftung Naturschutzpark L&uuml;neburger Heide\" class=\"envira-gallery-image envira-gallery-image-12    envira-lazy\" height=\"480\" id=\"envira-gallery-image-4663\" srcset=\"data:image\/gif;base64,R0lGODlhAQABAIAAAP\/\/\/\/\/\/\/yH5BAEKAAEALAAAAAABAAEAAAICTAEAOw==\" tabindex=\"-1\" title=\"Winter landscape with snow | Photo: VNP Stiftung Naturschutzpark L\u00fcneburger Heide\" width=\"640\" data-caption=\"Winter landscape with snow\" data-envira-gallery-id=\"6442\" data-envira-index=\"11\" data-envira-item-id=\"4663\" data-envira-src=\"https:\/\/www.verein-naturschutzpark.de\/wp-content\/uploads\/winterlandschaft-mit-schnee-naturschutzgebiet-lueneburger-heide-vnp-stiftung-640x480_c.jpg\" data-envira-srcset=\"https:\/\/www.verein-naturschutzpark.de\/wp-content\/uploads\/winterlandschaft-mit-schnee-naturschutzgebiet-lueneburger-heide-vnp-stiftung-640x480_c.jpg 400w, https:\/\/www.verein-naturschutzpark.de\/wp-content\/uploads\/winterlandschaft-mit-schnee-naturschutzgebiet-lueneburger-heide-vnp-stiftung-640x480_c.jpg 2x\" data-title=\"Winter landscape with snow | Photo: VNP Stiftung Naturschutzpark L&uuml;neburger Heide\" itemprop=\"thumbnailUrl\"  data-no-lazy=\"1\"  data-envirabox=\"6442\" \/><\/div><\/a><div class=\"envira-gallery-captioned-data envira-gallery-captioned-data-sleek\"><span class='envira-caption envira-gallery-captioned-text caption-4663'>Winter landscape with snow<\/span><\/div><\/div><\/div><div id=\"envira-gallery-item-4639\" class=\"envira-gallery-item envira-gallery-item-13 envira-lazy-load\" style=\"padding-left: 5px; padding-bottom: 10px; padding-right: 5px;\"  itemscope itemtype=\"https:\/\/schema.org\/ImageObject\"><div class=\"envira-gallery-item-inner\"><div class=\"envira-gallery-position-overlay envira-gallery-top-left\"><\/div><div class=\"envira-gallery-position-overlay envira-gallery-top-right\"><\/div><div class=\"envira-gallery-position-overlay envira-gallery-bottom-left\"><\/div><div class=\"envira-gallery-position-overlay envira-gallery-bottom-right\"><\/div><a class=\"envira-gallery-6442 envira-gallery-link\" href=\"https:\/\/www.verein-naturschutzpark.de\/wp-content\/uploads\/kahle-baeume-mit-raureif-naturschutzgebiet-lueneburger-heide-vnp-stiftung.jpg\" title=\"Winter: Bare trees with hoarfrost in the nature reserve | Photo: VNP Stiftung Naturschutzpark L\u00fcneburger Heide\" data-caption=\"Winter: Bare trees with hoarfrost in the nature reserve\" data-envira-item-id=\"4639\" data-envira-retina=\"https:\/\/www.verein-naturschutzpark.de\/wp-content\/uploads\/kahle-baeume-mit-raureif-naturschutzgebiet-lueneburger-heide-vnp-stiftung.jpg\" data-thumb=\"https:\/\/www.verein-naturschutzpark.de\/wp-content\/uploads\/kahle-baeume-mit-raureif-naturschutzgebiet-lueneburger-heide-vnp-stiftung-75x50_c.jpg\" data-title=\"Winter: Bare trees with hoarfrost in the nature reserve | Photo: VNP Stiftung Naturschutzpark L&uuml;neburger Heide\" data-envirabox='6442' itemprop=\"contentUrl\"><div class=\"envira-lazy\" style=\"padding-bottom: 75%;\" data-envira-changed=\"false\" data-width=\"640\" data-height=\"480\"><img decoding=\"async\" src=\"https:\/\/www.verein-naturschutzpark.de\/wp-content\/uploads\/kahle-baeume-mit-raureif-naturschutzgebiet-lueneburger-heide-vnp-stiftung-640x480_c.jpg\" alt=\"Winter: Bare trees with hoarfrost in the nature reserve | Photo: VNP Stiftung Naturschutzpark L&uuml;neburger Heide\" class=\"envira-gallery-image envira-gallery-image-13    envira-lazy\" height=\"480\" id=\"envira-gallery-image-4639\" srcset=\"data:image\/gif;base64,R0lGODlhAQABAIAAAP\/\/\/\/\/\/\/yH5BAEKAAEALAAAAAABAAEAAAICTAEAOw==\" tabindex=\"-1\" title=\"Winter: Bare trees with hoarfrost in the nature reserve | Photo: VNP Stiftung Naturschutzpark L\u00fcneburger Heide\" width=\"640\" data-caption=\"Winter: Bare trees with hoarfrost in the nature reserve\" data-envira-gallery-id=\"6442\" data-envira-index=\"12\" data-envira-item-id=\"4639\" data-envira-src=\"https:\/\/www.verein-naturschutzpark.de\/wp-content\/uploads\/kahle-baeume-mit-raureif-naturschutzgebiet-lueneburger-heide-vnp-stiftung-640x480_c.jpg\" data-envira-srcset=\"https:\/\/www.verein-naturschutzpark.de\/wp-content\/uploads\/kahle-baeume-mit-raureif-naturschutzgebiet-lueneburger-heide-vnp-stiftung-640x480_c.jpg 400w, https:\/\/www.verein-naturschutzpark.de\/wp-content\/uploads\/kahle-baeume-mit-raureif-naturschutzgebiet-lueneburger-heide-vnp-stiftung-640x480_c.jpg 2x\" data-title=\"Winter: Bare trees with hoarfrost in the nature reserve | Photo: VNP Stiftung Naturschutzpark L&uuml;neburger Heide\" itemprop=\"thumbnailUrl\"  data-no-lazy=\"1\"  data-envirabox=\"6442\" \/><\/div><\/a><div class=\"envira-gallery-captioned-data envira-gallery-captioned-data-sleek\"><span class='envira-caption envira-gallery-captioned-text caption-4639'>Winter: Bare trees with hoarfrost in the nature reserve<\/span><\/div><\/div><\/div><div id=\"envira-gallery-item-4661\" class=\"envira-gallery-item envira-gallery-item-14 envira-lazy-load\" style=\"padding-left: 5px; padding-bottom: 10px; padding-right: 5px;\"  itemscope itemtype=\"https:\/\/schema.org\/ImageObject\"><div class=\"envira-gallery-item-inner\"><div class=\"envira-gallery-position-overlay envira-gallery-top-left\"><\/div><div class=\"envira-gallery-position-overlay envira-gallery-top-right\"><\/div><div class=\"envira-gallery-position-overlay envira-gallery-bottom-left\"><\/div><div class=\"envira-gallery-position-overlay envira-gallery-bottom-right\"><\/div><a class=\"envira-gallery-6442 envira-gallery-link\" href=\"https:\/\/www.verein-naturschutzpark.de\/wp-content\/uploads\/winterlandschaft-mit-raureif-naturschutzgebiet-lueneburger-heide-vnp-stiftung.jpg\" title=\"Winter landscape with hoarfrost | Photo: VNP Stiftung Naturschutzpark L\u00fcneburger Heide\" data-caption=\"Winter landscape with hoarfrost\" data-envira-item-id=\"4661\" data-envira-retina=\"https:\/\/www.verein-naturschutzpark.de\/wp-content\/uploads\/winterlandschaft-mit-raureif-naturschutzgebiet-lueneburger-heide-vnp-stiftung.jpg\" data-thumb=\"https:\/\/www.verein-naturschutzpark.de\/wp-content\/uploads\/winterlandschaft-mit-raureif-naturschutzgebiet-lueneburger-heide-vnp-stiftung-75x50_c.jpg\" data-title=\"Winter landscape with hoarfrost | Photo: VNP Stiftung Naturschutzpark L&uuml;neburger Heide\" data-envirabox='6442' itemprop=\"contentUrl\"><div class=\"envira-lazy\" style=\"padding-bottom: 75%;\" data-envira-changed=\"false\" data-width=\"640\" data-height=\"480\"><img decoding=\"async\" src=\"https:\/\/www.verein-naturschutzpark.de\/wp-content\/uploads\/winterlandschaft-mit-raureif-naturschutzgebiet-lueneburger-heide-vnp-stiftung-640x480_c.jpg\" alt=\"Winter landscape with hoarfrost | Photo: VNP Stiftung Naturschutzpark L&uuml;neburger Heide\" class=\"envira-gallery-image envira-gallery-image-14    envira-lazy\" height=\"480\" id=\"envira-gallery-image-4661\" srcset=\"data:image\/gif;base64,R0lGODlhAQABAIAAAP\/\/\/\/\/\/\/yH5BAEKAAEALAAAAAABAAEAAAICTAEAOw==\" tabindex=\"-1\" title=\"Winter landscape with hoarfrost | Photo: VNP Stiftung Naturschutzpark L\u00fcneburger Heide\" width=\"640\" data-caption=\"Winter landscape with hoarfrost\" data-envira-gallery-id=\"6442\" data-envira-index=\"13\" data-envira-item-id=\"4661\" data-envira-src=\"https:\/\/www.verein-naturschutzpark.de\/wp-content\/uploads\/winterlandschaft-mit-raureif-naturschutzgebiet-lueneburger-heide-vnp-stiftung-640x480_c.jpg\" data-envira-srcset=\"https:\/\/www.verein-naturschutzpark.de\/wp-content\/uploads\/winterlandschaft-mit-raureif-naturschutzgebiet-lueneburger-heide-vnp-stiftung-640x480_c.jpg 400w, https:\/\/www.verein-naturschutzpark.de\/wp-content\/uploads\/winterlandschaft-mit-raureif-naturschutzgebiet-lueneburger-heide-vnp-stiftung-640x480_c.jpg 2x\" data-title=\"Winter landscape with hoarfrost | Photo: VNP Stiftung Naturschutzpark L&uuml;neburger Heide\" itemprop=\"thumbnailUrl\"  data-no-lazy=\"1\"  data-envirabox=\"6442\" \/><\/div><\/a><div class=\"envira-gallery-captioned-data envira-gallery-captioned-data-sleek\"><span class='envira-caption envira-gallery-captioned-text caption-4661'>Winter landscape with hoarfrost<\/span><\/div><\/div><\/div><div id=\"envira-gallery-item-4659\" class=\"envira-gallery-item envira-gallery-item-15 envira-lazy-load\" style=\"padding-left: 5px; padding-bottom: 10px; padding-right: 5px;\"  itemscope itemtype=\"https:\/\/schema.org\/ImageObject\"><div class=\"envira-gallery-item-inner\"><div class=\"envira-gallery-position-overlay envira-gallery-top-left\"><\/div><div class=\"envira-gallery-position-overlay envira-gallery-top-right\"><\/div><div class=\"envira-gallery-position-overlay envira-gallery-bottom-left\"><\/div><div class=\"envira-gallery-position-overlay envira-gallery-bottom-right\"><\/div><a class=\"envira-gallery-6442 envira-gallery-link\" href=\"https:\/\/www.verein-naturschutzpark.de\/wp-content\/uploads\/winter-heidschnucken-naturschutzgebiet-lueneburger-heide-vnp-stiftung.jpg\" title=\"Winter: Heidschnucken in the snow | Photo: VNP Stiftung Naturschutzpark L\u00fcneburger Heide\" data-caption=\"Winter: Heidschnucken in the snow\" data-envira-item-id=\"4659\" data-envira-retina=\"https:\/\/www.verein-naturschutzpark.de\/wp-content\/uploads\/winter-heidschnucken-naturschutzgebiet-lueneburger-heide-vnp-stiftung.jpg\" data-thumb=\"https:\/\/www.verein-naturschutzpark.de\/wp-content\/uploads\/winter-heidschnucken-naturschutzgebiet-lueneburger-heide-vnp-stiftung-75x50_c.jpg\" data-title=\"Winter: Heidschnucken in the snow | Photo: VNP Stiftung Naturschutzpark L&uuml;neburger Heide\" data-envirabox='6442' itemprop=\"contentUrl\"><div class=\"envira-lazy\" style=\"padding-bottom: 75%;\" data-envira-changed=\"false\" data-width=\"640\" data-height=\"480\"><img decoding=\"async\" src=\"https:\/\/www.verein-naturschutzpark.de\/wp-content\/uploads\/winter-heidschnucken-naturschutzgebiet-lueneburger-heide-vnp-stiftung-640x480_c.jpg\" alt=\"Winter: Heidschnucken in the snow | Photo: VNP Stiftung Naturschutzpark L&uuml;neburger Heide\" class=\"envira-gallery-image envira-gallery-image-15    envira-lazy\" height=\"480\" id=\"envira-gallery-image-4659\" srcset=\"data:image\/gif;base64,R0lGODlhAQABAIAAAP\/\/\/\/\/\/\/yH5BAEKAAEALAAAAAABAAEAAAICTAEAOw==\" tabindex=\"-1\" title=\"Winter: Heidschnucken in the snow | Photo: VNP Stiftung Naturschutzpark L\u00fcneburger Heide\" width=\"640\" data-caption=\"Winter: Heidschnucken in the snow\" data-envira-gallery-id=\"6442\" data-envira-index=\"14\" data-envira-item-id=\"4659\" data-envira-src=\"https:\/\/www.verein-naturschutzpark.de\/wp-content\/uploads\/winter-heidschnucken-naturschutzgebiet-lueneburger-heide-vnp-stiftung-640x480_c.jpg\" data-envira-srcset=\"https:\/\/www.verein-naturschutzpark.de\/wp-content\/uploads\/winter-heidschnucken-naturschutzgebiet-lueneburger-heide-vnp-stiftung-640x480_c.jpg 400w, https:\/\/www.verein-naturschutzpark.de\/wp-content\/uploads\/winter-heidschnucken-naturschutzgebiet-lueneburger-heide-vnp-stiftung-640x480_c.jpg 2x\" data-title=\"Winter: Heidschnucken in the snow | Photo: VNP Stiftung Naturschutzpark L&uuml;neburger Heide\" itemprop=\"thumbnailUrl\"  data-no-lazy=\"1\"  data-envirabox=\"6442\" \/><\/div><\/a><div class=\"envira-gallery-captioned-data envira-gallery-captioned-data-sleek\"><span class='envira-caption envira-gallery-captioned-text caption-4659'>Winter: Heidschnucken in the snow<\/span><\/div><\/div><\/div><div id=\"envira-gallery-item-4655\" class=\"envira-gallery-item envira-gallery-item-16 envira-lazy-load\" style=\"padding-left: 5px; padding-bottom: 10px; padding-right: 5px;\"  itemscope itemtype=\"https:\/\/schema.org\/ImageObject\"><div class=\"envira-gallery-item-inner\"><div class=\"envira-gallery-position-overlay envira-gallery-top-left\"><\/div><div class=\"envira-gallery-position-overlay envira-gallery-top-right\"><\/div><div class=\"envira-gallery-position-overlay envira-gallery-bottom-left\"><\/div><div class=\"envira-gallery-position-overlay envira-gallery-bottom-right\"><\/div><a class=\"envira-gallery-6442 envira-gallery-link\" href=\"https:\/\/www.verein-naturschutzpark.de\/wp-content\/uploads\/winter-haselkaetzchen-mit-raureif-naturschutzgebiet-lueneburger-heide-vnp-stiftung.jpg\" title=\"Winter: Hazel catkins with hoarfrost | Photo: VNP Stiftung Naturschutzpark L\u00fcneburger Heide\" data-caption=\"Winter: Hazel catkins with hoarfrost\" data-envira-item-id=\"4655\" data-envira-retina=\"https:\/\/www.verein-naturschutzpark.de\/wp-content\/uploads\/winter-haselkaetzchen-mit-raureif-naturschutzgebiet-lueneburger-heide-vnp-stiftung.jpg\" data-thumb=\"https:\/\/www.verein-naturschutzpark.de\/wp-content\/uploads\/winter-haselkaetzchen-mit-raureif-naturschutzgebiet-lueneburger-heide-vnp-stiftung-75x50_c.jpg\" data-title=\"Winter: Hazel catkins with hoarfrost | Photo: VNP Stiftung Naturschutzpark L&uuml;neburger Heide\" data-envirabox='6442' itemprop=\"contentUrl\"><div class=\"envira-lazy\" style=\"padding-bottom: 75%;\" data-envira-changed=\"false\" data-width=\"640\" data-height=\"480\"><img decoding=\"async\" src=\"https:\/\/www.verein-naturschutzpark.de\/wp-content\/uploads\/winter-haselkaetzchen-mit-raureif-naturschutzgebiet-lueneburger-heide-vnp-stiftung-640x480_c.jpg\" alt=\"Winter: Hazel catkins with hoarfrost | Photo: VNP Stiftung Naturschutzpark L&uuml;neburger Heide\" class=\"envira-gallery-image envira-gallery-image-16    envira-lazy\" height=\"480\" id=\"envira-gallery-image-4655\" srcset=\"data:image\/gif;base64,R0lGODlhAQABAIAAAP\/\/\/\/\/\/\/yH5BAEKAAEALAAAAAABAAEAAAICTAEAOw==\" tabindex=\"-1\" title=\"Winter: Hazel catkins with hoarfrost | Photo: VNP Stiftung Naturschutzpark L\u00fcneburger Heide\" width=\"640\" data-caption=\"Winter: Hazel catkins with hoarfrost\" data-envira-gallery-id=\"6442\" data-envira-index=\"15\" data-envira-item-id=\"4655\" data-envira-src=\"https:\/\/www.verein-naturschutzpark.de\/wp-content\/uploads\/winter-haselkaetzchen-mit-raureif-naturschutzgebiet-lueneburger-heide-vnp-stiftung-640x480_c.jpg\" data-envira-srcset=\"https:\/\/www.verein-naturschutzpark.de\/wp-content\/uploads\/winter-haselkaetzchen-mit-raureif-naturschutzgebiet-lueneburger-heide-vnp-stiftung-640x480_c.jpg 400w, https:\/\/www.verein-naturschutzpark.de\/wp-content\/uploads\/winter-haselkaetzchen-mit-raureif-naturschutzgebiet-lueneburger-heide-vnp-stiftung-640x480_c.jpg 2x\" data-title=\"Winter: Hazel catkins with hoarfrost | Photo: VNP Stiftung Naturschutzpark L&uuml;neburger Heide\" itemprop=\"thumbnailUrl\"  data-no-lazy=\"1\"  data-envirabox=\"6442\" \/><\/div><\/a><div class=\"envira-gallery-captioned-data envira-gallery-captioned-data-sleek\"><span class='envira-caption envira-gallery-captioned-text caption-4655'>Winter: Hazel catkins with hoarfrost<\/span><\/div><\/div><\/div><div id=\"envira-gallery-item-4651\" class=\"envira-gallery-item envira-gallery-item-17 envira-lazy-load\" style=\"padding-left: 5px; padding-bottom: 10px; padding-right: 5px;\"  itemscope itemtype=\"https:\/\/schema.org\/ImageObject\"><div class=\"envira-gallery-item-inner\"><div class=\"envira-gallery-position-overlay envira-gallery-top-left\"><\/div><div class=\"envira-gallery-position-overlay envira-gallery-top-right\"><\/div><div class=\"envira-gallery-position-overlay envira-gallery-bottom-left\"><\/div><div class=\"envira-gallery-position-overlay envira-gallery-bottom-right\"><\/div><a class=\"envira-gallery-6442 envira-gallery-link\" href=\"https:\/\/www.verein-naturschutzpark.de\/wp-content\/uploads\/winter-detail-wacholder-im-schnee-naturschutzgebiet-lueneburger-heide-vnp-stiftung.jpg\" title=\"Winter: Detail Juniper in the snow | Photo: VNP Stiftung Naturschutzpark L\u00fcneburger Heide\" data-caption=\"Winter: Detail juniper in the snow\" data-envira-item-id=\"4651\" data-envira-retina=\"https:\/\/www.verein-naturschutzpark.de\/wp-content\/uploads\/winter-detail-wacholder-im-schnee-naturschutzgebiet-lueneburger-heide-vnp-stiftung.jpg\" data-thumb=\"https:\/\/www.verein-naturschutzpark.de\/wp-content\/uploads\/winter-detail-wacholder-im-schnee-naturschutzgebiet-lueneburger-heide-vnp-stiftung-75x50_c.jpg\" data-title=\"Winter: Detail Juniper in the snow | Photo: VNP Stiftung Naturschutzpark L&uuml;neburger Heide\" data-envirabox='6442' itemprop=\"contentUrl\"><div class=\"envira-lazy\" style=\"padding-bottom: 75%;\" data-envira-changed=\"false\" data-width=\"640\" data-height=\"480\"><img decoding=\"async\" src=\"https:\/\/www.verein-naturschutzpark.de\/wp-content\/uploads\/winter-detail-wacholder-im-schnee-naturschutzgebiet-lueneburger-heide-vnp-stiftung-640x480_c.jpg\" alt=\"Winter: Detail Juniper in the snow | Photo: VNP Stiftung Naturschutzpark L&uuml;neburger Heide\" class=\"envira-gallery-image envira-gallery-image-17    envira-lazy\" height=\"480\" id=\"envira-gallery-image-4651\" srcset=\"data:image\/gif;base64,R0lGODlhAQABAIAAAP\/\/\/\/\/\/\/yH5BAEKAAEALAAAAAABAAEAAAICTAEAOw==\" tabindex=\"-1\" title=\"Winter: Detail Juniper in the snow | Photo: VNP Stiftung Naturschutzpark L\u00fcneburger Heide\" width=\"640\" data-caption=\"Winter: Detail juniper in the snow\" data-envira-gallery-id=\"6442\" data-envira-index=\"16\" data-envira-item-id=\"4651\" data-envira-src=\"https:\/\/www.verein-naturschutzpark.de\/wp-content\/uploads\/winter-detail-wacholder-im-schnee-naturschutzgebiet-lueneburger-heide-vnp-stiftung-640x480_c.jpg\" data-envira-srcset=\"https:\/\/www.verein-naturschutzpark.de\/wp-content\/uploads\/winter-detail-wacholder-im-schnee-naturschutzgebiet-lueneburger-heide-vnp-stiftung-640x480_c.jpg 400w, https:\/\/www.verein-naturschutzpark.de\/wp-content\/uploads\/winter-detail-wacholder-im-schnee-naturschutzgebiet-lueneburger-heide-vnp-stiftung-640x480_c.jpg 2x\" data-title=\"Winter: Detail Juniper in the snow | Photo: VNP Stiftung Naturschutzpark L&uuml;neburger Heide\" itemprop=\"thumbnailUrl\"  data-no-lazy=\"1\"  data-envirabox=\"6442\" \/><\/div><\/a><div class=\"envira-gallery-captioned-data envira-gallery-captioned-data-sleek\"><span class='envira-caption envira-gallery-captioned-text caption-4651'>Winter: Detail juniper in the snow<\/span><\/div><\/div><\/div><div id=\"envira-gallery-item-4669\" class=\"envira-gallery-item envira-gallery-item-18 envira-lazy-load\" style=\"padding-left: 5px; padding-bottom: 10px; padding-right: 5px;\"  itemscope itemtype=\"https:\/\/schema.org\/ImageObject\"><div class=\"envira-gallery-item-inner\"><div class=\"envira-gallery-position-overlay envira-gallery-top-left\"><\/div><div class=\"envira-gallery-position-overlay envira-gallery-top-right\"><\/div><div class=\"envira-gallery-position-overlay envira-gallery-bottom-left\"><\/div><div class=\"envira-gallery-position-overlay envira-gallery-bottom-right\"><\/div><a class=\"envira-gallery-6442 envira-gallery-link\" href=\"https:\/\/www.verein-naturschutzpark.de\/wp-content\/uploads\/winter-wacholder-mit-raureif-im-gegenlicht-naturschutzgebiet-lueneburger-heide-vnp-stiftung.jpg\" title=\"Winter: Juniper with hoarfrost in backlight | Photo: VNP Stiftung Naturschutzpark L\u00fcneburger Heide\" data-caption=\"Winter: Juniper with hoarfrost in backlight\" data-envira-item-id=\"4669\" data-envira-retina=\"https:\/\/www.verein-naturschutzpark.de\/wp-content\/uploads\/winter-wacholder-mit-raureif-im-gegenlicht-naturschutzgebiet-lueneburger-heide-vnp-stiftung.jpg\" data-thumb=\"https:\/\/www.verein-naturschutzpark.de\/wp-content\/uploads\/winter-wacholder-mit-raureif-im-gegenlicht-naturschutzgebiet-lueneburger-heide-vnp-stiftung-75x50_c.jpg\" data-title=\"Winter: Juniper with hoarfrost in backlight | Photo: VNP Stiftung Naturschutzpark L&uuml;neburger Heide\" data-envirabox='6442' itemprop=\"contentUrl\"><div class=\"envira-lazy\" style=\"padding-bottom: 75%;\" data-envira-changed=\"false\" data-width=\"640\" data-height=\"480\"><img decoding=\"async\" src=\"https:\/\/www.verein-naturschutzpark.de\/wp-content\/uploads\/winter-wacholder-mit-raureif-im-gegenlicht-naturschutzgebiet-lueneburger-heide-vnp-stiftung-640x480_c.jpg\" alt=\"Winter: Juniper with hoarfrost in backlight | Photo: VNP Stiftung Naturschutzpark L&uuml;neburger Heide\" class=\"envira-gallery-image envira-gallery-image-18    envira-lazy\" height=\"480\" id=\"envira-gallery-image-4669\" srcset=\"data:image\/gif;base64,R0lGODlhAQABAIAAAP\/\/\/\/\/\/\/yH5BAEKAAEALAAAAAABAAEAAAICTAEAOw==\" tabindex=\"-1\" title=\"Winter: Juniper with hoarfrost in backlight | Photo: VNP Stiftung Naturschutzpark L\u00fcneburger Heide\" width=\"640\" data-caption=\"Winter: Juniper with hoarfrost in backlight\" data-envira-gallery-id=\"6442\" data-envira-index=\"17\" data-envira-item-id=\"4669\" data-envira-src=\"https:\/\/www.verein-naturschutzpark.de\/wp-content\/uploads\/winter-wacholder-mit-raureif-im-gegenlicht-naturschutzgebiet-lueneburger-heide-vnp-stiftung-640x480_c.jpg\" data-envira-srcset=\"https:\/\/www.verein-naturschutzpark.de\/wp-content\/uploads\/winter-wacholder-mit-raureif-im-gegenlicht-naturschutzgebiet-lueneburger-heide-vnp-stiftung-640x480_c.jpg 400w, https:\/\/www.verein-naturschutzpark.de\/wp-content\/uploads\/winter-wacholder-mit-raureif-im-gegenlicht-naturschutzgebiet-lueneburger-heide-vnp-stiftung-640x480_c.jpg 2x\" data-title=\"Winter: Juniper with hoarfrost in backlight | Photo: VNP Stiftung Naturschutzpark L&uuml;neburger Heide\" itemprop=\"thumbnailUrl\"  data-no-lazy=\"1\"  data-envirabox=\"6442\" \/><\/div><\/a><div class=\"envira-gallery-captioned-data envira-gallery-captioned-data-sleek\"><span class='envira-caption envira-gallery-captioned-text caption-4669'>Winter: Juniper with hoarfrost in backlight<\/span><\/div><\/div><\/div><div id=\"envira-gallery-item-4625\" class=\"envira-gallery-item envira-gallery-item-19 envira-lazy-load\" style=\"padding-left: 5px; padding-bottom: 10px; padding-right: 5px;\"  itemscope itemtype=\"https:\/\/schema.org\/ImageObject\"><div class=\"envira-gallery-item-inner\"><div class=\"envira-gallery-position-overlay envira-gallery-top-left\"><\/div><div class=\"envira-gallery-position-overlay envira-gallery-top-right\"><\/div><div class=\"envira-gallery-position-overlay envira-gallery-bottom-left\"><\/div><div class=\"envira-gallery-position-overlay envira-gallery-bottom-right\"><\/div><a class=\"envira-gallery-6442 envira-gallery-link\" href=\"https:\/\/www.verein-naturschutzpark.de\/wp-content\/uploads\/eiszapfen-am-reetdach-winter-naturschutzgebiet-lueneburger-heide-vnp-stiftung.jpg\" title=\"Winter: Icicles on thatched roof | Photo: VNP Stiftung Naturschutzpark L\u00fcneburger Heide\" data-caption=\"Winter: Icicles on thatched roof\" data-envira-item-id=\"4625\" data-envira-retina=\"https:\/\/www.verein-naturschutzpark.de\/wp-content\/uploads\/eiszapfen-am-reetdach-winter-naturschutzgebiet-lueneburger-heide-vnp-stiftung.jpg\" data-thumb=\"https:\/\/www.verein-naturschutzpark.de\/wp-content\/uploads\/eiszapfen-am-reetdach-winter-naturschutzgebiet-lueneburger-heide-vnp-stiftung-75x50_c.jpg\" data-title=\"Winter: Icicles on thatched roof | Photo: VNP Stiftung Naturschutzpark L&uuml;neburger Heide\" data-envirabox='6442' itemprop=\"contentUrl\"><div class=\"envira-lazy\" style=\"padding-bottom: 75%;\" data-envira-changed=\"false\" data-width=\"640\" data-height=\"480\"><img decoding=\"async\" src=\"https:\/\/www.verein-naturschutzpark.de\/wp-content\/uploads\/eiszapfen-am-reetdach-winter-naturschutzgebiet-lueneburger-heide-vnp-stiftung-640x480_c.jpg\" alt=\"Winter: Icicles on thatched roof | Photo: VNP Stiftung Naturschutzpark L&uuml;neburger Heide\" class=\"envira-gallery-image envira-gallery-image-19    envira-lazy\" height=\"480\" id=\"envira-gallery-image-4625\" srcset=\"data:image\/gif;base64,R0lGODlhAQABAIAAAP\/\/\/\/\/\/\/yH5BAEKAAEALAAAAAABAAEAAAICTAEAOw==\" tabindex=\"-1\" title=\"Winter: Icicles on thatched roof | Photo: VNP Stiftung Naturschutzpark L\u00fcneburger Heide\" width=\"640\" data-caption=\"Winter: Icicles on thatched roof\" data-envira-gallery-id=\"6442\" data-envira-index=\"18\" data-envira-item-id=\"4625\" data-envira-src=\"https:\/\/www.verein-naturschutzpark.de\/wp-content\/uploads\/eiszapfen-am-reetdach-winter-naturschutzgebiet-lueneburger-heide-vnp-stiftung-640x480_c.jpg\" data-envira-srcset=\"https:\/\/www.verein-naturschutzpark.de\/wp-content\/uploads\/eiszapfen-am-reetdach-winter-naturschutzgebiet-lueneburger-heide-vnp-stiftung-640x480_c.jpg 400w, https:\/\/www.verein-naturschutzpark.de\/wp-content\/uploads\/eiszapfen-am-reetdach-winter-naturschutzgebiet-lueneburger-heide-vnp-stiftung-640x480_c.jpg 2x\" data-title=\"Winter: Icicles on thatched roof | Photo: VNP Stiftung Naturschutzpark L&uuml;neburger Heide\" itemprop=\"thumbnailUrl\"  data-no-lazy=\"1\"  data-envirabox=\"6442\" \/><\/div><\/a><div class=\"envira-gallery-captioned-data envira-gallery-captioned-data-sleek\"><span class='envira-caption envira-gallery-captioned-text caption-4625'>Winter: Icicles on thatched roof<\/span><\/div><\/div><\/div><div id=\"envira-gallery-item-4657\" class=\"envira-gallery-item envira-gallery-item-20 envira-lazy-load\" style=\"padding-left: 5px; padding-bottom: 10px; padding-right: 5px;\"  itemscope itemtype=\"https:\/\/schema.org\/ImageObject\"><div class=\"envira-gallery-item-inner\"><div class=\"envira-gallery-position-overlay envira-gallery-top-left\"><\/div><div class=\"envira-gallery-position-overlay envira-gallery-top-right\"><\/div><div class=\"envira-gallery-position-overlay envira-gallery-bottom-left\"><\/div><div class=\"envira-gallery-position-overlay envira-gallery-bottom-right\"><\/div><a class=\"envira-gallery-6442 envira-gallery-link\" href=\"https:\/\/www.verein-naturschutzpark.de\/wp-content\/uploads\/winter-heidemuseum-dat-ole-huus-wilsede-vnp-stiftung.jpg\" title=\"Winter: Heath museum &quot;Dat Ole Huus&quot; in Wilsede in the snow | Photo: VNP Stiftung Naturschutzpark L\u00fcneburger Heide\" data-caption=\"Winter: Heath museum &quot;Dat Ole Huus&quot; in Wilsede in the snow\" data-envira-item-id=\"4657\" data-envira-retina=\"https:\/\/www.verein-naturschutzpark.de\/wp-content\/uploads\/winter-heidemuseum-dat-ole-huus-wilsede-vnp-stiftung.jpg\" data-thumb=\"https:\/\/www.verein-naturschutzpark.de\/wp-content\/uploads\/winter-heidemuseum-dat-ole-huus-wilsede-vnp-stiftung-75x50_c.jpg\" data-title=\"Winter: Heath museum &amp;quot;Dat Ole Huus&amp;quot; in Wilsede in the snow | Photo: VNP Stiftung Naturschutzpark L&uuml;neburger Heide\" data-envirabox='6442' itemprop=\"contentUrl\"><div class=\"envira-lazy\" style=\"padding-bottom: 75%;\" data-envira-changed=\"false\" data-width=\"640\" data-height=\"480\"><img decoding=\"async\" src=\"https:\/\/www.verein-naturschutzpark.de\/wp-content\/uploads\/winter-heidemuseum-dat-ole-huus-wilsede-vnp-stiftung-640x480_c.jpg\" alt=\"Winter: Heath museum &amp;quot;Dat Ole Huus&amp;quot; in Wilsede in the snow | Photo: VNP Stiftung Naturschutzpark L&uuml;neburger Heide\" class=\"envira-gallery-image envira-gallery-image-20    envira-lazy\" height=\"480\" id=\"envira-gallery-image-4657\" srcset=\"data:image\/gif;base64,R0lGODlhAQABAIAAAP\/\/\/\/\/\/\/yH5BAEKAAEALAAAAAABAAEAAAICTAEAOw==\" tabindex=\"-1\" title=\"Winter: Heath museum &quot;Dat Ole Huus&quot; in Wilsede in the snow | Photo: VNP Stiftung Naturschutzpark L\u00fcneburger Heide\" width=\"640\" data-caption=\"Winter: Heath museum &quot;Dat Ole Huus&quot; in Wilsede in the snow\" data-envira-gallery-id=\"6442\" data-envira-index=\"19\" data-envira-item-id=\"4657\" data-envira-src=\"https:\/\/www.verein-naturschutzpark.de\/wp-content\/uploads\/winter-heidemuseum-dat-ole-huus-wilsede-vnp-stiftung-640x480_c.jpg\" data-envira-srcset=\"https:\/\/www.verein-naturschutzpark.de\/wp-content\/uploads\/winter-heidemuseum-dat-ole-huus-wilsede-vnp-stiftung-640x480_c.jpg 400w, https:\/\/www.verein-naturschutzpark.de\/wp-content\/uploads\/winter-heidemuseum-dat-ole-huus-wilsede-vnp-stiftung-640x480_c.jpg 2x\" data-title=\"Winter: Heath museum &amp;quot;Dat Ole Huus&amp;quot; in Wilsede in the snow | Photo: VNP Stiftung Naturschutzpark L&uuml;neburger Heide\" itemprop=\"thumbnailUrl\"  data-no-lazy=\"1\"  data-envirabox=\"6442\" \/><\/div><\/a><div class=\"envira-gallery-captioned-data envira-gallery-captioned-data-sleek\"><span class='envira-caption envira-gallery-captioned-text caption-4657'>Winter: Heath museum \"Dat Ole Huus\" in Wilsede in the snow<\/span><\/div><\/div><\/div><div id=\"envira-gallery-item-4653\" class=\"envira-gallery-item envira-gallery-item-21 envira-lazy-load\" style=\"padding-left: 5px; padding-bottom: 10px; padding-right: 5px;\"  itemscope itemtype=\"https:\/\/schema.org\/ImageObject\"><div class=\"envira-gallery-item-inner\"><div class=\"envira-gallery-position-overlay envira-gallery-top-left\"><\/div><div class=\"envira-gallery-position-overlay envira-gallery-top-right\"><\/div><div class=\"envira-gallery-position-overlay envira-gallery-bottom-left\"><\/div><div class=\"envira-gallery-position-overlay envira-gallery-bottom-right\"><\/div><a class=\"envira-gallery-6442 envira-gallery-link\" href=\"https:\/\/www.verein-naturschutzpark.de\/wp-content\/uploads\/winter-eekenboltentun-eichenbohlenzaun-naturschutzgebiet-lueneburger-heide-vnp-stiftung.jpg\" title=\"Winter: Eekenboltentun (oak plank fence) in the snow | Photo: VNP Stiftung Naturschutzpark L\u00fcneburger Heide\" data-caption=\"Winter: &quot;Eekenboltentun&quot; (oak plank fence) in the snow\" data-envira-item-id=\"4653\" data-envira-retina=\"https:\/\/www.verein-naturschutzpark.de\/wp-content\/uploads\/winter-eekenboltentun-eichenbohlenzaun-naturschutzgebiet-lueneburger-heide-vnp-stiftung.jpg\" data-thumb=\"https:\/\/www.verein-naturschutzpark.de\/wp-content\/uploads\/winter-eekenboltentun-eichenbohlenzaun-naturschutzgebiet-lueneburger-heide-vnp-stiftung-75x50_c.jpg\" data-title=\"Winter: Eekenboltentun (oak plank fence) in the snow | Photo: VNP Stiftung Naturschutzpark L&uuml;neburger Heide\" data-envirabox='6442' itemprop=\"contentUrl\"><div class=\"envira-lazy\" style=\"padding-bottom: 75%;\" data-envira-changed=\"false\" data-width=\"640\" data-height=\"480\"><img decoding=\"async\" src=\"https:\/\/www.verein-naturschutzpark.de\/wp-content\/uploads\/winter-eekenboltentun-eichenbohlenzaun-naturschutzgebiet-lueneburger-heide-vnp-stiftung-640x480_c.jpg\" alt=\"Winter: Eekenboltentun (oak plank fence) in the snow | Photo: VNP Stiftung Naturschutzpark L&uuml;neburger Heide\" class=\"envira-gallery-image envira-gallery-image-21    envira-lazy\" height=\"480\" id=\"envira-gallery-image-4653\" srcset=\"data:image\/gif;base64,R0lGODlhAQABAIAAAP\/\/\/\/\/\/\/yH5BAEKAAEALAAAAAABAAEAAAICTAEAOw==\" tabindex=\"-1\" title=\"Winter: Eekenboltentun (oak plank fence) in the snow | Photo: VNP Stiftung Naturschutzpark L\u00fcneburger Heide\" width=\"640\" data-caption=\"Winter: &quot;Eekenboltentun&quot; (oak plank fence) in the snow\" data-envira-gallery-id=\"6442\" data-envira-index=\"20\" data-envira-item-id=\"4653\" data-envira-src=\"https:\/\/www.verein-naturschutzpark.de\/wp-content\/uploads\/winter-eekenboltentun-eichenbohlenzaun-naturschutzgebiet-lueneburger-heide-vnp-stiftung-640x480_c.jpg\" data-envira-srcset=\"https:\/\/www.verein-naturschutzpark.de\/wp-content\/uploads\/winter-eekenboltentun-eichenbohlenzaun-naturschutzgebiet-lueneburger-heide-vnp-stiftung-640x480_c.jpg 400w, https:\/\/www.verein-naturschutzpark.de\/wp-content\/uploads\/winter-eekenboltentun-eichenbohlenzaun-naturschutzgebiet-lueneburger-heide-vnp-stiftung-640x480_c.jpg 2x\" data-title=\"Winter: Eekenboltentun (oak plank fence) in the snow | Photo: VNP Stiftung Naturschutzpark L&uuml;neburger Heide\" itemprop=\"thumbnailUrl\"  data-no-lazy=\"1\"  data-envirabox=\"6442\" \/><\/div><\/a><div class=\"envira-gallery-captioned-data envira-gallery-captioned-data-sleek\"><span class='envira-caption envira-gallery-captioned-text caption-4653'>Winter: \"Eekenboltentun\" (oak plank fence) in the snow<\/span><\/div><\/div><\/div><div id=\"envira-gallery-item-4667\" class=\"envira-gallery-item envira-gallery-item-22 envira-lazy-load\" style=\"padding-left: 5px; padding-bottom: 10px; padding-right: 5px;\"  itemscope itemtype=\"https:\/\/schema.org\/ImageObject\"><div class=\"envira-gallery-item-inner\"><div class=\"envira-gallery-position-overlay envira-gallery-top-left\"><\/div><div class=\"envira-gallery-position-overlay envira-gallery-top-right\"><\/div><div class=\"envira-gallery-position-overlay envira-gallery-bottom-left\"><\/div><div class=\"envira-gallery-position-overlay envira-gallery-bottom-right\"><\/div><a class=\"envira-gallery-6442 envira-gallery-link\" href=\"https:\/\/www.verein-naturschutzpark.de\/wp-content\/uploads\/winter-schnuckenstall-am-totengrund-naturschutzgebiet-lueneburger-heide-vnp-stiftung.jpg\" title=\"Winter: Heidschnucken barn near Totengrund | Photo: VNP Stiftung Naturschutzpark L\u00fcneburger Heide\" data-caption=\"Winter: Heidschnucken shed near Totengrund\" data-envira-item-id=\"4667\" data-envira-retina=\"https:\/\/www.verein-naturschutzpark.de\/wp-content\/uploads\/winter-schnuckenstall-am-totengrund-naturschutzgebiet-lueneburger-heide-vnp-stiftung.jpg\" data-thumb=\"https:\/\/www.verein-naturschutzpark.de\/wp-content\/uploads\/winter-schnuckenstall-am-totengrund-naturschutzgebiet-lueneburger-heide-vnp-stiftung-75x50_c.jpg\" data-title=\"Winter: Heidschnucken barn near Totengrund | Photo: VNP Stiftung Naturschutzpark L&uuml;neburger Heide\" data-envirabox='6442' itemprop=\"contentUrl\"><div class=\"envira-lazy\" style=\"padding-bottom: 75%;\" data-envira-changed=\"false\" data-width=\"640\" data-height=\"480\"><img decoding=\"async\" src=\"https:\/\/www.verein-naturschutzpark.de\/wp-content\/uploads\/winter-schnuckenstall-am-totengrund-naturschutzgebiet-lueneburger-heide-vnp-stiftung-640x480_c.jpg\" alt=\"Winter: Heidschnucken barn near Totengrund | Photo: VNP Stiftung Naturschutzpark L&uuml;neburger Heide\" class=\"envira-gallery-image envira-gallery-image-22    envira-lazy\" height=\"480\" id=\"envira-gallery-image-4667\" srcset=\"data:image\/gif;base64,R0lGODlhAQABAIAAAP\/\/\/\/\/\/\/yH5BAEKAAEALAAAAAABAAEAAAICTAEAOw==\" tabindex=\"-1\" title=\"Winter: Heidschnucken barn near Totengrund | Photo: VNP Stiftung Naturschutzpark L\u00fcneburger Heide\" width=\"640\" data-caption=\"Winter: Heidschnucken shed near Totengrund\" data-envira-gallery-id=\"6442\" data-envira-index=\"21\" data-envira-item-id=\"4667\" data-envira-src=\"https:\/\/www.verein-naturschutzpark.de\/wp-content\/uploads\/winter-schnuckenstall-am-totengrund-naturschutzgebiet-lueneburger-heide-vnp-stiftung-640x480_c.jpg\" data-envira-srcset=\"https:\/\/www.verein-naturschutzpark.de\/wp-content\/uploads\/winter-schnuckenstall-am-totengrund-naturschutzgebiet-lueneburger-heide-vnp-stiftung-640x480_c.jpg 400w, https:\/\/www.verein-naturschutzpark.de\/wp-content\/uploads\/winter-schnuckenstall-am-totengrund-naturschutzgebiet-lueneburger-heide-vnp-stiftung-640x480_c.jpg 2x\" data-title=\"Winter: Heidschnucken barn near Totengrund | Photo: VNP Stiftung Naturschutzpark L&uuml;neburger Heide\" itemprop=\"thumbnailUrl\"  data-no-lazy=\"1\"  data-envirabox=\"6442\" \/><\/div><\/a><div class=\"envira-gallery-captioned-data envira-gallery-captioned-data-sleek\"><span class='envira-caption envira-gallery-captioned-text caption-4667'>Winter: Heidschnucken shed near Totengrund<\/span><\/div><\/div><\/div><\/div><\/div><noscript><img data-no-lazy=\"1\"  src='https:\/\/www.verein-naturschutzpark.de\/wp-content\/uploads\/fruehling-im-stuehbusch-naturschutzgebiet-lueneburger-heide-vnp-stiftung-2.jpg' alt='Spring in the &quot;St\u00fchbusch&quot; | Photo: Foto: VNP Stiftung Naturschutzpark L\u00fcneburger Heide' class='envira_noscript_images ' \/><img data-no-lazy=\"1\"  src='https:\/\/www.verein-naturschutzpark.de\/wp-content\/uploads\/fruehling-sitzbank-im-naturschutzgebiet-lueneburger-heide-vnp-stiftung.jpg' alt='Spring: Bench in the nature reserve | Photo: VNP Stiftung Naturschutzpark L\u00fcneburger Heide' class='envira_noscript_images ' \/><img data-no-lazy=\"1\"  src='https:\/\/www.verein-naturschutzpark.de\/wp-content\/uploads\/sommer-juli-thymianbluete-naturschutzgebiet-lueneburger-heide-vnp-stiftung.jpg' alt='Summer: Thyme blossom in July | Photo: VNP Stiftung Naturschutzpark L\u00fcneburger Heide' class='envira_noscript_images ' \/><img data-no-lazy=\"1\"  src='https:\/\/www.verein-naturschutzpark.de\/wp-content\/uploads\/sommer-thymianbluete-juli-naturschutzgebiet-lueneburger-heide-vnp-stiftung.jpg' alt='Summer: Thyme blossom in July | Photo: VNP Stiftung Naturschutzpark L\u00fcneburger Heide' class='envira_noscript_images ' \/><img data-no-lazy=\"1\"  src='https:\/\/www.verein-naturschutzpark.de\/wp-content\/uploads\/herbst-laubverfaerbung-naturschutzgebiet-lueneburger-heide-vnp-stiftung.jpg' alt='Autumn: leaves changing color in the nature reserve | Photo: VNP Stiftung Naturschutzpark L\u00fcneburger Heide' class='envira_noscript_images ' \/><img data-no-lazy=\"1\"  src='https:\/\/www.verein-naturschutzpark.de\/wp-content\/uploads\/herbst-kutschfahrt-naturschutzgebiet-lueneburger-heide-vnp-stiftung.jpg' alt='Autumn: Carriage ride in the nature reserve | Photo: VNP Stiftung Naturschutzpark L\u00fcneburger Heide' class='envira_noscript_images ' \/><img data-no-lazy=\"1\"  src='https:\/\/www.verein-naturschutzpark.de\/wp-content\/uploads\/herbststimmung-oktober-undeloher-strasse-naturschutzgebiet-lueneburger-heide-vnp-stiftung.jpg' alt='Autumn atmosphere in October in the nature reserve | Photo: VNP Stiftung Naturschutzpark L\u00fcneburger Heide' class='envira_noscript_images ' \/><img data-no-lazy=\"1\"  src='https:\/\/www.verein-naturschutzpark.de\/wp-content\/uploads\/rehwildbegegnung-am-herbstmorgen-naturschutzgebiet-lueneburger-heide-vnp-stiftung.jpg' alt='Autumn: Roe deer encounter on autumn morning | Photo: VNP Stiftung Naturschutzpark L\u00fcneburger Heide' class='envira_noscript_images ' \/><img data-no-lazy=\"1\"  src='https:\/\/www.verein-naturschutzpark.de\/wp-content\/uploads\/raureif-meninger-heide-november-naturschutzgebiet-lueneburger-heide-vnp-stiftung.jpg' alt='November: Hoarfrost in the &quot;Meninger Heide&quot; | Photo: VNP Stiftung Naturschutzpark L\u00fcneburger Heide' class='envira_noscript_images ' \/><img data-no-lazy=\"1\"  src='https:\/\/www.verein-naturschutzpark.de\/wp-content\/uploads\/november-eichenlaub-mit-raureif-naturschutzgebiet-lueneburger-heide-vnp-stiftung.jpg' alt='November: Oak leaves with hoarfrost | Photo: VNP Stiftung Naturschutzpark L\u00fcneburger Heide' class='envira_noscript_images ' \/><img data-no-lazy=\"1\"  src='https:\/\/www.verein-naturschutzpark.de\/wp-content\/uploads\/winterliche-heidelandschaft-mit-raureif-naturschutzgebiet-lueneburger-heide-vnp-stiftung.jpg' alt='Winter heath landscape with hoarfrost | Photo: VNP Stiftung Naturschutzpark L\u00fcneburger Heide' class='envira_noscript_images ' \/><img data-no-lazy=\"1\"  src='https:\/\/www.verein-naturschutzpark.de\/wp-content\/uploads\/winterlandschaft-mit-schnee-naturschutzgebiet-lueneburger-heide-vnp-stiftung.jpg' alt='Winter landscape with snow | Photo: VNP Stiftung Naturschutzpark L\u00fcneburger Heide' class='envira_noscript_images ' \/><img data-no-lazy=\"1\"  src='https:\/\/www.verein-naturschutzpark.de\/wp-content\/uploads\/kahle-baeume-mit-raureif-naturschutzgebiet-lueneburger-heide-vnp-stiftung.jpg' alt='Winter: Bare trees with hoarfrost in the nature reserve | Photo: VNP Stiftung Naturschutzpark L\u00fcneburger Heide' class='envira_noscript_images ' \/><img data-no-lazy=\"1\"  src='https:\/\/www.verein-naturschutzpark.de\/wp-content\/uploads\/winterlandschaft-mit-raureif-naturschutzgebiet-lueneburger-heide-vnp-stiftung.jpg' alt='Winter landscape with hoarfrost | Photo: VNP Stiftung Naturschutzpark L\u00fcneburger Heide' class='envira_noscript_images ' \/><img data-no-lazy=\"1\"  src='https:\/\/www.verein-naturschutzpark.de\/wp-content\/uploads\/winter-heidschnucken-naturschutzgebiet-lueneburger-heide-vnp-stiftung.jpg' alt='Winter: Heidschnucken in the snow | Photo: VNP Stiftung Naturschutzpark L\u00fcneburger Heide' class='envira_noscript_images ' \/><img data-no-lazy=\"1\"  src='https:\/\/www.verein-naturschutzpark.de\/wp-content\/uploads\/winter-haselkaetzchen-mit-raureif-naturschutzgebiet-lueneburger-heide-vnp-stiftung.jpg' alt='Winter: Hazel catkins with hoarfrost | Photo: VNP Stiftung Naturschutzpark L\u00fcneburger Heide' class='envira_noscript_images ' \/><img data-no-lazy=\"1\"  src='https:\/\/www.verein-naturschutzpark.de\/wp-content\/uploads\/winter-detail-wacholder-im-schnee-naturschutzgebiet-lueneburger-heide-vnp-stiftung.jpg' alt='Winter: Detail Juniper in the snow | Photo: VNP Stiftung Naturschutzpark L\u00fcneburger Heide' class='envira_noscript_images ' \/><img data-no-lazy=\"1\"  src='https:\/\/www.verein-naturschutzpark.de\/wp-content\/uploads\/winter-wacholder-mit-raureif-im-gegenlicht-naturschutzgebiet-lueneburger-heide-vnp-stiftung.jpg' alt='Winter: Juniper with hoarfrost in backlight | Photo: VNP Stiftung Naturschutzpark L\u00fcneburger Heide' class='envira_noscript_images ' \/><img data-no-lazy=\"1\"  src='https:\/\/www.verein-naturschutzpark.de\/wp-content\/uploads\/eiszapfen-am-reetdach-winter-naturschutzgebiet-lueneburger-heide-vnp-stiftung.jpg' alt='Winter: Icicles on thatched roof | Photo: VNP Stiftung Naturschutzpark L\u00fcneburger Heide' class='envira_noscript_images ' \/><img data-no-lazy=\"1\"  src='https:\/\/www.verein-naturschutzpark.de\/wp-content\/uploads\/winter-heidemuseum-dat-ole-huus-wilsede-vnp-stiftung.jpg' alt='Winter: Heath museum &quot;Dat Ole Huus&quot; in Wilsede in the snow | Photo: VNP Stiftung Naturschutzpark L\u00fcneburger Heide' class='envira_noscript_images ' \/><img data-no-lazy=\"1\"  src='https:\/\/www.verein-naturschutzpark.de\/wp-content\/uploads\/winter-eekenboltentun-eichenbohlenzaun-naturschutzgebiet-lueneburger-heide-vnp-stiftung.jpg' alt='Winter: Eekenboltentun (oak plank fence) in the snow | Photo: VNP Stiftung Naturschutzpark L\u00fcneburger Heide' class='envira_noscript_images ' \/><img data-no-lazy=\"1\"  src='https:\/\/www.verein-naturschutzpark.de\/wp-content\/uploads\/winter-schnuckenstall-am-totengrund-naturschutzgebiet-lueneburger-heide-vnp-stiftung.jpg' alt='Winter: Heidschnucken barn near Totengrund | Photo: VNP Stiftung Naturschutzpark L\u00fcneburger Heide' class='envira_noscript_images ' \/><\/noscript>\n<\/div><\/div><\/div><\/div><\/div><\/div>\n\n\n\n<div class=\"alignfull wp-block-ugb-container ugb-container ugb-2166926 ugb-container--v2 ugb-container--design-plain ugb-main-block ugb--has-custom-content-width ugb--has-custom-content-width-tablet ugb--has-custom-content-width-mobile ugb-main-block--inner-full ugb--has-block-background ugb--has-bottom-separator\"><style>.ugb-2166926 h1,.ugb-2166926 h2,.ugb-2166926 h3,.ugb-2166926 h4,.ugb-2166926 h5,.ugb-2166926 h6{color:var(--theme-palette-color-4,#fcfaef)}.ugb-2166926 p,.ugb-2166926 li,.ugb-2166926 label,.ugb-2166926 table{color:var(--theme-palette-color-4,#fcfaef)}.ugb-2166926 a:hover,.ugb-2166926 a:hover:visited{color:var(--theme-palette-color-3,#333333)}.ugb-2166926-content-wrapper > h1,.ugb-2166926-content-wrapper > h2,.ugb-2166926-content-wrapper > h3,.ugb-2166926-content-wrapper > h4,.ugb-2166926-content-wrapper > h5,.ugb-2166926-content-wrapper > h6{color:var(--theme-palette-color-4,#fcfaef)}.ugb-2166926-content-wrapper > p,.ugb-2166926-content-wrapper > ol li,.ugb-2166926-content-wrapper > ul li{color:var(--theme-palette-color-4,#fcfaef)}.ugb-2166926.ugb-container{background-color:var(--theme-palette-color-2,#7b2a53)}.ugb-2166926.ugb-container > .ugb-inner-block{max-width:50% !important}.ugb-2166926.ugb-container:before{background-color:var(--theme-palette-color-2,#7b2a53)}.ugb-2166926 .ugb-bottom-separator svg{fill:var(--theme-palette-color-1,#416250)}.ugb-2166926 .ugb-bottom-separator .ugb-separator-wrapper{transform:scaleX(1.5)}@media screen and (min-width:768px){.ugb-2166926.ugb-container{padding-top:50px !important;padding-right:35px !important;padding-bottom:90px !important;padding-left:35px !important}.ugb-2166926 .ugb-bottom-separator .ugb-separator-wrapper{height:150px}}@media screen and (max-width:1025px){.ugb-2166926.ugb-container > .ugb-inner-block{max-width:100% !important}}@media screen and (min-width:768px) and (max-width:1025px){.ugb-2166926.ugb-container{padding-right:35px !important;padding-left:35px !important}}@media screen and (max-width:768px){.ugb-2166926.ugb-container{padding-top:30px !important;padding-right:18px !important;padding-bottom:70px !important;padding-left:18px !important}.ugb-2166926.ugb-container > .ugb-inner-block{max-width:100% !important}}.ugb-2166926 a,.ugb-2166926 a:visited,.ugb-2166926 a:focus{color:var(--theme-palette-color-4,#fcfaef)}<\/style><div class=\"ugb-bottom-separator\"><div class=\"ugb-separator-wrapper\"><svg xmlns=\"http:\/\/www.w3.org\/2000\/svg\" viewBox=\"0 0 1600 200\" filter=\"url(#wave-3-inverted-shadow_svg__a)\" enable-background=\"new 0 0 1600 200\" class=\"ugb-separator__shadow\" preserveAspectRatio=\"none\" aria-hidden=\"true\"><filter id=\"wave-3-inverted-shadow_svg__a\"><feGaussianBlur in=\"SourceAlpha\" stdDeviation=\"4\"><\/feGaussianBlur><feComponentTransfer><feFuncA type=\"linear\" slope=\"0.4\"><\/feFuncA><\/feComponentTransfer><feMerge><feMergeNode><\/feMergeNode><feMergeNode in=\"SourceGraphic\"><\/feMergeNode><\/feMerge><\/filter><path d=\"M1413.6 39.3c-157.9 0-338.2 37.7-495.1 67.4-215.6 40.8-328.1 44.6-418.2 41.1S317 127.3 188.4 98.7C59.8 70.1-10 64.5-10 64.5v10s69.8 5.6 198.4 34.2c128.6 28.6 221.8 45.6 311.9 49.1s202.6-.3 418.2-41.1c156.9-29.7 337.2-67.4 495.1-67.4 127.6 0 196.4 19.5 196.4 19.5v-10s-68.8-19.5-196.4-19.5z\"><\/path><\/svg><svg xmlns=\"http:\/\/www.w3.org\/2000\/svg\" viewBox=\"0 0 1600 200\" class=\"ugb-separator__layer-1\" preserveAspectRatio=\"none\" aria-hidden=\"true\"><path d=\"M1413.6 39.3c-157.9 0-338.2 37.7-495.1 67.4-215.6 40.8-328.1 44.6-418.2 41.1S317 127.3 188.4 98.7-10 64.5-10 64.5v150.2h1620V58.8s-68.8-19.5-196.4-19.5z\"><\/path><\/svg><\/div><\/div><div class=\"ugb-inner-block ugb-inner-block--full\"><div class=\"ugb-block-content\"><div class=\"ugb-container__wrapper ugb-2166926-wrapper\"><div class=\"ugb-container__side\"><div class=\"ugb-container__content-wrapper ugb-2166926-content-wrapper\">\n<h2 class=\"wp-block-heading\" id=\"flora\">Flora<\/h2>\n\n\n<style type=\"text\/css\">#envira-gallery-6444 {color: #fcfaef;}<\/style><div id=\"envira-gallery-wrap-6444\" class=\"envira-default-gallery envira-gallery-wrap envira-lazy-loading-enabled envira-layout-square envira-gallery-theme-sleek\" itemscope itemtype=\"https:\/\/schema.org\/ImageGallery\"><div class=\"envira-loader\"><div><\/div><div><\/div><div><\/div><div><\/div><\/div><div id=\"envira-gallery-6444\" class=\"envira-gallery-public envira-gallery-2-columns envira-clear\" data-envira-id=\"6444\" data-gallery-config='{\"type\":\"default\",\"layout\":\"square\",\"columns\":\"2\",\"gallery_theme\":\"sleek\",\"justified_margins\":1,\"justified_last_row\":\"nojustify\",\"lazy_loading\":1,\"lazy_loading_delay\":500,\"gutter\":10,\"margin\":10,\"image_size\":\"default\",\"square_size\":500,\"crop_width\":500,\"crop_height\":500,\"crop\":1,\"crop_position\":\"c\",\"additional_copy_0\":0,\"additional_copy_title\":0,\"additional_copy_caption\":0,\"additional_copy_title_caption\":0,\"additional_copy_0_mobile\":0,\"additional_copy_title_mobile\":0,\"additional_copy_caption_mobile\":0,\"additional_copy_title_caption_mobile\":0,\"gallery_column_title_caption\":\"caption\",\"gallery_column_title_caption_mobile\":\"caption\",\"additional_copy_automatic_0\":0,\"additional_copy_automatic_title\":0,\"additional_copy_automatic_caption\":0,\"additional_copy_automatic_title_caption\":0,\"additional_copy_automatic_0_mobile\":0,\"additional_copy_automatic_title_mobile\":0,\"additional_copy_automatic_caption_mobile\":0,\"additional_copy_automatic_title_caption_mobile\":0,\"gallery_automatic_title_caption\":\"0\",\"gallery_automatic_title_caption_mobile\":\"0\",\"justified_row_height\":150,\"description_position\":\"0\",\"description\":\"\",\"random\":\"0\",\"sort_order\":\"0\",\"sorting_direction\":\"ASC\",\"image_sizes_random\":[],\"isotope\":false,\"lightbox_enabled\":1,\"gallery_link_enabled\":1,\"lightbox_theme\":\"infinity_light\",\"lightbox_image_size\":\"default\",\"title_display\":\"float\",\"lightbox_title_caption\":\"caption\",\"arrows\":1,\"arrows_position\":\"inside\",\"toolbar\":1,\"toolbar_title\":0,\"toolbar_position\":\"top\",\"loop\":1,\"lightbox_open_close_effect\":\"fade\",\"effect\":\"fade\",\"supersize\":0,\"thumbnails_toggle\":0,\"thumbnails_hide\":0,\"image_counter\":0,\"thumbnails\":0,\"thumbnails_width\":\"auto\",\"thumbnails_height\":\"auto\",\"thumbnails_position\":\"bottom\",\"thumbnails_custom_size\":0,\"mobile\":1,\"mobile_width\":320,\"mobile_height\":240,\"mobile_lightbox\":0,\"mobile_gallery_link_enabled\":0,\"mobile_arrows\":0,\"mobile_toolbar\":1,\"mobile_thumbnails\":1,\"mobile_touchwipe_close\":0,\"mobile_thumbnails_width\":75,\"mobile_thumbnails_height\":50,\"mobile_justified_row_height\":80,\"keyboard\":true,\"standalone_template\":\"\",\"classes\":[\"envira-default-gallery\"],\"rtl\":0,\"slug\":\"photo-gallery-flora\",\"custom_css\":\"#envira-gallery-6444 {\\r\\n    color: #fcfaef;\\r\\n}\",\"fullscreen\":0,\"gallery_id\":\"6444\"}' data-gallery-images='[{\"status\":\"active\",\"src\":\"https:\\\/\\\/www.verein-naturschutzpark.de\\\/wp-content\\\/uploads\\\/echte-schluesselbume-primula-veris-blindschleiche-vnp-stiftung.jpg\",\"title\":\"Cowslip (Primula veris) with slow worm (Anguis fragilis)\",\"link\":\"https:\\\/\\\/www.verein-naturschutzpark.de\\\/wp-content\\\/uploads\\\/echte-schluesselbume-primula-veris-blindschleiche-vnp-stiftung.jpg\",\"alt\":\"Cowslip (Primula veris) with slow worm (Anguis fragilis) | VNP Stiftung\",\"caption\":\"Cowslip (Primula veris) with slow worm (Anguis fragilis)\",\"thumb\":\"https:\\\/\\\/www.verein-naturschutzpark.de\\\/wp-content\\\/uploads\\\/echte-schluesselbume-primula-veris-blindschleiche-vnp-stiftung-75x50_c.jpg\",\"meta\":{\"aperture\":\"13\",\"credit\":\"unknown\",\"camera\":\"Canon EOS 350D DIGITAL\",\"caption\":\"\",\"created_timestamp\":\"1239443895\",\"copyright\":null,\"focal_length\":\"17\",\"iso\":\"200\",\"shutter_speed\":\"0.016666666666667\",\"title\":\"\",\"orientation\":null,\"keywords\":null},\"thumbnail\":\"https:\\\/\\\/www.verein-naturschutzpark.de\\\/wp-content\\\/uploads\\\/echte-schluesselbume-primula-veris-blindschleiche-vnp-stiftung-150x150.jpg\",\"medium\":\"https:\\\/\\\/www.verein-naturschutzpark.de\\\/wp-content\\\/uploads\\\/echte-schluesselbume-primula-veris-blindschleiche-vnp-stiftung-400x400.jpg\",\"medium_large\":\"https:\\\/\\\/www.verein-naturschutzpark.de\\\/wp-content\\\/uploads\\\/echte-schluesselbume-primula-veris-blindschleiche-vnp-stiftung-768x768.jpg\",\"large\":\"https:\\\/\\\/www.verein-naturschutzpark.de\\\/wp-content\\\/uploads\\\/echte-schluesselbume-primula-veris-blindschleiche-vnp-stiftung.jpg\",\"thumblist\":\"https:\\\/\\\/www.verein-naturschutzpark.de\\\/wp-content\\\/uploads\\\/echte-schluesselbume-primula-veris-blindschleiche-vnp-stiftung.jpg\",\"thumbrelated\":\"https:\\\/\\\/www.verein-naturschutzpark.de\\\/wp-content\\\/uploads\\\/echte-schluesselbume-primula-veris-blindschleiche-vnp-stiftung.jpg\",\"meccarouselthumb\":\"https:\\\/\\\/www.verein-naturschutzpark.de\\\/wp-content\\\/uploads\\\/echte-schluesselbume-primula-veris-blindschleiche-vnp-stiftung.jpg\",\"gridsquare\":\"https:\\\/\\\/www.verein-naturschutzpark.de\\\/wp-content\\\/uploads\\\/echte-schluesselbume-primula-veris-blindschleiche-vnp-stiftung.jpg\",\"tileview\":\"https:\\\/\\\/www.verein-naturschutzpark.de\\\/wp-content\\\/uploads\\\/echte-schluesselbume-primula-veris-blindschleiche-vnp-stiftung.jpg\",\"1536x1536\":\"https:\\\/\\\/www.verein-naturschutzpark.de\\\/wp-content\\\/uploads\\\/echte-schluesselbume-primula-veris-blindschleiche-vnp-stiftung.jpg\",\"2048x2048\":\"https:\\\/\\\/www.verein-naturschutzpark.de\\\/wp-content\\\/uploads\\\/echte-schluesselbume-primula-veris-blindschleiche-vnp-stiftung.jpg\",\"full\":\"https:\\\/\\\/www.verein-naturschutzpark.de\\\/wp-content\\\/uploads\\\/echte-schluesselbume-primula-veris-blindschleiche-vnp-stiftung.jpg\",\"index\":0,\"id\":3111,\"video\":false,\"opts\":{\"caption\":\"Cowslip (Primula veris) with slow worm (Anguis fragilis)\",\"thumb\":\"https:\\\/\\\/www.verein-naturschutzpark.de\\\/wp-content\\\/uploads\\\/echte-schluesselbume-primula-veris-blindschleiche-vnp-stiftung-75x50_c.jpg\",\"title\":\"Cowslip (Primula veris) with slow worm (Anguis fragilis)\"},\"gallery_id\":\"6444\"},{\"status\":\"active\",\"src\":\"https:\\\/\\\/www.verein-naturschutzpark.de\\\/wp-content\\\/uploads\\\/behaarter-ginster-genista-pilosa-vnp-stiftung.jpg\",\"title\":\"Hairy greenweed\\\/silkyleaf broom (Genista pilosa)\",\"link\":\"https:\\\/\\\/www.verein-naturschutzpark.de\\\/wp-content\\\/uploads\\\/behaarter-ginster-genista-pilosa-vnp-stiftung.jpg\",\"alt\":\"Hairy greenweed\\\/silkyleaf broom (Genista pilosa) | VNP Stiftung\",\"caption\":\"Hairy greenweed\\\/silkyleaf broom (Genista pilosa)\",\"thumb\":\"https:\\\/\\\/www.verein-naturschutzpark.de\\\/wp-content\\\/uploads\\\/behaarter-ginster-genista-pilosa-vnp-stiftung-75x50_c.jpg\",\"meta\":{\"aperture\":\"11\",\"credit\":\"unknown\",\"camera\":\"Canon EOS 350D DIGITAL\",\"caption\":\"\",\"created_timestamp\":\"1179853618\",\"copyright\":null,\"focal_length\":\"17\",\"iso\":\"200\",\"shutter_speed\":\"0.008\",\"title\":\"\",\"orientation\":null,\"keywords\":null,\"resized_images\":null},\"thumbnail\":\"https:\\\/\\\/www.verein-naturschutzpark.de\\\/wp-content\\\/uploads\\\/behaarter-ginster-genista-pilosa-vnp-stiftung-150x150.jpg\",\"medium\":\"https:\\\/\\\/www.verein-naturschutzpark.de\\\/wp-content\\\/uploads\\\/behaarter-ginster-genista-pilosa-vnp-stiftung-400x400.jpg\",\"medium_large\":\"https:\\\/\\\/www.verein-naturschutzpark.de\\\/wp-content\\\/uploads\\\/behaarter-ginster-genista-pilosa-vnp-stiftung-768x768.jpg\",\"large\":\"https:\\\/\\\/www.verein-naturschutzpark.de\\\/wp-content\\\/uploads\\\/behaarter-ginster-genista-pilosa-vnp-stiftung.jpg\",\"thumblist\":\"https:\\\/\\\/www.verein-naturschutzpark.de\\\/wp-content\\\/uploads\\\/behaarter-ginster-genista-pilosa-vnp-stiftung.jpg\",\"thumbrelated\":\"https:\\\/\\\/www.verein-naturschutzpark.de\\\/wp-content\\\/uploads\\\/behaarter-ginster-genista-pilosa-vnp-stiftung.jpg\",\"meccarouselthumb\":\"https:\\\/\\\/www.verein-naturschutzpark.de\\\/wp-content\\\/uploads\\\/behaarter-ginster-genista-pilosa-vnp-stiftung.jpg\",\"gridsquare\":\"https:\\\/\\\/www.verein-naturschutzpark.de\\\/wp-content\\\/uploads\\\/behaarter-ginster-genista-pilosa-vnp-stiftung.jpg\",\"tileview\":\"https:\\\/\\\/www.verein-naturschutzpark.de\\\/wp-content\\\/uploads\\\/behaarter-ginster-genista-pilosa-vnp-stiftung.jpg\",\"1536x1536\":\"https:\\\/\\\/www.verein-naturschutzpark.de\\\/wp-content\\\/uploads\\\/behaarter-ginster-genista-pilosa-vnp-stiftung.jpg\",\"2048x2048\":\"https:\\\/\\\/www.verein-naturschutzpark.de\\\/wp-content\\\/uploads\\\/behaarter-ginster-genista-pilosa-vnp-stiftung.jpg\",\"full\":\"https:\\\/\\\/www.verein-naturschutzpark.de\\\/wp-content\\\/uploads\\\/behaarter-ginster-genista-pilosa-vnp-stiftung.jpg\",\"index\":1,\"id\":3099,\"video\":false,\"opts\":{\"caption\":\"Hairy greenweed\\\/silkyleaf broom (Genista pilosa)\",\"thumb\":\"https:\\\/\\\/www.verein-naturschutzpark.de\\\/wp-content\\\/uploads\\\/behaarter-ginster-genista-pilosa-vnp-stiftung-75x50_c.jpg\",\"title\":\"Hairy greenweed\\\/silkyleaf broom (Genista pilosa)\"},\"gallery_id\":\"6444\"},{\"status\":\"active\",\"src\":\"https:\\\/\\\/www.verein-naturschutzpark.de\\\/wp-content\\\/uploads\\\/scheidiges-oder-scheiden-wollgras-eriophorum-vaginatum-vnp-stiftung.jpg\",\"title\":\"\\\"Flowering\\\" Hare&#039;s tail cotton grass (Eriophorum vaginatum) | VNP Verein Naturschutzpark\",\"link\":\"https:\\\/\\\/www.verein-naturschutzpark.de\\\/wp-content\\\/uploads\\\/scheidiges-oder-scheiden-wollgras-eriophorum-vaginatum-vnp-stiftung.jpg\",\"alt\":\"&amp;quot;Flowering&amp;quot; Hare&amp;#039;s tail cotton grass (Eriophorum vaginatum) | VNP Verein Naturschutzpark\",\"caption\":\"&&#163;34;Flowering&&#163;34; Hare&#39;s tail cotton grass (Eriophorum vaginatum)\",\"thumb\":\"https:\\\/\\\/www.verein-naturschutzpark.de\\\/wp-content\\\/uploads\\\/scheidiges-oder-scheiden-wollgras-eriophorum-vaginatum-vnp-stiftung-75x50_c.jpg\",\"meta\":{\"aperture\":\"4\",\"credit\":\"Picasa\",\"camera\":\"DMC-TZ10\",\"caption\":\"\",\"created_timestamp\":\"1304846531\",\"copyright\":null,\"focal_length\":\"7.9\",\"iso\":\"80\",\"shutter_speed\":\"0.004\",\"title\":\"\",\"orientation\":null,\"keywords\":null},\"thumbnail\":\"https:\\\/\\\/www.verein-naturschutzpark.de\\\/wp-content\\\/uploads\\\/scheidiges-oder-scheiden-wollgras-eriophorum-vaginatum-vnp-stiftung-150x150.jpg\",\"medium\":\"https:\\\/\\\/www.verein-naturschutzpark.de\\\/wp-content\\\/uploads\\\/scheidiges-oder-scheiden-wollgras-eriophorum-vaginatum-vnp-stiftung-400x400.jpg\",\"medium_large\":\"https:\\\/\\\/www.verein-naturschutzpark.de\\\/wp-content\\\/uploads\\\/scheidiges-oder-scheiden-wollgras-eriophorum-vaginatum-vnp-stiftung-768x768.jpg\",\"large\":\"https:\\\/\\\/www.verein-naturschutzpark.de\\\/wp-content\\\/uploads\\\/scheidiges-oder-scheiden-wollgras-eriophorum-vaginatum-vnp-stiftung.jpg\",\"thumblist\":\"https:\\\/\\\/www.verein-naturschutzpark.de\\\/wp-content\\\/uploads\\\/scheidiges-oder-scheiden-wollgras-eriophorum-vaginatum-vnp-stiftung.jpg\",\"thumbrelated\":\"https:\\\/\\\/www.verein-naturschutzpark.de\\\/wp-content\\\/uploads\\\/scheidiges-oder-scheiden-wollgras-eriophorum-vaginatum-vnp-stiftung.jpg\",\"meccarouselthumb\":\"https:\\\/\\\/www.verein-naturschutzpark.de\\\/wp-content\\\/uploads\\\/scheidiges-oder-scheiden-wollgras-eriophorum-vaginatum-vnp-stiftung.jpg\",\"gridsquare\":\"https:\\\/\\\/www.verein-naturschutzpark.de\\\/wp-content\\\/uploads\\\/scheidiges-oder-scheiden-wollgras-eriophorum-vaginatum-vnp-stiftung.jpg\",\"tileview\":\"https:\\\/\\\/www.verein-naturschutzpark.de\\\/wp-content\\\/uploads\\\/scheidiges-oder-scheiden-wollgras-eriophorum-vaginatum-vnp-stiftung.jpg\",\"1536x1536\":\"https:\\\/\\\/www.verein-naturschutzpark.de\\\/wp-content\\\/uploads\\\/scheidiges-oder-scheiden-wollgras-eriophorum-vaginatum-vnp-stiftung.jpg\",\"2048x2048\":\"https:\\\/\\\/www.verein-naturschutzpark.de\\\/wp-content\\\/uploads\\\/scheidiges-oder-scheiden-wollgras-eriophorum-vaginatum-vnp-stiftung.jpg\",\"full\":\"https:\\\/\\\/www.verein-naturschutzpark.de\\\/wp-content\\\/uploads\\\/scheidiges-oder-scheiden-wollgras-eriophorum-vaginatum-vnp-stiftung.jpg\",\"index\":2,\"id\":3143,\"video\":false,\"opts\":{\"caption\":\"&&#163;34;Flowering&&#163;34; Hare&#39;s tail cotton grass (Eriophorum vaginatum)\",\"thumb\":\"https:\\\/\\\/www.verein-naturschutzpark.de\\\/wp-content\\\/uploads\\\/scheidiges-oder-scheiden-wollgras-eriophorum-vaginatum-vnp-stiftung-75x50_c.jpg\",\"title\":\"\\\"Flowering\\\" Hare&#039;s tail cotton grass (Eriophorum vaginatum) | VNP Verein Naturschutzpark\"},\"gallery_id\":\"6444\"},{\"status\":\"active\",\"src\":\"https:\\\/\\\/www.verein-naturschutzpark.de\\\/wp-content\\\/uploads\\\/rundblaettriger-sonnentau-drosera-rotundifolia-vnp-stiftung.jpg\",\"title\":\"rundblaettriger-sonnentau-drosera-rotundifolia-vnp-stiftung\",\"link\":\"https:\\\/\\\/www.verein-naturschutzpark.de\\\/wp-content\\\/uploads\\\/rundblaettriger-sonnentau-drosera-rotundifolia-vnp-stiftung.jpg\",\"alt\":\"Rundbl&auml;ttriger Sonnentau (Drosera rotundifolia)\",\"caption\":\"Round-leaved sundew (Drosera rotundifolia)\",\"thumb\":\"https:\\\/\\\/www.verein-naturschutzpark.de\\\/wp-content\\\/uploads\\\/rundblaettriger-sonnentau-drosera-rotundifolia-vnp-stiftung-75x50_c.jpg\",\"meta\":{\"aperture\":\"8\",\"credit\":null,\"camera\":\"Canon EOS 600D\",\"caption\":\"\",\"created_timestamp\":\"1403106457\",\"copyright\":null,\"focal_length\":\"100\",\"iso\":\"100\",\"shutter_speed\":\"0.00625\",\"title\":\"\",\"orientation\":null,\"keywords\":null},\"thumbnail\":\"https:\\\/\\\/www.verein-naturschutzpark.de\\\/wp-content\\\/uploads\\\/rundblaettriger-sonnentau-drosera-rotundifolia-vnp-stiftung-150x150.jpg\",\"medium\":\"https:\\\/\\\/www.verein-naturschutzpark.de\\\/wp-content\\\/uploads\\\/rundblaettriger-sonnentau-drosera-rotundifolia-vnp-stiftung-400x400.jpg\",\"medium_large\":\"https:\\\/\\\/www.verein-naturschutzpark.de\\\/wp-content\\\/uploads\\\/rundblaettriger-sonnentau-drosera-rotundifolia-vnp-stiftung-768x768.jpg\",\"large\":\"https:\\\/\\\/www.verein-naturschutzpark.de\\\/wp-content\\\/uploads\\\/rundblaettriger-sonnentau-drosera-rotundifolia-vnp-stiftung.jpg\",\"thumblist\":\"https:\\\/\\\/www.verein-naturschutzpark.de\\\/wp-content\\\/uploads\\\/rundblaettriger-sonnentau-drosera-rotundifolia-vnp-stiftung.jpg\",\"thumbrelated\":\"https:\\\/\\\/www.verein-naturschutzpark.de\\\/wp-content\\\/uploads\\\/rundblaettriger-sonnentau-drosera-rotundifolia-vnp-stiftung.jpg\",\"meccarouselthumb\":\"https:\\\/\\\/www.verein-naturschutzpark.de\\\/wp-content\\\/uploads\\\/rundblaettriger-sonnentau-drosera-rotundifolia-vnp-stiftung.jpg\",\"gridsquare\":\"https:\\\/\\\/www.verein-naturschutzpark.de\\\/wp-content\\\/uploads\\\/rundblaettriger-sonnentau-drosera-rotundifolia-vnp-stiftung.jpg\",\"tileview\":\"https:\\\/\\\/www.verein-naturschutzpark.de\\\/wp-content\\\/uploads\\\/rundblaettriger-sonnentau-drosera-rotundifolia-vnp-stiftung.jpg\",\"1536x1536\":\"https:\\\/\\\/www.verein-naturschutzpark.de\\\/wp-content\\\/uploads\\\/rundblaettriger-sonnentau-drosera-rotundifolia-vnp-stiftung.jpg\",\"2048x2048\":\"https:\\\/\\\/www.verein-naturschutzpark.de\\\/wp-content\\\/uploads\\\/rundblaettriger-sonnentau-drosera-rotundifolia-vnp-stiftung.jpg\",\"full\":\"https:\\\/\\\/www.verein-naturschutzpark.de\\\/wp-content\\\/uploads\\\/rundblaettriger-sonnentau-drosera-rotundifolia-vnp-stiftung.jpg\",\"index\":3,\"id\":3139,\"video\":false,\"opts\":{\"caption\":\"Round-leaved sundew (Drosera rotundifolia)\",\"thumb\":\"https:\\\/\\\/www.verein-naturschutzpark.de\\\/wp-content\\\/uploads\\\/rundblaettriger-sonnentau-drosera-rotundifolia-vnp-stiftung-75x50_c.jpg\",\"title\":\"rundblaettriger-sonnentau-drosera-rotundifolia-vnp-stiftung\"},\"gallery_id\":\"6444\"},{\"status\":\"active\",\"src\":\"https:\\\/\\\/www.verein-naturschutzpark.de\\\/wp-content\\\/uploads\\\/teppich-aus-verschiedenen-torfmoosen-vnp-stiftung.jpg\",\"title\":\"Carpet of various sphagnum mosses | VNP Verein Naturschutzpark\",\"link\":\"https:\\\/\\\/www.verein-naturschutzpark.de\\\/wp-content\\\/uploads\\\/teppich-aus-verschiedenen-torfmoosen-vnp-stiftung.jpg\",\"alt\":\"Carpet of various sphagnum mosses | VNP Verein Naturschutzpark\",\"caption\":\"Carpet of various sphagnum mosses\",\"thumb\":\"https:\\\/\\\/www.verein-naturschutzpark.de\\\/wp-content\\\/uploads\\\/teppich-aus-verschiedenen-torfmoosen-vnp-stiftung-75x50_c.jpg\",\"meta\":{\"aperture\":\"3.6\",\"credit\":null,\"camera\":\"DMC-FZ50\",\"caption\":\"\",\"created_timestamp\":\"1309338674\",\"copyright\":null,\"focal_length\":\"41.3\",\"iso\":\"100\",\"shutter_speed\":\"0.005\",\"title\":\"\",\"orientation\":null,\"keywords\":null},\"thumbnail\":\"https:\\\/\\\/www.verein-naturschutzpark.de\\\/wp-content\\\/uploads\\\/teppich-aus-verschiedenen-torfmoosen-vnp-stiftung-150x150.jpg\",\"medium\":\"https:\\\/\\\/www.verein-naturschutzpark.de\\\/wp-content\\\/uploads\\\/teppich-aus-verschiedenen-torfmoosen-vnp-stiftung-400x400.jpg\",\"medium_large\":\"https:\\\/\\\/www.verein-naturschutzpark.de\\\/wp-content\\\/uploads\\\/teppich-aus-verschiedenen-torfmoosen-vnp-stiftung-768x768.jpg\",\"large\":\"https:\\\/\\\/www.verein-naturschutzpark.de\\\/wp-content\\\/uploads\\\/teppich-aus-verschiedenen-torfmoosen-vnp-stiftung.jpg\",\"thumblist\":\"https:\\\/\\\/www.verein-naturschutzpark.de\\\/wp-content\\\/uploads\\\/teppich-aus-verschiedenen-torfmoosen-vnp-stiftung.jpg\",\"thumbrelated\":\"https:\\\/\\\/www.verein-naturschutzpark.de\\\/wp-content\\\/uploads\\\/teppich-aus-verschiedenen-torfmoosen-vnp-stiftung.jpg\",\"meccarouselthumb\":\"https:\\\/\\\/www.verein-naturschutzpark.de\\\/wp-content\\\/uploads\\\/teppich-aus-verschiedenen-torfmoosen-vnp-stiftung.jpg\",\"gridsquare\":\"https:\\\/\\\/www.verein-naturschutzpark.de\\\/wp-content\\\/uploads\\\/teppich-aus-verschiedenen-torfmoosen-vnp-stiftung.jpg\",\"tileview\":\"https:\\\/\\\/www.verein-naturschutzpark.de\\\/wp-content\\\/uploads\\\/teppich-aus-verschiedenen-torfmoosen-vnp-stiftung.jpg\",\"1536x1536\":\"https:\\\/\\\/www.verein-naturschutzpark.de\\\/wp-content\\\/uploads\\\/teppich-aus-verschiedenen-torfmoosen-vnp-stiftung.jpg\",\"2048x2048\":\"https:\\\/\\\/www.verein-naturschutzpark.de\\\/wp-content\\\/uploads\\\/teppich-aus-verschiedenen-torfmoosen-vnp-stiftung.jpg\",\"full\":\"https:\\\/\\\/www.verein-naturschutzpark.de\\\/wp-content\\\/uploads\\\/teppich-aus-verschiedenen-torfmoosen-vnp-stiftung.jpg\",\"index\":4,\"id\":3147,\"video\":false,\"opts\":{\"caption\":\"Carpet of various sphagnum mosses\",\"thumb\":\"https:\\\/\\\/www.verein-naturschutzpark.de\\\/wp-content\\\/uploads\\\/teppich-aus-verschiedenen-torfmoosen-vnp-stiftung-75x50_c.jpg\",\"title\":\"Carpet of various sphagnum mosses | VNP Verein Naturschutzpark\"},\"gallery_id\":\"6444\"},{\"status\":\"active\",\"src\":\"https:\\\/\\\/www.verein-naturschutzpark.de\\\/wp-content\\\/uploads\\\/kraehenbeere-empetrum-nigrum-vnp-stiftung.jpg\",\"title\":\"Crowberry (Empetrum nigrum)\",\"link\":\"https:\\\/\\\/www.verein-naturschutzpark.de\\\/wp-content\\\/uploads\\\/kraehenbeere-empetrum-nigrum-vnp-stiftung.jpg\",\"alt\":\"Crowberry (Empetrum nigrum) | VNP Stiftung\",\"caption\":\"Crowberry (Empetrum nigrum)\",\"thumb\":\"https:\\\/\\\/www.verein-naturschutzpark.de\\\/wp-content\\\/uploads\\\/kraehenbeere-empetrum-nigrum-vnp-stiftung-75x50_c.jpg\",\"meta\":{\"aperture\":\"5\",\"credit\":null,\"camera\":\"E990\",\"caption\":\"\",\"created_timestamp\":\"-62169984000\",\"copyright\":null,\"focal_length\":\"19\",\"iso\":\"100\",\"shutter_speed\":\"0.0082034454470878\",\"title\":\"\",\"orientation\":null,\"keywords\":null},\"thumbnail\":\"https:\\\/\\\/www.verein-naturschutzpark.de\\\/wp-content\\\/uploads\\\/kraehenbeere-empetrum-nigrum-vnp-stiftung-150x150.jpg\",\"medium\":\"https:\\\/\\\/www.verein-naturschutzpark.de\\\/wp-content\\\/uploads\\\/kraehenbeere-empetrum-nigrum-vnp-stiftung-400x400.jpg\",\"medium_large\":\"https:\\\/\\\/www.verein-naturschutzpark.de\\\/wp-content\\\/uploads\\\/kraehenbeere-empetrum-nigrum-vnp-stiftung-768x768.jpg\",\"large\":\"https:\\\/\\\/www.verein-naturschutzpark.de\\\/wp-content\\\/uploads\\\/kraehenbeere-empetrum-nigrum-vnp-stiftung.jpg\",\"thumblist\":\"https:\\\/\\\/www.verein-naturschutzpark.de\\\/wp-content\\\/uploads\\\/kraehenbeere-empetrum-nigrum-vnp-stiftung.jpg\",\"thumbrelated\":\"https:\\\/\\\/www.verein-naturschutzpark.de\\\/wp-content\\\/uploads\\\/kraehenbeere-empetrum-nigrum-vnp-stiftung.jpg\",\"meccarouselthumb\":\"https:\\\/\\\/www.verein-naturschutzpark.de\\\/wp-content\\\/uploads\\\/kraehenbeere-empetrum-nigrum-vnp-stiftung.jpg\",\"gridsquare\":\"https:\\\/\\\/www.verein-naturschutzpark.de\\\/wp-content\\\/uploads\\\/kraehenbeere-empetrum-nigrum-vnp-stiftung.jpg\",\"tileview\":\"https:\\\/\\\/www.verein-naturschutzpark.de\\\/wp-content\\\/uploads\\\/kraehenbeere-empetrum-nigrum-vnp-stiftung.jpg\",\"1536x1536\":\"https:\\\/\\\/www.verein-naturschutzpark.de\\\/wp-content\\\/uploads\\\/kraehenbeere-empetrum-nigrum-vnp-stiftung.jpg\",\"2048x2048\":\"https:\\\/\\\/www.verein-naturschutzpark.de\\\/wp-content\\\/uploads\\\/kraehenbeere-empetrum-nigrum-vnp-stiftung.jpg\",\"full\":\"https:\\\/\\\/www.verein-naturschutzpark.de\\\/wp-content\\\/uploads\\\/kraehenbeere-empetrum-nigrum-vnp-stiftung.jpg\",\"index\":5,\"id\":3121,\"video\":false,\"opts\":{\"caption\":\"Crowberry (Empetrum nigrum)\",\"thumb\":\"https:\\\/\\\/www.verein-naturschutzpark.de\\\/wp-content\\\/uploads\\\/kraehenbeere-empetrum-nigrum-vnp-stiftung-75x50_c.jpg\",\"title\":\"Crowberry (Empetrum nigrum)\"},\"gallery_id\":\"6444\"},{\"status\":\"active\",\"src\":\"https:\\\/\\\/www.verein-naturschutzpark.de\\\/wp-content\\\/uploads\\\/moorlilie-narthecium-ossifragum-vnp-stiftung.jpg\",\"title\":\"Bog asphodel (Narthecium ossifragum)\",\"link\":\"https:\\\/\\\/www.verein-naturschutzpark.de\\\/wp-content\\\/uploads\\\/moorlilie-narthecium-ossifragum-vnp-stiftung.jpg\",\"alt\":\"Bog asphodel (Narthecium ossifragum) | VNP Stiftung\",\"caption\":\"Bog asphodel (Narthecium ossifragum)\",\"thumb\":\"https:\\\/\\\/www.verein-naturschutzpark.de\\\/wp-content\\\/uploads\\\/moorlilie-narthecium-ossifragum-vnp-stiftung-75x50_c.jpg\",\"meta\":{\"aperture\":\"13\",\"credit\":\"unknown\",\"camera\":\"Canon EOS 350D DIGITAL\",\"caption\":\"\",\"created_timestamp\":\"1309338739\",\"copyright\":null,\"focal_length\":\"60\",\"iso\":\"200\",\"shutter_speed\":\"0.008\",\"title\":\"\",\"orientation\":null,\"keywords\":null},\"thumbnail\":\"https:\\\/\\\/www.verein-naturschutzpark.de\\\/wp-content\\\/uploads\\\/moorlilie-narthecium-ossifragum-vnp-stiftung-150x150.jpg\",\"medium\":\"https:\\\/\\\/www.verein-naturschutzpark.de\\\/wp-content\\\/uploads\\\/moorlilie-narthecium-ossifragum-vnp-stiftung-400x400.jpg\",\"medium_large\":\"https:\\\/\\\/www.verein-naturschutzpark.de\\\/wp-content\\\/uploads\\\/moorlilie-narthecium-ossifragum-vnp-stiftung-768x768.jpg\",\"large\":\"https:\\\/\\\/www.verein-naturschutzpark.de\\\/wp-content\\\/uploads\\\/moorlilie-narthecium-ossifragum-vnp-stiftung.jpg\",\"thumblist\":\"https:\\\/\\\/www.verein-naturschutzpark.de\\\/wp-content\\\/uploads\\\/moorlilie-narthecium-ossifragum-vnp-stiftung.jpg\",\"thumbrelated\":\"https:\\\/\\\/www.verein-naturschutzpark.de\\\/wp-content\\\/uploads\\\/moorlilie-narthecium-ossifragum-vnp-stiftung.jpg\",\"meccarouselthumb\":\"https:\\\/\\\/www.verein-naturschutzpark.de\\\/wp-content\\\/uploads\\\/moorlilie-narthecium-ossifragum-vnp-stiftung.jpg\",\"gridsquare\":\"https:\\\/\\\/www.verein-naturschutzpark.de\\\/wp-content\\\/uploads\\\/moorlilie-narthecium-ossifragum-vnp-stiftung.jpg\",\"tileview\":\"https:\\\/\\\/www.verein-naturschutzpark.de\\\/wp-content\\\/uploads\\\/moorlilie-narthecium-ossifragum-vnp-stiftung.jpg\",\"1536x1536\":\"https:\\\/\\\/www.verein-naturschutzpark.de\\\/wp-content\\\/uploads\\\/moorlilie-narthecium-ossifragum-vnp-stiftung.jpg\",\"2048x2048\":\"https:\\\/\\\/www.verein-naturschutzpark.de\\\/wp-content\\\/uploads\\\/moorlilie-narthecium-ossifragum-vnp-stiftung.jpg\",\"full\":\"https:\\\/\\\/www.verein-naturschutzpark.de\\\/wp-content\\\/uploads\\\/moorlilie-narthecium-ossifragum-vnp-stiftung.jpg\",\"index\":6,\"id\":3127,\"video\":false,\"opts\":{\"caption\":\"Bog asphodel (Narthecium ossifragum)\",\"thumb\":\"https:\\\/\\\/www.verein-naturschutzpark.de\\\/wp-content\\\/uploads\\\/moorlilie-narthecium-ossifragum-vnp-stiftung-75x50_c.jpg\",\"title\":\"Bog asphodel (Narthecium ossifragum)\"},\"gallery_id\":\"6444\"},{\"status\":\"active\",\"src\":\"https:\\\/\\\/www.verein-naturschutzpark.de\\\/wp-content\\\/uploads\\\/glockenheide-erica-tetralix-vnp-stiftung.jpg\",\"title\":\"Cross-leaved heath (Erica tetralix)\",\"link\":\"https:\\\/\\\/www.verein-naturschutzpark.de\\\/wp-content\\\/uploads\\\/glockenheide-erica-tetralix-vnp-stiftung.jpg\",\"alt\":\"Cross-leaved heath (Erica tetralix) | VNP Stiftung\",\"caption\":\"Cross-leaved heath (Erica tetralix)\",\"thumb\":\"https:\\\/\\\/www.verein-naturschutzpark.de\\\/wp-content\\\/uploads\\\/glockenheide-erica-tetralix-vnp-stiftung-75x50_c.jpg\",\"meta\":{\"aperture\":\"14\",\"credit\":null,\"camera\":\"Canon EOS 600D\",\"caption\":\"\",\"created_timestamp\":\"1341486834\",\"copyright\":null,\"focal_length\":\"55\",\"iso\":\"200\",\"shutter_speed\":\"0.01\",\"title\":\"\",\"orientation\":null,\"keywords\":null},\"thumbnail\":\"https:\\\/\\\/www.verein-naturschutzpark.de\\\/wp-content\\\/uploads\\\/glockenheide-erica-tetralix-vnp-stiftung-150x150.jpg\",\"medium\":\"https:\\\/\\\/www.verein-naturschutzpark.de\\\/wp-content\\\/uploads\\\/glockenheide-erica-tetralix-vnp-stiftung-400x400.jpg\",\"medium_large\":\"https:\\\/\\\/www.verein-naturschutzpark.de\\\/wp-content\\\/uploads\\\/glockenheide-erica-tetralix-vnp-stiftung-768x768.jpg\",\"large\":\"https:\\\/\\\/www.verein-naturschutzpark.de\\\/wp-content\\\/uploads\\\/glockenheide-erica-tetralix-vnp-stiftung.jpg\",\"thumblist\":\"https:\\\/\\\/www.verein-naturschutzpark.de\\\/wp-content\\\/uploads\\\/glockenheide-erica-tetralix-vnp-stiftung.jpg\",\"thumbrelated\":\"https:\\\/\\\/www.verein-naturschutzpark.de\\\/wp-content\\\/uploads\\\/glockenheide-erica-tetralix-vnp-stiftung.jpg\",\"meccarouselthumb\":\"https:\\\/\\\/www.verein-naturschutzpark.de\\\/wp-content\\\/uploads\\\/glockenheide-erica-tetralix-vnp-stiftung.jpg\",\"gridsquare\":\"https:\\\/\\\/www.verein-naturschutzpark.de\\\/wp-content\\\/uploads\\\/glockenheide-erica-tetralix-vnp-stiftung.jpg\",\"tileview\":\"https:\\\/\\\/www.verein-naturschutzpark.de\\\/wp-content\\\/uploads\\\/glockenheide-erica-tetralix-vnp-stiftung.jpg\",\"1536x1536\":\"https:\\\/\\\/www.verein-naturschutzpark.de\\\/wp-content\\\/uploads\\\/glockenheide-erica-tetralix-vnp-stiftung.jpg\",\"2048x2048\":\"https:\\\/\\\/www.verein-naturschutzpark.de\\\/wp-content\\\/uploads\\\/glockenheide-erica-tetralix-vnp-stiftung.jpg\",\"full\":\"https:\\\/\\\/www.verein-naturschutzpark.de\\\/wp-content\\\/uploads\\\/glockenheide-erica-tetralix-vnp-stiftung.jpg\",\"index\":7,\"id\":3117,\"video\":false,\"opts\":{\"caption\":\"Cross-leaved heath (Erica tetralix)\",\"thumb\":\"https:\\\/\\\/www.verein-naturschutzpark.de\\\/wp-content\\\/uploads\\\/glockenheide-erica-tetralix-vnp-stiftung-75x50_c.jpg\",\"title\":\"Cross-leaved heath (Erica tetralix)\"},\"gallery_id\":\"6444\"},{\"status\":\"active\",\"src\":\"https:\\\/\\\/www.verein-naturschutzpark.de\\\/wp-content\\\/uploads\\\/bluehender-thymian-naturschutzgebiet-lueneburger-heide-1.jpg\",\"title\":\"Flowering thyme in the Lueneburg Heath nature reserve | VNP Stiftung\",\"link\":\"https:\\\/\\\/www.verein-naturschutzpark.de\\\/wp-content\\\/uploads\\\/bluehender-thymian-naturschutzgebiet-lueneburger-heide-1.jpg\",\"alt\":\"Flowering thyme in the Lueneburg Heath nature reserve | VNP Stiftung\",\"caption\":\"Flowering thyme\",\"thumb\":\"https:\\\/\\\/www.verein-naturschutzpark.de\\\/wp-content\\\/uploads\\\/bluehender-thymian-naturschutzgebiet-lueneburger-heide-1-75x50_c.jpg\",\"meta\":{\"aperture\":\"5.6\",\"credit\":null,\"camera\":\"E-M5\",\"caption\":\"OLYMPUS DIGITAL CAMERA\",\"created_timestamp\":\"1562841282\",\"copyright\":null,\"focal_length\":\"140\",\"iso\":\"200\",\"shutter_speed\":\"0.003125\",\"title\":\"OLYMPUS DIGITAL CAMERA\",\"orientation\":null,\"keywords\":null,\"resized_images\":null},\"thumbnail\":\"https:\\\/\\\/www.verein-naturschutzpark.de\\\/wp-content\\\/uploads\\\/bluehender-thymian-naturschutzgebiet-lueneburger-heide-1-150x100.jpg\",\"medium\":\"https:\\\/\\\/www.verein-naturschutzpark.de\\\/wp-content\\\/uploads\\\/bluehender-thymian-naturschutzgebiet-lueneburger-heide-1-400x267.jpg\",\"medium_large\":\"https:\\\/\\\/www.verein-naturschutzpark.de\\\/wp-content\\\/uploads\\\/bluehender-thymian-naturschutzgebiet-lueneburger-heide-1-768x512.jpg\",\"large\":\"https:\\\/\\\/www.verein-naturschutzpark.de\\\/wp-content\\\/uploads\\\/bluehender-thymian-naturschutzgebiet-lueneburger-heide-1-1024x683.jpg\",\"thumblist\":\"https:\\\/\\\/www.verein-naturschutzpark.de\\\/wp-content\\\/uploads\\\/bluehender-thymian-naturschutzgebiet-lueneburger-heide-1.jpg\",\"thumbrelated\":\"https:\\\/\\\/www.verein-naturschutzpark.de\\\/wp-content\\\/uploads\\\/bluehender-thymian-naturschutzgebiet-lueneburger-heide-1.jpg\",\"meccarouselthumb\":\"https:\\\/\\\/www.verein-naturschutzpark.de\\\/wp-content\\\/uploads\\\/bluehender-thymian-naturschutzgebiet-lueneburger-heide-1.jpg\",\"gridsquare\":\"https:\\\/\\\/www.verein-naturschutzpark.de\\\/wp-content\\\/uploads\\\/bluehender-thymian-naturschutzgebiet-lueneburger-heide-1.jpg\",\"tileview\":\"https:\\\/\\\/www.verein-naturschutzpark.de\\\/wp-content\\\/uploads\\\/bluehender-thymian-naturschutzgebiet-lueneburger-heide-1.jpg\",\"1536x1536\":\"https:\\\/\\\/www.verein-naturschutzpark.de\\\/wp-content\\\/uploads\\\/bluehender-thymian-naturschutzgebiet-lueneburger-heide-1-1536x1024.jpg\",\"2048x2048\":\"https:\\\/\\\/www.verein-naturschutzpark.de\\\/wp-content\\\/uploads\\\/bluehender-thymian-naturschutzgebiet-lueneburger-heide-1.jpg\",\"full\":\"https:\\\/\\\/www.verein-naturschutzpark.de\\\/wp-content\\\/uploads\\\/bluehender-thymian-naturschutzgebiet-lueneburger-heide-1.jpg\",\"index\":8,\"id\":5284,\"video\":false,\"opts\":{\"caption\":\"Flowering thyme\",\"thumb\":\"https:\\\/\\\/www.verein-naturschutzpark.de\\\/wp-content\\\/uploads\\\/bluehender-thymian-naturschutzgebiet-lueneburger-heide-1-75x50_c.jpg\",\"title\":\"Flowering thyme in the Lueneburg Heath nature reserve | VNP Stiftung\"},\"gallery_id\":\"6444\"},{\"status\":\"active\",\"src\":\"https:\\\/\\\/www.verein-naturschutzpark.de\\\/wp-content\\\/uploads\\\/thymian-heideblaeuling-vnp-stiftung.jpg\",\"title\":\"Thyme with butterflies | VNP Verein Naturschutzpark\",\"link\":\"https:\\\/\\\/www.verein-naturschutzpark.de\\\/wp-content\\\/uploads\\\/thymian-heideblaeuling-vnp-stiftung.jpg\",\"alt\":\"Thyme with butterflies | VNP Verein Naturschutzpark\",\"caption\":\"Thyme with butterflies\",\"thumb\":\"https:\\\/\\\/www.verein-naturschutzpark.de\\\/wp-content\\\/uploads\\\/thymian-heideblaeuling-vnp-stiftung-75x50_c.jpg\",\"meta\":{\"aperture\":\"16\",\"credit\":\"unknown\",\"camera\":\"Canon EOS 350D DIGITAL\",\"caption\":\"\",\"created_timestamp\":\"1279024643\",\"copyright\":null,\"focal_length\":\"60\",\"iso\":\"200\",\"shutter_speed\":\"0.005\",\"title\":\"\",\"orientation\":null,\"keywords\":null},\"thumbnail\":\"https:\\\/\\\/www.verein-naturschutzpark.de\\\/wp-content\\\/uploads\\\/thymian-heideblaeuling-vnp-stiftung-150x150.jpg\",\"medium\":\"https:\\\/\\\/www.verein-naturschutzpark.de\\\/wp-content\\\/uploads\\\/thymian-heideblaeuling-vnp-stiftung-400x400.jpg\",\"medium_large\":\"https:\\\/\\\/www.verein-naturschutzpark.de\\\/wp-content\\\/uploads\\\/thymian-heideblaeuling-vnp-stiftung-768x768.jpg\",\"large\":\"https:\\\/\\\/www.verein-naturschutzpark.de\\\/wp-content\\\/uploads\\\/thymian-heideblaeuling-vnp-stiftung.jpg\",\"thumblist\":\"https:\\\/\\\/www.verein-naturschutzpark.de\\\/wp-content\\\/uploads\\\/thymian-heideblaeuling-vnp-stiftung.jpg\",\"thumbrelated\":\"https:\\\/\\\/www.verein-naturschutzpark.de\\\/wp-content\\\/uploads\\\/thymian-heideblaeuling-vnp-stiftung.jpg\",\"meccarouselthumb\":\"https:\\\/\\\/www.verein-naturschutzpark.de\\\/wp-content\\\/uploads\\\/thymian-heideblaeuling-vnp-stiftung.jpg\",\"gridsquare\":\"https:\\\/\\\/www.verein-naturschutzpark.de\\\/wp-content\\\/uploads\\\/thymian-heideblaeuling-vnp-stiftung.jpg\",\"tileview\":\"https:\\\/\\\/www.verein-naturschutzpark.de\\\/wp-content\\\/uploads\\\/thymian-heideblaeuling-vnp-stiftung.jpg\",\"1536x1536\":\"https:\\\/\\\/www.verein-naturschutzpark.de\\\/wp-content\\\/uploads\\\/thymian-heideblaeuling-vnp-stiftung.jpg\",\"2048x2048\":\"https:\\\/\\\/www.verein-naturschutzpark.de\\\/wp-content\\\/uploads\\\/thymian-heideblaeuling-vnp-stiftung.jpg\",\"full\":\"https:\\\/\\\/www.verein-naturschutzpark.de\\\/wp-content\\\/uploads\\\/thymian-heideblaeuling-vnp-stiftung.jpg\",\"index\":9,\"id\":3149,\"video\":false,\"opts\":{\"caption\":\"Thyme with butterflies\",\"thumb\":\"https:\\\/\\\/www.verein-naturschutzpark.de\\\/wp-content\\\/uploads\\\/thymian-heideblaeuling-vnp-stiftung-75x50_c.jpg\",\"title\":\"Thyme with butterflies | VNP Verein Naturschutzpark\"},\"gallery_id\":\"6444\"},{\"status\":\"active\",\"src\":\"https:\\\/\\\/www.verein-naturschutzpark.de\\\/wp-content\\\/uploads\\\/wacholder-juniperus-communis-vnp-stiftung.jpg\",\"title\":\"Juniper (Juniperus communis)\",\"link\":\"https:\\\/\\\/www.verein-naturschutzpark.de\\\/wp-content\\\/uploads\\\/wacholder-juniperus-communis-vnp-stiftung.jpg\",\"alt\":\"Juniper (Juniperus communis) | VNP Stiftung\",\"caption\":\"Juniper (Juniperus communis)\",\"thumb\":\"https:\\\/\\\/www.verein-naturschutzpark.de\\\/wp-content\\\/uploads\\\/wacholder-juniperus-communis-vnp-stiftung-75x50_c.jpg\",\"meta\":{\"aperture\":\"3.9\",\"credit\":null,\"camera\":\"E990\",\"caption\":\"Rund um Wilsede,\",\"created_timestamp\":\"-62169984000\",\"copyright\":null,\"focal_length\":\"8.2\",\"iso\":\"100\",\"shutter_speed\":\"0.0068027210884354\",\"title\":\"Rund um Wilsede,\",\"orientation\":null,\"keywords\":null,\"resized_images\":null},\"thumbnail\":\"https:\\\/\\\/www.verein-naturschutzpark.de\\\/wp-content\\\/uploads\\\/wacholder-juniperus-communis-vnp-stiftung-150x150.jpg\",\"medium\":\"https:\\\/\\\/www.verein-naturschutzpark.de\\\/wp-content\\\/uploads\\\/wacholder-juniperus-communis-vnp-stiftung-400x400.jpg\",\"medium_large\":\"https:\\\/\\\/www.verein-naturschutzpark.de\\\/wp-content\\\/uploads\\\/wacholder-juniperus-communis-vnp-stiftung-768x768.jpg\",\"large\":\"https:\\\/\\\/www.verein-naturschutzpark.de\\\/wp-content\\\/uploads\\\/wacholder-juniperus-communis-vnp-stiftung.jpg\",\"thumblist\":\"https:\\\/\\\/www.verein-naturschutzpark.de\\\/wp-content\\\/uploads\\\/wacholder-juniperus-communis-vnp-stiftung.jpg\",\"thumbrelated\":\"https:\\\/\\\/www.verein-naturschutzpark.de\\\/wp-content\\\/uploads\\\/wacholder-juniperus-communis-vnp-stiftung.jpg\",\"meccarouselthumb\":\"https:\\\/\\\/www.verein-naturschutzpark.de\\\/wp-content\\\/uploads\\\/wacholder-juniperus-communis-vnp-stiftung.jpg\",\"gridsquare\":\"https:\\\/\\\/www.verein-naturschutzpark.de\\\/wp-content\\\/uploads\\\/wacholder-juniperus-communis-vnp-stiftung.jpg\",\"tileview\":\"https:\\\/\\\/www.verein-naturschutzpark.de\\\/wp-content\\\/uploads\\\/wacholder-juniperus-communis-vnp-stiftung.jpg\",\"1536x1536\":\"https:\\\/\\\/www.verein-naturschutzpark.de\\\/wp-content\\\/uploads\\\/wacholder-juniperus-communis-vnp-stiftung.jpg\",\"2048x2048\":\"https:\\\/\\\/www.verein-naturschutzpark.de\\\/wp-content\\\/uploads\\\/wacholder-juniperus-communis-vnp-stiftung.jpg\",\"full\":\"https:\\\/\\\/www.verein-naturschutzpark.de\\\/wp-content\\\/uploads\\\/wacholder-juniperus-communis-vnp-stiftung.jpg\",\"index\":10,\"id\":3151,\"video\":false,\"opts\":{\"caption\":\"Juniper (Juniperus communis)\",\"thumb\":\"https:\\\/\\\/www.verein-naturschutzpark.de\\\/wp-content\\\/uploads\\\/wacholder-juniperus-communis-vnp-stiftung-75x50_c.jpg\",\"title\":\"Juniper (Juniperus communis)\"},\"gallery_id\":\"6444\"},{\"status\":\"active\",\"src\":\"https:\\\/\\\/www.verein-naturschutzpark.de\\\/wp-content\\\/uploads\\\/wacholder-mit-beeren-vnp-verein-naturschutzpark.jpg\",\"title\":\"Juniper with berries | VNP Verein Naturschutzpark\",\"link\":\"https:\\\/\\\/www.verein-naturschutzpark.de\\\/wp-content\\\/uploads\\\/wacholder-mit-beeren-vnp-verein-naturschutzpark.jpg\",\"alt\":\"Juniper with berries | VNP Verein Naturschutzpark\",\"caption\":\"Juniper with berries\",\"thumb\":\"https:\\\/\\\/www.verein-naturschutzpark.de\\\/wp-content\\\/uploads\\\/wacholder-mit-beeren-vnp-verein-naturschutzpark-75x50_c.jpg\",\"meta\":{\"aperture\":\"6\",\"credit\":null,\"camera\":\"E-M5\",\"caption\":\"OLYMPUS DIGITAL CAMERA\",\"created_timestamp\":\"1443621510\",\"copyright\":null,\"focal_length\":\"43\",\"iso\":\"400\",\"shutter_speed\":\"0.01\",\"title\":\"OLYMPUS DIGITAL CAMERA\",\"orientation\":null,\"keywords\":null,\"resized_images\":null},\"thumbnail\":\"https:\\\/\\\/www.verein-naturschutzpark.de\\\/wp-content\\\/uploads\\\/wacholder-mit-beeren-vnp-verein-naturschutzpark-150x100.jpg\",\"medium\":\"https:\\\/\\\/www.verein-naturschutzpark.de\\\/wp-content\\\/uploads\\\/wacholder-mit-beeren-vnp-verein-naturschutzpark-400x267.jpg\",\"medium_large\":\"https:\\\/\\\/www.verein-naturschutzpark.de\\\/wp-content\\\/uploads\\\/wacholder-mit-beeren-vnp-verein-naturschutzpark-768x512.jpg\",\"large\":\"https:\\\/\\\/www.verein-naturschutzpark.de\\\/wp-content\\\/uploads\\\/wacholder-mit-beeren-vnp-verein-naturschutzpark-1024x683.jpg\",\"thumblist\":\"https:\\\/\\\/www.verein-naturschutzpark.de\\\/wp-content\\\/uploads\\\/wacholder-mit-beeren-vnp-verein-naturschutzpark.jpg\",\"thumbrelated\":\"https:\\\/\\\/www.verein-naturschutzpark.de\\\/wp-content\\\/uploads\\\/wacholder-mit-beeren-vnp-verein-naturschutzpark.jpg\",\"meccarouselthumb\":\"https:\\\/\\\/www.verein-naturschutzpark.de\\\/wp-content\\\/uploads\\\/wacholder-mit-beeren-vnp-verein-naturschutzpark.jpg\",\"gridsquare\":\"https:\\\/\\\/www.verein-naturschutzpark.de\\\/wp-content\\\/uploads\\\/wacholder-mit-beeren-vnp-verein-naturschutzpark.jpg\",\"tileview\":\"https:\\\/\\\/www.verein-naturschutzpark.de\\\/wp-content\\\/uploads\\\/wacholder-mit-beeren-vnp-verein-naturschutzpark.jpg\",\"1536x1536\":\"https:\\\/\\\/www.verein-naturschutzpark.de\\\/wp-content\\\/uploads\\\/wacholder-mit-beeren-vnp-verein-naturschutzpark-1536x1024.jpg\",\"2048x2048\":\"https:\\\/\\\/www.verein-naturschutzpark.de\\\/wp-content\\\/uploads\\\/wacholder-mit-beeren-vnp-verein-naturschutzpark.jpg\",\"full\":\"https:\\\/\\\/www.verein-naturschutzpark.de\\\/wp-content\\\/uploads\\\/wacholder-mit-beeren-vnp-verein-naturschutzpark.jpg\",\"index\":11,\"id\":6228,\"video\":false,\"opts\":{\"caption\":\"Juniper with berries\",\"thumb\":\"https:\\\/\\\/www.verein-naturschutzpark.de\\\/wp-content\\\/uploads\\\/wacholder-mit-beeren-vnp-verein-naturschutzpark-75x50_c.jpg\",\"title\":\"Juniper with berries | VNP Verein Naturschutzpark\"},\"gallery_id\":\"6444\"},{\"status\":\"active\",\"src\":\"https:\\\/\\\/www.verein-naturschutzpark.de\\\/wp-content\\\/uploads\\\/detail-bluehende-besenheide-calluna-vulgaris-vnp-stiftung-1.jpg\",\"title\":\"Heather blossoming: Flowering broom heather (Calluna Vulgaris) | Photo: VNP Stiftung Naturschutzpark L&uuml;neburger Heide\",\"link\":\"https:\\\/\\\/www.verein-naturschutzpark.de\\\/wp-content\\\/uploads\\\/detail-bluehende-besenheide-calluna-vulgaris-vnp-stiftung-1.jpg\",\"alt\":\"Heather blossoming: Flowering broom heather (Calluna Vulgaris) | Photo: VNP Stiftung Naturschutzpark L&uuml;neburger Heide\",\"caption\":\"Flowering broom heather (Calluna Vulgaris)\",\"thumb\":\"https:\\\/\\\/www.verein-naturschutzpark.de\\\/wp-content\\\/uploads\\\/detail-bluehende-besenheide-calluna-vulgaris-vnp-stiftung-1-75x50_c.jpg\",\"meta\":{\"aperture\":\"10\",\"credit\":null,\"camera\":\"NIKON D300\",\"caption\":\"\",\"created_timestamp\":\"1245419686\",\"copyright\":null,\"focal_length\":\"60\",\"iso\":\"200\",\"shutter_speed\":\"0.00625\",\"title\":\"\",\"orientation\":\"1\",\"keywords\":null},\"thumbnail\":\"https:\\\/\\\/www.verein-naturschutzpark.de\\\/wp-content\\\/uploads\\\/detail-bluehende-besenheide-calluna-vulgaris-vnp-stiftung-1-150x100.jpg\",\"medium\":\"https:\\\/\\\/www.verein-naturschutzpark.de\\\/wp-content\\\/uploads\\\/detail-bluehende-besenheide-calluna-vulgaris-vnp-stiftung-1-400x266.jpg\",\"medium_large\":\"https:\\\/\\\/www.verein-naturschutzpark.de\\\/wp-content\\\/uploads\\\/detail-bluehende-besenheide-calluna-vulgaris-vnp-stiftung-1-768x510.jpg\",\"large\":\"https:\\\/\\\/www.verein-naturschutzpark.de\\\/wp-content\\\/uploads\\\/detail-bluehende-besenheide-calluna-vulgaris-vnp-stiftung-1-1024x680.jpg\",\"thumblist\":\"https:\\\/\\\/www.verein-naturschutzpark.de\\\/wp-content\\\/uploads\\\/detail-bluehende-besenheide-calluna-vulgaris-vnp-stiftung-1.jpg\",\"thumbrelated\":\"https:\\\/\\\/www.verein-naturschutzpark.de\\\/wp-content\\\/uploads\\\/detail-bluehende-besenheide-calluna-vulgaris-vnp-stiftung-1.jpg\",\"meccarouselthumb\":\"https:\\\/\\\/www.verein-naturschutzpark.de\\\/wp-content\\\/uploads\\\/detail-bluehende-besenheide-calluna-vulgaris-vnp-stiftung-1.jpg\",\"gridsquare\":\"https:\\\/\\\/www.verein-naturschutzpark.de\\\/wp-content\\\/uploads\\\/detail-bluehende-besenheide-calluna-vulgaris-vnp-stiftung-1.jpg\",\"tileview\":\"https:\\\/\\\/www.verein-naturschutzpark.de\\\/wp-content\\\/uploads\\\/detail-bluehende-besenheide-calluna-vulgaris-vnp-stiftung-1.jpg\",\"1536x1536\":\"https:\\\/\\\/www.verein-naturschutzpark.de\\\/wp-content\\\/uploads\\\/detail-bluehende-besenheide-calluna-vulgaris-vnp-stiftung-1-1536x1020.jpg\",\"2048x2048\":\"https:\\\/\\\/www.verein-naturschutzpark.de\\\/wp-content\\\/uploads\\\/detail-bluehende-besenheide-calluna-vulgaris-vnp-stiftung-1-2048x1360.jpg\",\"full\":\"https:\\\/\\\/www.verein-naturschutzpark.de\\\/wp-content\\\/uploads\\\/detail-bluehende-besenheide-calluna-vulgaris-vnp-stiftung-1.jpg\",\"index\":12,\"id\":4484,\"video\":false,\"opts\":{\"caption\":\"Flowering broom heather (Calluna Vulgaris)\",\"thumb\":\"https:\\\/\\\/www.verein-naturschutzpark.de\\\/wp-content\\\/uploads\\\/detail-bluehende-besenheide-calluna-vulgaris-vnp-stiftung-1-75x50_c.jpg\",\"title\":\"Heather blossoming: Flowering broom heather (Calluna Vulgaris) | Photo: VNP Stiftung Naturschutzpark L&uuml;neburger Heide\"},\"gallery_id\":\"6444\"},{\"status\":\"active\",\"src\":\"https:\\\/\\\/www.verein-naturschutzpark.de\\\/wp-content\\\/uploads\\\/besenheide-calluna-vulgaris-vnp-stiftung.jpg\",\"title\":\"Broom heather (Calluna vulgaris)\",\"link\":\"https:\\\/\\\/www.verein-naturschutzpark.de\\\/wp-content\\\/uploads\\\/besenheide-calluna-vulgaris-vnp-stiftung.jpg\",\"alt\":\"Broom heather (Calluna vulgaris) | VNP Stiftung\",\"caption\":\"Broom heather (Calluna vulgaris)\",\"thumb\":\"https:\\\/\\\/www.verein-naturschutzpark.de\\\/wp-content\\\/uploads\\\/besenheide-calluna-vulgaris-vnp-stiftung-75x50_c.jpg\",\"meta\":{\"aperture\":\"20\",\"credit\":null,\"camera\":\"Canon EOS 600D\",\"caption\":\"\",\"created_timestamp\":\"1344675173\",\"copyright\":null,\"focal_length\":\"100\",\"iso\":\"200\",\"shutter_speed\":\"0.02\",\"title\":\"\",\"orientation\":null,\"keywords\":null,\"resized_images\":null},\"thumbnail\":\"https:\\\/\\\/www.verein-naturschutzpark.de\\\/wp-content\\\/uploads\\\/besenheide-calluna-vulgaris-vnp-stiftung-150x150.jpg\",\"medium\":\"https:\\\/\\\/www.verein-naturschutzpark.de\\\/wp-content\\\/uploads\\\/besenheide-calluna-vulgaris-vnp-stiftung-400x400.jpg\",\"medium_large\":\"https:\\\/\\\/www.verein-naturschutzpark.de\\\/wp-content\\\/uploads\\\/besenheide-calluna-vulgaris-vnp-stiftung-768x768.jpg\",\"large\":\"https:\\\/\\\/www.verein-naturschutzpark.de\\\/wp-content\\\/uploads\\\/besenheide-calluna-vulgaris-vnp-stiftung.jpg\",\"thumblist\":\"https:\\\/\\\/www.verein-naturschutzpark.de\\\/wp-content\\\/uploads\\\/besenheide-calluna-vulgaris-vnp-stiftung.jpg\",\"thumbrelated\":\"https:\\\/\\\/www.verein-naturschutzpark.de\\\/wp-content\\\/uploads\\\/besenheide-calluna-vulgaris-vnp-stiftung.jpg\",\"meccarouselthumb\":\"https:\\\/\\\/www.verein-naturschutzpark.de\\\/wp-content\\\/uploads\\\/besenheide-calluna-vulgaris-vnp-stiftung.jpg\",\"gridsquare\":\"https:\\\/\\\/www.verein-naturschutzpark.de\\\/wp-content\\\/uploads\\\/besenheide-calluna-vulgaris-vnp-stiftung.jpg\",\"tileview\":\"https:\\\/\\\/www.verein-naturschutzpark.de\\\/wp-content\\\/uploads\\\/besenheide-calluna-vulgaris-vnp-stiftung.jpg\",\"1536x1536\":\"https:\\\/\\\/www.verein-naturschutzpark.de\\\/wp-content\\\/uploads\\\/besenheide-calluna-vulgaris-vnp-stiftung.jpg\",\"2048x2048\":\"https:\\\/\\\/www.verein-naturschutzpark.de\\\/wp-content\\\/uploads\\\/besenheide-calluna-vulgaris-vnp-stiftung.jpg\",\"full\":\"https:\\\/\\\/www.verein-naturschutzpark.de\\\/wp-content\\\/uploads\\\/besenheide-calluna-vulgaris-vnp-stiftung.jpg\",\"index\":13,\"id\":3155,\"video\":false,\"opts\":{\"caption\":\"Broom heather (Calluna vulgaris)\",\"thumb\":\"https:\\\/\\\/www.verein-naturschutzpark.de\\\/wp-content\\\/uploads\\\/besenheide-calluna-vulgaris-vnp-stiftung-75x50_c.jpg\",\"title\":\"Broom heather (Calluna vulgaris)\"},\"gallery_id\":\"6444\"},{\"status\":\"active\",\"src\":\"https:\\\/\\\/www.verein-naturschutzpark.de\\\/wp-content\\\/uploads\\\/blaubeere-vaccinium-myrtillus-heidelbeere-vnp-stiftung.jpg\",\"title\":\"European blueberry (Vaccinium myrtillus)\",\"link\":\"https:\\\/\\\/www.verein-naturschutzpark.de\\\/wp-content\\\/uploads\\\/blaubeere-vaccinium-myrtillus-heidelbeere-vnp-stiftung.jpg\",\"alt\":\"European blueberry (Vaccinium myrtillus) | VNP Stiftung\",\"caption\":\"European blueberry (Vaccinium myrtillus)\",\"thumb\":\"https:\\\/\\\/www.verein-naturschutzpark.de\\\/wp-content\\\/uploads\\\/blaubeere-vaccinium-myrtillus-heidelbeere-vnp-stiftung-75x50_c.jpg\",\"meta\":{\"aperture\":\"6.3\",\"credit\":null,\"camera\":\"DMC-TZ1\",\"caption\":\"\",\"created_timestamp\":\"1156345992\",\"copyright\":null,\"focal_length\":\"13\",\"iso\":\"200\",\"shutter_speed\":\"0.0025\",\"title\":\"\",\"orientation\":null,\"keywords\":null,\"resized_images\":null},\"thumbnail\":\"https:\\\/\\\/www.verein-naturschutzpark.de\\\/wp-content\\\/uploads\\\/blaubeere-vaccinium-myrtillus-heidelbeere-vnp-stiftung-150x150.jpg\",\"medium\":\"https:\\\/\\\/www.verein-naturschutzpark.de\\\/wp-content\\\/uploads\\\/blaubeere-vaccinium-myrtillus-heidelbeere-vnp-stiftung-400x400.jpg\",\"medium_large\":\"https:\\\/\\\/www.verein-naturschutzpark.de\\\/wp-content\\\/uploads\\\/blaubeere-vaccinium-myrtillus-heidelbeere-vnp-stiftung-768x768.jpg\",\"large\":\"https:\\\/\\\/www.verein-naturschutzpark.de\\\/wp-content\\\/uploads\\\/blaubeere-vaccinium-myrtillus-heidelbeere-vnp-stiftung.jpg\",\"thumblist\":\"https:\\\/\\\/www.verein-naturschutzpark.de\\\/wp-content\\\/uploads\\\/blaubeere-vaccinium-myrtillus-heidelbeere-vnp-stiftung.jpg\",\"thumbrelated\":\"https:\\\/\\\/www.verein-naturschutzpark.de\\\/wp-content\\\/uploads\\\/blaubeere-vaccinium-myrtillus-heidelbeere-vnp-stiftung.jpg\",\"meccarouselthumb\":\"https:\\\/\\\/www.verein-naturschutzpark.de\\\/wp-content\\\/uploads\\\/blaubeere-vaccinium-myrtillus-heidelbeere-vnp-stiftung.jpg\",\"gridsquare\":\"https:\\\/\\\/www.verein-naturschutzpark.de\\\/wp-content\\\/uploads\\\/blaubeere-vaccinium-myrtillus-heidelbeere-vnp-stiftung.jpg\",\"tileview\":\"https:\\\/\\\/www.verein-naturschutzpark.de\\\/wp-content\\\/uploads\\\/blaubeere-vaccinium-myrtillus-heidelbeere-vnp-stiftung.jpg\",\"1536x1536\":\"https:\\\/\\\/www.verein-naturschutzpark.de\\\/wp-content\\\/uploads\\\/blaubeere-vaccinium-myrtillus-heidelbeere-vnp-stiftung.jpg\",\"2048x2048\":\"https:\\\/\\\/www.verein-naturschutzpark.de\\\/wp-content\\\/uploads\\\/blaubeere-vaccinium-myrtillus-heidelbeere-vnp-stiftung.jpg\",\"full\":\"https:\\\/\\\/www.verein-naturschutzpark.de\\\/wp-content\\\/uploads\\\/blaubeere-vaccinium-myrtillus-heidelbeere-vnp-stiftung.jpg\",\"index\":14,\"id\":3105,\"video\":false,\"opts\":{\"caption\":\"European blueberry (Vaccinium myrtillus)\",\"thumb\":\"https:\\\/\\\/www.verein-naturschutzpark.de\\\/wp-content\\\/uploads\\\/blaubeere-vaccinium-myrtillus-heidelbeere-vnp-stiftung-75x50_c.jpg\",\"title\":\"European blueberry (Vaccinium myrtillus)\"},\"gallery_id\":\"6444\"},{\"status\":\"active\",\"src\":\"https:\\\/\\\/www.verein-naturschutzpark.de\\\/wp-content\\\/uploads\\\/preiselbeere-vaccinium-vitis-idaea-vnp-stiftung.jpg\",\"title\":\"Lingonberry (Vaccinium vitis-idaea) | VNP Verein Naturschutzpark\",\"link\":\"https:\\\/\\\/www.verein-naturschutzpark.de\\\/wp-content\\\/uploads\\\/preiselbeere-vaccinium-vitis-idaea-vnp-stiftung.jpg\",\"alt\":\"Lingonberry (Vaccinium vitis-idaea) | VNP Verein Naturschutzpark\",\"caption\":\"Lingonberry (Vaccinium vitis-idaea)\",\"thumb\":\"https:\\\/\\\/www.verein-naturschutzpark.de\\\/wp-content\\\/uploads\\\/preiselbeere-vaccinium-vitis-idaea-vnp-stiftung-75x50_c.jpg\",\"meta\":{\"aperture\":\"3.5\",\"credit\":null,\"camera\":\"DMC-TZ1\",\"caption\":\"\",\"created_timestamp\":\"1155833336\",\"copyright\":null,\"focal_length\":\"8.2\",\"iso\":\"80\",\"shutter_speed\":\"0.002\",\"title\":\"\",\"orientation\":null,\"keywords\":null},\"thumbnail\":\"https:\\\/\\\/www.verein-naturschutzpark.de\\\/wp-content\\\/uploads\\\/preiselbeere-vaccinium-vitis-idaea-vnp-stiftung-150x150.jpg\",\"medium\":\"https:\\\/\\\/www.verein-naturschutzpark.de\\\/wp-content\\\/uploads\\\/preiselbeere-vaccinium-vitis-idaea-vnp-stiftung-400x400.jpg\",\"medium_large\":\"https:\\\/\\\/www.verein-naturschutzpark.de\\\/wp-content\\\/uploads\\\/preiselbeere-vaccinium-vitis-idaea-vnp-stiftung-768x768.jpg\",\"large\":\"https:\\\/\\\/www.verein-naturschutzpark.de\\\/wp-content\\\/uploads\\\/preiselbeere-vaccinium-vitis-idaea-vnp-stiftung.jpg\",\"thumblist\":\"https:\\\/\\\/www.verein-naturschutzpark.de\\\/wp-content\\\/uploads\\\/preiselbeere-vaccinium-vitis-idaea-vnp-stiftung.jpg\",\"thumbrelated\":\"https:\\\/\\\/www.verein-naturschutzpark.de\\\/wp-content\\\/uploads\\\/preiselbeere-vaccinium-vitis-idaea-vnp-stiftung.jpg\",\"meccarouselthumb\":\"https:\\\/\\\/www.verein-naturschutzpark.de\\\/wp-content\\\/uploads\\\/preiselbeere-vaccinium-vitis-idaea-vnp-stiftung.jpg\",\"gridsquare\":\"https:\\\/\\\/www.verein-naturschutzpark.de\\\/wp-content\\\/uploads\\\/preiselbeere-vaccinium-vitis-idaea-vnp-stiftung.jpg\",\"tileview\":\"https:\\\/\\\/www.verein-naturschutzpark.de\\\/wp-content\\\/uploads\\\/preiselbeere-vaccinium-vitis-idaea-vnp-stiftung.jpg\",\"1536x1536\":\"https:\\\/\\\/www.verein-naturschutzpark.de\\\/wp-content\\\/uploads\\\/preiselbeere-vaccinium-vitis-idaea-vnp-stiftung.jpg\",\"2048x2048\":\"https:\\\/\\\/www.verein-naturschutzpark.de\\\/wp-content\\\/uploads\\\/preiselbeere-vaccinium-vitis-idaea-vnp-stiftung.jpg\",\"full\":\"https:\\\/\\\/www.verein-naturschutzpark.de\\\/wp-content\\\/uploads\\\/preiselbeere-vaccinium-vitis-idaea-vnp-stiftung.jpg\",\"index\":15,\"id\":3135,\"video\":false,\"opts\":{\"caption\":\"Lingonberry (Vaccinium vitis-idaea)\",\"thumb\":\"https:\\\/\\\/www.verein-naturschutzpark.de\\\/wp-content\\\/uploads\\\/preiselbeere-vaccinium-vitis-idaea-vnp-stiftung-75x50_c.jpg\",\"title\":\"Lingonberry (Vaccinium vitis-idaea) | VNP Verein Naturschutzpark\"},\"gallery_id\":\"6444\"},{\"status\":\"active\",\"src\":\"https:\\\/\\\/www.verein-naturschutzpark.de\\\/wp-content\\\/uploads\\\/moosbeere-fruechte-vaccinium-oxycoccos-vnp-stiftung.jpg\",\"title\":\"Fruits of the cranberry (Vaccinium oxycoccos)\",\"link\":\"https:\\\/\\\/www.verein-naturschutzpark.de\\\/wp-content\\\/uploads\\\/moosbeere-fruechte-vaccinium-oxycoccos-vnp-stiftung.jpg\",\"alt\":\"Fruits of the cranberry (Vaccinium oxycoccos) | VNP Stiftung\",\"caption\":\"Fruits of the cranberry (Vaccinium oxycoccos)\",\"thumb\":\"https:\\\/\\\/www.verein-naturschutzpark.de\\\/wp-content\\\/uploads\\\/moosbeere-fruechte-vaccinium-oxycoccos-vnp-stiftung-75x50_c.jpg\",\"meta\":{\"aperture\":\"13\",\"credit\":null,\"camera\":\"Canon EOS 600D\",\"caption\":\"\",\"created_timestamp\":\"1345023014\",\"copyright\":null,\"focal_length\":\"100\",\"iso\":\"200\",\"shutter_speed\":\"0.0125\",\"title\":\"\",\"orientation\":null,\"keywords\":null},\"thumbnail\":\"https:\\\/\\\/www.verein-naturschutzpark.de\\\/wp-content\\\/uploads\\\/moosbeere-fruechte-vaccinium-oxycoccos-vnp-stiftung-150x150.jpg\",\"medium\":\"https:\\\/\\\/www.verein-naturschutzpark.de\\\/wp-content\\\/uploads\\\/moosbeere-fruechte-vaccinium-oxycoccos-vnp-stiftung-400x400.jpg\",\"medium_large\":\"https:\\\/\\\/www.verein-naturschutzpark.de\\\/wp-content\\\/uploads\\\/moosbeere-fruechte-vaccinium-oxycoccos-vnp-stiftung-768x768.jpg\",\"large\":\"https:\\\/\\\/www.verein-naturschutzpark.de\\\/wp-content\\\/uploads\\\/moosbeere-fruechte-vaccinium-oxycoccos-vnp-stiftung.jpg\",\"thumblist\":\"https:\\\/\\\/www.verein-naturschutzpark.de\\\/wp-content\\\/uploads\\\/moosbeere-fruechte-vaccinium-oxycoccos-vnp-stiftung.jpg\",\"thumbrelated\":\"https:\\\/\\\/www.verein-naturschutzpark.de\\\/wp-content\\\/uploads\\\/moosbeere-fruechte-vaccinium-oxycoccos-vnp-stiftung.jpg\",\"meccarouselthumb\":\"https:\\\/\\\/www.verein-naturschutzpark.de\\\/wp-content\\\/uploads\\\/moosbeere-fruechte-vaccinium-oxycoccos-vnp-stiftung.jpg\",\"gridsquare\":\"https:\\\/\\\/www.verein-naturschutzpark.de\\\/wp-content\\\/uploads\\\/moosbeere-fruechte-vaccinium-oxycoccos-vnp-stiftung.jpg\",\"tileview\":\"https:\\\/\\\/www.verein-naturschutzpark.de\\\/wp-content\\\/uploads\\\/moosbeere-fruechte-vaccinium-oxycoccos-vnp-stiftung.jpg\",\"1536x1536\":\"https:\\\/\\\/www.verein-naturschutzpark.de\\\/wp-content\\\/uploads\\\/moosbeere-fruechte-vaccinium-oxycoccos-vnp-stiftung.jpg\",\"2048x2048\":\"https:\\\/\\\/www.verein-naturschutzpark.de\\\/wp-content\\\/uploads\\\/moosbeere-fruechte-vaccinium-oxycoccos-vnp-stiftung.jpg\",\"full\":\"https:\\\/\\\/www.verein-naturschutzpark.de\\\/wp-content\\\/uploads\\\/moosbeere-fruechte-vaccinium-oxycoccos-vnp-stiftung.jpg\",\"index\":16,\"id\":3131,\"video\":false,\"opts\":{\"caption\":\"Fruits of the cranberry (Vaccinium oxycoccos)\",\"thumb\":\"https:\\\/\\\/www.verein-naturschutzpark.de\\\/wp-content\\\/uploads\\\/moosbeere-fruechte-vaccinium-oxycoccos-vnp-stiftung-75x50_c.jpg\",\"title\":\"Fruits of the cranberry (Vaccinium oxycoccos)\"},\"gallery_id\":\"6444\"},{\"status\":\"active\",\"src\":\"https:\\\/\\\/www.verein-naturschutzpark.de\\\/wp-content\\\/uploads\\\/niedrige-schwarzwurzel-scrozonera-humilis-vnp-stiftung.jpg\",\"title\":\"Viper&#039;s-grass (Scorzonera humilis)\",\"link\":\"https:\\\/\\\/www.verein-naturschutzpark.de\\\/wp-content\\\/uploads\\\/niedrige-schwarzwurzel-scrozonera-humilis-vnp-stiftung.jpg\",\"alt\":\"Viper&amp;#039;s-grass (Scorzonera humilis) | VNP Stiftung\",\"caption\":\"Viper&#39;s-grass (Scorzonera humilis)\",\"thumb\":\"https:\\\/\\\/www.verein-naturschutzpark.de\\\/wp-content\\\/uploads\\\/niedrige-schwarzwurzel-scrozonera-humilis-vnp-stiftung-75x50_c.jpg\",\"meta\":{\"aperture\":\"5.9\",\"credit\":null,\"camera\":\"E990\",\"caption\":\"\",\"created_timestamp\":\"1147777721\",\"copyright\":null,\"focal_length\":\"13.3\",\"iso\":\"100\",\"shutter_speed\":\"0.005800464037123\",\"title\":\"\",\"orientation\":null,\"keywords\":null,\"resized_images\":null},\"thumbnail\":\"https:\\\/\\\/www.verein-naturschutzpark.de\\\/wp-content\\\/uploads\\\/niedrige-schwarzwurzel-scrozonera-humilis-vnp-stiftung-150x150.jpg\",\"medium\":\"https:\\\/\\\/www.verein-naturschutzpark.de\\\/wp-content\\\/uploads\\\/niedrige-schwarzwurzel-scrozonera-humilis-vnp-stiftung-400x400.jpg\",\"medium_large\":\"https:\\\/\\\/www.verein-naturschutzpark.de\\\/wp-content\\\/uploads\\\/niedrige-schwarzwurzel-scrozonera-humilis-vnp-stiftung-768x768.jpg\",\"large\":\"https:\\\/\\\/www.verein-naturschutzpark.de\\\/wp-content\\\/uploads\\\/niedrige-schwarzwurzel-scrozonera-humilis-vnp-stiftung.jpg\",\"thumblist\":\"https:\\\/\\\/www.verein-naturschutzpark.de\\\/wp-content\\\/uploads\\\/niedrige-schwarzwurzel-scrozonera-humilis-vnp-stiftung.jpg\",\"thumbrelated\":\"https:\\\/\\\/www.verein-naturschutzpark.de\\\/wp-content\\\/uploads\\\/niedrige-schwarzwurzel-scrozonera-humilis-vnp-stiftung.jpg\",\"meccarouselthumb\":\"https:\\\/\\\/www.verein-naturschutzpark.de\\\/wp-content\\\/uploads\\\/niedrige-schwarzwurzel-scrozonera-humilis-vnp-stiftung.jpg\",\"gridsquare\":\"https:\\\/\\\/www.verein-naturschutzpark.de\\\/wp-content\\\/uploads\\\/niedrige-schwarzwurzel-scrozonera-humilis-vnp-stiftung.jpg\",\"tileview\":\"https:\\\/\\\/www.verein-naturschutzpark.de\\\/wp-content\\\/uploads\\\/niedrige-schwarzwurzel-scrozonera-humilis-vnp-stiftung.jpg\",\"1536x1536\":\"https:\\\/\\\/www.verein-naturschutzpark.de\\\/wp-content\\\/uploads\\\/niedrige-schwarzwurzel-scrozonera-humilis-vnp-stiftung.jpg\",\"2048x2048\":\"https:\\\/\\\/www.verein-naturschutzpark.de\\\/wp-content\\\/uploads\\\/niedrige-schwarzwurzel-scrozonera-humilis-vnp-stiftung.jpg\",\"full\":\"https:\\\/\\\/www.verein-naturschutzpark.de\\\/wp-content\\\/uploads\\\/niedrige-schwarzwurzel-scrozonera-humilis-vnp-stiftung.jpg\",\"index\":17,\"id\":3133,\"video\":false,\"opts\":{\"caption\":\"Viper&#39;s-grass (Scorzonera humilis)\",\"thumb\":\"https:\\\/\\\/www.verein-naturschutzpark.de\\\/wp-content\\\/uploads\\\/niedrige-schwarzwurzel-scrozonera-humilis-vnp-stiftung-75x50_c.jpg\",\"title\":\"Viper&#039;s-grass (Scorzonera humilis)\"},\"gallery_id\":\"6444\"},{\"status\":\"active\",\"src\":\"https:\\\/\\\/www.verein-naturschutzpark.de\\\/wp-content\\\/uploads\\\/lungenenzian-gentiana-pneumonanthe.jpg\",\"title\":\"Marsh gentian (Gentiana pneumonanthe)\",\"link\":\"https:\\\/\\\/www.verein-naturschutzpark.de\\\/wp-content\\\/uploads\\\/lungenenzian-gentiana-pneumonanthe.jpg\",\"alt\":\"Marsh gentian (Gentiana pneumonanthe) | VNP Stiftung\",\"caption\":\"Marsh gentian (Gentiana pneumonanthe)\",\"thumb\":\"https:\\\/\\\/www.verein-naturschutzpark.de\\\/wp-content\\\/uploads\\\/lungenenzian-gentiana-pneumonanthe-75x50_c.jpg\",\"meta\":{\"aperture\":\"9\",\"credit\":\"JannikStolz\",\"camera\":\"PENTAX K-5\",\"caption\":\"\",\"created_timestamp\":\"1406561997\",\"copyright\":null,\"focal_length\":\"105\",\"iso\":\"160\",\"shutter_speed\":\"0.004\",\"title\":\"\",\"orientation\":null,\"keywords\":null},\"thumbnail\":\"https:\\\/\\\/www.verein-naturschutzpark.de\\\/wp-content\\\/uploads\\\/lungenenzian-gentiana-pneumonanthe-150x150.jpg\",\"medium\":\"https:\\\/\\\/www.verein-naturschutzpark.de\\\/wp-content\\\/uploads\\\/lungenenzian-gentiana-pneumonanthe-400x400.jpg\",\"medium_large\":\"https:\\\/\\\/www.verein-naturschutzpark.de\\\/wp-content\\\/uploads\\\/lungenenzian-gentiana-pneumonanthe-768x768.jpg\",\"large\":\"https:\\\/\\\/www.verein-naturschutzpark.de\\\/wp-content\\\/uploads\\\/lungenenzian-gentiana-pneumonanthe.jpg\",\"thumblist\":\"https:\\\/\\\/www.verein-naturschutzpark.de\\\/wp-content\\\/uploads\\\/lungenenzian-gentiana-pneumonanthe.jpg\",\"thumbrelated\":\"https:\\\/\\\/www.verein-naturschutzpark.de\\\/wp-content\\\/uploads\\\/lungenenzian-gentiana-pneumonanthe.jpg\",\"meccarouselthumb\":\"https:\\\/\\\/www.verein-naturschutzpark.de\\\/wp-content\\\/uploads\\\/lungenenzian-gentiana-pneumonanthe.jpg\",\"gridsquare\":\"https:\\\/\\\/www.verein-naturschutzpark.de\\\/wp-content\\\/uploads\\\/lungenenzian-gentiana-pneumonanthe.jpg\",\"tileview\":\"https:\\\/\\\/www.verein-naturschutzpark.de\\\/wp-content\\\/uploads\\\/lungenenzian-gentiana-pneumonanthe.jpg\",\"1536x1536\":\"https:\\\/\\\/www.verein-naturschutzpark.de\\\/wp-content\\\/uploads\\\/lungenenzian-gentiana-pneumonanthe.jpg\",\"2048x2048\":\"https:\\\/\\\/www.verein-naturschutzpark.de\\\/wp-content\\\/uploads\\\/lungenenzian-gentiana-pneumonanthe.jpg\",\"full\":\"https:\\\/\\\/www.verein-naturschutzpark.de\\\/wp-content\\\/uploads\\\/lungenenzian-gentiana-pneumonanthe.jpg\",\"index\":18,\"id\":3125,\"video\":false,\"opts\":{\"caption\":\"Marsh gentian (Gentiana pneumonanthe)\",\"thumb\":\"https:\\\/\\\/www.verein-naturschutzpark.de\\\/wp-content\\\/uploads\\\/lungenenzian-gentiana-pneumonanthe-75x50_c.jpg\",\"title\":\"Marsh gentian (Gentiana pneumonanthe)\"},\"gallery_id\":\"6444\"},{\"status\":\"active\",\"src\":\"https:\\\/\\\/www.verein-naturschutzpark.de\\\/wp-content\\\/uploads\\\/heidenelke-dianthus-deltoides-vnp-stiftung.jpg\",\"title\":\"Maiden pink (Dianthus deltoides)\",\"link\":\"https:\\\/\\\/www.verein-naturschutzpark.de\\\/wp-content\\\/uploads\\\/heidenelke-dianthus-deltoides-vnp-stiftung.jpg\",\"alt\":\"Maiden pink (Dianthus deltoides) | VNP Stiftung\",\"caption\":\"Maiden pink (Dianthus deltoides)\",\"thumb\":\"https:\\\/\\\/www.verein-naturschutzpark.de\\\/wp-content\\\/uploads\\\/heidenelke-dianthus-deltoides-vnp-stiftung-75x50_c.jpg\",\"meta\":{\"aperture\":\"20\",\"credit\":null,\"camera\":\"Canon EOS 600D\",\"caption\":\"\",\"created_timestamp\":\"1341223934\",\"copyright\":null,\"focal_length\":\"29\",\"iso\":\"200\",\"shutter_speed\":\"0.0125\",\"title\":\"\",\"orientation\":null,\"keywords\":null},\"thumbnail\":\"https:\\\/\\\/www.verein-naturschutzpark.de\\\/wp-content\\\/uploads\\\/heidenelke-dianthus-deltoides-vnp-stiftung-150x150.jpg\",\"medium\":\"https:\\\/\\\/www.verein-naturschutzpark.de\\\/wp-content\\\/uploads\\\/heidenelke-dianthus-deltoides-vnp-stiftung-400x400.jpg\",\"medium_large\":\"https:\\\/\\\/www.verein-naturschutzpark.de\\\/wp-content\\\/uploads\\\/heidenelke-dianthus-deltoides-vnp-stiftung-768x768.jpg\",\"large\":\"https:\\\/\\\/www.verein-naturschutzpark.de\\\/wp-content\\\/uploads\\\/heidenelke-dianthus-deltoides-vnp-stiftung.jpg\",\"thumblist\":\"https:\\\/\\\/www.verein-naturschutzpark.de\\\/wp-content\\\/uploads\\\/heidenelke-dianthus-deltoides-vnp-stiftung.jpg\",\"thumbrelated\":\"https:\\\/\\\/www.verein-naturschutzpark.de\\\/wp-content\\\/uploads\\\/heidenelke-dianthus-deltoides-vnp-stiftung.jpg\",\"meccarouselthumb\":\"https:\\\/\\\/www.verein-naturschutzpark.de\\\/wp-content\\\/uploads\\\/heidenelke-dianthus-deltoides-vnp-stiftung.jpg\",\"gridsquare\":\"https:\\\/\\\/www.verein-naturschutzpark.de\\\/wp-content\\\/uploads\\\/heidenelke-dianthus-deltoides-vnp-stiftung.jpg\",\"tileview\":\"https:\\\/\\\/www.verein-naturschutzpark.de\\\/wp-content\\\/uploads\\\/heidenelke-dianthus-deltoides-vnp-stiftung.jpg\",\"1536x1536\":\"https:\\\/\\\/www.verein-naturschutzpark.de\\\/wp-content\\\/uploads\\\/heidenelke-dianthus-deltoides-vnp-stiftung.jpg\",\"2048x2048\":\"https:\\\/\\\/www.verein-naturschutzpark.de\\\/wp-content\\\/uploads\\\/heidenelke-dianthus-deltoides-vnp-stiftung.jpg\",\"full\":\"https:\\\/\\\/www.verein-naturschutzpark.de\\\/wp-content\\\/uploads\\\/heidenelke-dianthus-deltoides-vnp-stiftung.jpg\",\"index\":19,\"id\":3119,\"video\":false,\"opts\":{\"caption\":\"Maiden pink (Dianthus deltoides)\",\"thumb\":\"https:\\\/\\\/www.verein-naturschutzpark.de\\\/wp-content\\\/uploads\\\/heidenelke-dianthus-deltoides-vnp-stiftung-75x50_c.jpg\",\"title\":\"Maiden pink (Dianthus deltoides)\"},\"gallery_id\":\"6444\"},{\"status\":\"active\",\"src\":\"https:\\\/\\\/www.verein-naturschutzpark.de\\\/wp-content\\\/uploads\\\/ilex-mit-spinnwebe-vnp-verein-naturschutzpark.jpg\",\"title\":\"Ilex with cobwebs | VNP Verein Naturschutzpark\",\"link\":\"https:\\\/\\\/www.verein-naturschutzpark.de\\\/wp-content\\\/uploads\\\/ilex-mit-spinnwebe-vnp-verein-naturschutzpark.jpg\",\"alt\":\"Ilex with cobwebs | VNP Verein Naturschutzpark\",\"caption\":\"Ilex\",\"thumb\":\"https:\\\/\\\/www.verein-naturschutzpark.de\\\/wp-content\\\/uploads\\\/ilex-mit-spinnwebe-vnp-verein-naturschutzpark-75x50_c.jpg\",\"meta\":{\"aperture\":\"5.1\",\"credit\":null,\"camera\":\"E-M5\",\"caption\":\"OLYMPUS DIGITAL CAMERA\",\"created_timestamp\":\"1443425012\",\"copyright\":null,\"focal_length\":\"25\",\"iso\":\"250\",\"shutter_speed\":\"0.016666666666667\",\"title\":\"OLYMPUS DIGITAL CAMERA\",\"orientation\":null,\"keywords\":null,\"resized_images\":null},\"thumbnail\":\"https:\\\/\\\/www.verein-naturschutzpark.de\\\/wp-content\\\/uploads\\\/ilex-mit-spinnwebe-vnp-verein-naturschutzpark-150x100.jpg\",\"medium\":\"https:\\\/\\\/www.verein-naturschutzpark.de\\\/wp-content\\\/uploads\\\/ilex-mit-spinnwebe-vnp-verein-naturschutzpark-400x267.jpg\",\"medium_large\":\"https:\\\/\\\/www.verein-naturschutzpark.de\\\/wp-content\\\/uploads\\\/ilex-mit-spinnwebe-vnp-verein-naturschutzpark-768x512.jpg\",\"large\":\"https:\\\/\\\/www.verein-naturschutzpark.de\\\/wp-content\\\/uploads\\\/ilex-mit-spinnwebe-vnp-verein-naturschutzpark-1024x683.jpg\",\"thumblist\":\"https:\\\/\\\/www.verein-naturschutzpark.de\\\/wp-content\\\/uploads\\\/ilex-mit-spinnwebe-vnp-verein-naturschutzpark.jpg\",\"thumbrelated\":\"https:\\\/\\\/www.verein-naturschutzpark.de\\\/wp-content\\\/uploads\\\/ilex-mit-spinnwebe-vnp-verein-naturschutzpark.jpg\",\"meccarouselthumb\":\"https:\\\/\\\/www.verein-naturschutzpark.de\\\/wp-content\\\/uploads\\\/ilex-mit-spinnwebe-vnp-verein-naturschutzpark.jpg\",\"gridsquare\":\"https:\\\/\\\/www.verein-naturschutzpark.de\\\/wp-content\\\/uploads\\\/ilex-mit-spinnwebe-vnp-verein-naturschutzpark.jpg\",\"tileview\":\"https:\\\/\\\/www.verein-naturschutzpark.de\\\/wp-content\\\/uploads\\\/ilex-mit-spinnwebe-vnp-verein-naturschutzpark.jpg\",\"1536x1536\":\"https:\\\/\\\/www.verein-naturschutzpark.de\\\/wp-content\\\/uploads\\\/ilex-mit-spinnwebe-vnp-verein-naturschutzpark-1536x1024.jpg\",\"2048x2048\":\"https:\\\/\\\/www.verein-naturschutzpark.de\\\/wp-content\\\/uploads\\\/ilex-mit-spinnwebe-vnp-verein-naturschutzpark.jpg\",\"full\":\"https:\\\/\\\/www.verein-naturschutzpark.de\\\/wp-content\\\/uploads\\\/ilex-mit-spinnwebe-vnp-verein-naturschutzpark.jpg\",\"index\":20,\"id\":6097,\"video\":false,\"opts\":{\"caption\":\"Ilex\",\"thumb\":\"https:\\\/\\\/www.verein-naturschutzpark.de\\\/wp-content\\\/uploads\\\/ilex-mit-spinnwebe-vnp-verein-naturschutzpark-75x50_c.jpg\",\"title\":\"Ilex with cobwebs | VNP Verein Naturschutzpark\"},\"gallery_id\":\"6444\"},{\"status\":\"active\",\"src\":\"https:\\\/\\\/www.verein-naturschutzpark.de\\\/wp-content\\\/uploads\\\/buchweizen-fagopyrum-esculentum-vnp-stiftung.jpg\",\"title\":\"Buckwheat (Fagopyrum esculentum)\",\"link\":\"https:\\\/\\\/www.verein-naturschutzpark.de\\\/wp-content\\\/uploads\\\/buchweizen-fagopyrum-esculentum-vnp-stiftung.jpg\",\"alt\":\"Buckwheat (Fagopyrum esculentum) | VNP Stiftung\",\"caption\":\"Buckwheat (Fagopyrum esculentum)\",\"thumb\":\"https:\\\/\\\/www.verein-naturschutzpark.de\\\/wp-content\\\/uploads\\\/buchweizen-fagopyrum-esculentum-vnp-stiftung-75x50_c.jpg\",\"meta\":{\"aperture\":\"20\",\"credit\":null,\"camera\":\"Canon EOS 600D\",\"caption\":\"\",\"created_timestamp\":\"1344530234\",\"copyright\":null,\"focal_length\":\"18\",\"iso\":\"200\",\"shutter_speed\":\"0.00625\",\"title\":\"\",\"orientation\":null,\"keywords\":null},\"thumbnail\":\"https:\\\/\\\/www.verein-naturschutzpark.de\\\/wp-content\\\/uploads\\\/buchweizen-fagopyrum-esculentum-vnp-stiftung-150x150.jpg\",\"medium\":\"https:\\\/\\\/www.verein-naturschutzpark.de\\\/wp-content\\\/uploads\\\/buchweizen-fagopyrum-esculentum-vnp-stiftung-400x400.jpg\",\"medium_large\":\"https:\\\/\\\/www.verein-naturschutzpark.de\\\/wp-content\\\/uploads\\\/buchweizen-fagopyrum-esculentum-vnp-stiftung-768x768.jpg\",\"large\":\"https:\\\/\\\/www.verein-naturschutzpark.de\\\/wp-content\\\/uploads\\\/buchweizen-fagopyrum-esculentum-vnp-stiftung.jpg\",\"thumblist\":\"https:\\\/\\\/www.verein-naturschutzpark.de\\\/wp-content\\\/uploads\\\/buchweizen-fagopyrum-esculentum-vnp-stiftung.jpg\",\"thumbrelated\":\"https:\\\/\\\/www.verein-naturschutzpark.de\\\/wp-content\\\/uploads\\\/buchweizen-fagopyrum-esculentum-vnp-stiftung.jpg\",\"meccarouselthumb\":\"https:\\\/\\\/www.verein-naturschutzpark.de\\\/wp-content\\\/uploads\\\/buchweizen-fagopyrum-esculentum-vnp-stiftung.jpg\",\"gridsquare\":\"https:\\\/\\\/www.verein-naturschutzpark.de\\\/wp-content\\\/uploads\\\/buchweizen-fagopyrum-esculentum-vnp-stiftung.jpg\",\"tileview\":\"https:\\\/\\\/www.verein-naturschutzpark.de\\\/wp-content\\\/uploads\\\/buchweizen-fagopyrum-esculentum-vnp-stiftung.jpg\",\"1536x1536\":\"https:\\\/\\\/www.verein-naturschutzpark.de\\\/wp-content\\\/uploads\\\/buchweizen-fagopyrum-esculentum-vnp-stiftung.jpg\",\"2048x2048\":\"https:\\\/\\\/www.verein-naturschutzpark.de\\\/wp-content\\\/uploads\\\/buchweizen-fagopyrum-esculentum-vnp-stiftung.jpg\",\"full\":\"https:\\\/\\\/www.verein-naturschutzpark.de\\\/wp-content\\\/uploads\\\/buchweizen-fagopyrum-esculentum-vnp-stiftung.jpg\",\"index\":21,\"id\":3107,\"video\":false,\"opts\":{\"caption\":\"Buckwheat (Fagopyrum esculentum)\",\"thumb\":\"https:\\\/\\\/www.verein-naturschutzpark.de\\\/wp-content\\\/uploads\\\/buchweizen-fagopyrum-esculentum-vnp-stiftung-75x50_c.jpg\",\"title\":\"Buckwheat (Fagopyrum esculentum)\"},\"gallery_id\":\"6444\"},{\"status\":\"active\",\"src\":\"https:\\\/\\\/www.verein-naturschutzpark.de\\\/wp-content\\\/uploads\\\/buchweizen-landschaftpflegehof-tuetsberg-vnp-stiftung.jpg\",\"title\":\"Landscape conservation farm Hof T&uuml;tsberg: Buckwheat | Photo: VNP Stiftung Naturschutzpark L&uuml;neburger Heide\",\"link\":\"https:\\\/\\\/www.verein-naturschutzpark.de\\\/wp-content\\\/uploads\\\/buchweizen-landschaftpflegehof-tuetsberg-vnp-stiftung.jpg\",\"alt\":\"Landscape conservation farm Hof T&uuml;tsberg: Buckwheat | Photo: VNP Stiftung Naturschutzpark L&uuml;neburger Heide\",\"caption\":\"Buckwheat (Fagopyrum esculentum)\",\"thumb\":\"https:\\\/\\\/www.verein-naturschutzpark.de\\\/wp-content\\\/uploads\\\/buchweizen-landschaftpflegehof-tuetsberg-vnp-stiftung-75x50_c.jpg\",\"meta\":{\"aperture\":\"11\",\"credit\":null,\"camera\":\"NIKON D300\",\"caption\":\"Landschaftspflegehof Hof T\u00fctsberg: Buchweizen | Foto: VNP Stiftung Naturschutzpark L\u00fcneburger Heide\",\"created_timestamp\":\"1251376119\",\"copyright\":null,\"focal_length\":\"60\",\"iso\":\"200\",\"shutter_speed\":\"0.008\",\"title\":\"Landschaftspflegehof Hof T\ufffdtsberg: Buchweizen | Foto: VNP Stiftung Naturschutzpark L\ufffdneburger Heide\",\"orientation\":null,\"keywords\":null,\"resized_images\":null},\"thumbnail\":\"https:\\\/\\\/www.verein-naturschutzpark.de\\\/wp-content\\\/uploads\\\/buchweizen-landschaftpflegehof-tuetsberg-vnp-stiftung-113x150.jpg\",\"medium\":\"https:\\\/\\\/www.verein-naturschutzpark.de\\\/wp-content\\\/uploads\\\/buchweizen-landschaftpflegehof-tuetsberg-vnp-stiftung-300x400.jpg\",\"medium_large\":\"https:\\\/\\\/www.verein-naturschutzpark.de\\\/wp-content\\\/uploads\\\/buchweizen-landschaftpflegehof-tuetsberg-vnp-stiftung-768x1024.jpg\",\"large\":\"https:\\\/\\\/www.verein-naturschutzpark.de\\\/wp-content\\\/uploads\\\/buchweizen-landschaftpflegehof-tuetsberg-vnp-stiftung-768x1024.jpg\",\"thumblist\":\"https:\\\/\\\/www.verein-naturschutzpark.de\\\/wp-content\\\/uploads\\\/buchweizen-landschaftpflegehof-tuetsberg-vnp-stiftung.jpg\",\"thumbrelated\":\"https:\\\/\\\/www.verein-naturschutzpark.de\\\/wp-content\\\/uploads\\\/buchweizen-landschaftpflegehof-tuetsberg-vnp-stiftung.jpg\",\"meccarouselthumb\":\"https:\\\/\\\/www.verein-naturschutzpark.de\\\/wp-content\\\/uploads\\\/buchweizen-landschaftpflegehof-tuetsberg-vnp-stiftung.jpg\",\"gridsquare\":\"https:\\\/\\\/www.verein-naturschutzpark.de\\\/wp-content\\\/uploads\\\/buchweizen-landschaftpflegehof-tuetsberg-vnp-stiftung.jpg\",\"tileview\":\"https:\\\/\\\/www.verein-naturschutzpark.de\\\/wp-content\\\/uploads\\\/buchweizen-landschaftpflegehof-tuetsberg-vnp-stiftung.jpg\",\"1536x1536\":\"https:\\\/\\\/www.verein-naturschutzpark.de\\\/wp-content\\\/uploads\\\/buchweizen-landschaftpflegehof-tuetsberg-vnp-stiftung-1152x1536.jpg\",\"2048x2048\":\"https:\\\/\\\/www.verein-naturschutzpark.de\\\/wp-content\\\/uploads\\\/buchweizen-landschaftpflegehof-tuetsberg-vnp-stiftung.jpg\",\"full\":\"https:\\\/\\\/www.verein-naturschutzpark.de\\\/wp-content\\\/uploads\\\/buchweizen-landschaftpflegehof-tuetsberg-vnp-stiftung.jpg\",\"index\":22,\"id\":4587,\"video\":false,\"opts\":{\"caption\":\"Buckwheat (Fagopyrum esculentum)\",\"thumb\":\"https:\\\/\\\/www.verein-naturschutzpark.de\\\/wp-content\\\/uploads\\\/buchweizen-landschaftpflegehof-tuetsberg-vnp-stiftung-75x50_c.jpg\",\"title\":\"Landscape conservation farm Hof T&uuml;tsberg: Buckwheat | Photo: VNP Stiftung Naturschutzpark L&uuml;neburger Heide\"},\"gallery_id\":\"6444\"},{\"status\":\"active\",\"src\":\"https:\\\/\\\/www.verein-naturschutzpark.de\\\/wp-content\\\/uploads\\\/ackerwildkraeuter-landschaftspflegehof-tuetsberg-vnp-stiftung.jpg\",\"title\":\"Landscape conservation farm Hof T&uuml;tsberg: Farmland wild herbs | Photo: VNP Stiftung Naturschutzpark L&uuml;neburger Heide\",\"link\":\"https:\\\/\\\/www.verein-naturschutzpark.de\\\/wp-content\\\/uploads\\\/ackerwildkraeuter-landschaftspflegehof-tuetsberg-vnp-stiftung.jpg\",\"alt\":\"Landscape conservation farm Hof T&uuml;tsberg: Farmland wild herbs | Photo: VNP Stiftung Naturschutzpark L&uuml;neburger Heide\",\"caption\":\"Farmland wild herbs\",\"thumb\":\"https:\\\/\\\/www.verein-naturschutzpark.de\\\/wp-content\\\/uploads\\\/ackerwildkraeuter-landschaftspflegehof-tuetsberg-vnp-stiftung-75x50_c.jpg\",\"meta\":{\"aperture\":\"4\",\"credit\":null,\"camera\":\"DMC-FZ2000\",\"caption\":\"Landschaftspflegehof Hof T\u00fctsberg: Ackerwildkr\u00e4uter | Foto: VNP Stiftung Naturschutzpark L\u00fcneburger Heide\",\"created_timestamp\":\"1592470774\",\"copyright\":null,\"focal_length\":\"20.6\",\"iso\":\"125\",\"shutter_speed\":\"0.0015625\",\"title\":\"Landschaftspflegehof Hof T\ufffdtsberg: Ackerwildkr\ufffduter | Foto: VNP Stiftung Naturschutzpark L\ufffdneburger Heide\",\"orientation\":\"1\",\"keywords\":null,\"resized_images\":null},\"thumbnail\":\"https:\\\/\\\/www.verein-naturschutzpark.de\\\/wp-content\\\/uploads\\\/ackerwildkraeuter-landschaftspflegehof-tuetsberg-vnp-stiftung-150x113.jpg\",\"medium\":\"https:\\\/\\\/www.verein-naturschutzpark.de\\\/wp-content\\\/uploads\\\/ackerwildkraeuter-landschaftspflegehof-tuetsberg-vnp-stiftung-400x300.jpg\",\"medium_large\":\"https:\\\/\\\/www.verein-naturschutzpark.de\\\/wp-content\\\/uploads\\\/ackerwildkraeuter-landschaftspflegehof-tuetsberg-vnp-stiftung-768x576.jpg\",\"large\":\"https:\\\/\\\/www.verein-naturschutzpark.de\\\/wp-content\\\/uploads\\\/ackerwildkraeuter-landschaftspflegehof-tuetsberg-vnp-stiftung-1024x768.jpg\",\"thumblist\":\"https:\\\/\\\/www.verein-naturschutzpark.de\\\/wp-content\\\/uploads\\\/ackerwildkraeuter-landschaftspflegehof-tuetsberg-vnp-stiftung.jpg\",\"thumbrelated\":\"https:\\\/\\\/www.verein-naturschutzpark.de\\\/wp-content\\\/uploads\\\/ackerwildkraeuter-landschaftspflegehof-tuetsberg-vnp-stiftung.jpg\",\"meccarouselthumb\":\"https:\\\/\\\/www.verein-naturschutzpark.de\\\/wp-content\\\/uploads\\\/ackerwildkraeuter-landschaftspflegehof-tuetsberg-vnp-stiftung.jpg\",\"gridsquare\":\"https:\\\/\\\/www.verein-naturschutzpark.de\\\/wp-content\\\/uploads\\\/ackerwildkraeuter-landschaftspflegehof-tuetsberg-vnp-stiftung.jpg\",\"tileview\":\"https:\\\/\\\/www.verein-naturschutzpark.de\\\/wp-content\\\/uploads\\\/ackerwildkraeuter-landschaftspflegehof-tuetsberg-vnp-stiftung.jpg\",\"1536x1536\":\"https:\\\/\\\/www.verein-naturschutzpark.de\\\/wp-content\\\/uploads\\\/ackerwildkraeuter-landschaftspflegehof-tuetsberg-vnp-stiftung-1536x1152.jpg\",\"2048x2048\":\"https:\\\/\\\/www.verein-naturschutzpark.de\\\/wp-content\\\/uploads\\\/ackerwildkraeuter-landschaftspflegehof-tuetsberg-vnp-stiftung-2048x1536.jpg\",\"full\":\"https:\\\/\\\/www.verein-naturschutzpark.de\\\/wp-content\\\/uploads\\\/ackerwildkraeuter-landschaftspflegehof-tuetsberg-vnp-stiftung.jpg\",\"index\":23,\"id\":4579,\"video\":false,\"opts\":{\"caption\":\"Farmland wild herbs\",\"thumb\":\"https:\\\/\\\/www.verein-naturschutzpark.de\\\/wp-content\\\/uploads\\\/ackerwildkraeuter-landschaftspflegehof-tuetsberg-vnp-stiftung-75x50_c.jpg\",\"title\":\"Landscape conservation farm Hof T&uuml;tsberg: Farmland wild herbs | Photo: VNP Stiftung Naturschutzpark L&uuml;neburger Heide\"},\"gallery_id\":\"6444\"},{\"status\":\"active\",\"src\":\"https:\\\/\\\/www.verein-naturschutzpark.de\\\/wp-content\\\/uploads\\\/rotklee-ackerwildkrautpfad-tuetsberg-vnp-stiftung.jpg\",\"title\":\"Red clover (Trifolium pratense)\",\"link\":\"https:\\\/\\\/www.verein-naturschutzpark.de\\\/wp-content\\\/uploads\\\/rotklee-ackerwildkrautpfad-tuetsberg-vnp-stiftung.jpg\",\"alt\":\"Red clover (Trifolium pratense)\",\"caption\":\"Red clover (Trifolium pratense)\",\"thumb\":\"https:\\\/\\\/www.verein-naturschutzpark.de\\\/wp-content\\\/uploads\\\/rotklee-ackerwildkrautpfad-tuetsberg-vnp-stiftung-75x50_c.jpg\",\"meta\":{\"aperture\":\"8\",\"credit\":null,\"camera\":\"E-M5\",\"caption\":\"OLYMPUS DIGITAL CAMERA\",\"created_timestamp\":\"1596443566\",\"copyright\":null,\"focal_length\":\"200\",\"iso\":\"200\",\"shutter_speed\":\"0.002\",\"title\":\"OLYMPUS DIGITAL CAMERA\",\"orientation\":null,\"keywords\":null},\"thumbnail\":\"https:\\\/\\\/www.verein-naturschutzpark.de\\\/wp-content\\\/uploads\\\/rotklee-ackerwildkrautpfad-tuetsberg-vnp-stiftung-150x100.jpg\",\"medium\":\"https:\\\/\\\/www.verein-naturschutzpark.de\\\/wp-content\\\/uploads\\\/rotklee-ackerwildkrautpfad-tuetsberg-vnp-stiftung-400x267.jpg\",\"medium_large\":\"https:\\\/\\\/www.verein-naturschutzpark.de\\\/wp-content\\\/uploads\\\/rotklee-ackerwildkrautpfad-tuetsberg-vnp-stiftung-768x512.jpg\",\"large\":\"https:\\\/\\\/www.verein-naturschutzpark.de\\\/wp-content\\\/uploads\\\/rotklee-ackerwildkrautpfad-tuetsberg-vnp-stiftung-1024x683.jpg\",\"thumblist\":\"https:\\\/\\\/www.verein-naturschutzpark.de\\\/wp-content\\\/uploads\\\/rotklee-ackerwildkrautpfad-tuetsberg-vnp-stiftung.jpg\",\"thumbrelated\":\"https:\\\/\\\/www.verein-naturschutzpark.de\\\/wp-content\\\/uploads\\\/rotklee-ackerwildkrautpfad-tuetsberg-vnp-stiftung.jpg\",\"meccarouselthumb\":\"https:\\\/\\\/www.verein-naturschutzpark.de\\\/wp-content\\\/uploads\\\/rotklee-ackerwildkrautpfad-tuetsberg-vnp-stiftung.jpg\",\"gridsquare\":\"https:\\\/\\\/www.verein-naturschutzpark.de\\\/wp-content\\\/uploads\\\/rotklee-ackerwildkrautpfad-tuetsberg-vnp-stiftung.jpg\",\"tileview\":\"https:\\\/\\\/www.verein-naturschutzpark.de\\\/wp-content\\\/uploads\\\/rotklee-ackerwildkrautpfad-tuetsberg-vnp-stiftung.jpg\",\"1536x1536\":\"https:\\\/\\\/www.verein-naturschutzpark.de\\\/wp-content\\\/uploads\\\/rotklee-ackerwildkrautpfad-tuetsberg-vnp-stiftung-1536x1024.jpg\",\"2048x2048\":\"https:\\\/\\\/www.verein-naturschutzpark.de\\\/wp-content\\\/uploads\\\/rotklee-ackerwildkrautpfad-tuetsberg-vnp-stiftung.jpg\",\"full\":\"https:\\\/\\\/www.verein-naturschutzpark.de\\\/wp-content\\\/uploads\\\/rotklee-ackerwildkrautpfad-tuetsberg-vnp-stiftung.jpg\",\"index\":24,\"id\":3022,\"video\":false,\"opts\":{\"caption\":\"Red clover (Trifolium pratense)\",\"thumb\":\"https:\\\/\\\/www.verein-naturschutzpark.de\\\/wp-content\\\/uploads\\\/rotklee-ackerwildkrautpfad-tuetsberg-vnp-stiftung-75x50_c.jpg\",\"title\":\"Red clover (Trifolium pratense)\"},\"gallery_id\":\"6444\"},{\"status\":\"active\",\"src\":\"https:\\\/\\\/www.verein-naturschutzpark.de\\\/wp-content\\\/uploads\\\/inkarnatklee-wicke-ackerwildkrautpfad-tuetsberg-vnp-stiftung.jpg\",\"title\":\"Incarnate clover and vetch\",\"link\":\"https:\\\/\\\/www.verein-naturschutzpark.de\\\/wp-content\\\/uploads\\\/inkarnatklee-wicke-ackerwildkrautpfad-tuetsberg-vnp-stiftung.jpg\",\"alt\":\"Incarnate clover and vetch | VNP Stiftung\",\"caption\":\"Incarnate clover and vetch\",\"thumb\":\"https:\\\/\\\/www.verein-naturschutzpark.de\\\/wp-content\\\/uploads\\\/inkarnatklee-wicke-ackerwildkrautpfad-tuetsberg-vnp-stiftung-75x50_c.jpg\",\"meta\":{\"aperture\":\"5.3\",\"credit\":null,\"camera\":\"E990\",\"caption\":\"\",\"created_timestamp\":\"-62169984000\",\"copyright\":null,\"focal_length\":\"10\",\"iso\":\"100\",\"shutter_speed\":\"0.0042826552462527\",\"title\":\"\",\"orientation\":null,\"keywords\":null},\"thumbnail\":\"https:\\\/\\\/www.verein-naturschutzpark.de\\\/wp-content\\\/uploads\\\/inkarnatklee-wicke-ackerwildkrautpfad-tuetsberg-vnp-stiftung-150x113.jpg\",\"medium\":\"https:\\\/\\\/www.verein-naturschutzpark.de\\\/wp-content\\\/uploads\\\/inkarnatklee-wicke-ackerwildkrautpfad-tuetsberg-vnp-stiftung-400x300.jpg\",\"medium_large\":\"https:\\\/\\\/www.verein-naturschutzpark.de\\\/wp-content\\\/uploads\\\/inkarnatklee-wicke-ackerwildkrautpfad-tuetsberg-vnp-stiftung-768x576.jpg\",\"large\":\"https:\\\/\\\/www.verein-naturschutzpark.de\\\/wp-content\\\/uploads\\\/inkarnatklee-wicke-ackerwildkrautpfad-tuetsberg-vnp-stiftung-1024x768.jpg\",\"thumblist\":\"https:\\\/\\\/www.verein-naturschutzpark.de\\\/wp-content\\\/uploads\\\/inkarnatklee-wicke-ackerwildkrautpfad-tuetsberg-vnp-stiftung.jpg\",\"thumbrelated\":\"https:\\\/\\\/www.verein-naturschutzpark.de\\\/wp-content\\\/uploads\\\/inkarnatklee-wicke-ackerwildkrautpfad-tuetsberg-vnp-stiftung.jpg\",\"meccarouselthumb\":\"https:\\\/\\\/www.verein-naturschutzpark.de\\\/wp-content\\\/uploads\\\/inkarnatklee-wicke-ackerwildkrautpfad-tuetsberg-vnp-stiftung.jpg\",\"gridsquare\":\"https:\\\/\\\/www.verein-naturschutzpark.de\\\/wp-content\\\/uploads\\\/inkarnatklee-wicke-ackerwildkrautpfad-tuetsberg-vnp-stiftung.jpg\",\"tileview\":\"https:\\\/\\\/www.verein-naturschutzpark.de\\\/wp-content\\\/uploads\\\/inkarnatklee-wicke-ackerwildkrautpfad-tuetsberg-vnp-stiftung.jpg\",\"1536x1536\":\"https:\\\/\\\/www.verein-naturschutzpark.de\\\/wp-content\\\/uploads\\\/inkarnatklee-wicke-ackerwildkrautpfad-tuetsberg-vnp-stiftung-1536x1152.jpg\",\"2048x2048\":\"https:\\\/\\\/www.verein-naturschutzpark.de\\\/wp-content\\\/uploads\\\/inkarnatklee-wicke-ackerwildkrautpfad-tuetsberg-vnp-stiftung.jpg\",\"full\":\"https:\\\/\\\/www.verein-naturschutzpark.de\\\/wp-content\\\/uploads\\\/inkarnatklee-wicke-ackerwildkrautpfad-tuetsberg-vnp-stiftung.jpg\",\"index\":25,\"id\":3018,\"video\":false,\"opts\":{\"caption\":\"Incarnate clover and vetch\",\"thumb\":\"https:\\\/\\\/www.verein-naturschutzpark.de\\\/wp-content\\\/uploads\\\/inkarnatklee-wicke-ackerwildkrautpfad-tuetsberg-vnp-stiftung-75x50_c.jpg\",\"title\":\"Incarnate clover and vetch\"},\"gallery_id\":\"6444\"},{\"status\":\"active\",\"src\":\"https:\\\/\\\/www.verein-naturschutzpark.de\\\/wp-content\\\/uploads\\\/saat-hohlzahn-galeopsis-segetum-vnp-stiftung-1.jpg\",\"title\":\"Downy hemp-nettle (Galeopsis segetum) | VNP Verein Naturschutzpark\",\"link\":\"https:\\\/\\\/www.verein-naturschutzpark.de\\\/wp-content\\\/uploads\\\/saat-hohlzahn-galeopsis-segetum-vnp-stiftung-1.jpg\",\"alt\":\"Downy hemp-nettle (Galeopsis segetum) | VNP Verein Naturschutzpark\",\"caption\":\"Downy hemp-nettle (Galeopsis segetum)\",\"thumb\":\"https:\\\/\\\/www.verein-naturschutzpark.de\\\/wp-content\\\/uploads\\\/saat-hohlzahn-galeopsis-segetum-vnp-stiftung-1-75x50_c.jpg\",\"meta\":{\"aperture\":\"3.3\",\"credit\":null,\"camera\":\"DMC-TZ10\",\"caption\":\"\",\"created_timestamp\":\"1309252917\",\"copyright\":null,\"focal_length\":\"4.1\",\"iso\":\"80\",\"shutter_speed\":\"0.00076923076923077\",\"title\":\"\",\"orientation\":null,\"keywords\":null},\"thumbnail\":\"https:\\\/\\\/www.verein-naturschutzpark.de\\\/wp-content\\\/uploads\\\/saat-hohlzahn-galeopsis-segetum-vnp-stiftung-1-150x150.jpg\",\"medium\":\"https:\\\/\\\/www.verein-naturschutzpark.de\\\/wp-content\\\/uploads\\\/saat-hohlzahn-galeopsis-segetum-vnp-stiftung-1-400x400.jpg\",\"medium_large\":\"https:\\\/\\\/www.verein-naturschutzpark.de\\\/wp-content\\\/uploads\\\/saat-hohlzahn-galeopsis-segetum-vnp-stiftung-1-768x768.jpg\",\"large\":\"https:\\\/\\\/www.verein-naturschutzpark.de\\\/wp-content\\\/uploads\\\/saat-hohlzahn-galeopsis-segetum-vnp-stiftung-1.jpg\",\"thumblist\":\"https:\\\/\\\/www.verein-naturschutzpark.de\\\/wp-content\\\/uploads\\\/saat-hohlzahn-galeopsis-segetum-vnp-stiftung-1.jpg\",\"thumbrelated\":\"https:\\\/\\\/www.verein-naturschutzpark.de\\\/wp-content\\\/uploads\\\/saat-hohlzahn-galeopsis-segetum-vnp-stiftung-1.jpg\",\"meccarouselthumb\":\"https:\\\/\\\/www.verein-naturschutzpark.de\\\/wp-content\\\/uploads\\\/saat-hohlzahn-galeopsis-segetum-vnp-stiftung-1.jpg\",\"gridsquare\":\"https:\\\/\\\/www.verein-naturschutzpark.de\\\/wp-content\\\/uploads\\\/saat-hohlzahn-galeopsis-segetum-vnp-stiftung-1.jpg\",\"tileview\":\"https:\\\/\\\/www.verein-naturschutzpark.de\\\/wp-content\\\/uploads\\\/saat-hohlzahn-galeopsis-segetum-vnp-stiftung-1.jpg\",\"1536x1536\":\"https:\\\/\\\/www.verein-naturschutzpark.de\\\/wp-content\\\/uploads\\\/saat-hohlzahn-galeopsis-segetum-vnp-stiftung-1.jpg\",\"2048x2048\":\"https:\\\/\\\/www.verein-naturschutzpark.de\\\/wp-content\\\/uploads\\\/saat-hohlzahn-galeopsis-segetum-vnp-stiftung-1.jpg\",\"full\":\"https:\\\/\\\/www.verein-naturschutzpark.de\\\/wp-content\\\/uploads\\\/saat-hohlzahn-galeopsis-segetum-vnp-stiftung-1.jpg\",\"index\":26,\"id\":3141,\"video\":false,\"opts\":{\"caption\":\"Downy hemp-nettle (Galeopsis segetum)\",\"thumb\":\"https:\\\/\\\/www.verein-naturschutzpark.de\\\/wp-content\\\/uploads\\\/saat-hohlzahn-galeopsis-segetum-vnp-stiftung-1-75x50_c.jpg\",\"title\":\"Downy hemp-nettle (Galeopsis segetum) | VNP Verein Naturschutzpark\"},\"gallery_id\":\"6444\"},{\"status\":\"active\",\"src\":\"https:\\\/\\\/www.verein-naturschutzpark.de\\\/wp-content\\\/uploads\\\/lammkraut-laemmersalat-arnoseris-minima-vnp-stiftung.jpg\",\"title\":\"Lamb-succory\\\/dwarf nipplewort (Arnoseris minima)\",\"link\":\"https:\\\/\\\/www.verein-naturschutzpark.de\\\/wp-content\\\/uploads\\\/lammkraut-laemmersalat-arnoseris-minima-vnp-stiftung.jpg\",\"alt\":\"Lamb-succory\\\/dwarf nipplewort (Arnoseris minima) | VNP Stiftung\",\"caption\":\"Lamb-succory\\\/dwarf nipplewort (Arnoseris minima)\",\"thumb\":\"https:\\\/\\\/www.verein-naturschutzpark.de\\\/wp-content\\\/uploads\\\/lammkraut-laemmersalat-arnoseris-minima-vnp-stiftung-75x50_c.jpg\",\"meta\":{\"aperture\":\"3.3\",\"credit\":null,\"camera\":\"DMC-TZ10\",\"caption\":\"\",\"created_timestamp\":\"1309252886\",\"copyright\":null,\"focal_length\":\"4.1\",\"iso\":\"80\",\"shutter_speed\":\"0.00125\",\"title\":\"\",\"orientation\":null,\"keywords\":null},\"thumbnail\":\"https:\\\/\\\/www.verein-naturschutzpark.de\\\/wp-content\\\/uploads\\\/lammkraut-laemmersalat-arnoseris-minima-vnp-stiftung-150x150.jpg\",\"medium\":\"https:\\\/\\\/www.verein-naturschutzpark.de\\\/wp-content\\\/uploads\\\/lammkraut-laemmersalat-arnoseris-minima-vnp-stiftung-400x400.jpg\",\"medium_large\":\"https:\\\/\\\/www.verein-naturschutzpark.de\\\/wp-content\\\/uploads\\\/lammkraut-laemmersalat-arnoseris-minima-vnp-stiftung-768x768.jpg\",\"large\":\"https:\\\/\\\/www.verein-naturschutzpark.de\\\/wp-content\\\/uploads\\\/lammkraut-laemmersalat-arnoseris-minima-vnp-stiftung.jpg\",\"thumblist\":\"https:\\\/\\\/www.verein-naturschutzpark.de\\\/wp-content\\\/uploads\\\/lammkraut-laemmersalat-arnoseris-minima-vnp-stiftung.jpg\",\"thumbrelated\":\"https:\\\/\\\/www.verein-naturschutzpark.de\\\/wp-content\\\/uploads\\\/lammkraut-laemmersalat-arnoseris-minima-vnp-stiftung.jpg\",\"meccarouselthumb\":\"https:\\\/\\\/www.verein-naturschutzpark.de\\\/wp-content\\\/uploads\\\/lammkraut-laemmersalat-arnoseris-minima-vnp-stiftung.jpg\",\"gridsquare\":\"https:\\\/\\\/www.verein-naturschutzpark.de\\\/wp-content\\\/uploads\\\/lammkraut-laemmersalat-arnoseris-minima-vnp-stiftung.jpg\",\"tileview\":\"https:\\\/\\\/www.verein-naturschutzpark.de\\\/wp-content\\\/uploads\\\/lammkraut-laemmersalat-arnoseris-minima-vnp-stiftung.jpg\",\"1536x1536\":\"https:\\\/\\\/www.verein-naturschutzpark.de\\\/wp-content\\\/uploads\\\/lammkraut-laemmersalat-arnoseris-minima-vnp-stiftung.jpg\",\"2048x2048\":\"https:\\\/\\\/www.verein-naturschutzpark.de\\\/wp-content\\\/uploads\\\/lammkraut-laemmersalat-arnoseris-minima-vnp-stiftung.jpg\",\"full\":\"https:\\\/\\\/www.verein-naturschutzpark.de\\\/wp-content\\\/uploads\\\/lammkraut-laemmersalat-arnoseris-minima-vnp-stiftung.jpg\",\"index\":27,\"id\":3123,\"video\":false,\"opts\":{\"caption\":\"Lamb-succory\\\/dwarf nipplewort (Arnoseris minima)\",\"thumb\":\"https:\\\/\\\/www.verein-naturschutzpark.de\\\/wp-content\\\/uploads\\\/lammkraut-laemmersalat-arnoseris-minima-vnp-stiftung-75x50_c.jpg\",\"title\":\"Lamb-succory\\\/dwarf nipplewort (Arnoseris minima)\"},\"gallery_id\":\"6444\"}]' data-lightbox-theme='{&quot;arrows&quot;:true,&quot;margins&quot;:[120,0],&quot;gutter&quot;:&quot;20&quot;,&quot;thumbs_position&quot;:&quot;side&quot;,&quot;base_template&quot;:&quot;&lt;div id=\\&quot;envirabox-6444\\&quot; data-envirabox-id=\\&quot;6444\\&quot; class=\\&quot;envirabox-container envirabox-theme-infinity_light envirabox-wrap\\&quot; role=\\&quot;dialog\\&quot;&gt;&lt;div class=\\&quot;envirabox-bg\\&quot;&gt;&lt;\\\/div&gt;&lt;div class=\\&quot;envirabox-outer\\&quot;&gt;&lt;div class=\\&quot;envirabox-inner\\&quot;&gt;&lt;div class=\\&quot;envirabox-title-wrap\\&quot;&gt;&lt;div class=\\&quot;envirabox-title-inner\\&quot;&gt;&lt;div class=\\&quot;envirabox-caption\\&quot;&gt;&lt;\\\/div&gt;&lt;\\\/div&gt;&lt;div class=\\&quot;envirabox-woocommerce-container\\&quot;&gt;&lt;\\\/div&gt;&lt;\\\/div&gt;&lt;div class=\\&quot;envirabox-toolbar\\&quot;&gt;&lt;div class=\\&quot;envira-close-button\\&quot;&gt;&lt;a data-envirabox-close class=\\&quot;envirabox-item envirabox-close envirabox-button--close\\&quot; title=\\&quot;Close\\&quot; href=\\&quot;#\\&quot;&gt;                   &lt;svg\\t\\t\\t\\t\\txmlns=\\&quot;http:\\\/\\\/www.w3.org\\\/2000\\\/svg\\&quot;\\t\\t\\t\\t\\twidth=\\&quot;30px\\&quot;\\t\\t\\t\\t\\theight=\\&quot;30px\\&quot;\\t\\t\\t\\t\\tviewBox=\\&quot;0 0 768 768\\&quot;\\t\\t\\t\\t   &gt;\\t\\t\\t\\t\\t&lt;path d=\\&quot;M607.5 205.5L429 384l178.5 178.5-45 45L384 429 205.5 607.5l-45-45L339 384 160.5 205.5l45-45L384 339l178.5-178.5z\\&quot;&gt;&lt;\\\/path&gt;\\t\\t\\t\\t   &lt;\\\/svg&gt;&lt;\\\/a&gt;&lt;\\\/div&gt;&lt;div class=\\&quot;envirabox-icons\\&quot;&gt;&lt;\\\/div&gt;&lt;\\\/div&gt;&lt;div class=\\&quot;envira-thumbs-button\\&quot;&gt;&lt;a data-envirabox-thumbs class=\\&quot;envirabox-item envira-thumbs-button envirabox-button--thumbs\\&quot; title=\\&quot;Toggle Thumbnails\\&quot; href=\\&quot;javascript:void(0)\\&quot;&gt;&lt;\\\/a&gt;&lt;\\\/div&gt;&lt;div class=\\&quot;envirabox-navigation\\&quot;&gt;&lt;a data-envirabox-prev title=\\&quot;Prev\\&quot; class=\\&quot;envirabox-arrow envirabox-arrow--left envirabox-nav envirabox-prev\\&quot; href=\\&quot;#\\&quot;&gt;&lt;span&gt;                     &lt;svg\\t\\t\\t\\t\\txmlns=\\&quot;http:\\\/\\\/www.w3.org\\\/2000\\\/svg\\&quot;\\t\\t\\t\\t\\twidth=\\&quot;45px\\&quot;\\t\\t\\t\\t\\theight=\\&quot;45px\\&quot;\\t\\t\\t\\t\\tviewBox=\\&quot;0 0 768 768\\&quot;\\t\\t\\t\\t   &gt;\\t\\t\\t\\t\\t&lt;path d=\\&quot;M493.5 531l-45 45-192-192 192-192 45 45-147 147z\\&quot;&gt;&lt;\\\/path&gt;\\t\\t\\t\\t   &lt;\\\/svg&gt;&lt;\\\/span&gt;&lt;\\\/a&gt;&lt;a data-envirabox-next title=\\&quot;Next\\&quot; class=\\&quot;envirabox-arrow envirabox-arrow--right envirabox-nav envirabox-next\\&quot; href=\\&quot;#\\&quot;&gt;&lt;span&gt;                         &lt;svg\\t\\t\\t\\t\\txmlns=\\&quot;http:\\\/\\\/www.w3.org\\\/2000\\\/svg\\&quot;\\t\\t\\t\\t\\twidth=\\&quot;45px\\&quot;\\t\\t\\t\\t\\theight=\\&quot;45px\\&quot;\\t\\t\\t\\t\\tviewBox=\\&quot;0 0 768 768\\&quot;\\t\\t\\t\\t   &gt;\\t\\t\\t\\t\\t&lt;path d=\\&quot;M274.5 531l147-147-147-147 45-45 192 192-192 192z\\&quot;&gt;&lt;\\\/path&gt;\\t\\t\\t\\t   &lt;\\\/svg&gt;&lt;\\\/span&gt;&lt;\\\/a&gt;&lt;\\\/div&gt;&lt;div class=\\&quot;envirabox-stage\\&quot;&gt;&lt;\\\/div&gt;&lt;\\\/div&gt;&lt;\\\/div&gt;&lt;\\\/div&gt;&quot;,&quot;inner_caption&quot;:true,&quot;load_all&quot;:false,&quot;error_template&quot;:&quot;&lt;div class=\\&quot;envirabox-error\\&quot;&gt;&lt;p&gt;{{ERROR}}&lt;p&gt;&lt;\\\/div&gt;&quot;,&quot;caption_position&quot;:&quot;outside&quot;,&quot;arrow_position&quot;:false,&quot;toolbar&quot;:true,&quot;infobar&quot;:false,&quot;show_smallbtn&quot;:false,&quot;idle_time&quot;:false,&quot;click_content&quot;:false,&quot;click_slide&quot;:false,&quot;click_outside&quot;:false,&quot;animation_duration&quot;:false,&quot;transition_duration&quot;:false,&quot;small_btn_template&quot;:&quot;&lt;a data-envirabox-close class=\\&quot;envirabox-item envirabox-close envirabox-button--close\\&quot; title=\\&quot;Close\\&quot; href=\\&quot;#\\&quot;&gt;&lt;\\\/a&gt;&quot;}' data-parsed-attrs='{\"id\":\"6444\",\"cache\":true}'><div id=\"envira-gallery-item-3111\" class=\"envira-gallery-item envira-gallery-item-1 envira-lazy-load\" style=\"padding-left: 5px; padding-bottom: 10px; padding-right: 5px;\"  itemscope itemtype=\"https:\/\/schema.org\/ImageObject\"><div class=\"envira-gallery-item-inner\"><div class=\"envira-gallery-position-overlay envira-gallery-top-left\"><\/div><div class=\"envira-gallery-position-overlay envira-gallery-top-right\"><\/div><div class=\"envira-gallery-position-overlay envira-gallery-bottom-left\"><\/div><div class=\"envira-gallery-position-overlay envira-gallery-bottom-right\"><\/div><a class=\"envira-gallery-6444 envira-gallery-link\" href=\"https:\/\/www.verein-naturschutzpark.de\/wp-content\/uploads\/echte-schluesselbume-primula-veris-blindschleiche-vnp-stiftung.jpg\" title=\"Cowslip (Primula veris) with slow worm (Anguis fragilis)\" data-caption=\"Cowslip (Primula veris) with slow worm (Anguis fragilis)\" data-envira-item-id=\"3111\" data-envira-retina=\"https:\/\/www.verein-naturschutzpark.de\/wp-content\/uploads\/echte-schluesselbume-primula-veris-blindschleiche-vnp-stiftung.jpg\" data-thumb=\"https:\/\/www.verein-naturschutzpark.de\/wp-content\/uploads\/echte-schluesselbume-primula-veris-blindschleiche-vnp-stiftung-75x50_c.jpg\" data-title=\"Cowslip (Primula veris) with slow worm (Anguis fragilis)\" data-envirabox='6444' itemprop=\"contentUrl\"><div class=\"envira-lazy\" style=\"padding-bottom: 100%;\" data-envira-changed=\"false\" data-width=\"500\" data-height=\"500\"><img decoding=\"async\" src=\"https:\/\/www.verein-naturschutzpark.de\/wp-content\/uploads\/echte-schluesselbume-primula-veris-blindschleiche-vnp-stiftung-500x500_c.jpg\" alt=\"Cowslip (Primula veris) with slow worm (Anguis fragilis) | VNP Stiftung\" class=\"envira-gallery-image envira-gallery-image-1    envira-lazy\" height=\"500\" id=\"envira-gallery-image-3111\" srcset=\"data:image\/gif;base64,R0lGODlhAQABAIAAAP\/\/\/\/\/\/\/yH5BAEKAAEALAAAAAABAAEAAAICTAEAOw==\" tabindex=\"-1\" title=\"Cowslip (Primula veris) with slow worm (Anguis fragilis)\" width=\"500\" data-caption=\"Cowslip (Primula veris) with slow worm (Anguis fragilis)\" data-envira-gallery-id=\"6444\" data-envira-index=\"0\" data-envira-item-id=\"3111\" data-envira-src=\"https:\/\/www.verein-naturschutzpark.de\/wp-content\/uploads\/echte-schluesselbume-primula-veris-blindschleiche-vnp-stiftung-500x500_c.jpg\" data-envira-srcset=\"https:\/\/www.verein-naturschutzpark.de\/wp-content\/uploads\/echte-schluesselbume-primula-veris-blindschleiche-vnp-stiftung-500x500_c.jpg 400w, https:\/\/www.verein-naturschutzpark.de\/wp-content\/uploads\/echte-schluesselbume-primula-veris-blindschleiche-vnp-stiftung-500x500_c.jpg 2x\" data-title=\"Cowslip (Primula veris) with slow worm (Anguis fragilis)\" itemprop=\"thumbnailUrl\"  data-no-lazy=\"1\"  data-envirabox=\"6444\" \/><\/div><\/a><div class=\"envira-gallery-captioned-data envira-gallery-captioned-data-sleek\"><span class='envira-caption envira-gallery-captioned-text caption-3111'>Cowslip (Primula veris) with slow worm (Anguis fragilis)<\/span><\/div><\/div><\/div><div id=\"envira-gallery-item-3099\" class=\"envira-gallery-item envira-gallery-item-2 envira-lazy-load\" style=\"padding-left: 5px; padding-bottom: 10px; padding-right: 5px;\"  itemscope itemtype=\"https:\/\/schema.org\/ImageObject\"><div class=\"envira-gallery-item-inner\"><div class=\"envira-gallery-position-overlay envira-gallery-top-left\"><\/div><div class=\"envira-gallery-position-overlay envira-gallery-top-right\"><\/div><div class=\"envira-gallery-position-overlay envira-gallery-bottom-left\"><\/div><div class=\"envira-gallery-position-overlay envira-gallery-bottom-right\"><\/div><a class=\"envira-gallery-6444 envira-gallery-link\" href=\"https:\/\/www.verein-naturschutzpark.de\/wp-content\/uploads\/behaarter-ginster-genista-pilosa-vnp-stiftung.jpg\" title=\"Hairy greenweed\/silkyleaf broom (Genista pilosa)\" data-caption=\"Hairy greenweed\/silkyleaf broom (Genista pilosa)\" data-envira-item-id=\"3099\" data-envira-retina=\"https:\/\/www.verein-naturschutzpark.de\/wp-content\/uploads\/behaarter-ginster-genista-pilosa-vnp-stiftung.jpg\" data-thumb=\"https:\/\/www.verein-naturschutzpark.de\/wp-content\/uploads\/behaarter-ginster-genista-pilosa-vnp-stiftung-75x50_c.jpg\" data-title=\"Hairy greenweed\/silkyleaf broom (Genista pilosa)\" data-envirabox='6444' itemprop=\"contentUrl\"><div class=\"envira-lazy\" style=\"padding-bottom: 100%;\" data-envira-changed=\"false\" data-width=\"500\" data-height=\"500\"><img decoding=\"async\" src=\"https:\/\/www.verein-naturschutzpark.de\/wp-content\/uploads\/behaarter-ginster-genista-pilosa-vnp-stiftung-500x500_c.jpg\" alt=\"Hairy greenweed\/silkyleaf broom (Genista pilosa) | VNP Stiftung\" class=\"envira-gallery-image envira-gallery-image-2    envira-lazy\" height=\"500\" id=\"envira-gallery-image-3099\" srcset=\"data:image\/gif;base64,R0lGODlhAQABAIAAAP\/\/\/\/\/\/\/yH5BAEKAAEALAAAAAABAAEAAAICTAEAOw==\" tabindex=\"-1\" title=\"Hairy greenweed\/silkyleaf broom (Genista pilosa)\" width=\"500\" data-caption=\"Hairy greenweed\/silkyleaf broom (Genista pilosa)\" data-envira-gallery-id=\"6444\" data-envira-index=\"1\" data-envira-item-id=\"3099\" data-envira-src=\"https:\/\/www.verein-naturschutzpark.de\/wp-content\/uploads\/behaarter-ginster-genista-pilosa-vnp-stiftung-500x500_c.jpg\" data-envira-srcset=\"https:\/\/www.verein-naturschutzpark.de\/wp-content\/uploads\/behaarter-ginster-genista-pilosa-vnp-stiftung-500x500_c.jpg 400w, https:\/\/www.verein-naturschutzpark.de\/wp-content\/uploads\/behaarter-ginster-genista-pilosa-vnp-stiftung-500x500_c.jpg 2x\" data-title=\"Hairy greenweed\/silkyleaf broom (Genista pilosa)\" itemprop=\"thumbnailUrl\"  data-no-lazy=\"1\"  data-envirabox=\"6444\" \/><\/div><\/a><div class=\"envira-gallery-captioned-data envira-gallery-captioned-data-sleek\"><span class='envira-caption envira-gallery-captioned-text caption-3099'>Hairy greenweed\/silkyleaf broom (Genista pilosa)<\/span><\/div><\/div><\/div><div id=\"envira-gallery-item-3143\" class=\"envira-gallery-item envira-gallery-item-3 envira-lazy-load\" style=\"padding-left: 5px; padding-bottom: 10px; padding-right: 5px;\"  itemscope itemtype=\"https:\/\/schema.org\/ImageObject\"><div class=\"envira-gallery-item-inner\"><div class=\"envira-gallery-position-overlay envira-gallery-top-left\"><\/div><div class=\"envira-gallery-position-overlay envira-gallery-top-right\"><\/div><div class=\"envira-gallery-position-overlay envira-gallery-bottom-left\"><\/div><div class=\"envira-gallery-position-overlay envira-gallery-bottom-right\"><\/div><a class=\"envira-gallery-6444 envira-gallery-link\" href=\"https:\/\/www.verein-naturschutzpark.de\/wp-content\/uploads\/scheidiges-oder-scheiden-wollgras-eriophorum-vaginatum-vnp-stiftung.jpg\" title=\"&quot;Flowering&quot; Hare&#039;s tail cotton grass (Eriophorum vaginatum) | VNP Verein Naturschutzpark\" data-caption=\"&quot;Flowering&quot; Hare&#039;s tail cotton grass (Eriophorum vaginatum)\" data-envira-item-id=\"3143\" data-envira-retina=\"https:\/\/www.verein-naturschutzpark.de\/wp-content\/uploads\/scheidiges-oder-scheiden-wollgras-eriophorum-vaginatum-vnp-stiftung.jpg\" data-thumb=\"https:\/\/www.verein-naturschutzpark.de\/wp-content\/uploads\/scheidiges-oder-scheiden-wollgras-eriophorum-vaginatum-vnp-stiftung-75x50_c.jpg\" data-title=\"&amp;quot;Flowering&amp;quot; Hare&amp;#039;s tail cotton grass (Eriophorum vaginatum) | VNP Verein Naturschutzpark\" data-envirabox='6444' itemprop=\"contentUrl\"><div class=\"envira-lazy\" style=\"padding-bottom: 100%;\" data-envira-changed=\"false\" data-width=\"500\" data-height=\"500\"><img decoding=\"async\" src=\"https:\/\/www.verein-naturschutzpark.de\/wp-content\/uploads\/scheidiges-oder-scheiden-wollgras-eriophorum-vaginatum-vnp-stiftung-500x500_c.jpg\" alt=\"&amp;quot;Flowering&amp;quot; Hare&amp;#039;s tail cotton grass (Eriophorum vaginatum) | VNP Verein Naturschutzpark\" class=\"envira-gallery-image envira-gallery-image-3    envira-lazy\" height=\"500\" id=\"envira-gallery-image-3143\" srcset=\"data:image\/gif;base64,R0lGODlhAQABAIAAAP\/\/\/\/\/\/\/yH5BAEKAAEALAAAAAABAAEAAAICTAEAOw==\" tabindex=\"-1\" title=\"&quot;Flowering&quot; Hare&#039;s tail cotton grass (Eriophorum vaginatum) | VNP Verein Naturschutzpark\" width=\"500\" data-caption=\"&quot;Flowering&quot; Hare&#039;s tail cotton grass (Eriophorum vaginatum)\" data-envira-gallery-id=\"6444\" data-envira-index=\"2\" data-envira-item-id=\"3143\" data-envira-src=\"https:\/\/www.verein-naturschutzpark.de\/wp-content\/uploads\/scheidiges-oder-scheiden-wollgras-eriophorum-vaginatum-vnp-stiftung-500x500_c.jpg\" data-envira-srcset=\"https:\/\/www.verein-naturschutzpark.de\/wp-content\/uploads\/scheidiges-oder-scheiden-wollgras-eriophorum-vaginatum-vnp-stiftung-500x500_c.jpg 400w, https:\/\/www.verein-naturschutzpark.de\/wp-content\/uploads\/scheidiges-oder-scheiden-wollgras-eriophorum-vaginatum-vnp-stiftung-500x500_c.jpg 2x\" data-title=\"&amp;quot;Flowering&amp;quot; Hare&amp;#039;s tail cotton grass (Eriophorum vaginatum) | VNP Verein Naturschutzpark\" itemprop=\"thumbnailUrl\"  data-no-lazy=\"1\"  data-envirabox=\"6444\" \/><\/div><\/a><div class=\"envira-gallery-captioned-data envira-gallery-captioned-data-sleek\"><span class='envira-caption envira-gallery-captioned-text caption-3143'>\"Flowering\" Hare's tail cotton grass (Eriophorum vaginatum)<\/span><\/div><\/div><\/div><div id=\"envira-gallery-item-3139\" class=\"envira-gallery-item envira-gallery-item-4 envira-lazy-load\" style=\"padding-left: 5px; padding-bottom: 10px; padding-right: 5px;\"  itemscope itemtype=\"https:\/\/schema.org\/ImageObject\"><div class=\"envira-gallery-item-inner\"><div class=\"envira-gallery-position-overlay envira-gallery-top-left\"><\/div><div class=\"envira-gallery-position-overlay envira-gallery-top-right\"><\/div><div class=\"envira-gallery-position-overlay envira-gallery-bottom-left\"><\/div><div class=\"envira-gallery-position-overlay envira-gallery-bottom-right\"><\/div><a class=\"envira-gallery-6444 envira-gallery-link\" href=\"https:\/\/www.verein-naturschutzpark.de\/wp-content\/uploads\/rundblaettriger-sonnentau-drosera-rotundifolia-vnp-stiftung.jpg\" title=\"rundblaettriger-sonnentau-drosera-rotundifolia-vnp-stiftung\" data-caption=\"Round-leaved sundew (Drosera rotundifolia)\" data-envira-item-id=\"3139\" data-envira-retina=\"https:\/\/www.verein-naturschutzpark.de\/wp-content\/uploads\/rundblaettriger-sonnentau-drosera-rotundifolia-vnp-stiftung.jpg\" data-thumb=\"https:\/\/www.verein-naturschutzpark.de\/wp-content\/uploads\/rundblaettriger-sonnentau-drosera-rotundifolia-vnp-stiftung-75x50_c.jpg\" data-title=\"rundblaettriger-sonnentau-drosera-rotundifolia-vnp-stiftung\" data-envirabox='6444' itemprop=\"contentUrl\"><div class=\"envira-lazy\" style=\"padding-bottom: 100%;\" data-envira-changed=\"false\" data-width=\"500\" data-height=\"500\"><img decoding=\"async\" src=\"https:\/\/www.verein-naturschutzpark.de\/wp-content\/uploads\/rundblaettriger-sonnentau-drosera-rotundifolia-vnp-stiftung-500x500_c.jpg\" alt=\"Rundbl&auml;ttriger Sonnentau (Drosera rotundifolia)\" class=\"envira-gallery-image envira-gallery-image-4    envira-lazy\" height=\"500\" id=\"envira-gallery-image-3139\" srcset=\"data:image\/gif;base64,R0lGODlhAQABAIAAAP\/\/\/\/\/\/\/yH5BAEKAAEALAAAAAABAAEAAAICTAEAOw==\" tabindex=\"-1\" title=\"rundblaettriger-sonnentau-drosera-rotundifolia-vnp-stiftung\" width=\"500\" data-caption=\"Round-leaved sundew (Drosera rotundifolia)\" data-envira-gallery-id=\"6444\" data-envira-index=\"3\" data-envira-item-id=\"3139\" data-envira-src=\"https:\/\/www.verein-naturschutzpark.de\/wp-content\/uploads\/rundblaettriger-sonnentau-drosera-rotundifolia-vnp-stiftung-500x500_c.jpg\" data-envira-srcset=\"https:\/\/www.verein-naturschutzpark.de\/wp-content\/uploads\/rundblaettriger-sonnentau-drosera-rotundifolia-vnp-stiftung-500x500_c.jpg 400w, https:\/\/www.verein-naturschutzpark.de\/wp-content\/uploads\/rundblaettriger-sonnentau-drosera-rotundifolia-vnp-stiftung-500x500_c.jpg 2x\" data-title=\"rundblaettriger-sonnentau-drosera-rotundifolia-vnp-stiftung\" itemprop=\"thumbnailUrl\"  data-no-lazy=\"1\"  data-envirabox=\"6444\" \/><\/div><\/a><div class=\"envira-gallery-captioned-data envira-gallery-captioned-data-sleek\"><span class='envira-caption envira-gallery-captioned-text caption-3139'>Round-leaved sundew (Drosera rotundifolia)<\/span><\/div><\/div><\/div><div id=\"envira-gallery-item-3147\" class=\"envira-gallery-item envira-gallery-item-5 envira-lazy-load\" style=\"padding-left: 5px; padding-bottom: 10px; padding-right: 5px;\"  itemscope itemtype=\"https:\/\/schema.org\/ImageObject\"><div class=\"envira-gallery-item-inner\"><div class=\"envira-gallery-position-overlay envira-gallery-top-left\"><\/div><div class=\"envira-gallery-position-overlay envira-gallery-top-right\"><\/div><div class=\"envira-gallery-position-overlay envira-gallery-bottom-left\"><\/div><div class=\"envira-gallery-position-overlay envira-gallery-bottom-right\"><\/div><a class=\"envira-gallery-6444 envira-gallery-link\" href=\"https:\/\/www.verein-naturschutzpark.de\/wp-content\/uploads\/teppich-aus-verschiedenen-torfmoosen-vnp-stiftung.jpg\" title=\"Carpet of various sphagnum mosses | VNP Verein Naturschutzpark\" data-caption=\"Carpet of various sphagnum mosses\" data-envira-item-id=\"3147\" data-envira-retina=\"https:\/\/www.verein-naturschutzpark.de\/wp-content\/uploads\/teppich-aus-verschiedenen-torfmoosen-vnp-stiftung.jpg\" data-thumb=\"https:\/\/www.verein-naturschutzpark.de\/wp-content\/uploads\/teppich-aus-verschiedenen-torfmoosen-vnp-stiftung-75x50_c.jpg\" data-title=\"Carpet of various sphagnum mosses | VNP Verein Naturschutzpark\" data-envirabox='6444' itemprop=\"contentUrl\"><div class=\"envira-lazy\" style=\"padding-bottom: 100%;\" data-envira-changed=\"false\" data-width=\"500\" data-height=\"500\"><img decoding=\"async\" src=\"https:\/\/www.verein-naturschutzpark.de\/wp-content\/uploads\/teppich-aus-verschiedenen-torfmoosen-vnp-stiftung-500x500_c.jpg\" alt=\"Carpet of various sphagnum mosses | VNP Verein Naturschutzpark\" class=\"envira-gallery-image envira-gallery-image-5    envira-lazy\" height=\"500\" id=\"envira-gallery-image-3147\" srcset=\"data:image\/gif;base64,R0lGODlhAQABAIAAAP\/\/\/\/\/\/\/yH5BAEKAAEALAAAAAABAAEAAAICTAEAOw==\" tabindex=\"-1\" title=\"Carpet of various sphagnum mosses | VNP Verein Naturschutzpark\" width=\"500\" data-caption=\"Carpet of various sphagnum mosses\" data-envira-gallery-id=\"6444\" data-envira-index=\"4\" data-envira-item-id=\"3147\" data-envira-src=\"https:\/\/www.verein-naturschutzpark.de\/wp-content\/uploads\/teppich-aus-verschiedenen-torfmoosen-vnp-stiftung-500x500_c.jpg\" data-envira-srcset=\"https:\/\/www.verein-naturschutzpark.de\/wp-content\/uploads\/teppich-aus-verschiedenen-torfmoosen-vnp-stiftung-500x500_c.jpg 400w, https:\/\/www.verein-naturschutzpark.de\/wp-content\/uploads\/teppich-aus-verschiedenen-torfmoosen-vnp-stiftung-500x500_c.jpg 2x\" data-title=\"Carpet of various sphagnum mosses | VNP Verein Naturschutzpark\" itemprop=\"thumbnailUrl\"  data-no-lazy=\"1\"  data-envirabox=\"6444\" \/><\/div><\/a><div class=\"envira-gallery-captioned-data envira-gallery-captioned-data-sleek\"><span class='envira-caption envira-gallery-captioned-text caption-3147'>Carpet of various sphagnum mosses<\/span><\/div><\/div><\/div><div id=\"envira-gallery-item-3121\" class=\"envira-gallery-item envira-gallery-item-6 envira-lazy-load\" style=\"padding-left: 5px; padding-bottom: 10px; padding-right: 5px;\"  itemscope itemtype=\"https:\/\/schema.org\/ImageObject\"><div class=\"envira-gallery-item-inner\"><div class=\"envira-gallery-position-overlay envira-gallery-top-left\"><\/div><div class=\"envira-gallery-position-overlay envira-gallery-top-right\"><\/div><div class=\"envira-gallery-position-overlay envira-gallery-bottom-left\"><\/div><div class=\"envira-gallery-position-overlay envira-gallery-bottom-right\"><\/div><a class=\"envira-gallery-6444 envira-gallery-link\" href=\"https:\/\/www.verein-naturschutzpark.de\/wp-content\/uploads\/kraehenbeere-empetrum-nigrum-vnp-stiftung.jpg\" title=\"Crowberry (Empetrum nigrum)\" data-caption=\"Crowberry (Empetrum nigrum)\" data-envira-item-id=\"3121\" data-envira-retina=\"https:\/\/www.verein-naturschutzpark.de\/wp-content\/uploads\/kraehenbeere-empetrum-nigrum-vnp-stiftung.jpg\" data-thumb=\"https:\/\/www.verein-naturschutzpark.de\/wp-content\/uploads\/kraehenbeere-empetrum-nigrum-vnp-stiftung-75x50_c.jpg\" data-title=\"Crowberry (Empetrum nigrum)\" data-envirabox='6444' itemprop=\"contentUrl\"><div class=\"envira-lazy\" style=\"padding-bottom: 100%;\" data-envira-changed=\"false\" data-width=\"500\" data-height=\"500\"><img decoding=\"async\" src=\"https:\/\/www.verein-naturschutzpark.de\/wp-content\/uploads\/kraehenbeere-empetrum-nigrum-vnp-stiftung-500x500_c.jpg\" alt=\"Crowberry (Empetrum nigrum) | VNP Stiftung\" class=\"envira-gallery-image envira-gallery-image-6    envira-lazy\" height=\"500\" id=\"envira-gallery-image-3121\" srcset=\"data:image\/gif;base64,R0lGODlhAQABAIAAAP\/\/\/\/\/\/\/yH5BAEKAAEALAAAAAABAAEAAAICTAEAOw==\" tabindex=\"-1\" title=\"Crowberry (Empetrum nigrum)\" width=\"500\" data-caption=\"Crowberry (Empetrum nigrum)\" data-envira-gallery-id=\"6444\" data-envira-index=\"5\" data-envira-item-id=\"3121\" data-envira-src=\"https:\/\/www.verein-naturschutzpark.de\/wp-content\/uploads\/kraehenbeere-empetrum-nigrum-vnp-stiftung-500x500_c.jpg\" data-envira-srcset=\"https:\/\/www.verein-naturschutzpark.de\/wp-content\/uploads\/kraehenbeere-empetrum-nigrum-vnp-stiftung-500x500_c.jpg 400w, https:\/\/www.verein-naturschutzpark.de\/wp-content\/uploads\/kraehenbeere-empetrum-nigrum-vnp-stiftung-500x500_c.jpg 2x\" data-title=\"Crowberry (Empetrum nigrum)\" itemprop=\"thumbnailUrl\"  data-no-lazy=\"1\"  data-envirabox=\"6444\" \/><\/div><\/a><div class=\"envira-gallery-captioned-data envira-gallery-captioned-data-sleek\"><span class='envira-caption envira-gallery-captioned-text caption-3121'>Crowberry (Empetrum nigrum)<\/span><\/div><\/div><\/div><div id=\"envira-gallery-item-3127\" class=\"envira-gallery-item envira-gallery-item-7 envira-lazy-load\" style=\"padding-left: 5px; padding-bottom: 10px; padding-right: 5px;\"  itemscope itemtype=\"https:\/\/schema.org\/ImageObject\"><div class=\"envira-gallery-item-inner\"><div class=\"envira-gallery-position-overlay envira-gallery-top-left\"><\/div><div class=\"envira-gallery-position-overlay envira-gallery-top-right\"><\/div><div class=\"envira-gallery-position-overlay envira-gallery-bottom-left\"><\/div><div class=\"envira-gallery-position-overlay envira-gallery-bottom-right\"><\/div><a class=\"envira-gallery-6444 envira-gallery-link\" href=\"https:\/\/www.verein-naturschutzpark.de\/wp-content\/uploads\/moorlilie-narthecium-ossifragum-vnp-stiftung.jpg\" title=\"Bog asphodel (Narthecium ossifragum)\" data-caption=\"Bog asphodel (Narthecium ossifragum)\" data-envira-item-id=\"3127\" data-envira-retina=\"https:\/\/www.verein-naturschutzpark.de\/wp-content\/uploads\/moorlilie-narthecium-ossifragum-vnp-stiftung.jpg\" data-thumb=\"https:\/\/www.verein-naturschutzpark.de\/wp-content\/uploads\/moorlilie-narthecium-ossifragum-vnp-stiftung-75x50_c.jpg\" data-title=\"Bog asphodel (Narthecium ossifragum)\" data-envirabox='6444' itemprop=\"contentUrl\"><div class=\"envira-lazy\" style=\"padding-bottom: 100%;\" data-envira-changed=\"false\" data-width=\"500\" data-height=\"500\"><img decoding=\"async\" src=\"https:\/\/www.verein-naturschutzpark.de\/wp-content\/uploads\/moorlilie-narthecium-ossifragum-vnp-stiftung-500x500_c.jpg\" alt=\"Bog asphodel (Narthecium ossifragum) | VNP Stiftung\" class=\"envira-gallery-image envira-gallery-image-7    envira-lazy\" height=\"500\" id=\"envira-gallery-image-3127\" srcset=\"data:image\/gif;base64,R0lGODlhAQABAIAAAP\/\/\/\/\/\/\/yH5BAEKAAEALAAAAAABAAEAAAICTAEAOw==\" tabindex=\"-1\" title=\"Bog asphodel (Narthecium ossifragum)\" width=\"500\" data-caption=\"Bog asphodel (Narthecium ossifragum)\" data-envira-gallery-id=\"6444\" data-envira-index=\"6\" data-envira-item-id=\"3127\" data-envira-src=\"https:\/\/www.verein-naturschutzpark.de\/wp-content\/uploads\/moorlilie-narthecium-ossifragum-vnp-stiftung-500x500_c.jpg\" data-envira-srcset=\"https:\/\/www.verein-naturschutzpark.de\/wp-content\/uploads\/moorlilie-narthecium-ossifragum-vnp-stiftung-500x500_c.jpg 400w, https:\/\/www.verein-naturschutzpark.de\/wp-content\/uploads\/moorlilie-narthecium-ossifragum-vnp-stiftung-500x500_c.jpg 2x\" data-title=\"Bog asphodel (Narthecium ossifragum)\" itemprop=\"thumbnailUrl\"  data-no-lazy=\"1\"  data-envirabox=\"6444\" \/><\/div><\/a><div class=\"envira-gallery-captioned-data envira-gallery-captioned-data-sleek\"><span class='envira-caption envira-gallery-captioned-text caption-3127'>Bog asphodel (Narthecium ossifragum)<\/span><\/div><\/div><\/div><div id=\"envira-gallery-item-3117\" class=\"envira-gallery-item envira-gallery-item-8 envira-lazy-load\" style=\"padding-left: 5px; padding-bottom: 10px; padding-right: 5px;\"  itemscope itemtype=\"https:\/\/schema.org\/ImageObject\"><div class=\"envira-gallery-item-inner\"><div class=\"envira-gallery-position-overlay envira-gallery-top-left\"><\/div><div class=\"envira-gallery-position-overlay envira-gallery-top-right\"><\/div><div class=\"envira-gallery-position-overlay envira-gallery-bottom-left\"><\/div><div class=\"envira-gallery-position-overlay envira-gallery-bottom-right\"><\/div><a class=\"envira-gallery-6444 envira-gallery-link\" href=\"https:\/\/www.verein-naturschutzpark.de\/wp-content\/uploads\/glockenheide-erica-tetralix-vnp-stiftung.jpg\" title=\"Cross-leaved heath (Erica tetralix)\" data-caption=\"Cross-leaved heath (Erica tetralix)\" data-envira-item-id=\"3117\" data-envira-retina=\"https:\/\/www.verein-naturschutzpark.de\/wp-content\/uploads\/glockenheide-erica-tetralix-vnp-stiftung.jpg\" data-thumb=\"https:\/\/www.verein-naturschutzpark.de\/wp-content\/uploads\/glockenheide-erica-tetralix-vnp-stiftung-75x50_c.jpg\" data-title=\"Cross-leaved heath (Erica tetralix)\" data-envirabox='6444' itemprop=\"contentUrl\"><div class=\"envira-lazy\" style=\"padding-bottom: 100%;\" data-envira-changed=\"false\" data-width=\"500\" data-height=\"500\"><img decoding=\"async\" src=\"https:\/\/www.verein-naturschutzpark.de\/wp-content\/uploads\/glockenheide-erica-tetralix-vnp-stiftung-500x500_c.jpg\" alt=\"Cross-leaved heath (Erica tetralix) | VNP Stiftung\" class=\"envira-gallery-image envira-gallery-image-8    envira-lazy\" height=\"500\" id=\"envira-gallery-image-3117\" srcset=\"data:image\/gif;base64,R0lGODlhAQABAIAAAP\/\/\/\/\/\/\/yH5BAEKAAEALAAAAAABAAEAAAICTAEAOw==\" tabindex=\"-1\" title=\"Cross-leaved heath (Erica tetralix)\" width=\"500\" data-caption=\"Cross-leaved heath (Erica tetralix)\" data-envira-gallery-id=\"6444\" data-envira-index=\"7\" data-envira-item-id=\"3117\" data-envira-src=\"https:\/\/www.verein-naturschutzpark.de\/wp-content\/uploads\/glockenheide-erica-tetralix-vnp-stiftung-500x500_c.jpg\" data-envira-srcset=\"https:\/\/www.verein-naturschutzpark.de\/wp-content\/uploads\/glockenheide-erica-tetralix-vnp-stiftung-500x500_c.jpg 400w, https:\/\/www.verein-naturschutzpark.de\/wp-content\/uploads\/glockenheide-erica-tetralix-vnp-stiftung-500x500_c.jpg 2x\" data-title=\"Cross-leaved heath (Erica tetralix)\" itemprop=\"thumbnailUrl\"  data-no-lazy=\"1\"  data-envirabox=\"6444\" \/><\/div><\/a><div class=\"envira-gallery-captioned-data envira-gallery-captioned-data-sleek\"><span class='envira-caption envira-gallery-captioned-text caption-3117'>Cross-leaved heath (Erica tetralix)<\/span><\/div><\/div><\/div><div id=\"envira-gallery-item-5284\" class=\"envira-gallery-item envira-gallery-item-9 envira-lazy-load\" style=\"padding-left: 5px; padding-bottom: 10px; padding-right: 5px;\"  itemscope itemtype=\"https:\/\/schema.org\/ImageObject\"><div class=\"envira-gallery-item-inner\"><div class=\"envira-gallery-position-overlay envira-gallery-top-left\"><\/div><div class=\"envira-gallery-position-overlay envira-gallery-top-right\"><\/div><div class=\"envira-gallery-position-overlay envira-gallery-bottom-left\"><\/div><div class=\"envira-gallery-position-overlay envira-gallery-bottom-right\"><\/div><a class=\"envira-gallery-6444 envira-gallery-link\" href=\"https:\/\/www.verein-naturschutzpark.de\/wp-content\/uploads\/bluehender-thymian-naturschutzgebiet-lueneburger-heide-1.jpg\" title=\"Flowering thyme in the Lueneburg Heath nature reserve | VNP Stiftung\" data-caption=\"Flowering thyme\" data-envira-item-id=\"5284\" data-envira-retina=\"https:\/\/www.verein-naturschutzpark.de\/wp-content\/uploads\/bluehender-thymian-naturschutzgebiet-lueneburger-heide-1.jpg\" data-thumb=\"https:\/\/www.verein-naturschutzpark.de\/wp-content\/uploads\/bluehender-thymian-naturschutzgebiet-lueneburger-heide-1-75x50_c.jpg\" data-title=\"Flowering thyme in the Lueneburg Heath nature reserve | VNP Stiftung\" data-envirabox='6444' itemprop=\"contentUrl\"><div class=\"envira-lazy\" style=\"padding-bottom: 100%;\" data-envira-changed=\"false\" data-width=\"500\" data-height=\"500\"><img decoding=\"async\" src=\"https:\/\/www.verein-naturschutzpark.de\/wp-content\/uploads\/bluehender-thymian-naturschutzgebiet-lueneburger-heide-1-500x500_c.jpg\" alt=\"Flowering thyme in the Lueneburg Heath nature reserve | VNP Stiftung\" class=\"envira-gallery-image envira-gallery-image-9    envira-lazy\" height=\"500\" id=\"envira-gallery-image-5284\" srcset=\"data:image\/gif;base64,R0lGODlhAQABAIAAAP\/\/\/\/\/\/\/yH5BAEKAAEALAAAAAABAAEAAAICTAEAOw==\" tabindex=\"-1\" title=\"Flowering thyme in the Lueneburg Heath nature reserve | VNP Stiftung\" width=\"500\" data-caption=\"Flowering thyme\" data-envira-gallery-id=\"6444\" data-envira-index=\"8\" data-envira-item-id=\"5284\" data-envira-src=\"https:\/\/www.verein-naturschutzpark.de\/wp-content\/uploads\/bluehender-thymian-naturschutzgebiet-lueneburger-heide-1-500x500_c.jpg\" data-envira-srcset=\"https:\/\/www.verein-naturschutzpark.de\/wp-content\/uploads\/bluehender-thymian-naturschutzgebiet-lueneburger-heide-1-500x500_c.jpg 400w, https:\/\/www.verein-naturschutzpark.de\/wp-content\/uploads\/bluehender-thymian-naturschutzgebiet-lueneburger-heide-1-500x500_c.jpg 2x\" data-title=\"Flowering thyme in the Lueneburg Heath nature reserve | VNP Stiftung\" itemprop=\"thumbnailUrl\"  data-no-lazy=\"1\"  data-envirabox=\"6444\" \/><\/div><\/a><div class=\"envira-gallery-captioned-data envira-gallery-captioned-data-sleek\"><span class='envira-caption envira-gallery-captioned-text caption-5284'>Flowering thyme<\/span><\/div><\/div><\/div><div id=\"envira-gallery-item-3149\" class=\"envira-gallery-item envira-gallery-item-10 envira-lazy-load\" style=\"padding-left: 5px; padding-bottom: 10px; padding-right: 5px;\"  itemscope itemtype=\"https:\/\/schema.org\/ImageObject\"><div class=\"envira-gallery-item-inner\"><div class=\"envira-gallery-position-overlay envira-gallery-top-left\"><\/div><div class=\"envira-gallery-position-overlay envira-gallery-top-right\"><\/div><div class=\"envira-gallery-position-overlay envira-gallery-bottom-left\"><\/div><div class=\"envira-gallery-position-overlay envira-gallery-bottom-right\"><\/div><a class=\"envira-gallery-6444 envira-gallery-link\" href=\"https:\/\/www.verein-naturschutzpark.de\/wp-content\/uploads\/thymian-heideblaeuling-vnp-stiftung.jpg\" title=\"Thyme with butterflies | VNP Verein Naturschutzpark\" data-caption=\"Thyme with butterflies\" data-envira-item-id=\"3149\" data-envira-retina=\"https:\/\/www.verein-naturschutzpark.de\/wp-content\/uploads\/thymian-heideblaeuling-vnp-stiftung.jpg\" data-thumb=\"https:\/\/www.verein-naturschutzpark.de\/wp-content\/uploads\/thymian-heideblaeuling-vnp-stiftung-75x50_c.jpg\" data-title=\"Thyme with butterflies | VNP Verein Naturschutzpark\" data-envirabox='6444' itemprop=\"contentUrl\"><div class=\"envira-lazy\" style=\"padding-bottom: 100%;\" data-envira-changed=\"false\" data-width=\"500\" data-height=\"500\"><img decoding=\"async\" src=\"https:\/\/www.verein-naturschutzpark.de\/wp-content\/uploads\/thymian-heideblaeuling-vnp-stiftung-500x500_c.jpg\" alt=\"Thyme with butterflies | VNP Verein Naturschutzpark\" class=\"envira-gallery-image envira-gallery-image-10    envira-lazy\" height=\"500\" id=\"envira-gallery-image-3149\" srcset=\"data:image\/gif;base64,R0lGODlhAQABAIAAAP\/\/\/\/\/\/\/yH5BAEKAAEALAAAAAABAAEAAAICTAEAOw==\" tabindex=\"-1\" title=\"Thyme with butterflies | VNP Verein Naturschutzpark\" width=\"500\" data-caption=\"Thyme with butterflies\" data-envira-gallery-id=\"6444\" data-envira-index=\"9\" data-envira-item-id=\"3149\" data-envira-src=\"https:\/\/www.verein-naturschutzpark.de\/wp-content\/uploads\/thymian-heideblaeuling-vnp-stiftung-500x500_c.jpg\" data-envira-srcset=\"https:\/\/www.verein-naturschutzpark.de\/wp-content\/uploads\/thymian-heideblaeuling-vnp-stiftung-500x500_c.jpg 400w, https:\/\/www.verein-naturschutzpark.de\/wp-content\/uploads\/thymian-heideblaeuling-vnp-stiftung-500x500_c.jpg 2x\" data-title=\"Thyme with butterflies | VNP Verein Naturschutzpark\" itemprop=\"thumbnailUrl\"  data-no-lazy=\"1\"  data-envirabox=\"6444\" \/><\/div><\/a><div class=\"envira-gallery-captioned-data envira-gallery-captioned-data-sleek\"><span class='envira-caption envira-gallery-captioned-text caption-3149'>Thyme with butterflies<\/span><\/div><\/div><\/div><div id=\"envira-gallery-item-3151\" class=\"envira-gallery-item envira-gallery-item-11 envira-lazy-load\" style=\"padding-left: 5px; padding-bottom: 10px; padding-right: 5px;\"  itemscope itemtype=\"https:\/\/schema.org\/ImageObject\"><div class=\"envira-gallery-item-inner\"><div class=\"envira-gallery-position-overlay envira-gallery-top-left\"><\/div><div class=\"envira-gallery-position-overlay envira-gallery-top-right\"><\/div><div class=\"envira-gallery-position-overlay envira-gallery-bottom-left\"><\/div><div class=\"envira-gallery-position-overlay envira-gallery-bottom-right\"><\/div><a class=\"envira-gallery-6444 envira-gallery-link\" href=\"https:\/\/www.verein-naturschutzpark.de\/wp-content\/uploads\/wacholder-juniperus-communis-vnp-stiftung.jpg\" title=\"Juniper (Juniperus communis)\" data-caption=\"Juniper (Juniperus communis)\" data-envira-item-id=\"3151\" data-envira-retina=\"https:\/\/www.verein-naturschutzpark.de\/wp-content\/uploads\/wacholder-juniperus-communis-vnp-stiftung.jpg\" data-thumb=\"https:\/\/www.verein-naturschutzpark.de\/wp-content\/uploads\/wacholder-juniperus-communis-vnp-stiftung-75x50_c.jpg\" data-title=\"Juniper (Juniperus communis)\" data-envirabox='6444' itemprop=\"contentUrl\"><div class=\"envira-lazy\" style=\"padding-bottom: 100%;\" data-envira-changed=\"false\" data-width=\"500\" data-height=\"500\"><img decoding=\"async\" src=\"https:\/\/www.verein-naturschutzpark.de\/wp-content\/uploads\/wacholder-juniperus-communis-vnp-stiftung-500x500_c.jpg\" alt=\"Juniper (Juniperus communis) | VNP Stiftung\" class=\"envira-gallery-image envira-gallery-image-11    envira-lazy\" height=\"500\" id=\"envira-gallery-image-3151\" srcset=\"data:image\/gif;base64,R0lGODlhAQABAIAAAP\/\/\/\/\/\/\/yH5BAEKAAEALAAAAAABAAEAAAICTAEAOw==\" tabindex=\"-1\" title=\"Juniper (Juniperus communis)\" width=\"500\" data-caption=\"Juniper (Juniperus communis)\" data-envira-gallery-id=\"6444\" data-envira-index=\"10\" data-envira-item-id=\"3151\" data-envira-src=\"https:\/\/www.verein-naturschutzpark.de\/wp-content\/uploads\/wacholder-juniperus-communis-vnp-stiftung-500x500_c.jpg\" data-envira-srcset=\"https:\/\/www.verein-naturschutzpark.de\/wp-content\/uploads\/wacholder-juniperus-communis-vnp-stiftung-500x500_c.jpg 400w, https:\/\/www.verein-naturschutzpark.de\/wp-content\/uploads\/wacholder-juniperus-communis-vnp-stiftung-500x500_c.jpg 2x\" data-title=\"Juniper (Juniperus communis)\" itemprop=\"thumbnailUrl\"  data-no-lazy=\"1\"  data-envirabox=\"6444\" \/><\/div><\/a><div class=\"envira-gallery-captioned-data envira-gallery-captioned-data-sleek\"><span class='envira-caption envira-gallery-captioned-text caption-3151'>Juniper (Juniperus communis)<\/span><\/div><\/div><\/div><div id=\"envira-gallery-item-6228\" class=\"envira-gallery-item envira-gallery-item-12 envira-lazy-load\" style=\"padding-left: 5px; padding-bottom: 10px; padding-right: 5px;\"  itemscope itemtype=\"https:\/\/schema.org\/ImageObject\"><div class=\"envira-gallery-item-inner\"><div class=\"envira-gallery-position-overlay envira-gallery-top-left\"><\/div><div class=\"envira-gallery-position-overlay envira-gallery-top-right\"><\/div><div class=\"envira-gallery-position-overlay envira-gallery-bottom-left\"><\/div><div class=\"envira-gallery-position-overlay envira-gallery-bottom-right\"><\/div><a class=\"envira-gallery-6444 envira-gallery-link\" href=\"https:\/\/www.verein-naturschutzpark.de\/wp-content\/uploads\/wacholder-mit-beeren-vnp-verein-naturschutzpark.jpg\" title=\"Juniper with berries | VNP Verein Naturschutzpark\" data-caption=\"Juniper with berries\" data-envira-item-id=\"6228\" data-envira-retina=\"https:\/\/www.verein-naturschutzpark.de\/wp-content\/uploads\/wacholder-mit-beeren-vnp-verein-naturschutzpark.jpg\" data-thumb=\"https:\/\/www.verein-naturschutzpark.de\/wp-content\/uploads\/wacholder-mit-beeren-vnp-verein-naturschutzpark-75x50_c.jpg\" data-title=\"Juniper with berries | VNP Verein Naturschutzpark\" data-envirabox='6444' itemprop=\"contentUrl\"><div class=\"envira-lazy\" style=\"padding-bottom: 100%;\" data-envira-changed=\"false\" data-width=\"500\" data-height=\"500\"><img decoding=\"async\" src=\"https:\/\/www.verein-naturschutzpark.de\/wp-content\/uploads\/wacholder-mit-beeren-vnp-verein-naturschutzpark-500x500_c.jpg\" alt=\"Juniper with berries | VNP Verein Naturschutzpark\" class=\"envira-gallery-image envira-gallery-image-12    envira-lazy\" height=\"500\" id=\"envira-gallery-image-6228\" srcset=\"data:image\/gif;base64,R0lGODlhAQABAIAAAP\/\/\/\/\/\/\/yH5BAEKAAEALAAAAAABAAEAAAICTAEAOw==\" tabindex=\"-1\" title=\"Juniper with berries | VNP Verein Naturschutzpark\" width=\"500\" data-caption=\"Juniper with berries\" data-envira-gallery-id=\"6444\" data-envira-index=\"11\" data-envira-item-id=\"6228\" data-envira-src=\"https:\/\/www.verein-naturschutzpark.de\/wp-content\/uploads\/wacholder-mit-beeren-vnp-verein-naturschutzpark-500x500_c.jpg\" data-envira-srcset=\"https:\/\/www.verein-naturschutzpark.de\/wp-content\/uploads\/wacholder-mit-beeren-vnp-verein-naturschutzpark-500x500_c.jpg 400w, https:\/\/www.verein-naturschutzpark.de\/wp-content\/uploads\/wacholder-mit-beeren-vnp-verein-naturschutzpark-500x500_c.jpg 2x\" data-title=\"Juniper with berries | VNP Verein Naturschutzpark\" itemprop=\"thumbnailUrl\"  data-no-lazy=\"1\"  data-envirabox=\"6444\" \/><\/div><\/a><div class=\"envira-gallery-captioned-data envira-gallery-captioned-data-sleek\"><span class='envira-caption envira-gallery-captioned-text caption-6228'>Juniper with berries<\/span><\/div><\/div><\/div><div id=\"envira-gallery-item-4484\" class=\"envira-gallery-item envira-gallery-item-13 envira-lazy-load\" style=\"padding-left: 5px; padding-bottom: 10px; padding-right: 5px;\"  itemscope itemtype=\"https:\/\/schema.org\/ImageObject\"><div class=\"envira-gallery-item-inner\"><div class=\"envira-gallery-position-overlay envira-gallery-top-left\"><\/div><div class=\"envira-gallery-position-overlay envira-gallery-top-right\"><\/div><div class=\"envira-gallery-position-overlay envira-gallery-bottom-left\"><\/div><div class=\"envira-gallery-position-overlay envira-gallery-bottom-right\"><\/div><a class=\"envira-gallery-6444 envira-gallery-link\" href=\"https:\/\/www.verein-naturschutzpark.de\/wp-content\/uploads\/detail-bluehende-besenheide-calluna-vulgaris-vnp-stiftung-1.jpg\" title=\"Heather blossoming: Flowering broom heather (Calluna Vulgaris) | Photo: VNP Stiftung Naturschutzpark L\u00fcneburger Heide\" data-caption=\"Flowering broom heather (Calluna Vulgaris)\" data-envira-item-id=\"4484\" data-envira-retina=\"https:\/\/www.verein-naturschutzpark.de\/wp-content\/uploads\/detail-bluehende-besenheide-calluna-vulgaris-vnp-stiftung-1.jpg\" data-thumb=\"https:\/\/www.verein-naturschutzpark.de\/wp-content\/uploads\/detail-bluehende-besenheide-calluna-vulgaris-vnp-stiftung-1-75x50_c.jpg\" data-title=\"Heather blossoming: Flowering broom heather (Calluna Vulgaris) | Photo: VNP Stiftung Naturschutzpark L&uuml;neburger Heide\" data-envirabox='6444' itemprop=\"contentUrl\"><div class=\"envira-lazy\" style=\"padding-bottom: 100%;\" data-envira-changed=\"false\" data-width=\"500\" data-height=\"500\"><img decoding=\"async\" src=\"https:\/\/www.verein-naturschutzpark.de\/wp-content\/uploads\/detail-bluehende-besenheide-calluna-vulgaris-vnp-stiftung-1-500x500_c.jpg\" alt=\"Heather blossoming: Flowering broom heather (Calluna Vulgaris) | Photo: VNP Stiftung Naturschutzpark L&uuml;neburger Heide\" class=\"envira-gallery-image envira-gallery-image-13    envira-lazy\" height=\"500\" id=\"envira-gallery-image-4484\" srcset=\"data:image\/gif;base64,R0lGODlhAQABAIAAAP\/\/\/\/\/\/\/yH5BAEKAAEALAAAAAABAAEAAAICTAEAOw==\" tabindex=\"-1\" title=\"Heather blossoming: Flowering broom heather (Calluna Vulgaris) | Photo: VNP Stiftung Naturschutzpark L\u00fcneburger Heide\" width=\"500\" data-caption=\"Flowering broom heather (Calluna Vulgaris)\" data-envira-gallery-id=\"6444\" data-envira-index=\"12\" data-envira-item-id=\"4484\" data-envira-src=\"https:\/\/www.verein-naturschutzpark.de\/wp-content\/uploads\/detail-bluehende-besenheide-calluna-vulgaris-vnp-stiftung-1-500x500_c.jpg\" data-envira-srcset=\"https:\/\/www.verein-naturschutzpark.de\/wp-content\/uploads\/detail-bluehende-besenheide-calluna-vulgaris-vnp-stiftung-1-500x500_c.jpg 400w, https:\/\/www.verein-naturschutzpark.de\/wp-content\/uploads\/detail-bluehende-besenheide-calluna-vulgaris-vnp-stiftung-1-500x500_c.jpg 2x\" data-title=\"Heather blossoming: Flowering broom heather (Calluna Vulgaris) | Photo: VNP Stiftung Naturschutzpark L&uuml;neburger Heide\" itemprop=\"thumbnailUrl\"  data-no-lazy=\"1\"  data-envirabox=\"6444\" \/><\/div><\/a><div class=\"envira-gallery-captioned-data envira-gallery-captioned-data-sleek\"><span class='envira-caption envira-gallery-captioned-text caption-4484'>Flowering broom heather (Calluna Vulgaris)<\/span><\/div><\/div><\/div><div id=\"envira-gallery-item-3155\" class=\"envira-gallery-item envira-gallery-item-14 envira-lazy-load\" style=\"padding-left: 5px; padding-bottom: 10px; padding-right: 5px;\"  itemscope itemtype=\"https:\/\/schema.org\/ImageObject\"><div class=\"envira-gallery-item-inner\"><div class=\"envira-gallery-position-overlay envira-gallery-top-left\"><\/div><div class=\"envira-gallery-position-overlay envira-gallery-top-right\"><\/div><div class=\"envira-gallery-position-overlay envira-gallery-bottom-left\"><\/div><div class=\"envira-gallery-position-overlay envira-gallery-bottom-right\"><\/div><a class=\"envira-gallery-6444 envira-gallery-link\" href=\"https:\/\/www.verein-naturschutzpark.de\/wp-content\/uploads\/besenheide-calluna-vulgaris-vnp-stiftung.jpg\" title=\"Broom heather (Calluna vulgaris)\" data-caption=\"Broom heather (Calluna vulgaris)\" data-envira-item-id=\"3155\" data-envira-retina=\"https:\/\/www.verein-naturschutzpark.de\/wp-content\/uploads\/besenheide-calluna-vulgaris-vnp-stiftung.jpg\" data-thumb=\"https:\/\/www.verein-naturschutzpark.de\/wp-content\/uploads\/besenheide-calluna-vulgaris-vnp-stiftung-75x50_c.jpg\" data-title=\"Broom heather (Calluna vulgaris)\" data-envirabox='6444' itemprop=\"contentUrl\"><div class=\"envira-lazy\" style=\"padding-bottom: 100%;\" data-envira-changed=\"false\" data-width=\"500\" data-height=\"500\"><img decoding=\"async\" src=\"https:\/\/www.verein-naturschutzpark.de\/wp-content\/uploads\/besenheide-calluna-vulgaris-vnp-stiftung-500x500_c.jpg\" alt=\"Broom heather (Calluna vulgaris) | VNP Stiftung\" class=\"envira-gallery-image envira-gallery-image-14    envira-lazy\" height=\"500\" id=\"envira-gallery-image-3155\" srcset=\"data:image\/gif;base64,R0lGODlhAQABAIAAAP\/\/\/\/\/\/\/yH5BAEKAAEALAAAAAABAAEAAAICTAEAOw==\" tabindex=\"-1\" title=\"Broom heather (Calluna vulgaris)\" width=\"500\" data-caption=\"Broom heather (Calluna vulgaris)\" data-envira-gallery-id=\"6444\" data-envira-index=\"13\" data-envira-item-id=\"3155\" data-envira-src=\"https:\/\/www.verein-naturschutzpark.de\/wp-content\/uploads\/besenheide-calluna-vulgaris-vnp-stiftung-500x500_c.jpg\" data-envira-srcset=\"https:\/\/www.verein-naturschutzpark.de\/wp-content\/uploads\/besenheide-calluna-vulgaris-vnp-stiftung-500x500_c.jpg 400w, https:\/\/www.verein-naturschutzpark.de\/wp-content\/uploads\/besenheide-calluna-vulgaris-vnp-stiftung-500x500_c.jpg 2x\" data-title=\"Broom heather (Calluna vulgaris)\" itemprop=\"thumbnailUrl\"  data-no-lazy=\"1\"  data-envirabox=\"6444\" \/><\/div><\/a><div class=\"envira-gallery-captioned-data envira-gallery-captioned-data-sleek\"><span class='envira-caption envira-gallery-captioned-text caption-3155'>Broom heather (Calluna vulgaris)<\/span><\/div><\/div><\/div><div id=\"envira-gallery-item-3105\" class=\"envira-gallery-item envira-gallery-item-15 envira-lazy-load\" style=\"padding-left: 5px; padding-bottom: 10px; padding-right: 5px;\"  itemscope itemtype=\"https:\/\/schema.org\/ImageObject\"><div class=\"envira-gallery-item-inner\"><div class=\"envira-gallery-position-overlay envira-gallery-top-left\"><\/div><div class=\"envira-gallery-position-overlay envira-gallery-top-right\"><\/div><div class=\"envira-gallery-position-overlay envira-gallery-bottom-left\"><\/div><div class=\"envira-gallery-position-overlay envira-gallery-bottom-right\"><\/div><a class=\"envira-gallery-6444 envira-gallery-link\" href=\"https:\/\/www.verein-naturschutzpark.de\/wp-content\/uploads\/blaubeere-vaccinium-myrtillus-heidelbeere-vnp-stiftung.jpg\" title=\"European blueberry (Vaccinium myrtillus)\" data-caption=\"European blueberry (Vaccinium myrtillus)\" data-envira-item-id=\"3105\" data-envira-retina=\"https:\/\/www.verein-naturschutzpark.de\/wp-content\/uploads\/blaubeere-vaccinium-myrtillus-heidelbeere-vnp-stiftung.jpg\" data-thumb=\"https:\/\/www.verein-naturschutzpark.de\/wp-content\/uploads\/blaubeere-vaccinium-myrtillus-heidelbeere-vnp-stiftung-75x50_c.jpg\" data-title=\"European blueberry (Vaccinium myrtillus)\" data-envirabox='6444' itemprop=\"contentUrl\"><div class=\"envira-lazy\" style=\"padding-bottom: 100%;\" data-envira-changed=\"false\" data-width=\"500\" data-height=\"500\"><img decoding=\"async\" src=\"https:\/\/www.verein-naturschutzpark.de\/wp-content\/uploads\/blaubeere-vaccinium-myrtillus-heidelbeere-vnp-stiftung-500x500_c.jpg\" alt=\"European blueberry (Vaccinium myrtillus) | VNP Stiftung\" class=\"envira-gallery-image envira-gallery-image-15    envira-lazy\" height=\"500\" id=\"envira-gallery-image-3105\" srcset=\"data:image\/gif;base64,R0lGODlhAQABAIAAAP\/\/\/\/\/\/\/yH5BAEKAAEALAAAAAABAAEAAAICTAEAOw==\" tabindex=\"-1\" title=\"European blueberry (Vaccinium myrtillus)\" width=\"500\" data-caption=\"European blueberry (Vaccinium myrtillus)\" data-envira-gallery-id=\"6444\" data-envira-index=\"14\" data-envira-item-id=\"3105\" data-envira-src=\"https:\/\/www.verein-naturschutzpark.de\/wp-content\/uploads\/blaubeere-vaccinium-myrtillus-heidelbeere-vnp-stiftung-500x500_c.jpg\" data-envira-srcset=\"https:\/\/www.verein-naturschutzpark.de\/wp-content\/uploads\/blaubeere-vaccinium-myrtillus-heidelbeere-vnp-stiftung-500x500_c.jpg 400w, https:\/\/www.verein-naturschutzpark.de\/wp-content\/uploads\/blaubeere-vaccinium-myrtillus-heidelbeere-vnp-stiftung-500x500_c.jpg 2x\" data-title=\"European blueberry (Vaccinium myrtillus)\" itemprop=\"thumbnailUrl\"  data-no-lazy=\"1\"  data-envirabox=\"6444\" \/><\/div><\/a><div class=\"envira-gallery-captioned-data envira-gallery-captioned-data-sleek\"><span class='envira-caption envira-gallery-captioned-text caption-3105'>European blueberry (Vaccinium myrtillus)<\/span><\/div><\/div><\/div><div id=\"envira-gallery-item-3135\" class=\"envira-gallery-item envira-gallery-item-16 envira-lazy-load\" style=\"padding-left: 5px; padding-bottom: 10px; padding-right: 5px;\"  itemscope itemtype=\"https:\/\/schema.org\/ImageObject\"><div class=\"envira-gallery-item-inner\"><div class=\"envira-gallery-position-overlay envira-gallery-top-left\"><\/div><div class=\"envira-gallery-position-overlay envira-gallery-top-right\"><\/div><div class=\"envira-gallery-position-overlay envira-gallery-bottom-left\"><\/div><div class=\"envira-gallery-position-overlay envira-gallery-bottom-right\"><\/div><a class=\"envira-gallery-6444 envira-gallery-link\" href=\"https:\/\/www.verein-naturschutzpark.de\/wp-content\/uploads\/preiselbeere-vaccinium-vitis-idaea-vnp-stiftung.jpg\" title=\"Lingonberry (Vaccinium vitis-idaea) | VNP Verein Naturschutzpark\" data-caption=\"Lingonberry (Vaccinium vitis-idaea)\" data-envira-item-id=\"3135\" data-envira-retina=\"https:\/\/www.verein-naturschutzpark.de\/wp-content\/uploads\/preiselbeere-vaccinium-vitis-idaea-vnp-stiftung.jpg\" data-thumb=\"https:\/\/www.verein-naturschutzpark.de\/wp-content\/uploads\/preiselbeere-vaccinium-vitis-idaea-vnp-stiftung-75x50_c.jpg\" data-title=\"Lingonberry (Vaccinium vitis-idaea) | VNP Verein Naturschutzpark\" data-envirabox='6444' itemprop=\"contentUrl\"><div class=\"envira-lazy\" style=\"padding-bottom: 100%;\" data-envira-changed=\"false\" data-width=\"500\" data-height=\"500\"><img decoding=\"async\" src=\"https:\/\/www.verein-naturschutzpark.de\/wp-content\/uploads\/preiselbeere-vaccinium-vitis-idaea-vnp-stiftung-500x500_c.jpg\" alt=\"Lingonberry (Vaccinium vitis-idaea) | VNP Verein Naturschutzpark\" class=\"envira-gallery-image envira-gallery-image-16    envira-lazy\" height=\"500\" id=\"envira-gallery-image-3135\" srcset=\"data:image\/gif;base64,R0lGODlhAQABAIAAAP\/\/\/\/\/\/\/yH5BAEKAAEALAAAAAABAAEAAAICTAEAOw==\" tabindex=\"-1\" title=\"Lingonberry (Vaccinium vitis-idaea) | VNP Verein Naturschutzpark\" width=\"500\" data-caption=\"Lingonberry (Vaccinium vitis-idaea)\" data-envira-gallery-id=\"6444\" data-envira-index=\"15\" data-envira-item-id=\"3135\" data-envira-src=\"https:\/\/www.verein-naturschutzpark.de\/wp-content\/uploads\/preiselbeere-vaccinium-vitis-idaea-vnp-stiftung-500x500_c.jpg\" data-envira-srcset=\"https:\/\/www.verein-naturschutzpark.de\/wp-content\/uploads\/preiselbeere-vaccinium-vitis-idaea-vnp-stiftung-500x500_c.jpg 400w, https:\/\/www.verein-naturschutzpark.de\/wp-content\/uploads\/preiselbeere-vaccinium-vitis-idaea-vnp-stiftung-500x500_c.jpg 2x\" data-title=\"Lingonberry (Vaccinium vitis-idaea) | VNP Verein Naturschutzpark\" itemprop=\"thumbnailUrl\"  data-no-lazy=\"1\"  data-envirabox=\"6444\" \/><\/div><\/a><div class=\"envira-gallery-captioned-data envira-gallery-captioned-data-sleek\"><span class='envira-caption envira-gallery-captioned-text caption-3135'>Lingonberry (Vaccinium vitis-idaea)<\/span><\/div><\/div><\/div><div id=\"envira-gallery-item-3131\" class=\"envira-gallery-item envira-gallery-item-17 envira-lazy-load\" style=\"padding-left: 5px; padding-bottom: 10px; padding-right: 5px;\"  itemscope itemtype=\"https:\/\/schema.org\/ImageObject\"><div class=\"envira-gallery-item-inner\"><div class=\"envira-gallery-position-overlay envira-gallery-top-left\"><\/div><div class=\"envira-gallery-position-overlay envira-gallery-top-right\"><\/div><div class=\"envira-gallery-position-overlay envira-gallery-bottom-left\"><\/div><div class=\"envira-gallery-position-overlay envira-gallery-bottom-right\"><\/div><a class=\"envira-gallery-6444 envira-gallery-link\" href=\"https:\/\/www.verein-naturschutzpark.de\/wp-content\/uploads\/moosbeere-fruechte-vaccinium-oxycoccos-vnp-stiftung.jpg\" title=\"Fruits of the cranberry (Vaccinium oxycoccos)\" data-caption=\"Fruits of the cranberry (Vaccinium oxycoccos)\" data-envira-item-id=\"3131\" data-envira-retina=\"https:\/\/www.verein-naturschutzpark.de\/wp-content\/uploads\/moosbeere-fruechte-vaccinium-oxycoccos-vnp-stiftung.jpg\" data-thumb=\"https:\/\/www.verein-naturschutzpark.de\/wp-content\/uploads\/moosbeere-fruechte-vaccinium-oxycoccos-vnp-stiftung-75x50_c.jpg\" data-title=\"Fruits of the cranberry (Vaccinium oxycoccos)\" data-envirabox='6444' itemprop=\"contentUrl\"><div class=\"envira-lazy\" style=\"padding-bottom: 100%;\" data-envira-changed=\"false\" data-width=\"500\" data-height=\"500\"><img decoding=\"async\" src=\"https:\/\/www.verein-naturschutzpark.de\/wp-content\/uploads\/moosbeere-fruechte-vaccinium-oxycoccos-vnp-stiftung-500x500_c.jpg\" alt=\"Fruits of the cranberry (Vaccinium oxycoccos) | VNP Stiftung\" class=\"envira-gallery-image envira-gallery-image-17    envira-lazy\" height=\"500\" id=\"envira-gallery-image-3131\" srcset=\"data:image\/gif;base64,R0lGODlhAQABAIAAAP\/\/\/\/\/\/\/yH5BAEKAAEALAAAAAABAAEAAAICTAEAOw==\" tabindex=\"-1\" title=\"Fruits of the cranberry (Vaccinium oxycoccos)\" width=\"500\" data-caption=\"Fruits of the cranberry (Vaccinium oxycoccos)\" data-envira-gallery-id=\"6444\" data-envira-index=\"16\" data-envira-item-id=\"3131\" data-envira-src=\"https:\/\/www.verein-naturschutzpark.de\/wp-content\/uploads\/moosbeere-fruechte-vaccinium-oxycoccos-vnp-stiftung-500x500_c.jpg\" data-envira-srcset=\"https:\/\/www.verein-naturschutzpark.de\/wp-content\/uploads\/moosbeere-fruechte-vaccinium-oxycoccos-vnp-stiftung-500x500_c.jpg 400w, https:\/\/www.verein-naturschutzpark.de\/wp-content\/uploads\/moosbeere-fruechte-vaccinium-oxycoccos-vnp-stiftung-500x500_c.jpg 2x\" data-title=\"Fruits of the cranberry (Vaccinium oxycoccos)\" itemprop=\"thumbnailUrl\"  data-no-lazy=\"1\"  data-envirabox=\"6444\" \/><\/div><\/a><div class=\"envira-gallery-captioned-data envira-gallery-captioned-data-sleek\"><span class='envira-caption envira-gallery-captioned-text caption-3131'>Fruits of the cranberry (Vaccinium oxycoccos)<\/span><\/div><\/div><\/div><div id=\"envira-gallery-item-3133\" class=\"envira-gallery-item envira-gallery-item-18 envira-lazy-load\" style=\"padding-left: 5px; padding-bottom: 10px; padding-right: 5px;\"  itemscope itemtype=\"https:\/\/schema.org\/ImageObject\"><div class=\"envira-gallery-item-inner\"><div class=\"envira-gallery-position-overlay envira-gallery-top-left\"><\/div><div class=\"envira-gallery-position-overlay envira-gallery-top-right\"><\/div><div class=\"envira-gallery-position-overlay envira-gallery-bottom-left\"><\/div><div class=\"envira-gallery-position-overlay envira-gallery-bottom-right\"><\/div><a class=\"envira-gallery-6444 envira-gallery-link\" href=\"https:\/\/www.verein-naturschutzpark.de\/wp-content\/uploads\/niedrige-schwarzwurzel-scrozonera-humilis-vnp-stiftung.jpg\" title=\"Viper&#039;s-grass (Scorzonera humilis)\" data-caption=\"Viper&#039;s-grass (Scorzonera humilis)\" data-envira-item-id=\"3133\" data-envira-retina=\"https:\/\/www.verein-naturschutzpark.de\/wp-content\/uploads\/niedrige-schwarzwurzel-scrozonera-humilis-vnp-stiftung.jpg\" data-thumb=\"https:\/\/www.verein-naturschutzpark.de\/wp-content\/uploads\/niedrige-schwarzwurzel-scrozonera-humilis-vnp-stiftung-75x50_c.jpg\" data-title=\"Viper&amp;#039;s-grass (Scorzonera humilis)\" data-envirabox='6444' itemprop=\"contentUrl\"><div class=\"envira-lazy\" style=\"padding-bottom: 100%;\" data-envira-changed=\"false\" data-width=\"500\" data-height=\"500\"><img decoding=\"async\" src=\"https:\/\/www.verein-naturschutzpark.de\/wp-content\/uploads\/niedrige-schwarzwurzel-scrozonera-humilis-vnp-stiftung-500x500_c.jpg\" alt=\"Viper&amp;#039;s-grass (Scorzonera humilis) | VNP Stiftung\" class=\"envira-gallery-image envira-gallery-image-18    envira-lazy\" height=\"500\" id=\"envira-gallery-image-3133\" srcset=\"data:image\/gif;base64,R0lGODlhAQABAIAAAP\/\/\/\/\/\/\/yH5BAEKAAEALAAAAAABAAEAAAICTAEAOw==\" tabindex=\"-1\" title=\"Viper&#039;s-grass (Scorzonera humilis)\" width=\"500\" data-caption=\"Viper&#039;s-grass (Scorzonera humilis)\" data-envira-gallery-id=\"6444\" data-envira-index=\"17\" data-envira-item-id=\"3133\" data-envira-src=\"https:\/\/www.verein-naturschutzpark.de\/wp-content\/uploads\/niedrige-schwarzwurzel-scrozonera-humilis-vnp-stiftung-500x500_c.jpg\" data-envira-srcset=\"https:\/\/www.verein-naturschutzpark.de\/wp-content\/uploads\/niedrige-schwarzwurzel-scrozonera-humilis-vnp-stiftung-500x500_c.jpg 400w, https:\/\/www.verein-naturschutzpark.de\/wp-content\/uploads\/niedrige-schwarzwurzel-scrozonera-humilis-vnp-stiftung-500x500_c.jpg 2x\" data-title=\"Viper&amp;#039;s-grass (Scorzonera humilis)\" itemprop=\"thumbnailUrl\"  data-no-lazy=\"1\"  data-envirabox=\"6444\" \/><\/div><\/a><div class=\"envira-gallery-captioned-data envira-gallery-captioned-data-sleek\"><span class='envira-caption envira-gallery-captioned-text caption-3133'>Viper's-grass (Scorzonera humilis)<\/span><\/div><\/div><\/div><div id=\"envira-gallery-item-3125\" class=\"envira-gallery-item envira-gallery-item-19 envira-lazy-load\" style=\"padding-left: 5px; padding-bottom: 10px; padding-right: 5px;\"  itemscope itemtype=\"https:\/\/schema.org\/ImageObject\"><div class=\"envira-gallery-item-inner\"><div class=\"envira-gallery-position-overlay envira-gallery-top-left\"><\/div><div class=\"envira-gallery-position-overlay envira-gallery-top-right\"><\/div><div class=\"envira-gallery-position-overlay envira-gallery-bottom-left\"><\/div><div class=\"envira-gallery-position-overlay envira-gallery-bottom-right\"><\/div><a class=\"envira-gallery-6444 envira-gallery-link\" href=\"https:\/\/www.verein-naturschutzpark.de\/wp-content\/uploads\/lungenenzian-gentiana-pneumonanthe.jpg\" title=\"Marsh gentian (Gentiana pneumonanthe)\" data-caption=\"Marsh gentian (Gentiana pneumonanthe)\" data-envira-item-id=\"3125\" data-envira-retina=\"https:\/\/www.verein-naturschutzpark.de\/wp-content\/uploads\/lungenenzian-gentiana-pneumonanthe.jpg\" data-thumb=\"https:\/\/www.verein-naturschutzpark.de\/wp-content\/uploads\/lungenenzian-gentiana-pneumonanthe-75x50_c.jpg\" data-title=\"Marsh gentian (Gentiana pneumonanthe)\" data-envirabox='6444' itemprop=\"contentUrl\"><div class=\"envira-lazy\" style=\"padding-bottom: 100%;\" data-envira-changed=\"false\" data-width=\"500\" data-height=\"500\"><img decoding=\"async\" src=\"https:\/\/www.verein-naturschutzpark.de\/wp-content\/uploads\/lungenenzian-gentiana-pneumonanthe-500x500_c.jpg\" alt=\"Marsh gentian (Gentiana pneumonanthe) | VNP Stiftung\" class=\"envira-gallery-image envira-gallery-image-19    envira-lazy\" height=\"500\" id=\"envira-gallery-image-3125\" srcset=\"data:image\/gif;base64,R0lGODlhAQABAIAAAP\/\/\/\/\/\/\/yH5BAEKAAEALAAAAAABAAEAAAICTAEAOw==\" tabindex=\"-1\" title=\"Marsh gentian (Gentiana pneumonanthe)\" width=\"500\" data-caption=\"Marsh gentian (Gentiana pneumonanthe)\" data-envira-gallery-id=\"6444\" data-envira-index=\"18\" data-envira-item-id=\"3125\" data-envira-src=\"https:\/\/www.verein-naturschutzpark.de\/wp-content\/uploads\/lungenenzian-gentiana-pneumonanthe-500x500_c.jpg\" data-envira-srcset=\"https:\/\/www.verein-naturschutzpark.de\/wp-content\/uploads\/lungenenzian-gentiana-pneumonanthe-500x500_c.jpg 400w, https:\/\/www.verein-naturschutzpark.de\/wp-content\/uploads\/lungenenzian-gentiana-pneumonanthe-500x500_c.jpg 2x\" data-title=\"Marsh gentian (Gentiana pneumonanthe)\" itemprop=\"thumbnailUrl\"  data-no-lazy=\"1\"  data-envirabox=\"6444\" \/><\/div><\/a><div class=\"envira-gallery-captioned-data envira-gallery-captioned-data-sleek\"><span class='envira-caption envira-gallery-captioned-text caption-3125'>Marsh gentian (Gentiana pneumonanthe)<\/span><\/div><\/div><\/div><div id=\"envira-gallery-item-3119\" class=\"envira-gallery-item envira-gallery-item-20 envira-lazy-load\" style=\"padding-left: 5px; padding-bottom: 10px; padding-right: 5px;\"  itemscope itemtype=\"https:\/\/schema.org\/ImageObject\"><div class=\"envira-gallery-item-inner\"><div class=\"envira-gallery-position-overlay envira-gallery-top-left\"><\/div><div class=\"envira-gallery-position-overlay envira-gallery-top-right\"><\/div><div class=\"envira-gallery-position-overlay envira-gallery-bottom-left\"><\/div><div class=\"envira-gallery-position-overlay envira-gallery-bottom-right\"><\/div><a class=\"envira-gallery-6444 envira-gallery-link\" href=\"https:\/\/www.verein-naturschutzpark.de\/wp-content\/uploads\/heidenelke-dianthus-deltoides-vnp-stiftung.jpg\" title=\"Maiden pink (Dianthus deltoides)\" data-caption=\"Maiden pink (Dianthus deltoides)\" data-envira-item-id=\"3119\" data-envira-retina=\"https:\/\/www.verein-naturschutzpark.de\/wp-content\/uploads\/heidenelke-dianthus-deltoides-vnp-stiftung.jpg\" data-thumb=\"https:\/\/www.verein-naturschutzpark.de\/wp-content\/uploads\/heidenelke-dianthus-deltoides-vnp-stiftung-75x50_c.jpg\" data-title=\"Maiden pink (Dianthus deltoides)\" data-envirabox='6444' itemprop=\"contentUrl\"><div class=\"envira-lazy\" style=\"padding-bottom: 100%;\" data-envira-changed=\"false\" data-width=\"500\" data-height=\"500\"><img decoding=\"async\" src=\"https:\/\/www.verein-naturschutzpark.de\/wp-content\/uploads\/heidenelke-dianthus-deltoides-vnp-stiftung-500x500_c.jpg\" alt=\"Maiden pink (Dianthus deltoides) | VNP Stiftung\" class=\"envira-gallery-image envira-gallery-image-20    envira-lazy\" height=\"500\" id=\"envira-gallery-image-3119\" srcset=\"data:image\/gif;base64,R0lGODlhAQABAIAAAP\/\/\/\/\/\/\/yH5BAEKAAEALAAAAAABAAEAAAICTAEAOw==\" tabindex=\"-1\" title=\"Maiden pink (Dianthus deltoides)\" width=\"500\" data-caption=\"Maiden pink (Dianthus deltoides)\" data-envira-gallery-id=\"6444\" data-envira-index=\"19\" data-envira-item-id=\"3119\" data-envira-src=\"https:\/\/www.verein-naturschutzpark.de\/wp-content\/uploads\/heidenelke-dianthus-deltoides-vnp-stiftung-500x500_c.jpg\" data-envira-srcset=\"https:\/\/www.verein-naturschutzpark.de\/wp-content\/uploads\/heidenelke-dianthus-deltoides-vnp-stiftung-500x500_c.jpg 400w, https:\/\/www.verein-naturschutzpark.de\/wp-content\/uploads\/heidenelke-dianthus-deltoides-vnp-stiftung-500x500_c.jpg 2x\" data-title=\"Maiden pink (Dianthus deltoides)\" itemprop=\"thumbnailUrl\"  data-no-lazy=\"1\"  data-envirabox=\"6444\" \/><\/div><\/a><div class=\"envira-gallery-captioned-data envira-gallery-captioned-data-sleek\"><span class='envira-caption envira-gallery-captioned-text caption-3119'>Maiden pink (Dianthus deltoides)<\/span><\/div><\/div><\/div><div id=\"envira-gallery-item-6097\" class=\"envira-gallery-item envira-gallery-item-21 envira-lazy-load\" style=\"padding-left: 5px; padding-bottom: 10px; padding-right: 5px;\"  itemscope itemtype=\"https:\/\/schema.org\/ImageObject\"><div class=\"envira-gallery-item-inner\"><div class=\"envira-gallery-position-overlay envira-gallery-top-left\"><\/div><div class=\"envira-gallery-position-overlay envira-gallery-top-right\"><\/div><div class=\"envira-gallery-position-overlay envira-gallery-bottom-left\"><\/div><div class=\"envira-gallery-position-overlay envira-gallery-bottom-right\"><\/div><a class=\"envira-gallery-6444 envira-gallery-link\" href=\"https:\/\/www.verein-naturschutzpark.de\/wp-content\/uploads\/ilex-mit-spinnwebe-vnp-verein-naturschutzpark.jpg\" title=\"Ilex with cobwebs | VNP Verein Naturschutzpark\" data-caption=\"Ilex\" data-envira-item-id=\"6097\" data-envira-retina=\"https:\/\/www.verein-naturschutzpark.de\/wp-content\/uploads\/ilex-mit-spinnwebe-vnp-verein-naturschutzpark.jpg\" data-thumb=\"https:\/\/www.verein-naturschutzpark.de\/wp-content\/uploads\/ilex-mit-spinnwebe-vnp-verein-naturschutzpark-75x50_c.jpg\" data-title=\"Ilex with cobwebs | VNP Verein Naturschutzpark\" data-envirabox='6444' itemprop=\"contentUrl\"><div class=\"envira-lazy\" style=\"padding-bottom: 100%;\" data-envira-changed=\"false\" data-width=\"500\" data-height=\"500\"><img decoding=\"async\" src=\"https:\/\/www.verein-naturschutzpark.de\/wp-content\/uploads\/ilex-mit-spinnwebe-vnp-verein-naturschutzpark-500x500_c.jpg\" alt=\"Ilex with cobwebs | VNP Verein Naturschutzpark\" class=\"envira-gallery-image envira-gallery-image-21    envira-lazy\" height=\"500\" id=\"envira-gallery-image-6097\" srcset=\"data:image\/gif;base64,R0lGODlhAQABAIAAAP\/\/\/\/\/\/\/yH5BAEKAAEALAAAAAABAAEAAAICTAEAOw==\" tabindex=\"-1\" title=\"Ilex with cobwebs | VNP Verein Naturschutzpark\" width=\"500\" data-caption=\"Ilex\" data-envira-gallery-id=\"6444\" data-envira-index=\"20\" data-envira-item-id=\"6097\" data-envira-src=\"https:\/\/www.verein-naturschutzpark.de\/wp-content\/uploads\/ilex-mit-spinnwebe-vnp-verein-naturschutzpark-500x500_c.jpg\" data-envira-srcset=\"https:\/\/www.verein-naturschutzpark.de\/wp-content\/uploads\/ilex-mit-spinnwebe-vnp-verein-naturschutzpark-500x500_c.jpg 400w, https:\/\/www.verein-naturschutzpark.de\/wp-content\/uploads\/ilex-mit-spinnwebe-vnp-verein-naturschutzpark-500x500_c.jpg 2x\" data-title=\"Ilex with cobwebs | VNP Verein Naturschutzpark\" itemprop=\"thumbnailUrl\"  data-no-lazy=\"1\"  data-envirabox=\"6444\" \/><\/div><\/a><div class=\"envira-gallery-captioned-data envira-gallery-captioned-data-sleek\"><span class='envira-caption envira-gallery-captioned-text caption-6097'>Ilex<\/span><\/div><\/div><\/div><div id=\"envira-gallery-item-3107\" class=\"envira-gallery-item envira-gallery-item-22 envira-lazy-load\" style=\"padding-left: 5px; padding-bottom: 10px; padding-right: 5px;\"  itemscope itemtype=\"https:\/\/schema.org\/ImageObject\"><div class=\"envira-gallery-item-inner\"><div class=\"envira-gallery-position-overlay envira-gallery-top-left\"><\/div><div class=\"envira-gallery-position-overlay envira-gallery-top-right\"><\/div><div class=\"envira-gallery-position-overlay envira-gallery-bottom-left\"><\/div><div class=\"envira-gallery-position-overlay envira-gallery-bottom-right\"><\/div><a class=\"envira-gallery-6444 envira-gallery-link\" href=\"https:\/\/www.verein-naturschutzpark.de\/wp-content\/uploads\/buchweizen-fagopyrum-esculentum-vnp-stiftung.jpg\" title=\"Buckwheat (Fagopyrum esculentum)\" data-caption=\"Buckwheat (Fagopyrum esculentum)\" data-envira-item-id=\"3107\" data-envira-retina=\"https:\/\/www.verein-naturschutzpark.de\/wp-content\/uploads\/buchweizen-fagopyrum-esculentum-vnp-stiftung.jpg\" data-thumb=\"https:\/\/www.verein-naturschutzpark.de\/wp-content\/uploads\/buchweizen-fagopyrum-esculentum-vnp-stiftung-75x50_c.jpg\" data-title=\"Buckwheat (Fagopyrum esculentum)\" data-envirabox='6444' itemprop=\"contentUrl\"><div class=\"envira-lazy\" style=\"padding-bottom: 100%;\" data-envira-changed=\"false\" data-width=\"500\" data-height=\"500\"><img decoding=\"async\" src=\"https:\/\/www.verein-naturschutzpark.de\/wp-content\/uploads\/buchweizen-fagopyrum-esculentum-vnp-stiftung-500x500_c.jpg\" alt=\"Buckwheat (Fagopyrum esculentum) | VNP Stiftung\" class=\"envira-gallery-image envira-gallery-image-22    envira-lazy\" height=\"500\" id=\"envira-gallery-image-3107\" srcset=\"data:image\/gif;base64,R0lGODlhAQABAIAAAP\/\/\/\/\/\/\/yH5BAEKAAEALAAAAAABAAEAAAICTAEAOw==\" tabindex=\"-1\" title=\"Buckwheat (Fagopyrum esculentum)\" width=\"500\" data-caption=\"Buckwheat (Fagopyrum esculentum)\" data-envira-gallery-id=\"6444\" data-envira-index=\"21\" data-envira-item-id=\"3107\" data-envira-src=\"https:\/\/www.verein-naturschutzpark.de\/wp-content\/uploads\/buchweizen-fagopyrum-esculentum-vnp-stiftung-500x500_c.jpg\" data-envira-srcset=\"https:\/\/www.verein-naturschutzpark.de\/wp-content\/uploads\/buchweizen-fagopyrum-esculentum-vnp-stiftung-500x500_c.jpg 400w, https:\/\/www.verein-naturschutzpark.de\/wp-content\/uploads\/buchweizen-fagopyrum-esculentum-vnp-stiftung-500x500_c.jpg 2x\" data-title=\"Buckwheat (Fagopyrum esculentum)\" itemprop=\"thumbnailUrl\"  data-no-lazy=\"1\"  data-envirabox=\"6444\" \/><\/div><\/a><div class=\"envira-gallery-captioned-data envira-gallery-captioned-data-sleek\"><span class='envira-caption envira-gallery-captioned-text caption-3107'>Buckwheat (Fagopyrum esculentum)<\/span><\/div><\/div><\/div><div id=\"envira-gallery-item-4587\" class=\"envira-gallery-item envira-gallery-item-23 envira-lazy-load\" style=\"padding-left: 5px; padding-bottom: 10px; padding-right: 5px;\"  itemscope itemtype=\"https:\/\/schema.org\/ImageObject\"><div class=\"envira-gallery-item-inner\"><div class=\"envira-gallery-position-overlay envira-gallery-top-left\"><\/div><div class=\"envira-gallery-position-overlay envira-gallery-top-right\"><\/div><div class=\"envira-gallery-position-overlay envira-gallery-bottom-left\"><\/div><div class=\"envira-gallery-position-overlay envira-gallery-bottom-right\"><\/div><a class=\"envira-gallery-6444 envira-gallery-link\" href=\"https:\/\/www.verein-naturschutzpark.de\/wp-content\/uploads\/buchweizen-landschaftpflegehof-tuetsberg-vnp-stiftung.jpg\" title=\"Landscape conservation farm Hof T\u00fctsberg: Buckwheat | Photo: VNP Stiftung Naturschutzpark L\u00fcneburger Heide\" data-caption=\"Buckwheat (Fagopyrum esculentum)\" data-envira-item-id=\"4587\" data-envira-retina=\"https:\/\/www.verein-naturschutzpark.de\/wp-content\/uploads\/buchweizen-landschaftpflegehof-tuetsberg-vnp-stiftung.jpg\" data-thumb=\"https:\/\/www.verein-naturschutzpark.de\/wp-content\/uploads\/buchweizen-landschaftpflegehof-tuetsberg-vnp-stiftung-75x50_c.jpg\" data-title=\"Landscape conservation farm Hof T&uuml;tsberg: Buckwheat | Photo: VNP Stiftung Naturschutzpark L&uuml;neburger Heide\" data-envirabox='6444' itemprop=\"contentUrl\"><div class=\"envira-lazy\" style=\"padding-bottom: 100%;\" data-envira-changed=\"false\" data-width=\"500\" data-height=\"500\"><img decoding=\"async\" src=\"https:\/\/www.verein-naturschutzpark.de\/wp-content\/uploads\/buchweizen-landschaftpflegehof-tuetsberg-vnp-stiftung-500x500_c.jpg\" alt=\"Landscape conservation farm Hof T&uuml;tsberg: Buckwheat | Photo: VNP Stiftung Naturschutzpark L&uuml;neburger Heide\" class=\"envira-gallery-image envira-gallery-image-23    envira-lazy\" height=\"500\" id=\"envira-gallery-image-4587\" srcset=\"data:image\/gif;base64,R0lGODlhAQABAIAAAP\/\/\/\/\/\/\/yH5BAEKAAEALAAAAAABAAEAAAICTAEAOw==\" tabindex=\"-1\" title=\"Landscape conservation farm Hof T\u00fctsberg: Buckwheat | Photo: VNP Stiftung Naturschutzpark L\u00fcneburger Heide\" width=\"500\" data-caption=\"Buckwheat (Fagopyrum esculentum)\" data-envira-gallery-id=\"6444\" data-envira-index=\"22\" data-envira-item-id=\"4587\" data-envira-src=\"https:\/\/www.verein-naturschutzpark.de\/wp-content\/uploads\/buchweizen-landschaftpflegehof-tuetsberg-vnp-stiftung-500x500_c.jpg\" data-envira-srcset=\"https:\/\/www.verein-naturschutzpark.de\/wp-content\/uploads\/buchweizen-landschaftpflegehof-tuetsberg-vnp-stiftung-500x500_c.jpg 400w, https:\/\/www.verein-naturschutzpark.de\/wp-content\/uploads\/buchweizen-landschaftpflegehof-tuetsberg-vnp-stiftung-500x500_c.jpg 2x\" data-title=\"Landscape conservation farm Hof T&uuml;tsberg: Buckwheat | Photo: VNP Stiftung Naturschutzpark L&uuml;neburger Heide\" itemprop=\"thumbnailUrl\"  data-no-lazy=\"1\"  data-envirabox=\"6444\" \/><\/div><\/a><div class=\"envira-gallery-captioned-data envira-gallery-captioned-data-sleek\"><span class='envira-caption envira-gallery-captioned-text caption-4587'>Buckwheat (Fagopyrum esculentum)<\/span><\/div><\/div><\/div><div id=\"envira-gallery-item-4579\" class=\"envira-gallery-item envira-gallery-item-24 envira-lazy-load\" style=\"padding-left: 5px; padding-bottom: 10px; padding-right: 5px;\"  itemscope itemtype=\"https:\/\/schema.org\/ImageObject\"><div class=\"envira-gallery-item-inner\"><div class=\"envira-gallery-position-overlay envira-gallery-top-left\"><\/div><div class=\"envira-gallery-position-overlay envira-gallery-top-right\"><\/div><div class=\"envira-gallery-position-overlay envira-gallery-bottom-left\"><\/div><div class=\"envira-gallery-position-overlay envira-gallery-bottom-right\"><\/div><a class=\"envira-gallery-6444 envira-gallery-link\" href=\"https:\/\/www.verein-naturschutzpark.de\/wp-content\/uploads\/ackerwildkraeuter-landschaftspflegehof-tuetsberg-vnp-stiftung.jpg\" title=\"Landscape conservation farm Hof T\u00fctsberg: Farmland wild herbs | Photo: VNP Stiftung Naturschutzpark L\u00fcneburger Heide\" data-caption=\"Farmland wild herbs\" data-envira-item-id=\"4579\" data-envira-retina=\"https:\/\/www.verein-naturschutzpark.de\/wp-content\/uploads\/ackerwildkraeuter-landschaftspflegehof-tuetsberg-vnp-stiftung.jpg\" data-thumb=\"https:\/\/www.verein-naturschutzpark.de\/wp-content\/uploads\/ackerwildkraeuter-landschaftspflegehof-tuetsberg-vnp-stiftung-75x50_c.jpg\" data-title=\"Landscape conservation farm Hof T&uuml;tsberg: Farmland wild herbs | Photo: VNP Stiftung Naturschutzpark L&uuml;neburger Heide\" data-envirabox='6444' itemprop=\"contentUrl\"><div class=\"envira-lazy\" style=\"padding-bottom: 100%;\" data-envira-changed=\"false\" data-width=\"500\" data-height=\"500\"><img decoding=\"async\" src=\"https:\/\/www.verein-naturschutzpark.de\/wp-content\/uploads\/ackerwildkraeuter-landschaftspflegehof-tuetsberg-vnp-stiftung-500x500_c.jpg\" alt=\"Landscape conservation farm Hof T&uuml;tsberg: Farmland wild herbs | Photo: VNP Stiftung Naturschutzpark L&uuml;neburger Heide\" class=\"envira-gallery-image envira-gallery-image-24    envira-lazy\" height=\"500\" id=\"envira-gallery-image-4579\" srcset=\"data:image\/gif;base64,R0lGODlhAQABAIAAAP\/\/\/\/\/\/\/yH5BAEKAAEALAAAAAABAAEAAAICTAEAOw==\" tabindex=\"-1\" title=\"Landscape conservation farm Hof T\u00fctsberg: Farmland wild herbs | Photo: VNP Stiftung Naturschutzpark L\u00fcneburger Heide\" width=\"500\" data-caption=\"Farmland wild herbs\" data-envira-gallery-id=\"6444\" data-envira-index=\"23\" data-envira-item-id=\"4579\" data-envira-src=\"https:\/\/www.verein-naturschutzpark.de\/wp-content\/uploads\/ackerwildkraeuter-landschaftspflegehof-tuetsberg-vnp-stiftung-500x500_c.jpg\" data-envira-srcset=\"https:\/\/www.verein-naturschutzpark.de\/wp-content\/uploads\/ackerwildkraeuter-landschaftspflegehof-tuetsberg-vnp-stiftung-500x500_c.jpg 400w, https:\/\/www.verein-naturschutzpark.de\/wp-content\/uploads\/ackerwildkraeuter-landschaftspflegehof-tuetsberg-vnp-stiftung-500x500_c.jpg 2x\" data-title=\"Landscape conservation farm Hof T&uuml;tsberg: Farmland wild herbs | Photo: VNP Stiftung Naturschutzpark L&uuml;neburger Heide\" itemprop=\"thumbnailUrl\"  data-no-lazy=\"1\"  data-envirabox=\"6444\" \/><\/div><\/a><div class=\"envira-gallery-captioned-data envira-gallery-captioned-data-sleek\"><span class='envira-caption envira-gallery-captioned-text caption-4579'>Farmland wild herbs<\/span><\/div><\/div><\/div><div id=\"envira-gallery-item-3022\" class=\"envira-gallery-item envira-gallery-item-25 envira-lazy-load\" style=\"padding-left: 5px; padding-bottom: 10px; padding-right: 5px;\"  itemscope itemtype=\"https:\/\/schema.org\/ImageObject\"><div class=\"envira-gallery-item-inner\"><div class=\"envira-gallery-position-overlay envira-gallery-top-left\"><\/div><div class=\"envira-gallery-position-overlay envira-gallery-top-right\"><\/div><div class=\"envira-gallery-position-overlay envira-gallery-bottom-left\"><\/div><div class=\"envira-gallery-position-overlay envira-gallery-bottom-right\"><\/div><a class=\"envira-gallery-6444 envira-gallery-link\" href=\"https:\/\/www.verein-naturschutzpark.de\/wp-content\/uploads\/rotklee-ackerwildkrautpfad-tuetsberg-vnp-stiftung.jpg\" title=\"Red clover (Trifolium pratense)\" data-caption=\"Red clover (Trifolium pratense)\" data-envira-item-id=\"3022\" data-envira-retina=\"https:\/\/www.verein-naturschutzpark.de\/wp-content\/uploads\/rotklee-ackerwildkrautpfad-tuetsberg-vnp-stiftung.jpg\" data-thumb=\"https:\/\/www.verein-naturschutzpark.de\/wp-content\/uploads\/rotklee-ackerwildkrautpfad-tuetsberg-vnp-stiftung-75x50_c.jpg\" data-title=\"Red clover (Trifolium pratense)\" data-envirabox='6444' itemprop=\"contentUrl\"><div class=\"envira-lazy\" style=\"padding-bottom: 100%;\" data-envira-changed=\"false\" data-width=\"500\" data-height=\"500\"><img decoding=\"async\" src=\"https:\/\/www.verein-naturschutzpark.de\/wp-content\/uploads\/rotklee-ackerwildkrautpfad-tuetsberg-vnp-stiftung-500x500_c.jpg\" alt=\"Red clover (Trifolium pratense)\" class=\"envira-gallery-image envira-gallery-image-25    envira-lazy\" height=\"500\" id=\"envira-gallery-image-3022\" srcset=\"data:image\/gif;base64,R0lGODlhAQABAIAAAP\/\/\/\/\/\/\/yH5BAEKAAEALAAAAAABAAEAAAICTAEAOw==\" tabindex=\"-1\" title=\"Red clover (Trifolium pratense)\" width=\"500\" data-caption=\"Red clover (Trifolium pratense)\" data-envira-gallery-id=\"6444\" data-envira-index=\"24\" data-envira-item-id=\"3022\" data-envira-src=\"https:\/\/www.verein-naturschutzpark.de\/wp-content\/uploads\/rotklee-ackerwildkrautpfad-tuetsberg-vnp-stiftung-500x500_c.jpg\" data-envira-srcset=\"https:\/\/www.verein-naturschutzpark.de\/wp-content\/uploads\/rotklee-ackerwildkrautpfad-tuetsberg-vnp-stiftung-500x500_c.jpg 400w, https:\/\/www.verein-naturschutzpark.de\/wp-content\/uploads\/rotklee-ackerwildkrautpfad-tuetsberg-vnp-stiftung-500x500_c.jpg 2x\" data-title=\"Red clover (Trifolium pratense)\" itemprop=\"thumbnailUrl\"  data-no-lazy=\"1\"  data-envirabox=\"6444\" \/><\/div><\/a><div class=\"envira-gallery-captioned-data envira-gallery-captioned-data-sleek\"><span class='envira-caption envira-gallery-captioned-text caption-3022'>Red clover (Trifolium pratense)<\/span><\/div><\/div><\/div><div id=\"envira-gallery-item-3018\" class=\"envira-gallery-item envira-gallery-item-26 envira-lazy-load\" style=\"padding-left: 5px; padding-bottom: 10px; padding-right: 5px;\"  itemscope itemtype=\"https:\/\/schema.org\/ImageObject\"><div class=\"envira-gallery-item-inner\"><div class=\"envira-gallery-position-overlay envira-gallery-top-left\"><\/div><div class=\"envira-gallery-position-overlay envira-gallery-top-right\"><\/div><div class=\"envira-gallery-position-overlay envira-gallery-bottom-left\"><\/div><div class=\"envira-gallery-position-overlay envira-gallery-bottom-right\"><\/div><a class=\"envira-gallery-6444 envira-gallery-link\" href=\"https:\/\/www.verein-naturschutzpark.de\/wp-content\/uploads\/inkarnatklee-wicke-ackerwildkrautpfad-tuetsberg-vnp-stiftung.jpg\" title=\"Incarnate clover and vetch\" data-caption=\"Incarnate clover and vetch\" data-envira-item-id=\"3018\" data-envira-retina=\"https:\/\/www.verein-naturschutzpark.de\/wp-content\/uploads\/inkarnatklee-wicke-ackerwildkrautpfad-tuetsberg-vnp-stiftung.jpg\" data-thumb=\"https:\/\/www.verein-naturschutzpark.de\/wp-content\/uploads\/inkarnatklee-wicke-ackerwildkrautpfad-tuetsberg-vnp-stiftung-75x50_c.jpg\" data-title=\"Incarnate clover and vetch\" data-envirabox='6444' itemprop=\"contentUrl\"><div class=\"envira-lazy\" style=\"padding-bottom: 100%;\" data-envira-changed=\"false\" data-width=\"500\" data-height=\"500\"><img decoding=\"async\" src=\"https:\/\/www.verein-naturschutzpark.de\/wp-content\/uploads\/inkarnatklee-wicke-ackerwildkrautpfad-tuetsberg-vnp-stiftung-500x500_c.jpg\" alt=\"Incarnate clover and vetch | VNP Stiftung\" class=\"envira-gallery-image envira-gallery-image-26    envira-lazy\" height=\"500\" id=\"envira-gallery-image-3018\" srcset=\"data:image\/gif;base64,R0lGODlhAQABAIAAAP\/\/\/\/\/\/\/yH5BAEKAAEALAAAAAABAAEAAAICTAEAOw==\" tabindex=\"-1\" title=\"Incarnate clover and vetch\" width=\"500\" data-caption=\"Incarnate clover and vetch\" data-envira-gallery-id=\"6444\" data-envira-index=\"25\" data-envira-item-id=\"3018\" data-envira-src=\"https:\/\/www.verein-naturschutzpark.de\/wp-content\/uploads\/inkarnatklee-wicke-ackerwildkrautpfad-tuetsberg-vnp-stiftung-500x500_c.jpg\" data-envira-srcset=\"https:\/\/www.verein-naturschutzpark.de\/wp-content\/uploads\/inkarnatklee-wicke-ackerwildkrautpfad-tuetsberg-vnp-stiftung-500x500_c.jpg 400w, https:\/\/www.verein-naturschutzpark.de\/wp-content\/uploads\/inkarnatklee-wicke-ackerwildkrautpfad-tuetsberg-vnp-stiftung-500x500_c.jpg 2x\" data-title=\"Incarnate clover and vetch\" itemprop=\"thumbnailUrl\"  data-no-lazy=\"1\"  data-envirabox=\"6444\" \/><\/div><\/a><div class=\"envira-gallery-captioned-data envira-gallery-captioned-data-sleek\"><span class='envira-caption envira-gallery-captioned-text caption-3018'>Incarnate clover and vetch<\/span><\/div><\/div><\/div><div id=\"envira-gallery-item-3141\" class=\"envira-gallery-item envira-gallery-item-27 envira-lazy-load\" style=\"padding-left: 5px; padding-bottom: 10px; padding-right: 5px;\"  itemscope itemtype=\"https:\/\/schema.org\/ImageObject\"><div class=\"envira-gallery-item-inner\"><div class=\"envira-gallery-position-overlay envira-gallery-top-left\"><\/div><div class=\"envira-gallery-position-overlay envira-gallery-top-right\"><\/div><div class=\"envira-gallery-position-overlay envira-gallery-bottom-left\"><\/div><div class=\"envira-gallery-position-overlay envira-gallery-bottom-right\"><\/div><a class=\"envira-gallery-6444 envira-gallery-link\" href=\"https:\/\/www.verein-naturschutzpark.de\/wp-content\/uploads\/saat-hohlzahn-galeopsis-segetum-vnp-stiftung-1.jpg\" title=\"Downy hemp-nettle (Galeopsis segetum) | VNP Verein Naturschutzpark\" data-caption=\"Downy hemp-nettle (Galeopsis segetum)\" data-envira-item-id=\"3141\" data-envira-retina=\"https:\/\/www.verein-naturschutzpark.de\/wp-content\/uploads\/saat-hohlzahn-galeopsis-segetum-vnp-stiftung-1.jpg\" data-thumb=\"https:\/\/www.verein-naturschutzpark.de\/wp-content\/uploads\/saat-hohlzahn-galeopsis-segetum-vnp-stiftung-1-75x50_c.jpg\" data-title=\"Downy hemp-nettle (Galeopsis segetum) | VNP Verein Naturschutzpark\" data-envirabox='6444' itemprop=\"contentUrl\"><div class=\"envira-lazy\" style=\"padding-bottom: 100%;\" data-envira-changed=\"false\" data-width=\"500\" data-height=\"500\"><img decoding=\"async\" src=\"https:\/\/www.verein-naturschutzpark.de\/wp-content\/uploads\/saat-hohlzahn-galeopsis-segetum-vnp-stiftung-1-500x500_c.jpg\" alt=\"Downy hemp-nettle (Galeopsis segetum) | VNP Verein Naturschutzpark\" class=\"envira-gallery-image envira-gallery-image-27    envira-lazy\" height=\"500\" id=\"envira-gallery-image-3141\" srcset=\"data:image\/gif;base64,R0lGODlhAQABAIAAAP\/\/\/\/\/\/\/yH5BAEKAAEALAAAAAABAAEAAAICTAEAOw==\" tabindex=\"-1\" title=\"Downy hemp-nettle (Galeopsis segetum) | VNP Verein Naturschutzpark\" width=\"500\" data-caption=\"Downy hemp-nettle (Galeopsis segetum)\" data-envira-gallery-id=\"6444\" data-envira-index=\"26\" data-envira-item-id=\"3141\" data-envira-src=\"https:\/\/www.verein-naturschutzpark.de\/wp-content\/uploads\/saat-hohlzahn-galeopsis-segetum-vnp-stiftung-1-500x500_c.jpg\" data-envira-srcset=\"https:\/\/www.verein-naturschutzpark.de\/wp-content\/uploads\/saat-hohlzahn-galeopsis-segetum-vnp-stiftung-1-500x500_c.jpg 400w, https:\/\/www.verein-naturschutzpark.de\/wp-content\/uploads\/saat-hohlzahn-galeopsis-segetum-vnp-stiftung-1-500x500_c.jpg 2x\" data-title=\"Downy hemp-nettle (Galeopsis segetum) | VNP Verein Naturschutzpark\" itemprop=\"thumbnailUrl\"  data-no-lazy=\"1\"  data-envirabox=\"6444\" \/><\/div><\/a><div class=\"envira-gallery-captioned-data envira-gallery-captioned-data-sleek\"><span class='envira-caption envira-gallery-captioned-text caption-3141'>Downy hemp-nettle (Galeopsis segetum)<\/span><\/div><\/div><\/div><div id=\"envira-gallery-item-3123\" class=\"envira-gallery-item envira-gallery-item-28 envira-lazy-load\" style=\"padding-left: 5px; padding-bottom: 10px; padding-right: 5px;\"  itemscope itemtype=\"https:\/\/schema.org\/ImageObject\"><div class=\"envira-gallery-item-inner\"><div class=\"envira-gallery-position-overlay envira-gallery-top-left\"><\/div><div class=\"envira-gallery-position-overlay envira-gallery-top-right\"><\/div><div class=\"envira-gallery-position-overlay envira-gallery-bottom-left\"><\/div><div class=\"envira-gallery-position-overlay envira-gallery-bottom-right\"><\/div><a class=\"envira-gallery-6444 envira-gallery-link\" href=\"https:\/\/www.verein-naturschutzpark.de\/wp-content\/uploads\/lammkraut-laemmersalat-arnoseris-minima-vnp-stiftung.jpg\" title=\"Lamb-succory\/dwarf nipplewort (Arnoseris minima)\" data-caption=\"Lamb-succory\/dwarf nipplewort (Arnoseris minima)\" data-envira-item-id=\"3123\" data-envira-retina=\"https:\/\/www.verein-naturschutzpark.de\/wp-content\/uploads\/lammkraut-laemmersalat-arnoseris-minima-vnp-stiftung.jpg\" data-thumb=\"https:\/\/www.verein-naturschutzpark.de\/wp-content\/uploads\/lammkraut-laemmersalat-arnoseris-minima-vnp-stiftung-75x50_c.jpg\" data-title=\"Lamb-succory\/dwarf nipplewort (Arnoseris minima)\" data-envirabox='6444' itemprop=\"contentUrl\"><div class=\"envira-lazy\" style=\"padding-bottom: 100%;\" data-envira-changed=\"false\" data-width=\"500\" data-height=\"500\"><img decoding=\"async\" src=\"https:\/\/www.verein-naturschutzpark.de\/wp-content\/uploads\/lammkraut-laemmersalat-arnoseris-minima-vnp-stiftung-500x500_c.jpg\" alt=\"Lamb-succory\/dwarf nipplewort (Arnoseris minima) | VNP Stiftung\" class=\"envira-gallery-image envira-gallery-image-28    envira-lazy\" height=\"500\" id=\"envira-gallery-image-3123\" srcset=\"data:image\/gif;base64,R0lGODlhAQABAIAAAP\/\/\/\/\/\/\/yH5BAEKAAEALAAAAAABAAEAAAICTAEAOw==\" tabindex=\"-1\" title=\"Lamb-succory\/dwarf nipplewort (Arnoseris minima)\" width=\"500\" data-caption=\"Lamb-succory\/dwarf nipplewort (Arnoseris minima)\" data-envira-gallery-id=\"6444\" data-envira-index=\"27\" data-envira-item-id=\"3123\" data-envira-src=\"https:\/\/www.verein-naturschutzpark.de\/wp-content\/uploads\/lammkraut-laemmersalat-arnoseris-minima-vnp-stiftung-500x500_c.jpg\" data-envira-srcset=\"https:\/\/www.verein-naturschutzpark.de\/wp-content\/uploads\/lammkraut-laemmersalat-arnoseris-minima-vnp-stiftung-500x500_c.jpg 400w, https:\/\/www.verein-naturschutzpark.de\/wp-content\/uploads\/lammkraut-laemmersalat-arnoseris-minima-vnp-stiftung-500x500_c.jpg 2x\" data-title=\"Lamb-succory\/dwarf nipplewort (Arnoseris minima)\" itemprop=\"thumbnailUrl\"  data-no-lazy=\"1\"  data-envirabox=\"6444\" \/><\/div><\/a><div class=\"envira-gallery-captioned-data envira-gallery-captioned-data-sleek\"><span class='envira-caption envira-gallery-captioned-text caption-3123'>Lamb-succory\/dwarf nipplewort (Arnoseris minima)<\/span><\/div><\/div><\/div><\/div><\/div><noscript><img data-no-lazy=\"1\"  src='https:\/\/www.verein-naturschutzpark.de\/wp-content\/uploads\/echte-schluesselbume-primula-veris-blindschleiche-vnp-stiftung.jpg' alt='Cowslip (Primula veris) with slow worm (Anguis fragilis) | VNP Stiftung' class='envira_noscript_images ' \/><img data-no-lazy=\"1\"  src='https:\/\/www.verein-naturschutzpark.de\/wp-content\/uploads\/behaarter-ginster-genista-pilosa-vnp-stiftung.jpg' alt='Hairy greenweed\/silkyleaf broom (Genista pilosa) | VNP Stiftung' class='envira_noscript_images ' \/><img data-no-lazy=\"1\"  src='https:\/\/www.verein-naturschutzpark.de\/wp-content\/uploads\/scheidiges-oder-scheiden-wollgras-eriophorum-vaginatum-vnp-stiftung.jpg' alt='&quot;Flowering&quot; Hare&#039;s tail cotton grass (Eriophorum vaginatum) | VNP Verein Naturschutzpark' class='envira_noscript_images ' \/><img data-no-lazy=\"1\"  src='https:\/\/www.verein-naturschutzpark.de\/wp-content\/uploads\/rundblaettriger-sonnentau-drosera-rotundifolia-vnp-stiftung.jpg' alt='Rundbl\u00e4ttriger Sonnentau (Drosera rotundifolia)' class='envira_noscript_images ' \/><img data-no-lazy=\"1\"  src='https:\/\/www.verein-naturschutzpark.de\/wp-content\/uploads\/teppich-aus-verschiedenen-torfmoosen-vnp-stiftung.jpg' alt='Carpet of various sphagnum mosses | VNP Verein Naturschutzpark' class='envira_noscript_images ' \/><img data-no-lazy=\"1\"  src='https:\/\/www.verein-naturschutzpark.de\/wp-content\/uploads\/kraehenbeere-empetrum-nigrum-vnp-stiftung.jpg' alt='Crowberry (Empetrum nigrum) | VNP Stiftung' class='envira_noscript_images ' \/><img data-no-lazy=\"1\"  src='https:\/\/www.verein-naturschutzpark.de\/wp-content\/uploads\/moorlilie-narthecium-ossifragum-vnp-stiftung.jpg' alt='Bog asphodel (Narthecium ossifragum) | VNP Stiftung' class='envira_noscript_images ' \/><img data-no-lazy=\"1\"  src='https:\/\/www.verein-naturschutzpark.de\/wp-content\/uploads\/glockenheide-erica-tetralix-vnp-stiftung.jpg' alt='Cross-leaved heath (Erica tetralix) | VNP Stiftung' class='envira_noscript_images ' \/><img data-no-lazy=\"1\"  src='https:\/\/www.verein-naturschutzpark.de\/wp-content\/uploads\/bluehender-thymian-naturschutzgebiet-lueneburger-heide-1.jpg' alt='Flowering thyme in the Lueneburg Heath nature reserve | VNP Stiftung' class='envira_noscript_images ' \/><img data-no-lazy=\"1\"  src='https:\/\/www.verein-naturschutzpark.de\/wp-content\/uploads\/thymian-heideblaeuling-vnp-stiftung.jpg' alt='Thyme with butterflies | VNP Verein Naturschutzpark' class='envira_noscript_images ' \/><img data-no-lazy=\"1\"  src='https:\/\/www.verein-naturschutzpark.de\/wp-content\/uploads\/wacholder-juniperus-communis-vnp-stiftung.jpg' alt='Juniper (Juniperus communis) | VNP Stiftung' class='envira_noscript_images ' \/><img data-no-lazy=\"1\"  src='https:\/\/www.verein-naturschutzpark.de\/wp-content\/uploads\/wacholder-mit-beeren-vnp-verein-naturschutzpark.jpg' alt='Juniper with berries | VNP Verein Naturschutzpark' class='envira_noscript_images ' \/><img data-no-lazy=\"1\"  src='https:\/\/www.verein-naturschutzpark.de\/wp-content\/uploads\/detail-bluehende-besenheide-calluna-vulgaris-vnp-stiftung-1.jpg' alt='Heather blossoming: Flowering broom heather (Calluna Vulgaris) | Photo: VNP Stiftung Naturschutzpark L\u00fcneburger Heide' class='envira_noscript_images ' \/><img data-no-lazy=\"1\"  src='https:\/\/www.verein-naturschutzpark.de\/wp-content\/uploads\/besenheide-calluna-vulgaris-vnp-stiftung.jpg' alt='Broom heather (Calluna vulgaris) | VNP Stiftung' class='envira_noscript_images ' \/><img data-no-lazy=\"1\"  src='https:\/\/www.verein-naturschutzpark.de\/wp-content\/uploads\/blaubeere-vaccinium-myrtillus-heidelbeere-vnp-stiftung.jpg' alt='European blueberry (Vaccinium myrtillus) | VNP Stiftung' class='envira_noscript_images ' \/><img data-no-lazy=\"1\"  src='https:\/\/www.verein-naturschutzpark.de\/wp-content\/uploads\/preiselbeere-vaccinium-vitis-idaea-vnp-stiftung.jpg' alt='Lingonberry (Vaccinium vitis-idaea) | VNP Verein Naturschutzpark' class='envira_noscript_images ' \/><img data-no-lazy=\"1\"  src='https:\/\/www.verein-naturschutzpark.de\/wp-content\/uploads\/moosbeere-fruechte-vaccinium-oxycoccos-vnp-stiftung.jpg' alt='Fruits of the cranberry (Vaccinium oxycoccos) | VNP Stiftung' class='envira_noscript_images ' \/><img data-no-lazy=\"1\"  src='https:\/\/www.verein-naturschutzpark.de\/wp-content\/uploads\/niedrige-schwarzwurzel-scrozonera-humilis-vnp-stiftung.jpg' alt='Viper&#039;s-grass (Scorzonera humilis) | VNP Stiftung' class='envira_noscript_images ' \/><img data-no-lazy=\"1\"  src='https:\/\/www.verein-naturschutzpark.de\/wp-content\/uploads\/lungenenzian-gentiana-pneumonanthe.jpg' alt='Marsh gentian (Gentiana pneumonanthe) | VNP Stiftung' class='envira_noscript_images ' \/><img data-no-lazy=\"1\"  src='https:\/\/www.verein-naturschutzpark.de\/wp-content\/uploads\/heidenelke-dianthus-deltoides-vnp-stiftung.jpg' alt='Maiden pink (Dianthus deltoides) | VNP Stiftung' class='envira_noscript_images ' \/><img data-no-lazy=\"1\"  src='https:\/\/www.verein-naturschutzpark.de\/wp-content\/uploads\/ilex-mit-spinnwebe-vnp-verein-naturschutzpark.jpg' alt='Ilex with cobwebs | VNP Verein Naturschutzpark' class='envira_noscript_images ' \/><img data-no-lazy=\"1\"  src='https:\/\/www.verein-naturschutzpark.de\/wp-content\/uploads\/buchweizen-fagopyrum-esculentum-vnp-stiftung.jpg' alt='Buckwheat (Fagopyrum esculentum) | VNP Stiftung' class='envira_noscript_images ' \/><img data-no-lazy=\"1\"  src='https:\/\/www.verein-naturschutzpark.de\/wp-content\/uploads\/buchweizen-landschaftpflegehof-tuetsberg-vnp-stiftung.jpg' alt='Landscape conservation farm Hof T\u00fctsberg: Buckwheat | Photo: VNP Stiftung Naturschutzpark L\u00fcneburger Heide' class='envira_noscript_images ' \/><img data-no-lazy=\"1\"  src='https:\/\/www.verein-naturschutzpark.de\/wp-content\/uploads\/ackerwildkraeuter-landschaftspflegehof-tuetsberg-vnp-stiftung.jpg' alt='Landscape conservation farm Hof T\u00fctsberg: Farmland wild herbs | Photo: VNP Stiftung Naturschutzpark L\u00fcneburger Heide' class='envira_noscript_images ' \/><img data-no-lazy=\"1\"  src='https:\/\/www.verein-naturschutzpark.de\/wp-content\/uploads\/rotklee-ackerwildkrautpfad-tuetsberg-vnp-stiftung.jpg' alt='Red clover (Trifolium pratense)' class='envira_noscript_images ' \/><img data-no-lazy=\"1\"  src='https:\/\/www.verein-naturschutzpark.de\/wp-content\/uploads\/inkarnatklee-wicke-ackerwildkrautpfad-tuetsberg-vnp-stiftung.jpg' alt='Incarnate clover and vetch | VNP Stiftung' class='envira_noscript_images ' \/><img data-no-lazy=\"1\"  src='https:\/\/www.verein-naturschutzpark.de\/wp-content\/uploads\/saat-hohlzahn-galeopsis-segetum-vnp-stiftung-1.jpg' alt='Downy hemp-nettle (Galeopsis segetum) | VNP Verein Naturschutzpark' class='envira_noscript_images ' \/><img data-no-lazy=\"1\"  src='https:\/\/www.verein-naturschutzpark.de\/wp-content\/uploads\/lammkraut-laemmersalat-arnoseris-minima-vnp-stiftung.jpg' alt='Lamb-succory\/dwarf nipplewort (Arnoseris minima) | VNP Stiftung' class='envira_noscript_images ' \/><\/noscript>\n<\/div><\/div><\/div><\/div><\/div><\/div>\n\n\n\n<div class=\"alignfull wp-block-ugb-container ugb-container ugb-3d89452 ugb-container--v2 ugb-container--design-plain ugb-main-block ugb--has-custom-content-width ugb--has-custom-content-width-tablet ugb--has-custom-content-width-mobile ugb-main-block--inner-full ugb--has-block-background ugb--has-bottom-separator\"><style>.ugb-3d89452 h1,.ugb-3d89452 h2,.ugb-3d89452 h3,.ugb-3d89452 h4,.ugb-3d89452 h5,.ugb-3d89452 h6{color:var(--theme-palette-color-4,#fcfaef)}.ugb-3d89452 p,.ugb-3d89452 li,.ugb-3d89452 label,.ugb-3d89452 table{color:var(--theme-palette-color-4,#fcfaef)}.ugb-3d89452 a:hover,.ugb-3d89452 a:hover:visited{color:var(--theme-palette-color-3,#333333)}.ugb-3d89452-content-wrapper > h1,.ugb-3d89452-content-wrapper > h2,.ugb-3d89452-content-wrapper > h3,.ugb-3d89452-content-wrapper > h4,.ugb-3d89452-content-wrapper > h5,.ugb-3d89452-content-wrapper > h6{color:var(--theme-palette-color-4,#fcfaef)}.ugb-3d89452-content-wrapper > p,.ugb-3d89452-content-wrapper > ol li,.ugb-3d89452-content-wrapper > ul li{color:var(--theme-palette-color-4,#fcfaef)}.ugb-3d89452.ugb-container{background-color:var(--theme-palette-color-1,#416250)}.ugb-3d89452.ugb-container > .ugb-inner-block{max-width:50% !important}.ugb-3d89452.ugb-container:before{background-color:var(--theme-palette-color-1,#416250)}.ugb-3d89452 .ugb-bottom-separator svg{fill:var(--theme-palette-color-4,#fcfaef)}.ugb-3d89452 .ugb-bottom-separator .ugb-separator-wrapper{transform:scaleX(1.5)}@media screen and (min-width:768px){.ugb-3d89452.ugb-container{padding-top:50px !important;padding-right:35px !important;padding-bottom:90px !important;padding-left:35px !important}.ugb-3d89452 .ugb-bottom-separator .ugb-separator-wrapper{height:150px}}@media screen and (max-width:1025px){.ugb-3d89452.ugb-container > .ugb-inner-block{max-width:100% !important}}@media screen and (min-width:768px) and (max-width:1025px){.ugb-3d89452.ugb-container{padding-right:35px !important;padding-left:35px !important}}@media screen and (max-width:768px){.ugb-3d89452.ugb-container{padding-top:30px !important;padding-right:18px !important;padding-bottom:70px !important;padding-left:18px !important}.ugb-3d89452.ugb-container > .ugb-inner-block{max-width:100% !important}}.ugb-3d89452 a,.ugb-3d89452 a:visited,.ugb-3d89452 a:focus{color:var(--theme-palette-color-4,#fcfaef)}<\/style><div class=\"ugb-bottom-separator\"><div class=\"ugb-separator-wrapper\"><svg xmlns=\"http:\/\/www.w3.org\/2000\/svg\" viewBox=\"0 0 1600 200\" filter=\"url(#wave-3-inverted-shadow_svg__a)\" enable-background=\"new 0 0 1600 200\" class=\"ugb-separator__shadow\" preserveAspectRatio=\"none\" aria-hidden=\"true\"><filter id=\"wave-3-inverted-shadow_svg__a\"><feGaussianBlur in=\"SourceAlpha\" stdDeviation=\"4\"><\/feGaussianBlur><feComponentTransfer><feFuncA type=\"linear\" slope=\"0.4\"><\/feFuncA><\/feComponentTransfer><feMerge><feMergeNode><\/feMergeNode><feMergeNode in=\"SourceGraphic\"><\/feMergeNode><\/feMerge><\/filter><path d=\"M1413.6 39.3c-157.9 0-338.2 37.7-495.1 67.4-215.6 40.8-328.1 44.6-418.2 41.1S317 127.3 188.4 98.7C59.8 70.1-10 64.5-10 64.5v10s69.8 5.6 198.4 34.2c128.6 28.6 221.8 45.6 311.9 49.1s202.6-.3 418.2-41.1c156.9-29.7 337.2-67.4 495.1-67.4 127.6 0 196.4 19.5 196.4 19.5v-10s-68.8-19.5-196.4-19.5z\"><\/path><\/svg><svg xmlns=\"http:\/\/www.w3.org\/2000\/svg\" viewBox=\"0 0 1600 200\" class=\"ugb-separator__layer-1\" preserveAspectRatio=\"none\" aria-hidden=\"true\"><path d=\"M1413.6 39.3c-157.9 0-338.2 37.7-495.1 67.4-215.6 40.8-328.1 44.6-418.2 41.1S317 127.3 188.4 98.7-10 64.5-10 64.5v150.2h1620V58.8s-68.8-19.5-196.4-19.5z\"><\/path><\/svg><\/div><\/div><div class=\"ugb-inner-block ugb-inner-block--full\"><div class=\"ugb-block-content\"><div class=\"ugb-container__wrapper ugb-3d89452-wrapper\"><div class=\"ugb-container__side\"><div class=\"ugb-container__content-wrapper ugb-3d89452-content-wrapper\">\n<h2 class=\"wp-block-heading\" id=\"fauna\">Fauna<\/h2>\n\n\n<style type=\"text\/css\">#envira-gallery-6448 {color: #fcfaef;}<\/style><div id=\"envira-gallery-wrap-6448\" class=\"envira-default-gallery envira-gallery-wrap envira-lazy-loading-enabled envira-layout-square envira-gallery-theme-sleek\" itemscope itemtype=\"https:\/\/schema.org\/ImageGallery\"><div class=\"envira-loader\"><div><\/div><div><\/div><div><\/div><div><\/div><\/div><div id=\"envira-gallery-6448\" class=\"envira-gallery-public envira-gallery-2-columns envira-clear\" data-envira-id=\"6448\" data-gallery-config='{\"type\":\"default\",\"layout\":\"square\",\"columns\":\"2\",\"gallery_theme\":\"sleek\",\"justified_margins\":1,\"justified_last_row\":\"nojustify\",\"lazy_loading\":1,\"lazy_loading_delay\":500,\"gutter\":10,\"margin\":10,\"image_size\":\"default\",\"square_size\":500,\"crop_width\":500,\"crop_height\":500,\"crop\":1,\"crop_position\":\"c\",\"additional_copy_0\":0,\"additional_copy_title\":0,\"additional_copy_caption\":0,\"additional_copy_title_caption\":0,\"additional_copy_0_mobile\":0,\"additional_copy_title_mobile\":0,\"additional_copy_caption_mobile\":0,\"additional_copy_title_caption_mobile\":0,\"gallery_column_title_caption\":\"caption\",\"gallery_column_title_caption_mobile\":\"caption\",\"additional_copy_automatic_0\":0,\"additional_copy_automatic_title\":0,\"additional_copy_automatic_caption\":0,\"additional_copy_automatic_title_caption\":0,\"additional_copy_automatic_0_mobile\":0,\"additional_copy_automatic_title_mobile\":0,\"additional_copy_automatic_caption_mobile\":0,\"additional_copy_automatic_title_caption_mobile\":0,\"gallery_automatic_title_caption\":\"0\",\"gallery_automatic_title_caption_mobile\":\"0\",\"justified_row_height\":150,\"description_position\":\"0\",\"description\":\"\",\"random\":\"0\",\"sort_order\":\"0\",\"sorting_direction\":\"ASC\",\"image_sizes_random\":[],\"isotope\":false,\"lightbox_enabled\":1,\"gallery_link_enabled\":1,\"lightbox_theme\":\"infinity_light\",\"lightbox_image_size\":\"default\",\"title_display\":\"float\",\"lightbox_title_caption\":\"caption\",\"arrows\":1,\"arrows_position\":\"inside\",\"toolbar\":1,\"toolbar_title\":0,\"toolbar_position\":\"top\",\"loop\":1,\"lightbox_open_close_effect\":\"fade\",\"effect\":\"fade\",\"supersize\":0,\"thumbnails_toggle\":0,\"thumbnails_hide\":0,\"image_counter\":0,\"thumbnails\":0,\"thumbnails_width\":\"auto\",\"thumbnails_height\":\"auto\",\"thumbnails_position\":\"bottom\",\"thumbnails_custom_size\":0,\"mobile\":1,\"mobile_width\":320,\"mobile_height\":240,\"mobile_lightbox\":0,\"mobile_gallery_link_enabled\":0,\"mobile_arrows\":0,\"mobile_toolbar\":1,\"mobile_thumbnails\":1,\"mobile_touchwipe_close\":0,\"mobile_thumbnails_width\":75,\"mobile_thumbnails_height\":50,\"mobile_justified_row_height\":80,\"keyboard\":true,\"standalone_template\":\"\",\"classes\":[\"envira-default-gallery\"],\"rtl\":0,\"slug\":\"photo-gallery-fauna\",\"custom_css\":\"#envira-gallery-6448 {\\r\\n    color: #fcfaef;\\r\\n}\",\"fullscreen\":0,\"gallery_id\":\"6448\"}' data-gallery-images='[{\"status\":\"active\",\"src\":\"https:\\\/\\\/www.verein-naturschutzpark.de\\\/wp-content\\\/uploads\\\/rehwildbegegnungen-meninger-heide-vnp-stiftung.jpg\",\"title\":\"Roe deer encounter in the Lueneburg Heath on an autumn morning | VNP Stiftung\",\"link\":\"https:\\\/\\\/www.verein-naturschutzpark.de\\\/wp-content\\\/uploads\\\/rehwildbegegnungen-meninger-heide-vnp-stiftung.jpg\",\"alt\":\"Roe deer encounter in the Lueneburg Heath on an autumn morning | VNP Stiftung\",\"caption\":\"Roe deer\",\"thumb\":\"https:\\\/\\\/www.verein-naturschutzpark.de\\\/wp-content\\\/uploads\\\/rehwildbegegnungen-meninger-heide-vnp-stiftung-75x50_c.jpg\",\"meta\":{\"aperture\":\"6.3\",\"credit\":\"Julia Hallmann\",\"camera\":\"DMC-FZ50\",\"caption\":\"\",\"created_timestamp\":\"1175412211\",\"copyright\":\"VNP\",\"focal_length\":\"88.8\",\"iso\":\"400\",\"shutter_speed\":\"0.0025\",\"title\":\"\",\"orientation\":null,\"keywords\":null},\"thumbnail\":\"https:\\\/\\\/www.verein-naturschutzpark.de\\\/wp-content\\\/uploads\\\/rehwildbegegnungen-meninger-heide-vnp-stiftung-150x107.jpg\",\"medium\":\"https:\\\/\\\/www.verein-naturschutzpark.de\\\/wp-content\\\/uploads\\\/rehwildbegegnungen-meninger-heide-vnp-stiftung-400x287.jpg\",\"medium_large\":\"https:\\\/\\\/www.verein-naturschutzpark.de\\\/wp-content\\\/uploads\\\/rehwildbegegnungen-meninger-heide-vnp-stiftung-768x550.jpg\",\"large\":\"https:\\\/\\\/www.verein-naturschutzpark.de\\\/wp-content\\\/uploads\\\/rehwildbegegnungen-meninger-heide-vnp-stiftung-1024x734.jpg\",\"thumblist\":\"https:\\\/\\\/www.verein-naturschutzpark.de\\\/wp-content\\\/uploads\\\/rehwildbegegnungen-meninger-heide-vnp-stiftung.jpg\",\"thumbrelated\":\"https:\\\/\\\/www.verein-naturschutzpark.de\\\/wp-content\\\/uploads\\\/rehwildbegegnungen-meninger-heide-vnp-stiftung.jpg\",\"meccarouselthumb\":\"https:\\\/\\\/www.verein-naturschutzpark.de\\\/wp-content\\\/uploads\\\/rehwildbegegnungen-meninger-heide-vnp-stiftung.jpg\",\"gridsquare\":\"https:\\\/\\\/www.verein-naturschutzpark.de\\\/wp-content\\\/uploads\\\/rehwildbegegnungen-meninger-heide-vnp-stiftung.jpg\",\"tileview\":\"https:\\\/\\\/www.verein-naturschutzpark.de\\\/wp-content\\\/uploads\\\/rehwildbegegnungen-meninger-heide-vnp-stiftung.jpg\",\"1536x1536\":\"https:\\\/\\\/www.verein-naturschutzpark.de\\\/wp-content\\\/uploads\\\/rehwildbegegnungen-meninger-heide-vnp-stiftung-1536x1100.jpg\",\"2048x2048\":\"https:\\\/\\\/www.verein-naturschutzpark.de\\\/wp-content\\\/uploads\\\/rehwildbegegnungen-meninger-heide-vnp-stiftung.jpg\",\"full\":\"https:\\\/\\\/www.verein-naturschutzpark.de\\\/wp-content\\\/uploads\\\/rehwildbegegnungen-meninger-heide-vnp-stiftung.jpg\",\"index\":0,\"id\":3850,\"video\":false,\"opts\":{\"caption\":\"Roe deer\",\"thumb\":\"https:\\\/\\\/www.verein-naturschutzpark.de\\\/wp-content\\\/uploads\\\/rehwildbegegnungen-meninger-heide-vnp-stiftung-75x50_c.jpg\",\"title\":\"Roe deer encounter in the Lueneburg Heath on an autumn morning | VNP Stiftung\"},\"gallery_id\":\"6448\"},{\"status\":\"active\",\"src\":\"https:\\\/\\\/www.verein-naturschutzpark.de\\\/wp-content\\\/uploads\\\/birkhahn-tetrao-tetrix-waehrend-der-balz-vnp-stiftung.jpg\",\"title\":\"Black grouse (Tetrao tetrix) during courtship\",\"link\":\"https:\\\/\\\/www.verein-naturschutzpark.de\\\/wp-content\\\/uploads\\\/birkhahn-tetrao-tetrix-waehrend-der-balz-vnp-stiftung.jpg\",\"alt\":\"Black grouse (Tetrao tetrix) during courtship | VNP Stiftung\",\"caption\":\"Black grouse (Tetrao tetrix) during courtship\",\"thumb\":\"https:\\\/\\\/www.verein-naturschutzpark.de\\\/wp-content\\\/uploads\\\/birkhahn-tetrao-tetrix-waehrend-der-balz-vnp-stiftung-75x50_c.jpg\",\"meta\":{\"aperture\":null,\"credit\":\"Picasa 2.7\",\"camera\":null,\"caption\":\"\",\"created_timestamp\":null,\"copyright\":null,\"focal_length\":null,\"iso\":null,\"shutter_speed\":null,\"title\":\"\",\"orientation\":null,\"keywords\":null},\"thumbnail\":\"https:\\\/\\\/www.verein-naturschutzpark.de\\\/wp-content\\\/uploads\\\/birkhahn-tetrao-tetrix-waehrend-der-balz-vnp-stiftung-150x150.jpg\",\"medium\":\"https:\\\/\\\/www.verein-naturschutzpark.de\\\/wp-content\\\/uploads\\\/birkhahn-tetrao-tetrix-waehrend-der-balz-vnp-stiftung-400x400.jpg\",\"medium_large\":\"https:\\\/\\\/www.verein-naturschutzpark.de\\\/wp-content\\\/uploads\\\/birkhahn-tetrao-tetrix-waehrend-der-balz-vnp-stiftung-768x768.jpg\",\"large\":\"https:\\\/\\\/www.verein-naturschutzpark.de\\\/wp-content\\\/uploads\\\/birkhahn-tetrao-tetrix-waehrend-der-balz-vnp-stiftung.jpg\",\"thumblist\":\"https:\\\/\\\/www.verein-naturschutzpark.de\\\/wp-content\\\/uploads\\\/birkhahn-tetrao-tetrix-waehrend-der-balz-vnp-stiftung.jpg\",\"thumbrelated\":\"https:\\\/\\\/www.verein-naturschutzpark.de\\\/wp-content\\\/uploads\\\/birkhahn-tetrao-tetrix-waehrend-der-balz-vnp-stiftung.jpg\",\"meccarouselthumb\":\"https:\\\/\\\/www.verein-naturschutzpark.de\\\/wp-content\\\/uploads\\\/birkhahn-tetrao-tetrix-waehrend-der-balz-vnp-stiftung.jpg\",\"gridsquare\":\"https:\\\/\\\/www.verein-naturschutzpark.de\\\/wp-content\\\/uploads\\\/birkhahn-tetrao-tetrix-waehrend-der-balz-vnp-stiftung.jpg\",\"tileview\":\"https:\\\/\\\/www.verein-naturschutzpark.de\\\/wp-content\\\/uploads\\\/birkhahn-tetrao-tetrix-waehrend-der-balz-vnp-stiftung.jpg\",\"1536x1536\":\"https:\\\/\\\/www.verein-naturschutzpark.de\\\/wp-content\\\/uploads\\\/birkhahn-tetrao-tetrix-waehrend-der-balz-vnp-stiftung.jpg\",\"2048x2048\":\"https:\\\/\\\/www.verein-naturschutzpark.de\\\/wp-content\\\/uploads\\\/birkhahn-tetrao-tetrix-waehrend-der-balz-vnp-stiftung.jpg\",\"full\":\"https:\\\/\\\/www.verein-naturschutzpark.de\\\/wp-content\\\/uploads\\\/birkhahn-tetrao-tetrix-waehrend-der-balz-vnp-stiftung.jpg\",\"index\":1,\"id\":3222,\"video\":false,\"opts\":{\"caption\":\"Black grouse (Tetrao tetrix) during courtship\",\"thumb\":\"https:\\\/\\\/www.verein-naturschutzpark.de\\\/wp-content\\\/uploads\\\/birkhahn-tetrao-tetrix-waehrend-der-balz-vnp-stiftung-75x50_c.jpg\",\"title\":\"Black grouse (Tetrao tetrix) during courtship\"},\"gallery_id\":\"6448\"},{\"status\":\"active\",\"src\":\"https:\\\/\\\/www.verein-naturschutzpark.de\\\/wp-content\\\/uploads\\\/rebhuhn-im-buchweizen-perdix-perdix-vnp-stiftung.jpg\",\"title\":\"Grey partridge (Perdix perdix) in a buckwheat field | VNP Stiftung\",\"link\":\"https:\\\/\\\/www.verein-naturschutzpark.de\\\/wp-content\\\/uploads\\\/rebhuhn-im-buchweizen-perdix-perdix-vnp-stiftung.jpg\",\"alt\":\"Grey partridge (Perdix perdix) in a buckwheat field | VNP Stiftung\",\"caption\":\"Grey partridge (Perdix perdix) in a buckwheat field\",\"thumb\":\"https:\\\/\\\/www.verein-naturschutzpark.de\\\/wp-content\\\/uploads\\\/rebhuhn-im-buchweizen-perdix-perdix-vnp-stiftung-75x50_c.jpg\",\"meta\":{\"aperture\":\"7.1\",\"credit\":null,\"camera\":\"Canon EOS 600D\",\"caption\":\"\",\"created_timestamp\":\"1340871701\",\"copyright\":null,\"focal_length\":\"375\",\"iso\":\"200\",\"shutter_speed\":\"0.004\",\"title\":\"\",\"orientation\":null,\"keywords\":null},\"thumbnail\":\"https:\\\/\\\/www.verein-naturschutzpark.de\\\/wp-content\\\/uploads\\\/rebhuhn-im-buchweizen-perdix-perdix-vnp-stiftung-150x150.jpg\",\"medium\":\"https:\\\/\\\/www.verein-naturschutzpark.de\\\/wp-content\\\/uploads\\\/rebhuhn-im-buchweizen-perdix-perdix-vnp-stiftung-400x400.jpg\",\"medium_large\":\"https:\\\/\\\/www.verein-naturschutzpark.de\\\/wp-content\\\/uploads\\\/rebhuhn-im-buchweizen-perdix-perdix-vnp-stiftung-768x768.jpg\",\"large\":\"https:\\\/\\\/www.verein-naturschutzpark.de\\\/wp-content\\\/uploads\\\/rebhuhn-im-buchweizen-perdix-perdix-vnp-stiftung.jpg\",\"thumblist\":\"https:\\\/\\\/www.verein-naturschutzpark.de\\\/wp-content\\\/uploads\\\/rebhuhn-im-buchweizen-perdix-perdix-vnp-stiftung.jpg\",\"thumbrelated\":\"https:\\\/\\\/www.verein-naturschutzpark.de\\\/wp-content\\\/uploads\\\/rebhuhn-im-buchweizen-perdix-perdix-vnp-stiftung.jpg\",\"meccarouselthumb\":\"https:\\\/\\\/www.verein-naturschutzpark.de\\\/wp-content\\\/uploads\\\/rebhuhn-im-buchweizen-perdix-perdix-vnp-stiftung.jpg\",\"gridsquare\":\"https:\\\/\\\/www.verein-naturschutzpark.de\\\/wp-content\\\/uploads\\\/rebhuhn-im-buchweizen-perdix-perdix-vnp-stiftung.jpg\",\"tileview\":\"https:\\\/\\\/www.verein-naturschutzpark.de\\\/wp-content\\\/uploads\\\/rebhuhn-im-buchweizen-perdix-perdix-vnp-stiftung.jpg\",\"1536x1536\":\"https:\\\/\\\/www.verein-naturschutzpark.de\\\/wp-content\\\/uploads\\\/rebhuhn-im-buchweizen-perdix-perdix-vnp-stiftung.jpg\",\"2048x2048\":\"https:\\\/\\\/www.verein-naturschutzpark.de\\\/wp-content\\\/uploads\\\/rebhuhn-im-buchweizen-perdix-perdix-vnp-stiftung.jpg\",\"full\":\"https:\\\/\\\/www.verein-naturschutzpark.de\\\/wp-content\\\/uploads\\\/rebhuhn-im-buchweizen-perdix-perdix-vnp-stiftung.jpg\",\"index\":2,\"id\":3271,\"video\":false,\"opts\":{\"caption\":\"Grey partridge (Perdix perdix) in a buckwheat field\",\"thumb\":\"https:\\\/\\\/www.verein-naturschutzpark.de\\\/wp-content\\\/uploads\\\/rebhuhn-im-buchweizen-perdix-perdix-vnp-stiftung-75x50_c.jpg\",\"title\":\"Grey partridge (Perdix perdix) in a buckwheat field | VNP Stiftung\"},\"gallery_id\":\"6448\"},{\"status\":\"active\",\"src\":\"https:\\\/\\\/www.verein-naturschutzpark.de\\\/wp-content\\\/uploads\\\/kiebitz-vanellus-vanellus-vnp-stiftung.jpg\",\"title\":\"Peewit (Vanellus vanellus) | VNP Stiftung\",\"link\":\"https:\\\/\\\/www.verein-naturschutzpark.de\\\/wp-content\\\/uploads\\\/kiebitz-vanellus-vanellus-vnp-stiftung.jpg\",\"alt\":\"Peewit (Vanellus vanellus) | VNP Stiftung\",\"caption\":\"Peewit (Vanellus vanellus)\",\"thumb\":\"https:\\\/\\\/www.verein-naturschutzpark.de\\\/wp-content\\\/uploads\\\/kiebitz-vanellus-vanellus-vnp-stiftung-75x50_c.jpg\",\"meta\":{\"aperture\":null,\"credit\":\"Picasa 2.7\",\"camera\":null,\"caption\":\"\",\"created_timestamp\":null,\"copyright\":null,\"focal_length\":null,\"iso\":null,\"shutter_speed\":null,\"title\":\"\",\"orientation\":null,\"keywords\":null},\"thumbnail\":\"https:\\\/\\\/www.verein-naturschutzpark.de\\\/wp-content\\\/uploads\\\/kiebitz-vanellus-vanellus-vnp-stiftung-150x150.jpg\",\"medium\":\"https:\\\/\\\/www.verein-naturschutzpark.de\\\/wp-content\\\/uploads\\\/kiebitz-vanellus-vanellus-vnp-stiftung-400x400.jpg\",\"medium_large\":\"https:\\\/\\\/www.verein-naturschutzpark.de\\\/wp-content\\\/uploads\\\/kiebitz-vanellus-vanellus-vnp-stiftung-768x768.jpg\",\"large\":\"https:\\\/\\\/www.verein-naturschutzpark.de\\\/wp-content\\\/uploads\\\/kiebitz-vanellus-vanellus-vnp-stiftung.jpg\",\"thumblist\":\"https:\\\/\\\/www.verein-naturschutzpark.de\\\/wp-content\\\/uploads\\\/kiebitz-vanellus-vanellus-vnp-stiftung.jpg\",\"thumbrelated\":\"https:\\\/\\\/www.verein-naturschutzpark.de\\\/wp-content\\\/uploads\\\/kiebitz-vanellus-vanellus-vnp-stiftung.jpg\",\"meccarouselthumb\":\"https:\\\/\\\/www.verein-naturschutzpark.de\\\/wp-content\\\/uploads\\\/kiebitz-vanellus-vanellus-vnp-stiftung.jpg\",\"gridsquare\":\"https:\\\/\\\/www.verein-naturschutzpark.de\\\/wp-content\\\/uploads\\\/kiebitz-vanellus-vanellus-vnp-stiftung.jpg\",\"tileview\":\"https:\\\/\\\/www.verein-naturschutzpark.de\\\/wp-content\\\/uploads\\\/kiebitz-vanellus-vanellus-vnp-stiftung.jpg\",\"1536x1536\":\"https:\\\/\\\/www.verein-naturschutzpark.de\\\/wp-content\\\/uploads\\\/kiebitz-vanellus-vanellus-vnp-stiftung.jpg\",\"2048x2048\":\"https:\\\/\\\/www.verein-naturschutzpark.de\\\/wp-content\\\/uploads\\\/kiebitz-vanellus-vanellus-vnp-stiftung.jpg\",\"full\":\"https:\\\/\\\/www.verein-naturschutzpark.de\\\/wp-content\\\/uploads\\\/kiebitz-vanellus-vanellus-vnp-stiftung.jpg\",\"index\":3,\"id\":3249,\"video\":false,\"opts\":{\"caption\":\"Peewit (Vanellus vanellus)\",\"thumb\":\"https:\\\/\\\/www.verein-naturschutzpark.de\\\/wp-content\\\/uploads\\\/kiebitz-vanellus-vanellus-vnp-stiftung-75x50_c.jpg\",\"title\":\"Peewit (Vanellus vanellus) | VNP Stiftung\"},\"gallery_id\":\"6448\"},{\"status\":\"active\",\"src\":\"https:\\\/\\\/www.verein-naturschutzpark.de\\\/wp-content\\\/uploads\\\/grosser-brachvogel-numenius-arquata-foto-sven-kleinert.jpg\",\"title\":\"Eurasian curlew\\\/common curlew (Numenius arquata) | Photo: Sven Kleinert\",\"link\":\"https:\\\/\\\/www.verein-naturschutzpark.de\\\/wp-content\\\/uploads\\\/grosser-brachvogel-numenius-arquata-foto-sven-kleinert.jpg\",\"alt\":\"Eurasian curlew\\\/common curlew (Numenius arquata) | Photo: Sven Kleinert\",\"caption\":\"Eurasian curlew\\\/common curlew (Numenius arquata)\\nPhoto: Sven Kleinert\",\"thumb\":\"https:\\\/\\\/www.verein-naturschutzpark.de\\\/wp-content\\\/uploads\\\/grosser-brachvogel-numenius-arquata-foto-sven-kleinert-75x50_c.jpg\",\"meta\":{\"aperture\":\"6.3\",\"credit\":\"Sven Kleinert\",\"camera\":\"Canon EOS-1D Mark IV\",\"caption\":\"\",\"created_timestamp\":\"1337805871\",\"copyright\":\"Sven Kleinert\",\"focal_length\":\"840\",\"iso\":\"1600\",\"shutter_speed\":\"0.0008\",\"title\":\"\",\"orientation\":null,\"keywords\":null},\"thumbnail\":\"https:\\\/\\\/www.verein-naturschutzpark.de\\\/wp-content\\\/uploads\\\/grosser-brachvogel-numenius-arquata-foto-sven-kleinert-150x150.jpg\",\"medium\":\"https:\\\/\\\/www.verein-naturschutzpark.de\\\/wp-content\\\/uploads\\\/grosser-brachvogel-numenius-arquata-foto-sven-kleinert-400x400.jpg\",\"medium_large\":\"https:\\\/\\\/www.verein-naturschutzpark.de\\\/wp-content\\\/uploads\\\/grosser-brachvogel-numenius-arquata-foto-sven-kleinert-768x768.jpg\",\"large\":\"https:\\\/\\\/www.verein-naturschutzpark.de\\\/wp-content\\\/uploads\\\/grosser-brachvogel-numenius-arquata-foto-sven-kleinert.jpg\",\"thumblist\":\"https:\\\/\\\/www.verein-naturschutzpark.de\\\/wp-content\\\/uploads\\\/grosser-brachvogel-numenius-arquata-foto-sven-kleinert.jpg\",\"thumbrelated\":\"https:\\\/\\\/www.verein-naturschutzpark.de\\\/wp-content\\\/uploads\\\/grosser-brachvogel-numenius-arquata-foto-sven-kleinert.jpg\",\"meccarouselthumb\":\"https:\\\/\\\/www.verein-naturschutzpark.de\\\/wp-content\\\/uploads\\\/grosser-brachvogel-numenius-arquata-foto-sven-kleinert.jpg\",\"gridsquare\":\"https:\\\/\\\/www.verein-naturschutzpark.de\\\/wp-content\\\/uploads\\\/grosser-brachvogel-numenius-arquata-foto-sven-kleinert.jpg\",\"tileview\":\"https:\\\/\\\/www.verein-naturschutzpark.de\\\/wp-content\\\/uploads\\\/grosser-brachvogel-numenius-arquata-foto-sven-kleinert.jpg\",\"1536x1536\":\"https:\\\/\\\/www.verein-naturschutzpark.de\\\/wp-content\\\/uploads\\\/grosser-brachvogel-numenius-arquata-foto-sven-kleinert.jpg\",\"2048x2048\":\"https:\\\/\\\/www.verein-naturschutzpark.de\\\/wp-content\\\/uploads\\\/grosser-brachvogel-numenius-arquata-foto-sven-kleinert.jpg\",\"full\":\"https:\\\/\\\/www.verein-naturschutzpark.de\\\/wp-content\\\/uploads\\\/grosser-brachvogel-numenius-arquata-foto-sven-kleinert.jpg\",\"index\":4,\"id\":3234,\"video\":false,\"opts\":{\"caption\":\"Eurasian curlew\\\/common curlew (Numenius arquata)\\nPhoto: Sven Kleinert\",\"thumb\":\"https:\\\/\\\/www.verein-naturschutzpark.de\\\/wp-content\\\/uploads\\\/grosser-brachvogel-numenius-arquata-foto-sven-kleinert-75x50_c.jpg\",\"title\":\"Eurasian curlew\\\/common curlew (Numenius arquata) | Photo: Sven Kleinert\"},\"gallery_id\":\"6448\"},{\"status\":\"active\",\"src\":\"https:\\\/\\\/www.verein-naturschutzpark.de\\\/wp-content\\\/uploads\\\/ziegenmelker-caprimulgus-europaeus-vnp-stiftung.jpg\",\"title\":\"European nightjar or common goatsucker (Caprimulgus europaeus) | VNP Stiftung\",\"link\":\"https:\\\/\\\/www.verein-naturschutzpark.de\\\/wp-content\\\/uploads\\\/ziegenmelker-caprimulgus-europaeus-vnp-stiftung.jpg\",\"alt\":\"European nightjar or common goatsucker (Caprimulgus europaeus) | VNP Stiftung\",\"caption\":\"European nightjar or common goatsucker (Caprimulgus europaeus)\",\"thumb\":\"https:\\\/\\\/www.verein-naturschutzpark.de\\\/wp-content\\\/uploads\\\/ziegenmelker-caprimulgus-europaeus-vnp-stiftung-75x50_c.jpg\",\"meta\":{\"aperture\":\"5.6\",\"credit\":\"unknown\",\"camera\":\"Canon EOS 350D DIGITAL\",\"caption\":\"\",\"created_timestamp\":\"1245266321\",\"copyright\":null,\"focal_length\":\"200\",\"iso\":\"200\",\"shutter_speed\":\"0.01\",\"title\":\"\",\"orientation\":null,\"keywords\":null},\"thumbnail\":\"https:\\\/\\\/www.verein-naturschutzpark.de\\\/wp-content\\\/uploads\\\/ziegenmelker-caprimulgus-europaeus-vnp-stiftung-150x150.jpg\",\"medium\":\"https:\\\/\\\/www.verein-naturschutzpark.de\\\/wp-content\\\/uploads\\\/ziegenmelker-caprimulgus-europaeus-vnp-stiftung-400x400.jpg\",\"medium_large\":\"https:\\\/\\\/www.verein-naturschutzpark.de\\\/wp-content\\\/uploads\\\/ziegenmelker-caprimulgus-europaeus-vnp-stiftung-768x768.jpg\",\"large\":\"https:\\\/\\\/www.verein-naturschutzpark.de\\\/wp-content\\\/uploads\\\/ziegenmelker-caprimulgus-europaeus-vnp-stiftung.jpg\",\"thumblist\":\"https:\\\/\\\/www.verein-naturschutzpark.de\\\/wp-content\\\/uploads\\\/ziegenmelker-caprimulgus-europaeus-vnp-stiftung.jpg\",\"thumbrelated\":\"https:\\\/\\\/www.verein-naturschutzpark.de\\\/wp-content\\\/uploads\\\/ziegenmelker-caprimulgus-europaeus-vnp-stiftung.jpg\",\"meccarouselthumb\":\"https:\\\/\\\/www.verein-naturschutzpark.de\\\/wp-content\\\/uploads\\\/ziegenmelker-caprimulgus-europaeus-vnp-stiftung.jpg\",\"gridsquare\":\"https:\\\/\\\/www.verein-naturschutzpark.de\\\/wp-content\\\/uploads\\\/ziegenmelker-caprimulgus-europaeus-vnp-stiftung.jpg\",\"tileview\":\"https:\\\/\\\/www.verein-naturschutzpark.de\\\/wp-content\\\/uploads\\\/ziegenmelker-caprimulgus-europaeus-vnp-stiftung.jpg\",\"1536x1536\":\"https:\\\/\\\/www.verein-naturschutzpark.de\\\/wp-content\\\/uploads\\\/ziegenmelker-caprimulgus-europaeus-vnp-stiftung.jpg\",\"2048x2048\":\"https:\\\/\\\/www.verein-naturschutzpark.de\\\/wp-content\\\/uploads\\\/ziegenmelker-caprimulgus-europaeus-vnp-stiftung.jpg\",\"full\":\"https:\\\/\\\/www.verein-naturschutzpark.de\\\/wp-content\\\/uploads\\\/ziegenmelker-caprimulgus-europaeus-vnp-stiftung.jpg\",\"index\":5,\"id\":3289,\"video\":false,\"opts\":{\"caption\":\"European nightjar or common goatsucker (Caprimulgus europaeus)\",\"thumb\":\"https:\\\/\\\/www.verein-naturschutzpark.de\\\/wp-content\\\/uploads\\\/ziegenmelker-caprimulgus-europaeus-vnp-stiftung-75x50_c.jpg\",\"title\":\"European nightjar or common goatsucker (Caprimulgus europaeus) | VNP Stiftung\"},\"gallery_id\":\"6448\"},{\"status\":\"active\",\"src\":\"https:\\\/\\\/www.verein-naturschutzpark.de\\\/wp-content\\\/uploads\\\/wiedehopf-upupa-epops-vnp-stiftung.jpg\",\"title\":\"Eurasian hoopoe (Upupa epops) | VNP Stiftung\",\"link\":\"https:\\\/\\\/www.verein-naturschutzpark.de\\\/wp-content\\\/uploads\\\/wiedehopf-upupa-epops-vnp-stiftung.jpg\",\"alt\":\"Eurasian hoopoe (Upupa epops) | VNP Stiftung\",\"caption\":\"Eurasian hoopoe (Upupa epops)\",\"thumb\":\"https:\\\/\\\/www.verein-naturschutzpark.de\\\/wp-content\\\/uploads\\\/wiedehopf-upupa-epops-vnp-stiftung-75x50_c.jpg\",\"meta\":{\"aperture\":\"5.6\",\"credit\":\"unknown\",\"camera\":\"Canon EOS 350D DIGITAL\",\"caption\":\"\",\"created_timestamp\":\"1307810533\",\"copyright\":null,\"focal_length\":\"200\",\"iso\":\"400\",\"shutter_speed\":\"0.0008\",\"title\":\"\",\"orientation\":null,\"keywords\":null},\"thumbnail\":\"https:\\\/\\\/www.verein-naturschutzpark.de\\\/wp-content\\\/uploads\\\/wiedehopf-upupa-epops-vnp-stiftung-150x150.jpg\",\"medium\":\"https:\\\/\\\/www.verein-naturschutzpark.de\\\/wp-content\\\/uploads\\\/wiedehopf-upupa-epops-vnp-stiftung-400x400.jpg\",\"medium_large\":\"https:\\\/\\\/www.verein-naturschutzpark.de\\\/wp-content\\\/uploads\\\/wiedehopf-upupa-epops-vnp-stiftung-768x768.jpg\",\"large\":\"https:\\\/\\\/www.verein-naturschutzpark.de\\\/wp-content\\\/uploads\\\/wiedehopf-upupa-epops-vnp-stiftung.jpg\",\"thumblist\":\"https:\\\/\\\/www.verein-naturschutzpark.de\\\/wp-content\\\/uploads\\\/wiedehopf-upupa-epops-vnp-stiftung.jpg\",\"thumbrelated\":\"https:\\\/\\\/www.verein-naturschutzpark.de\\\/wp-content\\\/uploads\\\/wiedehopf-upupa-epops-vnp-stiftung.jpg\",\"meccarouselthumb\":\"https:\\\/\\\/www.verein-naturschutzpark.de\\\/wp-content\\\/uploads\\\/wiedehopf-upupa-epops-vnp-stiftung.jpg\",\"gridsquare\":\"https:\\\/\\\/www.verein-naturschutzpark.de\\\/wp-content\\\/uploads\\\/wiedehopf-upupa-epops-vnp-stiftung.jpg\",\"tileview\":\"https:\\\/\\\/www.verein-naturschutzpark.de\\\/wp-content\\\/uploads\\\/wiedehopf-upupa-epops-vnp-stiftung.jpg\",\"1536x1536\":\"https:\\\/\\\/www.verein-naturschutzpark.de\\\/wp-content\\\/uploads\\\/wiedehopf-upupa-epops-vnp-stiftung.jpg\",\"2048x2048\":\"https:\\\/\\\/www.verein-naturschutzpark.de\\\/wp-content\\\/uploads\\\/wiedehopf-upupa-epops-vnp-stiftung.jpg\",\"full\":\"https:\\\/\\\/www.verein-naturschutzpark.de\\\/wp-content\\\/uploads\\\/wiedehopf-upupa-epops-vnp-stiftung.jpg\",\"index\":6,\"id\":3285,\"video\":false,\"opts\":{\"caption\":\"Eurasian hoopoe (Upupa epops)\",\"thumb\":\"https:\\\/\\\/www.verein-naturschutzpark.de\\\/wp-content\\\/uploads\\\/wiedehopf-upupa-epops-vnp-stiftung-75x50_c.jpg\",\"title\":\"Eurasian hoopoe (Upupa epops) | VNP Stiftung\"},\"gallery_id\":\"6448\"},{\"status\":\"active\",\"src\":\"https:\\\/\\\/www.verein-naturschutzpark.de\\\/wp-content\\\/uploads\\\/ringelnatter-natrix-natrix-vnp-stiftung-1.jpg\",\"title\":\"Grass snake\\\/ringed snake (Natrix natrix) | VNP Stiftung\",\"link\":\"https:\\\/\\\/www.verein-naturschutzpark.de\\\/wp-content\\\/uploads\\\/ringelnatter-natrix-natrix-vnp-stiftung-1.jpg\",\"alt\":\"Grass snake\\\/ringed snake (Natrix natrix) | VNP Stiftung\",\"caption\":\"Grass snake\\\/ringed snake (Natrix natrix)\",\"thumb\":\"https:\\\/\\\/www.verein-naturschutzpark.de\\\/wp-content\\\/uploads\\\/ringelnatter-natrix-natrix-vnp-stiftung-1-75x50_c.jpg\",\"meta\":{\"aperture\":\"8\",\"credit\":null,\"camera\":\"Canon EOS 600D\",\"caption\":\"\",\"created_timestamp\":\"1398262720\",\"copyright\":null,\"focal_length\":\"60\",\"iso\":\"200\",\"shutter_speed\":\"0.01\",\"title\":\"\",\"orientation\":null,\"keywords\":null},\"thumbnail\":\"https:\\\/\\\/www.verein-naturschutzpark.de\\\/wp-content\\\/uploads\\\/ringelnatter-natrix-natrix-vnp-stiftung-1-150x150.jpg\",\"medium\":\"https:\\\/\\\/www.verein-naturschutzpark.de\\\/wp-content\\\/uploads\\\/ringelnatter-natrix-natrix-vnp-stiftung-1-400x400.jpg\",\"medium_large\":\"https:\\\/\\\/www.verein-naturschutzpark.de\\\/wp-content\\\/uploads\\\/ringelnatter-natrix-natrix-vnp-stiftung-1-768x768.jpg\",\"large\":\"https:\\\/\\\/www.verein-naturschutzpark.de\\\/wp-content\\\/uploads\\\/ringelnatter-natrix-natrix-vnp-stiftung-1.jpg\",\"thumblist\":\"https:\\\/\\\/www.verein-naturschutzpark.de\\\/wp-content\\\/uploads\\\/ringelnatter-natrix-natrix-vnp-stiftung-1.jpg\",\"thumbrelated\":\"https:\\\/\\\/www.verein-naturschutzpark.de\\\/wp-content\\\/uploads\\\/ringelnatter-natrix-natrix-vnp-stiftung-1.jpg\",\"meccarouselthumb\":\"https:\\\/\\\/www.verein-naturschutzpark.de\\\/wp-content\\\/uploads\\\/ringelnatter-natrix-natrix-vnp-stiftung-1.jpg\",\"gridsquare\":\"https:\\\/\\\/www.verein-naturschutzpark.de\\\/wp-content\\\/uploads\\\/ringelnatter-natrix-natrix-vnp-stiftung-1.jpg\",\"tileview\":\"https:\\\/\\\/www.verein-naturschutzpark.de\\\/wp-content\\\/uploads\\\/ringelnatter-natrix-natrix-vnp-stiftung-1.jpg\",\"1536x1536\":\"https:\\\/\\\/www.verein-naturschutzpark.de\\\/wp-content\\\/uploads\\\/ringelnatter-natrix-natrix-vnp-stiftung-1.jpg\",\"2048x2048\":\"https:\\\/\\\/www.verein-naturschutzpark.de\\\/wp-content\\\/uploads\\\/ringelnatter-natrix-natrix-vnp-stiftung-1.jpg\",\"full\":\"https:\\\/\\\/www.verein-naturschutzpark.de\\\/wp-content\\\/uploads\\\/ringelnatter-natrix-natrix-vnp-stiftung-1.jpg\",\"index\":7,\"id\":3307,\"video\":false,\"opts\":{\"caption\":\"Grass snake\\\/ringed snake (Natrix natrix)\",\"thumb\":\"https:\\\/\\\/www.verein-naturschutzpark.de\\\/wp-content\\\/uploads\\\/ringelnatter-natrix-natrix-vnp-stiftung-1-75x50_c.jpg\",\"title\":\"Grass snake\\\/ringed snake (Natrix natrix) | VNP Stiftung\"},\"gallery_id\":\"6448\"},{\"status\":\"active\",\"src\":\"https:\\\/\\\/www.verein-naturschutzpark.de\\\/wp-content\\\/uploads\\\/schlingnatter-coronella-austriaca-vnp-stiftung.jpg\",\"title\":\"Smooth snake (Coronella austriaca) | VNP Stiftung\",\"link\":\"https:\\\/\\\/www.verein-naturschutzpark.de\\\/wp-content\\\/uploads\\\/schlingnatter-coronella-austriaca-vnp-stiftung.jpg\",\"alt\":\"Smooth snake (Coronella austriaca) | VNP Stiftung\",\"caption\":\"Smooth snake (Coronella austriaca)\",\"thumb\":\"https:\\\/\\\/www.verein-naturschutzpark.de\\\/wp-content\\\/uploads\\\/schlingnatter-coronella-austriaca-vnp-stiftung-75x50_c.jpg\",\"meta\":{\"aperture\":\"3.3\",\"credit\":null,\"camera\":\"DMC-TZ10\",\"caption\":\"\",\"created_timestamp\":\"1342004912\",\"copyright\":null,\"focal_length\":\"4.1\",\"iso\":\"80\",\"shutter_speed\":\"0.01\",\"title\":\"\",\"orientation\":null,\"keywords\":null},\"thumbnail\":\"https:\\\/\\\/www.verein-naturschutzpark.de\\\/wp-content\\\/uploads\\\/schlingnatter-coronella-austriaca-vnp-stiftung-150x150.jpg\",\"medium\":\"https:\\\/\\\/www.verein-naturschutzpark.de\\\/wp-content\\\/uploads\\\/schlingnatter-coronella-austriaca-vnp-stiftung-400x400.jpg\",\"medium_large\":\"https:\\\/\\\/www.verein-naturschutzpark.de\\\/wp-content\\\/uploads\\\/schlingnatter-coronella-austriaca-vnp-stiftung-768x768.jpg\",\"large\":\"https:\\\/\\\/www.verein-naturschutzpark.de\\\/wp-content\\\/uploads\\\/schlingnatter-coronella-austriaca-vnp-stiftung.jpg\",\"thumblist\":\"https:\\\/\\\/www.verein-naturschutzpark.de\\\/wp-content\\\/uploads\\\/schlingnatter-coronella-austriaca-vnp-stiftung.jpg\",\"thumbrelated\":\"https:\\\/\\\/www.verein-naturschutzpark.de\\\/wp-content\\\/uploads\\\/schlingnatter-coronella-austriaca-vnp-stiftung.jpg\",\"meccarouselthumb\":\"https:\\\/\\\/www.verein-naturschutzpark.de\\\/wp-content\\\/uploads\\\/schlingnatter-coronella-austriaca-vnp-stiftung.jpg\",\"gridsquare\":\"https:\\\/\\\/www.verein-naturschutzpark.de\\\/wp-content\\\/uploads\\\/schlingnatter-coronella-austriaca-vnp-stiftung.jpg\",\"tileview\":\"https:\\\/\\\/www.verein-naturschutzpark.de\\\/wp-content\\\/uploads\\\/schlingnatter-coronella-austriaca-vnp-stiftung.jpg\",\"1536x1536\":\"https:\\\/\\\/www.verein-naturschutzpark.de\\\/wp-content\\\/uploads\\\/schlingnatter-coronella-austriaca-vnp-stiftung.jpg\",\"2048x2048\":\"https:\\\/\\\/www.verein-naturschutzpark.de\\\/wp-content\\\/uploads\\\/schlingnatter-coronella-austriaca-vnp-stiftung.jpg\",\"full\":\"https:\\\/\\\/www.verein-naturschutzpark.de\\\/wp-content\\\/uploads\\\/schlingnatter-coronella-austriaca-vnp-stiftung.jpg\",\"index\":8,\"id\":3277,\"video\":false,\"opts\":{\"caption\":\"Smooth snake (Coronella austriaca)\",\"thumb\":\"https:\\\/\\\/www.verein-naturschutzpark.de\\\/wp-content\\\/uploads\\\/schlingnatter-coronella-austriaca-vnp-stiftung-75x50_c.jpg\",\"title\":\"Smooth snake (Coronella austriaca) | VNP Stiftung\"},\"gallery_id\":\"6448\"},{\"status\":\"active\",\"src\":\"https:\\\/\\\/www.verein-naturschutzpark.de\\\/wp-content\\\/uploads\\\/kreuzotter-vipera-berus-vnp-stiftung-2.jpg\",\"title\":\"Common European adder\\\/viper (Vipera berus) | VNP Stiftung\",\"link\":\"https:\\\/\\\/www.verein-naturschutzpark.de\\\/wp-content\\\/uploads\\\/kreuzotter-vipera-berus-vnp-stiftung-2.jpg\",\"alt\":\"Common European adder\\\/viper (Vipera berus) | VNP Stiftung\",\"caption\":\"Common European adder\\\/viper (Vipera berus)\",\"thumb\":\"https:\\\/\\\/www.verein-naturschutzpark.de\\\/wp-content\\\/uploads\\\/kreuzotter-vipera-berus-vnp-stiftung-2-75x50_c.jpg\",\"meta\":{\"aperture\":\"3.3\",\"credit\":null,\"camera\":\"DMC-TZ10\",\"caption\":\"\",\"created_timestamp\":\"1304501514\",\"copyright\":null,\"focal_length\":\"4.1\",\"iso\":\"80\",\"shutter_speed\":\"0.0025\",\"title\":\"\",\"orientation\":null,\"keywords\":null},\"thumbnail\":\"https:\\\/\\\/www.verein-naturschutzpark.de\\\/wp-content\\\/uploads\\\/kreuzotter-vipera-berus-vnp-stiftung-2-150x150.jpg\",\"medium\":\"https:\\\/\\\/www.verein-naturschutzpark.de\\\/wp-content\\\/uploads\\\/kreuzotter-vipera-berus-vnp-stiftung-2-400x400.jpg\",\"medium_large\":\"https:\\\/\\\/www.verein-naturschutzpark.de\\\/wp-content\\\/uploads\\\/kreuzotter-vipera-berus-vnp-stiftung-2-768x768.jpg\",\"large\":\"https:\\\/\\\/www.verein-naturschutzpark.de\\\/wp-content\\\/uploads\\\/kreuzotter-vipera-berus-vnp-stiftung-2.jpg\",\"thumblist\":\"https:\\\/\\\/www.verein-naturschutzpark.de\\\/wp-content\\\/uploads\\\/kreuzotter-vipera-berus-vnp-stiftung-2.jpg\",\"thumbrelated\":\"https:\\\/\\\/www.verein-naturschutzpark.de\\\/wp-content\\\/uploads\\\/kreuzotter-vipera-berus-vnp-stiftung-2.jpg\",\"meccarouselthumb\":\"https:\\\/\\\/www.verein-naturschutzpark.de\\\/wp-content\\\/uploads\\\/kreuzotter-vipera-berus-vnp-stiftung-2.jpg\",\"gridsquare\":\"https:\\\/\\\/www.verein-naturschutzpark.de\\\/wp-content\\\/uploads\\\/kreuzotter-vipera-berus-vnp-stiftung-2.jpg\",\"tileview\":\"https:\\\/\\\/www.verein-naturschutzpark.de\\\/wp-content\\\/uploads\\\/kreuzotter-vipera-berus-vnp-stiftung-2.jpg\",\"1536x1536\":\"https:\\\/\\\/www.verein-naturschutzpark.de\\\/wp-content\\\/uploads\\\/kreuzotter-vipera-berus-vnp-stiftung-2.jpg\",\"2048x2048\":\"https:\\\/\\\/www.verein-naturschutzpark.de\\\/wp-content\\\/uploads\\\/kreuzotter-vipera-berus-vnp-stiftung-2.jpg\",\"full\":\"https:\\\/\\\/www.verein-naturschutzpark.de\\\/wp-content\\\/uploads\\\/kreuzotter-vipera-berus-vnp-stiftung-2.jpg\",\"index\":9,\"id\":3261,\"video\":false,\"opts\":{\"caption\":\"Common European adder\\\/viper (Vipera berus)\",\"thumb\":\"https:\\\/\\\/www.verein-naturschutzpark.de\\\/wp-content\\\/uploads\\\/kreuzotter-vipera-berus-vnp-stiftung-2-75x50_c.jpg\",\"title\":\"Common European adder\\\/viper (Vipera berus) | VNP Stiftung\"},\"gallery_id\":\"6448\"},{\"status\":\"active\",\"src\":\"https:\\\/\\\/www.verein-naturschutzpark.de\\\/wp-content\\\/uploads\\\/kreuzotter-vipera-berus-vnp-stiftung.jpg\",\"title\":\"Common European adder\\\/viper (Vipera berus) | VNP Stiftung\",\"link\":\"https:\\\/\\\/www.verein-naturschutzpark.de\\\/wp-content\\\/uploads\\\/kreuzotter-vipera-berus-vnp-stiftung.jpg\",\"alt\":\"Common European adder\\\/viper (Vipera berus) | VNP Stiftung\",\"caption\":\"Common European adder\\\/viper (Vipera berus)\",\"thumb\":\"https:\\\/\\\/www.verein-naturschutzpark.de\\\/wp-content\\\/uploads\\\/kreuzotter-vipera-berus-vnp-stiftung-75x50_c.jpg\",\"meta\":{\"aperture\":\"14\",\"credit\":\"unknown\",\"camera\":\"Canon EOS 350D DIGITAL\",\"caption\":\"\",\"created_timestamp\":\"1192887708\",\"copyright\":null,\"focal_length\":\"40\",\"iso\":\"800\",\"shutter_speed\":\"0.0125\",\"title\":\"\",\"orientation\":null,\"keywords\":null},\"thumbnail\":\"https:\\\/\\\/www.verein-naturschutzpark.de\\\/wp-content\\\/uploads\\\/kreuzotter-vipera-berus-vnp-stiftung-150x150.jpg\",\"medium\":\"https:\\\/\\\/www.verein-naturschutzpark.de\\\/wp-content\\\/uploads\\\/kreuzotter-vipera-berus-vnp-stiftung-400x400.jpg\",\"medium_large\":\"https:\\\/\\\/www.verein-naturschutzpark.de\\\/wp-content\\\/uploads\\\/kreuzotter-vipera-berus-vnp-stiftung-768x768.jpg\",\"large\":\"https:\\\/\\\/www.verein-naturschutzpark.de\\\/wp-content\\\/uploads\\\/kreuzotter-vipera-berus-vnp-stiftung.jpg\",\"thumblist\":\"https:\\\/\\\/www.verein-naturschutzpark.de\\\/wp-content\\\/uploads\\\/kreuzotter-vipera-berus-vnp-stiftung.jpg\",\"thumbrelated\":\"https:\\\/\\\/www.verein-naturschutzpark.de\\\/wp-content\\\/uploads\\\/kreuzotter-vipera-berus-vnp-stiftung.jpg\",\"meccarouselthumb\":\"https:\\\/\\\/www.verein-naturschutzpark.de\\\/wp-content\\\/uploads\\\/kreuzotter-vipera-berus-vnp-stiftung.jpg\",\"gridsquare\":\"https:\\\/\\\/www.verein-naturschutzpark.de\\\/wp-content\\\/uploads\\\/kreuzotter-vipera-berus-vnp-stiftung.jpg\",\"tileview\":\"https:\\\/\\\/www.verein-naturschutzpark.de\\\/wp-content\\\/uploads\\\/kreuzotter-vipera-berus-vnp-stiftung.jpg\",\"1536x1536\":\"https:\\\/\\\/www.verein-naturschutzpark.de\\\/wp-content\\\/uploads\\\/kreuzotter-vipera-berus-vnp-stiftung.jpg\",\"2048x2048\":\"https:\\\/\\\/www.verein-naturschutzpark.de\\\/wp-content\\\/uploads\\\/kreuzotter-vipera-berus-vnp-stiftung.jpg\",\"full\":\"https:\\\/\\\/www.verein-naturschutzpark.de\\\/wp-content\\\/uploads\\\/kreuzotter-vipera-berus-vnp-stiftung.jpg\",\"index\":10,\"id\":3259,\"video\":false,\"opts\":{\"caption\":\"Common European adder\\\/viper (Vipera berus)\",\"thumb\":\"https:\\\/\\\/www.verein-naturschutzpark.de\\\/wp-content\\\/uploads\\\/kreuzotter-vipera-berus-vnp-stiftung-75x50_c.jpg\",\"title\":\"Common European adder\\\/viper (Vipera berus) | VNP Stiftung\"},\"gallery_id\":\"6448\"},{\"status\":\"active\",\"src\":\"https:\\\/\\\/www.verein-naturschutzpark.de\\\/wp-content\\\/uploads\\\/waldeidechse-zootoca-vivipara-vnp-stiftung.jpg\",\"title\":\"Common\\\/vivaprous lizard (Zootoca vivipara) | VNP Stiftung\",\"link\":\"https:\\\/\\\/www.verein-naturschutzpark.de\\\/wp-content\\\/uploads\\\/waldeidechse-zootoca-vivipara-vnp-stiftung.jpg\",\"alt\":\"Common\\\/vivaprous lizard (Zootoca vivipara) | VNP Stiftung\",\"caption\":\"Common\\\/vivaprous lizard (Zootoca vivipara)\",\"thumb\":\"https:\\\/\\\/www.verein-naturschutzpark.de\\\/wp-content\\\/uploads\\\/waldeidechse-zootoca-vivipara-vnp-stiftung-75x50_c.jpg\",\"meta\":{\"aperture\":\"13\",\"credit\":\"unknown\",\"camera\":\"Canon EOS 350D DIGITAL\",\"caption\":\"\",\"created_timestamp\":\"1239119424\",\"copyright\":null,\"focal_length\":\"17\",\"iso\":\"200\",\"shutter_speed\":\"0.01\",\"title\":\"\",\"orientation\":null,\"keywords\":null},\"thumbnail\":\"https:\\\/\\\/www.verein-naturschutzpark.de\\\/wp-content\\\/uploads\\\/waldeidechse-zootoca-vivipara-vnp-stiftung-150x150.jpg\",\"medium\":\"https:\\\/\\\/www.verein-naturschutzpark.de\\\/wp-content\\\/uploads\\\/waldeidechse-zootoca-vivipara-vnp-stiftung-400x400.jpg\",\"medium_large\":\"https:\\\/\\\/www.verein-naturschutzpark.de\\\/wp-content\\\/uploads\\\/waldeidechse-zootoca-vivipara-vnp-stiftung-768x768.jpg\",\"large\":\"https:\\\/\\\/www.verein-naturschutzpark.de\\\/wp-content\\\/uploads\\\/waldeidechse-zootoca-vivipara-vnp-stiftung.jpg\",\"thumblist\":\"https:\\\/\\\/www.verein-naturschutzpark.de\\\/wp-content\\\/uploads\\\/waldeidechse-zootoca-vivipara-vnp-stiftung.jpg\",\"thumbrelated\":\"https:\\\/\\\/www.verein-naturschutzpark.de\\\/wp-content\\\/uploads\\\/waldeidechse-zootoca-vivipara-vnp-stiftung.jpg\",\"meccarouselthumb\":\"https:\\\/\\\/www.verein-naturschutzpark.de\\\/wp-content\\\/uploads\\\/waldeidechse-zootoca-vivipara-vnp-stiftung.jpg\",\"gridsquare\":\"https:\\\/\\\/www.verein-naturschutzpark.de\\\/wp-content\\\/uploads\\\/waldeidechse-zootoca-vivipara-vnp-stiftung.jpg\",\"tileview\":\"https:\\\/\\\/www.verein-naturschutzpark.de\\\/wp-content\\\/uploads\\\/waldeidechse-zootoca-vivipara-vnp-stiftung.jpg\",\"1536x1536\":\"https:\\\/\\\/www.verein-naturschutzpark.de\\\/wp-content\\\/uploads\\\/waldeidechse-zootoca-vivipara-vnp-stiftung.jpg\",\"2048x2048\":\"https:\\\/\\\/www.verein-naturschutzpark.de\\\/wp-content\\\/uploads\\\/waldeidechse-zootoca-vivipara-vnp-stiftung.jpg\",\"full\":\"https:\\\/\\\/www.verein-naturschutzpark.de\\\/wp-content\\\/uploads\\\/waldeidechse-zootoca-vivipara-vnp-stiftung.jpg\",\"index\":11,\"id\":3281,\"video\":false,\"opts\":{\"caption\":\"Common\\\/vivaprous lizard (Zootoca vivipara)\",\"thumb\":\"https:\\\/\\\/www.verein-naturschutzpark.de\\\/wp-content\\\/uploads\\\/waldeidechse-zootoca-vivipara-vnp-stiftung-75x50_c.jpg\",\"title\":\"Common\\\/vivaprous lizard (Zootoca vivipara) | VNP Stiftung\"},\"gallery_id\":\"6448\"},{\"status\":\"active\",\"src\":\"https:\\\/\\\/www.verein-naturschutzpark.de\\\/wp-content\\\/uploads\\\/zauneidechse-lacerta-agilis-vnp-stiftung.jpg\",\"title\":\"Sand lizard (Lacerta agilis) | VNP Stiftung\",\"link\":\"https:\\\/\\\/www.verein-naturschutzpark.de\\\/wp-content\\\/uploads\\\/zauneidechse-lacerta-agilis-vnp-stiftung.jpg\",\"alt\":\"Sand lizard (Lacerta agilis) | VNP Stiftung\",\"caption\":\"Sand lizard (Lacerta agilis)\",\"thumb\":\"https:\\\/\\\/www.verein-naturschutzpark.de\\\/wp-content\\\/uploads\\\/zauneidechse-lacerta-agilis-vnp-stiftung-75x50_c.jpg\",\"meta\":{\"aperture\":\"10\",\"credit\":null,\"camera\":\"Canon EOS 600D\",\"caption\":\"\",\"created_timestamp\":\"1376568989\",\"copyright\":null,\"focal_length\":\"60\",\"iso\":\"100\",\"shutter_speed\":\"0.0125\",\"title\":\"\",\"orientation\":null,\"keywords\":null},\"thumbnail\":\"https:\\\/\\\/www.verein-naturschutzpark.de\\\/wp-content\\\/uploads\\\/zauneidechse-lacerta-agilis-vnp-stiftung-150x150.jpg\",\"medium\":\"https:\\\/\\\/www.verein-naturschutzpark.de\\\/wp-content\\\/uploads\\\/zauneidechse-lacerta-agilis-vnp-stiftung-400x400.jpg\",\"medium_large\":\"https:\\\/\\\/www.verein-naturschutzpark.de\\\/wp-content\\\/uploads\\\/zauneidechse-lacerta-agilis-vnp-stiftung-768x768.jpg\",\"large\":\"https:\\\/\\\/www.verein-naturschutzpark.de\\\/wp-content\\\/uploads\\\/zauneidechse-lacerta-agilis-vnp-stiftung.jpg\",\"thumblist\":\"https:\\\/\\\/www.verein-naturschutzpark.de\\\/wp-content\\\/uploads\\\/zauneidechse-lacerta-agilis-vnp-stiftung.jpg\",\"thumbrelated\":\"https:\\\/\\\/www.verein-naturschutzpark.de\\\/wp-content\\\/uploads\\\/zauneidechse-lacerta-agilis-vnp-stiftung.jpg\",\"meccarouselthumb\":\"https:\\\/\\\/www.verein-naturschutzpark.de\\\/wp-content\\\/uploads\\\/zauneidechse-lacerta-agilis-vnp-stiftung.jpg\",\"gridsquare\":\"https:\\\/\\\/www.verein-naturschutzpark.de\\\/wp-content\\\/uploads\\\/zauneidechse-lacerta-agilis-vnp-stiftung.jpg\",\"tileview\":\"https:\\\/\\\/www.verein-naturschutzpark.de\\\/wp-content\\\/uploads\\\/zauneidechse-lacerta-agilis-vnp-stiftung.jpg\",\"1536x1536\":\"https:\\\/\\\/www.verein-naturschutzpark.de\\\/wp-content\\\/uploads\\\/zauneidechse-lacerta-agilis-vnp-stiftung.jpg\",\"2048x2048\":\"https:\\\/\\\/www.verein-naturschutzpark.de\\\/wp-content\\\/uploads\\\/zauneidechse-lacerta-agilis-vnp-stiftung.jpg\",\"full\":\"https:\\\/\\\/www.verein-naturschutzpark.de\\\/wp-content\\\/uploads\\\/zauneidechse-lacerta-agilis-vnp-stiftung.jpg\",\"index\":12,\"id\":3287,\"video\":false,\"opts\":{\"caption\":\"Sand lizard (Lacerta agilis)\",\"thumb\":\"https:\\\/\\\/www.verein-naturschutzpark.de\\\/wp-content\\\/uploads\\\/zauneidechse-lacerta-agilis-vnp-stiftung-75x50_c.jpg\",\"title\":\"Sand lizard (Lacerta agilis) | VNP Stiftung\"},\"gallery_id\":\"6448\"},{\"status\":\"active\",\"src\":\"https:\\\/\\\/www.verein-naturschutzpark.de\\\/wp-content\\\/uploads\\\/gruen-gefaerbtes-maennchen-zauneidechse-lacerta-agilis-vnp-stiftung.jpg\",\"title\":\"Green-coloured male sand lizard (Lacerta agilis)\",\"link\":\"https:\\\/\\\/www.verein-naturschutzpark.de\\\/wp-content\\\/uploads\\\/gruen-gefaerbtes-maennchen-zauneidechse-lacerta-agilis-vnp-stiftung.jpg\",\"alt\":\"Green-coloured male sand lizard (Lacerta agilis) | VNP Stiftung\",\"caption\":\"Green-coloured male sand lizard (Lacerta agilis)\",\"thumb\":\"https:\\\/\\\/www.verein-naturschutzpark.de\\\/wp-content\\\/uploads\\\/gruen-gefaerbtes-maennchen-zauneidechse-lacerta-agilis-vnp-stiftung-75x50_c.jpg\",\"meta\":{\"aperture\":\"9\",\"credit\":null,\"camera\":\"Canon EOS 600D\",\"caption\":\"\",\"created_timestamp\":\"1371638520\",\"copyright\":null,\"focal_length\":\"100\",\"iso\":\"200\",\"shutter_speed\":\"0.02\",\"title\":\"\",\"orientation\":null,\"keywords\":null},\"thumbnail\":\"https:\\\/\\\/www.verein-naturschutzpark.de\\\/wp-content\\\/uploads\\\/gruen-gefaerbtes-maennchen-zauneidechse-lacerta-agilis-vnp-stiftung-150x150.jpg\",\"medium\":\"https:\\\/\\\/www.verein-naturschutzpark.de\\\/wp-content\\\/uploads\\\/gruen-gefaerbtes-maennchen-zauneidechse-lacerta-agilis-vnp-stiftung-400x400.jpg\",\"medium_large\":\"https:\\\/\\\/www.verein-naturschutzpark.de\\\/wp-content\\\/uploads\\\/gruen-gefaerbtes-maennchen-zauneidechse-lacerta-agilis-vnp-stiftung-768x768.jpg\",\"large\":\"https:\\\/\\\/www.verein-naturschutzpark.de\\\/wp-content\\\/uploads\\\/gruen-gefaerbtes-maennchen-zauneidechse-lacerta-agilis-vnp-stiftung.jpg\",\"thumblist\":\"https:\\\/\\\/www.verein-naturschutzpark.de\\\/wp-content\\\/uploads\\\/gruen-gefaerbtes-maennchen-zauneidechse-lacerta-agilis-vnp-stiftung.jpg\",\"thumbrelated\":\"https:\\\/\\\/www.verein-naturschutzpark.de\\\/wp-content\\\/uploads\\\/gruen-gefaerbtes-maennchen-zauneidechse-lacerta-agilis-vnp-stiftung.jpg\",\"meccarouselthumb\":\"https:\\\/\\\/www.verein-naturschutzpark.de\\\/wp-content\\\/uploads\\\/gruen-gefaerbtes-maennchen-zauneidechse-lacerta-agilis-vnp-stiftung.jpg\",\"gridsquare\":\"https:\\\/\\\/www.verein-naturschutzpark.de\\\/wp-content\\\/uploads\\\/gruen-gefaerbtes-maennchen-zauneidechse-lacerta-agilis-vnp-stiftung.jpg\",\"tileview\":\"https:\\\/\\\/www.verein-naturschutzpark.de\\\/wp-content\\\/uploads\\\/gruen-gefaerbtes-maennchen-zauneidechse-lacerta-agilis-vnp-stiftung.jpg\",\"1536x1536\":\"https:\\\/\\\/www.verein-naturschutzpark.de\\\/wp-content\\\/uploads\\\/gruen-gefaerbtes-maennchen-zauneidechse-lacerta-agilis-vnp-stiftung.jpg\",\"2048x2048\":\"https:\\\/\\\/www.verein-naturschutzpark.de\\\/wp-content\\\/uploads\\\/gruen-gefaerbtes-maennchen-zauneidechse-lacerta-agilis-vnp-stiftung.jpg\",\"full\":\"https:\\\/\\\/www.verein-naturschutzpark.de\\\/wp-content\\\/uploads\\\/gruen-gefaerbtes-maennchen-zauneidechse-lacerta-agilis-vnp-stiftung.jpg\",\"index\":13,\"id\":3236,\"video\":false,\"opts\":{\"caption\":\"Green-coloured male sand lizard (Lacerta agilis)\",\"thumb\":\"https:\\\/\\\/www.verein-naturschutzpark.de\\\/wp-content\\\/uploads\\\/gruen-gefaerbtes-maennchen-zauneidechse-lacerta-agilis-vnp-stiftung-75x50_c.jpg\",\"title\":\"Green-coloured male sand lizard (Lacerta agilis)\"},\"gallery_id\":\"6448\"},{\"status\":\"active\",\"src\":\"https:\\\/\\\/www.verein-naturschutzpark.de\\\/wp-content\\\/uploads\\\/blau-gefaerbtes-moorfrosch-maennchen-rana-arvalis-vnp-stiftung.jpg\",\"title\":\"Blue coloured male moor frog (Rana arvalis)\",\"link\":\"https:\\\/\\\/www.verein-naturschutzpark.de\\\/wp-content\\\/uploads\\\/blau-gefaerbtes-moorfrosch-maennchen-rana-arvalis-vnp-stiftung.jpg\",\"alt\":\"Blue coloured male moor frog (Rana arvalis) | VNP Stiftung\",\"caption\":\"Blue coloured male moor frog (Rana arvalis)\",\"thumb\":\"https:\\\/\\\/www.verein-naturschutzpark.de\\\/wp-content\\\/uploads\\\/blau-gefaerbtes-moorfrosch-maennchen-rana-arvalis-vnp-stiftung-75x50_c.jpg\",\"meta\":{\"aperture\":\"7.1\",\"credit\":\"unknown\",\"camera\":\"Canon EOS 350D DIGITAL\",\"caption\":\"\",\"created_timestamp\":\"1173629863\",\"copyright\":null,\"focal_length\":\"300\",\"iso\":\"1600\",\"shutter_speed\":\"0.01\",\"title\":\"\",\"orientation\":null,\"keywords\":null},\"thumbnail\":\"https:\\\/\\\/www.verein-naturschutzpark.de\\\/wp-content\\\/uploads\\\/blau-gefaerbtes-moorfrosch-maennchen-rana-arvalis-vnp-stiftung-150x150.jpg\",\"medium\":\"https:\\\/\\\/www.verein-naturschutzpark.de\\\/wp-content\\\/uploads\\\/blau-gefaerbtes-moorfrosch-maennchen-rana-arvalis-vnp-stiftung-400x400.jpg\",\"medium_large\":\"https:\\\/\\\/www.verein-naturschutzpark.de\\\/wp-content\\\/uploads\\\/blau-gefaerbtes-moorfrosch-maennchen-rana-arvalis-vnp-stiftung-768x768.jpg\",\"large\":\"https:\\\/\\\/www.verein-naturschutzpark.de\\\/wp-content\\\/uploads\\\/blau-gefaerbtes-moorfrosch-maennchen-rana-arvalis-vnp-stiftung.jpg\",\"thumblist\":\"https:\\\/\\\/www.verein-naturschutzpark.de\\\/wp-content\\\/uploads\\\/blau-gefaerbtes-moorfrosch-maennchen-rana-arvalis-vnp-stiftung.jpg\",\"thumbrelated\":\"https:\\\/\\\/www.verein-naturschutzpark.de\\\/wp-content\\\/uploads\\\/blau-gefaerbtes-moorfrosch-maennchen-rana-arvalis-vnp-stiftung.jpg\",\"meccarouselthumb\":\"https:\\\/\\\/www.verein-naturschutzpark.de\\\/wp-content\\\/uploads\\\/blau-gefaerbtes-moorfrosch-maennchen-rana-arvalis-vnp-stiftung.jpg\",\"gridsquare\":\"https:\\\/\\\/www.verein-naturschutzpark.de\\\/wp-content\\\/uploads\\\/blau-gefaerbtes-moorfrosch-maennchen-rana-arvalis-vnp-stiftung.jpg\",\"tileview\":\"https:\\\/\\\/www.verein-naturschutzpark.de\\\/wp-content\\\/uploads\\\/blau-gefaerbtes-moorfrosch-maennchen-rana-arvalis-vnp-stiftung.jpg\",\"1536x1536\":\"https:\\\/\\\/www.verein-naturschutzpark.de\\\/wp-content\\\/uploads\\\/blau-gefaerbtes-moorfrosch-maennchen-rana-arvalis-vnp-stiftung.jpg\",\"2048x2048\":\"https:\\\/\\\/www.verein-naturschutzpark.de\\\/wp-content\\\/uploads\\\/blau-gefaerbtes-moorfrosch-maennchen-rana-arvalis-vnp-stiftung.jpg\",\"full\":\"https:\\\/\\\/www.verein-naturschutzpark.de\\\/wp-content\\\/uploads\\\/blau-gefaerbtes-moorfrosch-maennchen-rana-arvalis-vnp-stiftung.jpg\",\"index\":14,\"id\":3228,\"video\":false,\"opts\":{\"caption\":\"Blue coloured male moor frog (Rana arvalis)\",\"thumb\":\"https:\\\/\\\/www.verein-naturschutzpark.de\\\/wp-content\\\/uploads\\\/blau-gefaerbtes-moorfrosch-maennchen-rana-arvalis-vnp-stiftung-75x50_c.jpg\",\"title\":\"Blue coloured male moor frog (Rana arvalis)\"},\"gallery_id\":\"6448\"},{\"status\":\"active\",\"src\":\"https:\\\/\\\/www.verein-naturschutzpark.de\\\/wp-content\\\/uploads\\\/knoblauchkroete-pelobates-fuscus-vnp-stiftung.jpg\",\"title\":\"Garlic toad (Pelobates fuscus) | VNP Stiftung\",\"link\":\"https:\\\/\\\/www.verein-naturschutzpark.de\\\/wp-content\\\/uploads\\\/knoblauchkroete-pelobates-fuscus-vnp-stiftung.jpg\",\"alt\":\"Garlic toad (Pelobates fuscus) | VNP Stiftung\",\"caption\":\"Garlic toad (Pelobates fuscus)\",\"thumb\":\"https:\\\/\\\/www.verein-naturschutzpark.de\\\/wp-content\\\/uploads\\\/knoblauchkroete-pelobates-fuscus-vnp-stiftung-75x50_c.jpg\",\"meta\":{\"aperture\":\"5.6\",\"credit\":null,\"camera\":\"Canon EOS 450D\",\"caption\":\"\",\"created_timestamp\":\"1279751701\",\"copyright\":null,\"focal_length\":\"55\",\"iso\":\"400\",\"shutter_speed\":\"0.016666666666667\",\"title\":\"\",\"orientation\":null,\"keywords\":null},\"thumbnail\":\"https:\\\/\\\/www.verein-naturschutzpark.de\\\/wp-content\\\/uploads\\\/knoblauchkroete-pelobates-fuscus-vnp-stiftung-150x150.jpg\",\"medium\":\"https:\\\/\\\/www.verein-naturschutzpark.de\\\/wp-content\\\/uploads\\\/knoblauchkroete-pelobates-fuscus-vnp-stiftung-400x400.jpg\",\"medium_large\":\"https:\\\/\\\/www.verein-naturschutzpark.de\\\/wp-content\\\/uploads\\\/knoblauchkroete-pelobates-fuscus-vnp-stiftung-768x768.jpg\",\"large\":\"https:\\\/\\\/www.verein-naturschutzpark.de\\\/wp-content\\\/uploads\\\/knoblauchkroete-pelobates-fuscus-vnp-stiftung.jpg\",\"thumblist\":\"https:\\\/\\\/www.verein-naturschutzpark.de\\\/wp-content\\\/uploads\\\/knoblauchkroete-pelobates-fuscus-vnp-stiftung.jpg\",\"thumbrelated\":\"https:\\\/\\\/www.verein-naturschutzpark.de\\\/wp-content\\\/uploads\\\/knoblauchkroete-pelobates-fuscus-vnp-stiftung.jpg\",\"meccarouselthumb\":\"https:\\\/\\\/www.verein-naturschutzpark.de\\\/wp-content\\\/uploads\\\/knoblauchkroete-pelobates-fuscus-vnp-stiftung.jpg\",\"gridsquare\":\"https:\\\/\\\/www.verein-naturschutzpark.de\\\/wp-content\\\/uploads\\\/knoblauchkroete-pelobates-fuscus-vnp-stiftung.jpg\",\"tileview\":\"https:\\\/\\\/www.verein-naturschutzpark.de\\\/wp-content\\\/uploads\\\/knoblauchkroete-pelobates-fuscus-vnp-stiftung.jpg\",\"1536x1536\":\"https:\\\/\\\/www.verein-naturschutzpark.de\\\/wp-content\\\/uploads\\\/knoblauchkroete-pelobates-fuscus-vnp-stiftung.jpg\",\"2048x2048\":\"https:\\\/\\\/www.verein-naturschutzpark.de\\\/wp-content\\\/uploads\\\/knoblauchkroete-pelobates-fuscus-vnp-stiftung.jpg\",\"full\":\"https:\\\/\\\/www.verein-naturschutzpark.de\\\/wp-content\\\/uploads\\\/knoblauchkroete-pelobates-fuscus-vnp-stiftung.jpg\",\"index\":15,\"id\":3257,\"video\":false,\"opts\":{\"caption\":\"Garlic toad (Pelobates fuscus)\",\"thumb\":\"https:\\\/\\\/www.verein-naturschutzpark.de\\\/wp-content\\\/uploads\\\/knoblauchkroete-pelobates-fuscus-vnp-stiftung-75x50_c.jpg\",\"title\":\"Garlic toad (Pelobates fuscus) | VNP Stiftung\"},\"gallery_id\":\"6448\"},{\"status\":\"active\",\"src\":\"https:\\\/\\\/www.verein-naturschutzpark.de\\\/wp-content\\\/uploads\\\/baumweisslinge-aporia-crataegi-vnp-stiftung.jpg\",\"title\":\"Black-veined white (Aporia crataegi)\",\"link\":\"https:\\\/\\\/www.verein-naturschutzpark.de\\\/wp-content\\\/uploads\\\/baumweisslinge-aporia-crataegi-vnp-stiftung.jpg\",\"alt\":\"Black-veined whites (Aporia crataegi) | VNP Stiftung\",\"caption\":\"Black-veined whites (Aporia crataegi)\",\"thumb\":\"https:\\\/\\\/www.verein-naturschutzpark.de\\\/wp-content\\\/uploads\\\/baumweisslinge-aporia-crataegi-vnp-stiftung-75x50_c.jpg\",\"meta\":{\"aperture\":\"8\",\"credit\":null,\"camera\":\"Canon EOS 600D\",\"caption\":\"\",\"created_timestamp\":\"1372000896\",\"copyright\":null,\"focal_length\":\"100\",\"iso\":\"200\",\"shutter_speed\":\"0.001\",\"title\":\"\",\"orientation\":null,\"keywords\":null},\"thumbnail\":\"https:\\\/\\\/www.verein-naturschutzpark.de\\\/wp-content\\\/uploads\\\/baumweisslinge-aporia-crataegi-vnp-stiftung-150x150.jpg\",\"medium\":\"https:\\\/\\\/www.verein-naturschutzpark.de\\\/wp-content\\\/uploads\\\/baumweisslinge-aporia-crataegi-vnp-stiftung-400x400.jpg\",\"medium_large\":\"https:\\\/\\\/www.verein-naturschutzpark.de\\\/wp-content\\\/uploads\\\/baumweisslinge-aporia-crataegi-vnp-stiftung-768x768.jpg\",\"large\":\"https:\\\/\\\/www.verein-naturschutzpark.de\\\/wp-content\\\/uploads\\\/baumweisslinge-aporia-crataegi-vnp-stiftung.jpg\",\"thumblist\":\"https:\\\/\\\/www.verein-naturschutzpark.de\\\/wp-content\\\/uploads\\\/baumweisslinge-aporia-crataegi-vnp-stiftung.jpg\",\"thumbrelated\":\"https:\\\/\\\/www.verein-naturschutzpark.de\\\/wp-content\\\/uploads\\\/baumweisslinge-aporia-crataegi-vnp-stiftung.jpg\",\"meccarouselthumb\":\"https:\\\/\\\/www.verein-naturschutzpark.de\\\/wp-content\\\/uploads\\\/baumweisslinge-aporia-crataegi-vnp-stiftung.jpg\",\"gridsquare\":\"https:\\\/\\\/www.verein-naturschutzpark.de\\\/wp-content\\\/uploads\\\/baumweisslinge-aporia-crataegi-vnp-stiftung.jpg\",\"tileview\":\"https:\\\/\\\/www.verein-naturschutzpark.de\\\/wp-content\\\/uploads\\\/baumweisslinge-aporia-crataegi-vnp-stiftung.jpg\",\"1536x1536\":\"https:\\\/\\\/www.verein-naturschutzpark.de\\\/wp-content\\\/uploads\\\/baumweisslinge-aporia-crataegi-vnp-stiftung.jpg\",\"2048x2048\":\"https:\\\/\\\/www.verein-naturschutzpark.de\\\/wp-content\\\/uploads\\\/baumweisslinge-aporia-crataegi-vnp-stiftung.jpg\",\"full\":\"https:\\\/\\\/www.verein-naturschutzpark.de\\\/wp-content\\\/uploads\\\/baumweisslinge-aporia-crataegi-vnp-stiftung.jpg\",\"index\":16,\"id\":3303,\"video\":false,\"opts\":{\"caption\":\"Black-veined whites (Aporia crataegi)\",\"thumb\":\"https:\\\/\\\/www.verein-naturschutzpark.de\\\/wp-content\\\/uploads\\\/baumweisslinge-aporia-crataegi-vnp-stiftung-75x50_c.jpg\",\"title\":\"Black-veined white (Aporia crataegi)\"},\"gallery_id\":\"6448\"},{\"status\":\"active\",\"src\":\"https:\\\/\\\/www.verein-naturschutzpark.de\\\/wp-content\\\/uploads\\\/rostbinde-hipparchia-semele-vnp-stiftung.jpg\",\"title\":\"Grayling\\\/rock grayling (Hipparchia semele) | VNP Stiftung\",\"link\":\"https:\\\/\\\/www.verein-naturschutzpark.de\\\/wp-content\\\/uploads\\\/rostbinde-hipparchia-semele-vnp-stiftung.jpg\",\"alt\":\"Grayling\\\/rock grayling (Hipparchia semele) | VNP Stiftung\",\"caption\":\"Grayling\\\/rock grayling (Hipparchia semele)\",\"thumb\":\"https:\\\/\\\/www.verein-naturschutzpark.de\\\/wp-content\\\/uploads\\\/rostbinde-hipparchia-semele-vnp-stiftung-75x50_c.jpg\",\"meta\":{\"aperture\":\"7.9\",\"credit\":null,\"camera\":\"E990\",\"caption\":\"\",\"created_timestamp\":\"-62169984000\",\"copyright\":null,\"focal_length\":\"23.4\",\"iso\":\"100\",\"shutter_speed\":\"0.0046554934823091\",\"title\":\"\",\"orientation\":null,\"keywords\":null},\"thumbnail\":\"https:\\\/\\\/www.verein-naturschutzpark.de\\\/wp-content\\\/uploads\\\/rostbinde-hipparchia-semele-vnp-stiftung-150x150.jpg\",\"medium\":\"https:\\\/\\\/www.verein-naturschutzpark.de\\\/wp-content\\\/uploads\\\/rostbinde-hipparchia-semele-vnp-stiftung-400x400.jpg\",\"medium_large\":\"https:\\\/\\\/www.verein-naturschutzpark.de\\\/wp-content\\\/uploads\\\/rostbinde-hipparchia-semele-vnp-stiftung-768x768.jpg\",\"large\":\"https:\\\/\\\/www.verein-naturschutzpark.de\\\/wp-content\\\/uploads\\\/rostbinde-hipparchia-semele-vnp-stiftung.jpg\",\"thumblist\":\"https:\\\/\\\/www.verein-naturschutzpark.de\\\/wp-content\\\/uploads\\\/rostbinde-hipparchia-semele-vnp-stiftung.jpg\",\"thumbrelated\":\"https:\\\/\\\/www.verein-naturschutzpark.de\\\/wp-content\\\/uploads\\\/rostbinde-hipparchia-semele-vnp-stiftung.jpg\",\"meccarouselthumb\":\"https:\\\/\\\/www.verein-naturschutzpark.de\\\/wp-content\\\/uploads\\\/rostbinde-hipparchia-semele-vnp-stiftung.jpg\",\"gridsquare\":\"https:\\\/\\\/www.verein-naturschutzpark.de\\\/wp-content\\\/uploads\\\/rostbinde-hipparchia-semele-vnp-stiftung.jpg\",\"tileview\":\"https:\\\/\\\/www.verein-naturschutzpark.de\\\/wp-content\\\/uploads\\\/rostbinde-hipparchia-semele-vnp-stiftung.jpg\",\"1536x1536\":\"https:\\\/\\\/www.verein-naturschutzpark.de\\\/wp-content\\\/uploads\\\/rostbinde-hipparchia-semele-vnp-stiftung.jpg\",\"2048x2048\":\"https:\\\/\\\/www.verein-naturschutzpark.de\\\/wp-content\\\/uploads\\\/rostbinde-hipparchia-semele-vnp-stiftung.jpg\",\"full\":\"https:\\\/\\\/www.verein-naturschutzpark.de\\\/wp-content\\\/uploads\\\/rostbinde-hipparchia-semele-vnp-stiftung.jpg\",\"index\":17,\"id\":3275,\"video\":false,\"opts\":{\"caption\":\"Grayling\\\/rock grayling (Hipparchia semele)\",\"thumb\":\"https:\\\/\\\/www.verein-naturschutzpark.de\\\/wp-content\\\/uploads\\\/rostbinde-hipparchia-semele-vnp-stiftung-75x50_c.jpg\",\"title\":\"Grayling\\\/rock grayling (Hipparchia semele) | VNP Stiftung\"},\"gallery_id\":\"6448\"},{\"status\":\"active\",\"src\":\"https:\\\/\\\/www.verein-naturschutzpark.de\\\/wp-content\\\/uploads\\\/purpurbaer-rhyparia-purpurata-vnp-stiftung.jpg\",\"title\":\"Purple tiger (Rhyparia purpurata) moth | VNP Stiftung\",\"link\":\"https:\\\/\\\/www.verein-naturschutzpark.de\\\/wp-content\\\/uploads\\\/purpurbaer-rhyparia-purpurata-vnp-stiftung.jpg\",\"alt\":\"Purple tiger (Rhyparia purpurata) moth | VNP Stiftung\",\"caption\":\"Purple tiger (Rhyparia purpurata) moth\",\"thumb\":\"https:\\\/\\\/www.verein-naturschutzpark.de\\\/wp-content\\\/uploads\\\/purpurbaer-rhyparia-purpurata-vnp-stiftung-75x50_c.jpg\",\"meta\":{\"aperture\":\"6.3\",\"credit\":null,\"camera\":\"Canon EOS 600D\",\"caption\":\"\",\"created_timestamp\":\"1404123396\",\"copyright\":null,\"focal_length\":\"100\",\"iso\":\"100\",\"shutter_speed\":\"0.00625\",\"title\":\"\",\"orientation\":null,\"keywords\":null},\"thumbnail\":\"https:\\\/\\\/www.verein-naturschutzpark.de\\\/wp-content\\\/uploads\\\/purpurbaer-rhyparia-purpurata-vnp-stiftung-150x150.jpg\",\"medium\":\"https:\\\/\\\/www.verein-naturschutzpark.de\\\/wp-content\\\/uploads\\\/purpurbaer-rhyparia-purpurata-vnp-stiftung-400x400.jpg\",\"medium_large\":\"https:\\\/\\\/www.verein-naturschutzpark.de\\\/wp-content\\\/uploads\\\/purpurbaer-rhyparia-purpurata-vnp-stiftung-768x768.jpg\",\"large\":\"https:\\\/\\\/www.verein-naturschutzpark.de\\\/wp-content\\\/uploads\\\/purpurbaer-rhyparia-purpurata-vnp-stiftung.jpg\",\"thumblist\":\"https:\\\/\\\/www.verein-naturschutzpark.de\\\/wp-content\\\/uploads\\\/purpurbaer-rhyparia-purpurata-vnp-stiftung.jpg\",\"thumbrelated\":\"https:\\\/\\\/www.verein-naturschutzpark.de\\\/wp-content\\\/uploads\\\/purpurbaer-rhyparia-purpurata-vnp-stiftung.jpg\",\"meccarouselthumb\":\"https:\\\/\\\/www.verein-naturschutzpark.de\\\/wp-content\\\/uploads\\\/purpurbaer-rhyparia-purpurata-vnp-stiftung.jpg\",\"gridsquare\":\"https:\\\/\\\/www.verein-naturschutzpark.de\\\/wp-content\\\/uploads\\\/purpurbaer-rhyparia-purpurata-vnp-stiftung.jpg\",\"tileview\":\"https:\\\/\\\/www.verein-naturschutzpark.de\\\/wp-content\\\/uploads\\\/purpurbaer-rhyparia-purpurata-vnp-stiftung.jpg\",\"1536x1536\":\"https:\\\/\\\/www.verein-naturschutzpark.de\\\/wp-content\\\/uploads\\\/purpurbaer-rhyparia-purpurata-vnp-stiftung.jpg\",\"2048x2048\":\"https:\\\/\\\/www.verein-naturschutzpark.de\\\/wp-content\\\/uploads\\\/purpurbaer-rhyparia-purpurata-vnp-stiftung.jpg\",\"full\":\"https:\\\/\\\/www.verein-naturschutzpark.de\\\/wp-content\\\/uploads\\\/purpurbaer-rhyparia-purpurata-vnp-stiftung.jpg\",\"index\":18,\"id\":3269,\"video\":false,\"opts\":{\"caption\":\"Purple tiger (Rhyparia purpurata) moth\",\"thumb\":\"https:\\\/\\\/www.verein-naturschutzpark.de\\\/wp-content\\\/uploads\\\/purpurbaer-rhyparia-purpurata-vnp-stiftung-75x50_c.jpg\",\"title\":\"Purple tiger (Rhyparia purpurata) moth | VNP Stiftung\"},\"gallery_id\":\"6448\"},{\"status\":\"active\",\"src\":\"https:\\\/\\\/www.verein-naturschutzpark.de\\\/wp-content\\\/uploads\\\/hochmoor-perlmutterfalter-boloria-aquilonaris-vnp-stiftung.jpg\",\"title\":\"Cranberry fritillary (Boloria aquilonaris) | VNP Stiftung\",\"link\":\"https:\\\/\\\/www.verein-naturschutzpark.de\\\/wp-content\\\/uploads\\\/hochmoor-perlmutterfalter-boloria-aquilonaris-vnp-stiftung.jpg\",\"alt\":\"Cranberry fritillary (Boloria aquilonaris) | VNP Stiftung\",\"caption\":\"Cranberry fritillary (Boloria aquilonaris)\",\"thumb\":\"https:\\\/\\\/www.verein-naturschutzpark.de\\\/wp-content\\\/uploads\\\/hochmoor-perlmutterfalter-boloria-aquilonaris-vnp-stiftung-75x50_c.jpg\",\"meta\":{\"aperture\":\"9\",\"credit\":null,\"camera\":\"Canon EOS 600D\",\"caption\":\"\",\"created_timestamp\":\"1404495730\",\"copyright\":null,\"focal_length\":\"100\",\"iso\":\"100\",\"shutter_speed\":\"0.008\",\"title\":\"\",\"orientation\":null,\"keywords\":null},\"thumbnail\":\"https:\\\/\\\/www.verein-naturschutzpark.de\\\/wp-content\\\/uploads\\\/hochmoor-perlmutterfalter-boloria-aquilonaris-vnp-stiftung-150x150.jpg\",\"medium\":\"https:\\\/\\\/www.verein-naturschutzpark.de\\\/wp-content\\\/uploads\\\/hochmoor-perlmutterfalter-boloria-aquilonaris-vnp-stiftung-400x400.jpg\",\"medium_large\":\"https:\\\/\\\/www.verein-naturschutzpark.de\\\/wp-content\\\/uploads\\\/hochmoor-perlmutterfalter-boloria-aquilonaris-vnp-stiftung-768x768.jpg\",\"large\":\"https:\\\/\\\/www.verein-naturschutzpark.de\\\/wp-content\\\/uploads\\\/hochmoor-perlmutterfalter-boloria-aquilonaris-vnp-stiftung.jpg\",\"thumblist\":\"https:\\\/\\\/www.verein-naturschutzpark.de\\\/wp-content\\\/uploads\\\/hochmoor-perlmutterfalter-boloria-aquilonaris-vnp-stiftung.jpg\",\"thumbrelated\":\"https:\\\/\\\/www.verein-naturschutzpark.de\\\/wp-content\\\/uploads\\\/hochmoor-perlmutterfalter-boloria-aquilonaris-vnp-stiftung.jpg\",\"meccarouselthumb\":\"https:\\\/\\\/www.verein-naturschutzpark.de\\\/wp-content\\\/uploads\\\/hochmoor-perlmutterfalter-boloria-aquilonaris-vnp-stiftung.jpg\",\"gridsquare\":\"https:\\\/\\\/www.verein-naturschutzpark.de\\\/wp-content\\\/uploads\\\/hochmoor-perlmutterfalter-boloria-aquilonaris-vnp-stiftung.jpg\",\"tileview\":\"https:\\\/\\\/www.verein-naturschutzpark.de\\\/wp-content\\\/uploads\\\/hochmoor-perlmutterfalter-boloria-aquilonaris-vnp-stiftung.jpg\",\"1536x1536\":\"https:\\\/\\\/www.verein-naturschutzpark.de\\\/wp-content\\\/uploads\\\/hochmoor-perlmutterfalter-boloria-aquilonaris-vnp-stiftung.jpg\",\"2048x2048\":\"https:\\\/\\\/www.verein-naturschutzpark.de\\\/wp-content\\\/uploads\\\/hochmoor-perlmutterfalter-boloria-aquilonaris-vnp-stiftung.jpg\",\"full\":\"https:\\\/\\\/www.verein-naturschutzpark.de\\\/wp-content\\\/uploads\\\/hochmoor-perlmutterfalter-boloria-aquilonaris-vnp-stiftung.jpg\",\"index\":19,\"id\":3247,\"video\":false,\"opts\":{\"caption\":\"Cranberry fritillary (Boloria aquilonaris)\",\"thumb\":\"https:\\\/\\\/www.verein-naturschutzpark.de\\\/wp-content\\\/uploads\\\/hochmoor-perlmutterfalter-boloria-aquilonaris-vnp-stiftung-75x50_c.jpg\",\"title\":\"Cranberry fritillary (Boloria aquilonaris) | VNP Stiftung\"},\"gallery_id\":\"6448\"},{\"status\":\"active\",\"src\":\"https:\\\/\\\/www.verein-naturschutzpark.de\\\/wp-content\\\/uploads\\\/kleines-nachtpfauenauge-saturnia-pavonia-vnp-stiftung.jpg\",\"title\":\"Small emperor moth (Saturnia pavonia) | VNP Stiftung\",\"link\":\"https:\\\/\\\/www.verein-naturschutzpark.de\\\/wp-content\\\/uploads\\\/kleines-nachtpfauenauge-saturnia-pavonia-vnp-stiftung.jpg\",\"alt\":\"Small emperor moth (Saturnia pavonia) | VNP Stiftung\",\"caption\":\"Small emperor moth (Saturnia pavonia)\",\"thumb\":\"https:\\\/\\\/www.verein-naturschutzpark.de\\\/wp-content\\\/uploads\\\/kleines-nachtpfauenauge-saturnia-pavonia-vnp-stiftung-75x50_c.jpg\",\"meta\":{\"aperture\":\"11\",\"credit\":\"unknown\",\"camera\":\"Canon EOS 350D DIGITAL\",\"caption\":\"\",\"created_timestamp\":\"1242837620\",\"copyright\":null,\"focal_length\":\"17\",\"iso\":\"100\",\"shutter_speed\":\"0.01\",\"title\":\"\",\"orientation\":null,\"keywords\":null},\"thumbnail\":\"https:\\\/\\\/www.verein-naturschutzpark.de\\\/wp-content\\\/uploads\\\/kleines-nachtpfauenauge-saturnia-pavonia-vnp-stiftung-150x150.jpg\",\"medium\":\"https:\\\/\\\/www.verein-naturschutzpark.de\\\/wp-content\\\/uploads\\\/kleines-nachtpfauenauge-saturnia-pavonia-vnp-stiftung-400x400.jpg\",\"medium_large\":\"https:\\\/\\\/www.verein-naturschutzpark.de\\\/wp-content\\\/uploads\\\/kleines-nachtpfauenauge-saturnia-pavonia-vnp-stiftung-768x768.jpg\",\"large\":\"https:\\\/\\\/www.verein-naturschutzpark.de\\\/wp-content\\\/uploads\\\/kleines-nachtpfauenauge-saturnia-pavonia-vnp-stiftung.jpg\",\"thumblist\":\"https:\\\/\\\/www.verein-naturschutzpark.de\\\/wp-content\\\/uploads\\\/kleines-nachtpfauenauge-saturnia-pavonia-vnp-stiftung.jpg\",\"thumbrelated\":\"https:\\\/\\\/www.verein-naturschutzpark.de\\\/wp-content\\\/uploads\\\/kleines-nachtpfauenauge-saturnia-pavonia-vnp-stiftung.jpg\",\"meccarouselthumb\":\"https:\\\/\\\/www.verein-naturschutzpark.de\\\/wp-content\\\/uploads\\\/kleines-nachtpfauenauge-saturnia-pavonia-vnp-stiftung.jpg\",\"gridsquare\":\"https:\\\/\\\/www.verein-naturschutzpark.de\\\/wp-content\\\/uploads\\\/kleines-nachtpfauenauge-saturnia-pavonia-vnp-stiftung.jpg\",\"tileview\":\"https:\\\/\\\/www.verein-naturschutzpark.de\\\/wp-content\\\/uploads\\\/kleines-nachtpfauenauge-saturnia-pavonia-vnp-stiftung.jpg\",\"1536x1536\":\"https:\\\/\\\/www.verein-naturschutzpark.de\\\/wp-content\\\/uploads\\\/kleines-nachtpfauenauge-saturnia-pavonia-vnp-stiftung.jpg\",\"2048x2048\":\"https:\\\/\\\/www.verein-naturschutzpark.de\\\/wp-content\\\/uploads\\\/kleines-nachtpfauenauge-saturnia-pavonia-vnp-stiftung.jpg\",\"full\":\"https:\\\/\\\/www.verein-naturschutzpark.de\\\/wp-content\\\/uploads\\\/kleines-nachtpfauenauge-saturnia-pavonia-vnp-stiftung.jpg\",\"index\":20,\"id\":3255,\"video\":false,\"opts\":{\"caption\":\"Small emperor moth (Saturnia pavonia)\",\"thumb\":\"https:\\\/\\\/www.verein-naturschutzpark.de\\\/wp-content\\\/uploads\\\/kleines-nachtpfauenauge-saturnia-pavonia-vnp-stiftung-75x50_c.jpg\",\"title\":\"Small emperor moth (Saturnia pavonia) | VNP Stiftung\"},\"gallery_id\":\"6448\"},{\"status\":\"active\",\"src\":\"https:\\\/\\\/www.verein-naturschutzpark.de\\\/wp-content\\\/uploads\\\/heidekraut-bunteule-heidekrauteulchen-anarta-myrtili-raupe-vnp-stiftung.jpg\",\"title\":\"Caterpillar of the Anarta myrtili moth | VNP Stiftung\",\"link\":\"https:\\\/\\\/www.verein-naturschutzpark.de\\\/wp-content\\\/uploads\\\/heidekraut-bunteule-heidekrauteulchen-anarta-myrtili-raupe-vnp-stiftung.jpg\",\"alt\":\"Caterpillar of the Anarta myrtili moth | VNP Stiftung\",\"caption\":\"Caterpillar of the Anarta myrtili moth\",\"thumb\":\"https:\\\/\\\/www.verein-naturschutzpark.de\\\/wp-content\\\/uploads\\\/heidekraut-bunteule-heidekrauteulchen-anarta-myrtili-raupe-vnp-stiftung-75x50_c.jpg\",\"meta\":{\"aperture\":\"4\",\"credit\":null,\"camera\":\"DMC-TZ31\",\"caption\":\"\",\"created_timestamp\":\"1379846852\",\"copyright\":null,\"focal_length\":\"4.3\",\"iso\":\"100\",\"shutter_speed\":\"0.01\",\"title\":\"\",\"orientation\":null,\"keywords\":null},\"thumbnail\":\"https:\\\/\\\/www.verein-naturschutzpark.de\\\/wp-content\\\/uploads\\\/heidekraut-bunteule-heidekrauteulchen-anarta-myrtili-raupe-vnp-stiftung-150x150.jpg\",\"medium\":\"https:\\\/\\\/www.verein-naturschutzpark.de\\\/wp-content\\\/uploads\\\/heidekraut-bunteule-heidekrauteulchen-anarta-myrtili-raupe-vnp-stiftung-400x400.jpg\",\"medium_large\":\"https:\\\/\\\/www.verein-naturschutzpark.de\\\/wp-content\\\/uploads\\\/heidekraut-bunteule-heidekrauteulchen-anarta-myrtili-raupe-vnp-stiftung-768x768.jpg\",\"large\":\"https:\\\/\\\/www.verein-naturschutzpark.de\\\/wp-content\\\/uploads\\\/heidekraut-bunteule-heidekrauteulchen-anarta-myrtili-raupe-vnp-stiftung.jpg\",\"thumblist\":\"https:\\\/\\\/www.verein-naturschutzpark.de\\\/wp-content\\\/uploads\\\/heidekraut-bunteule-heidekrauteulchen-anarta-myrtili-raupe-vnp-stiftung.jpg\",\"thumbrelated\":\"https:\\\/\\\/www.verein-naturschutzpark.de\\\/wp-content\\\/uploads\\\/heidekraut-bunteule-heidekrauteulchen-anarta-myrtili-raupe-vnp-stiftung.jpg\",\"meccarouselthumb\":\"https:\\\/\\\/www.verein-naturschutzpark.de\\\/wp-content\\\/uploads\\\/heidekraut-bunteule-heidekrauteulchen-anarta-myrtili-raupe-vnp-stiftung.jpg\",\"gridsquare\":\"https:\\\/\\\/www.verein-naturschutzpark.de\\\/wp-content\\\/uploads\\\/heidekraut-bunteule-heidekrauteulchen-anarta-myrtili-raupe-vnp-stiftung.jpg\",\"tileview\":\"https:\\\/\\\/www.verein-naturschutzpark.de\\\/wp-content\\\/uploads\\\/heidekraut-bunteule-heidekrauteulchen-anarta-myrtili-raupe-vnp-stiftung.jpg\",\"1536x1536\":\"https:\\\/\\\/www.verein-naturschutzpark.de\\\/wp-content\\\/uploads\\\/heidekraut-bunteule-heidekrauteulchen-anarta-myrtili-raupe-vnp-stiftung.jpg\",\"2048x2048\":\"https:\\\/\\\/www.verein-naturschutzpark.de\\\/wp-content\\\/uploads\\\/heidekraut-bunteule-heidekrauteulchen-anarta-myrtili-raupe-vnp-stiftung.jpg\",\"full\":\"https:\\\/\\\/www.verein-naturschutzpark.de\\\/wp-content\\\/uploads\\\/heidekraut-bunteule-heidekrauteulchen-anarta-myrtili-raupe-vnp-stiftung.jpg\",\"index\":21,\"id\":3291,\"video\":false,\"opts\":{\"caption\":\"Caterpillar of the Anarta myrtili moth\",\"thumb\":\"https:\\\/\\\/www.verein-naturschutzpark.de\\\/wp-content\\\/uploads\\\/heidekraut-bunteule-heidekrauteulchen-anarta-myrtili-raupe-vnp-stiftung-75x50_c.jpg\",\"title\":\"Caterpillar of the Anarta myrtili moth | VNP Stiftung\"},\"gallery_id\":\"6448\"},{\"status\":\"active\",\"src\":\"https:\\\/\\\/www.verein-naturschutzpark.de\\\/wp-content\\\/uploads\\\/heideschrecke-gampsocleis-glabra-vnp-stiftung.jpg\",\"title\":\"Bush cricket Gampsocleis glabra | VNP Stiftung\",\"link\":\"https:\\\/\\\/www.verein-naturschutzpark.de\\\/wp-content\\\/uploads\\\/heideschrecke-gampsocleis-glabra-vnp-stiftung.jpg\",\"alt\":\"Bush cricket Gampsocleis glabra | VNP Stiftung\",\"caption\":\"Bush cricket Gampsocleis glabra\",\"thumb\":\"https:\\\/\\\/www.verein-naturschutzpark.de\\\/wp-content\\\/uploads\\\/heideschrecke-gampsocleis-glabra-vnp-stiftung-75x50_c.jpg\",\"meta\":{\"aperture\":\"4.5\",\"credit\":null,\"camera\":\"DMC-TZ10\",\"caption\":\"\",\"created_timestamp\":\"1314369987\",\"copyright\":null,\"focal_length\":\"4.1\",\"iso\":\"80\",\"shutter_speed\":\"0.00625\",\"title\":\"\",\"orientation\":null,\"keywords\":null},\"thumbnail\":\"https:\\\/\\\/www.verein-naturschutzpark.de\\\/wp-content\\\/uploads\\\/heideschrecke-gampsocleis-glabra-vnp-stiftung-150x150.jpg\",\"medium\":\"https:\\\/\\\/www.verein-naturschutzpark.de\\\/wp-content\\\/uploads\\\/heideschrecke-gampsocleis-glabra-vnp-stiftung-400x400.jpg\",\"medium_large\":\"https:\\\/\\\/www.verein-naturschutzpark.de\\\/wp-content\\\/uploads\\\/heideschrecke-gampsocleis-glabra-vnp-stiftung-768x768.jpg\",\"large\":\"https:\\\/\\\/www.verein-naturschutzpark.de\\\/wp-content\\\/uploads\\\/heideschrecke-gampsocleis-glabra-vnp-stiftung.jpg\",\"thumblist\":\"https:\\\/\\\/www.verein-naturschutzpark.de\\\/wp-content\\\/uploads\\\/heideschrecke-gampsocleis-glabra-vnp-stiftung.jpg\",\"thumbrelated\":\"https:\\\/\\\/www.verein-naturschutzpark.de\\\/wp-content\\\/uploads\\\/heideschrecke-gampsocleis-glabra-vnp-stiftung.jpg\",\"meccarouselthumb\":\"https:\\\/\\\/www.verein-naturschutzpark.de\\\/wp-content\\\/uploads\\\/heideschrecke-gampsocleis-glabra-vnp-stiftung.jpg\",\"gridsquare\":\"https:\\\/\\\/www.verein-naturschutzpark.de\\\/wp-content\\\/uploads\\\/heideschrecke-gampsocleis-glabra-vnp-stiftung.jpg\",\"tileview\":\"https:\\\/\\\/www.verein-naturschutzpark.de\\\/wp-content\\\/uploads\\\/heideschrecke-gampsocleis-glabra-vnp-stiftung.jpg\",\"1536x1536\":\"https:\\\/\\\/www.verein-naturschutzpark.de\\\/wp-content\\\/uploads\\\/heideschrecke-gampsocleis-glabra-vnp-stiftung.jpg\",\"2048x2048\":\"https:\\\/\\\/www.verein-naturschutzpark.de\\\/wp-content\\\/uploads\\\/heideschrecke-gampsocleis-glabra-vnp-stiftung.jpg\",\"full\":\"https:\\\/\\\/www.verein-naturschutzpark.de\\\/wp-content\\\/uploads\\\/heideschrecke-gampsocleis-glabra-vnp-stiftung.jpg\",\"index\":22,\"id\":3241,\"video\":false,\"opts\":{\"caption\":\"Bush cricket Gampsocleis glabra\",\"thumb\":\"https:\\\/\\\/www.verein-naturschutzpark.de\\\/wp-content\\\/uploads\\\/heideschrecke-gampsocleis-glabra-vnp-stiftung-75x50_c.jpg\",\"title\":\"Bush cricket Gampsocleis glabra | VNP Stiftung\"},\"gallery_id\":\"6448\"},{\"status\":\"active\",\"src\":\"https:\\\/\\\/www.verein-naturschutzpark.de\\\/wp-content\\\/uploads\\\/warzenbeisser-decticus-verrucivorus-vnp-stiftung.jpg\",\"title\":\"Wart-biter (Decticus verrucivorus) cricket | VNP Stiftung\",\"link\":\"https:\\\/\\\/www.verein-naturschutzpark.de\\\/wp-content\\\/uploads\\\/warzenbeisser-decticus-verrucivorus-vnp-stiftung.jpg\",\"alt\":\"Wart-biter (Decticus verrucivorus) cricket | VNP Stiftung\",\"caption\":\"Wart-biter (Decticus verrucivorus)\",\"thumb\":\"https:\\\/\\\/www.verein-naturschutzpark.de\\\/wp-content\\\/uploads\\\/warzenbeisser-decticus-verrucivorus-vnp-stiftung-75x50_c.jpg\",\"meta\":{\"aperture\":\"4.5\",\"credit\":null,\"camera\":\"DMC-TZ10\",\"caption\":\"\",\"created_timestamp\":\"1314370667\",\"copyright\":null,\"focal_length\":\"4.1\",\"iso\":\"80\",\"shutter_speed\":\"0.01\",\"title\":\"\",\"orientation\":null,\"keywords\":null},\"thumbnail\":\"https:\\\/\\\/www.verein-naturschutzpark.de\\\/wp-content\\\/uploads\\\/warzenbeisser-decticus-verrucivorus-vnp-stiftung-150x150.jpg\",\"medium\":\"https:\\\/\\\/www.verein-naturschutzpark.de\\\/wp-content\\\/uploads\\\/warzenbeisser-decticus-verrucivorus-vnp-stiftung-400x400.jpg\",\"medium_large\":\"https:\\\/\\\/www.verein-naturschutzpark.de\\\/wp-content\\\/uploads\\\/warzenbeisser-decticus-verrucivorus-vnp-stiftung-768x768.jpg\",\"large\":\"https:\\\/\\\/www.verein-naturschutzpark.de\\\/wp-content\\\/uploads\\\/warzenbeisser-decticus-verrucivorus-vnp-stiftung.jpg\",\"thumblist\":\"https:\\\/\\\/www.verein-naturschutzpark.de\\\/wp-content\\\/uploads\\\/warzenbeisser-decticus-verrucivorus-vnp-stiftung.jpg\",\"thumbrelated\":\"https:\\\/\\\/www.verein-naturschutzpark.de\\\/wp-content\\\/uploads\\\/warzenbeisser-decticus-verrucivorus-vnp-stiftung.jpg\",\"meccarouselthumb\":\"https:\\\/\\\/www.verein-naturschutzpark.de\\\/wp-content\\\/uploads\\\/warzenbeisser-decticus-verrucivorus-vnp-stiftung.jpg\",\"gridsquare\":\"https:\\\/\\\/www.verein-naturschutzpark.de\\\/wp-content\\\/uploads\\\/warzenbeisser-decticus-verrucivorus-vnp-stiftung.jpg\",\"tileview\":\"https:\\\/\\\/www.verein-naturschutzpark.de\\\/wp-content\\\/uploads\\\/warzenbeisser-decticus-verrucivorus-vnp-stiftung.jpg\",\"1536x1536\":\"https:\\\/\\\/www.verein-naturschutzpark.de\\\/wp-content\\\/uploads\\\/warzenbeisser-decticus-verrucivorus-vnp-stiftung.jpg\",\"2048x2048\":\"https:\\\/\\\/www.verein-naturschutzpark.de\\\/wp-content\\\/uploads\\\/warzenbeisser-decticus-verrucivorus-vnp-stiftung.jpg\",\"full\":\"https:\\\/\\\/www.verein-naturschutzpark.de\\\/wp-content\\\/uploads\\\/warzenbeisser-decticus-verrucivorus-vnp-stiftung.jpg\",\"index\":23,\"id\":3283,\"video\":false,\"opts\":{\"caption\":\"Wart-biter (Decticus verrucivorus)\",\"thumb\":\"https:\\\/\\\/www.verein-naturschutzpark.de\\\/wp-content\\\/uploads\\\/warzenbeisser-decticus-verrucivorus-vnp-stiftung-75x50_c.jpg\",\"title\":\"Wart-biter (Decticus verrucivorus) cricket | VNP Stiftung\"},\"gallery_id\":\"6448\"},{\"status\":\"active\",\"src\":\"https:\\\/\\\/www.verein-naturschutzpark.de\\\/wp-content\\\/uploads\\\/sumpfschrecke-stethophyma-grossum-vnp-stiftung.jpg\",\"title\":\"Large marsh grasshopper (Stethophyma grossum) | VNP Stiftung\",\"link\":\"https:\\\/\\\/www.verein-naturschutzpark.de\\\/wp-content\\\/uploads\\\/sumpfschrecke-stethophyma-grossum-vnp-stiftung.jpg\",\"alt\":\"Large marsh grasshopper (Stethophyma grossum) | VNP Stiftung\",\"caption\":\"Large marsh grasshopper (Stethophyma grossum)\",\"thumb\":\"https:\\\/\\\/www.verein-naturschutzpark.de\\\/wp-content\\\/uploads\\\/sumpfschrecke-stethophyma-grossum-vnp-stiftung-75x50_c.jpg\",\"meta\":{\"aperture\":\"20\",\"credit\":null,\"camera\":\"Canon EOS 600D\",\"caption\":\"\",\"created_timestamp\":\"1345376547\",\"copyright\":null,\"focal_length\":\"100\",\"iso\":\"200\",\"shutter_speed\":\"0.016666666666667\",\"title\":\"\",\"orientation\":null,\"keywords\":null},\"thumbnail\":\"https:\\\/\\\/www.verein-naturschutzpark.de\\\/wp-content\\\/uploads\\\/sumpfschrecke-stethophyma-grossum-vnp-stiftung-150x150.jpg\",\"medium\":\"https:\\\/\\\/www.verein-naturschutzpark.de\\\/wp-content\\\/uploads\\\/sumpfschrecke-stethophyma-grossum-vnp-stiftung-400x400.jpg\",\"medium_large\":\"https:\\\/\\\/www.verein-naturschutzpark.de\\\/wp-content\\\/uploads\\\/sumpfschrecke-stethophyma-grossum-vnp-stiftung-768x768.jpg\",\"large\":\"https:\\\/\\\/www.verein-naturschutzpark.de\\\/wp-content\\\/uploads\\\/sumpfschrecke-stethophyma-grossum-vnp-stiftung.jpg\",\"thumblist\":\"https:\\\/\\\/www.verein-naturschutzpark.de\\\/wp-content\\\/uploads\\\/sumpfschrecke-stethophyma-grossum-vnp-stiftung.jpg\",\"thumbrelated\":\"https:\\\/\\\/www.verein-naturschutzpark.de\\\/wp-content\\\/uploads\\\/sumpfschrecke-stethophyma-grossum-vnp-stiftung.jpg\",\"meccarouselthumb\":\"https:\\\/\\\/www.verein-naturschutzpark.de\\\/wp-content\\\/uploads\\\/sumpfschrecke-stethophyma-grossum-vnp-stiftung.jpg\",\"gridsquare\":\"https:\\\/\\\/www.verein-naturschutzpark.de\\\/wp-content\\\/uploads\\\/sumpfschrecke-stethophyma-grossum-vnp-stiftung.jpg\",\"tileview\":\"https:\\\/\\\/www.verein-naturschutzpark.de\\\/wp-content\\\/uploads\\\/sumpfschrecke-stethophyma-grossum-vnp-stiftung.jpg\",\"1536x1536\":\"https:\\\/\\\/www.verein-naturschutzpark.de\\\/wp-content\\\/uploads\\\/sumpfschrecke-stethophyma-grossum-vnp-stiftung.jpg\",\"2048x2048\":\"https:\\\/\\\/www.verein-naturschutzpark.de\\\/wp-content\\\/uploads\\\/sumpfschrecke-stethophyma-grossum-vnp-stiftung.jpg\",\"full\":\"https:\\\/\\\/www.verein-naturschutzpark.de\\\/wp-content\\\/uploads\\\/sumpfschrecke-stethophyma-grossum-vnp-stiftung.jpg\",\"index\":24,\"id\":3279,\"video\":false,\"opts\":{\"caption\":\"Large marsh grasshopper (Stethophyma grossum)\",\"thumb\":\"https:\\\/\\\/www.verein-naturschutzpark.de\\\/wp-content\\\/uploads\\\/sumpfschrecke-stethophyma-grossum-vnp-stiftung-75x50_c.jpg\",\"title\":\"Large marsh grasshopper (Stethophyma grossum) | VNP Stiftung\"},\"gallery_id\":\"6448\"},{\"status\":\"active\",\"src\":\"https:\\\/\\\/www.verein-naturschutzpark.de\\\/wp-content\\\/uploads\\\/mistkaefer-vnp-stiftung.jpg\",\"title\":\"Dung beetle | VNP Verein Naturschutzpark\",\"link\":\"https:\\\/\\\/www.verein-naturschutzpark.de\\\/wp-content\\\/uploads\\\/mistkaefer-vnp-stiftung.jpg\",\"alt\":\"Dung beetle | VNP Verein Naturschutzpark\",\"caption\":\"Dung beetle\",\"thumb\":\"https:\\\/\\\/www.verein-naturschutzpark.de\\\/wp-content\\\/uploads\\\/mistkaefer-vnp-stiftung-75x50_c.jpg\",\"meta\":{\"aperture\":\"6.3\",\"credit\":\"unknown\",\"camera\":\"Canon EOS 350D DIGITAL\",\"caption\":\"\",\"created_timestamp\":\"1246475042\",\"copyright\":null,\"focal_length\":\"60\",\"iso\":\"200\",\"shutter_speed\":\"0.033333333333333\",\"title\":\"\",\"orientation\":null,\"keywords\":null},\"thumbnail\":\"https:\\\/\\\/www.verein-naturschutzpark.de\\\/wp-content\\\/uploads\\\/mistkaefer-vnp-stiftung-150x150.jpg\",\"medium\":\"https:\\\/\\\/www.verein-naturschutzpark.de\\\/wp-content\\\/uploads\\\/mistkaefer-vnp-stiftung-400x400.jpg\",\"medium_large\":\"https:\\\/\\\/www.verein-naturschutzpark.de\\\/wp-content\\\/uploads\\\/mistkaefer-vnp-stiftung-768x768.jpg\",\"large\":\"https:\\\/\\\/www.verein-naturschutzpark.de\\\/wp-content\\\/uploads\\\/mistkaefer-vnp-stiftung.jpg\",\"thumblist\":\"https:\\\/\\\/www.verein-naturschutzpark.de\\\/wp-content\\\/uploads\\\/mistkaefer-vnp-stiftung.jpg\",\"thumbrelated\":\"https:\\\/\\\/www.verein-naturschutzpark.de\\\/wp-content\\\/uploads\\\/mistkaefer-vnp-stiftung.jpg\",\"meccarouselthumb\":\"https:\\\/\\\/www.verein-naturschutzpark.de\\\/wp-content\\\/uploads\\\/mistkaefer-vnp-stiftung.jpg\",\"gridsquare\":\"https:\\\/\\\/www.verein-naturschutzpark.de\\\/wp-content\\\/uploads\\\/mistkaefer-vnp-stiftung.jpg\",\"tileview\":\"https:\\\/\\\/www.verein-naturschutzpark.de\\\/wp-content\\\/uploads\\\/mistkaefer-vnp-stiftung.jpg\",\"1536x1536\":\"https:\\\/\\\/www.verein-naturschutzpark.de\\\/wp-content\\\/uploads\\\/mistkaefer-vnp-stiftung.jpg\",\"2048x2048\":\"https:\\\/\\\/www.verein-naturschutzpark.de\\\/wp-content\\\/uploads\\\/mistkaefer-vnp-stiftung.jpg\",\"full\":\"https:\\\/\\\/www.verein-naturschutzpark.de\\\/wp-content\\\/uploads\\\/mistkaefer-vnp-stiftung.jpg\",\"index\":25,\"id\":3263,\"video\":false,\"opts\":{\"caption\":\"Dung beetle\",\"thumb\":\"https:\\\/\\\/www.verein-naturschutzpark.de\\\/wp-content\\\/uploads\\\/mistkaefer-vnp-stiftung-75x50_c.jpg\",\"title\":\"Dung beetle | VNP Verein Naturschutzpark\"},\"gallery_id\":\"6448\"},{\"status\":\"active\",\"src\":\"https:\\\/\\\/www.verein-naturschutzpark.de\\\/wp-content\\\/uploads\\\/blaufluegel-prachtlibelle-mittelmeerform-calopteryx-virgo-vnp-stiftung.jpg\",\"title\":\"Beautiful demoiselle (Calopteryx virgo)\",\"link\":\"https:\\\/\\\/www.verein-naturschutzpark.de\\\/wp-content\\\/uploads\\\/blaufluegel-prachtlibelle-mittelmeerform-calopteryx-virgo-vnp-stiftung.jpg\",\"alt\":\"Beautiful demoiselle (Calopteryx virgo) | VNP Stiftung\",\"caption\":\"Beautiful demoiselle (Calopteryx virgo)\",\"thumb\":\"https:\\\/\\\/www.verein-naturschutzpark.de\\\/wp-content\\\/uploads\\\/blaufluegel-prachtlibelle-mittelmeerform-calopteryx-virgo-vnp-stiftung-75x50_c.jpg\",\"meta\":{\"aperture\":\"7.1\",\"credit\":null,\"camera\":\"Canon EOS 600D\",\"caption\":\"\",\"created_timestamp\":\"1343057396\",\"copyright\":null,\"focal_length\":\"100\",\"iso\":\"200\",\"shutter_speed\":\"0.01\",\"title\":\"\",\"orientation\":null,\"keywords\":null},\"thumbnail\":\"https:\\\/\\\/www.verein-naturschutzpark.de\\\/wp-content\\\/uploads\\\/blaufluegel-prachtlibelle-mittelmeerform-calopteryx-virgo-vnp-stiftung-150x150.jpg\",\"medium\":\"https:\\\/\\\/www.verein-naturschutzpark.de\\\/wp-content\\\/uploads\\\/blaufluegel-prachtlibelle-mittelmeerform-calopteryx-virgo-vnp-stiftung-400x400.jpg\",\"medium_large\":\"https:\\\/\\\/www.verein-naturschutzpark.de\\\/wp-content\\\/uploads\\\/blaufluegel-prachtlibelle-mittelmeerform-calopteryx-virgo-vnp-stiftung-768x768.jpg\",\"large\":\"https:\\\/\\\/www.verein-naturschutzpark.de\\\/wp-content\\\/uploads\\\/blaufluegel-prachtlibelle-mittelmeerform-calopteryx-virgo-vnp-stiftung.jpg\",\"thumblist\":\"https:\\\/\\\/www.verein-naturschutzpark.de\\\/wp-content\\\/uploads\\\/blaufluegel-prachtlibelle-mittelmeerform-calopteryx-virgo-vnp-stiftung.jpg\",\"thumbrelated\":\"https:\\\/\\\/www.verein-naturschutzpark.de\\\/wp-content\\\/uploads\\\/blaufluegel-prachtlibelle-mittelmeerform-calopteryx-virgo-vnp-stiftung.jpg\",\"meccarouselthumb\":\"https:\\\/\\\/www.verein-naturschutzpark.de\\\/wp-content\\\/uploads\\\/blaufluegel-prachtlibelle-mittelmeerform-calopteryx-virgo-vnp-stiftung.jpg\",\"gridsquare\":\"https:\\\/\\\/www.verein-naturschutzpark.de\\\/wp-content\\\/uploads\\\/blaufluegel-prachtlibelle-mittelmeerform-calopteryx-virgo-vnp-stiftung.jpg\",\"tileview\":\"https:\\\/\\\/www.verein-naturschutzpark.de\\\/wp-content\\\/uploads\\\/blaufluegel-prachtlibelle-mittelmeerform-calopteryx-virgo-vnp-stiftung.jpg\",\"1536x1536\":\"https:\\\/\\\/www.verein-naturschutzpark.de\\\/wp-content\\\/uploads\\\/blaufluegel-prachtlibelle-mittelmeerform-calopteryx-virgo-vnp-stiftung.jpg\",\"2048x2048\":\"https:\\\/\\\/www.verein-naturschutzpark.de\\\/wp-content\\\/uploads\\\/blaufluegel-prachtlibelle-mittelmeerform-calopteryx-virgo-vnp-stiftung.jpg\",\"full\":\"https:\\\/\\\/www.verein-naturschutzpark.de\\\/wp-content\\\/uploads\\\/blaufluegel-prachtlibelle-mittelmeerform-calopteryx-virgo-vnp-stiftung.jpg\",\"index\":26,\"id\":3226,\"video\":false,\"opts\":{\"caption\":\"Beautiful demoiselle (Calopteryx virgo)\",\"thumb\":\"https:\\\/\\\/www.verein-naturschutzpark.de\\\/wp-content\\\/uploads\\\/blaufluegel-prachtlibelle-mittelmeerform-calopteryx-virgo-vnp-stiftung-75x50_c.jpg\",\"title\":\"Beautiful demoiselle (Calopteryx virgo)\"},\"gallery_id\":\"6448\"},{\"status\":\"active\",\"src\":\"https:\\\/\\\/www.verein-naturschutzpark.de\\\/wp-content\\\/uploads\\\/kleiner-blaupfeil-orthetrum-coeruslescens-vnp-stiftung.jpg\",\"title\":\"Keeled skimmer (Orthetrum coerulescens) | VNP Stiftung\",\"link\":\"https:\\\/\\\/www.verein-naturschutzpark.de\\\/wp-content\\\/uploads\\\/kleiner-blaupfeil-orthetrum-coeruslescens-vnp-stiftung.jpg\",\"alt\":\"Keeled skimmer (Orthetrum coerulescens) | VNP Stiftung\",\"caption\":\"Keeled skimmer (Orthetrum coerulescens)\",\"thumb\":\"https:\\\/\\\/www.verein-naturschutzpark.de\\\/wp-content\\\/uploads\\\/kleiner-blaupfeil-orthetrum-coeruslescens-vnp-stiftung-75x50_c.jpg\",\"meta\":{\"aperture\":\"14\",\"credit\":\".\",\"camera\":\"Canon EOS 350D DIGITAL\",\"caption\":\"\",\"created_timestamp\":\"1309344111\",\"copyright\":null,\"focal_length\":\"60\",\"iso\":\"200\",\"shutter_speed\":\"0.01\",\"title\":\"\",\"orientation\":null,\"keywords\":null},\"thumbnail\":\"https:\\\/\\\/www.verein-naturschutzpark.de\\\/wp-content\\\/uploads\\\/kleiner-blaupfeil-orthetrum-coeruslescens-vnp-stiftung-150x150.jpg\",\"medium\":\"https:\\\/\\\/www.verein-naturschutzpark.de\\\/wp-content\\\/uploads\\\/kleiner-blaupfeil-orthetrum-coeruslescens-vnp-stiftung-400x400.jpg\",\"medium_large\":\"https:\\\/\\\/www.verein-naturschutzpark.de\\\/wp-content\\\/uploads\\\/kleiner-blaupfeil-orthetrum-coeruslescens-vnp-stiftung-768x768.jpg\",\"large\":\"https:\\\/\\\/www.verein-naturschutzpark.de\\\/wp-content\\\/uploads\\\/kleiner-blaupfeil-orthetrum-coeruslescens-vnp-stiftung.jpg\",\"thumblist\":\"https:\\\/\\\/www.verein-naturschutzpark.de\\\/wp-content\\\/uploads\\\/kleiner-blaupfeil-orthetrum-coeruslescens-vnp-stiftung.jpg\",\"thumbrelated\":\"https:\\\/\\\/www.verein-naturschutzpark.de\\\/wp-content\\\/uploads\\\/kleiner-blaupfeil-orthetrum-coeruslescens-vnp-stiftung.jpg\",\"meccarouselthumb\":\"https:\\\/\\\/www.verein-naturschutzpark.de\\\/wp-content\\\/uploads\\\/kleiner-blaupfeil-orthetrum-coeruslescens-vnp-stiftung.jpg\",\"gridsquare\":\"https:\\\/\\\/www.verein-naturschutzpark.de\\\/wp-content\\\/uploads\\\/kleiner-blaupfeil-orthetrum-coeruslescens-vnp-stiftung.jpg\",\"tileview\":\"https:\\\/\\\/www.verein-naturschutzpark.de\\\/wp-content\\\/uploads\\\/kleiner-blaupfeil-orthetrum-coeruslescens-vnp-stiftung.jpg\",\"1536x1536\":\"https:\\\/\\\/www.verein-naturschutzpark.de\\\/wp-content\\\/uploads\\\/kleiner-blaupfeil-orthetrum-coeruslescens-vnp-stiftung.jpg\",\"2048x2048\":\"https:\\\/\\\/www.verein-naturschutzpark.de\\\/wp-content\\\/uploads\\\/kleiner-blaupfeil-orthetrum-coeruslescens-vnp-stiftung.jpg\",\"full\":\"https:\\\/\\\/www.verein-naturschutzpark.de\\\/wp-content\\\/uploads\\\/kleiner-blaupfeil-orthetrum-coeruslescens-vnp-stiftung.jpg\",\"index\":27,\"id\":3251,\"video\":false,\"opts\":{\"caption\":\"Keeled skimmer (Orthetrum coerulescens)\",\"thumb\":\"https:\\\/\\\/www.verein-naturschutzpark.de\\\/wp-content\\\/uploads\\\/kleiner-blaupfeil-orthetrum-coeruslescens-vnp-stiftung-75x50_c.jpg\",\"title\":\"Keeled skimmer (Orthetrum coerulescens) | VNP Stiftung\"},\"gallery_id\":\"6448\"},{\"status\":\"active\",\"src\":\"https:\\\/\\\/www.verein-naturschutzpark.de\\\/wp-content\\\/uploads\\\/hochmoor-mosaikjungfer-aeshna-subarctica-vnp-stiftung.jpg\",\"title\":\"Subarctic darner (Aeshna subarctica) | VNP Stiftung\",\"link\":\"https:\\\/\\\/www.verein-naturschutzpark.de\\\/wp-content\\\/uploads\\\/hochmoor-mosaikjungfer-aeshna-subarctica-vnp-stiftung.jpg\",\"alt\":\"Subarctic darner (Aeshna subarctica) | VNP Stiftung\",\"caption\":\"Subarctic darner (Aeshna subarctica)\",\"thumb\":\"https:\\\/\\\/www.verein-naturschutzpark.de\\\/wp-content\\\/uploads\\\/hochmoor-mosaikjungfer-aeshna-subarctica-vnp-stiftung-75x50_c.jpg\",\"meta\":{\"aperture\":\"3.2\",\"credit\":null,\"camera\":\"DMC-TZ1\",\"caption\":\"\",\"created_timestamp\":\"1155731753\",\"copyright\":\"VNP\\\/Me\",\"focal_length\":\"6.7\",\"iso\":\"80\",\"shutter_speed\":\"0.005\",\"title\":\"\",\"orientation\":null,\"keywords\":null},\"thumbnail\":\"https:\\\/\\\/www.verein-naturschutzpark.de\\\/wp-content\\\/uploads\\\/hochmoor-mosaikjungfer-aeshna-subarctica-vnp-stiftung-150x150.jpg\",\"medium\":\"https:\\\/\\\/www.verein-naturschutzpark.de\\\/wp-content\\\/uploads\\\/hochmoor-mosaikjungfer-aeshna-subarctica-vnp-stiftung-400x400.jpg\",\"medium_large\":\"https:\\\/\\\/www.verein-naturschutzpark.de\\\/wp-content\\\/uploads\\\/hochmoor-mosaikjungfer-aeshna-subarctica-vnp-stiftung-768x768.jpg\",\"large\":\"https:\\\/\\\/www.verein-naturschutzpark.de\\\/wp-content\\\/uploads\\\/hochmoor-mosaikjungfer-aeshna-subarctica-vnp-stiftung.jpg\",\"thumblist\":\"https:\\\/\\\/www.verein-naturschutzpark.de\\\/wp-content\\\/uploads\\\/hochmoor-mosaikjungfer-aeshna-subarctica-vnp-stiftung.jpg\",\"thumbrelated\":\"https:\\\/\\\/www.verein-naturschutzpark.de\\\/wp-content\\\/uploads\\\/hochmoor-mosaikjungfer-aeshna-subarctica-vnp-stiftung.jpg\",\"meccarouselthumb\":\"https:\\\/\\\/www.verein-naturschutzpark.de\\\/wp-content\\\/uploads\\\/hochmoor-mosaikjungfer-aeshna-subarctica-vnp-stiftung.jpg\",\"gridsquare\":\"https:\\\/\\\/www.verein-naturschutzpark.de\\\/wp-content\\\/uploads\\\/hochmoor-mosaikjungfer-aeshna-subarctica-vnp-stiftung.jpg\",\"tileview\":\"https:\\\/\\\/www.verein-naturschutzpark.de\\\/wp-content\\\/uploads\\\/hochmoor-mosaikjungfer-aeshna-subarctica-vnp-stiftung.jpg\",\"1536x1536\":\"https:\\\/\\\/www.verein-naturschutzpark.de\\\/wp-content\\\/uploads\\\/hochmoor-mosaikjungfer-aeshna-subarctica-vnp-stiftung.jpg\",\"2048x2048\":\"https:\\\/\\\/www.verein-naturschutzpark.de\\\/wp-content\\\/uploads\\\/hochmoor-mosaikjungfer-aeshna-subarctica-vnp-stiftung.jpg\",\"full\":\"https:\\\/\\\/www.verein-naturschutzpark.de\\\/wp-content\\\/uploads\\\/hochmoor-mosaikjungfer-aeshna-subarctica-vnp-stiftung.jpg\",\"index\":28,\"id\":3245,\"video\":false,\"opts\":{\"caption\":\"Subarctic darner (Aeshna subarctica)\",\"thumb\":\"https:\\\/\\\/www.verein-naturschutzpark.de\\\/wp-content\\\/uploads\\\/hochmoor-mosaikjungfer-aeshna-subarctica-vnp-stiftung-75x50_c.jpg\",\"title\":\"Subarctic darner (Aeshna subarctica) | VNP Stiftung\"},\"gallery_id\":\"6448\"},{\"status\":\"active\",\"src\":\"https:\\\/\\\/www.verein-naturschutzpark.de\\\/wp-content\\\/uploads\\\/gebaenderte-heidelibelle-sympetrum-pedemontanum-vnp-stiftung.jpg\",\"title\":\"Banded darter (Sympetrum pedemontanum)\",\"link\":\"https:\\\/\\\/www.verein-naturschutzpark.de\\\/wp-content\\\/uploads\\\/gebaenderte-heidelibelle-sympetrum-pedemontanum-vnp-stiftung.jpg\",\"alt\":\"Banded darter (Sympetrum pedemontanum) | VNP-Stiftung\",\"caption\":\"Banded darter (Sympetrum pedemontanum)\",\"thumb\":\"https:\\\/\\\/www.verein-naturschutzpark.de\\\/wp-content\\\/uploads\\\/gebaenderte-heidelibelle-sympetrum-pedemontanum-vnp-stiftung-75x50_c.jpg\",\"meta\":{\"aperture\":\"9\",\"credit\":null,\"camera\":\"Canon EOS 600D\",\"caption\":\"\",\"created_timestamp\":\"1345477466\",\"copyright\":null,\"focal_length\":\"100\",\"iso\":\"200\",\"shutter_speed\":\"0.008\",\"title\":\"\",\"orientation\":null,\"keywords\":null},\"thumbnail\":\"https:\\\/\\\/www.verein-naturschutzpark.de\\\/wp-content\\\/uploads\\\/gebaenderte-heidelibelle-sympetrum-pedemontanum-vnp-stiftung-150x150.jpg\",\"medium\":\"https:\\\/\\\/www.verein-naturschutzpark.de\\\/wp-content\\\/uploads\\\/gebaenderte-heidelibelle-sympetrum-pedemontanum-vnp-stiftung-400x400.jpg\",\"medium_large\":\"https:\\\/\\\/www.verein-naturschutzpark.de\\\/wp-content\\\/uploads\\\/gebaenderte-heidelibelle-sympetrum-pedemontanum-vnp-stiftung-768x768.jpg\",\"large\":\"https:\\\/\\\/www.verein-naturschutzpark.de\\\/wp-content\\\/uploads\\\/gebaenderte-heidelibelle-sympetrum-pedemontanum-vnp-stiftung.jpg\",\"thumblist\":\"https:\\\/\\\/www.verein-naturschutzpark.de\\\/wp-content\\\/uploads\\\/gebaenderte-heidelibelle-sympetrum-pedemontanum-vnp-stiftung.jpg\",\"thumbrelated\":\"https:\\\/\\\/www.verein-naturschutzpark.de\\\/wp-content\\\/uploads\\\/gebaenderte-heidelibelle-sympetrum-pedemontanum-vnp-stiftung.jpg\",\"meccarouselthumb\":\"https:\\\/\\\/www.verein-naturschutzpark.de\\\/wp-content\\\/uploads\\\/gebaenderte-heidelibelle-sympetrum-pedemontanum-vnp-stiftung.jpg\",\"gridsquare\":\"https:\\\/\\\/www.verein-naturschutzpark.de\\\/wp-content\\\/uploads\\\/gebaenderte-heidelibelle-sympetrum-pedemontanum-vnp-stiftung.jpg\",\"tileview\":\"https:\\\/\\\/www.verein-naturschutzpark.de\\\/wp-content\\\/uploads\\\/gebaenderte-heidelibelle-sympetrum-pedemontanum-vnp-stiftung.jpg\",\"1536x1536\":\"https:\\\/\\\/www.verein-naturschutzpark.de\\\/wp-content\\\/uploads\\\/gebaenderte-heidelibelle-sympetrum-pedemontanum-vnp-stiftung.jpg\",\"2048x2048\":\"https:\\\/\\\/www.verein-naturschutzpark.de\\\/wp-content\\\/uploads\\\/gebaenderte-heidelibelle-sympetrum-pedemontanum-vnp-stiftung.jpg\",\"full\":\"https:\\\/\\\/www.verein-naturschutzpark.de\\\/wp-content\\\/uploads\\\/gebaenderte-heidelibelle-sympetrum-pedemontanum-vnp-stiftung.jpg\",\"index\":29,\"id\":3232,\"video\":false,\"opts\":{\"caption\":\"Banded darter (Sympetrum pedemontanum)\",\"thumb\":\"https:\\\/\\\/www.verein-naturschutzpark.de\\\/wp-content\\\/uploads\\\/gebaenderte-heidelibelle-sympetrum-pedemontanum-vnp-stiftung-75x50_c.jpg\",\"title\":\"Banded darter (Sympetrum pedemontanum)\"},\"gallery_id\":\"6448\"}]' data-lightbox-theme='{&quot;arrows&quot;:true,&quot;margins&quot;:[120,0],&quot;gutter&quot;:&quot;20&quot;,&quot;thumbs_position&quot;:&quot;side&quot;,&quot;base_template&quot;:&quot;&lt;div id=\\&quot;envirabox-6448\\&quot; data-envirabox-id=\\&quot;6448\\&quot; class=\\&quot;envirabox-container envirabox-theme-infinity_light envirabox-wrap\\&quot; role=\\&quot;dialog\\&quot;&gt;&lt;div class=\\&quot;envirabox-bg\\&quot;&gt;&lt;\\\/div&gt;&lt;div class=\\&quot;envirabox-outer\\&quot;&gt;&lt;div class=\\&quot;envirabox-inner\\&quot;&gt;&lt;div class=\\&quot;envirabox-title-wrap\\&quot;&gt;&lt;div class=\\&quot;envirabox-title-inner\\&quot;&gt;&lt;div class=\\&quot;envirabox-caption\\&quot;&gt;&lt;\\\/div&gt;&lt;\\\/div&gt;&lt;div class=\\&quot;envirabox-woocommerce-container\\&quot;&gt;&lt;\\\/div&gt;&lt;\\\/div&gt;&lt;div class=\\&quot;envirabox-toolbar\\&quot;&gt;&lt;div class=\\&quot;envira-close-button\\&quot;&gt;&lt;a data-envirabox-close class=\\&quot;envirabox-item envirabox-close envirabox-button--close\\&quot; title=\\&quot;Close\\&quot; href=\\&quot;#\\&quot;&gt;                   &lt;svg\\t\\t\\t\\t\\txmlns=\\&quot;http:\\\/\\\/www.w3.org\\\/2000\\\/svg\\&quot;\\t\\t\\t\\t\\twidth=\\&quot;30px\\&quot;\\t\\t\\t\\t\\theight=\\&quot;30px\\&quot;\\t\\t\\t\\t\\tviewBox=\\&quot;0 0 768 768\\&quot;\\t\\t\\t\\t   &gt;\\t\\t\\t\\t\\t&lt;path d=\\&quot;M607.5 205.5L429 384l178.5 178.5-45 45L384 429 205.5 607.5l-45-45L339 384 160.5 205.5l45-45L384 339l178.5-178.5z\\&quot;&gt;&lt;\\\/path&gt;\\t\\t\\t\\t   &lt;\\\/svg&gt;&lt;\\\/a&gt;&lt;\\\/div&gt;&lt;div class=\\&quot;envirabox-icons\\&quot;&gt;&lt;\\\/div&gt;&lt;\\\/div&gt;&lt;div class=\\&quot;envira-thumbs-button\\&quot;&gt;&lt;a data-envirabox-thumbs class=\\&quot;envirabox-item envira-thumbs-button envirabox-button--thumbs\\&quot; title=\\&quot;Toggle Thumbnails\\&quot; href=\\&quot;javascript:void(0)\\&quot;&gt;&lt;\\\/a&gt;&lt;\\\/div&gt;&lt;div class=\\&quot;envirabox-navigation\\&quot;&gt;&lt;a data-envirabox-prev title=\\&quot;Prev\\&quot; class=\\&quot;envirabox-arrow envirabox-arrow--left envirabox-nav envirabox-prev\\&quot; href=\\&quot;#\\&quot;&gt;&lt;span&gt;                     &lt;svg\\t\\t\\t\\t\\txmlns=\\&quot;http:\\\/\\\/www.w3.org\\\/2000\\\/svg\\&quot;\\t\\t\\t\\t\\twidth=\\&quot;45px\\&quot;\\t\\t\\t\\t\\theight=\\&quot;45px\\&quot;\\t\\t\\t\\t\\tviewBox=\\&quot;0 0 768 768\\&quot;\\t\\t\\t\\t   &gt;\\t\\t\\t\\t\\t&lt;path d=\\&quot;M493.5 531l-45 45-192-192 192-192 45 45-147 147z\\&quot;&gt;&lt;\\\/path&gt;\\t\\t\\t\\t   &lt;\\\/svg&gt;&lt;\\\/span&gt;&lt;\\\/a&gt;&lt;a data-envirabox-next title=\\&quot;Next\\&quot; class=\\&quot;envirabox-arrow envirabox-arrow--right envirabox-nav envirabox-next\\&quot; href=\\&quot;#\\&quot;&gt;&lt;span&gt;                         &lt;svg\\t\\t\\t\\t\\txmlns=\\&quot;http:\\\/\\\/www.w3.org\\\/2000\\\/svg\\&quot;\\t\\t\\t\\t\\twidth=\\&quot;45px\\&quot;\\t\\t\\t\\t\\theight=\\&quot;45px\\&quot;\\t\\t\\t\\t\\tviewBox=\\&quot;0 0 768 768\\&quot;\\t\\t\\t\\t   &gt;\\t\\t\\t\\t\\t&lt;path d=\\&quot;M274.5 531l147-147-147-147 45-45 192 192-192 192z\\&quot;&gt;&lt;\\\/path&gt;\\t\\t\\t\\t   &lt;\\\/svg&gt;&lt;\\\/span&gt;&lt;\\\/a&gt;&lt;\\\/div&gt;&lt;div class=\\&quot;envirabox-stage\\&quot;&gt;&lt;\\\/div&gt;&lt;\\\/div&gt;&lt;\\\/div&gt;&lt;\\\/div&gt;&quot;,&quot;inner_caption&quot;:true,&quot;load_all&quot;:false,&quot;error_template&quot;:&quot;&lt;div class=\\&quot;envirabox-error\\&quot;&gt;&lt;p&gt;{{ERROR}}&lt;p&gt;&lt;\\\/div&gt;&quot;,&quot;caption_position&quot;:&quot;outside&quot;,&quot;arrow_position&quot;:false,&quot;toolbar&quot;:true,&quot;infobar&quot;:false,&quot;show_smallbtn&quot;:false,&quot;idle_time&quot;:false,&quot;click_content&quot;:false,&quot;click_slide&quot;:false,&quot;click_outside&quot;:false,&quot;animation_duration&quot;:false,&quot;transition_duration&quot;:false,&quot;small_btn_template&quot;:&quot;&lt;a data-envirabox-close class=\\&quot;envirabox-item envirabox-close envirabox-button--close\\&quot; title=\\&quot;Close\\&quot; href=\\&quot;#\\&quot;&gt;&lt;\\\/a&gt;&quot;}' data-parsed-attrs='{\"id\":\"6448\",\"cache\":true}'><div id=\"envira-gallery-item-3850\" class=\"envira-gallery-item envira-gallery-item-1 envira-lazy-load\" style=\"padding-left: 5px; padding-bottom: 10px; padding-right: 5px;\"  itemscope itemtype=\"https:\/\/schema.org\/ImageObject\"><div class=\"envira-gallery-item-inner\"><div class=\"envira-gallery-position-overlay envira-gallery-top-left\"><\/div><div class=\"envira-gallery-position-overlay envira-gallery-top-right\"><\/div><div class=\"envira-gallery-position-overlay envira-gallery-bottom-left\"><\/div><div class=\"envira-gallery-position-overlay envira-gallery-bottom-right\"><\/div><a class=\"envira-gallery-6448 envira-gallery-link\" href=\"https:\/\/www.verein-naturschutzpark.de\/wp-content\/uploads\/rehwildbegegnungen-meninger-heide-vnp-stiftung.jpg\" title=\"Roe deer encounter in the Lueneburg Heath on an autumn morning | VNP Stiftung\" data-caption=\"Roe deer\" data-envira-item-id=\"3850\" data-envira-retina=\"https:\/\/www.verein-naturschutzpark.de\/wp-content\/uploads\/rehwildbegegnungen-meninger-heide-vnp-stiftung.jpg\" data-thumb=\"https:\/\/www.verein-naturschutzpark.de\/wp-content\/uploads\/rehwildbegegnungen-meninger-heide-vnp-stiftung-75x50_c.jpg\" data-title=\"Roe deer encounter in the Lueneburg Heath on an autumn morning | VNP Stiftung\" data-envirabox='6448' itemprop=\"contentUrl\"><div class=\"envira-lazy\" style=\"padding-bottom: 100%;\" data-envira-changed=\"false\" data-width=\"500\" data-height=\"500\"><img decoding=\"async\" src=\"https:\/\/www.verein-naturschutzpark.de\/wp-content\/uploads\/rehwildbegegnungen-meninger-heide-vnp-stiftung-500x500_c.jpg\" alt=\"Roe deer encounter in the Lueneburg Heath on an autumn morning | VNP Stiftung\" class=\"envira-gallery-image envira-gallery-image-1    envira-lazy\" height=\"500\" id=\"envira-gallery-image-3850\" srcset=\"data:image\/gif;base64,R0lGODlhAQABAIAAAP\/\/\/\/\/\/\/yH5BAEKAAEALAAAAAABAAEAAAICTAEAOw==\" tabindex=\"-1\" title=\"Roe deer encounter in the Lueneburg Heath on an autumn morning | VNP Stiftung\" width=\"500\" data-caption=\"Roe deer\" data-envira-gallery-id=\"6448\" data-envira-index=\"0\" data-envira-item-id=\"3850\" data-envira-src=\"https:\/\/www.verein-naturschutzpark.de\/wp-content\/uploads\/rehwildbegegnungen-meninger-heide-vnp-stiftung-500x500_c.jpg\" data-envira-srcset=\"https:\/\/www.verein-naturschutzpark.de\/wp-content\/uploads\/rehwildbegegnungen-meninger-heide-vnp-stiftung-500x500_c.jpg 400w, https:\/\/www.verein-naturschutzpark.de\/wp-content\/uploads\/rehwildbegegnungen-meninger-heide-vnp-stiftung-500x500_c.jpg 2x\" data-title=\"Roe deer encounter in the Lueneburg Heath on an autumn morning | VNP Stiftung\" itemprop=\"thumbnailUrl\"  data-no-lazy=\"1\"  data-envirabox=\"6448\" \/><\/div><\/a><div class=\"envira-gallery-captioned-data envira-gallery-captioned-data-sleek\"><span class='envira-caption envira-gallery-captioned-text caption-3850'>Roe deer<\/span><\/div><\/div><\/div><div id=\"envira-gallery-item-3222\" class=\"envira-gallery-item envira-gallery-item-2 envira-lazy-load\" style=\"padding-left: 5px; padding-bottom: 10px; padding-right: 5px;\"  itemscope itemtype=\"https:\/\/schema.org\/ImageObject\"><div class=\"envira-gallery-item-inner\"><div class=\"envira-gallery-position-overlay envira-gallery-top-left\"><\/div><div class=\"envira-gallery-position-overlay envira-gallery-top-right\"><\/div><div class=\"envira-gallery-position-overlay envira-gallery-bottom-left\"><\/div><div class=\"envira-gallery-position-overlay envira-gallery-bottom-right\"><\/div><a class=\"envira-gallery-6448 envira-gallery-link\" href=\"https:\/\/www.verein-naturschutzpark.de\/wp-content\/uploads\/birkhahn-tetrao-tetrix-waehrend-der-balz-vnp-stiftung.jpg\" title=\"Black grouse (Tetrao tetrix) during courtship\" data-caption=\"Black grouse (Tetrao tetrix) during courtship\" data-envira-item-id=\"3222\" data-envira-retina=\"https:\/\/www.verein-naturschutzpark.de\/wp-content\/uploads\/birkhahn-tetrao-tetrix-waehrend-der-balz-vnp-stiftung.jpg\" data-thumb=\"https:\/\/www.verein-naturschutzpark.de\/wp-content\/uploads\/birkhahn-tetrao-tetrix-waehrend-der-balz-vnp-stiftung-75x50_c.jpg\" data-title=\"Black grouse (Tetrao tetrix) during courtship\" data-envirabox='6448' itemprop=\"contentUrl\"><div class=\"envira-lazy\" style=\"padding-bottom: 100%;\" data-envira-changed=\"false\" data-width=\"500\" data-height=\"500\"><img decoding=\"async\" src=\"https:\/\/www.verein-naturschutzpark.de\/wp-content\/uploads\/birkhahn-tetrao-tetrix-waehrend-der-balz-vnp-stiftung-500x500_c.jpg\" alt=\"Black grouse (Tetrao tetrix) during courtship | VNP Stiftung\" class=\"envira-gallery-image envira-gallery-image-2    envira-lazy\" height=\"500\" id=\"envira-gallery-image-3222\" srcset=\"data:image\/gif;base64,R0lGODlhAQABAIAAAP\/\/\/\/\/\/\/yH5BAEKAAEALAAAAAABAAEAAAICTAEAOw==\" tabindex=\"-1\" title=\"Black grouse (Tetrao tetrix) during courtship\" width=\"500\" data-caption=\"Black grouse (Tetrao tetrix) during courtship\" data-envira-gallery-id=\"6448\" data-envira-index=\"1\" data-envira-item-id=\"3222\" data-envira-src=\"https:\/\/www.verein-naturschutzpark.de\/wp-content\/uploads\/birkhahn-tetrao-tetrix-waehrend-der-balz-vnp-stiftung-500x500_c.jpg\" data-envira-srcset=\"https:\/\/www.verein-naturschutzpark.de\/wp-content\/uploads\/birkhahn-tetrao-tetrix-waehrend-der-balz-vnp-stiftung-500x500_c.jpg 400w, https:\/\/www.verein-naturschutzpark.de\/wp-content\/uploads\/birkhahn-tetrao-tetrix-waehrend-der-balz-vnp-stiftung-500x500_c.jpg 2x\" data-title=\"Black grouse (Tetrao tetrix) during courtship\" itemprop=\"thumbnailUrl\"  data-no-lazy=\"1\"  data-envirabox=\"6448\" \/><\/div><\/a><div class=\"envira-gallery-captioned-data envira-gallery-captioned-data-sleek\"><span class='envira-caption envira-gallery-captioned-text caption-3222'>Black grouse (Tetrao tetrix) during courtship<\/span><\/div><\/div><\/div><div id=\"envira-gallery-item-3271\" class=\"envira-gallery-item envira-gallery-item-3 envira-lazy-load\" style=\"padding-left: 5px; padding-bottom: 10px; padding-right: 5px;\"  itemscope itemtype=\"https:\/\/schema.org\/ImageObject\"><div class=\"envira-gallery-item-inner\"><div class=\"envira-gallery-position-overlay envira-gallery-top-left\"><\/div><div class=\"envira-gallery-position-overlay envira-gallery-top-right\"><\/div><div class=\"envira-gallery-position-overlay envira-gallery-bottom-left\"><\/div><div class=\"envira-gallery-position-overlay envira-gallery-bottom-right\"><\/div><a class=\"envira-gallery-6448 envira-gallery-link\" href=\"https:\/\/www.verein-naturschutzpark.de\/wp-content\/uploads\/rebhuhn-im-buchweizen-perdix-perdix-vnp-stiftung.jpg\" title=\"Grey partridge (Perdix perdix) in a buckwheat field | VNP Stiftung\" data-caption=\"Grey partridge (Perdix perdix) in a buckwheat field\" data-envira-item-id=\"3271\" data-envira-retina=\"https:\/\/www.verein-naturschutzpark.de\/wp-content\/uploads\/rebhuhn-im-buchweizen-perdix-perdix-vnp-stiftung.jpg\" data-thumb=\"https:\/\/www.verein-naturschutzpark.de\/wp-content\/uploads\/rebhuhn-im-buchweizen-perdix-perdix-vnp-stiftung-75x50_c.jpg\" data-title=\"Grey partridge (Perdix perdix) in a buckwheat field | VNP Stiftung\" data-envirabox='6448' itemprop=\"contentUrl\"><div class=\"envira-lazy\" style=\"padding-bottom: 100%;\" data-envira-changed=\"false\" data-width=\"500\" data-height=\"500\"><img decoding=\"async\" src=\"https:\/\/www.verein-naturschutzpark.de\/wp-content\/uploads\/rebhuhn-im-buchweizen-perdix-perdix-vnp-stiftung-500x500_c.jpg\" alt=\"Grey partridge (Perdix perdix) in a buckwheat field | VNP Stiftung\" class=\"envira-gallery-image envira-gallery-image-3    envira-lazy\" height=\"500\" id=\"envira-gallery-image-3271\" srcset=\"data:image\/gif;base64,R0lGODlhAQABAIAAAP\/\/\/\/\/\/\/yH5BAEKAAEALAAAAAABAAEAAAICTAEAOw==\" tabindex=\"-1\" title=\"Grey partridge (Perdix perdix) in a buckwheat field | VNP Stiftung\" width=\"500\" data-caption=\"Grey partridge (Perdix perdix) in a buckwheat field\" data-envira-gallery-id=\"6448\" data-envira-index=\"2\" data-envira-item-id=\"3271\" data-envira-src=\"https:\/\/www.verein-naturschutzpark.de\/wp-content\/uploads\/rebhuhn-im-buchweizen-perdix-perdix-vnp-stiftung-500x500_c.jpg\" data-envira-srcset=\"https:\/\/www.verein-naturschutzpark.de\/wp-content\/uploads\/rebhuhn-im-buchweizen-perdix-perdix-vnp-stiftung-500x500_c.jpg 400w, https:\/\/www.verein-naturschutzpark.de\/wp-content\/uploads\/rebhuhn-im-buchweizen-perdix-perdix-vnp-stiftung-500x500_c.jpg 2x\" data-title=\"Grey partridge (Perdix perdix) in a buckwheat field | VNP Stiftung\" itemprop=\"thumbnailUrl\"  data-no-lazy=\"1\"  data-envirabox=\"6448\" \/><\/div><\/a><div class=\"envira-gallery-captioned-data envira-gallery-captioned-data-sleek\"><span class='envira-caption envira-gallery-captioned-text caption-3271'>Grey partridge (Perdix perdix) in a buckwheat field<\/span><\/div><\/div><\/div><div id=\"envira-gallery-item-3249\" class=\"envira-gallery-item envira-gallery-item-4 envira-lazy-load\" style=\"padding-left: 5px; padding-bottom: 10px; padding-right: 5px;\"  itemscope itemtype=\"https:\/\/schema.org\/ImageObject\"><div class=\"envira-gallery-item-inner\"><div class=\"envira-gallery-position-overlay envira-gallery-top-left\"><\/div><div class=\"envira-gallery-position-overlay envira-gallery-top-right\"><\/div><div class=\"envira-gallery-position-overlay envira-gallery-bottom-left\"><\/div><div class=\"envira-gallery-position-overlay envira-gallery-bottom-right\"><\/div><a class=\"envira-gallery-6448 envira-gallery-link\" href=\"https:\/\/www.verein-naturschutzpark.de\/wp-content\/uploads\/kiebitz-vanellus-vanellus-vnp-stiftung.jpg\" title=\"Peewit (Vanellus vanellus) | VNP Stiftung\" data-caption=\"Peewit (Vanellus vanellus)\" data-envira-item-id=\"3249\" data-envira-retina=\"https:\/\/www.verein-naturschutzpark.de\/wp-content\/uploads\/kiebitz-vanellus-vanellus-vnp-stiftung.jpg\" data-thumb=\"https:\/\/www.verein-naturschutzpark.de\/wp-content\/uploads\/kiebitz-vanellus-vanellus-vnp-stiftung-75x50_c.jpg\" data-title=\"Peewit (Vanellus vanellus) | VNP Stiftung\" data-envirabox='6448' itemprop=\"contentUrl\"><div class=\"envira-lazy\" style=\"padding-bottom: 100%;\" data-envira-changed=\"false\" data-width=\"500\" data-height=\"500\"><img decoding=\"async\" src=\"https:\/\/www.verein-naturschutzpark.de\/wp-content\/uploads\/kiebitz-vanellus-vanellus-vnp-stiftung-500x500_c.jpg\" alt=\"Peewit (Vanellus vanellus) | VNP Stiftung\" class=\"envira-gallery-image envira-gallery-image-4    envira-lazy\" height=\"500\" id=\"envira-gallery-image-3249\" srcset=\"data:image\/gif;base64,R0lGODlhAQABAIAAAP\/\/\/\/\/\/\/yH5BAEKAAEALAAAAAABAAEAAAICTAEAOw==\" tabindex=\"-1\" title=\"Peewit (Vanellus vanellus) | VNP Stiftung\" width=\"500\" data-caption=\"Peewit (Vanellus vanellus)\" data-envira-gallery-id=\"6448\" data-envira-index=\"3\" data-envira-item-id=\"3249\" data-envira-src=\"https:\/\/www.verein-naturschutzpark.de\/wp-content\/uploads\/kiebitz-vanellus-vanellus-vnp-stiftung-500x500_c.jpg\" data-envira-srcset=\"https:\/\/www.verein-naturschutzpark.de\/wp-content\/uploads\/kiebitz-vanellus-vanellus-vnp-stiftung-500x500_c.jpg 400w, https:\/\/www.verein-naturschutzpark.de\/wp-content\/uploads\/kiebitz-vanellus-vanellus-vnp-stiftung-500x500_c.jpg 2x\" data-title=\"Peewit (Vanellus vanellus) | VNP Stiftung\" itemprop=\"thumbnailUrl\"  data-no-lazy=\"1\"  data-envirabox=\"6448\" \/><\/div><\/a><div class=\"envira-gallery-captioned-data envira-gallery-captioned-data-sleek\"><span class='envira-caption envira-gallery-captioned-text caption-3249'>Peewit (Vanellus vanellus)<\/span><\/div><\/div><\/div><div id=\"envira-gallery-item-3234\" class=\"envira-gallery-item envira-gallery-item-5 envira-lazy-load\" style=\"padding-left: 5px; padding-bottom: 10px; padding-right: 5px;\"  itemscope itemtype=\"https:\/\/schema.org\/ImageObject\"><div class=\"envira-gallery-item-inner\"><div class=\"envira-gallery-position-overlay envira-gallery-top-left\"><\/div><div class=\"envira-gallery-position-overlay envira-gallery-top-right\"><\/div><div class=\"envira-gallery-position-overlay envira-gallery-bottom-left\"><\/div><div class=\"envira-gallery-position-overlay envira-gallery-bottom-right\"><\/div><a class=\"envira-gallery-6448 envira-gallery-link\" href=\"https:\/\/www.verein-naturschutzpark.de\/wp-content\/uploads\/grosser-brachvogel-numenius-arquata-foto-sven-kleinert.jpg\" title=\"Eurasian curlew\/common curlew (Numenius arquata) | Photo: Sven Kleinert\" data-caption=\"Eurasian curlew\/common curlew (Numenius arquata) Photo: Sven Kleinert\" data-envira-item-id=\"3234\" data-envira-retina=\"https:\/\/www.verein-naturschutzpark.de\/wp-content\/uploads\/grosser-brachvogel-numenius-arquata-foto-sven-kleinert.jpg\" data-thumb=\"https:\/\/www.verein-naturschutzpark.de\/wp-content\/uploads\/grosser-brachvogel-numenius-arquata-foto-sven-kleinert-75x50_c.jpg\" data-title=\"Eurasian curlew\/common curlew (Numenius arquata) | Photo: Sven Kleinert\" data-envirabox='6448' itemprop=\"contentUrl\"><div class=\"envira-lazy\" style=\"padding-bottom: 100%;\" data-envira-changed=\"false\" data-width=\"500\" data-height=\"500\"><img decoding=\"async\" src=\"https:\/\/www.verein-naturschutzpark.de\/wp-content\/uploads\/grosser-brachvogel-numenius-arquata-foto-sven-kleinert-500x500_c.jpg\" alt=\"Eurasian curlew\/common curlew (Numenius arquata) | Photo: Sven Kleinert\" class=\"envira-gallery-image envira-gallery-image-5    envira-lazy\" height=\"500\" id=\"envira-gallery-image-3234\" srcset=\"data:image\/gif;base64,R0lGODlhAQABAIAAAP\/\/\/\/\/\/\/yH5BAEKAAEALAAAAAABAAEAAAICTAEAOw==\" tabindex=\"-1\" title=\"Eurasian curlew\/common curlew (Numenius arquata) | Photo: Sven Kleinert\" width=\"500\" data-caption=\"Eurasian curlew\/common curlew (Numenius arquata) Photo: Sven Kleinert\" data-envira-gallery-id=\"6448\" data-envira-index=\"4\" data-envira-item-id=\"3234\" data-envira-src=\"https:\/\/www.verein-naturschutzpark.de\/wp-content\/uploads\/grosser-brachvogel-numenius-arquata-foto-sven-kleinert-500x500_c.jpg\" data-envira-srcset=\"https:\/\/www.verein-naturschutzpark.de\/wp-content\/uploads\/grosser-brachvogel-numenius-arquata-foto-sven-kleinert-500x500_c.jpg 400w, https:\/\/www.verein-naturschutzpark.de\/wp-content\/uploads\/grosser-brachvogel-numenius-arquata-foto-sven-kleinert-500x500_c.jpg 2x\" data-title=\"Eurasian curlew\/common curlew (Numenius arquata) | Photo: Sven Kleinert\" itemprop=\"thumbnailUrl\"  data-no-lazy=\"1\"  data-envirabox=\"6448\" \/><\/div><\/a><div class=\"envira-gallery-captioned-data envira-gallery-captioned-data-sleek\"><span class='envira-caption envira-gallery-captioned-text caption-3234'>Eurasian curlew\/common curlew (Numenius arquata)<br \/>\nPhoto: Sven Kleinert<\/span><\/div><\/div><\/div><div id=\"envira-gallery-item-3289\" class=\"envira-gallery-item envira-gallery-item-6 envira-lazy-load\" style=\"padding-left: 5px; padding-bottom: 10px; padding-right: 5px;\"  itemscope itemtype=\"https:\/\/schema.org\/ImageObject\"><div class=\"envira-gallery-item-inner\"><div class=\"envira-gallery-position-overlay envira-gallery-top-left\"><\/div><div class=\"envira-gallery-position-overlay envira-gallery-top-right\"><\/div><div class=\"envira-gallery-position-overlay envira-gallery-bottom-left\"><\/div><div class=\"envira-gallery-position-overlay envira-gallery-bottom-right\"><\/div><a class=\"envira-gallery-6448 envira-gallery-link\" href=\"https:\/\/www.verein-naturschutzpark.de\/wp-content\/uploads\/ziegenmelker-caprimulgus-europaeus-vnp-stiftung.jpg\" title=\"European nightjar or common goatsucker (Caprimulgus europaeus) | VNP Stiftung\" data-caption=\"European nightjar or common goatsucker (Caprimulgus europaeus)\" data-envira-item-id=\"3289\" data-envira-retina=\"https:\/\/www.verein-naturschutzpark.de\/wp-content\/uploads\/ziegenmelker-caprimulgus-europaeus-vnp-stiftung.jpg\" data-thumb=\"https:\/\/www.verein-naturschutzpark.de\/wp-content\/uploads\/ziegenmelker-caprimulgus-europaeus-vnp-stiftung-75x50_c.jpg\" data-title=\"European nightjar or common goatsucker (Caprimulgus europaeus) | VNP Stiftung\" data-envirabox='6448' itemprop=\"contentUrl\"><div class=\"envira-lazy\" style=\"padding-bottom: 100%;\" data-envira-changed=\"false\" data-width=\"500\" data-height=\"500\"><img decoding=\"async\" src=\"https:\/\/www.verein-naturschutzpark.de\/wp-content\/uploads\/ziegenmelker-caprimulgus-europaeus-vnp-stiftung-500x500_c.jpg\" alt=\"European nightjar or common goatsucker (Caprimulgus europaeus) | VNP Stiftung\" class=\"envira-gallery-image envira-gallery-image-6    envira-lazy\" height=\"500\" id=\"envira-gallery-image-3289\" srcset=\"data:image\/gif;base64,R0lGODlhAQABAIAAAP\/\/\/\/\/\/\/yH5BAEKAAEALAAAAAABAAEAAAICTAEAOw==\" tabindex=\"-1\" title=\"European nightjar or common goatsucker (Caprimulgus europaeus) | VNP Stiftung\" width=\"500\" data-caption=\"European nightjar or common goatsucker (Caprimulgus europaeus)\" data-envira-gallery-id=\"6448\" data-envira-index=\"5\" data-envira-item-id=\"3289\" data-envira-src=\"https:\/\/www.verein-naturschutzpark.de\/wp-content\/uploads\/ziegenmelker-caprimulgus-europaeus-vnp-stiftung-500x500_c.jpg\" data-envira-srcset=\"https:\/\/www.verein-naturschutzpark.de\/wp-content\/uploads\/ziegenmelker-caprimulgus-europaeus-vnp-stiftung-500x500_c.jpg 400w, https:\/\/www.verein-naturschutzpark.de\/wp-content\/uploads\/ziegenmelker-caprimulgus-europaeus-vnp-stiftung-500x500_c.jpg 2x\" data-title=\"European nightjar or common goatsucker (Caprimulgus europaeus) | VNP Stiftung\" itemprop=\"thumbnailUrl\"  data-no-lazy=\"1\"  data-envirabox=\"6448\" \/><\/div><\/a><div class=\"envira-gallery-captioned-data envira-gallery-captioned-data-sleek\"><span class='envira-caption envira-gallery-captioned-text caption-3289'>European nightjar or common goatsucker (Caprimulgus europaeus)<\/span><\/div><\/div><\/div><div id=\"envira-gallery-item-3285\" class=\"envira-gallery-item envira-gallery-item-7 envira-lazy-load\" style=\"padding-left: 5px; padding-bottom: 10px; padding-right: 5px;\"  itemscope itemtype=\"https:\/\/schema.org\/ImageObject\"><div class=\"envira-gallery-item-inner\"><div class=\"envira-gallery-position-overlay envira-gallery-top-left\"><\/div><div class=\"envira-gallery-position-overlay envira-gallery-top-right\"><\/div><div class=\"envira-gallery-position-overlay envira-gallery-bottom-left\"><\/div><div class=\"envira-gallery-position-overlay envira-gallery-bottom-right\"><\/div><a class=\"envira-gallery-6448 envira-gallery-link\" href=\"https:\/\/www.verein-naturschutzpark.de\/wp-content\/uploads\/wiedehopf-upupa-epops-vnp-stiftung.jpg\" title=\"Eurasian hoopoe (Upupa epops) | VNP Stiftung\" data-caption=\"Eurasian hoopoe (Upupa epops)\" data-envira-item-id=\"3285\" data-envira-retina=\"https:\/\/www.verein-naturschutzpark.de\/wp-content\/uploads\/wiedehopf-upupa-epops-vnp-stiftung.jpg\" data-thumb=\"https:\/\/www.verein-naturschutzpark.de\/wp-content\/uploads\/wiedehopf-upupa-epops-vnp-stiftung-75x50_c.jpg\" data-title=\"Eurasian hoopoe (Upupa epops) | VNP Stiftung\" data-envirabox='6448' itemprop=\"contentUrl\"><div class=\"envira-lazy\" style=\"padding-bottom: 100%;\" data-envira-changed=\"false\" data-width=\"500\" data-height=\"500\"><img decoding=\"async\" src=\"https:\/\/www.verein-naturschutzpark.de\/wp-content\/uploads\/wiedehopf-upupa-epops-vnp-stiftung-500x500_c.jpg\" alt=\"Eurasian hoopoe (Upupa epops) | VNP Stiftung\" class=\"envira-gallery-image envira-gallery-image-7    envira-lazy\" height=\"500\" id=\"envira-gallery-image-3285\" srcset=\"data:image\/gif;base64,R0lGODlhAQABAIAAAP\/\/\/\/\/\/\/yH5BAEKAAEALAAAAAABAAEAAAICTAEAOw==\" tabindex=\"-1\" title=\"Eurasian hoopoe (Upupa epops) | VNP Stiftung\" width=\"500\" data-caption=\"Eurasian hoopoe (Upupa epops)\" data-envira-gallery-id=\"6448\" data-envira-index=\"6\" data-envira-item-id=\"3285\" data-envira-src=\"https:\/\/www.verein-naturschutzpark.de\/wp-content\/uploads\/wiedehopf-upupa-epops-vnp-stiftung-500x500_c.jpg\" data-envira-srcset=\"https:\/\/www.verein-naturschutzpark.de\/wp-content\/uploads\/wiedehopf-upupa-epops-vnp-stiftung-500x500_c.jpg 400w, https:\/\/www.verein-naturschutzpark.de\/wp-content\/uploads\/wiedehopf-upupa-epops-vnp-stiftung-500x500_c.jpg 2x\" data-title=\"Eurasian hoopoe (Upupa epops) | VNP Stiftung\" itemprop=\"thumbnailUrl\"  data-no-lazy=\"1\"  data-envirabox=\"6448\" \/><\/div><\/a><div class=\"envira-gallery-captioned-data envira-gallery-captioned-data-sleek\"><span class='envira-caption envira-gallery-captioned-text caption-3285'>Eurasian hoopoe (Upupa epops)<\/span><\/div><\/div><\/div><div id=\"envira-gallery-item-3307\" class=\"envira-gallery-item envira-gallery-item-8 envira-lazy-load\" style=\"padding-left: 5px; padding-bottom: 10px; padding-right: 5px;\"  itemscope itemtype=\"https:\/\/schema.org\/ImageObject\"><div class=\"envira-gallery-item-inner\"><div class=\"envira-gallery-position-overlay envira-gallery-top-left\"><\/div><div class=\"envira-gallery-position-overlay envira-gallery-top-right\"><\/div><div class=\"envira-gallery-position-overlay envira-gallery-bottom-left\"><\/div><div class=\"envira-gallery-position-overlay envira-gallery-bottom-right\"><\/div><a class=\"envira-gallery-6448 envira-gallery-link\" href=\"https:\/\/www.verein-naturschutzpark.de\/wp-content\/uploads\/ringelnatter-natrix-natrix-vnp-stiftung-1.jpg\" title=\"Grass snake\/ringed snake (Natrix natrix) | VNP Stiftung\" data-caption=\"Grass snake\/ringed snake (Natrix natrix)\" data-envira-item-id=\"3307\" data-envira-retina=\"https:\/\/www.verein-naturschutzpark.de\/wp-content\/uploads\/ringelnatter-natrix-natrix-vnp-stiftung-1.jpg\" data-thumb=\"https:\/\/www.verein-naturschutzpark.de\/wp-content\/uploads\/ringelnatter-natrix-natrix-vnp-stiftung-1-75x50_c.jpg\" data-title=\"Grass snake\/ringed snake (Natrix natrix) | VNP Stiftung\" data-envirabox='6448' itemprop=\"contentUrl\"><div class=\"envira-lazy\" style=\"padding-bottom: 100%;\" data-envira-changed=\"false\" data-width=\"500\" data-height=\"500\"><img decoding=\"async\" src=\"https:\/\/www.verein-naturschutzpark.de\/wp-content\/uploads\/ringelnatter-natrix-natrix-vnp-stiftung-1-500x500_c.jpg\" alt=\"Grass snake\/ringed snake (Natrix natrix) | VNP Stiftung\" class=\"envira-gallery-image envira-gallery-image-8    envira-lazy\" height=\"500\" id=\"envira-gallery-image-3307\" srcset=\"data:image\/gif;base64,R0lGODlhAQABAIAAAP\/\/\/\/\/\/\/yH5BAEKAAEALAAAAAABAAEAAAICTAEAOw==\" tabindex=\"-1\" title=\"Grass snake\/ringed snake (Natrix natrix) | VNP Stiftung\" width=\"500\" data-caption=\"Grass snake\/ringed snake (Natrix natrix)\" data-envira-gallery-id=\"6448\" data-envira-index=\"7\" data-envira-item-id=\"3307\" data-envira-src=\"https:\/\/www.verein-naturschutzpark.de\/wp-content\/uploads\/ringelnatter-natrix-natrix-vnp-stiftung-1-500x500_c.jpg\" data-envira-srcset=\"https:\/\/www.verein-naturschutzpark.de\/wp-content\/uploads\/ringelnatter-natrix-natrix-vnp-stiftung-1-500x500_c.jpg 400w, https:\/\/www.verein-naturschutzpark.de\/wp-content\/uploads\/ringelnatter-natrix-natrix-vnp-stiftung-1-500x500_c.jpg 2x\" data-title=\"Grass snake\/ringed snake (Natrix natrix) | VNP Stiftung\" itemprop=\"thumbnailUrl\"  data-no-lazy=\"1\"  data-envirabox=\"6448\" \/><\/div><\/a><div class=\"envira-gallery-captioned-data envira-gallery-captioned-data-sleek\"><span class='envira-caption envira-gallery-captioned-text caption-3307'>Grass snake\/ringed snake (Natrix natrix)<\/span><\/div><\/div><\/div><div id=\"envira-gallery-item-3277\" class=\"envira-gallery-item envira-gallery-item-9 envira-lazy-load\" style=\"padding-left: 5px; padding-bottom: 10px; padding-right: 5px;\"  itemscope itemtype=\"https:\/\/schema.org\/ImageObject\"><div class=\"envira-gallery-item-inner\"><div class=\"envira-gallery-position-overlay envira-gallery-top-left\"><\/div><div class=\"envira-gallery-position-overlay envira-gallery-top-right\"><\/div><div class=\"envira-gallery-position-overlay envira-gallery-bottom-left\"><\/div><div class=\"envira-gallery-position-overlay envira-gallery-bottom-right\"><\/div><a class=\"envira-gallery-6448 envira-gallery-link\" href=\"https:\/\/www.verein-naturschutzpark.de\/wp-content\/uploads\/schlingnatter-coronella-austriaca-vnp-stiftung.jpg\" title=\"Smooth snake (Coronella austriaca) | VNP Stiftung\" data-caption=\"Smooth snake (Coronella austriaca)\" data-envira-item-id=\"3277\" data-envira-retina=\"https:\/\/www.verein-naturschutzpark.de\/wp-content\/uploads\/schlingnatter-coronella-austriaca-vnp-stiftung.jpg\" data-thumb=\"https:\/\/www.verein-naturschutzpark.de\/wp-content\/uploads\/schlingnatter-coronella-austriaca-vnp-stiftung-75x50_c.jpg\" data-title=\"Smooth snake (Coronella austriaca) | VNP Stiftung\" data-envirabox='6448' itemprop=\"contentUrl\"><div class=\"envira-lazy\" style=\"padding-bottom: 100%;\" data-envira-changed=\"false\" data-width=\"500\" data-height=\"500\"><img decoding=\"async\" src=\"https:\/\/www.verein-naturschutzpark.de\/wp-content\/uploads\/schlingnatter-coronella-austriaca-vnp-stiftung-500x500_c.jpg\" alt=\"Smooth snake (Coronella austriaca) | VNP Stiftung\" class=\"envira-gallery-image envira-gallery-image-9    envira-lazy\" height=\"500\" id=\"envira-gallery-image-3277\" srcset=\"data:image\/gif;base64,R0lGODlhAQABAIAAAP\/\/\/\/\/\/\/yH5BAEKAAEALAAAAAABAAEAAAICTAEAOw==\" tabindex=\"-1\" title=\"Smooth snake (Coronella austriaca) | VNP Stiftung\" width=\"500\" data-caption=\"Smooth snake (Coronella austriaca)\" data-envira-gallery-id=\"6448\" data-envira-index=\"8\" data-envira-item-id=\"3277\" data-envira-src=\"https:\/\/www.verein-naturschutzpark.de\/wp-content\/uploads\/schlingnatter-coronella-austriaca-vnp-stiftung-500x500_c.jpg\" data-envira-srcset=\"https:\/\/www.verein-naturschutzpark.de\/wp-content\/uploads\/schlingnatter-coronella-austriaca-vnp-stiftung-500x500_c.jpg 400w, https:\/\/www.verein-naturschutzpark.de\/wp-content\/uploads\/schlingnatter-coronella-austriaca-vnp-stiftung-500x500_c.jpg 2x\" data-title=\"Smooth snake (Coronella austriaca) | VNP Stiftung\" itemprop=\"thumbnailUrl\"  data-no-lazy=\"1\"  data-envirabox=\"6448\" \/><\/div><\/a><div class=\"envira-gallery-captioned-data envira-gallery-captioned-data-sleek\"><span class='envira-caption envira-gallery-captioned-text caption-3277'>Smooth snake (Coronella austriaca)<\/span><\/div><\/div><\/div><div id=\"envira-gallery-item-3261\" class=\"envira-gallery-item envira-gallery-item-10 envira-lazy-load\" style=\"padding-left: 5px; padding-bottom: 10px; padding-right: 5px;\"  itemscope itemtype=\"https:\/\/schema.org\/ImageObject\"><div class=\"envira-gallery-item-inner\"><div class=\"envira-gallery-position-overlay envira-gallery-top-left\"><\/div><div class=\"envira-gallery-position-overlay envira-gallery-top-right\"><\/div><div class=\"envira-gallery-position-overlay envira-gallery-bottom-left\"><\/div><div class=\"envira-gallery-position-overlay envira-gallery-bottom-right\"><\/div><a class=\"envira-gallery-6448 envira-gallery-link\" href=\"https:\/\/www.verein-naturschutzpark.de\/wp-content\/uploads\/kreuzotter-vipera-berus-vnp-stiftung-2.jpg\" title=\"Common European adder\/viper (Vipera berus) | VNP Stiftung\" data-caption=\"Common European adder\/viper (Vipera berus)\" data-envira-item-id=\"3261\" data-envira-retina=\"https:\/\/www.verein-naturschutzpark.de\/wp-content\/uploads\/kreuzotter-vipera-berus-vnp-stiftung-2.jpg\" data-thumb=\"https:\/\/www.verein-naturschutzpark.de\/wp-content\/uploads\/kreuzotter-vipera-berus-vnp-stiftung-2-75x50_c.jpg\" data-title=\"Common European adder\/viper (Vipera berus) | VNP Stiftung\" data-envirabox='6448' itemprop=\"contentUrl\"><div class=\"envira-lazy\" style=\"padding-bottom: 100%;\" data-envira-changed=\"false\" data-width=\"500\" data-height=\"500\"><img decoding=\"async\" src=\"https:\/\/www.verein-naturschutzpark.de\/wp-content\/uploads\/kreuzotter-vipera-berus-vnp-stiftung-2-500x500_c.jpg\" alt=\"Common European adder\/viper (Vipera berus) | VNP Stiftung\" class=\"envira-gallery-image envira-gallery-image-10    envira-lazy\" height=\"500\" id=\"envira-gallery-image-3261\" srcset=\"data:image\/gif;base64,R0lGODlhAQABAIAAAP\/\/\/\/\/\/\/yH5BAEKAAEALAAAAAABAAEAAAICTAEAOw==\" tabindex=\"-1\" title=\"Common European adder\/viper (Vipera berus) | VNP Stiftung\" width=\"500\" data-caption=\"Common European adder\/viper (Vipera berus)\" data-envira-gallery-id=\"6448\" data-envira-index=\"9\" data-envira-item-id=\"3261\" data-envira-src=\"https:\/\/www.verein-naturschutzpark.de\/wp-content\/uploads\/kreuzotter-vipera-berus-vnp-stiftung-2-500x500_c.jpg\" data-envira-srcset=\"https:\/\/www.verein-naturschutzpark.de\/wp-content\/uploads\/kreuzotter-vipera-berus-vnp-stiftung-2-500x500_c.jpg 400w, https:\/\/www.verein-naturschutzpark.de\/wp-content\/uploads\/kreuzotter-vipera-berus-vnp-stiftung-2-500x500_c.jpg 2x\" data-title=\"Common European adder\/viper (Vipera berus) | VNP Stiftung\" itemprop=\"thumbnailUrl\"  data-no-lazy=\"1\"  data-envirabox=\"6448\" \/><\/div><\/a><div class=\"envira-gallery-captioned-data envira-gallery-captioned-data-sleek\"><span class='envira-caption envira-gallery-captioned-text caption-3261'>Common European adder\/viper (Vipera berus)<\/span><\/div><\/div><\/div><div id=\"envira-gallery-item-3259\" class=\"envira-gallery-item envira-gallery-item-11 envira-lazy-load\" style=\"padding-left: 5px; padding-bottom: 10px; padding-right: 5px;\"  itemscope itemtype=\"https:\/\/schema.org\/ImageObject\"><div class=\"envira-gallery-item-inner\"><div class=\"envira-gallery-position-overlay envira-gallery-top-left\"><\/div><div class=\"envira-gallery-position-overlay envira-gallery-top-right\"><\/div><div class=\"envira-gallery-position-overlay envira-gallery-bottom-left\"><\/div><div class=\"envira-gallery-position-overlay envira-gallery-bottom-right\"><\/div><a class=\"envira-gallery-6448 envira-gallery-link\" href=\"https:\/\/www.verein-naturschutzpark.de\/wp-content\/uploads\/kreuzotter-vipera-berus-vnp-stiftung.jpg\" title=\"Common European adder\/viper (Vipera berus) | VNP Stiftung\" data-caption=\"Common European adder\/viper (Vipera berus)\" data-envira-item-id=\"3259\" data-envira-retina=\"https:\/\/www.verein-naturschutzpark.de\/wp-content\/uploads\/kreuzotter-vipera-berus-vnp-stiftung.jpg\" data-thumb=\"https:\/\/www.verein-naturschutzpark.de\/wp-content\/uploads\/kreuzotter-vipera-berus-vnp-stiftung-75x50_c.jpg\" data-title=\"Common European adder\/viper (Vipera berus) | VNP Stiftung\" data-envirabox='6448' itemprop=\"contentUrl\"><div class=\"envira-lazy\" style=\"padding-bottom: 100%;\" data-envira-changed=\"false\" data-width=\"500\" data-height=\"500\"><img decoding=\"async\" src=\"https:\/\/www.verein-naturschutzpark.de\/wp-content\/uploads\/kreuzotter-vipera-berus-vnp-stiftung-500x500_c.jpg\" alt=\"Common European adder\/viper (Vipera berus) | VNP Stiftung\" class=\"envira-gallery-image envira-gallery-image-11    envira-lazy\" height=\"500\" id=\"envira-gallery-image-3259\" srcset=\"data:image\/gif;base64,R0lGODlhAQABAIAAAP\/\/\/\/\/\/\/yH5BAEKAAEALAAAAAABAAEAAAICTAEAOw==\" tabindex=\"-1\" title=\"Common European adder\/viper (Vipera berus) | VNP Stiftung\" width=\"500\" data-caption=\"Common European adder\/viper (Vipera berus)\" data-envira-gallery-id=\"6448\" data-envira-index=\"10\" data-envira-item-id=\"3259\" data-envira-src=\"https:\/\/www.verein-naturschutzpark.de\/wp-content\/uploads\/kreuzotter-vipera-berus-vnp-stiftung-500x500_c.jpg\" data-envira-srcset=\"https:\/\/www.verein-naturschutzpark.de\/wp-content\/uploads\/kreuzotter-vipera-berus-vnp-stiftung-500x500_c.jpg 400w, https:\/\/www.verein-naturschutzpark.de\/wp-content\/uploads\/kreuzotter-vipera-berus-vnp-stiftung-500x500_c.jpg 2x\" data-title=\"Common European adder\/viper (Vipera berus) | VNP Stiftung\" itemprop=\"thumbnailUrl\"  data-no-lazy=\"1\"  data-envirabox=\"6448\" \/><\/div><\/a><div class=\"envira-gallery-captioned-data envira-gallery-captioned-data-sleek\"><span class='envira-caption envira-gallery-captioned-text caption-3259'>Common European adder\/viper (Vipera berus)<\/span><\/div><\/div><\/div><div id=\"envira-gallery-item-3281\" class=\"envira-gallery-item envira-gallery-item-12 envira-lazy-load\" style=\"padding-left: 5px; padding-bottom: 10px; padding-right: 5px;\"  itemscope itemtype=\"https:\/\/schema.org\/ImageObject\"><div class=\"envira-gallery-item-inner\"><div class=\"envira-gallery-position-overlay envira-gallery-top-left\"><\/div><div class=\"envira-gallery-position-overlay envira-gallery-top-right\"><\/div><div class=\"envira-gallery-position-overlay envira-gallery-bottom-left\"><\/div><div class=\"envira-gallery-position-overlay envira-gallery-bottom-right\"><\/div><a class=\"envira-gallery-6448 envira-gallery-link\" href=\"https:\/\/www.verein-naturschutzpark.de\/wp-content\/uploads\/waldeidechse-zootoca-vivipara-vnp-stiftung.jpg\" title=\"Common\/vivaprous lizard (Zootoca vivipara) | VNP Stiftung\" data-caption=\"Common\/vivaprous lizard (Zootoca vivipara)\" data-envira-item-id=\"3281\" data-envira-retina=\"https:\/\/www.verein-naturschutzpark.de\/wp-content\/uploads\/waldeidechse-zootoca-vivipara-vnp-stiftung.jpg\" data-thumb=\"https:\/\/www.verein-naturschutzpark.de\/wp-content\/uploads\/waldeidechse-zootoca-vivipara-vnp-stiftung-75x50_c.jpg\" data-title=\"Common\/vivaprous lizard (Zootoca vivipara) | VNP Stiftung\" data-envirabox='6448' itemprop=\"contentUrl\"><div class=\"envira-lazy\" style=\"padding-bottom: 100%;\" data-envira-changed=\"false\" data-width=\"500\" data-height=\"500\"><img decoding=\"async\" src=\"https:\/\/www.verein-naturschutzpark.de\/wp-content\/uploads\/waldeidechse-zootoca-vivipara-vnp-stiftung-500x500_c.jpg\" alt=\"Common\/vivaprous lizard (Zootoca vivipara) | VNP Stiftung\" class=\"envira-gallery-image envira-gallery-image-12    envira-lazy\" height=\"500\" id=\"envira-gallery-image-3281\" srcset=\"data:image\/gif;base64,R0lGODlhAQABAIAAAP\/\/\/\/\/\/\/yH5BAEKAAEALAAAAAABAAEAAAICTAEAOw==\" tabindex=\"-1\" title=\"Common\/vivaprous lizard (Zootoca vivipara) | VNP Stiftung\" width=\"500\" data-caption=\"Common\/vivaprous lizard (Zootoca vivipara)\" data-envira-gallery-id=\"6448\" data-envira-index=\"11\" data-envira-item-id=\"3281\" data-envira-src=\"https:\/\/www.verein-naturschutzpark.de\/wp-content\/uploads\/waldeidechse-zootoca-vivipara-vnp-stiftung-500x500_c.jpg\" data-envira-srcset=\"https:\/\/www.verein-naturschutzpark.de\/wp-content\/uploads\/waldeidechse-zootoca-vivipara-vnp-stiftung-500x500_c.jpg 400w, https:\/\/www.verein-naturschutzpark.de\/wp-content\/uploads\/waldeidechse-zootoca-vivipara-vnp-stiftung-500x500_c.jpg 2x\" data-title=\"Common\/vivaprous lizard (Zootoca vivipara) | VNP Stiftung\" itemprop=\"thumbnailUrl\"  data-no-lazy=\"1\"  data-envirabox=\"6448\" \/><\/div><\/a><div class=\"envira-gallery-captioned-data envira-gallery-captioned-data-sleek\"><span class='envira-caption envira-gallery-captioned-text caption-3281'>Common\/vivaprous lizard (Zootoca vivipara)<\/span><\/div><\/div><\/div><div id=\"envira-gallery-item-3287\" class=\"envira-gallery-item envira-gallery-item-13 envira-lazy-load\" style=\"padding-left: 5px; padding-bottom: 10px; padding-right: 5px;\"  itemscope itemtype=\"https:\/\/schema.org\/ImageObject\"><div class=\"envira-gallery-item-inner\"><div class=\"envira-gallery-position-overlay envira-gallery-top-left\"><\/div><div class=\"envira-gallery-position-overlay envira-gallery-top-right\"><\/div><div class=\"envira-gallery-position-overlay envira-gallery-bottom-left\"><\/div><div class=\"envira-gallery-position-overlay envira-gallery-bottom-right\"><\/div><a class=\"envira-gallery-6448 envira-gallery-link\" href=\"https:\/\/www.verein-naturschutzpark.de\/wp-content\/uploads\/zauneidechse-lacerta-agilis-vnp-stiftung.jpg\" title=\"Sand lizard (Lacerta agilis) | VNP Stiftung\" data-caption=\"Sand lizard (Lacerta agilis)\" data-envira-item-id=\"3287\" data-envira-retina=\"https:\/\/www.verein-naturschutzpark.de\/wp-content\/uploads\/zauneidechse-lacerta-agilis-vnp-stiftung.jpg\" data-thumb=\"https:\/\/www.verein-naturschutzpark.de\/wp-content\/uploads\/zauneidechse-lacerta-agilis-vnp-stiftung-75x50_c.jpg\" data-title=\"Sand lizard (Lacerta agilis) | VNP Stiftung\" data-envirabox='6448' itemprop=\"contentUrl\"><div class=\"envira-lazy\" style=\"padding-bottom: 100%;\" data-envira-changed=\"false\" data-width=\"500\" data-height=\"500\"><img decoding=\"async\" src=\"https:\/\/www.verein-naturschutzpark.de\/wp-content\/uploads\/zauneidechse-lacerta-agilis-vnp-stiftung-500x500_c.jpg\" alt=\"Sand lizard (Lacerta agilis) | VNP Stiftung\" class=\"envira-gallery-image envira-gallery-image-13    envira-lazy\" height=\"500\" id=\"envira-gallery-image-3287\" srcset=\"data:image\/gif;base64,R0lGODlhAQABAIAAAP\/\/\/\/\/\/\/yH5BAEKAAEALAAAAAABAAEAAAICTAEAOw==\" tabindex=\"-1\" title=\"Sand lizard (Lacerta agilis) | VNP Stiftung\" width=\"500\" data-caption=\"Sand lizard (Lacerta agilis)\" data-envira-gallery-id=\"6448\" data-envira-index=\"12\" data-envira-item-id=\"3287\" data-envira-src=\"https:\/\/www.verein-naturschutzpark.de\/wp-content\/uploads\/zauneidechse-lacerta-agilis-vnp-stiftung-500x500_c.jpg\" data-envira-srcset=\"https:\/\/www.verein-naturschutzpark.de\/wp-content\/uploads\/zauneidechse-lacerta-agilis-vnp-stiftung-500x500_c.jpg 400w, https:\/\/www.verein-naturschutzpark.de\/wp-content\/uploads\/zauneidechse-lacerta-agilis-vnp-stiftung-500x500_c.jpg 2x\" data-title=\"Sand lizard (Lacerta agilis) | VNP Stiftung\" itemprop=\"thumbnailUrl\"  data-no-lazy=\"1\"  data-envirabox=\"6448\" \/><\/div><\/a><div class=\"envira-gallery-captioned-data envira-gallery-captioned-data-sleek\"><span class='envira-caption envira-gallery-captioned-text caption-3287'>Sand lizard (Lacerta agilis)<\/span><\/div><\/div><\/div><div id=\"envira-gallery-item-3236\" class=\"envira-gallery-item envira-gallery-item-14 envira-lazy-load\" style=\"padding-left: 5px; padding-bottom: 10px; padding-right: 5px;\"  itemscope itemtype=\"https:\/\/schema.org\/ImageObject\"><div class=\"envira-gallery-item-inner\"><div class=\"envira-gallery-position-overlay envira-gallery-top-left\"><\/div><div class=\"envira-gallery-position-overlay envira-gallery-top-right\"><\/div><div class=\"envira-gallery-position-overlay envira-gallery-bottom-left\"><\/div><div class=\"envira-gallery-position-overlay envira-gallery-bottom-right\"><\/div><a class=\"envira-gallery-6448 envira-gallery-link\" href=\"https:\/\/www.verein-naturschutzpark.de\/wp-content\/uploads\/gruen-gefaerbtes-maennchen-zauneidechse-lacerta-agilis-vnp-stiftung.jpg\" title=\"Green-coloured male sand lizard (Lacerta agilis)\" data-caption=\"Green-coloured male sand lizard (Lacerta agilis)\" data-envira-item-id=\"3236\" data-envira-retina=\"https:\/\/www.verein-naturschutzpark.de\/wp-content\/uploads\/gruen-gefaerbtes-maennchen-zauneidechse-lacerta-agilis-vnp-stiftung.jpg\" data-thumb=\"https:\/\/www.verein-naturschutzpark.de\/wp-content\/uploads\/gruen-gefaerbtes-maennchen-zauneidechse-lacerta-agilis-vnp-stiftung-75x50_c.jpg\" data-title=\"Green-coloured male sand lizard (Lacerta agilis)\" data-envirabox='6448' itemprop=\"contentUrl\"><div class=\"envira-lazy\" style=\"padding-bottom: 100%;\" data-envira-changed=\"false\" data-width=\"500\" data-height=\"500\"><img decoding=\"async\" src=\"https:\/\/www.verein-naturschutzpark.de\/wp-content\/uploads\/gruen-gefaerbtes-maennchen-zauneidechse-lacerta-agilis-vnp-stiftung-500x500_c.jpg\" alt=\"Green-coloured male sand lizard (Lacerta agilis) | VNP Stiftung\" class=\"envira-gallery-image envira-gallery-image-14    envira-lazy\" height=\"500\" id=\"envira-gallery-image-3236\" srcset=\"data:image\/gif;base64,R0lGODlhAQABAIAAAP\/\/\/\/\/\/\/yH5BAEKAAEALAAAAAABAAEAAAICTAEAOw==\" tabindex=\"-1\" title=\"Green-coloured male sand lizard (Lacerta agilis)\" width=\"500\" data-caption=\"Green-coloured male sand lizard (Lacerta agilis)\" data-envira-gallery-id=\"6448\" data-envira-index=\"13\" data-envira-item-id=\"3236\" data-envira-src=\"https:\/\/www.verein-naturschutzpark.de\/wp-content\/uploads\/gruen-gefaerbtes-maennchen-zauneidechse-lacerta-agilis-vnp-stiftung-500x500_c.jpg\" data-envira-srcset=\"https:\/\/www.verein-naturschutzpark.de\/wp-content\/uploads\/gruen-gefaerbtes-maennchen-zauneidechse-lacerta-agilis-vnp-stiftung-500x500_c.jpg 400w, https:\/\/www.verein-naturschutzpark.de\/wp-content\/uploads\/gruen-gefaerbtes-maennchen-zauneidechse-lacerta-agilis-vnp-stiftung-500x500_c.jpg 2x\" data-title=\"Green-coloured male sand lizard (Lacerta agilis)\" itemprop=\"thumbnailUrl\"  data-no-lazy=\"1\"  data-envirabox=\"6448\" \/><\/div><\/a><div class=\"envira-gallery-captioned-data envira-gallery-captioned-data-sleek\"><span class='envira-caption envira-gallery-captioned-text caption-3236'>Green-coloured male sand lizard (Lacerta agilis)<\/span><\/div><\/div><\/div><div id=\"envira-gallery-item-3228\" class=\"envira-gallery-item envira-gallery-item-15 envira-lazy-load\" style=\"padding-left: 5px; padding-bottom: 10px; padding-right: 5px;\"  itemscope itemtype=\"https:\/\/schema.org\/ImageObject\"><div class=\"envira-gallery-item-inner\"><div class=\"envira-gallery-position-overlay envira-gallery-top-left\"><\/div><div class=\"envira-gallery-position-overlay envira-gallery-top-right\"><\/div><div class=\"envira-gallery-position-overlay envira-gallery-bottom-left\"><\/div><div class=\"envira-gallery-position-overlay envira-gallery-bottom-right\"><\/div><a class=\"envira-gallery-6448 envira-gallery-link\" href=\"https:\/\/www.verein-naturschutzpark.de\/wp-content\/uploads\/blau-gefaerbtes-moorfrosch-maennchen-rana-arvalis-vnp-stiftung.jpg\" title=\"Blue coloured male moor frog (Rana arvalis)\" data-caption=\"Blue coloured male moor frog (Rana arvalis)\" data-envira-item-id=\"3228\" data-envira-retina=\"https:\/\/www.verein-naturschutzpark.de\/wp-content\/uploads\/blau-gefaerbtes-moorfrosch-maennchen-rana-arvalis-vnp-stiftung.jpg\" data-thumb=\"https:\/\/www.verein-naturschutzpark.de\/wp-content\/uploads\/blau-gefaerbtes-moorfrosch-maennchen-rana-arvalis-vnp-stiftung-75x50_c.jpg\" data-title=\"Blue coloured male moor frog (Rana arvalis)\" data-envirabox='6448' itemprop=\"contentUrl\"><div class=\"envira-lazy\" style=\"padding-bottom: 100%;\" data-envira-changed=\"false\" data-width=\"500\" data-height=\"500\"><img decoding=\"async\" src=\"https:\/\/www.verein-naturschutzpark.de\/wp-content\/uploads\/blau-gefaerbtes-moorfrosch-maennchen-rana-arvalis-vnp-stiftung-500x500_c.jpg\" alt=\"Blue coloured male moor frog (Rana arvalis) | VNP Stiftung\" class=\"envira-gallery-image envira-gallery-image-15    envira-lazy\" height=\"500\" id=\"envira-gallery-image-3228\" srcset=\"data:image\/gif;base64,R0lGODlhAQABAIAAAP\/\/\/\/\/\/\/yH5BAEKAAEALAAAAAABAAEAAAICTAEAOw==\" tabindex=\"-1\" title=\"Blue coloured male moor frog (Rana arvalis)\" width=\"500\" data-caption=\"Blue coloured male moor frog (Rana arvalis)\" data-envira-gallery-id=\"6448\" data-envira-index=\"14\" data-envira-item-id=\"3228\" data-envira-src=\"https:\/\/www.verein-naturschutzpark.de\/wp-content\/uploads\/blau-gefaerbtes-moorfrosch-maennchen-rana-arvalis-vnp-stiftung-500x500_c.jpg\" data-envira-srcset=\"https:\/\/www.verein-naturschutzpark.de\/wp-content\/uploads\/blau-gefaerbtes-moorfrosch-maennchen-rana-arvalis-vnp-stiftung-500x500_c.jpg 400w, https:\/\/www.verein-naturschutzpark.de\/wp-content\/uploads\/blau-gefaerbtes-moorfrosch-maennchen-rana-arvalis-vnp-stiftung-500x500_c.jpg 2x\" data-title=\"Blue coloured male moor frog (Rana arvalis)\" itemprop=\"thumbnailUrl\"  data-no-lazy=\"1\"  data-envirabox=\"6448\" \/><\/div><\/a><div class=\"envira-gallery-captioned-data envira-gallery-captioned-data-sleek\"><span class='envira-caption envira-gallery-captioned-text caption-3228'>Blue coloured male moor frog (Rana arvalis)<\/span><\/div><\/div><\/div><div id=\"envira-gallery-item-3257\" class=\"envira-gallery-item envira-gallery-item-16 envira-lazy-load\" style=\"padding-left: 5px; padding-bottom: 10px; padding-right: 5px;\"  itemscope itemtype=\"https:\/\/schema.org\/ImageObject\"><div class=\"envira-gallery-item-inner\"><div class=\"envira-gallery-position-overlay envira-gallery-top-left\"><\/div><div class=\"envira-gallery-position-overlay envira-gallery-top-right\"><\/div><div class=\"envira-gallery-position-overlay envira-gallery-bottom-left\"><\/div><div class=\"envira-gallery-position-overlay envira-gallery-bottom-right\"><\/div><a class=\"envira-gallery-6448 envira-gallery-link\" href=\"https:\/\/www.verein-naturschutzpark.de\/wp-content\/uploads\/knoblauchkroete-pelobates-fuscus-vnp-stiftung.jpg\" title=\"Garlic toad (Pelobates fuscus) | VNP Stiftung\" data-caption=\"Garlic toad (Pelobates fuscus)\" data-envira-item-id=\"3257\" data-envira-retina=\"https:\/\/www.verein-naturschutzpark.de\/wp-content\/uploads\/knoblauchkroete-pelobates-fuscus-vnp-stiftung.jpg\" data-thumb=\"https:\/\/www.verein-naturschutzpark.de\/wp-content\/uploads\/knoblauchkroete-pelobates-fuscus-vnp-stiftung-75x50_c.jpg\" data-title=\"Garlic toad (Pelobates fuscus) | VNP Stiftung\" data-envirabox='6448' itemprop=\"contentUrl\"><div class=\"envira-lazy\" style=\"padding-bottom: 100%;\" data-envira-changed=\"false\" data-width=\"500\" data-height=\"500\"><img decoding=\"async\" src=\"https:\/\/www.verein-naturschutzpark.de\/wp-content\/uploads\/knoblauchkroete-pelobates-fuscus-vnp-stiftung-500x500_c.jpg\" alt=\"Garlic toad (Pelobates fuscus) | VNP Stiftung\" class=\"envira-gallery-image envira-gallery-image-16    envira-lazy\" height=\"500\" id=\"envira-gallery-image-3257\" srcset=\"data:image\/gif;base64,R0lGODlhAQABAIAAAP\/\/\/\/\/\/\/yH5BAEKAAEALAAAAAABAAEAAAICTAEAOw==\" tabindex=\"-1\" title=\"Garlic toad (Pelobates fuscus) | VNP Stiftung\" width=\"500\" data-caption=\"Garlic toad (Pelobates fuscus)\" data-envira-gallery-id=\"6448\" data-envira-index=\"15\" data-envira-item-id=\"3257\" data-envira-src=\"https:\/\/www.verein-naturschutzpark.de\/wp-content\/uploads\/knoblauchkroete-pelobates-fuscus-vnp-stiftung-500x500_c.jpg\" data-envira-srcset=\"https:\/\/www.verein-naturschutzpark.de\/wp-content\/uploads\/knoblauchkroete-pelobates-fuscus-vnp-stiftung-500x500_c.jpg 400w, https:\/\/www.verein-naturschutzpark.de\/wp-content\/uploads\/knoblauchkroete-pelobates-fuscus-vnp-stiftung-500x500_c.jpg 2x\" data-title=\"Garlic toad (Pelobates fuscus) | VNP Stiftung\" itemprop=\"thumbnailUrl\"  data-no-lazy=\"1\"  data-envirabox=\"6448\" \/><\/div><\/a><div class=\"envira-gallery-captioned-data envira-gallery-captioned-data-sleek\"><span class='envira-caption envira-gallery-captioned-text caption-3257'>Garlic toad (Pelobates fuscus)<\/span><\/div><\/div><\/div><div id=\"envira-gallery-item-3303\" class=\"envira-gallery-item envira-gallery-item-17 envira-lazy-load\" style=\"padding-left: 5px; padding-bottom: 10px; padding-right: 5px;\"  itemscope itemtype=\"https:\/\/schema.org\/ImageObject\"><div class=\"envira-gallery-item-inner\"><div class=\"envira-gallery-position-overlay envira-gallery-top-left\"><\/div><div class=\"envira-gallery-position-overlay envira-gallery-top-right\"><\/div><div class=\"envira-gallery-position-overlay envira-gallery-bottom-left\"><\/div><div class=\"envira-gallery-position-overlay envira-gallery-bottom-right\"><\/div><a class=\"envira-gallery-6448 envira-gallery-link\" href=\"https:\/\/www.verein-naturschutzpark.de\/wp-content\/uploads\/baumweisslinge-aporia-crataegi-vnp-stiftung.jpg\" title=\"Black-veined white (Aporia crataegi)\" data-caption=\"Black-veined whites (Aporia crataegi)\" data-envira-item-id=\"3303\" data-envira-retina=\"https:\/\/www.verein-naturschutzpark.de\/wp-content\/uploads\/baumweisslinge-aporia-crataegi-vnp-stiftung.jpg\" data-thumb=\"https:\/\/www.verein-naturschutzpark.de\/wp-content\/uploads\/baumweisslinge-aporia-crataegi-vnp-stiftung-75x50_c.jpg\" data-title=\"Black-veined white (Aporia crataegi)\" data-envirabox='6448' itemprop=\"contentUrl\"><div class=\"envira-lazy\" style=\"padding-bottom: 100%;\" data-envira-changed=\"false\" data-width=\"500\" data-height=\"500\"><img decoding=\"async\" src=\"https:\/\/www.verein-naturschutzpark.de\/wp-content\/uploads\/baumweisslinge-aporia-crataegi-vnp-stiftung-500x500_c.jpg\" alt=\"Black-veined whites (Aporia crataegi) | VNP Stiftung\" class=\"envira-gallery-image envira-gallery-image-17    envira-lazy\" height=\"500\" id=\"envira-gallery-image-3303\" srcset=\"data:image\/gif;base64,R0lGODlhAQABAIAAAP\/\/\/\/\/\/\/yH5BAEKAAEALAAAAAABAAEAAAICTAEAOw==\" tabindex=\"-1\" title=\"Black-veined white (Aporia crataegi)\" width=\"500\" data-caption=\"Black-veined whites (Aporia crataegi)\" data-envira-gallery-id=\"6448\" data-envira-index=\"16\" data-envira-item-id=\"3303\" data-envira-src=\"https:\/\/www.verein-naturschutzpark.de\/wp-content\/uploads\/baumweisslinge-aporia-crataegi-vnp-stiftung-500x500_c.jpg\" data-envira-srcset=\"https:\/\/www.verein-naturschutzpark.de\/wp-content\/uploads\/baumweisslinge-aporia-crataegi-vnp-stiftung-500x500_c.jpg 400w, https:\/\/www.verein-naturschutzpark.de\/wp-content\/uploads\/baumweisslinge-aporia-crataegi-vnp-stiftung-500x500_c.jpg 2x\" data-title=\"Black-veined white (Aporia crataegi)\" itemprop=\"thumbnailUrl\"  data-no-lazy=\"1\"  data-envirabox=\"6448\" \/><\/div><\/a><div class=\"envira-gallery-captioned-data envira-gallery-captioned-data-sleek\"><span class='envira-caption envira-gallery-captioned-text caption-3303'>Black-veined whites (Aporia crataegi)<\/span><\/div><\/div><\/div><div id=\"envira-gallery-item-3275\" class=\"envira-gallery-item envira-gallery-item-18 envira-lazy-load\" style=\"padding-left: 5px; padding-bottom: 10px; padding-right: 5px;\"  itemscope itemtype=\"https:\/\/schema.org\/ImageObject\"><div class=\"envira-gallery-item-inner\"><div class=\"envira-gallery-position-overlay envira-gallery-top-left\"><\/div><div class=\"envira-gallery-position-overlay envira-gallery-top-right\"><\/div><div class=\"envira-gallery-position-overlay envira-gallery-bottom-left\"><\/div><div class=\"envira-gallery-position-overlay envira-gallery-bottom-right\"><\/div><a class=\"envira-gallery-6448 envira-gallery-link\" href=\"https:\/\/www.verein-naturschutzpark.de\/wp-content\/uploads\/rostbinde-hipparchia-semele-vnp-stiftung.jpg\" title=\"Grayling\/rock grayling (Hipparchia semele) | VNP Stiftung\" data-caption=\"Grayling\/rock grayling (Hipparchia semele)\" data-envira-item-id=\"3275\" data-envira-retina=\"https:\/\/www.verein-naturschutzpark.de\/wp-content\/uploads\/rostbinde-hipparchia-semele-vnp-stiftung.jpg\" data-thumb=\"https:\/\/www.verein-naturschutzpark.de\/wp-content\/uploads\/rostbinde-hipparchia-semele-vnp-stiftung-75x50_c.jpg\" data-title=\"Grayling\/rock grayling (Hipparchia semele) | VNP Stiftung\" data-envirabox='6448' itemprop=\"contentUrl\"><div class=\"envira-lazy\" style=\"padding-bottom: 100%;\" data-envira-changed=\"false\" data-width=\"500\" data-height=\"500\"><img decoding=\"async\" src=\"https:\/\/www.verein-naturschutzpark.de\/wp-content\/uploads\/rostbinde-hipparchia-semele-vnp-stiftung-500x500_c.jpg\" alt=\"Grayling\/rock grayling (Hipparchia semele) | VNP Stiftung\" class=\"envira-gallery-image envira-gallery-image-18    envira-lazy\" height=\"500\" id=\"envira-gallery-image-3275\" srcset=\"data:image\/gif;base64,R0lGODlhAQABAIAAAP\/\/\/\/\/\/\/yH5BAEKAAEALAAAAAABAAEAAAICTAEAOw==\" tabindex=\"-1\" title=\"Grayling\/rock grayling (Hipparchia semele) | VNP Stiftung\" width=\"500\" data-caption=\"Grayling\/rock grayling (Hipparchia semele)\" data-envira-gallery-id=\"6448\" data-envira-index=\"17\" data-envira-item-id=\"3275\" data-envira-src=\"https:\/\/www.verein-naturschutzpark.de\/wp-content\/uploads\/rostbinde-hipparchia-semele-vnp-stiftung-500x500_c.jpg\" data-envira-srcset=\"https:\/\/www.verein-naturschutzpark.de\/wp-content\/uploads\/rostbinde-hipparchia-semele-vnp-stiftung-500x500_c.jpg 400w, https:\/\/www.verein-naturschutzpark.de\/wp-content\/uploads\/rostbinde-hipparchia-semele-vnp-stiftung-500x500_c.jpg 2x\" data-title=\"Grayling\/rock grayling (Hipparchia semele) | VNP Stiftung\" itemprop=\"thumbnailUrl\"  data-no-lazy=\"1\"  data-envirabox=\"6448\" \/><\/div><\/a><div class=\"envira-gallery-captioned-data envira-gallery-captioned-data-sleek\"><span class='envira-caption envira-gallery-captioned-text caption-3275'>Grayling\/rock grayling (Hipparchia semele)<\/span><\/div><\/div><\/div><div id=\"envira-gallery-item-3269\" class=\"envira-gallery-item envira-gallery-item-19 envira-lazy-load\" style=\"padding-left: 5px; padding-bottom: 10px; padding-right: 5px;\"  itemscope itemtype=\"https:\/\/schema.org\/ImageObject\"><div class=\"envira-gallery-item-inner\"><div class=\"envira-gallery-position-overlay envira-gallery-top-left\"><\/div><div class=\"envira-gallery-position-overlay envira-gallery-top-right\"><\/div><div class=\"envira-gallery-position-overlay envira-gallery-bottom-left\"><\/div><div class=\"envira-gallery-position-overlay envira-gallery-bottom-right\"><\/div><a class=\"envira-gallery-6448 envira-gallery-link\" href=\"https:\/\/www.verein-naturschutzpark.de\/wp-content\/uploads\/purpurbaer-rhyparia-purpurata-vnp-stiftung.jpg\" title=\"Purple tiger (Rhyparia purpurata) moth | VNP Stiftung\" data-caption=\"Purple tiger (Rhyparia purpurata) moth\" data-envira-item-id=\"3269\" data-envira-retina=\"https:\/\/www.verein-naturschutzpark.de\/wp-content\/uploads\/purpurbaer-rhyparia-purpurata-vnp-stiftung.jpg\" data-thumb=\"https:\/\/www.verein-naturschutzpark.de\/wp-content\/uploads\/purpurbaer-rhyparia-purpurata-vnp-stiftung-75x50_c.jpg\" data-title=\"Purple tiger (Rhyparia purpurata) moth | VNP Stiftung\" data-envirabox='6448' itemprop=\"contentUrl\"><div class=\"envira-lazy\" style=\"padding-bottom: 100%;\" data-envira-changed=\"false\" data-width=\"500\" data-height=\"500\"><img decoding=\"async\" src=\"https:\/\/www.verein-naturschutzpark.de\/wp-content\/uploads\/purpurbaer-rhyparia-purpurata-vnp-stiftung-500x500_c.jpg\" alt=\"Purple tiger (Rhyparia purpurata) moth | VNP Stiftung\" class=\"envira-gallery-image envira-gallery-image-19    envira-lazy\" height=\"500\" id=\"envira-gallery-image-3269\" srcset=\"data:image\/gif;base64,R0lGODlhAQABAIAAAP\/\/\/\/\/\/\/yH5BAEKAAEALAAAAAABAAEAAAICTAEAOw==\" tabindex=\"-1\" title=\"Purple tiger (Rhyparia purpurata) moth | VNP Stiftung\" width=\"500\" data-caption=\"Purple tiger (Rhyparia purpurata) moth\" data-envira-gallery-id=\"6448\" data-envira-index=\"18\" data-envira-item-id=\"3269\" data-envira-src=\"https:\/\/www.verein-naturschutzpark.de\/wp-content\/uploads\/purpurbaer-rhyparia-purpurata-vnp-stiftung-500x500_c.jpg\" data-envira-srcset=\"https:\/\/www.verein-naturschutzpark.de\/wp-content\/uploads\/purpurbaer-rhyparia-purpurata-vnp-stiftung-500x500_c.jpg 400w, https:\/\/www.verein-naturschutzpark.de\/wp-content\/uploads\/purpurbaer-rhyparia-purpurata-vnp-stiftung-500x500_c.jpg 2x\" data-title=\"Purple tiger (Rhyparia purpurata) moth | VNP Stiftung\" itemprop=\"thumbnailUrl\"  data-no-lazy=\"1\"  data-envirabox=\"6448\" \/><\/div><\/a><div class=\"envira-gallery-captioned-data envira-gallery-captioned-data-sleek\"><span class='envira-caption envira-gallery-captioned-text caption-3269'>Purple tiger (Rhyparia purpurata) moth<\/span><\/div><\/div><\/div><div id=\"envira-gallery-item-3247\" class=\"envira-gallery-item envira-gallery-item-20 envira-lazy-load\" style=\"padding-left: 5px; padding-bottom: 10px; padding-right: 5px;\"  itemscope itemtype=\"https:\/\/schema.org\/ImageObject\"><div class=\"envira-gallery-item-inner\"><div class=\"envira-gallery-position-overlay envira-gallery-top-left\"><\/div><div class=\"envira-gallery-position-overlay envira-gallery-top-right\"><\/div><div class=\"envira-gallery-position-overlay envira-gallery-bottom-left\"><\/div><div class=\"envira-gallery-position-overlay envira-gallery-bottom-right\"><\/div><a class=\"envira-gallery-6448 envira-gallery-link\" href=\"https:\/\/www.verein-naturschutzpark.de\/wp-content\/uploads\/hochmoor-perlmutterfalter-boloria-aquilonaris-vnp-stiftung.jpg\" title=\"Cranberry fritillary (Boloria aquilonaris) | VNP Stiftung\" data-caption=\"Cranberry fritillary (Boloria aquilonaris)\" data-envira-item-id=\"3247\" data-envira-retina=\"https:\/\/www.verein-naturschutzpark.de\/wp-content\/uploads\/hochmoor-perlmutterfalter-boloria-aquilonaris-vnp-stiftung.jpg\" data-thumb=\"https:\/\/www.verein-naturschutzpark.de\/wp-content\/uploads\/hochmoor-perlmutterfalter-boloria-aquilonaris-vnp-stiftung-75x50_c.jpg\" data-title=\"Cranberry fritillary (Boloria aquilonaris) | VNP Stiftung\" data-envirabox='6448' itemprop=\"contentUrl\"><div class=\"envira-lazy\" style=\"padding-bottom: 100%;\" data-envira-changed=\"false\" data-width=\"500\" data-height=\"500\"><img decoding=\"async\" src=\"https:\/\/www.verein-naturschutzpark.de\/wp-content\/uploads\/hochmoor-perlmutterfalter-boloria-aquilonaris-vnp-stiftung-500x500_c.jpg\" alt=\"Cranberry fritillary (Boloria aquilonaris) | VNP Stiftung\" class=\"envira-gallery-image envira-gallery-image-20    envira-lazy\" height=\"500\" id=\"envira-gallery-image-3247\" srcset=\"data:image\/gif;base64,R0lGODlhAQABAIAAAP\/\/\/\/\/\/\/yH5BAEKAAEALAAAAAABAAEAAAICTAEAOw==\" tabindex=\"-1\" title=\"Cranberry fritillary (Boloria aquilonaris) | VNP Stiftung\" width=\"500\" data-caption=\"Cranberry fritillary (Boloria aquilonaris)\" data-envira-gallery-id=\"6448\" data-envira-index=\"19\" data-envira-item-id=\"3247\" data-envira-src=\"https:\/\/www.verein-naturschutzpark.de\/wp-content\/uploads\/hochmoor-perlmutterfalter-boloria-aquilonaris-vnp-stiftung-500x500_c.jpg\" data-envira-srcset=\"https:\/\/www.verein-naturschutzpark.de\/wp-content\/uploads\/hochmoor-perlmutterfalter-boloria-aquilonaris-vnp-stiftung-500x500_c.jpg 400w, https:\/\/www.verein-naturschutzpark.de\/wp-content\/uploads\/hochmoor-perlmutterfalter-boloria-aquilonaris-vnp-stiftung-500x500_c.jpg 2x\" data-title=\"Cranberry fritillary (Boloria aquilonaris) | VNP Stiftung\" itemprop=\"thumbnailUrl\"  data-no-lazy=\"1\"  data-envirabox=\"6448\" \/><\/div><\/a><div class=\"envira-gallery-captioned-data envira-gallery-captioned-data-sleek\"><span class='envira-caption envira-gallery-captioned-text caption-3247'>Cranberry fritillary (Boloria aquilonaris)<\/span><\/div><\/div><\/div><div id=\"envira-gallery-item-3255\" class=\"envira-gallery-item envira-gallery-item-21 envira-lazy-load\" style=\"padding-left: 5px; padding-bottom: 10px; padding-right: 5px;\"  itemscope itemtype=\"https:\/\/schema.org\/ImageObject\"><div class=\"envira-gallery-item-inner\"><div class=\"envira-gallery-position-overlay envira-gallery-top-left\"><\/div><div class=\"envira-gallery-position-overlay envira-gallery-top-right\"><\/div><div class=\"envira-gallery-position-overlay envira-gallery-bottom-left\"><\/div><div class=\"envira-gallery-position-overlay envira-gallery-bottom-right\"><\/div><a class=\"envira-gallery-6448 envira-gallery-link\" href=\"https:\/\/www.verein-naturschutzpark.de\/wp-content\/uploads\/kleines-nachtpfauenauge-saturnia-pavonia-vnp-stiftung.jpg\" title=\"Small emperor moth (Saturnia pavonia) | VNP Stiftung\" data-caption=\"Small emperor moth (Saturnia pavonia)\" data-envira-item-id=\"3255\" data-envira-retina=\"https:\/\/www.verein-naturschutzpark.de\/wp-content\/uploads\/kleines-nachtpfauenauge-saturnia-pavonia-vnp-stiftung.jpg\" data-thumb=\"https:\/\/www.verein-naturschutzpark.de\/wp-content\/uploads\/kleines-nachtpfauenauge-saturnia-pavonia-vnp-stiftung-75x50_c.jpg\" data-title=\"Small emperor moth (Saturnia pavonia) | VNP Stiftung\" data-envirabox='6448' itemprop=\"contentUrl\"><div class=\"envira-lazy\" style=\"padding-bottom: 100%;\" data-envira-changed=\"false\" data-width=\"500\" data-height=\"500\"><img decoding=\"async\" src=\"https:\/\/www.verein-naturschutzpark.de\/wp-content\/uploads\/kleines-nachtpfauenauge-saturnia-pavonia-vnp-stiftung-500x500_c.jpg\" alt=\"Small emperor moth (Saturnia pavonia) | VNP Stiftung\" class=\"envira-gallery-image envira-gallery-image-21    envira-lazy\" height=\"500\" id=\"envira-gallery-image-3255\" srcset=\"data:image\/gif;base64,R0lGODlhAQABAIAAAP\/\/\/\/\/\/\/yH5BAEKAAEALAAAAAABAAEAAAICTAEAOw==\" tabindex=\"-1\" title=\"Small emperor moth (Saturnia pavonia) | VNP Stiftung\" width=\"500\" data-caption=\"Small emperor moth (Saturnia pavonia)\" data-envira-gallery-id=\"6448\" data-envira-index=\"20\" data-envira-item-id=\"3255\" data-envira-src=\"https:\/\/www.verein-naturschutzpark.de\/wp-content\/uploads\/kleines-nachtpfauenauge-saturnia-pavonia-vnp-stiftung-500x500_c.jpg\" data-envira-srcset=\"https:\/\/www.verein-naturschutzpark.de\/wp-content\/uploads\/kleines-nachtpfauenauge-saturnia-pavonia-vnp-stiftung-500x500_c.jpg 400w, https:\/\/www.verein-naturschutzpark.de\/wp-content\/uploads\/kleines-nachtpfauenauge-saturnia-pavonia-vnp-stiftung-500x500_c.jpg 2x\" data-title=\"Small emperor moth (Saturnia pavonia) | VNP Stiftung\" itemprop=\"thumbnailUrl\"  data-no-lazy=\"1\"  data-envirabox=\"6448\" \/><\/div><\/a><div class=\"envira-gallery-captioned-data envira-gallery-captioned-data-sleek\"><span class='envira-caption envira-gallery-captioned-text caption-3255'>Small emperor moth (Saturnia pavonia)<\/span><\/div><\/div><\/div><div id=\"envira-gallery-item-3291\" class=\"envira-gallery-item envira-gallery-item-22 envira-lazy-load\" style=\"padding-left: 5px; padding-bottom: 10px; padding-right: 5px;\"  itemscope itemtype=\"https:\/\/schema.org\/ImageObject\"><div class=\"envira-gallery-item-inner\"><div class=\"envira-gallery-position-overlay envira-gallery-top-left\"><\/div><div class=\"envira-gallery-position-overlay envira-gallery-top-right\"><\/div><div class=\"envira-gallery-position-overlay envira-gallery-bottom-left\"><\/div><div class=\"envira-gallery-position-overlay envira-gallery-bottom-right\"><\/div><a class=\"envira-gallery-6448 envira-gallery-link\" href=\"https:\/\/www.verein-naturschutzpark.de\/wp-content\/uploads\/heidekraut-bunteule-heidekrauteulchen-anarta-myrtili-raupe-vnp-stiftung.jpg\" title=\"Caterpillar of the Anarta myrtili moth | VNP Stiftung\" data-caption=\"Caterpillar of the Anarta myrtili moth\" data-envira-item-id=\"3291\" data-envira-retina=\"https:\/\/www.verein-naturschutzpark.de\/wp-content\/uploads\/heidekraut-bunteule-heidekrauteulchen-anarta-myrtili-raupe-vnp-stiftung.jpg\" data-thumb=\"https:\/\/www.verein-naturschutzpark.de\/wp-content\/uploads\/heidekraut-bunteule-heidekrauteulchen-anarta-myrtili-raupe-vnp-stiftung-75x50_c.jpg\" data-title=\"Caterpillar of the Anarta myrtili moth | VNP Stiftung\" data-envirabox='6448' itemprop=\"contentUrl\"><div class=\"envira-lazy\" style=\"padding-bottom: 100%;\" data-envira-changed=\"false\" data-width=\"500\" data-height=\"500\"><img decoding=\"async\" src=\"https:\/\/www.verein-naturschutzpark.de\/wp-content\/uploads\/heidekraut-bunteule-heidekrauteulchen-anarta-myrtili-raupe-vnp-stiftung-500x500_c.jpg\" alt=\"Caterpillar of the Anarta myrtili moth | VNP Stiftung\" class=\"envira-gallery-image envira-gallery-image-22    envira-lazy\" height=\"500\" id=\"envira-gallery-image-3291\" srcset=\"data:image\/gif;base64,R0lGODlhAQABAIAAAP\/\/\/\/\/\/\/yH5BAEKAAEALAAAAAABAAEAAAICTAEAOw==\" tabindex=\"-1\" title=\"Caterpillar of the Anarta myrtili moth | VNP Stiftung\" width=\"500\" data-caption=\"Caterpillar of the Anarta myrtili moth\" data-envira-gallery-id=\"6448\" data-envira-index=\"21\" data-envira-item-id=\"3291\" data-envira-src=\"https:\/\/www.verein-naturschutzpark.de\/wp-content\/uploads\/heidekraut-bunteule-heidekrauteulchen-anarta-myrtili-raupe-vnp-stiftung-500x500_c.jpg\" data-envira-srcset=\"https:\/\/www.verein-naturschutzpark.de\/wp-content\/uploads\/heidekraut-bunteule-heidekrauteulchen-anarta-myrtili-raupe-vnp-stiftung-500x500_c.jpg 400w, https:\/\/www.verein-naturschutzpark.de\/wp-content\/uploads\/heidekraut-bunteule-heidekrauteulchen-anarta-myrtili-raupe-vnp-stiftung-500x500_c.jpg 2x\" data-title=\"Caterpillar of the Anarta myrtili moth | VNP Stiftung\" itemprop=\"thumbnailUrl\"  data-no-lazy=\"1\"  data-envirabox=\"6448\" \/><\/div><\/a><div class=\"envira-gallery-captioned-data envira-gallery-captioned-data-sleek\"><span class='envira-caption envira-gallery-captioned-text caption-3291'>Caterpillar of the Anarta myrtili moth<\/span><\/div><\/div><\/div><div id=\"envira-gallery-item-3241\" class=\"envira-gallery-item envira-gallery-item-23 envira-lazy-load\" style=\"padding-left: 5px; padding-bottom: 10px; padding-right: 5px;\"  itemscope itemtype=\"https:\/\/schema.org\/ImageObject\"><div class=\"envira-gallery-item-inner\"><div class=\"envira-gallery-position-overlay envira-gallery-top-left\"><\/div><div class=\"envira-gallery-position-overlay envira-gallery-top-right\"><\/div><div class=\"envira-gallery-position-overlay envira-gallery-bottom-left\"><\/div><div class=\"envira-gallery-position-overlay envira-gallery-bottom-right\"><\/div><a class=\"envira-gallery-6448 envira-gallery-link\" href=\"https:\/\/www.verein-naturschutzpark.de\/wp-content\/uploads\/heideschrecke-gampsocleis-glabra-vnp-stiftung.jpg\" title=\"Bush cricket Gampsocleis glabra | VNP Stiftung\" data-caption=\"Bush cricket Gampsocleis glabra\" data-envira-item-id=\"3241\" data-envira-retina=\"https:\/\/www.verein-naturschutzpark.de\/wp-content\/uploads\/heideschrecke-gampsocleis-glabra-vnp-stiftung.jpg\" data-thumb=\"https:\/\/www.verein-naturschutzpark.de\/wp-content\/uploads\/heideschrecke-gampsocleis-glabra-vnp-stiftung-75x50_c.jpg\" data-title=\"Bush cricket Gampsocleis glabra | VNP Stiftung\" data-envirabox='6448' itemprop=\"contentUrl\"><div class=\"envira-lazy\" style=\"padding-bottom: 100%;\" data-envira-changed=\"false\" data-width=\"500\" data-height=\"500\"><img decoding=\"async\" src=\"https:\/\/www.verein-naturschutzpark.de\/wp-content\/uploads\/heideschrecke-gampsocleis-glabra-vnp-stiftung-500x500_c.jpg\" alt=\"Bush cricket Gampsocleis glabra | VNP Stiftung\" class=\"envira-gallery-image envira-gallery-image-23    envira-lazy\" height=\"500\" id=\"envira-gallery-image-3241\" srcset=\"data:image\/gif;base64,R0lGODlhAQABAIAAAP\/\/\/\/\/\/\/yH5BAEKAAEALAAAAAABAAEAAAICTAEAOw==\" tabindex=\"-1\" title=\"Bush cricket Gampsocleis glabra | VNP Stiftung\" width=\"500\" data-caption=\"Bush cricket Gampsocleis glabra\" data-envira-gallery-id=\"6448\" data-envira-index=\"22\" data-envira-item-id=\"3241\" data-envira-src=\"https:\/\/www.verein-naturschutzpark.de\/wp-content\/uploads\/heideschrecke-gampsocleis-glabra-vnp-stiftung-500x500_c.jpg\" data-envira-srcset=\"https:\/\/www.verein-naturschutzpark.de\/wp-content\/uploads\/heideschrecke-gampsocleis-glabra-vnp-stiftung-500x500_c.jpg 400w, https:\/\/www.verein-naturschutzpark.de\/wp-content\/uploads\/heideschrecke-gampsocleis-glabra-vnp-stiftung-500x500_c.jpg 2x\" data-title=\"Bush cricket Gampsocleis glabra | VNP Stiftung\" itemprop=\"thumbnailUrl\"  data-no-lazy=\"1\"  data-envirabox=\"6448\" \/><\/div><\/a><div class=\"envira-gallery-captioned-data envira-gallery-captioned-data-sleek\"><span class='envira-caption envira-gallery-captioned-text caption-3241'>Bush cricket Gampsocleis glabra<\/span><\/div><\/div><\/div><div id=\"envira-gallery-item-3283\" class=\"envira-gallery-item envira-gallery-item-24 envira-lazy-load\" style=\"padding-left: 5px; padding-bottom: 10px; padding-right: 5px;\"  itemscope itemtype=\"https:\/\/schema.org\/ImageObject\"><div class=\"envira-gallery-item-inner\"><div class=\"envira-gallery-position-overlay envira-gallery-top-left\"><\/div><div class=\"envira-gallery-position-overlay envira-gallery-top-right\"><\/div><div class=\"envira-gallery-position-overlay envira-gallery-bottom-left\"><\/div><div class=\"envira-gallery-position-overlay envira-gallery-bottom-right\"><\/div><a class=\"envira-gallery-6448 envira-gallery-link\" href=\"https:\/\/www.verein-naturschutzpark.de\/wp-content\/uploads\/warzenbeisser-decticus-verrucivorus-vnp-stiftung.jpg\" title=\"Wart-biter (Decticus verrucivorus) cricket | VNP Stiftung\" data-caption=\"Wart-biter (Decticus verrucivorus)\" data-envira-item-id=\"3283\" data-envira-retina=\"https:\/\/www.verein-naturschutzpark.de\/wp-content\/uploads\/warzenbeisser-decticus-verrucivorus-vnp-stiftung.jpg\" data-thumb=\"https:\/\/www.verein-naturschutzpark.de\/wp-content\/uploads\/warzenbeisser-decticus-verrucivorus-vnp-stiftung-75x50_c.jpg\" data-title=\"Wart-biter (Decticus verrucivorus) cricket | VNP Stiftung\" data-envirabox='6448' itemprop=\"contentUrl\"><div class=\"envira-lazy\" style=\"padding-bottom: 100%;\" data-envira-changed=\"false\" data-width=\"500\" data-height=\"500\"><img decoding=\"async\" src=\"https:\/\/www.verein-naturschutzpark.de\/wp-content\/uploads\/warzenbeisser-decticus-verrucivorus-vnp-stiftung-500x500_c.jpg\" alt=\"Wart-biter (Decticus verrucivorus) cricket | VNP Stiftung\" class=\"envira-gallery-image envira-gallery-image-24    envira-lazy\" height=\"500\" id=\"envira-gallery-image-3283\" srcset=\"data:image\/gif;base64,R0lGODlhAQABAIAAAP\/\/\/\/\/\/\/yH5BAEKAAEALAAAAAABAAEAAAICTAEAOw==\" tabindex=\"-1\" title=\"Wart-biter (Decticus verrucivorus) cricket | VNP Stiftung\" width=\"500\" data-caption=\"Wart-biter (Decticus verrucivorus)\" data-envira-gallery-id=\"6448\" data-envira-index=\"23\" data-envira-item-id=\"3283\" data-envira-src=\"https:\/\/www.verein-naturschutzpark.de\/wp-content\/uploads\/warzenbeisser-decticus-verrucivorus-vnp-stiftung-500x500_c.jpg\" data-envira-srcset=\"https:\/\/www.verein-naturschutzpark.de\/wp-content\/uploads\/warzenbeisser-decticus-verrucivorus-vnp-stiftung-500x500_c.jpg 400w, https:\/\/www.verein-naturschutzpark.de\/wp-content\/uploads\/warzenbeisser-decticus-verrucivorus-vnp-stiftung-500x500_c.jpg 2x\" data-title=\"Wart-biter (Decticus verrucivorus) cricket | VNP Stiftung\" itemprop=\"thumbnailUrl\"  data-no-lazy=\"1\"  data-envirabox=\"6448\" \/><\/div><\/a><div class=\"envira-gallery-captioned-data envira-gallery-captioned-data-sleek\"><span class='envira-caption envira-gallery-captioned-text caption-3283'>Wart-biter (Decticus verrucivorus)<\/span><\/div><\/div><\/div><div id=\"envira-gallery-item-3279\" class=\"envira-gallery-item envira-gallery-item-25 envira-lazy-load\" style=\"padding-left: 5px; padding-bottom: 10px; padding-right: 5px;\"  itemscope itemtype=\"https:\/\/schema.org\/ImageObject\"><div class=\"envira-gallery-item-inner\"><div class=\"envira-gallery-position-overlay envira-gallery-top-left\"><\/div><div class=\"envira-gallery-position-overlay envira-gallery-top-right\"><\/div><div class=\"envira-gallery-position-overlay envira-gallery-bottom-left\"><\/div><div class=\"envira-gallery-position-overlay envira-gallery-bottom-right\"><\/div><a class=\"envira-gallery-6448 envira-gallery-link\" href=\"https:\/\/www.verein-naturschutzpark.de\/wp-content\/uploads\/sumpfschrecke-stethophyma-grossum-vnp-stiftung.jpg\" title=\"Large marsh grasshopper (Stethophyma grossum) | VNP Stiftung\" data-caption=\"Large marsh grasshopper (Stethophyma grossum)\" data-envira-item-id=\"3279\" data-envira-retina=\"https:\/\/www.verein-naturschutzpark.de\/wp-content\/uploads\/sumpfschrecke-stethophyma-grossum-vnp-stiftung.jpg\" data-thumb=\"https:\/\/www.verein-naturschutzpark.de\/wp-content\/uploads\/sumpfschrecke-stethophyma-grossum-vnp-stiftung-75x50_c.jpg\" data-title=\"Large marsh grasshopper (Stethophyma grossum) | VNP Stiftung\" data-envirabox='6448' itemprop=\"contentUrl\"><div class=\"envira-lazy\" style=\"padding-bottom: 100%;\" data-envira-changed=\"false\" data-width=\"500\" data-height=\"500\"><img decoding=\"async\" src=\"https:\/\/www.verein-naturschutzpark.de\/wp-content\/uploads\/sumpfschrecke-stethophyma-grossum-vnp-stiftung-500x500_c.jpg\" alt=\"Large marsh grasshopper (Stethophyma grossum) | VNP Stiftung\" class=\"envira-gallery-image envira-gallery-image-25    envira-lazy\" height=\"500\" id=\"envira-gallery-image-3279\" srcset=\"data:image\/gif;base64,R0lGODlhAQABAIAAAP\/\/\/\/\/\/\/yH5BAEKAAEALAAAAAABAAEAAAICTAEAOw==\" tabindex=\"-1\" title=\"Large marsh grasshopper (Stethophyma grossum) | VNP Stiftung\" width=\"500\" data-caption=\"Large marsh grasshopper (Stethophyma grossum)\" data-envira-gallery-id=\"6448\" data-envira-index=\"24\" data-envira-item-id=\"3279\" data-envira-src=\"https:\/\/www.verein-naturschutzpark.de\/wp-content\/uploads\/sumpfschrecke-stethophyma-grossum-vnp-stiftung-500x500_c.jpg\" data-envira-srcset=\"https:\/\/www.verein-naturschutzpark.de\/wp-content\/uploads\/sumpfschrecke-stethophyma-grossum-vnp-stiftung-500x500_c.jpg 400w, https:\/\/www.verein-naturschutzpark.de\/wp-content\/uploads\/sumpfschrecke-stethophyma-grossum-vnp-stiftung-500x500_c.jpg 2x\" data-title=\"Large marsh grasshopper (Stethophyma grossum) | VNP Stiftung\" itemprop=\"thumbnailUrl\"  data-no-lazy=\"1\"  data-envirabox=\"6448\" \/><\/div><\/a><div class=\"envira-gallery-captioned-data envira-gallery-captioned-data-sleek\"><span class='envira-caption envira-gallery-captioned-text caption-3279'>Large marsh grasshopper (Stethophyma grossum)<\/span><\/div><\/div><\/div><div id=\"envira-gallery-item-3263\" class=\"envira-gallery-item envira-gallery-item-26 envira-lazy-load\" style=\"padding-left: 5px; padding-bottom: 10px; padding-right: 5px;\"  itemscope itemtype=\"https:\/\/schema.org\/ImageObject\"><div class=\"envira-gallery-item-inner\"><div class=\"envira-gallery-position-overlay envira-gallery-top-left\"><\/div><div class=\"envira-gallery-position-overlay envira-gallery-top-right\"><\/div><div class=\"envira-gallery-position-overlay envira-gallery-bottom-left\"><\/div><div class=\"envira-gallery-position-overlay envira-gallery-bottom-right\"><\/div><a class=\"envira-gallery-6448 envira-gallery-link\" href=\"https:\/\/www.verein-naturschutzpark.de\/wp-content\/uploads\/mistkaefer-vnp-stiftung.jpg\" title=\"Dung beetle | VNP Verein Naturschutzpark\" data-caption=\"Dung beetle\" data-envira-item-id=\"3263\" data-envira-retina=\"https:\/\/www.verein-naturschutzpark.de\/wp-content\/uploads\/mistkaefer-vnp-stiftung.jpg\" data-thumb=\"https:\/\/www.verein-naturschutzpark.de\/wp-content\/uploads\/mistkaefer-vnp-stiftung-75x50_c.jpg\" data-title=\"Dung beetle | VNP Verein Naturschutzpark\" data-envirabox='6448' itemprop=\"contentUrl\"><div class=\"envira-lazy\" style=\"padding-bottom: 100%;\" data-envira-changed=\"false\" data-width=\"500\" data-height=\"500\"><img decoding=\"async\" src=\"https:\/\/www.verein-naturschutzpark.de\/wp-content\/uploads\/mistkaefer-vnp-stiftung-500x500_c.jpg\" alt=\"Dung beetle | VNP Verein Naturschutzpark\" class=\"envira-gallery-image envira-gallery-image-26    envira-lazy\" height=\"500\" id=\"envira-gallery-image-3263\" srcset=\"data:image\/gif;base64,R0lGODlhAQABAIAAAP\/\/\/\/\/\/\/yH5BAEKAAEALAAAAAABAAEAAAICTAEAOw==\" tabindex=\"-1\" title=\"Dung beetle | VNP Verein Naturschutzpark\" width=\"500\" data-caption=\"Dung beetle\" data-envira-gallery-id=\"6448\" data-envira-index=\"25\" data-envira-item-id=\"3263\" data-envira-src=\"https:\/\/www.verein-naturschutzpark.de\/wp-content\/uploads\/mistkaefer-vnp-stiftung-500x500_c.jpg\" data-envira-srcset=\"https:\/\/www.verein-naturschutzpark.de\/wp-content\/uploads\/mistkaefer-vnp-stiftung-500x500_c.jpg 400w, https:\/\/www.verein-naturschutzpark.de\/wp-content\/uploads\/mistkaefer-vnp-stiftung-500x500_c.jpg 2x\" data-title=\"Dung beetle | VNP Verein Naturschutzpark\" itemprop=\"thumbnailUrl\"  data-no-lazy=\"1\"  data-envirabox=\"6448\" \/><\/div><\/a><div class=\"envira-gallery-captioned-data envira-gallery-captioned-data-sleek\"><span class='envira-caption envira-gallery-captioned-text caption-3263'>Dung beetle<\/span><\/div><\/div><\/div><div id=\"envira-gallery-item-3226\" class=\"envira-gallery-item envira-gallery-item-27 envira-lazy-load\" style=\"padding-left: 5px; padding-bottom: 10px; padding-right: 5px;\"  itemscope itemtype=\"https:\/\/schema.org\/ImageObject\"><div class=\"envira-gallery-item-inner\"><div class=\"envira-gallery-position-overlay envira-gallery-top-left\"><\/div><div class=\"envira-gallery-position-overlay envira-gallery-top-right\"><\/div><div class=\"envira-gallery-position-overlay envira-gallery-bottom-left\"><\/div><div class=\"envira-gallery-position-overlay envira-gallery-bottom-right\"><\/div><a class=\"envira-gallery-6448 envira-gallery-link\" href=\"https:\/\/www.verein-naturschutzpark.de\/wp-content\/uploads\/blaufluegel-prachtlibelle-mittelmeerform-calopteryx-virgo-vnp-stiftung.jpg\" title=\"Beautiful demoiselle (Calopteryx virgo)\" data-caption=\"Beautiful demoiselle (Calopteryx virgo)\" data-envira-item-id=\"3226\" data-envira-retina=\"https:\/\/www.verein-naturschutzpark.de\/wp-content\/uploads\/blaufluegel-prachtlibelle-mittelmeerform-calopteryx-virgo-vnp-stiftung.jpg\" data-thumb=\"https:\/\/www.verein-naturschutzpark.de\/wp-content\/uploads\/blaufluegel-prachtlibelle-mittelmeerform-calopteryx-virgo-vnp-stiftung-75x50_c.jpg\" data-title=\"Beautiful demoiselle (Calopteryx virgo)\" data-envirabox='6448' itemprop=\"contentUrl\"><div class=\"envira-lazy\" style=\"padding-bottom: 100%;\" data-envira-changed=\"false\" data-width=\"500\" data-height=\"500\"><img decoding=\"async\" src=\"https:\/\/www.verein-naturschutzpark.de\/wp-content\/uploads\/blaufluegel-prachtlibelle-mittelmeerform-calopteryx-virgo-vnp-stiftung-500x500_c.jpg\" alt=\"Beautiful demoiselle (Calopteryx virgo) | VNP Stiftung\" class=\"envira-gallery-image envira-gallery-image-27    envira-lazy\" height=\"500\" id=\"envira-gallery-image-3226\" srcset=\"data:image\/gif;base64,R0lGODlhAQABAIAAAP\/\/\/\/\/\/\/yH5BAEKAAEALAAAAAABAAEAAAICTAEAOw==\" tabindex=\"-1\" title=\"Beautiful demoiselle (Calopteryx virgo)\" width=\"500\" data-caption=\"Beautiful demoiselle (Calopteryx virgo)\" data-envira-gallery-id=\"6448\" data-envira-index=\"26\" data-envira-item-id=\"3226\" data-envira-src=\"https:\/\/www.verein-naturschutzpark.de\/wp-content\/uploads\/blaufluegel-prachtlibelle-mittelmeerform-calopteryx-virgo-vnp-stiftung-500x500_c.jpg\" data-envira-srcset=\"https:\/\/www.verein-naturschutzpark.de\/wp-content\/uploads\/blaufluegel-prachtlibelle-mittelmeerform-calopteryx-virgo-vnp-stiftung-500x500_c.jpg 400w, https:\/\/www.verein-naturschutzpark.de\/wp-content\/uploads\/blaufluegel-prachtlibelle-mittelmeerform-calopteryx-virgo-vnp-stiftung-500x500_c.jpg 2x\" data-title=\"Beautiful demoiselle (Calopteryx virgo)\" itemprop=\"thumbnailUrl\"  data-no-lazy=\"1\"  data-envirabox=\"6448\" \/><\/div><\/a><div class=\"envira-gallery-captioned-data envira-gallery-captioned-data-sleek\"><span class='envira-caption envira-gallery-captioned-text caption-3226'>Beautiful demoiselle (Calopteryx virgo)<\/span><\/div><\/div><\/div><div id=\"envira-gallery-item-3251\" class=\"envira-gallery-item envira-gallery-item-28 envira-lazy-load\" style=\"padding-left: 5px; padding-bottom: 10px; padding-right: 5px;\"  itemscope itemtype=\"https:\/\/schema.org\/ImageObject\"><div class=\"envira-gallery-item-inner\"><div class=\"envira-gallery-position-overlay envira-gallery-top-left\"><\/div><div class=\"envira-gallery-position-overlay envira-gallery-top-right\"><\/div><div class=\"envira-gallery-position-overlay envira-gallery-bottom-left\"><\/div><div class=\"envira-gallery-position-overlay envira-gallery-bottom-right\"><\/div><a class=\"envira-gallery-6448 envira-gallery-link\" href=\"https:\/\/www.verein-naturschutzpark.de\/wp-content\/uploads\/kleiner-blaupfeil-orthetrum-coeruslescens-vnp-stiftung.jpg\" title=\"Keeled skimmer (Orthetrum coerulescens) | VNP Stiftung\" data-caption=\"Keeled skimmer (Orthetrum coerulescens)\" data-envira-item-id=\"3251\" data-envira-retina=\"https:\/\/www.verein-naturschutzpark.de\/wp-content\/uploads\/kleiner-blaupfeil-orthetrum-coeruslescens-vnp-stiftung.jpg\" data-thumb=\"https:\/\/www.verein-naturschutzpark.de\/wp-content\/uploads\/kleiner-blaupfeil-orthetrum-coeruslescens-vnp-stiftung-75x50_c.jpg\" data-title=\"Keeled skimmer (Orthetrum coerulescens) | VNP Stiftung\" data-envirabox='6448' itemprop=\"contentUrl\"><div class=\"envira-lazy\" style=\"padding-bottom: 100%;\" data-envira-changed=\"false\" data-width=\"500\" data-height=\"500\"><img decoding=\"async\" src=\"https:\/\/www.verein-naturschutzpark.de\/wp-content\/uploads\/kleiner-blaupfeil-orthetrum-coeruslescens-vnp-stiftung-500x500_c.jpg\" alt=\"Keeled skimmer (Orthetrum coerulescens) | VNP Stiftung\" class=\"envira-gallery-image envira-gallery-image-28    envira-lazy\" height=\"500\" id=\"envira-gallery-image-3251\" srcset=\"data:image\/gif;base64,R0lGODlhAQABAIAAAP\/\/\/\/\/\/\/yH5BAEKAAEALAAAAAABAAEAAAICTAEAOw==\" tabindex=\"-1\" title=\"Keeled skimmer (Orthetrum coerulescens) | VNP Stiftung\" width=\"500\" data-caption=\"Keeled skimmer (Orthetrum coerulescens)\" data-envira-gallery-id=\"6448\" data-envira-index=\"27\" data-envira-item-id=\"3251\" data-envira-src=\"https:\/\/www.verein-naturschutzpark.de\/wp-content\/uploads\/kleiner-blaupfeil-orthetrum-coeruslescens-vnp-stiftung-500x500_c.jpg\" data-envira-srcset=\"https:\/\/www.verein-naturschutzpark.de\/wp-content\/uploads\/kleiner-blaupfeil-orthetrum-coeruslescens-vnp-stiftung-500x500_c.jpg 400w, https:\/\/www.verein-naturschutzpark.de\/wp-content\/uploads\/kleiner-blaupfeil-orthetrum-coeruslescens-vnp-stiftung-500x500_c.jpg 2x\" data-title=\"Keeled skimmer (Orthetrum coerulescens) | VNP Stiftung\" itemprop=\"thumbnailUrl\"  data-no-lazy=\"1\"  data-envirabox=\"6448\" \/><\/div><\/a><div class=\"envira-gallery-captioned-data envira-gallery-captioned-data-sleek\"><span class='envira-caption envira-gallery-captioned-text caption-3251'>Keeled skimmer (Orthetrum coerulescens)<\/span><\/div><\/div><\/div><div id=\"envira-gallery-item-3245\" class=\"envira-gallery-item envira-gallery-item-29 envira-lazy-load\" style=\"padding-left: 5px; padding-bottom: 10px; padding-right: 5px;\"  itemscope itemtype=\"https:\/\/schema.org\/ImageObject\"><div class=\"envira-gallery-item-inner\"><div class=\"envira-gallery-position-overlay envira-gallery-top-left\"><\/div><div class=\"envira-gallery-position-overlay envira-gallery-top-right\"><\/div><div class=\"envira-gallery-position-overlay envira-gallery-bottom-left\"><\/div><div class=\"envira-gallery-position-overlay envira-gallery-bottom-right\"><\/div><a class=\"envira-gallery-6448 envira-gallery-link\" href=\"https:\/\/www.verein-naturschutzpark.de\/wp-content\/uploads\/hochmoor-mosaikjungfer-aeshna-subarctica-vnp-stiftung.jpg\" title=\"Subarctic darner (Aeshna subarctica) | VNP Stiftung\" data-caption=\"Subarctic darner (Aeshna subarctica)\" data-envira-item-id=\"3245\" data-envira-retina=\"https:\/\/www.verein-naturschutzpark.de\/wp-content\/uploads\/hochmoor-mosaikjungfer-aeshna-subarctica-vnp-stiftung.jpg\" data-thumb=\"https:\/\/www.verein-naturschutzpark.de\/wp-content\/uploads\/hochmoor-mosaikjungfer-aeshna-subarctica-vnp-stiftung-75x50_c.jpg\" data-title=\"Subarctic darner (Aeshna subarctica) | VNP Stiftung\" data-envirabox='6448' itemprop=\"contentUrl\"><div class=\"envira-lazy\" style=\"padding-bottom: 100%;\" data-envira-changed=\"false\" data-width=\"500\" data-height=\"500\"><img decoding=\"async\" src=\"https:\/\/www.verein-naturschutzpark.de\/wp-content\/uploads\/hochmoor-mosaikjungfer-aeshna-subarctica-vnp-stiftung-500x500_c.jpg\" alt=\"Subarctic darner (Aeshna subarctica) | VNP Stiftung\" class=\"envira-gallery-image envira-gallery-image-29    envira-lazy\" height=\"500\" id=\"envira-gallery-image-3245\" srcset=\"data:image\/gif;base64,R0lGODlhAQABAIAAAP\/\/\/\/\/\/\/yH5BAEKAAEALAAAAAABAAEAAAICTAEAOw==\" tabindex=\"-1\" title=\"Subarctic darner (Aeshna subarctica) | VNP Stiftung\" width=\"500\" data-caption=\"Subarctic darner (Aeshna subarctica)\" data-envira-gallery-id=\"6448\" data-envira-index=\"28\" data-envira-item-id=\"3245\" data-envira-src=\"https:\/\/www.verein-naturschutzpark.de\/wp-content\/uploads\/hochmoor-mosaikjungfer-aeshna-subarctica-vnp-stiftung-500x500_c.jpg\" data-envira-srcset=\"https:\/\/www.verein-naturschutzpark.de\/wp-content\/uploads\/hochmoor-mosaikjungfer-aeshna-subarctica-vnp-stiftung-500x500_c.jpg 400w, https:\/\/www.verein-naturschutzpark.de\/wp-content\/uploads\/hochmoor-mosaikjungfer-aeshna-subarctica-vnp-stiftung-500x500_c.jpg 2x\" data-title=\"Subarctic darner (Aeshna subarctica) | VNP Stiftung\" itemprop=\"thumbnailUrl\"  data-no-lazy=\"1\"  data-envirabox=\"6448\" \/><\/div><\/a><div class=\"envira-gallery-captioned-data envira-gallery-captioned-data-sleek\"><span class='envira-caption envira-gallery-captioned-text caption-3245'>Subarctic darner (Aeshna subarctica)<\/span><\/div><\/div><\/div><div id=\"envira-gallery-item-3232\" class=\"envira-gallery-item envira-gallery-item-30 envira-lazy-load\" style=\"padding-left: 5px; padding-bottom: 10px; padding-right: 5px;\"  itemscope itemtype=\"https:\/\/schema.org\/ImageObject\"><div class=\"envira-gallery-item-inner\"><div class=\"envira-gallery-position-overlay envira-gallery-top-left\"><\/div><div class=\"envira-gallery-position-overlay envira-gallery-top-right\"><\/div><div class=\"envira-gallery-position-overlay envira-gallery-bottom-left\"><\/div><div class=\"envira-gallery-position-overlay envira-gallery-bottom-right\"><\/div><a class=\"envira-gallery-6448 envira-gallery-link\" href=\"https:\/\/www.verein-naturschutzpark.de\/wp-content\/uploads\/gebaenderte-heidelibelle-sympetrum-pedemontanum-vnp-stiftung.jpg\" title=\"Banded darter (Sympetrum pedemontanum)\" data-caption=\"Banded darter (Sympetrum pedemontanum)\" data-envira-item-id=\"3232\" data-envira-retina=\"https:\/\/www.verein-naturschutzpark.de\/wp-content\/uploads\/gebaenderte-heidelibelle-sympetrum-pedemontanum-vnp-stiftung.jpg\" data-thumb=\"https:\/\/www.verein-naturschutzpark.de\/wp-content\/uploads\/gebaenderte-heidelibelle-sympetrum-pedemontanum-vnp-stiftung-75x50_c.jpg\" data-title=\"Banded darter (Sympetrum pedemontanum)\" data-envirabox='6448' itemprop=\"contentUrl\"><div class=\"envira-lazy\" style=\"padding-bottom: 100%;\" data-envira-changed=\"false\" data-width=\"500\" data-height=\"500\"><img decoding=\"async\" src=\"https:\/\/www.verein-naturschutzpark.de\/wp-content\/uploads\/gebaenderte-heidelibelle-sympetrum-pedemontanum-vnp-stiftung-500x500_c.jpg\" alt=\"Banded darter (Sympetrum pedemontanum) | VNP-Stiftung\" class=\"envira-gallery-image envira-gallery-image-30    envira-lazy\" height=\"500\" id=\"envira-gallery-image-3232\" srcset=\"data:image\/gif;base64,R0lGODlhAQABAIAAAP\/\/\/\/\/\/\/yH5BAEKAAEALAAAAAABAAEAAAICTAEAOw==\" tabindex=\"-1\" title=\"Banded darter (Sympetrum pedemontanum)\" width=\"500\" data-caption=\"Banded darter (Sympetrum pedemontanum)\" data-envira-gallery-id=\"6448\" data-envira-index=\"29\" data-envira-item-id=\"3232\" data-envira-src=\"https:\/\/www.verein-naturschutzpark.de\/wp-content\/uploads\/gebaenderte-heidelibelle-sympetrum-pedemontanum-vnp-stiftung-500x500_c.jpg\" data-envira-srcset=\"https:\/\/www.verein-naturschutzpark.de\/wp-content\/uploads\/gebaenderte-heidelibelle-sympetrum-pedemontanum-vnp-stiftung-500x500_c.jpg 400w, https:\/\/www.verein-naturschutzpark.de\/wp-content\/uploads\/gebaenderte-heidelibelle-sympetrum-pedemontanum-vnp-stiftung-500x500_c.jpg 2x\" data-title=\"Banded darter (Sympetrum pedemontanum)\" itemprop=\"thumbnailUrl\"  data-no-lazy=\"1\"  data-envirabox=\"6448\" \/><\/div><\/a><div class=\"envira-gallery-captioned-data envira-gallery-captioned-data-sleek\"><span class='envira-caption envira-gallery-captioned-text caption-3232'>Banded darter (Sympetrum pedemontanum)<\/span><\/div><\/div><\/div><\/div><\/div><noscript><img data-no-lazy=\"1\"  src='https:\/\/www.verein-naturschutzpark.de\/wp-content\/uploads\/rehwildbegegnungen-meninger-heide-vnp-stiftung.jpg' alt='Roe deer encounter in the Lueneburg Heath on an autumn morning | VNP Stiftung' class='envira_noscript_images ' \/><img data-no-lazy=\"1\"  src='https:\/\/www.verein-naturschutzpark.de\/wp-content\/uploads\/birkhahn-tetrao-tetrix-waehrend-der-balz-vnp-stiftung.jpg' alt='Black grouse (Tetrao tetrix) during courtship | VNP Stiftung' class='envira_noscript_images ' \/><img data-no-lazy=\"1\"  src='https:\/\/www.verein-naturschutzpark.de\/wp-content\/uploads\/rebhuhn-im-buchweizen-perdix-perdix-vnp-stiftung.jpg' alt='Grey partridge (Perdix perdix) in a buckwheat field | VNP Stiftung' class='envira_noscript_images ' \/><img data-no-lazy=\"1\"  src='https:\/\/www.verein-naturschutzpark.de\/wp-content\/uploads\/kiebitz-vanellus-vanellus-vnp-stiftung.jpg' alt='Peewit (Vanellus vanellus) | VNP Stiftung' class='envira_noscript_images ' \/><img data-no-lazy=\"1\"  src='https:\/\/www.verein-naturschutzpark.de\/wp-content\/uploads\/grosser-brachvogel-numenius-arquata-foto-sven-kleinert.jpg' alt='Eurasian curlew\/common curlew (Numenius arquata) | Photo: Sven Kleinert' class='envira_noscript_images ' \/><img data-no-lazy=\"1\"  src='https:\/\/www.verein-naturschutzpark.de\/wp-content\/uploads\/ziegenmelker-caprimulgus-europaeus-vnp-stiftung.jpg' alt='European nightjar or common goatsucker (Caprimulgus europaeus) | VNP Stiftung' class='envira_noscript_images ' \/><img data-no-lazy=\"1\"  src='https:\/\/www.verein-naturschutzpark.de\/wp-content\/uploads\/wiedehopf-upupa-epops-vnp-stiftung.jpg' alt='Eurasian hoopoe (Upupa epops) | VNP Stiftung' class='envira_noscript_images ' \/><img data-no-lazy=\"1\"  src='https:\/\/www.verein-naturschutzpark.de\/wp-content\/uploads\/ringelnatter-natrix-natrix-vnp-stiftung-1.jpg' alt='Grass snake\/ringed snake (Natrix natrix) | VNP Stiftung' class='envira_noscript_images ' \/><img data-no-lazy=\"1\"  src='https:\/\/www.verein-naturschutzpark.de\/wp-content\/uploads\/schlingnatter-coronella-austriaca-vnp-stiftung.jpg' alt='Smooth snake (Coronella austriaca) | VNP Stiftung' class='envira_noscript_images ' \/><img data-no-lazy=\"1\"  src='https:\/\/www.verein-naturschutzpark.de\/wp-content\/uploads\/kreuzotter-vipera-berus-vnp-stiftung-2.jpg' alt='Common European adder\/viper (Vipera berus) | VNP Stiftung' class='envira_noscript_images ' \/><img data-no-lazy=\"1\"  src='https:\/\/www.verein-naturschutzpark.de\/wp-content\/uploads\/kreuzotter-vipera-berus-vnp-stiftung.jpg' alt='Common European adder\/viper (Vipera berus) | VNP Stiftung' class='envira_noscript_images ' \/><img data-no-lazy=\"1\"  src='https:\/\/www.verein-naturschutzpark.de\/wp-content\/uploads\/waldeidechse-zootoca-vivipara-vnp-stiftung.jpg' alt='Common\/vivaprous lizard (Zootoca vivipara) | VNP Stiftung' class='envira_noscript_images ' \/><img data-no-lazy=\"1\"  src='https:\/\/www.verein-naturschutzpark.de\/wp-content\/uploads\/zauneidechse-lacerta-agilis-vnp-stiftung.jpg' alt='Sand lizard (Lacerta agilis) | VNP Stiftung' class='envira_noscript_images ' \/><img data-no-lazy=\"1\"  src='https:\/\/www.verein-naturschutzpark.de\/wp-content\/uploads\/gruen-gefaerbtes-maennchen-zauneidechse-lacerta-agilis-vnp-stiftung.jpg' alt='Green-coloured male sand lizard (Lacerta agilis) | VNP Stiftung' class='envira_noscript_images ' \/><img data-no-lazy=\"1\"  src='https:\/\/www.verein-naturschutzpark.de\/wp-content\/uploads\/blau-gefaerbtes-moorfrosch-maennchen-rana-arvalis-vnp-stiftung.jpg' alt='Blue coloured male moor frog (Rana arvalis) | VNP Stiftung' class='envira_noscript_images ' \/><img data-no-lazy=\"1\"  src='https:\/\/www.verein-naturschutzpark.de\/wp-content\/uploads\/knoblauchkroete-pelobates-fuscus-vnp-stiftung.jpg' alt='Garlic toad (Pelobates fuscus) | VNP Stiftung' class='envira_noscript_images ' \/><img data-no-lazy=\"1\"  src='https:\/\/www.verein-naturschutzpark.de\/wp-content\/uploads\/baumweisslinge-aporia-crataegi-vnp-stiftung.jpg' alt='Black-veined whites (Aporia crataegi) | VNP Stiftung' class='envira_noscript_images ' \/><img data-no-lazy=\"1\"  src='https:\/\/www.verein-naturschutzpark.de\/wp-content\/uploads\/rostbinde-hipparchia-semele-vnp-stiftung.jpg' alt='Grayling\/rock grayling (Hipparchia semele) | VNP Stiftung' class='envira_noscript_images ' \/><img data-no-lazy=\"1\"  src='https:\/\/www.verein-naturschutzpark.de\/wp-content\/uploads\/purpurbaer-rhyparia-purpurata-vnp-stiftung.jpg' alt='Purple tiger (Rhyparia purpurata) moth | VNP Stiftung' class='envira_noscript_images ' \/><img data-no-lazy=\"1\"  src='https:\/\/www.verein-naturschutzpark.de\/wp-content\/uploads\/hochmoor-perlmutterfalter-boloria-aquilonaris-vnp-stiftung.jpg' alt='Cranberry fritillary (Boloria aquilonaris) | VNP Stiftung' class='envira_noscript_images ' \/><img data-no-lazy=\"1\"  src='https:\/\/www.verein-naturschutzpark.de\/wp-content\/uploads\/kleines-nachtpfauenauge-saturnia-pavonia-vnp-stiftung.jpg' alt='Small emperor moth (Saturnia pavonia) | VNP Stiftung' class='envira_noscript_images ' \/><img data-no-lazy=\"1\"  src='https:\/\/www.verein-naturschutzpark.de\/wp-content\/uploads\/heidekraut-bunteule-heidekrauteulchen-anarta-myrtili-raupe-vnp-stiftung.jpg' alt='Caterpillar of the Anarta myrtili moth | VNP Stiftung' class='envira_noscript_images ' \/><img data-no-lazy=\"1\"  src='https:\/\/www.verein-naturschutzpark.de\/wp-content\/uploads\/heideschrecke-gampsocleis-glabra-vnp-stiftung.jpg' alt='Bush cricket Gampsocleis glabra | VNP Stiftung' class='envira_noscript_images ' \/><img data-no-lazy=\"1\"  src='https:\/\/www.verein-naturschutzpark.de\/wp-content\/uploads\/warzenbeisser-decticus-verrucivorus-vnp-stiftung.jpg' alt='Wart-biter (Decticus verrucivorus) cricket | VNP Stiftung' class='envira_noscript_images ' \/><img data-no-lazy=\"1\"  src='https:\/\/www.verein-naturschutzpark.de\/wp-content\/uploads\/sumpfschrecke-stethophyma-grossum-vnp-stiftung.jpg' alt='Large marsh grasshopper (Stethophyma grossum) | VNP Stiftung' class='envira_noscript_images ' \/><img data-no-lazy=\"1\"  src='https:\/\/www.verein-naturschutzpark.de\/wp-content\/uploads\/mistkaefer-vnp-stiftung.jpg' alt='Dung beetle | VNP Verein Naturschutzpark' class='envira_noscript_images ' \/><img data-no-lazy=\"1\"  src='https:\/\/www.verein-naturschutzpark.de\/wp-content\/uploads\/blaufluegel-prachtlibelle-mittelmeerform-calopteryx-virgo-vnp-stiftung.jpg' alt='Beautiful demoiselle (Calopteryx virgo) | VNP Stiftung' class='envira_noscript_images ' \/><img data-no-lazy=\"1\"  src='https:\/\/www.verein-naturschutzpark.de\/wp-content\/uploads\/kleiner-blaupfeil-orthetrum-coeruslescens-vnp-stiftung.jpg' alt='Keeled skimmer (Orthetrum coerulescens) | VNP Stiftung' class='envira_noscript_images ' \/><img data-no-lazy=\"1\"  src='https:\/\/www.verein-naturschutzpark.de\/wp-content\/uploads\/hochmoor-mosaikjungfer-aeshna-subarctica-vnp-stiftung.jpg' alt='Subarctic darner (Aeshna subarctica) | VNP Stiftung' class='envira_noscript_images ' \/><img data-no-lazy=\"1\"  src='https:\/\/www.verein-naturschutzpark.de\/wp-content\/uploads\/gebaenderte-heidelibelle-sympetrum-pedemontanum-vnp-stiftung.jpg' alt='Banded darter (Sympetrum pedemontanum) | VNP-Stiftung' class='envira_noscript_images ' \/><\/noscript>\n<\/div><\/div><\/div><\/div><\/div><\/div>\n\n\n\n<div class=\"alignfull wp-block-ugb-container ugb-container ugb-e47ec18 ugb-container--v2 ugb-container--design-plain ugb-main-block ugb--has-custom-content-width ugb--has-custom-content-width-tablet ugb--has-custom-content-width-mobile ugb-main-block--inner-full ugb--has-block-background ugb--has-bottom-separator\"><style>.ugb-e47ec18.ugb-container{background-color:var(--theme-palette-color-4,#fcfaef)}.ugb-e47ec18.ugb-container > .ugb-inner-block{max-width:50% !important}.ugb-e47ec18.ugb-container:before{background-color:var(--theme-palette-color-4,#fcfaef)}.ugb-e47ec18 .ugb-bottom-separator svg{fill:var(--theme-palette-color-4,#fcfaef)}.ugb-e47ec18 .ugb-bottom-separator .ugb-separator-wrapper{transform:scaleX(1.5)}@media screen and (min-width:768px){.ugb-e47ec18.ugb-container{padding-top:50px !important;padding-right:35px !important;padding-bottom:90px !important;padding-left:35px !important}.ugb-e47ec18 .ugb-bottom-separator .ugb-separator-wrapper{height:150px}}@media screen and (max-width:1025px){.ugb-e47ec18.ugb-container > .ugb-inner-block{max-width:100% !important}}@media screen and (min-width:768px) and (max-width:1025px){.ugb-e47ec18.ugb-container{padding-right:35px !important;padding-left:35px !important}}@media screen and (max-width:768px){.ugb-e47ec18.ugb-container{padding-top:30px !important;padding-right:18px !important;padding-bottom:70px !important;padding-left:18px !important}.ugb-e47ec18.ugb-container > .ugb-inner-block{max-width:100% !important}}<\/style><div class=\"ugb-bottom-separator\"><div class=\"ugb-separator-wrapper\"><svg xmlns=\"http:\/\/www.w3.org\/2000\/svg\" viewBox=\"0 0 1600 200\" filter=\"url(#wave-3-inverted-shadow_svg__a)\" enable-background=\"new 0 0 1600 200\" class=\"ugb-separator__shadow\" preserveAspectRatio=\"none\" aria-hidden=\"true\"><filter id=\"wave-3-inverted-shadow_svg__a\"><feGaussianBlur in=\"SourceAlpha\" stdDeviation=\"4\"><\/feGaussianBlur><feComponentTransfer><feFuncA type=\"linear\" slope=\"0.4\"><\/feFuncA><\/feComponentTransfer><feMerge><feMergeNode><\/feMergeNode><feMergeNode in=\"SourceGraphic\"><\/feMergeNode><\/feMerge><\/filter><path d=\"M1413.6 39.3c-157.9 0-338.2 37.7-495.1 67.4-215.6 40.8-328.1 44.6-418.2 41.1S317 127.3 188.4 98.7C59.8 70.1-10 64.5-10 64.5v10s69.8 5.6 198.4 34.2c128.6 28.6 221.8 45.6 311.9 49.1s202.6-.3 418.2-41.1c156.9-29.7 337.2-67.4 495.1-67.4 127.6 0 196.4 19.5 196.4 19.5v-10s-68.8-19.5-196.4-19.5z\"><\/path><\/svg><svg xmlns=\"http:\/\/www.w3.org\/2000\/svg\" viewBox=\"0 0 1600 200\" class=\"ugb-separator__layer-1\" preserveAspectRatio=\"none\" aria-hidden=\"true\"><path d=\"M1413.6 39.3c-157.9 0-338.2 37.7-495.1 67.4-215.6 40.8-328.1 44.6-418.2 41.1S317 127.3 188.4 98.7-10 64.5-10 64.5v150.2h1620V58.8s-68.8-19.5-196.4-19.5z\"><\/path><\/svg><\/div><\/div><div class=\"ugb-inner-block ugb-inner-block--full\"><div class=\"ugb-block-content\"><div class=\"ugb-container__wrapper ugb-e47ec18-wrapper\"><div class=\"ugb-container__side\"><div class=\"ugb-container__content-wrapper ugb-e47ec18-content-wrapper\">\n<p>Photos on this page by: <br>VNP Stiftung Naturschutzpark L\u00fcneburger Heide<br>Christian Burmester<br>Sven Kleinert<br>Markus Tiemann<br><\/p>\n<\/div><\/div><\/div><\/div><\/div><\/div>\n","protected":false},"excerpt":{"rendered":"<p>Photo galleries We have put together photo impressions of the Lueneburg Heath nature reserve for you. Let yourself be captured and enchanted by the charm of this special landscape. Heidschnucken \u2022 Heather Blossoming \u2022 Seasons in the Nature Reserve \u2022 Flora \u2022 Fauna Open the slideshows by clicking on a photo. Heidschnucken Heather blossoming Seasons [&hellip;]<\/p>\n","protected":false},"author":1,"featured_media":0,"parent":0,"menu_order":88,"comment_status":"closed","ping_status":"closed","template":"","meta":{"_seopress_robots_primary_cat":"","_seopress_titles_title":"Photo galleries | VNP Verein Naturschutzpark L\u00fcneburger Heide","_seopress_titles_desc":"Let yourself be captured and enchanted by the charm of this special landscape.","_seopress_robots_index":"","_uag_custom_page_level_css":"","footnotes":""},"class_list":["post-6113","page","type-page","status-publish"],"blocksy_meta":{"styles_descriptor":{"styles":{"desktop":"","tablet":"","mobile":""},"google_fonts":[],"version":6}},"featured_image_urls_v2":{"full":"","thumbnail":"","medium":"","medium_large":"","large":"","thumblist":"","thumbrelated":"","meccarouselthumb":"","gridsquare":"","tileview":"","1536x1536":"","2048x2048":""},"post_excerpt_stackable_v2":"<p>Photo galleriesWe have put together photo impressions of the Lueneburg Heath nature reserve for you. Let yourself be captured and enchanted by the charm of this special landscape.Heidschnucken \u2022 Heather Blossoming \u2022 Seasons in the Nature Reserve \u2022 Flora \u2022 Fauna Open the slideshows by clicking on a photo. Heidschnucken Heather blossoming Seasons in the nature reserve Spring in the &#8220;St\u00fchbusch&#8221;Spring: Bench in the nature reserveSummer: Thyme blossom in JulySummer: Thyme blossom in JulyAutumn: leaves changing colour in the nature reserveAutumn: Carriage ride in the nature reserveAutumn atmosphere in October in the nature reserveAutumn: Roe deer encounter on autumn morningNovember:&hellip;<\/p>\n","category_list_v2":"","author_info_v2":{"name":"VNP Stiftung","url":"#"},"comments_num_v2":"0 comments","uagb_featured_image_src":{"full":false,"thumbnail":false,"medium":false,"medium_large":false,"large":false,"thumblist":false,"thumbrelated":false,"meccarouselthumb":false,"gridsquare":false,"tileview":false,"1536x1536":false,"2048x2048":false},"uagb_author_info":{"display_name":"VNP Stiftung","author_link":"#"},"uagb_comment_info":0,"uagb_excerpt":"Photo galleries We have put together photo impressions of the Lueneburg Heath nature reserve for you. Let yourself be captured and enchanted by the charm of this special landscape. Heidschnucken \u2022 Heather Blossoming \u2022 Seasons in the Nature Reserve \u2022 Flora \u2022 Fauna Open the slideshows by clicking on a photo. Heidschnucken Heather blossoming Seasons&hellip;","_links":{"self":[{"href":"https:\/\/www.verein-naturschutzpark.de\/en\/wp-json\/wp\/v2\/pages\/6113","targetHints":{"allow":["GET"]}}],"collection":[{"href":"https:\/\/www.verein-naturschutzpark.de\/en\/wp-json\/wp\/v2\/pages"}],"about":[{"href":"https:\/\/www.verein-naturschutzpark.de\/en\/wp-json\/wp\/v2\/types\/page"}],"author":[{"embeddable":true,"href":"https:\/\/www.verein-naturschutzpark.de\/en\/wp-json\/wp\/v2\/users\/1"}],"replies":[{"embeddable":true,"href":"https:\/\/www.verein-naturschutzpark.de\/en\/wp-json\/wp\/v2\/comments?post=6113"}],"version-history":[{"count":3,"href":"https:\/\/www.verein-naturschutzpark.de\/en\/wp-json\/wp\/v2\/pages\/6113\/revisions"}],"predecessor-version":[{"id":13211,"href":"https:\/\/www.verein-naturschutzpark.de\/en\/wp-json\/wp\/v2\/pages\/6113\/revisions\/13211"}],"wp:attachment":[{"href":"https:\/\/www.verein-naturschutzpark.de\/en\/wp-json\/wp\/v2\/media?parent=6113"}],"curies":[{"name":"wp","href":"https:\/\/api.w.org\/{rel}","templated":true}]}}